{"id":10389,"date":"2022-06-29T20:59:58","date_gmt":"2022-06-29T18:59:58","guid":{"rendered":"https:\/\/lapurla.ch\/project\/farbe-experiment\/"},"modified":"2025-04-01T18:27:04","modified_gmt":"2025-04-01T16:27:04","slug":"farbe-experiment","status":"publish","type":"project","link":"https:\/\/www.lapurla.ch\/it\/project\/farbe-experiment","title":{"rendered":"Colore e sperimentazione"},"content":{"rendered":"\n<div id=\"lead-text-block_0d66552ca89c3e14d25cbdb3f831ca4a\" class=\"mod-lead-text\">\n\t        <div class=\"row\">\n            <div class=\"col-12\">\n\t\t\t\t                <div class=\"lead-text\">\n\t\t\t\t\t<p>Un laboratorio creativo in cui i bambini sono gli esperti delle proprie opere! Non si tratta di una frase fatta, ma di un concept consolidato. L\u2019obiettivo \u00e8 che i bambini possano seguire la propria curiosit\u00e0 e voglia di scoprire senza percorrere vie traverse e incontrare ostacoli. I materiali estetici, come quelli utilizzati da artiste e artisti, invitano a intraprendere viaggi di scoperta orientati al processo.<\/p>\n                <\/div>\n            <\/div>\n        <\/div>\n\t<\/div>\n\n\n<figure class=\"wp-block-image size-large\"><img loading=\"lazy\" decoding=\"async\" width=\"1024\" height=\"709\" src=\"https:\/\/www.lapurla.ch\/wp-content\/uploads\/2023\/11\/LapurlaAwardsZaeme-ufe-Waeg-1024x709.jpg\" alt=\"\" class=\"wp-image-20293\" srcset=\"https:\/\/www.lapurla.ch\/wp-content\/uploads\/2023\/11\/LapurlaAwardsZaeme-ufe-Waeg-1024x709.jpg 1024w, https:\/\/www.lapurla.ch\/wp-content\/uploads\/2023\/11\/LapurlaAwardsZaeme-ufe-Waeg-300x208.jpg 300w, https:\/\/www.lapurla.ch\/wp-content\/uploads\/2023\/11\/LapurlaAwardsZaeme-ufe-Waeg-768x532.jpg 768w, https:\/\/www.lapurla.ch\/wp-content\/uploads\/2023\/11\/LapurlaAwardsZaeme-ufe-Waeg.jpg 1535w\" sizes=\"auto, (max-width: 1024px) 100vw, 1024px\" \/><figcaption class=\"wp-element-caption\">Hoch konzentriert gemeinsam im Flow | Foto: Teddy Amstad<\/figcaption><\/figure>\n\n\n\n<div id=\"button-block_46eaee3952110d1cc19513254fda6a70\" class=\"mod-button\">\n\t        <div class=\"block-button\">\n\t\t\t                <a href=\"https:\/\/www.lapurla.ch\/it\/20319-2\" title=\"\" target=\"\" class=\"block-button__link\">\n\t\t\t\t\tAi premi Lapurla 2023                <\/a>\n\t\t\t        <\/div>\n\t<\/div>\n\n\n\n<hr class=\"wp-block-separator has-alpha-channel-opacity\"\/>\n\n\n\n<h1 class=\"wp-block-heading\">\u00c8 tutto pronto&nbsp;<\/h1>\n\n\n\n<p>Nel corso dell\u2019estate 2020 l\u2019ex capannone \u00e8 stato trasformato in un luogo dinamico che offre ai bambini piccoli svariati stimoli spaziali e materiali estetici. Siamo curiosi di vedere come i bimbi di 3-4 anni si approprieranno di questo spazio e come interagiranno con tutti gli interessanti oggetti presenti al suo interno.&nbsp;<\/p>\n\n\n\n<div id=\"bildergalerie-block_52c3678c17abd0a166b11d6af7ae87f4\" class=\"mod-bildergalerie\">\n            <div class=\"col-12\">\n\t\t    \n<div class=\"mod-slider\">\n\t        <div id=\"slider-3e76319b-7c8f-4e47-830c-c8272680b942\" class=\"swiper\">\n            <div class=\"swiper-wrapper\">\n\t\t\t\t                    <div class=\"swiper-slide\">\n                        <figure>\n\t\t\t\t\t\t\t<div class=\"a-image \">       <picture class=\"a-image__picture\">       \t<source width=\"1296\" height=\"972\" media=\"(min-width: 1400px)\" srcset=\"https:\/\/www.lapurla.ch\/wp-content\/uploads\/2022\/06\/LapurlaModellprojektFarbeExperimentRaum2-1-1296x972c.jpg 1x, https:\/\/www.lapurla.ch\/wp-content\/uploads\/2022\/06\/LapurlaModellprojektFarbeExperimentRaum2-1-2592x1944c.jpg 2x\">           <source width=\"1116\" height=\"837\" media=\"(min-width: 1200px)\" srcset=\"https:\/\/www.lapurla.ch\/wp-content\/uploads\/2022\/06\/LapurlaModellprojektFarbeExperimentRaum2-1-1116x837c.jpg 1x, https:\/\/www.lapurla.ch\/wp-content\/uploads\/2022\/06\/LapurlaModellprojektFarbeExperimentRaum2-1-2232x1674c.jpg 2x\">           <source width=\"936\" height=\"702\" media=\"(min-width: 992px)\" srcset=\"https:\/\/www.lapurla.ch\/wp-content\/uploads\/2022\/06\/LapurlaModellprojektFarbeExperimentRaum2-1-936x702c.jpg  1x, https:\/\/www.lapurla.ch\/wp-content\/uploads\/2022\/06\/LapurlaModellprojektFarbeExperimentRaum2-1-1872x1404c.jpg 2x\">           <source width=\"696\" height=\"522\" media=\"(min-width: 768px)\" srcset=\"https:\/\/www.lapurla.ch\/wp-content\/uploads\/2022\/06\/LapurlaModellprojektFarbeExperimentRaum2-1-696x522c.jpg 1x, https:\/\/www.lapurla.ch\/wp-content\/uploads\/2022\/06\/LapurlaModellprojektFarbeExperimentRaum2-1-1392x1044c.jpg 2x\">           <source width=\"516\" height=\"387\" media=\"(min-width: 576px)\" srcset=\"https:\/\/www.lapurla.ch\/wp-content\/uploads\/2022\/06\/LapurlaModellprojektFarbeExperimentRaum2-1-516x387c.jpg 1x, https:\/\/www.lapurla.ch\/wp-content\/uploads\/2022\/06\/LapurlaModellprojektFarbeExperimentRaum2-1-1032x774c.jpg 2x\">           <img loading=\"lazy\" decoding=\"async\" width=\"550\" height=\"413\"           class=\"a-image__image\"           src=\"https:\/\/www.lapurla.ch\/wp-content\/uploads\/2022\/06\/LapurlaModellprojektFarbeExperimentRaum2-1-550x413c.jpg\" data-srcset=\"https:\/\/www.lapurla.ch\/wp-content\/uploads\/2022\/06\/LapurlaModellprojektFarbeExperimentRaum2-1-1100x826c.jpg 2x\" alt=\"\"\/>       <\/picture> <\/div>                            <figcaption>\n\t\t\t\t\t\t\t\tIl laboratorio \u00e8 stato studiato per le esigenze specifiche dei bambini piccoli | Foto: Teddy Amstad                            <\/figcaption>\n                        <\/figure>\n                    <\/div>\n\t\t\t\t                    <div class=\"swiper-slide\">\n                        <figure>\n\t\t\t\t\t\t\t<div class=\"a-image \">       <picture class=\"a-image__picture\">       \t<source width=\"1296\" height=\"972\" media=\"(min-width: 1400px)\" srcset=\"https:\/\/www.lapurla.ch\/wp-content\/uploads\/2022\/07\/LapurlaFarbeExperiment18.11.202.AmstadTeddy.Janis-scaled-1296x972c.jpg 1x, https:\/\/www.lapurla.ch\/wp-content\/uploads\/2022\/07\/LapurlaFarbeExperiment18.11.202.AmstadTeddy.Janis-scaled-2592x1944c.jpg 2x\">           <source width=\"1116\" height=\"837\" media=\"(min-width: 1200px)\" srcset=\"https:\/\/www.lapurla.ch\/wp-content\/uploads\/2022\/07\/LapurlaFarbeExperiment18.11.202.AmstadTeddy.Janis-scaled-1116x837c.jpg 1x, https:\/\/www.lapurla.ch\/wp-content\/uploads\/2022\/07\/LapurlaFarbeExperiment18.11.202.AmstadTeddy.Janis-scaled-2232x1674c.jpg 2x\">           <source width=\"936\" height=\"702\" media=\"(min-width: 992px)\" srcset=\"https:\/\/www.lapurla.ch\/wp-content\/uploads\/2022\/07\/LapurlaFarbeExperiment18.11.202.AmstadTeddy.Janis-scaled-936x702c.jpg  1x, https:\/\/www.lapurla.ch\/wp-content\/uploads\/2022\/07\/LapurlaFarbeExperiment18.11.202.AmstadTeddy.Janis-scaled-1872x1404c.jpg 2x\">           <source width=\"696\" height=\"522\" media=\"(min-width: 768px)\" srcset=\"https:\/\/www.lapurla.ch\/wp-content\/uploads\/2022\/07\/LapurlaFarbeExperiment18.11.202.AmstadTeddy.Janis-scaled-696x522c.jpg 1x, https:\/\/www.lapurla.ch\/wp-content\/uploads\/2022\/07\/LapurlaFarbeExperiment18.11.202.AmstadTeddy.Janis-scaled-1392x1044c.jpg 2x\">           <source width=\"516\" height=\"387\" media=\"(min-width: 576px)\" srcset=\"https:\/\/www.lapurla.ch\/wp-content\/uploads\/2022\/07\/LapurlaFarbeExperiment18.11.202.AmstadTeddy.Janis-scaled-516x387c.jpg 1x, https:\/\/www.lapurla.ch\/wp-content\/uploads\/2022\/07\/LapurlaFarbeExperiment18.11.202.AmstadTeddy.Janis-scaled-1032x774c.jpg 2x\">           <img loading=\"lazy\" decoding=\"async\" width=\"550\" height=\"413\"           class=\"a-image__image\"           src=\"https:\/\/www.lapurla.ch\/wp-content\/uploads\/2022\/07\/LapurlaFarbeExperiment18.11.202.AmstadTeddy.Janis-scaled-550x413c.jpg\" data-srcset=\"https:\/\/www.lapurla.ch\/wp-content\/uploads\/2022\/07\/LapurlaFarbeExperiment18.11.202.AmstadTeddy.Janis-scaled-1100x826c.jpg 2x\" alt=\"\"\/>       <\/picture> <\/div>                            <figcaption>\n\t\t\t\t\t\t\t\tPosso farcela! I bambini sono incoraggiati a lavorare in autonomia | Foto: Teddy Amstad                            <\/figcaption>\n                        <\/figure>\n                    <\/div>\n\t\t\t\t                    <div class=\"swiper-slide\">\n                        <figure>\n\t\t\t\t\t\t\t<div class=\"a-image \">       <picture class=\"a-image__picture\">       \t<source width=\"1296\" height=\"972\" media=\"(min-width: 1400px)\" srcset=\"https:\/\/www.lapurla.ch\/wp-content\/uploads\/2022\/07\/LapurlaFarbeExperiment18.11.201.AmstadTeddy.Kaja-1296x972c.jpg 1x, https:\/\/www.lapurla.ch\/wp-content\/uploads\/2022\/07\/LapurlaFarbeExperiment18.11.201.AmstadTeddy.Kaja-2592x1944c.jpg 2x\">           <source width=\"1116\" height=\"837\" media=\"(min-width: 1200px)\" srcset=\"https:\/\/www.lapurla.ch\/wp-content\/uploads\/2022\/07\/LapurlaFarbeExperiment18.11.201.AmstadTeddy.Kaja-1116x837c.jpg 1x, https:\/\/www.lapurla.ch\/wp-content\/uploads\/2022\/07\/LapurlaFarbeExperiment18.11.201.AmstadTeddy.Kaja-2232x1674c.jpg 2x\">           <source width=\"936\" height=\"702\" media=\"(min-width: 992px)\" srcset=\"https:\/\/www.lapurla.ch\/wp-content\/uploads\/2022\/07\/LapurlaFarbeExperiment18.11.201.AmstadTeddy.Kaja-936x702c.jpg  1x, https:\/\/www.lapurla.ch\/wp-content\/uploads\/2022\/07\/LapurlaFarbeExperiment18.11.201.AmstadTeddy.Kaja-1872x1404c.jpg 2x\">           <source width=\"696\" height=\"522\" media=\"(min-width: 768px)\" srcset=\"https:\/\/www.lapurla.ch\/wp-content\/uploads\/2022\/07\/LapurlaFarbeExperiment18.11.201.AmstadTeddy.Kaja-696x522c.jpg 1x, https:\/\/www.lapurla.ch\/wp-content\/uploads\/2022\/07\/LapurlaFarbeExperiment18.11.201.AmstadTeddy.Kaja-1392x1044c.jpg 2x\">           <source width=\"516\" height=\"387\" media=\"(min-width: 576px)\" srcset=\"https:\/\/www.lapurla.ch\/wp-content\/uploads\/2022\/07\/LapurlaFarbeExperiment18.11.201.AmstadTeddy.Kaja-516x387c.jpg 1x, https:\/\/www.lapurla.ch\/wp-content\/uploads\/2022\/07\/LapurlaFarbeExperiment18.11.201.AmstadTeddy.Kaja-1032x774c.jpg 2x\">           <img loading=\"lazy\" decoding=\"async\" width=\"550\" height=\"413\"           class=\"a-image__image\"           src=\"https:\/\/www.lapurla.ch\/wp-content\/uploads\/2022\/07\/LapurlaFarbeExperiment18.11.201.AmstadTeddy.Kaja-550x413c.jpg\" data-srcset=\"https:\/\/www.lapurla.ch\/wp-content\/uploads\/2022\/07\/LapurlaFarbeExperiment18.11.201.AmstadTeddy.Kaja-1100x826c.jpg 2x\" alt=\"\"\/>       <\/picture> <\/div>                            <figcaption>\n\t\t\t\t\t\t\t\tOrdinare e suddividere \u00e8 un\u2019attivit\u00e0 creativa, resa ancor pi\u00f9 appassionante dalle immagini riflesse | Progetto pilota Couleur et exp\u00e9rimentation | Foto: Teddy Amstad                            <\/figcaption>\n                        <\/figure>\n                    <\/div>\n\t\t\t\t                    <div class=\"swiper-slide\">\n                        <figure>\n\t\t\t\t\t\t\t<div class=\"a-image \">       <picture class=\"a-image__picture\">       \t<source width=\"1296\" height=\"972\" media=\"(min-width: 1400px)\" srcset=\"https:\/\/www.lapurla.ch\/wp-content\/uploads\/2022\/07\/LapurlaFarbeExperiment9.12.205.AmstadTeddy.LiviaLouisa-scaled-1296x972c.jpg 1x, https:\/\/www.lapurla.ch\/wp-content\/uploads\/2022\/07\/LapurlaFarbeExperiment9.12.205.AmstadTeddy.LiviaLouisa-scaled-2592x1944c.jpg 2x\">           <source width=\"1116\" height=\"837\" media=\"(min-width: 1200px)\" srcset=\"https:\/\/www.lapurla.ch\/wp-content\/uploads\/2022\/07\/LapurlaFarbeExperiment9.12.205.AmstadTeddy.LiviaLouisa-scaled-1116x837c.jpg 1x, https:\/\/www.lapurla.ch\/wp-content\/uploads\/2022\/07\/LapurlaFarbeExperiment9.12.205.AmstadTeddy.LiviaLouisa-scaled-2232x1674c.jpg 2x\">           <source width=\"936\" height=\"702\" media=\"(min-width: 992px)\" srcset=\"https:\/\/www.lapurla.ch\/wp-content\/uploads\/2022\/07\/LapurlaFarbeExperiment9.12.205.AmstadTeddy.LiviaLouisa-scaled-936x702c.jpg  1x, https:\/\/www.lapurla.ch\/wp-content\/uploads\/2022\/07\/LapurlaFarbeExperiment9.12.205.AmstadTeddy.LiviaLouisa-scaled-1872x1404c.jpg 2x\">           <source width=\"696\" height=\"522\" media=\"(min-width: 768px)\" srcset=\"https:\/\/www.lapurla.ch\/wp-content\/uploads\/2022\/07\/LapurlaFarbeExperiment9.12.205.AmstadTeddy.LiviaLouisa-scaled-696x522c.jpg 1x, https:\/\/www.lapurla.ch\/wp-content\/uploads\/2022\/07\/LapurlaFarbeExperiment9.12.205.AmstadTeddy.LiviaLouisa-scaled-1392x1044c.jpg 2x\">           <source width=\"516\" height=\"387\" media=\"(min-width: 576px)\" srcset=\"https:\/\/www.lapurla.ch\/wp-content\/uploads\/2022\/07\/LapurlaFarbeExperiment9.12.205.AmstadTeddy.LiviaLouisa-scaled-516x387c.jpg 1x, https:\/\/www.lapurla.ch\/wp-content\/uploads\/2022\/07\/LapurlaFarbeExperiment9.12.205.AmstadTeddy.LiviaLouisa-scaled-1032x774c.jpg 2x\">           <img loading=\"lazy\" decoding=\"async\" width=\"550\" height=\"413\"           class=\"a-image__image\"           src=\"https:\/\/www.lapurla.ch\/wp-content\/uploads\/2022\/07\/LapurlaFarbeExperiment9.12.205.AmstadTeddy.LiviaLouisa-scaled-550x413c.jpg\" data-srcset=\"https:\/\/www.lapurla.ch\/wp-content\/uploads\/2022\/07\/LapurlaFarbeExperiment9.12.205.AmstadTeddy.LiviaLouisa-scaled-1100x826c.jpg 2x\" alt=\"\"\/>       <\/picture> <\/div>                            <figcaption>\n\t\t\t\t\t\t\t\tI bambini sono liberi di scegliere le proprie postazioni di lavoro | Foto: Teddy Amstad                            <\/figcaption>\n                        <\/figure>\n                    <\/div>\n\t\t\t\t                    <div class=\"swiper-slide\">\n                        <figure>\n\t\t\t\t\t\t\t<div class=\"a-image \">       <picture class=\"a-image__picture\">       \t<source width=\"1296\" height=\"972\" media=\"(min-width: 1400px)\" srcset=\"https:\/\/www.lapurla.ch\/wp-content\/uploads\/2022\/06\/LapurlaFarbeExperiment9.12.204.AmstadTeddy.KajaLouisa-scaled-1296x972c.jpg 1x, https:\/\/www.lapurla.ch\/wp-content\/uploads\/2022\/06\/LapurlaFarbeExperiment9.12.204.AmstadTeddy.KajaLouisa-scaled-2592x1944c.jpg 2x\">           <source width=\"1116\" height=\"837\" media=\"(min-width: 1200px)\" srcset=\"https:\/\/www.lapurla.ch\/wp-content\/uploads\/2022\/06\/LapurlaFarbeExperiment9.12.204.AmstadTeddy.KajaLouisa-scaled-1116x837c.jpg 1x, https:\/\/www.lapurla.ch\/wp-content\/uploads\/2022\/06\/LapurlaFarbeExperiment9.12.204.AmstadTeddy.KajaLouisa-scaled-2232x1674c.jpg 2x\">           <source width=\"936\" height=\"702\" media=\"(min-width: 992px)\" srcset=\"https:\/\/www.lapurla.ch\/wp-content\/uploads\/2022\/06\/LapurlaFarbeExperiment9.12.204.AmstadTeddy.KajaLouisa-scaled-936x702c.jpg  1x, https:\/\/www.lapurla.ch\/wp-content\/uploads\/2022\/06\/LapurlaFarbeExperiment9.12.204.AmstadTeddy.KajaLouisa-scaled-1872x1404c.jpg 2x\">           <source width=\"696\" height=\"522\" media=\"(min-width: 768px)\" srcset=\"https:\/\/www.lapurla.ch\/wp-content\/uploads\/2022\/06\/LapurlaFarbeExperiment9.12.204.AmstadTeddy.KajaLouisa-scaled-696x522c.jpg 1x, https:\/\/www.lapurla.ch\/wp-content\/uploads\/2022\/06\/LapurlaFarbeExperiment9.12.204.AmstadTeddy.KajaLouisa-scaled-1392x1044c.jpg 2x\">           <source width=\"516\" height=\"387\" media=\"(min-width: 576px)\" srcset=\"https:\/\/www.lapurla.ch\/wp-content\/uploads\/2022\/06\/LapurlaFarbeExperiment9.12.204.AmstadTeddy.KajaLouisa-scaled-516x387c.jpg 1x, https:\/\/www.lapurla.ch\/wp-content\/uploads\/2022\/06\/LapurlaFarbeExperiment9.12.204.AmstadTeddy.KajaLouisa-scaled-1032x774c.jpg 2x\">           <img loading=\"lazy\" decoding=\"async\" width=\"550\" height=\"413\"           class=\"a-image__image\"           src=\"https:\/\/www.lapurla.ch\/wp-content\/uploads\/2022\/06\/LapurlaFarbeExperiment9.12.204.AmstadTeddy.KajaLouisa-scaled-550x413c.jpg\" data-srcset=\"https:\/\/www.lapurla.ch\/wp-content\/uploads\/2022\/06\/LapurlaFarbeExperiment9.12.204.AmstadTeddy.KajaLouisa-scaled-1100x826c.jpg 2x\" alt=\"\"\/>       <\/picture> <\/div>                            <figcaption>\n\t\t\t\t\t\t\t\tSeguire la propria curiosit\u00e0 e poter sperimentare da soli \u00e8 stimolante | Foto: Teddy Amstad                            <\/figcaption>\n                        <\/figure>\n                    <\/div>\n\t\t\t\t                    <div class=\"swiper-slide\">\n                        <figure>\n\t\t\t\t\t\t\t<div class=\"a-image \">       <picture class=\"a-image__picture\">       \t<source width=\"1296\" height=\"972\" media=\"(min-width: 1400px)\" srcset=\"https:\/\/www.lapurla.ch\/wp-content\/uploads\/2022\/06\/LapurlaFarbeExperiment15.10.20.AmstadTeddy.Janis-scaled-1296x972c.jpg 1x, https:\/\/www.lapurla.ch\/wp-content\/uploads\/2022\/06\/LapurlaFarbeExperiment15.10.20.AmstadTeddy.Janis-scaled-2592x1944c.jpg 2x\">           <source width=\"1116\" height=\"837\" media=\"(min-width: 1200px)\" srcset=\"https:\/\/www.lapurla.ch\/wp-content\/uploads\/2022\/06\/LapurlaFarbeExperiment15.10.20.AmstadTeddy.Janis-scaled-1116x837c.jpg 1x, https:\/\/www.lapurla.ch\/wp-content\/uploads\/2022\/06\/LapurlaFarbeExperiment15.10.20.AmstadTeddy.Janis-scaled-2232x1674c.jpg 2x\">           <source width=\"936\" height=\"702\" media=\"(min-width: 992px)\" srcset=\"https:\/\/www.lapurla.ch\/wp-content\/uploads\/2022\/06\/LapurlaFarbeExperiment15.10.20.AmstadTeddy.Janis-scaled-936x702c.jpg  1x, https:\/\/www.lapurla.ch\/wp-content\/uploads\/2022\/06\/LapurlaFarbeExperiment15.10.20.AmstadTeddy.Janis-scaled-1872x1404c.jpg 2x\">           <source width=\"696\" height=\"522\" media=\"(min-width: 768px)\" srcset=\"https:\/\/www.lapurla.ch\/wp-content\/uploads\/2022\/06\/LapurlaFarbeExperiment15.10.20.AmstadTeddy.Janis-scaled-696x522c.jpg 1x, https:\/\/www.lapurla.ch\/wp-content\/uploads\/2022\/06\/LapurlaFarbeExperiment15.10.20.AmstadTeddy.Janis-scaled-1392x1044c.jpg 2x\">           <source width=\"516\" height=\"387\" media=\"(min-width: 576px)\" srcset=\"https:\/\/www.lapurla.ch\/wp-content\/uploads\/2022\/06\/LapurlaFarbeExperiment15.10.20.AmstadTeddy.Janis-scaled-516x387c.jpg 1x, https:\/\/www.lapurla.ch\/wp-content\/uploads\/2022\/06\/LapurlaFarbeExperiment15.10.20.AmstadTeddy.Janis-scaled-1032x774c.jpg 2x\">           <img loading=\"lazy\" decoding=\"async\" width=\"550\" height=\"413\"           class=\"a-image__image\"           src=\"https:\/\/www.lapurla.ch\/wp-content\/uploads\/2022\/06\/LapurlaFarbeExperiment15.10.20.AmstadTeddy.Janis-scaled-550x413c.jpg\" data-srcset=\"https:\/\/www.lapurla.ch\/wp-content\/uploads\/2022\/06\/LapurlaFarbeExperiment15.10.20.AmstadTeddy.Janis-scaled-1100x826c.jpg 2x\" alt=\"\"\/>       <\/picture> <\/div>                            <figcaption>\n\t\t\t\t\t\t\t\tA volte durante le attivit\u00e0 il bambino crea inconsapevolmente delle intere storie | Foto: Teddy Amstad                            <\/figcaption>\n                        <\/figure>\n                    <\/div>\n\t\t\t\t            <\/div>\n            <div class=\"container\">\n                <div class=\"row\">\n                    <div class=\"col-12 position-relative\">\n                        <div class=\"pagination\"><\/div>\n                        <div class=\"button-wrapper\">\n                            <button class=\"swiper-button-prev\">\n\t\t\t\t\t\t\t\t<svg class=\"svg-icon icon-arrow-left\" xmlns=\"http:\/\/www.w3.org\/2000\/svg\"><use xmlns:xlink=\"http:\/\/www.w3.org\/1999\/xlink\" xlink:href=\"https:\/\/www.lapurla.ch\/wp-content\/themes\/lapurla\/dist\/icons.svg?f27dc72#arrow-left\"><\/use><\/svg>                                <span class=\"visually-hidden\">Indietro <\/span>\n                            <\/button>\n                            <button class=\"swiper-button-next\">\n\t\t\t\t\t\t\t\t<svg class=\"svg-icon icon-arrow-right\" xmlns=\"http:\/\/www.w3.org\/2000\/svg\"><use xmlns:xlink=\"http:\/\/www.w3.org\/1999\/xlink\" xlink:href=\"https:\/\/www.lapurla.ch\/wp-content\/themes\/lapurla\/dist\/icons.svg?f27dc72#arrow-right\"><\/use><\/svg>                                <span class=\"visually-hidden\">Avanti<\/span>\n                            <\/button>\n                        <\/div>\n                    <\/div>\n                <\/div>\n            <\/div>\n        <\/div>\n\t<\/div>\n        <\/div>\n    <\/div>\n\n\n\n<hr class=\"wp-block-separator has-alpha-channel-opacity\"\/>\n\n\n\n<h1 class=\"wp-block-heading\" id=\"Rendevous\">Rendevous \u00abFarbe &amp; Experiment\u00bb<\/h1>\n\n\n\n<p><a href=\"https:\/\/lapurla.ch\/event\/rendez-vous\/\">Programma \u00abRENDEZVOUS\u00bb<\/a><\/p>\n\n\n\n<div id=\"video-block_4c747ce7930a5c6f105dadbdc856fbec\" class=\"mod-video\">\n\t        <div class=\"row\">\n            <div class=\"col-12\">\n                <a href=\"https:\/\/vimeo.com\/584882852\" class=\"js-video-lightbox video-link\">\n                    <figure class=\"video-block\">\n                        <div class=\"poster\">\n\t\t\t\t\t\t\t<div class=\"a-image js-a-image \"><picture class=\"a-image__picture js-a-image__picture\">           <source width=\"1320\" height=\"743\"  media=\"(min-width: 1400px)\" data-srcset=\"https:\/\/www.lapurla.ch\/wp-content\/uploads\/2022\/06\/LapurlaAnlaesseRendezvous-1320x0.png 1x, https:\/\/www.lapurla.ch\/wp-content\/uploads\/2022\/06\/LapurlaAnlaesseRendezvous-2640x0.png 2x\">           <source width=\"1140\" height=\"641\" media=\"(min-width: 1200px)\" data-srcset=\"https:\/\/www.lapurla.ch\/wp-content\/uploads\/2022\/06\/LapurlaAnlaesseRendezvous-1140x0.png 1x, https:\/\/www.lapurla.ch\/wp-content\/uploads\/2022\/06\/LapurlaAnlaesseRendezvous-2280x0.png 2x\">           <source width=\"960\" height=\"540\" media=\"(min-width: 992px)\" data-srcset=\"https:\/\/www.lapurla.ch\/wp-content\/uploads\/2022\/06\/LapurlaAnlaesseRendezvous-960x0.png  1x, https:\/\/www.lapurla.ch\/wp-content\/uploads\/2022\/06\/LapurlaAnlaesseRendezvous-1920x0.png 2x\">           <source width=\"720\" height=\"405\" media=\"(min-width: 768px)\" data-srcset=\"https:\/\/www.lapurla.ch\/wp-content\/uploads\/2022\/06\/LapurlaAnlaesseRendezvous-720x0.png 1x, https:\/\/www.lapurla.ch\/wp-content\/uploads\/2022\/06\/LapurlaAnlaesseRendezvous-1440x0.png 2x\">           <source width=\"540\" height=\"304\" media=\"(min-width: 576px)\" data-srcset=\"https:\/\/www.lapurla.ch\/wp-content\/uploads\/2022\/06\/LapurlaAnlaesseRendezvous-540x0.png 1x, https:\/\/www.lapurla.ch\/wp-content\/uploads\/2022\/06\/LapurlaAnlaesseRendezvous-1080x0.png 2x\">           <img loading=\"lazy\" decoding=\"async\" width=\"540\" height=\"304\"           class=\"a-image__image js-a-image__image lazyload\" src=\"data:image\/gif;base64,R0lGODlhAQABAAAAACH5BAEKAAEALAAAAAABAAEAAAICTAEAOw==\"           data-src=\"https:\/\/www.lapurla.ch\/wp-content\/uploads\/2022\/06\/LapurlaAnlaesseRendezvous-540x0.png\" data-srcset=\"https:\/\/www.lapurla.ch\/wp-content\/uploads\/2022\/06\/LapurlaAnlaesseRendezvous-1080x0.png 2x\" alt=\"\"\/>      <\/picture><\/div>                            <div class=\"icon\">\n\t\t\t\t\t\t\t\t<svg class=\"svg-icon icon-play\" xmlns=\"http:\/\/www.w3.org\/2000\/svg\"><use xmlns:xlink=\"http:\/\/www.w3.org\/1999\/xlink\" xlink:href=\"https:\/\/www.lapurla.ch\/wp-content\/themes\/lapurla\/dist\/icons.svg?f27dc72#play\"><\/use><\/svg>                            <\/div>\n                        <\/div>\n                        <figcaption><\/figcaption>\n                    <\/figure>\n                <\/a>\n            <\/div>\n        <\/div>\n\t<\/div>\n\n\n\n<hr class=\"wp-block-separator has-alpha-channel-opacity\"\/>\n\n\n\n<h1 class=\"wp-block-heading\" id=\"Steckbrief\">Profilo<\/h1>\n\n\n\n<div id=\"infobox-block_9d73cb8403eb351ce9de0fca1e89701d\" class=\"mod-infobox\">\n\t        <div class=\"row\">\n            <div class=\"col-12\">\n                <div class=\"info-container\">\n                    <h2>Colore e sperimentazione<\/h2>\n                    <div class=\"row\">\n                        <div class=\"col-12 col-lg-6\">\n\t\t\t\t\t\t\t<div class=\"info-box__intro\">\n<div class=\"rich-text\">\n<h2 class=\"rich-text__title\">Partner di progetto<\/h2>\n<\/div>\n<\/div>\n<div class=\"info-box__two-col\">\n<div class=\"two-columns__left\">\n<div class=\"rich-text\">\n<div class=\"rich-text__text\">\n<p><a href=\"https:\/\/www.kinderbetreuung-ow.ch\/chinderhuis\/\" target=\"_blank\" rel=\"noopener\">Chinderhuis Obwalden<\/a><br \/>\nSpitalstrasse 4<br \/>\n6060 Sarnen<\/p>\n<\/div>\n<\/div>\n<div class=\"rich-text\">\n<h2 class=\"rich-text__title\">Media<\/h2>\n<div class=\"rich-text__text\">\n<p>Obwaldner Zeitung, 18.9.2020: <a href=\"https:\/\/lapurla.ch\/wp-content\/uploads\/2022\/06\/OZ200918.pdf\" target=\"_blank\" rel=\"noopener\">Neues Atelier f\u00fcr Fr\u00fchf\u00f6rderung<\/a><\/p>\n<p>Nidwaldner Zeitung, 18.9.2020:\u00a0<a href=\"https:\/\/lapurla.ch\/wp-content\/uploads\/2022\/06\/NidwaldnerZeitung200918.pdf\" target=\"_blank\" rel=\"noopener\">In diesem Atelier ist das Kind der Experte<\/a><\/p>\n<p>Luzerner Zeitung online, 18.9.2020:\u00a0<a href=\"https:\/\/lapurla.ch\/wp-content\/uploads\/2022\/06\/LuzernerZeitungOnline200918.pdf\" target=\"_blank\" rel=\"noopener\">Fr\u00fchf\u00f6rderung einmal anders: In diesem Obwaldner Atelier ist das Kind der Experte<\/a><\/p>\n<\/div>\n<\/div>\n<\/div>\n<\/div>\n                        <\/div>\n                        <div class=\"col-12 col-lg-6\">\n\t\t\t\t\t\t\t<div class=\"rich-text\">\n<h2 class=\"rich-text__title\">Responsabili di progetto<\/h2>\n<div class=\"rich-text__text\">\n<p>Teddy Amstad<br \/>\nLehrer f\u00fcr Bildnerisches Gestalten<br \/>\n<a href=\"mailto:zeichnen@mail.com\" target=\"_blank\" rel=\"noopener\">zeichnen@mail.com<\/a><\/p>\n<p>Yvonne Amstad<br \/>\nKleinkinderzieherin<br \/>\n<a href=\"mailto:yvonne.amstad@gmail.com\" target=\"_blank\" rel=\"noopener\">yvonne.amstad@gmail.com<\/a><\/p>\n<\/div>\n<div class=\"rich-text\">\n<h2 class=\"rich-text__title\">Durata<\/h2>\n<div class=\"rich-text__text\">\n<p>Projektstart: 22. August 2020<\/p>\n<\/div>\n<\/div>\n<div class=\"rich-text\">\n<h2 class=\"rich-text__title\">Maggiori informazioni<\/h2>\n<\/div>\n<\/div>\n<div class=\"rich-text\">\n<div class=\"rich-text__text\">\n<p><a href=\"https:\/\/lapurla.ch\/wp-content\/uploads\/2022\/06\/Farbe-Experiment140520.pdf\" target=\"_blank\" rel=\"noopener\">Konzeptionelle Wegbeschreibung<\/a><\/p>\n<p><a href=\"https:\/\/www.farbexperiment.com\/\" target=\"_blank\" rel=\"noopener\">Webseite\u00a0\u00abFarbe &amp; Experiment\u00bb<\/a><\/p>\n<p><a href=\"https:\/\/www.instagram.com\/farbe_und_experiment\/\" target=\"_blank\" rel=\"noopener\">Instagram<\/a><\/p>\n<\/div>\n<\/div>\n                        <\/div>\n                    <\/div>\n                <\/div>\n            <\/div>\n        <\/div>\n\t<\/div>\n","protected":false},"excerpt":{"rendered":"<p>\u00c8 tutto pronto&nbsp; Nel corso dell\u2019estate 2020 l\u2019ex capannone \u00e8 stato trasformato in un luogo dinamico che offre ai bambini piccoli svariati stimoli spaziali e materiali estetici. Siamo curiosi di vedere come i bimbi di 3-4 anni si approprieranno di questo spazio e come interagiranno con tutti gli interessanti oggetti presenti al suo interno.&nbsp; Rendevous [&hellip;]<\/p>\n","protected":false},"featured_media":20293,"template":"","meta":{"_acf_changed":false,"latitude":"46.8956729","longitude":"8.2461492","kurzbeschreibung":"Un laboratorio creativo in cui i bambini sono gli esperti delle proprie opere!","datum_von":"","footnotes":""},"kanton":[116,86],"project_category":[152],"project_serie":[215],"class_list":["post-10389","project","type-project","status-publish","has-post-thumbnail","hentry","kanton-obwalden-nidwalden-it","kanton-national","project_category-modellprojekte-family-it","project_serie-pilotphase-2018-21"],"acf":[],"yoast_head":"<!-- This site is optimized with the Yoast SEO plugin v27.2 - https:\/\/yoast.com\/product\/yoast-seo-wordpress\/ -->\n<title>Colore e sperimentazione &#8211; Lapurla<\/title>\n<meta name=\"robots\" content=\"index, follow, max-snippet:-1, max-image-preview:large, max-video-preview:-1\" \/>\n<link rel=\"canonical\" href=\"https:\/\/www.lapurla.ch\/it\/project\/farbe-experiment\" \/>\n<meta property=\"og:locale\" content=\"it_IT\" \/>\n<meta property=\"og:type\" content=\"article\" \/>\n<meta property=\"og:title\" content=\"Colore e sperimentazione &#8211; Lapurla\" \/>\n<meta property=\"og:description\" content=\"\u00c8 tutto pronto&nbsp; Nel corso dell\u2019estate 2020 l\u2019ex capannone \u00e8 stato trasformato in un luogo dinamico che offre ai bambini piccoli svariati stimoli spaziali e materiali estetici. Siamo curiosi di vedere come i bimbi di 3-4 anni si approprieranno di questo spazio e come interagiranno con tutti gli interessanti oggetti presenti al suo interno.&nbsp; Rendevous [&hellip;]\" \/>\n<meta property=\"og:url\" content=\"https:\/\/www.lapurla.ch\/it\/project\/farbe-experiment\" \/>\n<meta property=\"og:site_name\" content=\"Lapurla\" \/>\n<meta property=\"article:modified_time\" content=\"2025-04-01T16:27:04+00:00\" \/>\n<meta property=\"og:image\" content=\"https:\/\/www.lapurla.ch\/wp-content\/uploads\/2023\/11\/LapurlaAwardsZaeme-ufe-Waeg.jpg\" \/>\n\t<meta property=\"og:image:width\" content=\"1535\" \/>\n\t<meta property=\"og:image:height\" content=\"1063\" \/>\n\t<meta property=\"og:image:type\" content=\"image\/jpeg\" \/>\n<meta name=\"twitter:card\" content=\"summary_large_image\" \/>\n<meta name=\"twitter:label1\" content=\"Tempo di lettura stimato\" \/>\n\t<meta name=\"twitter:data1\" content=\"1 minuto\" \/>\n<script type=\"application\/ld+json\" class=\"yoast-schema-graph\">{\"@context\":\"https:\/\/schema.org\",\"@graph\":[{\"@type\":\"WebPage\",\"@id\":\"https:\/\/www.lapurla.ch\/it\/project\/farbe-experiment\",\"url\":\"https:\/\/www.lapurla.ch\/it\/project\/farbe-experiment\",\"name\":\"Colore e sperimentazione &#8211; Lapurla\",\"isPartOf\":{\"@id\":\"https:\/\/www.lapurla.ch\/#website\"},\"primaryImageOfPage\":{\"@id\":\"https:\/\/www.lapurla.ch\/it\/project\/farbe-experiment#primaryimage\"},\"image\":{\"@id\":\"https:\/\/www.lapurla.ch\/it\/project\/farbe-experiment#primaryimage\"},\"thumbnailUrl\":\"https:\/\/www.lapurla.ch\/wp-content\/uploads\/2023\/11\/LapurlaAwardsZaeme-ufe-Waeg.jpg\",\"datePublished\":\"2022-06-29T18:59:58+00:00\",\"dateModified\":\"2025-04-01T16:27:04+00:00\",\"breadcrumb\":{\"@id\":\"https:\/\/www.lapurla.ch\/it\/project\/farbe-experiment#breadcrumb\"},\"inLanguage\":\"it-IT\",\"potentialAction\":[{\"@type\":\"ReadAction\",\"target\":[\"https:\/\/www.lapurla.ch\/it\/project\/farbe-experiment\"]}]},{\"@type\":\"ImageObject\",\"inLanguage\":\"it-IT\",\"@id\":\"https:\/\/www.lapurla.ch\/it\/project\/farbe-experiment#primaryimage\",\"url\":\"https:\/\/www.lapurla.ch\/wp-content\/uploads\/2023\/11\/LapurlaAwardsZaeme-ufe-Waeg.jpg\",\"contentUrl\":\"https:\/\/www.lapurla.ch\/wp-content\/uploads\/2023\/11\/LapurlaAwardsZaeme-ufe-Waeg.jpg\",\"width\":1535,\"height\":1063},{\"@type\":\"BreadcrumbList\",\"@id\":\"https:\/\/www.lapurla.ch\/it\/project\/farbe-experiment#breadcrumb\",\"itemListElement\":[{\"@type\":\"ListItem\",\"position\":1,\"name\":\"Startseite\",\"item\":\"https:\/\/www.lapurla.ch\/it\"},{\"@type\":\"ListItem\",\"position\":2,\"name\":\"Projekte\",\"item\":\"https:\/\/www.lapurla.ch\/project\"},{\"@type\":\"ListItem\",\"position\":3,\"name\":\"Colore e sperimentazione\"}]},{\"@type\":\"WebSite\",\"@id\":\"https:\/\/www.lapurla.ch\/#website\",\"url\":\"https:\/\/www.lapurla.ch\/\",\"name\":\"Lapurla\",\"description\":\"\",\"publisher\":{\"@id\":\"https:\/\/www.lapurla.ch\/#organization\"},\"potentialAction\":[{\"@type\":\"SearchAction\",\"target\":{\"@type\":\"EntryPoint\",\"urlTemplate\":\"https:\/\/www.lapurla.ch\/?s={search_term_string}\"},\"query-input\":{\"@type\":\"PropertyValueSpecification\",\"valueRequired\":true,\"valueName\":\"search_term_string\"}}],\"inLanguage\":\"it-IT\"},{\"@type\":\"Organization\",\"@id\":\"https:\/\/www.lapurla.ch\/#organization\",\"name\":\"Lapurla\",\"url\":\"https:\/\/www.lapurla.ch\/\",\"logo\":{\"@type\":\"ImageObject\",\"inLanguage\":\"it-IT\",\"@id\":\"https:\/\/www.lapurla.ch\/#\/schema\/logo\/image\/\",\"url\":\"https:\/\/www.lapurla.ch\/wp-content\/uploads\/2022\/03\/cropped-favicon.png\",\"contentUrl\":\"https:\/\/www.lapurla.ch\/wp-content\/uploads\/2022\/03\/cropped-favicon.png\",\"width\":512,\"height\":512,\"caption\":\"Lapurla\"},\"image\":{\"@id\":\"https:\/\/www.lapurla.ch\/#\/schema\/logo\/image\/\"}}]}<\/script>\n<!-- \/ Yoast SEO plugin. -->","yoast_head_json":{"title":"Colore e sperimentazione &#8211; Lapurla","robots":{"index":"index","follow":"follow","max-snippet":"max-snippet:-1","max-image-preview":"max-image-preview:large","max-video-preview":"max-video-preview:-1"},"canonical":"https:\/\/www.lapurla.ch\/it\/project\/farbe-experiment","og_locale":"it_IT","og_type":"article","og_title":"Colore e sperimentazione &#8211; Lapurla","og_description":"\u00c8 tutto pronto&nbsp; Nel corso dell\u2019estate 2020 l\u2019ex capannone \u00e8 stato trasformato in un luogo dinamico che offre ai bambini piccoli svariati stimoli spaziali e materiali estetici. Siamo curiosi di vedere come i bimbi di 3-4 anni si approprieranno di questo spazio e come interagiranno con tutti gli interessanti oggetti presenti al suo interno.&nbsp; Rendevous [&hellip;]","og_url":"https:\/\/www.lapurla.ch\/it\/project\/farbe-experiment","og_site_name":"Lapurla","article_modified_time":"2025-04-01T16:27:04+00:00","og_image":[{"width":1535,"height":1063,"url":"https:\/\/www.lapurla.ch\/wp-content\/uploads\/2023\/11\/LapurlaAwardsZaeme-ufe-Waeg.jpg","type":"image\/jpeg"}],"twitter_card":"summary_large_image","twitter_misc":{"Tempo di lettura stimato":"1 minuto"},"schema":{"@context":"https:\/\/schema.org","@graph":[{"@type":"WebPage","@id":"https:\/\/www.lapurla.ch\/it\/project\/farbe-experiment","url":"https:\/\/www.lapurla.ch\/it\/project\/farbe-experiment","name":"Colore e sperimentazione &#8211; Lapurla","isPartOf":{"@id":"https:\/\/www.lapurla.ch\/#website"},"primaryImageOfPage":{"@id":"https:\/\/www.lapurla.ch\/it\/project\/farbe-experiment#primaryimage"},"image":{"@id":"https:\/\/www.lapurla.ch\/it\/project\/farbe-experiment#primaryimage"},"thumbnailUrl":"https:\/\/www.lapurla.ch\/wp-content\/uploads\/2023\/11\/LapurlaAwardsZaeme-ufe-Waeg.jpg","datePublished":"2022-06-29T18:59:58+00:00","dateModified":"2025-04-01T16:27:04+00:00","breadcrumb":{"@id":"https:\/\/www.lapurla.ch\/it\/project\/farbe-experiment#breadcrumb"},"inLanguage":"it-IT","potentialAction":[{"@type":"ReadAction","target":["https:\/\/www.lapurla.ch\/it\/project\/farbe-experiment"]}]},{"@type":"ImageObject","inLanguage":"it-IT","@id":"https:\/\/www.lapurla.ch\/it\/project\/farbe-experiment#primaryimage","url":"https:\/\/www.lapurla.ch\/wp-content\/uploads\/2023\/11\/LapurlaAwardsZaeme-ufe-Waeg.jpg","contentUrl":"https:\/\/www.lapurla.ch\/wp-content\/uploads\/2023\/11\/LapurlaAwardsZaeme-ufe-Waeg.jpg","width":1535,"height":1063},{"@type":"BreadcrumbList","@id":"https:\/\/www.lapurla.ch\/it\/project\/farbe-experiment#breadcrumb","itemListElement":[{"@type":"ListItem","position":1,"name":"Startseite","item":"https:\/\/www.lapurla.ch\/it"},{"@type":"ListItem","position":2,"name":"Projekte","item":"https:\/\/www.lapurla.ch\/project"},{"@type":"ListItem","position":3,"name":"Colore e sperimentazione"}]},{"@type":"WebSite","@id":"https:\/\/www.lapurla.ch\/#website","url":"https:\/\/www.lapurla.ch\/","name":"Lapurla","description":"","publisher":{"@id":"https:\/\/www.lapurla.ch\/#organization"},"potentialAction":[{"@type":"SearchAction","target":{"@type":"EntryPoint","urlTemplate":"https:\/\/www.lapurla.ch\/?s={search_term_string}"},"query-input":{"@type":"PropertyValueSpecification","valueRequired":true,"valueName":"search_term_string"}}],"inLanguage":"it-IT"},{"@type":"Organization","@id":"https:\/\/www.lapurla.ch\/#organization","name":"Lapurla","url":"https:\/\/www.lapurla.ch\/","logo":{"@type":"ImageObject","inLanguage":"it-IT","@id":"https:\/\/www.lapurla.ch\/#\/schema\/logo\/image\/","url":"https:\/\/www.lapurla.ch\/wp-content\/uploads\/2022\/03\/cropped-favicon.png","contentUrl":"https:\/\/www.lapurla.ch\/wp-content\/uploads\/2022\/03\/cropped-favicon.png","width":512,"height":512,"caption":"Lapurla"},"image":{"@id":"https:\/\/www.lapurla.ch\/#\/schema\/logo\/image\/"}}]}},"datum":"","_links":{"self":[{"href":"https:\/\/www.lapurla.ch\/it\/wp-json\/wp\/v2\/project\/10389","targetHints":{"allow":["GET"]}}],"collection":[{"href":"https:\/\/www.lapurla.ch\/it\/wp-json\/wp\/v2\/project"}],"about":[{"href":"https:\/\/www.lapurla.ch\/it\/wp-json\/wp\/v2\/types\/project"}],"version-history":[{"count":9,"href":"https:\/\/www.lapurla.ch\/it\/wp-json\/wp\/v2\/project\/10389\/revisions"}],"predecessor-version":[{"id":20715,"href":"https:\/\/www.lapurla.ch\/it\/wp-json\/wp\/v2\/project\/10389\/revisions\/20715"}],"wp:featuredmedia":[{"embeddable":true,"href":"https:\/\/www.lapurla.ch\/it\/wp-json\/wp\/v2\/media\/20293"}],"wp:attachment":[{"href":"https:\/\/www.lapurla.ch\/it\/wp-json\/wp\/v2\/media?parent=10389"}],"wp:term":[{"taxonomy":"kanton","embeddable":true,"href":"https:\/\/www.lapurla.ch\/it\/wp-json\/wp\/v2\/kanton?post=10389"},{"taxonomy":"project_category","embeddable":true,"href":"https:\/\/www.lapurla.ch\/it\/wp-json\/wp\/v2\/project_category?post=10389"},{"taxonomy":"project_serie","embeddable":true,"href":"https:\/\/www.lapurla.ch\/it\/wp-json\/wp\/v2\/project_serie?post=10389"}],"curies":[{"name":"wp","href":"https:\/\/api.w.org\/{rel}","templated":true}]}}