{"id":10284,"date":"2022-06-28T20:07:19","date_gmt":"2022-06-28T18:07:19","guid":{"rendered":"https:\/\/lapurla.ch\/project\/chiku-schauen-und-staunen-gestalten-und-wirken-kreativ-sein\/"},"modified":"2025-04-01T18:31:43","modified_gmt":"2025-04-01T16:31:43","slug":"chiku-schauen-und-staunen-gestalten-und-wirken-kreativ-sein","status":"publish","type":"project","link":"https:\/\/www.lapurla.ch\/it\/project\/chiku-schauen-und-staunen-gestalten-und-wirken-kreativ-sein","title":{"rendered":"CHIKU"},"content":{"rendered":"\n<div id=\"lead-text-block_3797e930d59f039972533ab72ac976b2\" class=\"mod-lead-text\">\n\t        <div class=\"row\">\n            <div class=\"col-12\">\n\t\t\t\t<h1 class=\"title\">Guardare con stupore, creare e operare, essere creativi<\/h1>                <div class=\"lead-text\">\n\t\t\t\t\t<p>In otto appuntamenti, i bambini del Chinderhort Appenzell hanno visitato la mostra Bauplatz Kreativit\u00e4t (Cantiere della creativit\u00e0) nella Kunsthalle Ziegelh\u00fctte. Il 30 settembre 2018 si \u00e8 svolta l\u2019inaugurazione per genitori, parenti e interessati, a cui hanno partecipato 75 persone.<\/p>\n                <\/div>\n            <\/div>\n        <\/div>\n\t<\/div>\n\n\n<div id=\"bildergalerie-block_1fac24ba25cb373de1ee7844241a802a\" class=\"mod-bildergalerie\">\n            <div class=\"col-12\">\n\t\t    \n<div class=\"mod-slider\">\n\t        <div id=\"slider-43c13904-f505-4ef8-97a0-8f066e16aa6d\" class=\"swiper-solo\">\n            <div class=\"swiper-wrapper\">\n\t\t\t\t                    <div class=\"swiper-slide\">\n                        <figure>\n\t\t\t\t\t\t\t<div class=\"a-image \">       <picture class=\"a-image__picture\">       \t<source width=\"1296\" height=\"972\" media=\"(min-width: 1400px)\" srcset=\"https:\/\/www.lapurla.ch\/wp-content\/uploads\/2023\/11\/LapurlaAwardsCHIKU-1296x972c.jpg 1x, https:\/\/www.lapurla.ch\/wp-content\/uploads\/2023\/11\/LapurlaAwardsCHIKU-2592x1944c.jpg 2x\">           <source width=\"1116\" height=\"837\" media=\"(min-width: 1200px)\" srcset=\"https:\/\/www.lapurla.ch\/wp-content\/uploads\/2023\/11\/LapurlaAwardsCHIKU-1116x837c.jpg 1x, https:\/\/www.lapurla.ch\/wp-content\/uploads\/2023\/11\/LapurlaAwardsCHIKU-2232x1674c.jpg 2x\">           <source width=\"936\" height=\"702\" media=\"(min-width: 992px)\" srcset=\"https:\/\/www.lapurla.ch\/wp-content\/uploads\/2023\/11\/LapurlaAwardsCHIKU-936x702c.jpg  1x, https:\/\/www.lapurla.ch\/wp-content\/uploads\/2023\/11\/LapurlaAwardsCHIKU-1872x1404c.jpg 2x\">           <source width=\"696\" height=\"522\" media=\"(min-width: 768px)\" srcset=\"https:\/\/www.lapurla.ch\/wp-content\/uploads\/2023\/11\/LapurlaAwardsCHIKU-696x522c.jpg 1x, https:\/\/www.lapurla.ch\/wp-content\/uploads\/2023\/11\/LapurlaAwardsCHIKU-1392x1044c.jpg 2x\">           <source width=\"516\" height=\"387\" media=\"(min-width: 576px)\" srcset=\"https:\/\/www.lapurla.ch\/wp-content\/uploads\/2023\/11\/LapurlaAwardsCHIKU-516x387c.jpg 1x, https:\/\/www.lapurla.ch\/wp-content\/uploads\/2023\/11\/LapurlaAwardsCHIKU-1032x774c.jpg 2x\">           <img loading=\"lazy\" decoding=\"async\" width=\"550\" height=\"413\"           class=\"a-image__image\"           src=\"https:\/\/www.lapurla.ch\/wp-content\/uploads\/2023\/11\/LapurlaAwardsCHIKU-550x413c.jpg\" data-srcset=\"https:\/\/www.lapurla.ch\/wp-content\/uploads\/2023\/11\/LapurlaAwardsCHIKU-1100x826c.jpg 2x\" alt=\"\"\/>       <\/picture> <\/div>                            <figcaption>\n\t\t\t\t\t\t\t\t                            <\/figcaption>\n                        <\/figure>\n                    <\/div>\n\t\t\t\t            <\/div>\n            <div class=\"container\">\n                <div class=\"row\">\n                    <div class=\"col-12 position-relative\">\n                        <div class=\"pagination\"><\/div>\n                        <div class=\"button-wrapper\">\n                            <button class=\"swiper-button-prev\">\n\t\t\t\t\t\t\t\t<svg class=\"svg-icon icon-arrow-left\" xmlns=\"http:\/\/www.w3.org\/2000\/svg\"><use xmlns:xlink=\"http:\/\/www.w3.org\/1999\/xlink\" xlink:href=\"https:\/\/www.lapurla.ch\/wp-content\/themes\/lapurla\/dist\/icons.svg?f27dc72#arrow-left\"><\/use><\/svg>                                <span class=\"visually-hidden\">Indietro <\/span>\n                            <\/button>\n                            <button class=\"swiper-button-next\">\n\t\t\t\t\t\t\t\t<svg class=\"svg-icon icon-arrow-right\" xmlns=\"http:\/\/www.w3.org\/2000\/svg\"><use xmlns:xlink=\"http:\/\/www.w3.org\/1999\/xlink\" xlink:href=\"https:\/\/www.lapurla.ch\/wp-content\/themes\/lapurla\/dist\/icons.svg?f27dc72#arrow-right\"><\/use><\/svg>                                <span class=\"visually-hidden\">Avanti<\/span>\n                            <\/button>\n                        <\/div>\n                    <\/div>\n                <\/div>\n            <\/div>\n        <\/div>\n\t<\/div>\n        <\/div>\n    <\/div>\n\n\n\n<div id=\"button-block_38c43ad5267702f2ac498c2df67ac073\" class=\"mod-button\">\n\t        <div class=\"block-button\">\n\t\t\t                <a href=\"https:\/\/www.lapurla.ch\/it\/20319-2\" title=\"\" target=\"\" class=\"block-button__link\">\n\t\t\t\t\tAi premi Lapurla 2023                <\/a>\n\t\t\t        <\/div>\n\t<\/div>\n\n\n\n<hr class=\"wp-block-separator has-alpha-channel-opacity\"\/>\n\n\n\n<h1 class=\"wp-block-heading\" id=\"Besuchsreihen\">Serie di visite<\/h1>\n\n\n\n<h2 class=\"wp-block-heading\">1a serie di visite, Mostra: Bauplatz Kreativit\u00e4t<\/h2>\n\n\n\n<h3 class=\"wp-block-heading\">Mostra: <a href=\"https:\/\/bildschulen.ch\/ausstellung\">Bauplatz Kreativit\u00e4t<\/a>, eine Wanderausstellung der <a href=\"https:\/\/bildschulen.ch\">Bildschulen Schweiz<\/a><\/h3>\n\n\n\n<p>Kinder des Chinderhorts Appenzell besuchten an acht Terminen die Ausstellung Bauplatz Kreativit\u00e4t in der Kunsthalle Ziegelh\u00fctte. Am 30. September 2018 fand die Vernissage f\u00fcr Eltern, Verwandte und Interessierte statt, an der 75 Personen teilnahmen.<\/p>\n\n\n\n<p>\u00dcbergeordnete Klammer f\u00fcr die Ausstellung \u00abBauplatz Kreativit\u00e4t\u00bb ist das Thema Kreativit\u00e4t. Was bedeutet Kreativit\u00e4t eigentlich? Was wird im allgemeinen Sprachgebrauch darunter verstanden? K\u00f6nnen die gl\u00fccks- und erfolgsversprechenden Floskeln rund um den Begriff Kreativit\u00e4t eingel\u00f6st werden? Und was heisst es, im Bereich der gestalterischen Bildung von Kindern und Jugendlichen selbst \u00abkreativ\u00bb zu sein, kreativit\u00e4tsf\u00f6rdernd zu handeln und gleichzeitig gestalterische Kenntnisse und Techniken zu vermitteln?<\/p>\n\n\n\n<div id=\"bildergalerie-block_c0273f8f32c7fa4285ac0d317d3d9449\" class=\"mod-bildergalerie\">\n            <div class=\"col-12\">\n\t\t    \n<div class=\"mod-slider\">\n\t        <div id=\"slider-a02d2ff4-842d-4057-bbd9-260f3febff9a\" class=\"swiper\">\n            <div class=\"swiper-wrapper\">\n\t\t\t\t                    <div class=\"swiper-slide\">\n                        <figure>\n\t\t\t\t\t\t\t<div class=\"a-image \">       <picture class=\"a-image__picture\">       \t<source width=\"1296\" height=\"972\" media=\"(min-width: 1400px)\" srcset=\"https:\/\/www.lapurla.ch\/wp-content\/uploads\/2022\/06\/KunsthalleZiegelhuetteVermittlungKitaKids68-1-scaled-1296x972c.jpg 1x, https:\/\/www.lapurla.ch\/wp-content\/uploads\/2022\/06\/KunsthalleZiegelhuetteVermittlungKitaKids68-1-scaled-2592x1944c.jpg 2x\">           <source width=\"1116\" height=\"837\" media=\"(min-width: 1200px)\" srcset=\"https:\/\/www.lapurla.ch\/wp-content\/uploads\/2022\/06\/KunsthalleZiegelhuetteVermittlungKitaKids68-1-scaled-1116x837c.jpg 1x, https:\/\/www.lapurla.ch\/wp-content\/uploads\/2022\/06\/KunsthalleZiegelhuetteVermittlungKitaKids68-1-scaled-2232x1674c.jpg 2x\">           <source width=\"936\" height=\"702\" media=\"(min-width: 992px)\" srcset=\"https:\/\/www.lapurla.ch\/wp-content\/uploads\/2022\/06\/KunsthalleZiegelhuetteVermittlungKitaKids68-1-scaled-936x702c.jpg  1x, https:\/\/www.lapurla.ch\/wp-content\/uploads\/2022\/06\/KunsthalleZiegelhuetteVermittlungKitaKids68-1-scaled-1872x1404c.jpg 2x\">           <source width=\"696\" height=\"522\" media=\"(min-width: 768px)\" srcset=\"https:\/\/www.lapurla.ch\/wp-content\/uploads\/2022\/06\/KunsthalleZiegelhuetteVermittlungKitaKids68-1-scaled-696x522c.jpg 1x, https:\/\/www.lapurla.ch\/wp-content\/uploads\/2022\/06\/KunsthalleZiegelhuetteVermittlungKitaKids68-1-scaled-1392x1044c.jpg 2x\">           <source width=\"516\" height=\"387\" media=\"(min-width: 576px)\" srcset=\"https:\/\/www.lapurla.ch\/wp-content\/uploads\/2022\/06\/KunsthalleZiegelhuetteVermittlungKitaKids68-1-scaled-516x387c.jpg 1x, https:\/\/www.lapurla.ch\/wp-content\/uploads\/2022\/06\/KunsthalleZiegelhuetteVermittlungKitaKids68-1-scaled-1032x774c.jpg 2x\">           <img loading=\"lazy\" decoding=\"async\" width=\"550\" height=\"413\"           class=\"a-image__image\"           src=\"https:\/\/www.lapurla.ch\/wp-content\/uploads\/2022\/06\/KunsthalleZiegelhuetteVermittlungKitaKids68-1-scaled-550x413c.jpg\" data-srcset=\"https:\/\/www.lapurla.ch\/wp-content\/uploads\/2022\/06\/KunsthalleZiegelhuetteVermittlungKitaKids68-1-scaled-1100x826c.jpg 2x\" alt=\"\"\/>       <\/picture> <\/div>                            <figcaption>\n\t\t\t\t\t\t\t\tPoter dare libero sfogo alla creativit\u00e0 direttamente nella sala dell\u2019esposizione \u00e8 un\u2019esperienza speciale | Foto: Anita Affentranger                            <\/figcaption>\n                        <\/figure>\n                    <\/div>\n\t\t\t\t                    <div class=\"swiper-slide\">\n                        <figure>\n\t\t\t\t\t\t\t<div class=\"a-image \">       <picture class=\"a-image__picture\">       \t<source width=\"1296\" height=\"972\" media=\"(min-width: 1400px)\" srcset=\"https:\/\/www.lapurla.ch\/wp-content\/uploads\/2022\/06\/KunsthalleZiegelhuetteVermittlungKitaKids57-scaled-1296x972c.jpg 1x, https:\/\/www.lapurla.ch\/wp-content\/uploads\/2022\/06\/KunsthalleZiegelhuetteVermittlungKitaKids57-scaled-2592x1944c.jpg 2x\">           <source width=\"1116\" height=\"837\" media=\"(min-width: 1200px)\" srcset=\"https:\/\/www.lapurla.ch\/wp-content\/uploads\/2022\/06\/KunsthalleZiegelhuetteVermittlungKitaKids57-scaled-1116x837c.jpg 1x, https:\/\/www.lapurla.ch\/wp-content\/uploads\/2022\/06\/KunsthalleZiegelhuetteVermittlungKitaKids57-scaled-2232x1674c.jpg 2x\">           <source width=\"936\" height=\"702\" media=\"(min-width: 992px)\" srcset=\"https:\/\/www.lapurla.ch\/wp-content\/uploads\/2022\/06\/KunsthalleZiegelhuetteVermittlungKitaKids57-scaled-936x702c.jpg  1x, https:\/\/www.lapurla.ch\/wp-content\/uploads\/2022\/06\/KunsthalleZiegelhuetteVermittlungKitaKids57-scaled-1872x1404c.jpg 2x\">           <source width=\"696\" height=\"522\" media=\"(min-width: 768px)\" srcset=\"https:\/\/www.lapurla.ch\/wp-content\/uploads\/2022\/06\/KunsthalleZiegelhuetteVermittlungKitaKids57-scaled-696x522c.jpg 1x, https:\/\/www.lapurla.ch\/wp-content\/uploads\/2022\/06\/KunsthalleZiegelhuetteVermittlungKitaKids57-scaled-1392x1044c.jpg 2x\">           <source width=\"516\" height=\"387\" media=\"(min-width: 576px)\" srcset=\"https:\/\/www.lapurla.ch\/wp-content\/uploads\/2022\/06\/KunsthalleZiegelhuetteVermittlungKitaKids57-scaled-516x387c.jpg 1x, https:\/\/www.lapurla.ch\/wp-content\/uploads\/2022\/06\/KunsthalleZiegelhuetteVermittlungKitaKids57-scaled-1032x774c.jpg 2x\">           <img loading=\"lazy\" decoding=\"async\" width=\"550\" height=\"413\"           class=\"a-image__image\"           src=\"https:\/\/www.lapurla.ch\/wp-content\/uploads\/2022\/06\/KunsthalleZiegelhuetteVermittlungKitaKids57-scaled-550x413c.jpg\" data-srcset=\"https:\/\/www.lapurla.ch\/wp-content\/uploads\/2022\/06\/KunsthalleZiegelhuetteVermittlungKitaKids57-scaled-1100x826c.jpg 2x\" alt=\"\"\/>       <\/picture> <\/div>                            <figcaption>\n\t\t\t\t\t\t\t\tEs wir ausprobuert und experimentiert | Foto: Anita Affentranger                            <\/figcaption>\n                        <\/figure>\n                    <\/div>\n\t\t\t\t                    <div class=\"swiper-slide\">\n                        <figure>\n\t\t\t\t\t\t\t<div class=\"a-image \">       <picture class=\"a-image__picture\">       \t<source width=\"1296\" height=\"972\" media=\"(min-width: 1400px)\" srcset=\"https:\/\/www.lapurla.ch\/wp-content\/uploads\/2022\/06\/KunsthalleZiegelhuetteVermittlungKitaKids70-scaled-1296x972c.jpg 1x, https:\/\/www.lapurla.ch\/wp-content\/uploads\/2022\/06\/KunsthalleZiegelhuetteVermittlungKitaKids70-scaled-2592x1944c.jpg 2x\">           <source width=\"1116\" height=\"837\" media=\"(min-width: 1200px)\" srcset=\"https:\/\/www.lapurla.ch\/wp-content\/uploads\/2022\/06\/KunsthalleZiegelhuetteVermittlungKitaKids70-scaled-1116x837c.jpg 1x, https:\/\/www.lapurla.ch\/wp-content\/uploads\/2022\/06\/KunsthalleZiegelhuetteVermittlungKitaKids70-scaled-2232x1674c.jpg 2x\">           <source width=\"936\" height=\"702\" media=\"(min-width: 992px)\" srcset=\"https:\/\/www.lapurla.ch\/wp-content\/uploads\/2022\/06\/KunsthalleZiegelhuetteVermittlungKitaKids70-scaled-936x702c.jpg  1x, https:\/\/www.lapurla.ch\/wp-content\/uploads\/2022\/06\/KunsthalleZiegelhuetteVermittlungKitaKids70-scaled-1872x1404c.jpg 2x\">           <source width=\"696\" height=\"522\" media=\"(min-width: 768px)\" srcset=\"https:\/\/www.lapurla.ch\/wp-content\/uploads\/2022\/06\/KunsthalleZiegelhuetteVermittlungKitaKids70-scaled-696x522c.jpg 1x, https:\/\/www.lapurla.ch\/wp-content\/uploads\/2022\/06\/KunsthalleZiegelhuetteVermittlungKitaKids70-scaled-1392x1044c.jpg 2x\">           <source width=\"516\" height=\"387\" media=\"(min-width: 576px)\" srcset=\"https:\/\/www.lapurla.ch\/wp-content\/uploads\/2022\/06\/KunsthalleZiegelhuetteVermittlungKitaKids70-scaled-516x387c.jpg 1x, https:\/\/www.lapurla.ch\/wp-content\/uploads\/2022\/06\/KunsthalleZiegelhuetteVermittlungKitaKids70-scaled-1032x774c.jpg 2x\">           <img loading=\"lazy\" decoding=\"async\" width=\"550\" height=\"413\"           class=\"a-image__image\"           src=\"https:\/\/www.lapurla.ch\/wp-content\/uploads\/2022\/06\/KunsthalleZiegelhuetteVermittlungKitaKids70-scaled-550x413c.jpg\" data-srcset=\"https:\/\/www.lapurla.ch\/wp-content\/uploads\/2022\/06\/KunsthalleZiegelhuetteVermittlungKitaKids70-scaled-1100x826c.jpg 2x\" alt=\"\"\/>       <\/picture> <\/div>                            <figcaption>\n\t\t\t\t\t\t\t\tManchmal braucht es auch Unterst\u00fctzung, um sein individuell gestecktes Ziel zu erreichen | Foto: Anita Affentranger                            <\/figcaption>\n                        <\/figure>\n                    <\/div>\n\t\t\t\t                    <div class=\"swiper-slide\">\n                        <figure>\n\t\t\t\t\t\t\t<div class=\"a-image \">       <picture class=\"a-image__picture\">       \t<source width=\"1296\" height=\"972\" media=\"(min-width: 1400px)\" srcset=\"https:\/\/www.lapurla.ch\/wp-content\/uploads\/2022\/06\/KunsthalleZiegelhuetteVermittlungKitaKids82-scaled-1296x972c.jpg 1x, https:\/\/www.lapurla.ch\/wp-content\/uploads\/2022\/06\/KunsthalleZiegelhuetteVermittlungKitaKids82-scaled-2592x1944c.jpg 2x\">           <source width=\"1116\" height=\"837\" media=\"(min-width: 1200px)\" srcset=\"https:\/\/www.lapurla.ch\/wp-content\/uploads\/2022\/06\/KunsthalleZiegelhuetteVermittlungKitaKids82-scaled-1116x837c.jpg 1x, https:\/\/www.lapurla.ch\/wp-content\/uploads\/2022\/06\/KunsthalleZiegelhuetteVermittlungKitaKids82-scaled-2232x1674c.jpg 2x\">           <source width=\"936\" height=\"702\" media=\"(min-width: 992px)\" srcset=\"https:\/\/www.lapurla.ch\/wp-content\/uploads\/2022\/06\/KunsthalleZiegelhuetteVermittlungKitaKids82-scaled-936x702c.jpg  1x, https:\/\/www.lapurla.ch\/wp-content\/uploads\/2022\/06\/KunsthalleZiegelhuetteVermittlungKitaKids82-scaled-1872x1404c.jpg 2x\">           <source width=\"696\" height=\"522\" media=\"(min-width: 768px)\" srcset=\"https:\/\/www.lapurla.ch\/wp-content\/uploads\/2022\/06\/KunsthalleZiegelhuetteVermittlungKitaKids82-scaled-696x522c.jpg 1x, https:\/\/www.lapurla.ch\/wp-content\/uploads\/2022\/06\/KunsthalleZiegelhuetteVermittlungKitaKids82-scaled-1392x1044c.jpg 2x\">           <source width=\"516\" height=\"387\" media=\"(min-width: 576px)\" srcset=\"https:\/\/www.lapurla.ch\/wp-content\/uploads\/2022\/06\/KunsthalleZiegelhuetteVermittlungKitaKids82-scaled-516x387c.jpg 1x, https:\/\/www.lapurla.ch\/wp-content\/uploads\/2022\/06\/KunsthalleZiegelhuetteVermittlungKitaKids82-scaled-1032x774c.jpg 2x\">           <img loading=\"lazy\" decoding=\"async\" width=\"550\" height=\"413\"           class=\"a-image__image\"           src=\"https:\/\/www.lapurla.ch\/wp-content\/uploads\/2022\/06\/KunsthalleZiegelhuetteVermittlungKitaKids82-scaled-550x413c.jpg\" data-srcset=\"https:\/\/www.lapurla.ch\/wp-content\/uploads\/2022\/06\/KunsthalleZiegelhuetteVermittlungKitaKids82-scaled-1100x826c.jpg 2x\" alt=\"\"\/>       <\/picture> <\/div>                            <figcaption>\n\t\t\t\t\t\t\t\t                            <\/figcaption>\n                        <\/figure>\n                    <\/div>\n\t\t\t\t                    <div class=\"swiper-slide\">\n                        <figure>\n\t\t\t\t\t\t\t<div class=\"a-image \">       <picture class=\"a-image__picture\">       \t<source width=\"1296\" height=\"972\" media=\"(min-width: 1400px)\" srcset=\"https:\/\/www.lapurla.ch\/wp-content\/uploads\/2022\/06\/KunsthalleZiegelhuetteVermittlungKitaKids246-scaled-1296x972c.jpg 1x, https:\/\/www.lapurla.ch\/wp-content\/uploads\/2022\/06\/KunsthalleZiegelhuetteVermittlungKitaKids246-scaled-2592x1944c.jpg 2x\">           <source width=\"1116\" height=\"837\" media=\"(min-width: 1200px)\" srcset=\"https:\/\/www.lapurla.ch\/wp-content\/uploads\/2022\/06\/KunsthalleZiegelhuetteVermittlungKitaKids246-scaled-1116x837c.jpg 1x, https:\/\/www.lapurla.ch\/wp-content\/uploads\/2022\/06\/KunsthalleZiegelhuetteVermittlungKitaKids246-scaled-2232x1674c.jpg 2x\">           <source width=\"936\" height=\"702\" media=\"(min-width: 992px)\" srcset=\"https:\/\/www.lapurla.ch\/wp-content\/uploads\/2022\/06\/KunsthalleZiegelhuetteVermittlungKitaKids246-scaled-936x702c.jpg  1x, https:\/\/www.lapurla.ch\/wp-content\/uploads\/2022\/06\/KunsthalleZiegelhuetteVermittlungKitaKids246-scaled-1872x1404c.jpg 2x\">           <source width=\"696\" height=\"522\" media=\"(min-width: 768px)\" srcset=\"https:\/\/www.lapurla.ch\/wp-content\/uploads\/2022\/06\/KunsthalleZiegelhuetteVermittlungKitaKids246-scaled-696x522c.jpg 1x, https:\/\/www.lapurla.ch\/wp-content\/uploads\/2022\/06\/KunsthalleZiegelhuetteVermittlungKitaKids246-scaled-1392x1044c.jpg 2x\">           <source width=\"516\" height=\"387\" media=\"(min-width: 576px)\" srcset=\"https:\/\/www.lapurla.ch\/wp-content\/uploads\/2022\/06\/KunsthalleZiegelhuetteVermittlungKitaKids246-scaled-516x387c.jpg 1x, https:\/\/www.lapurla.ch\/wp-content\/uploads\/2022\/06\/KunsthalleZiegelhuetteVermittlungKitaKids246-scaled-1032x774c.jpg 2x\">           <img loading=\"lazy\" decoding=\"async\" width=\"550\" height=\"413\"           class=\"a-image__image\"           src=\"https:\/\/www.lapurla.ch\/wp-content\/uploads\/2022\/06\/KunsthalleZiegelhuetteVermittlungKitaKids246-scaled-550x413c.jpg\" data-srcset=\"https:\/\/www.lapurla.ch\/wp-content\/uploads\/2022\/06\/KunsthalleZiegelhuetteVermittlungKitaKids246-scaled-1100x826c.jpg 2x\" alt=\"\"\/>       <\/picture> <\/div>                            <figcaption>\n\t\t\t\t\t\t\t\tUnd sogar direkt auf die Wand malen war erlaubt \u2013 was f\u00fcr eine Erfahrung! | Foto: Anita Affentranger                            <\/figcaption>\n                        <\/figure>\n                    <\/div>\n\t\t\t\t                    <div class=\"swiper-slide\">\n                        <figure>\n\t\t\t\t\t\t\t<div class=\"a-image \">       <picture class=\"a-image__picture\">       \t<source width=\"1296\" height=\"972\" media=\"(min-width: 1400px)\" srcset=\"https:\/\/www.lapurla.ch\/wp-content\/uploads\/2022\/06\/KunsthalleZiegelhuetteVermittlungKitaKids25-scaled-1296x972c.jpg 1x, https:\/\/www.lapurla.ch\/wp-content\/uploads\/2022\/06\/KunsthalleZiegelhuetteVermittlungKitaKids25-scaled-2592x1944c.jpg 2x\">           <source width=\"1116\" height=\"837\" media=\"(min-width: 1200px)\" srcset=\"https:\/\/www.lapurla.ch\/wp-content\/uploads\/2022\/06\/KunsthalleZiegelhuetteVermittlungKitaKids25-scaled-1116x837c.jpg 1x, https:\/\/www.lapurla.ch\/wp-content\/uploads\/2022\/06\/KunsthalleZiegelhuetteVermittlungKitaKids25-scaled-2232x1674c.jpg 2x\">           <source width=\"936\" height=\"702\" media=\"(min-width: 992px)\" srcset=\"https:\/\/www.lapurla.ch\/wp-content\/uploads\/2022\/06\/KunsthalleZiegelhuetteVermittlungKitaKids25-scaled-936x702c.jpg  1x, https:\/\/www.lapurla.ch\/wp-content\/uploads\/2022\/06\/KunsthalleZiegelhuetteVermittlungKitaKids25-scaled-1872x1404c.jpg 2x\">           <source width=\"696\" height=\"522\" media=\"(min-width: 768px)\" srcset=\"https:\/\/www.lapurla.ch\/wp-content\/uploads\/2022\/06\/KunsthalleZiegelhuetteVermittlungKitaKids25-scaled-696x522c.jpg 1x, https:\/\/www.lapurla.ch\/wp-content\/uploads\/2022\/06\/KunsthalleZiegelhuetteVermittlungKitaKids25-scaled-1392x1044c.jpg 2x\">           <source width=\"516\" height=\"387\" media=\"(min-width: 576px)\" srcset=\"https:\/\/www.lapurla.ch\/wp-content\/uploads\/2022\/06\/KunsthalleZiegelhuetteVermittlungKitaKids25-scaled-516x387c.jpg 1x, https:\/\/www.lapurla.ch\/wp-content\/uploads\/2022\/06\/KunsthalleZiegelhuetteVermittlungKitaKids25-scaled-1032x774c.jpg 2x\">           <img loading=\"lazy\" decoding=\"async\" width=\"550\" height=\"413\"           class=\"a-image__image\"           src=\"https:\/\/www.lapurla.ch\/wp-content\/uploads\/2022\/06\/KunsthalleZiegelhuetteVermittlungKitaKids25-scaled-550x413c.jpg\" data-srcset=\"https:\/\/www.lapurla.ch\/wp-content\/uploads\/2022\/06\/KunsthalleZiegelhuetteVermittlungKitaKids25-scaled-1100x826c.jpg 2x\" alt=\"\"\/>       <\/picture> <\/div>                            <figcaption>\n\t\t\t\t\t\t\t\tEin reichhaltiges Materialangebot steht griffbereit | Foto: Anita Affentranger                            <\/figcaption>\n                        <\/figure>\n                    <\/div>\n\t\t\t\t                    <div class=\"swiper-slide\">\n                        <figure>\n\t\t\t\t\t\t\t<div class=\"a-image \">       <picture class=\"a-image__picture\">       \t<source width=\"1296\" height=\"972\" media=\"(min-width: 1400px)\" srcset=\"https:\/\/www.lapurla.ch\/wp-content\/uploads\/2022\/06\/KunsthalleZiegelhuetteVermittlungKitaKids36-scaled-1296x972c.jpg 1x, https:\/\/www.lapurla.ch\/wp-content\/uploads\/2022\/06\/KunsthalleZiegelhuetteVermittlungKitaKids36-scaled-2592x1944c.jpg 2x\">           <source width=\"1116\" height=\"837\" media=\"(min-width: 1200px)\" srcset=\"https:\/\/www.lapurla.ch\/wp-content\/uploads\/2022\/06\/KunsthalleZiegelhuetteVermittlungKitaKids36-scaled-1116x837c.jpg 1x, https:\/\/www.lapurla.ch\/wp-content\/uploads\/2022\/06\/KunsthalleZiegelhuetteVermittlungKitaKids36-scaled-2232x1674c.jpg 2x\">           <source width=\"936\" height=\"702\" media=\"(min-width: 992px)\" srcset=\"https:\/\/www.lapurla.ch\/wp-content\/uploads\/2022\/06\/KunsthalleZiegelhuetteVermittlungKitaKids36-scaled-936x702c.jpg  1x, https:\/\/www.lapurla.ch\/wp-content\/uploads\/2022\/06\/KunsthalleZiegelhuetteVermittlungKitaKids36-scaled-1872x1404c.jpg 2x\">           <source width=\"696\" height=\"522\" media=\"(min-width: 768px)\" srcset=\"https:\/\/www.lapurla.ch\/wp-content\/uploads\/2022\/06\/KunsthalleZiegelhuetteVermittlungKitaKids36-scaled-696x522c.jpg 1x, https:\/\/www.lapurla.ch\/wp-content\/uploads\/2022\/06\/KunsthalleZiegelhuetteVermittlungKitaKids36-scaled-1392x1044c.jpg 2x\">           <source width=\"516\" height=\"387\" media=\"(min-width: 576px)\" srcset=\"https:\/\/www.lapurla.ch\/wp-content\/uploads\/2022\/06\/KunsthalleZiegelhuetteVermittlungKitaKids36-scaled-516x387c.jpg 1x, https:\/\/www.lapurla.ch\/wp-content\/uploads\/2022\/06\/KunsthalleZiegelhuetteVermittlungKitaKids36-scaled-1032x774c.jpg 2x\">           <img loading=\"lazy\" decoding=\"async\" width=\"550\" height=\"413\"           class=\"a-image__image\"           src=\"https:\/\/www.lapurla.ch\/wp-content\/uploads\/2022\/06\/KunsthalleZiegelhuetteVermittlungKitaKids36-scaled-550x413c.jpg\" data-srcset=\"https:\/\/www.lapurla.ch\/wp-content\/uploads\/2022\/06\/KunsthalleZiegelhuetteVermittlungKitaKids36-scaled-1100x826c.jpg 2x\" alt=\"\"\/>       <\/picture> <\/div>                            <figcaption>\n\t\t\t\t\t\t\t\tJetzt wir das Material erkundet und erprobt | Foto: Anita Affentranger                            <\/figcaption>\n                        <\/figure>\n                    <\/div>\n\t\t\t\t                    <div class=\"swiper-slide\">\n                        <figure>\n\t\t\t\t\t\t\t<div class=\"a-image \">       <picture class=\"a-image__picture\">       \t<source width=\"1296\" height=\"972\" media=\"(min-width: 1400px)\" srcset=\"https:\/\/www.lapurla.ch\/wp-content\/uploads\/2022\/06\/KunsthalleZiegelhuetteVermittlungKitaKids42-scaled-1296x972c.jpg 1x, https:\/\/www.lapurla.ch\/wp-content\/uploads\/2022\/06\/KunsthalleZiegelhuetteVermittlungKitaKids42-scaled-2592x1944c.jpg 2x\">           <source width=\"1116\" height=\"837\" media=\"(min-width: 1200px)\" srcset=\"https:\/\/www.lapurla.ch\/wp-content\/uploads\/2022\/06\/KunsthalleZiegelhuetteVermittlungKitaKids42-scaled-1116x837c.jpg 1x, https:\/\/www.lapurla.ch\/wp-content\/uploads\/2022\/06\/KunsthalleZiegelhuetteVermittlungKitaKids42-scaled-2232x1674c.jpg 2x\">           <source width=\"936\" height=\"702\" media=\"(min-width: 992px)\" srcset=\"https:\/\/www.lapurla.ch\/wp-content\/uploads\/2022\/06\/KunsthalleZiegelhuetteVermittlungKitaKids42-scaled-936x702c.jpg  1x, https:\/\/www.lapurla.ch\/wp-content\/uploads\/2022\/06\/KunsthalleZiegelhuetteVermittlungKitaKids42-scaled-1872x1404c.jpg 2x\">           <source width=\"696\" height=\"522\" media=\"(min-width: 768px)\" srcset=\"https:\/\/www.lapurla.ch\/wp-content\/uploads\/2022\/06\/KunsthalleZiegelhuetteVermittlungKitaKids42-scaled-696x522c.jpg 1x, https:\/\/www.lapurla.ch\/wp-content\/uploads\/2022\/06\/KunsthalleZiegelhuetteVermittlungKitaKids42-scaled-1392x1044c.jpg 2x\">           <source width=\"516\" height=\"387\" media=\"(min-width: 576px)\" srcset=\"https:\/\/www.lapurla.ch\/wp-content\/uploads\/2022\/06\/KunsthalleZiegelhuetteVermittlungKitaKids42-scaled-516x387c.jpg 1x, https:\/\/www.lapurla.ch\/wp-content\/uploads\/2022\/06\/KunsthalleZiegelhuetteVermittlungKitaKids42-scaled-1032x774c.jpg 2x\">           <img loading=\"lazy\" decoding=\"async\" width=\"550\" height=\"413\"           class=\"a-image__image\"           src=\"https:\/\/www.lapurla.ch\/wp-content\/uploads\/2022\/06\/KunsthalleZiegelhuetteVermittlungKitaKids42-scaled-550x413c.jpg\" data-srcset=\"https:\/\/www.lapurla.ch\/wp-content\/uploads\/2022\/06\/KunsthalleZiegelhuetteVermittlungKitaKids42-scaled-1100x826c.jpg 2x\" alt=\"\"\/>       <\/picture> <\/div>                            <figcaption>\n\t\t\t\t\t\t\t\tDie Eigenschaften des Materials werden ausgereizt und kommentiert | Foto: Anita Affentranger                            <\/figcaption>\n                        <\/figure>\n                    <\/div>\n\t\t\t\t                    <div class=\"swiper-slide\">\n                        <figure>\n\t\t\t\t\t\t\t<div class=\"a-image \">       <picture class=\"a-image__picture\">       \t<source width=\"1296\" height=\"972\" media=\"(min-width: 1400px)\" srcset=\"https:\/\/www.lapurla.ch\/wp-content\/uploads\/2022\/06\/KunsthalleZiegelhuetteVermittlungKitaKids139-scaled-1296x972c.jpg 1x, https:\/\/www.lapurla.ch\/wp-content\/uploads\/2022\/06\/KunsthalleZiegelhuetteVermittlungKitaKids139-scaled-2592x1944c.jpg 2x\">           <source width=\"1116\" height=\"837\" media=\"(min-width: 1200px)\" srcset=\"https:\/\/www.lapurla.ch\/wp-content\/uploads\/2022\/06\/KunsthalleZiegelhuetteVermittlungKitaKids139-scaled-1116x837c.jpg 1x, https:\/\/www.lapurla.ch\/wp-content\/uploads\/2022\/06\/KunsthalleZiegelhuetteVermittlungKitaKids139-scaled-2232x1674c.jpg 2x\">           <source width=\"936\" height=\"702\" media=\"(min-width: 992px)\" srcset=\"https:\/\/www.lapurla.ch\/wp-content\/uploads\/2022\/06\/KunsthalleZiegelhuetteVermittlungKitaKids139-scaled-936x702c.jpg  1x, https:\/\/www.lapurla.ch\/wp-content\/uploads\/2022\/06\/KunsthalleZiegelhuetteVermittlungKitaKids139-scaled-1872x1404c.jpg 2x\">           <source width=\"696\" height=\"522\" media=\"(min-width: 768px)\" srcset=\"https:\/\/www.lapurla.ch\/wp-content\/uploads\/2022\/06\/KunsthalleZiegelhuetteVermittlungKitaKids139-scaled-696x522c.jpg 1x, https:\/\/www.lapurla.ch\/wp-content\/uploads\/2022\/06\/KunsthalleZiegelhuetteVermittlungKitaKids139-scaled-1392x1044c.jpg 2x\">           <source width=\"516\" height=\"387\" media=\"(min-width: 576px)\" srcset=\"https:\/\/www.lapurla.ch\/wp-content\/uploads\/2022\/06\/KunsthalleZiegelhuetteVermittlungKitaKids139-scaled-516x387c.jpg 1x, https:\/\/www.lapurla.ch\/wp-content\/uploads\/2022\/06\/KunsthalleZiegelhuetteVermittlungKitaKids139-scaled-1032x774c.jpg 2x\">           <img loading=\"lazy\" decoding=\"async\" width=\"550\" height=\"413\"           class=\"a-image__image\"           src=\"https:\/\/www.lapurla.ch\/wp-content\/uploads\/2022\/06\/KunsthalleZiegelhuetteVermittlungKitaKids139-scaled-550x413c.jpg\" data-srcset=\"https:\/\/www.lapurla.ch\/wp-content\/uploads\/2022\/06\/KunsthalleZiegelhuetteVermittlungKitaKids139-scaled-1100x826c.jpg 2x\" alt=\"\"\/>       <\/picture> <\/div>                            <figcaption>\n\t\t\t\t\t\t\t\tDie Leimtube muss kr\u00e4ftig gedr\u00fcckt werden | Foto: Anita Affentranger                            <\/figcaption>\n                        <\/figure>\n                    <\/div>\n\t\t\t\t                    <div class=\"swiper-slide\">\n                        <figure>\n\t\t\t\t\t\t\t<div class=\"a-image \">       <picture class=\"a-image__picture\">       \t<source width=\"1296\" height=\"972\" media=\"(min-width: 1400px)\" srcset=\"https:\/\/www.lapurla.ch\/wp-content\/uploads\/2022\/06\/KunsthalleZiegelhuetteVermittlungKitaKids309-scaled-1296x972c.jpg 1x, https:\/\/www.lapurla.ch\/wp-content\/uploads\/2022\/06\/KunsthalleZiegelhuetteVermittlungKitaKids309-scaled-2592x1944c.jpg 2x\">           <source width=\"1116\" height=\"837\" media=\"(min-width: 1200px)\" srcset=\"https:\/\/www.lapurla.ch\/wp-content\/uploads\/2022\/06\/KunsthalleZiegelhuetteVermittlungKitaKids309-scaled-1116x837c.jpg 1x, https:\/\/www.lapurla.ch\/wp-content\/uploads\/2022\/06\/KunsthalleZiegelhuetteVermittlungKitaKids309-scaled-2232x1674c.jpg 2x\">           <source width=\"936\" height=\"702\" media=\"(min-width: 992px)\" srcset=\"https:\/\/www.lapurla.ch\/wp-content\/uploads\/2022\/06\/KunsthalleZiegelhuetteVermittlungKitaKids309-scaled-936x702c.jpg  1x, https:\/\/www.lapurla.ch\/wp-content\/uploads\/2022\/06\/KunsthalleZiegelhuetteVermittlungKitaKids309-scaled-1872x1404c.jpg 2x\">           <source width=\"696\" height=\"522\" media=\"(min-width: 768px)\" srcset=\"https:\/\/www.lapurla.ch\/wp-content\/uploads\/2022\/06\/KunsthalleZiegelhuetteVermittlungKitaKids309-scaled-696x522c.jpg 1x, https:\/\/www.lapurla.ch\/wp-content\/uploads\/2022\/06\/KunsthalleZiegelhuetteVermittlungKitaKids309-scaled-1392x1044c.jpg 2x\">           <source width=\"516\" height=\"387\" media=\"(min-width: 576px)\" srcset=\"https:\/\/www.lapurla.ch\/wp-content\/uploads\/2022\/06\/KunsthalleZiegelhuetteVermittlungKitaKids309-scaled-516x387c.jpg 1x, https:\/\/www.lapurla.ch\/wp-content\/uploads\/2022\/06\/KunsthalleZiegelhuetteVermittlungKitaKids309-scaled-1032x774c.jpg 2x\">           <img loading=\"lazy\" decoding=\"async\" width=\"550\" height=\"413\"           class=\"a-image__image\"           src=\"https:\/\/www.lapurla.ch\/wp-content\/uploads\/2022\/06\/KunsthalleZiegelhuetteVermittlungKitaKids309-scaled-550x413c.jpg\" data-srcset=\"https:\/\/www.lapurla.ch\/wp-content\/uploads\/2022\/06\/KunsthalleZiegelhuetteVermittlungKitaKids309-scaled-1100x826c.jpg 2x\" alt=\"\"\/>       <\/picture> <\/div>                            <figcaption>\n\t\t\t\t\t\t\t\tIm gemeinsamen Ausprobieren entstehen fortlaufend neue Ideen und Rollenspiele | Foto: Anita Affentranger                            <\/figcaption>\n                        <\/figure>\n                    <\/div>\n\t\t\t\t                    <div class=\"swiper-slide\">\n                        <figure>\n\t\t\t\t\t\t\t<div class=\"a-image \">       <picture class=\"a-image__picture\">       \t<source width=\"1296\" height=\"972\" media=\"(min-width: 1400px)\" srcset=\"https:\/\/www.lapurla.ch\/wp-content\/uploads\/2022\/06\/KunsthalleZiegelhuetteVermittlungKitaKids316-scaled-1296x972c.jpg 1x, https:\/\/www.lapurla.ch\/wp-content\/uploads\/2022\/06\/KunsthalleZiegelhuetteVermittlungKitaKids316-scaled-2592x1944c.jpg 2x\">           <source width=\"1116\" height=\"837\" media=\"(min-width: 1200px)\" srcset=\"https:\/\/www.lapurla.ch\/wp-content\/uploads\/2022\/06\/KunsthalleZiegelhuetteVermittlungKitaKids316-scaled-1116x837c.jpg 1x, https:\/\/www.lapurla.ch\/wp-content\/uploads\/2022\/06\/KunsthalleZiegelhuetteVermittlungKitaKids316-scaled-2232x1674c.jpg 2x\">           <source width=\"936\" height=\"702\" media=\"(min-width: 992px)\" srcset=\"https:\/\/www.lapurla.ch\/wp-content\/uploads\/2022\/06\/KunsthalleZiegelhuetteVermittlungKitaKids316-scaled-936x702c.jpg  1x, https:\/\/www.lapurla.ch\/wp-content\/uploads\/2022\/06\/KunsthalleZiegelhuetteVermittlungKitaKids316-scaled-1872x1404c.jpg 2x\">           <source width=\"696\" height=\"522\" media=\"(min-width: 768px)\" srcset=\"https:\/\/www.lapurla.ch\/wp-content\/uploads\/2022\/06\/KunsthalleZiegelhuetteVermittlungKitaKids316-scaled-696x522c.jpg 1x, https:\/\/www.lapurla.ch\/wp-content\/uploads\/2022\/06\/KunsthalleZiegelhuetteVermittlungKitaKids316-scaled-1392x1044c.jpg 2x\">           <source width=\"516\" height=\"387\" media=\"(min-width: 576px)\" srcset=\"https:\/\/www.lapurla.ch\/wp-content\/uploads\/2022\/06\/KunsthalleZiegelhuetteVermittlungKitaKids316-scaled-516x387c.jpg 1x, https:\/\/www.lapurla.ch\/wp-content\/uploads\/2022\/06\/KunsthalleZiegelhuetteVermittlungKitaKids316-scaled-1032x774c.jpg 2x\">           <img loading=\"lazy\" decoding=\"async\" width=\"550\" height=\"413\"           class=\"a-image__image\"           src=\"https:\/\/www.lapurla.ch\/wp-content\/uploads\/2022\/06\/KunsthalleZiegelhuetteVermittlungKitaKids316-scaled-550x413c.jpg\" data-srcset=\"https:\/\/www.lapurla.ch\/wp-content\/uploads\/2022\/06\/KunsthalleZiegelhuetteVermittlungKitaKids316-scaled-1100x826c.jpg 2x\" alt=\"\"\/>       <\/picture> <\/div>                            <figcaption>\n\t\t\t\t\t\t\t\tSogar mit den F\u00fcssen kann man Formen | Foto: Anita Affentranger                            <\/figcaption>\n                        <\/figure>\n                    <\/div>\n\t\t\t\t                    <div class=\"swiper-slide\">\n                        <figure>\n\t\t\t\t\t\t\t<div class=\"a-image \">       <picture class=\"a-image__picture\">       \t<source width=\"1296\" height=\"972\" media=\"(min-width: 1400px)\" srcset=\"https:\/\/www.lapurla.ch\/wp-content\/uploads\/2022\/06\/KunsthalleZiegelhuetteVermittlungKitaKids192-scaled-1296x972c.jpg 1x, https:\/\/www.lapurla.ch\/wp-content\/uploads\/2022\/06\/KunsthalleZiegelhuetteVermittlungKitaKids192-scaled-2592x1944c.jpg 2x\">           <source width=\"1116\" height=\"837\" media=\"(min-width: 1200px)\" srcset=\"https:\/\/www.lapurla.ch\/wp-content\/uploads\/2022\/06\/KunsthalleZiegelhuetteVermittlungKitaKids192-scaled-1116x837c.jpg 1x, https:\/\/www.lapurla.ch\/wp-content\/uploads\/2022\/06\/KunsthalleZiegelhuetteVermittlungKitaKids192-scaled-2232x1674c.jpg 2x\">           <source width=\"936\" height=\"702\" media=\"(min-width: 992px)\" srcset=\"https:\/\/www.lapurla.ch\/wp-content\/uploads\/2022\/06\/KunsthalleZiegelhuetteVermittlungKitaKids192-scaled-936x702c.jpg  1x, https:\/\/www.lapurla.ch\/wp-content\/uploads\/2022\/06\/KunsthalleZiegelhuetteVermittlungKitaKids192-scaled-1872x1404c.jpg 2x\">           <source width=\"696\" height=\"522\" media=\"(min-width: 768px)\" srcset=\"https:\/\/www.lapurla.ch\/wp-content\/uploads\/2022\/06\/KunsthalleZiegelhuetteVermittlungKitaKids192-scaled-696x522c.jpg 1x, https:\/\/www.lapurla.ch\/wp-content\/uploads\/2022\/06\/KunsthalleZiegelhuetteVermittlungKitaKids192-scaled-1392x1044c.jpg 2x\">           <source width=\"516\" height=\"387\" media=\"(min-width: 576px)\" srcset=\"https:\/\/www.lapurla.ch\/wp-content\/uploads\/2022\/06\/KunsthalleZiegelhuetteVermittlungKitaKids192-scaled-516x387c.jpg 1x, https:\/\/www.lapurla.ch\/wp-content\/uploads\/2022\/06\/KunsthalleZiegelhuetteVermittlungKitaKids192-scaled-1032x774c.jpg 2x\">           <img loading=\"lazy\" decoding=\"async\" width=\"550\" height=\"413\"           class=\"a-image__image\"           src=\"https:\/\/www.lapurla.ch\/wp-content\/uploads\/2022\/06\/KunsthalleZiegelhuetteVermittlungKitaKids192-scaled-550x413c.jpg\" data-srcset=\"https:\/\/www.lapurla.ch\/wp-content\/uploads\/2022\/06\/KunsthalleZiegelhuetteVermittlungKitaKids192-scaled-1100x826c.jpg 2x\" alt=\"\"\/>       <\/picture> <\/div>                            <figcaption>\n\t\t\t\t\t\t\t\tEine Verschnaufpause mit kleinem Imbiss tut gut | Foto: Anita Affentranger                            <\/figcaption>\n                        <\/figure>\n                    <\/div>\n\t\t\t\t                    <div class=\"swiper-slide\">\n                        <figure>\n\t\t\t\t\t\t\t<div class=\"a-image \">       <picture class=\"a-image__picture\">       \t<source width=\"1296\" height=\"972\" media=\"(min-width: 1400px)\" srcset=\"https:\/\/www.lapurla.ch\/wp-content\/uploads\/2022\/06\/KunsthalleZiegelhuetteVermittlungKitaKids337-scaled-1296x972c.jpg 1x, https:\/\/www.lapurla.ch\/wp-content\/uploads\/2022\/06\/KunsthalleZiegelhuetteVermittlungKitaKids337-scaled-2592x1944c.jpg 2x\">           <source width=\"1116\" height=\"837\" media=\"(min-width: 1200px)\" srcset=\"https:\/\/www.lapurla.ch\/wp-content\/uploads\/2022\/06\/KunsthalleZiegelhuetteVermittlungKitaKids337-scaled-1116x837c.jpg 1x, https:\/\/www.lapurla.ch\/wp-content\/uploads\/2022\/06\/KunsthalleZiegelhuetteVermittlungKitaKids337-scaled-2232x1674c.jpg 2x\">           <source width=\"936\" height=\"702\" media=\"(min-width: 992px)\" srcset=\"https:\/\/www.lapurla.ch\/wp-content\/uploads\/2022\/06\/KunsthalleZiegelhuetteVermittlungKitaKids337-scaled-936x702c.jpg  1x, https:\/\/www.lapurla.ch\/wp-content\/uploads\/2022\/06\/KunsthalleZiegelhuetteVermittlungKitaKids337-scaled-1872x1404c.jpg 2x\">           <source width=\"696\" height=\"522\" media=\"(min-width: 768px)\" srcset=\"https:\/\/www.lapurla.ch\/wp-content\/uploads\/2022\/06\/KunsthalleZiegelhuetteVermittlungKitaKids337-scaled-696x522c.jpg 1x, https:\/\/www.lapurla.ch\/wp-content\/uploads\/2022\/06\/KunsthalleZiegelhuetteVermittlungKitaKids337-scaled-1392x1044c.jpg 2x\">           <source width=\"516\" height=\"387\" media=\"(min-width: 576px)\" srcset=\"https:\/\/www.lapurla.ch\/wp-content\/uploads\/2022\/06\/KunsthalleZiegelhuetteVermittlungKitaKids337-scaled-516x387c.jpg 1x, https:\/\/www.lapurla.ch\/wp-content\/uploads\/2022\/06\/KunsthalleZiegelhuetteVermittlungKitaKids337-scaled-1032x774c.jpg 2x\">           <img loading=\"lazy\" decoding=\"async\" width=\"550\" height=\"413\"           class=\"a-image__image\"           src=\"https:\/\/www.lapurla.ch\/wp-content\/uploads\/2022\/06\/KunsthalleZiegelhuetteVermittlungKitaKids337-scaled-550x413c.jpg\" data-srcset=\"https:\/\/www.lapurla.ch\/wp-content\/uploads\/2022\/06\/KunsthalleZiegelhuetteVermittlungKitaKids337-scaled-1100x826c.jpg 2x\" alt=\"\"\/>       <\/picture> <\/div>                            <figcaption>\n\t\t\t\t\t\t\t\tCiao, alla prossima! | Foto: Anita Affentranger                            <\/figcaption>\n                        <\/figure>\n                    <\/div>\n\t\t\t\t            <\/div>\n            <div class=\"container\">\n                <div class=\"row\">\n                    <div class=\"col-12 position-relative\">\n                        <div class=\"pagination\"><\/div>\n                        <div class=\"button-wrapper\">\n                            <button class=\"swiper-button-prev\">\n\t\t\t\t\t\t\t\t<svg class=\"svg-icon icon-arrow-left\" xmlns=\"http:\/\/www.w3.org\/2000\/svg\"><use xmlns:xlink=\"http:\/\/www.w3.org\/1999\/xlink\" xlink:href=\"https:\/\/www.lapurla.ch\/wp-content\/themes\/lapurla\/dist\/icons.svg?f27dc72#arrow-left\"><\/use><\/svg>                                <span class=\"visually-hidden\">Indietro <\/span>\n                            <\/button>\n                            <button class=\"swiper-button-next\">\n\t\t\t\t\t\t\t\t<svg class=\"svg-icon icon-arrow-right\" xmlns=\"http:\/\/www.w3.org\/2000\/svg\"><use xmlns:xlink=\"http:\/\/www.w3.org\/1999\/xlink\" xlink:href=\"https:\/\/www.lapurla.ch\/wp-content\/themes\/lapurla\/dist\/icons.svg?f27dc72#arrow-right\"><\/use><\/svg>                                <span class=\"visually-hidden\">Avanti<\/span>\n                            <\/button>\n                        <\/div>\n                    <\/div>\n                <\/div>\n            <\/div>\n        <\/div>\n\t<\/div>\n        <\/div>\n    <\/div>\n\n\n\n<hr class=\"wp-block-separator has-alpha-channel-opacity\"\/>\n\n\n\n<h2 class=\"wp-block-heading\">2a serie di visite, Ottobre 2019: reCREATE, cambiare le immagini<\/h2>\n\n\n\n<h3 class=\"wp-block-heading\">Mostra: reCREATE, Bildwechsel<\/h3>\n\n\n\n<p>Nell\u2019ambito di una mostra aperta a tutti concepita nel settore della mediazione artistica, per quasi quattro settimane il pubblico ha potuto disporre &#8220;creativamente&#8221; di oltre 40 dipinti, stampe, disegni e riproduzioni fornite dal team museale presso il grande negozio di seconda mano Brockenstube di San Gallo. Le immagini, evidentemente poco amate, sono state modificate, ampliate, reinterpretate o commentate in modo autonomo e creativo dalle visitatrici e dai visitatori.\u202fI bambini del Chinderhort Appenzell sono stati coinvolti in questa iniziativa e anche loro hanno potuto modificare le immagini.&nbsp;<\/p>\n\n\n\n<p><a rel=\"noreferrer noopener\" href=\"https:\/\/lapurla.ch\/wp-content\/uploads\/2022\/06\/KonzeptinfoREcreate.pdf\" target=\"_blank\">reCREATE, Bildwechsel<\/a><\/p>\n\n\n\n<div id=\"bildergalerie-block_2f9dfc5859d491d10da93374d5bd53f0\" class=\"mod-bildergalerie\">\n            <div class=\"col-12\">\n\t\t    \n<div class=\"mod-slider\">\n\t        <div id=\"slider-6570686c-b88d-41c0-9440-e5ce04957875\" class=\"swiper\">\n            <div class=\"swiper-wrapper\">\n\t\t\t\t                    <div class=\"swiper-slide\">\n                        <figure>\n\t\t\t\t\t\t\t<div class=\"a-image \">       <picture class=\"a-image__picture\">       \t<source width=\"1296\" height=\"972\" media=\"(min-width: 1400px)\" srcset=\"https:\/\/www.lapurla.ch\/wp-content\/uploads\/2022\/06\/LapurlaCHIKUOktober20191-1-1296x972c.jpg 1x, https:\/\/www.lapurla.ch\/wp-content\/uploads\/2022\/06\/LapurlaCHIKUOktober20191-1-2592x1944c.jpg 2x\">           <source width=\"1116\" height=\"837\" media=\"(min-width: 1200px)\" srcset=\"https:\/\/www.lapurla.ch\/wp-content\/uploads\/2022\/06\/LapurlaCHIKUOktober20191-1-1116x837c.jpg 1x, https:\/\/www.lapurla.ch\/wp-content\/uploads\/2022\/06\/LapurlaCHIKUOktober20191-1-2232x1674c.jpg 2x\">           <source width=\"936\" height=\"702\" media=\"(min-width: 992px)\" srcset=\"https:\/\/www.lapurla.ch\/wp-content\/uploads\/2022\/06\/LapurlaCHIKUOktober20191-1-936x702c.jpg  1x, https:\/\/www.lapurla.ch\/wp-content\/uploads\/2022\/06\/LapurlaCHIKUOktober20191-1-1872x1404c.jpg 2x\">           <source width=\"696\" height=\"522\" media=\"(min-width: 768px)\" srcset=\"https:\/\/www.lapurla.ch\/wp-content\/uploads\/2022\/06\/LapurlaCHIKUOktober20191-1-696x522c.jpg 1x, https:\/\/www.lapurla.ch\/wp-content\/uploads\/2022\/06\/LapurlaCHIKUOktober20191-1-1392x1044c.jpg 2x\">           <source width=\"516\" height=\"387\" media=\"(min-width: 576px)\" srcset=\"https:\/\/www.lapurla.ch\/wp-content\/uploads\/2022\/06\/LapurlaCHIKUOktober20191-1-516x387c.jpg 1x, https:\/\/www.lapurla.ch\/wp-content\/uploads\/2022\/06\/LapurlaCHIKUOktober20191-1-1032x774c.jpg 2x\">           <img loading=\"lazy\" decoding=\"async\" width=\"550\" height=\"413\"           class=\"a-image__image\"           src=\"https:\/\/www.lapurla.ch\/wp-content\/uploads\/2022\/06\/LapurlaCHIKUOktober20191-1-550x413c.jpg\" data-srcset=\"https:\/\/www.lapurla.ch\/wp-content\/uploads\/2022\/06\/LapurlaCHIKUOktober20191-1-1100x826c.jpg 2x\" alt=\"\"\/>       <\/picture> <\/div>                            <figcaption>\n\t\t\t\t\t\t\t\tFoto: Anna Beck-W\u00f6rner                            <\/figcaption>\n                        <\/figure>\n                    <\/div>\n\t\t\t\t                    <div class=\"swiper-slide\">\n                        <figure>\n\t\t\t\t\t\t\t<div class=\"a-image \">       <picture class=\"a-image__picture\">       \t<source width=\"1296\" height=\"972\" media=\"(min-width: 1400px)\" srcset=\"https:\/\/www.lapurla.ch\/wp-content\/uploads\/2022\/06\/LapurlaCHIKUOktober20194-1296x972c.jpg 1x, https:\/\/www.lapurla.ch\/wp-content\/uploads\/2022\/06\/LapurlaCHIKUOktober20194-2592x1944c.jpg 2x\">           <source width=\"1116\" height=\"837\" media=\"(min-width: 1200px)\" srcset=\"https:\/\/www.lapurla.ch\/wp-content\/uploads\/2022\/06\/LapurlaCHIKUOktober20194-1116x837c.jpg 1x, https:\/\/www.lapurla.ch\/wp-content\/uploads\/2022\/06\/LapurlaCHIKUOktober20194-2232x1674c.jpg 2x\">           <source width=\"936\" height=\"702\" media=\"(min-width: 992px)\" srcset=\"https:\/\/www.lapurla.ch\/wp-content\/uploads\/2022\/06\/LapurlaCHIKUOktober20194-936x702c.jpg  1x, https:\/\/www.lapurla.ch\/wp-content\/uploads\/2022\/06\/LapurlaCHIKUOktober20194-1872x1404c.jpg 2x\">           <source width=\"696\" height=\"522\" media=\"(min-width: 768px)\" srcset=\"https:\/\/www.lapurla.ch\/wp-content\/uploads\/2022\/06\/LapurlaCHIKUOktober20194-696x522c.jpg 1x, https:\/\/www.lapurla.ch\/wp-content\/uploads\/2022\/06\/LapurlaCHIKUOktober20194-1392x1044c.jpg 2x\">           <source width=\"516\" height=\"387\" media=\"(min-width: 576px)\" srcset=\"https:\/\/www.lapurla.ch\/wp-content\/uploads\/2022\/06\/LapurlaCHIKUOktober20194-516x387c.jpg 1x, https:\/\/www.lapurla.ch\/wp-content\/uploads\/2022\/06\/LapurlaCHIKUOktober20194-1032x774c.jpg 2x\">           <img loading=\"lazy\" decoding=\"async\" width=\"550\" height=\"413\"           class=\"a-image__image\"           src=\"https:\/\/www.lapurla.ch\/wp-content\/uploads\/2022\/06\/LapurlaCHIKUOktober20194-550x413c.jpg\" data-srcset=\"https:\/\/www.lapurla.ch\/wp-content\/uploads\/2022\/06\/LapurlaCHIKUOktober20194-1100x826c.jpg 2x\" alt=\"\"\/>       <\/picture> <\/div>                            <figcaption>\n\t\t\t\t\t\t\t\tFoto: Anna Beck-W\u00f6rner                            <\/figcaption>\n                        <\/figure>\n                    <\/div>\n\t\t\t\t                    <div class=\"swiper-slide\">\n                        <figure>\n\t\t\t\t\t\t\t<div class=\"a-image \">       <picture class=\"a-image__picture\">       \t<source width=\"1296\" height=\"972\" media=\"(min-width: 1400px)\" srcset=\"https:\/\/www.lapurla.ch\/wp-content\/uploads\/2022\/06\/LapurlaCHIKUOktober20197-1296x972c.jpg 1x, https:\/\/www.lapurla.ch\/wp-content\/uploads\/2022\/06\/LapurlaCHIKUOktober20197-2592x1944c.jpg 2x\">           <source width=\"1116\" height=\"837\" media=\"(min-width: 1200px)\" srcset=\"https:\/\/www.lapurla.ch\/wp-content\/uploads\/2022\/06\/LapurlaCHIKUOktober20197-1116x837c.jpg 1x, https:\/\/www.lapurla.ch\/wp-content\/uploads\/2022\/06\/LapurlaCHIKUOktober20197-2232x1674c.jpg 2x\">           <source width=\"936\" height=\"702\" media=\"(min-width: 992px)\" srcset=\"https:\/\/www.lapurla.ch\/wp-content\/uploads\/2022\/06\/LapurlaCHIKUOktober20197-936x702c.jpg  1x, https:\/\/www.lapurla.ch\/wp-content\/uploads\/2022\/06\/LapurlaCHIKUOktober20197-1872x1404c.jpg 2x\">           <source width=\"696\" height=\"522\" media=\"(min-width: 768px)\" srcset=\"https:\/\/www.lapurla.ch\/wp-content\/uploads\/2022\/06\/LapurlaCHIKUOktober20197-696x522c.jpg 1x, https:\/\/www.lapurla.ch\/wp-content\/uploads\/2022\/06\/LapurlaCHIKUOktober20197-1392x1044c.jpg 2x\">           <source width=\"516\" height=\"387\" media=\"(min-width: 576px)\" srcset=\"https:\/\/www.lapurla.ch\/wp-content\/uploads\/2022\/06\/LapurlaCHIKUOktober20197-516x387c.jpg 1x, https:\/\/www.lapurla.ch\/wp-content\/uploads\/2022\/06\/LapurlaCHIKUOktober20197-1032x774c.jpg 2x\">           <img loading=\"lazy\" decoding=\"async\" width=\"550\" height=\"413\"           class=\"a-image__image\"           src=\"https:\/\/www.lapurla.ch\/wp-content\/uploads\/2022\/06\/LapurlaCHIKUOktober20197-550x413c.jpg\" data-srcset=\"https:\/\/www.lapurla.ch\/wp-content\/uploads\/2022\/06\/LapurlaCHIKUOktober20197-1100x826c.jpg 2x\" alt=\"\"\/>       <\/picture> <\/div>                            <figcaption>\n\t\t\t\t\t\t\t\tFoto: Anna Beck-W\u00f6rner                            <\/figcaption>\n                        <\/figure>\n                    <\/div>\n\t\t\t\t                    <div class=\"swiper-slide\">\n                        <figure>\n\t\t\t\t\t\t\t<div class=\"a-image \">       <picture class=\"a-image__picture\">       \t<source width=\"1296\" height=\"972\" media=\"(min-width: 1400px)\" srcset=\"https:\/\/www.lapurla.ch\/wp-content\/uploads\/2022\/06\/LapurlaCHIKUOktober20192-1296x972c.jpg 1x, https:\/\/www.lapurla.ch\/wp-content\/uploads\/2022\/06\/LapurlaCHIKUOktober20192-2592x1944c.jpg 2x\">           <source width=\"1116\" height=\"837\" media=\"(min-width: 1200px)\" srcset=\"https:\/\/www.lapurla.ch\/wp-content\/uploads\/2022\/06\/LapurlaCHIKUOktober20192-1116x837c.jpg 1x, https:\/\/www.lapurla.ch\/wp-content\/uploads\/2022\/06\/LapurlaCHIKUOktober20192-2232x1674c.jpg 2x\">           <source width=\"936\" height=\"702\" media=\"(min-width: 992px)\" srcset=\"https:\/\/www.lapurla.ch\/wp-content\/uploads\/2022\/06\/LapurlaCHIKUOktober20192-936x702c.jpg  1x, https:\/\/www.lapurla.ch\/wp-content\/uploads\/2022\/06\/LapurlaCHIKUOktober20192-1872x1404c.jpg 2x\">           <source width=\"696\" height=\"522\" media=\"(min-width: 768px)\" srcset=\"https:\/\/www.lapurla.ch\/wp-content\/uploads\/2022\/06\/LapurlaCHIKUOktober20192-696x522c.jpg 1x, https:\/\/www.lapurla.ch\/wp-content\/uploads\/2022\/06\/LapurlaCHIKUOktober20192-1392x1044c.jpg 2x\">           <source width=\"516\" height=\"387\" media=\"(min-width: 576px)\" srcset=\"https:\/\/www.lapurla.ch\/wp-content\/uploads\/2022\/06\/LapurlaCHIKUOktober20192-516x387c.jpg 1x, https:\/\/www.lapurla.ch\/wp-content\/uploads\/2022\/06\/LapurlaCHIKUOktober20192-1032x774c.jpg 2x\">           <img loading=\"lazy\" decoding=\"async\" width=\"550\" height=\"413\"           class=\"a-image__image\"           src=\"https:\/\/www.lapurla.ch\/wp-content\/uploads\/2022\/06\/LapurlaCHIKUOktober20192-550x413c.jpg\" data-srcset=\"https:\/\/www.lapurla.ch\/wp-content\/uploads\/2022\/06\/LapurlaCHIKUOktober20192-1100x826c.jpg 2x\" alt=\"\"\/>       <\/picture> <\/div>                            <figcaption>\n\t\t\t\t\t\t\t\tFoto: Anna Beck-W\u00f6rner                            <\/figcaption>\n                        <\/figure>\n                    <\/div>\n\t\t\t\t                    <div class=\"swiper-slide\">\n                        <figure>\n\t\t\t\t\t\t\t<div class=\"a-image \">       <picture class=\"a-image__picture\">       \t<source width=\"1296\" height=\"972\" media=\"(min-width: 1400px)\" srcset=\"https:\/\/www.lapurla.ch\/wp-content\/uploads\/2022\/06\/LapurlaCHIKUOktober20193-1296x972c.jpg 1x, https:\/\/www.lapurla.ch\/wp-content\/uploads\/2022\/06\/LapurlaCHIKUOktober20193-2592x1944c.jpg 2x\">           <source width=\"1116\" height=\"837\" media=\"(min-width: 1200px)\" srcset=\"https:\/\/www.lapurla.ch\/wp-content\/uploads\/2022\/06\/LapurlaCHIKUOktober20193-1116x837c.jpg 1x, https:\/\/www.lapurla.ch\/wp-content\/uploads\/2022\/06\/LapurlaCHIKUOktober20193-2232x1674c.jpg 2x\">           <source width=\"936\" height=\"702\" media=\"(min-width: 992px)\" srcset=\"https:\/\/www.lapurla.ch\/wp-content\/uploads\/2022\/06\/LapurlaCHIKUOktober20193-936x702c.jpg  1x, https:\/\/www.lapurla.ch\/wp-content\/uploads\/2022\/06\/LapurlaCHIKUOktober20193-1872x1404c.jpg 2x\">           <source width=\"696\" height=\"522\" media=\"(min-width: 768px)\" srcset=\"https:\/\/www.lapurla.ch\/wp-content\/uploads\/2022\/06\/LapurlaCHIKUOktober20193-696x522c.jpg 1x, https:\/\/www.lapurla.ch\/wp-content\/uploads\/2022\/06\/LapurlaCHIKUOktober20193-1392x1044c.jpg 2x\">           <source width=\"516\" height=\"387\" media=\"(min-width: 576px)\" srcset=\"https:\/\/www.lapurla.ch\/wp-content\/uploads\/2022\/06\/LapurlaCHIKUOktober20193-516x387c.jpg 1x, https:\/\/www.lapurla.ch\/wp-content\/uploads\/2022\/06\/LapurlaCHIKUOktober20193-1032x774c.jpg 2x\">           <img loading=\"lazy\" decoding=\"async\" width=\"550\" height=\"413\"           class=\"a-image__image\"           src=\"https:\/\/www.lapurla.ch\/wp-content\/uploads\/2022\/06\/LapurlaCHIKUOktober20193-550x413c.jpg\" data-srcset=\"https:\/\/www.lapurla.ch\/wp-content\/uploads\/2022\/06\/LapurlaCHIKUOktober20193-1100x826c.jpg 2x\" alt=\"\"\/>       <\/picture> <\/div>                            <figcaption>\n\t\t\t\t\t\t\t\tFoto: Anna Beck-W\u00f6rner                            <\/figcaption>\n                        <\/figure>\n                    <\/div>\n\t\t\t\t                    <div class=\"swiper-slide\">\n                        <figure>\n\t\t\t\t\t\t\t<div class=\"a-image \">       <picture class=\"a-image__picture\">       \t<source width=\"1296\" height=\"972\" media=\"(min-width: 1400px)\" srcset=\"https:\/\/www.lapurla.ch\/wp-content\/uploads\/2022\/06\/LapurlaCHIKUOktober20196-1-1296x972c.jpg 1x, https:\/\/www.lapurla.ch\/wp-content\/uploads\/2022\/06\/LapurlaCHIKUOktober20196-1-2592x1944c.jpg 2x\">           <source width=\"1116\" height=\"837\" media=\"(min-width: 1200px)\" srcset=\"https:\/\/www.lapurla.ch\/wp-content\/uploads\/2022\/06\/LapurlaCHIKUOktober20196-1-1116x837c.jpg 1x, https:\/\/www.lapurla.ch\/wp-content\/uploads\/2022\/06\/LapurlaCHIKUOktober20196-1-2232x1674c.jpg 2x\">           <source width=\"936\" height=\"702\" media=\"(min-width: 992px)\" srcset=\"https:\/\/www.lapurla.ch\/wp-content\/uploads\/2022\/06\/LapurlaCHIKUOktober20196-1-936x702c.jpg  1x, https:\/\/www.lapurla.ch\/wp-content\/uploads\/2022\/06\/LapurlaCHIKUOktober20196-1-1872x1404c.jpg 2x\">           <source width=\"696\" height=\"522\" media=\"(min-width: 768px)\" srcset=\"https:\/\/www.lapurla.ch\/wp-content\/uploads\/2022\/06\/LapurlaCHIKUOktober20196-1-696x522c.jpg 1x, https:\/\/www.lapurla.ch\/wp-content\/uploads\/2022\/06\/LapurlaCHIKUOktober20196-1-1392x1044c.jpg 2x\">           <source width=\"516\" height=\"387\" media=\"(min-width: 576px)\" srcset=\"https:\/\/www.lapurla.ch\/wp-content\/uploads\/2022\/06\/LapurlaCHIKUOktober20196-1-516x387c.jpg 1x, https:\/\/www.lapurla.ch\/wp-content\/uploads\/2022\/06\/LapurlaCHIKUOktober20196-1-1032x774c.jpg 2x\">           <img loading=\"lazy\" decoding=\"async\" width=\"550\" height=\"413\"           class=\"a-image__image\"           src=\"https:\/\/www.lapurla.ch\/wp-content\/uploads\/2022\/06\/LapurlaCHIKUOktober20196-1-550x413c.jpg\" data-srcset=\"https:\/\/www.lapurla.ch\/wp-content\/uploads\/2022\/06\/LapurlaCHIKUOktober20196-1-1100x826c.jpg 2x\" alt=\"\"\/>       <\/picture> <\/div>                            <figcaption>\n\t\t\t\t\t\t\t\tFoto: Anna Beck-W\u00f6rner                            <\/figcaption>\n                        <\/figure>\n                    <\/div>\n\t\t\t\t            <\/div>\n            <div class=\"container\">\n                <div class=\"row\">\n                    <div class=\"col-12 position-relative\">\n                        <div class=\"pagination\"><\/div>\n                        <div class=\"button-wrapper\">\n                            <button class=\"swiper-button-prev\">\n\t\t\t\t\t\t\t\t<svg class=\"svg-icon icon-arrow-left\" xmlns=\"http:\/\/www.w3.org\/2000\/svg\"><use xmlns:xlink=\"http:\/\/www.w3.org\/1999\/xlink\" xlink:href=\"https:\/\/www.lapurla.ch\/wp-content\/themes\/lapurla\/dist\/icons.svg?f27dc72#arrow-left\"><\/use><\/svg>                                <span class=\"visually-hidden\">Indietro <\/span>\n                            <\/button>\n                            <button class=\"swiper-button-next\">\n\t\t\t\t\t\t\t\t<svg class=\"svg-icon icon-arrow-right\" xmlns=\"http:\/\/www.w3.org\/2000\/svg\"><use xmlns:xlink=\"http:\/\/www.w3.org\/1999\/xlink\" xlink:href=\"https:\/\/www.lapurla.ch\/wp-content\/themes\/lapurla\/dist\/icons.svg?f27dc72#arrow-right\"><\/use><\/svg>                                <span class=\"visually-hidden\">Avanti<\/span>\n                            <\/button>\n                        <\/div>\n                    <\/div>\n                <\/div>\n            <\/div>\n        <\/div>\n\t<\/div>\n        <\/div>\n    <\/div>\n\n\n\n<hr class=\"wp-block-separator has-alpha-channel-opacity\"\/>\n\n\n\n<h2 class=\"wp-block-heading\">3a serie di visite | Settembre \u2013 ottobre 2020<\/h2>\n\n\n\n<h3 class=\"wp-block-heading\">Alla scoperta della Ziegelh\u00fctte e dei materiali<\/h3>\n\n\n\n<p>Cinque bambini del Chinderhort Appenzell,\u202fdi et\u00e0 compresa tra 6 mesi e 2 anni, hanno visitato cinque volte la Kunsthalle Ziegelh\u00fctte. Ad accompagnarli sono state la maestra d\u2019asilo e co-responsabile di progetto Regina Dobler e un\u2019apprendista.&nbsp;<\/p>\n\n\n\n<p>Presso la Kunsthalle Ziegelh\u00fctte i bambini sono stati accolti dalla mediatrice artistica e\u202fco-responsabile di progetto Anna Beck-W\u00f6rner\u202fin rappresentanza del museo.&nbsp;<\/p>\n\n\n\n<p>Questa la sua filosofia: &#8220;Insieme intraprendiamo un viaggio di scoperta del museo, osserviamo quello che interessa ai bambini e cos\u00ec rincorriamo naturalmente la loro curiosit\u00e0.&nbsp;<\/p>\n\n\n\n<p>Di volta in volta, un materiale (legno, carta, cartone, plastilina, ecc.) viene messo a disposizione per essere sperimentato e viene collocato in luoghi diversi dell\u2019edificio e messo al centro dell\u2019attenzione.\u202fA volte viene utilizzato, altre volte magari no \u2013 lo decidiamo noi a seconda della situazione.&nbsp;<\/p>\n\n\n\n<p>Prima del termine dell\u2019incontro, si svolge ancora un breve ma intenso scambio tra la mediatrice artistica e ogni singolo bambino, dopodich\u00e9 ci salutiamo in attesa della visita successiva.<\/p>\n\n\n\n<div id=\"bildergalerie-block_68736e9c35f30b33c95542ebd2b8d53c\" class=\"mod-bildergalerie\">\n            <div class=\"col-12\">\n\t\t    \n<div class=\"mod-slider\">\n\t        <div id=\"slider-7bde98f3-1fc9-404b-8c58-f5679258a6e2\" class=\"swiper-solo\">\n            <div class=\"swiper-wrapper\">\n\t\t\t\t                    <div class=\"swiper-slide\">\n                        <figure>\n\t\t\t\t\t\t\t<div class=\"a-image \">       <picture class=\"a-image__picture\">       \t<source width=\"1296\" height=\"972\" media=\"(min-width: 1400px)\" srcset=\"https:\/\/www.lapurla.ch\/wp-content\/uploads\/2022\/06\/IMG2021-scaled-1296x972c.jpg 1x, https:\/\/www.lapurla.ch\/wp-content\/uploads\/2022\/06\/IMG2021-scaled-2592x1944c.jpg 2x\">           <source width=\"1116\" height=\"837\" media=\"(min-width: 1200px)\" srcset=\"https:\/\/www.lapurla.ch\/wp-content\/uploads\/2022\/06\/IMG2021-scaled-1116x837c.jpg 1x, https:\/\/www.lapurla.ch\/wp-content\/uploads\/2022\/06\/IMG2021-scaled-2232x1674c.jpg 2x\">           <source width=\"936\" height=\"702\" media=\"(min-width: 992px)\" srcset=\"https:\/\/www.lapurla.ch\/wp-content\/uploads\/2022\/06\/IMG2021-scaled-936x702c.jpg  1x, https:\/\/www.lapurla.ch\/wp-content\/uploads\/2022\/06\/IMG2021-scaled-1872x1404c.jpg 2x\">           <source width=\"696\" height=\"522\" media=\"(min-width: 768px)\" srcset=\"https:\/\/www.lapurla.ch\/wp-content\/uploads\/2022\/06\/IMG2021-scaled-696x522c.jpg 1x, https:\/\/www.lapurla.ch\/wp-content\/uploads\/2022\/06\/IMG2021-scaled-1392x1044c.jpg 2x\">           <source width=\"516\" height=\"387\" media=\"(min-width: 576px)\" srcset=\"https:\/\/www.lapurla.ch\/wp-content\/uploads\/2022\/06\/IMG2021-scaled-516x387c.jpg 1x, https:\/\/www.lapurla.ch\/wp-content\/uploads\/2022\/06\/IMG2021-scaled-1032x774c.jpg 2x\">           <img loading=\"lazy\" decoding=\"async\" width=\"550\" height=\"413\"           class=\"a-image__image\"           src=\"https:\/\/www.lapurla.ch\/wp-content\/uploads\/2022\/06\/IMG2021-scaled-550x413c.jpg\" data-srcset=\"https:\/\/www.lapurla.ch\/wp-content\/uploads\/2022\/06\/IMG2021-scaled-1100x826c.jpg 2x\" alt=\"\"\/>       <\/picture> <\/div>                            <figcaption>\n\t\t\t\t\t\t\t\tFoto: Anna Beck-W\u00f6rner                            <\/figcaption>\n                        <\/figure>\n                    <\/div>\n\t\t\t\t            <\/div>\n            <div class=\"container\">\n                <div class=\"row\">\n                    <div class=\"col-12 position-relative\">\n                        <div class=\"pagination\"><\/div>\n                        <div class=\"button-wrapper\">\n                            <button class=\"swiper-button-prev\">\n\t\t\t\t\t\t\t\t<svg class=\"svg-icon icon-arrow-left\" xmlns=\"http:\/\/www.w3.org\/2000\/svg\"><use xmlns:xlink=\"http:\/\/www.w3.org\/1999\/xlink\" xlink:href=\"https:\/\/www.lapurla.ch\/wp-content\/themes\/lapurla\/dist\/icons.svg?f27dc72#arrow-left\"><\/use><\/svg>                                <span class=\"visually-hidden\">Indietro <\/span>\n                            <\/button>\n                            <button class=\"swiper-button-next\">\n\t\t\t\t\t\t\t\t<svg class=\"svg-icon icon-arrow-right\" xmlns=\"http:\/\/www.w3.org\/2000\/svg\"><use xmlns:xlink=\"http:\/\/www.w3.org\/1999\/xlink\" xlink:href=\"https:\/\/www.lapurla.ch\/wp-content\/themes\/lapurla\/dist\/icons.svg?f27dc72#arrow-right\"><\/use><\/svg>                                <span class=\"visually-hidden\">Avanti<\/span>\n                            <\/button>\n                        <\/div>\n                    <\/div>\n                <\/div>\n            <\/div>\n        <\/div>\n\t<\/div>\n        <\/div>\n    <\/div>\n\n\n\n<hr class=\"wp-block-separator has-alpha-channel-opacity\"\/>\n\n\n\n<h2 class=\"wp-block-heading\">4a serie di visite | Gennaio \u2013 febbraio 2021<\/h2>\n\n\n\n<h3 class=\"wp-block-heading\">Alla scoperta della Ziegelh\u00fctte e dei materiali<\/h3>\n\n\n\n<p>\u00c8 gi\u00e0 la quarta volta che i bambini del Chinderhort Appenzell si recano alla Kunsthalle Ziegelh\u00fctte per una serie di visite.<\/p>\n\n\n\n<p>Adesso \u00e8 il turno di cinque bambini di et\u00e0 compresa tra un anno e mezzo e 3 anni. Visto che il museo al momento \u00e8 chiuso a causa della pandemia, il piccolo gruppo pu\u00f2 esplorare liberamente (anche gridando e correndo) l\u2019edificio e ammirare le opere d\u2019arte.<\/p>\n\n\n\n<p>\u00c8 una bella cosa per tutti noi: da questa iniziativa nascono infatti nuove possibilit\u00e0 e libert\u00e0. Come di consueto, i bambini vengono accompagnati da\u202fRegina Dobler, responsabile di progetto dell\u2019asilo, e da un\u2019assistente. Anche la capogruppo ha partecipato due volte. Pi\u00f9 passa il tempo, pi\u00f9 il progetto diventa sempre pi\u00f9 chiaramente un caposaldo sia per la Kunsthalle Ziegelh\u00fctte\u202fche per il Chinderhort\u202fAppenzell.<\/p>\n\n\n\n<div id=\"bildergalerie-block_2c8c6349d92507b1d6a6b79b91dd5d71\" class=\"mod-bildergalerie\">\n            <div class=\"col-12\">\n\t\t    \n<div class=\"mod-slider\">\n\t        <div id=\"slider-1c1b9d0e-0039-4157-913d-19c7933a70ad\" class=\"swiper\">\n            <div class=\"swiper-wrapper\">\n\t\t\t\t                    <div class=\"swiper-slide\">\n                        <figure>\n\t\t\t\t\t\t\t<div class=\"a-image \">       <picture class=\"a-image__picture\">       \t<source width=\"1296\" height=\"972\" media=\"(min-width: 1400px)\" srcset=\"https:\/\/www.lapurla.ch\/wp-content\/uploads\/2022\/06\/LapurlaCHIKUcAnna-Beck-WoernerFen20213782-scaled-1296x972c.jpeg 1x, https:\/\/www.lapurla.ch\/wp-content\/uploads\/2022\/06\/LapurlaCHIKUcAnna-Beck-WoernerFen20213782-scaled-2592x1944c.jpeg 2x\">           <source width=\"1116\" height=\"837\" media=\"(min-width: 1200px)\" srcset=\"https:\/\/www.lapurla.ch\/wp-content\/uploads\/2022\/06\/LapurlaCHIKUcAnna-Beck-WoernerFen20213782-scaled-1116x837c.jpeg 1x, https:\/\/www.lapurla.ch\/wp-content\/uploads\/2022\/06\/LapurlaCHIKUcAnna-Beck-WoernerFen20213782-scaled-2232x1674c.jpeg 2x\">           <source width=\"936\" height=\"702\" media=\"(min-width: 992px)\" srcset=\"https:\/\/www.lapurla.ch\/wp-content\/uploads\/2022\/06\/LapurlaCHIKUcAnna-Beck-WoernerFen20213782-scaled-936x702c.jpeg  1x, https:\/\/www.lapurla.ch\/wp-content\/uploads\/2022\/06\/LapurlaCHIKUcAnna-Beck-WoernerFen20213782-scaled-1872x1404c.jpeg 2x\">           <source width=\"696\" height=\"522\" media=\"(min-width: 768px)\" srcset=\"https:\/\/www.lapurla.ch\/wp-content\/uploads\/2022\/06\/LapurlaCHIKUcAnna-Beck-WoernerFen20213782-scaled-696x522c.jpeg 1x, https:\/\/www.lapurla.ch\/wp-content\/uploads\/2022\/06\/LapurlaCHIKUcAnna-Beck-WoernerFen20213782-scaled-1392x1044c.jpeg 2x\">           <source width=\"516\" height=\"387\" media=\"(min-width: 576px)\" srcset=\"https:\/\/www.lapurla.ch\/wp-content\/uploads\/2022\/06\/LapurlaCHIKUcAnna-Beck-WoernerFen20213782-scaled-516x387c.jpeg 1x, https:\/\/www.lapurla.ch\/wp-content\/uploads\/2022\/06\/LapurlaCHIKUcAnna-Beck-WoernerFen20213782-scaled-1032x774c.jpeg 2x\">           <img loading=\"lazy\" decoding=\"async\" width=\"550\" height=\"413\"           class=\"a-image__image\"           src=\"https:\/\/www.lapurla.ch\/wp-content\/uploads\/2022\/06\/LapurlaCHIKUcAnna-Beck-WoernerFen20213782-scaled-550x413c.jpeg\" data-srcset=\"https:\/\/www.lapurla.ch\/wp-content\/uploads\/2022\/06\/LapurlaCHIKUcAnna-Beck-WoernerFen20213782-scaled-1100x826c.jpeg 2x\" alt=\"\"\/>       <\/picture> <\/div>                            <figcaption>\n\t\t\t\t\t\t\t\tFoto: Anna Beck-W\u00f6rner                            <\/figcaption>\n                        <\/figure>\n                    <\/div>\n\t\t\t\t                    <div class=\"swiper-slide\">\n                        <figure>\n\t\t\t\t\t\t\t<div class=\"a-image \">       <picture class=\"a-image__picture\">       \t<source width=\"1296\" height=\"972\" media=\"(min-width: 1400px)\" srcset=\"https:\/\/www.lapurla.ch\/wp-content\/uploads\/2022\/06\/LapurlaCHIKUcAnna-Beck-WoernerFen20213936-1296x972c.png 1x, https:\/\/www.lapurla.ch\/wp-content\/uploads\/2022\/06\/LapurlaCHIKUcAnna-Beck-WoernerFen20213936-2592x1944c.png 2x\">           <source width=\"1116\" height=\"837\" media=\"(min-width: 1200px)\" srcset=\"https:\/\/www.lapurla.ch\/wp-content\/uploads\/2022\/06\/LapurlaCHIKUcAnna-Beck-WoernerFen20213936-1116x837c.png 1x, https:\/\/www.lapurla.ch\/wp-content\/uploads\/2022\/06\/LapurlaCHIKUcAnna-Beck-WoernerFen20213936-2232x1674c.png 2x\">           <source width=\"936\" height=\"702\" media=\"(min-width: 992px)\" srcset=\"https:\/\/www.lapurla.ch\/wp-content\/uploads\/2022\/06\/LapurlaCHIKUcAnna-Beck-WoernerFen20213936-936x702c.png  1x, https:\/\/www.lapurla.ch\/wp-content\/uploads\/2022\/06\/LapurlaCHIKUcAnna-Beck-WoernerFen20213936-1872x1404c.png 2x\">           <source width=\"696\" height=\"522\" media=\"(min-width: 768px)\" srcset=\"https:\/\/www.lapurla.ch\/wp-content\/uploads\/2022\/06\/LapurlaCHIKUcAnna-Beck-WoernerFen20213936-696x522c.png 1x, https:\/\/www.lapurla.ch\/wp-content\/uploads\/2022\/06\/LapurlaCHIKUcAnna-Beck-WoernerFen20213936-1392x1044c.png 2x\">           <source width=\"516\" height=\"387\" media=\"(min-width: 576px)\" srcset=\"https:\/\/www.lapurla.ch\/wp-content\/uploads\/2022\/06\/LapurlaCHIKUcAnna-Beck-WoernerFen20213936-516x387c.png 1x, https:\/\/www.lapurla.ch\/wp-content\/uploads\/2022\/06\/LapurlaCHIKUcAnna-Beck-WoernerFen20213936-1032x774c.png 2x\">           <img loading=\"lazy\" decoding=\"async\" width=\"550\" height=\"413\"           class=\"a-image__image\"           src=\"https:\/\/www.lapurla.ch\/wp-content\/uploads\/2022\/06\/LapurlaCHIKUcAnna-Beck-WoernerFen20213936-550x413c.png\" data-srcset=\"https:\/\/www.lapurla.ch\/wp-content\/uploads\/2022\/06\/LapurlaCHIKUcAnna-Beck-WoernerFen20213936-1100x826c.png 2x\" alt=\"\"\/>       <\/picture> <\/div>                            <figcaption>\n\t\t\t\t\t\t\t\tFoto: Anna Beck-W\u00f6rner                            <\/figcaption>\n                        <\/figure>\n                    <\/div>\n\t\t\t\t                    <div class=\"swiper-slide\">\n                        <figure>\n\t\t\t\t\t\t\t<div class=\"a-image \">       <picture class=\"a-image__picture\">       \t<source width=\"1296\" height=\"972\" media=\"(min-width: 1400px)\" srcset=\"https:\/\/www.lapurla.ch\/wp-content\/uploads\/2022\/06\/LapurlaCHIKUcAnna-Beck-WoernerFen20213941-1296x972c.png 1x, https:\/\/www.lapurla.ch\/wp-content\/uploads\/2022\/06\/LapurlaCHIKUcAnna-Beck-WoernerFen20213941-2592x1944c.png 2x\">           <source width=\"1116\" height=\"837\" media=\"(min-width: 1200px)\" srcset=\"https:\/\/www.lapurla.ch\/wp-content\/uploads\/2022\/06\/LapurlaCHIKUcAnna-Beck-WoernerFen20213941-1116x837c.png 1x, https:\/\/www.lapurla.ch\/wp-content\/uploads\/2022\/06\/LapurlaCHIKUcAnna-Beck-WoernerFen20213941-2232x1674c.png 2x\">           <source width=\"936\" height=\"702\" media=\"(min-width: 992px)\" srcset=\"https:\/\/www.lapurla.ch\/wp-content\/uploads\/2022\/06\/LapurlaCHIKUcAnna-Beck-WoernerFen20213941-936x702c.png  1x, https:\/\/www.lapurla.ch\/wp-content\/uploads\/2022\/06\/LapurlaCHIKUcAnna-Beck-WoernerFen20213941-1872x1404c.png 2x\">           <source width=\"696\" height=\"522\" media=\"(min-width: 768px)\" srcset=\"https:\/\/www.lapurla.ch\/wp-content\/uploads\/2022\/06\/LapurlaCHIKUcAnna-Beck-WoernerFen20213941-696x522c.png 1x, https:\/\/www.lapurla.ch\/wp-content\/uploads\/2022\/06\/LapurlaCHIKUcAnna-Beck-WoernerFen20213941-1392x1044c.png 2x\">           <source width=\"516\" height=\"387\" media=\"(min-width: 576px)\" srcset=\"https:\/\/www.lapurla.ch\/wp-content\/uploads\/2022\/06\/LapurlaCHIKUcAnna-Beck-WoernerFen20213941-516x387c.png 1x, https:\/\/www.lapurla.ch\/wp-content\/uploads\/2022\/06\/LapurlaCHIKUcAnna-Beck-WoernerFen20213941-1032x774c.png 2x\">           <img loading=\"lazy\" decoding=\"async\" width=\"550\" height=\"413\"           class=\"a-image__image\"           src=\"https:\/\/www.lapurla.ch\/wp-content\/uploads\/2022\/06\/LapurlaCHIKUcAnna-Beck-WoernerFen20213941-550x413c.png\" data-srcset=\"https:\/\/www.lapurla.ch\/wp-content\/uploads\/2022\/06\/LapurlaCHIKUcAnna-Beck-WoernerFen20213941-1100x826c.png 2x\" alt=\"\"\/>       <\/picture> <\/div>                            <figcaption>\n\t\t\t\t\t\t\t\tFoto: Anna Beck-W\u00f6rner                            <\/figcaption>\n                        <\/figure>\n                    <\/div>\n\t\t\t\t                    <div class=\"swiper-slide\">\n                        <figure>\n\t\t\t\t\t\t\t<div class=\"a-image \">       <picture class=\"a-image__picture\">       \t<source width=\"1296\" height=\"972\" media=\"(min-width: 1400px)\" srcset=\"https:\/\/www.lapurla.ch\/wp-content\/uploads\/2022\/06\/LapurlaCHIKUcAnna-Beck-WoernerFen20213943-1296x972c.png 1x, https:\/\/www.lapurla.ch\/wp-content\/uploads\/2022\/06\/LapurlaCHIKUcAnna-Beck-WoernerFen20213943-2592x1944c.png 2x\">           <source width=\"1116\" height=\"837\" media=\"(min-width: 1200px)\" srcset=\"https:\/\/www.lapurla.ch\/wp-content\/uploads\/2022\/06\/LapurlaCHIKUcAnna-Beck-WoernerFen20213943-1116x837c.png 1x, https:\/\/www.lapurla.ch\/wp-content\/uploads\/2022\/06\/LapurlaCHIKUcAnna-Beck-WoernerFen20213943-2232x1674c.png 2x\">           <source width=\"936\" height=\"702\" media=\"(min-width: 992px)\" srcset=\"https:\/\/www.lapurla.ch\/wp-content\/uploads\/2022\/06\/LapurlaCHIKUcAnna-Beck-WoernerFen20213943-936x702c.png  1x, https:\/\/www.lapurla.ch\/wp-content\/uploads\/2022\/06\/LapurlaCHIKUcAnna-Beck-WoernerFen20213943-1872x1404c.png 2x\">           <source width=\"696\" height=\"522\" media=\"(min-width: 768px)\" srcset=\"https:\/\/www.lapurla.ch\/wp-content\/uploads\/2022\/06\/LapurlaCHIKUcAnna-Beck-WoernerFen20213943-696x522c.png 1x, https:\/\/www.lapurla.ch\/wp-content\/uploads\/2022\/06\/LapurlaCHIKUcAnna-Beck-WoernerFen20213943-1392x1044c.png 2x\">           <source width=\"516\" height=\"387\" media=\"(min-width: 576px)\" srcset=\"https:\/\/www.lapurla.ch\/wp-content\/uploads\/2022\/06\/LapurlaCHIKUcAnna-Beck-WoernerFen20213943-516x387c.png 1x, https:\/\/www.lapurla.ch\/wp-content\/uploads\/2022\/06\/LapurlaCHIKUcAnna-Beck-WoernerFen20213943-1032x774c.png 2x\">           <img loading=\"lazy\" decoding=\"async\" width=\"550\" height=\"413\"           class=\"a-image__image\"           src=\"https:\/\/www.lapurla.ch\/wp-content\/uploads\/2022\/06\/LapurlaCHIKUcAnna-Beck-WoernerFen20213943-550x413c.png\" data-srcset=\"https:\/\/www.lapurla.ch\/wp-content\/uploads\/2022\/06\/LapurlaCHIKUcAnna-Beck-WoernerFen20213943-1100x826c.png 2x\" alt=\"\"\/>       <\/picture> <\/div>                            <figcaption>\n\t\t\t\t\t\t\t\tFoto: Anna Beck-W\u00f6rner                            <\/figcaption>\n                        <\/figure>\n                    <\/div>\n\t\t\t\t                    <div class=\"swiper-slide\">\n                        <figure>\n\t\t\t\t\t\t\t<div class=\"a-image \">       <picture class=\"a-image__picture\">       \t<source width=\"1296\" height=\"972\" media=\"(min-width: 1400px)\" srcset=\"https:\/\/www.lapurla.ch\/wp-content\/uploads\/2022\/06\/LapurlaCHIKUcAnna-Beck-WoernerFen20214185-1296x972c.png 1x, https:\/\/www.lapurla.ch\/wp-content\/uploads\/2022\/06\/LapurlaCHIKUcAnna-Beck-WoernerFen20214185-2592x1944c.png 2x\">           <source width=\"1116\" height=\"837\" media=\"(min-width: 1200px)\" srcset=\"https:\/\/www.lapurla.ch\/wp-content\/uploads\/2022\/06\/LapurlaCHIKUcAnna-Beck-WoernerFen20214185-1116x837c.png 1x, https:\/\/www.lapurla.ch\/wp-content\/uploads\/2022\/06\/LapurlaCHIKUcAnna-Beck-WoernerFen20214185-2232x1674c.png 2x\">           <source width=\"936\" height=\"702\" media=\"(min-width: 992px)\" srcset=\"https:\/\/www.lapurla.ch\/wp-content\/uploads\/2022\/06\/LapurlaCHIKUcAnna-Beck-WoernerFen20214185-936x702c.png  1x, https:\/\/www.lapurla.ch\/wp-content\/uploads\/2022\/06\/LapurlaCHIKUcAnna-Beck-WoernerFen20214185-1872x1404c.png 2x\">           <source width=\"696\" height=\"522\" media=\"(min-width: 768px)\" srcset=\"https:\/\/www.lapurla.ch\/wp-content\/uploads\/2022\/06\/LapurlaCHIKUcAnna-Beck-WoernerFen20214185-696x522c.png 1x, https:\/\/www.lapurla.ch\/wp-content\/uploads\/2022\/06\/LapurlaCHIKUcAnna-Beck-WoernerFen20214185-1392x1044c.png 2x\">           <source width=\"516\" height=\"387\" media=\"(min-width: 576px)\" srcset=\"https:\/\/www.lapurla.ch\/wp-content\/uploads\/2022\/06\/LapurlaCHIKUcAnna-Beck-WoernerFen20214185-516x387c.png 1x, https:\/\/www.lapurla.ch\/wp-content\/uploads\/2022\/06\/LapurlaCHIKUcAnna-Beck-WoernerFen20214185-1032x774c.png 2x\">           <img loading=\"lazy\" decoding=\"async\" width=\"550\" height=\"413\"           class=\"a-image__image\"           src=\"https:\/\/www.lapurla.ch\/wp-content\/uploads\/2022\/06\/LapurlaCHIKUcAnna-Beck-WoernerFen20214185-550x413c.png\" data-srcset=\"https:\/\/www.lapurla.ch\/wp-content\/uploads\/2022\/06\/LapurlaCHIKUcAnna-Beck-WoernerFen20214185-1100x826c.png 2x\" alt=\"\"\/>       <\/picture> <\/div>                            <figcaption>\n\t\t\t\t\t\t\t\tFoto: Anna Beck-W\u00f6rner                            <\/figcaption>\n                        <\/figure>\n                    <\/div>\n\t\t\t\t                    <div class=\"swiper-slide\">\n                        <figure>\n\t\t\t\t\t\t\t<div class=\"a-image \">       <picture class=\"a-image__picture\">       \t<source width=\"1296\" height=\"972\" media=\"(min-width: 1400px)\" srcset=\"https:\/\/www.lapurla.ch\/wp-content\/uploads\/2022\/06\/LapurlaCHIKUcAnna-Beck-WoernerFen20214190-1296x972c.png 1x, https:\/\/www.lapurla.ch\/wp-content\/uploads\/2022\/06\/LapurlaCHIKUcAnna-Beck-WoernerFen20214190-2592x1944c.png 2x\">           <source width=\"1116\" height=\"837\" media=\"(min-width: 1200px)\" srcset=\"https:\/\/www.lapurla.ch\/wp-content\/uploads\/2022\/06\/LapurlaCHIKUcAnna-Beck-WoernerFen20214190-1116x837c.png 1x, https:\/\/www.lapurla.ch\/wp-content\/uploads\/2022\/06\/LapurlaCHIKUcAnna-Beck-WoernerFen20214190-2232x1674c.png 2x\">           <source width=\"936\" height=\"702\" media=\"(min-width: 992px)\" srcset=\"https:\/\/www.lapurla.ch\/wp-content\/uploads\/2022\/06\/LapurlaCHIKUcAnna-Beck-WoernerFen20214190-936x702c.png  1x, https:\/\/www.lapurla.ch\/wp-content\/uploads\/2022\/06\/LapurlaCHIKUcAnna-Beck-WoernerFen20214190-1872x1404c.png 2x\">           <source width=\"696\" height=\"522\" media=\"(min-width: 768px)\" srcset=\"https:\/\/www.lapurla.ch\/wp-content\/uploads\/2022\/06\/LapurlaCHIKUcAnna-Beck-WoernerFen20214190-696x522c.png 1x, https:\/\/www.lapurla.ch\/wp-content\/uploads\/2022\/06\/LapurlaCHIKUcAnna-Beck-WoernerFen20214190-1392x1044c.png 2x\">           <source width=\"516\" height=\"387\" media=\"(min-width: 576px)\" srcset=\"https:\/\/www.lapurla.ch\/wp-content\/uploads\/2022\/06\/LapurlaCHIKUcAnna-Beck-WoernerFen20214190-516x387c.png 1x, https:\/\/www.lapurla.ch\/wp-content\/uploads\/2022\/06\/LapurlaCHIKUcAnna-Beck-WoernerFen20214190-1032x774c.png 2x\">           <img loading=\"lazy\" decoding=\"async\" width=\"550\" height=\"413\"           class=\"a-image__image\"           src=\"https:\/\/www.lapurla.ch\/wp-content\/uploads\/2022\/06\/LapurlaCHIKUcAnna-Beck-WoernerFen20214190-550x413c.png\" data-srcset=\"https:\/\/www.lapurla.ch\/wp-content\/uploads\/2022\/06\/LapurlaCHIKUcAnna-Beck-WoernerFen20214190-1100x826c.png 2x\" alt=\"\"\/>       <\/picture> <\/div>                            <figcaption>\n\t\t\t\t\t\t\t\tFoto: Anna Beck-W\u00f6rner                            <\/figcaption>\n                        <\/figure>\n                    <\/div>\n\t\t\t\t                    <div class=\"swiper-slide\">\n                        <figure>\n\t\t\t\t\t\t\t<div class=\"a-image \">       <picture class=\"a-image__picture\">       \t<source width=\"1296\" height=\"972\" media=\"(min-width: 1400px)\" srcset=\"https:\/\/www.lapurla.ch\/wp-content\/uploads\/2022\/06\/LapurlaCHIKUcAnna-Beck-WoernerFen20214191-1296x972c.png 1x, https:\/\/www.lapurla.ch\/wp-content\/uploads\/2022\/06\/LapurlaCHIKUcAnna-Beck-WoernerFen20214191-2592x1944c.png 2x\">           <source width=\"1116\" height=\"837\" media=\"(min-width: 1200px)\" srcset=\"https:\/\/www.lapurla.ch\/wp-content\/uploads\/2022\/06\/LapurlaCHIKUcAnna-Beck-WoernerFen20214191-1116x837c.png 1x, https:\/\/www.lapurla.ch\/wp-content\/uploads\/2022\/06\/LapurlaCHIKUcAnna-Beck-WoernerFen20214191-2232x1674c.png 2x\">           <source width=\"936\" height=\"702\" media=\"(min-width: 992px)\" srcset=\"https:\/\/www.lapurla.ch\/wp-content\/uploads\/2022\/06\/LapurlaCHIKUcAnna-Beck-WoernerFen20214191-936x702c.png  1x, https:\/\/www.lapurla.ch\/wp-content\/uploads\/2022\/06\/LapurlaCHIKUcAnna-Beck-WoernerFen20214191-1872x1404c.png 2x\">           <source width=\"696\" height=\"522\" media=\"(min-width: 768px)\" srcset=\"https:\/\/www.lapurla.ch\/wp-content\/uploads\/2022\/06\/LapurlaCHIKUcAnna-Beck-WoernerFen20214191-696x522c.png 1x, https:\/\/www.lapurla.ch\/wp-content\/uploads\/2022\/06\/LapurlaCHIKUcAnna-Beck-WoernerFen20214191-1392x1044c.png 2x\">           <source width=\"516\" height=\"387\" media=\"(min-width: 576px)\" srcset=\"https:\/\/www.lapurla.ch\/wp-content\/uploads\/2022\/06\/LapurlaCHIKUcAnna-Beck-WoernerFen20214191-516x387c.png 1x, https:\/\/www.lapurla.ch\/wp-content\/uploads\/2022\/06\/LapurlaCHIKUcAnna-Beck-WoernerFen20214191-1032x774c.png 2x\">           <img loading=\"lazy\" decoding=\"async\" width=\"550\" height=\"413\"           class=\"a-image__image\"           src=\"https:\/\/www.lapurla.ch\/wp-content\/uploads\/2022\/06\/LapurlaCHIKUcAnna-Beck-WoernerFen20214191-550x413c.png\" data-srcset=\"https:\/\/www.lapurla.ch\/wp-content\/uploads\/2022\/06\/LapurlaCHIKUcAnna-Beck-WoernerFen20214191-1100x826c.png 2x\" alt=\"\"\/>       <\/picture> <\/div>                            <figcaption>\n\t\t\t\t\t\t\t\tFoto: Anna Beck-W\u00f6rner                            <\/figcaption>\n                        <\/figure>\n                    <\/div>\n\t\t\t\t            <\/div>\n            <div class=\"container\">\n                <div class=\"row\">\n                    <div class=\"col-12 position-relative\">\n                        <div class=\"pagination\"><\/div>\n                        <div class=\"button-wrapper\">\n                            <button class=\"swiper-button-prev\">\n\t\t\t\t\t\t\t\t<svg class=\"svg-icon icon-arrow-left\" xmlns=\"http:\/\/www.w3.org\/2000\/svg\"><use xmlns:xlink=\"http:\/\/www.w3.org\/1999\/xlink\" xlink:href=\"https:\/\/www.lapurla.ch\/wp-content\/themes\/lapurla\/dist\/icons.svg?f27dc72#arrow-left\"><\/use><\/svg>                                <span class=\"visually-hidden\">Indietro <\/span>\n                            <\/button>\n                            <button class=\"swiper-button-next\">\n\t\t\t\t\t\t\t\t<svg class=\"svg-icon icon-arrow-right\" xmlns=\"http:\/\/www.w3.org\/2000\/svg\"><use xmlns:xlink=\"http:\/\/www.w3.org\/1999\/xlink\" xlink:href=\"https:\/\/www.lapurla.ch\/wp-content\/themes\/lapurla\/dist\/icons.svg?f27dc72#arrow-right\"><\/use><\/svg>                                <span class=\"visually-hidden\">Avanti<\/span>\n                            <\/button>\n                        <\/div>\n                    <\/div>\n                <\/div>\n            <\/div>\n        <\/div>\n\t<\/div>\n        <\/div>\n    <\/div>\n\n\n\n<hr class=\"wp-block-separator has-alpha-channel-opacity\"\/>\n\n\n\n<h2 class=\"wp-block-heading\">5a serie di visite, agosto \u2013 settembre 2021<\/h2>\n\n\n\n<p>Il primo pomeriggio con il nuovo gruppo di bambini \u00e8 gi\u00e0 finito.<\/p>\n\n\n\n<p>Abbiamo esplorato l&#8217;edificio e infine abbiamo dipinto con acqua e pennelli nello studio.<\/p>\n\n\n\n<p>Secondo Regina, i bambini hanno dovuto essere convinti dai loro compagni a venire alla Kunsthalle Ziegelh\u00fctte, ma hanno passato un&#8217;ora e mezza con noi.<\/p>\n\n\n\n<p>Alla fine non volevano andarsene e non vedono l&#8217;ora di fare la prossima visita.<\/p>\n\n\n\n<div id=\"bildergalerie-block_a5fb192d00e71c4f0716c814ee43108a\" class=\"mod-bildergalerie\">\n            <div class=\"col-12\">\n\t\t    \n<div class=\"mod-slider\">\n\t        <div id=\"slider-28e95159-2dac-4f64-9cbb-18f028991d3b\" class=\"swiper\">\n            <div class=\"swiper-wrapper\">\n\t\t\t\t                    <div class=\"swiper-slide\">\n                        <figure>\n\t\t\t\t\t\t\t<div class=\"a-image \">       <picture class=\"a-image__picture\">       \t<source width=\"1296\" height=\"972\" media=\"(min-width: 1400px)\" srcset=\"https:\/\/www.lapurla.ch\/wp-content\/uploads\/2022\/06\/LapurlaCHIKU20210826cAnnaBeckWoerner-2-1296x972c.jpeg 1x, https:\/\/www.lapurla.ch\/wp-content\/uploads\/2022\/06\/LapurlaCHIKU20210826cAnnaBeckWoerner-2-2592x1944c.jpeg 2x\">           <source width=\"1116\" height=\"837\" media=\"(min-width: 1200px)\" srcset=\"https:\/\/www.lapurla.ch\/wp-content\/uploads\/2022\/06\/LapurlaCHIKU20210826cAnnaBeckWoerner-2-1116x837c.jpeg 1x, https:\/\/www.lapurla.ch\/wp-content\/uploads\/2022\/06\/LapurlaCHIKU20210826cAnnaBeckWoerner-2-2232x1674c.jpeg 2x\">           <source width=\"936\" height=\"702\" media=\"(min-width: 992px)\" srcset=\"https:\/\/www.lapurla.ch\/wp-content\/uploads\/2022\/06\/LapurlaCHIKU20210826cAnnaBeckWoerner-2-936x702c.jpeg  1x, https:\/\/www.lapurla.ch\/wp-content\/uploads\/2022\/06\/LapurlaCHIKU20210826cAnnaBeckWoerner-2-1872x1404c.jpeg 2x\">           <source width=\"696\" height=\"522\" media=\"(min-width: 768px)\" srcset=\"https:\/\/www.lapurla.ch\/wp-content\/uploads\/2022\/06\/LapurlaCHIKU20210826cAnnaBeckWoerner-2-696x522c.jpeg 1x, https:\/\/www.lapurla.ch\/wp-content\/uploads\/2022\/06\/LapurlaCHIKU20210826cAnnaBeckWoerner-2-1392x1044c.jpeg 2x\">           <source width=\"516\" height=\"387\" media=\"(min-width: 576px)\" srcset=\"https:\/\/www.lapurla.ch\/wp-content\/uploads\/2022\/06\/LapurlaCHIKU20210826cAnnaBeckWoerner-2-516x387c.jpeg 1x, https:\/\/www.lapurla.ch\/wp-content\/uploads\/2022\/06\/LapurlaCHIKU20210826cAnnaBeckWoerner-2-1032x774c.jpeg 2x\">           <img loading=\"lazy\" decoding=\"async\" width=\"550\" height=\"413\"           class=\"a-image__image\"           src=\"https:\/\/www.lapurla.ch\/wp-content\/uploads\/2022\/06\/LapurlaCHIKU20210826cAnnaBeckWoerner-2-550x413c.jpeg\" data-srcset=\"https:\/\/www.lapurla.ch\/wp-content\/uploads\/2022\/06\/LapurlaCHIKU20210826cAnnaBeckWoerner-2-1100x826c.jpeg 2x\" alt=\"\"\/>       <\/picture> <\/div>                            <figcaption>\n\t\t\t\t\t\t\t\tFoto: Anna Beck-W\u00f6rner                            <\/figcaption>\n                        <\/figure>\n                    <\/div>\n\t\t\t\t                    <div class=\"swiper-slide\">\n                        <figure>\n\t\t\t\t\t\t\t<div class=\"a-image \">       <picture class=\"a-image__picture\">       \t<source width=\"1296\" height=\"972\" media=\"(min-width: 1400px)\" srcset=\"https:\/\/www.lapurla.ch\/wp-content\/uploads\/2022\/06\/LapurlaCHIKU20210826cAnnaBeckWoerner-3-1-1296x972c.jpeg 1x, https:\/\/www.lapurla.ch\/wp-content\/uploads\/2022\/06\/LapurlaCHIKU20210826cAnnaBeckWoerner-3-1-2592x1944c.jpeg 2x\">           <source width=\"1116\" height=\"837\" media=\"(min-width: 1200px)\" srcset=\"https:\/\/www.lapurla.ch\/wp-content\/uploads\/2022\/06\/LapurlaCHIKU20210826cAnnaBeckWoerner-3-1-1116x837c.jpeg 1x, https:\/\/www.lapurla.ch\/wp-content\/uploads\/2022\/06\/LapurlaCHIKU20210826cAnnaBeckWoerner-3-1-2232x1674c.jpeg 2x\">           <source width=\"936\" height=\"702\" media=\"(min-width: 992px)\" srcset=\"https:\/\/www.lapurla.ch\/wp-content\/uploads\/2022\/06\/LapurlaCHIKU20210826cAnnaBeckWoerner-3-1-936x702c.jpeg  1x, https:\/\/www.lapurla.ch\/wp-content\/uploads\/2022\/06\/LapurlaCHIKU20210826cAnnaBeckWoerner-3-1-1872x1404c.jpeg 2x\">           <source width=\"696\" height=\"522\" media=\"(min-width: 768px)\" srcset=\"https:\/\/www.lapurla.ch\/wp-content\/uploads\/2022\/06\/LapurlaCHIKU20210826cAnnaBeckWoerner-3-1-696x522c.jpeg 1x, https:\/\/www.lapurla.ch\/wp-content\/uploads\/2022\/06\/LapurlaCHIKU20210826cAnnaBeckWoerner-3-1-1392x1044c.jpeg 2x\">           <source width=\"516\" height=\"387\" media=\"(min-width: 576px)\" srcset=\"https:\/\/www.lapurla.ch\/wp-content\/uploads\/2022\/06\/LapurlaCHIKU20210826cAnnaBeckWoerner-3-1-516x387c.jpeg 1x, https:\/\/www.lapurla.ch\/wp-content\/uploads\/2022\/06\/LapurlaCHIKU20210826cAnnaBeckWoerner-3-1-1032x774c.jpeg 2x\">           <img loading=\"lazy\" decoding=\"async\" width=\"550\" height=\"413\"           class=\"a-image__image\"           src=\"https:\/\/www.lapurla.ch\/wp-content\/uploads\/2022\/06\/LapurlaCHIKU20210826cAnnaBeckWoerner-3-1-550x413c.jpeg\" data-srcset=\"https:\/\/www.lapurla.ch\/wp-content\/uploads\/2022\/06\/LapurlaCHIKU20210826cAnnaBeckWoerner-3-1-1100x826c.jpeg 2x\" alt=\"\"\/>       <\/picture> <\/div>                            <figcaption>\n\t\t\t\t\t\t\t\tFoto: Anna Beck-W\u00f6rner                            <\/figcaption>\n                        <\/figure>\n                    <\/div>\n\t\t\t\t                    <div class=\"swiper-slide\">\n                        <figure>\n\t\t\t\t\t\t\t<div class=\"a-image \">       <picture class=\"a-image__picture\">       \t<source width=\"1296\" height=\"972\" media=\"(min-width: 1400px)\" srcset=\"https:\/\/www.lapurla.ch\/wp-content\/uploads\/2022\/06\/LapurlaCHIKU20210826cAnnaBeckWoerner-1-1296x972c.jpeg 1x, https:\/\/www.lapurla.ch\/wp-content\/uploads\/2022\/06\/LapurlaCHIKU20210826cAnnaBeckWoerner-1-2592x1944c.jpeg 2x\">           <source width=\"1116\" height=\"837\" media=\"(min-width: 1200px)\" srcset=\"https:\/\/www.lapurla.ch\/wp-content\/uploads\/2022\/06\/LapurlaCHIKU20210826cAnnaBeckWoerner-1-1116x837c.jpeg 1x, https:\/\/www.lapurla.ch\/wp-content\/uploads\/2022\/06\/LapurlaCHIKU20210826cAnnaBeckWoerner-1-2232x1674c.jpeg 2x\">           <source width=\"936\" height=\"702\" media=\"(min-width: 992px)\" srcset=\"https:\/\/www.lapurla.ch\/wp-content\/uploads\/2022\/06\/LapurlaCHIKU20210826cAnnaBeckWoerner-1-936x702c.jpeg  1x, https:\/\/www.lapurla.ch\/wp-content\/uploads\/2022\/06\/LapurlaCHIKU20210826cAnnaBeckWoerner-1-1872x1404c.jpeg 2x\">           <source width=\"696\" height=\"522\" media=\"(min-width: 768px)\" srcset=\"https:\/\/www.lapurla.ch\/wp-content\/uploads\/2022\/06\/LapurlaCHIKU20210826cAnnaBeckWoerner-1-696x522c.jpeg 1x, https:\/\/www.lapurla.ch\/wp-content\/uploads\/2022\/06\/LapurlaCHIKU20210826cAnnaBeckWoerner-1-1392x1044c.jpeg 2x\">           <source width=\"516\" height=\"387\" media=\"(min-width: 576px)\" srcset=\"https:\/\/www.lapurla.ch\/wp-content\/uploads\/2022\/06\/LapurlaCHIKU20210826cAnnaBeckWoerner-1-516x387c.jpeg 1x, https:\/\/www.lapurla.ch\/wp-content\/uploads\/2022\/06\/LapurlaCHIKU20210826cAnnaBeckWoerner-1-1032x774c.jpeg 2x\">           <img loading=\"lazy\" decoding=\"async\" width=\"550\" height=\"413\"           class=\"a-image__image\"           src=\"https:\/\/www.lapurla.ch\/wp-content\/uploads\/2022\/06\/LapurlaCHIKU20210826cAnnaBeckWoerner-1-550x413c.jpeg\" data-srcset=\"https:\/\/www.lapurla.ch\/wp-content\/uploads\/2022\/06\/LapurlaCHIKU20210826cAnnaBeckWoerner-1-1100x826c.jpeg 2x\" alt=\"\"\/>       <\/picture> <\/div>                            <figcaption>\n\t\t\t\t\t\t\t\tFoto: Anna Beck-W\u00f6rner                            <\/figcaption>\n                        <\/figure>\n                    <\/div>\n\t\t\t\t                    <div class=\"swiper-slide\">\n                        <figure>\n\t\t\t\t\t\t\t<div class=\"a-image \">       <picture class=\"a-image__picture\">       \t<source width=\"1296\" height=\"972\" media=\"(min-width: 1400px)\" srcset=\"https:\/\/www.lapurla.ch\/wp-content\/uploads\/2022\/06\/LapurlaCHIKU20210826cAnnaBeckWoerner-1296x972c.jpeg 1x, https:\/\/www.lapurla.ch\/wp-content\/uploads\/2022\/06\/LapurlaCHIKU20210826cAnnaBeckWoerner-2592x1944c.jpeg 2x\">           <source width=\"1116\" height=\"837\" media=\"(min-width: 1200px)\" srcset=\"https:\/\/www.lapurla.ch\/wp-content\/uploads\/2022\/06\/LapurlaCHIKU20210826cAnnaBeckWoerner-1116x837c.jpeg 1x, https:\/\/www.lapurla.ch\/wp-content\/uploads\/2022\/06\/LapurlaCHIKU20210826cAnnaBeckWoerner-2232x1674c.jpeg 2x\">           <source width=\"936\" height=\"702\" media=\"(min-width: 992px)\" srcset=\"https:\/\/www.lapurla.ch\/wp-content\/uploads\/2022\/06\/LapurlaCHIKU20210826cAnnaBeckWoerner-936x702c.jpeg  1x, https:\/\/www.lapurla.ch\/wp-content\/uploads\/2022\/06\/LapurlaCHIKU20210826cAnnaBeckWoerner-1872x1404c.jpeg 2x\">           <source width=\"696\" height=\"522\" media=\"(min-width: 768px)\" srcset=\"https:\/\/www.lapurla.ch\/wp-content\/uploads\/2022\/06\/LapurlaCHIKU20210826cAnnaBeckWoerner-696x522c.jpeg 1x, https:\/\/www.lapurla.ch\/wp-content\/uploads\/2022\/06\/LapurlaCHIKU20210826cAnnaBeckWoerner-1392x1044c.jpeg 2x\">           <source width=\"516\" height=\"387\" media=\"(min-width: 576px)\" srcset=\"https:\/\/www.lapurla.ch\/wp-content\/uploads\/2022\/06\/LapurlaCHIKU20210826cAnnaBeckWoerner-516x387c.jpeg 1x, https:\/\/www.lapurla.ch\/wp-content\/uploads\/2022\/06\/LapurlaCHIKU20210826cAnnaBeckWoerner-1032x774c.jpeg 2x\">           <img loading=\"lazy\" decoding=\"async\" width=\"550\" height=\"413\"           class=\"a-image__image\"           src=\"https:\/\/www.lapurla.ch\/wp-content\/uploads\/2022\/06\/LapurlaCHIKU20210826cAnnaBeckWoerner-550x413c.jpeg\" data-srcset=\"https:\/\/www.lapurla.ch\/wp-content\/uploads\/2022\/06\/LapurlaCHIKU20210826cAnnaBeckWoerner-1100x826c.jpeg 2x\" alt=\"\"\/>       <\/picture> <\/div>                            <figcaption>\n\t\t\t\t\t\t\t\tFoto: Anna Beck-W\u00f6rner                            <\/figcaption>\n                        <\/figure>\n                    <\/div>\n\t\t\t\t                    <div class=\"swiper-slide\">\n                        <figure>\n\t\t\t\t\t\t\t<div class=\"a-image \">       <picture class=\"a-image__picture\">       \t<source width=\"1296\" height=\"972\" media=\"(min-width: 1400px)\" srcset=\"https:\/\/www.lapurla.ch\/wp-content\/uploads\/2022\/06\/LapurlaCHIKU20210826cAnnaBeckWoerner-4-1296x972c.jpeg 1x, https:\/\/www.lapurla.ch\/wp-content\/uploads\/2022\/06\/LapurlaCHIKU20210826cAnnaBeckWoerner-4-2592x1944c.jpeg 2x\">           <source width=\"1116\" height=\"837\" media=\"(min-width: 1200px)\" srcset=\"https:\/\/www.lapurla.ch\/wp-content\/uploads\/2022\/06\/LapurlaCHIKU20210826cAnnaBeckWoerner-4-1116x837c.jpeg 1x, https:\/\/www.lapurla.ch\/wp-content\/uploads\/2022\/06\/LapurlaCHIKU20210826cAnnaBeckWoerner-4-2232x1674c.jpeg 2x\">           <source width=\"936\" height=\"702\" media=\"(min-width: 992px)\" srcset=\"https:\/\/www.lapurla.ch\/wp-content\/uploads\/2022\/06\/LapurlaCHIKU20210826cAnnaBeckWoerner-4-936x702c.jpeg  1x, https:\/\/www.lapurla.ch\/wp-content\/uploads\/2022\/06\/LapurlaCHIKU20210826cAnnaBeckWoerner-4-1872x1404c.jpeg 2x\">           <source width=\"696\" height=\"522\" media=\"(min-width: 768px)\" srcset=\"https:\/\/www.lapurla.ch\/wp-content\/uploads\/2022\/06\/LapurlaCHIKU20210826cAnnaBeckWoerner-4-696x522c.jpeg 1x, https:\/\/www.lapurla.ch\/wp-content\/uploads\/2022\/06\/LapurlaCHIKU20210826cAnnaBeckWoerner-4-1392x1044c.jpeg 2x\">           <source width=\"516\" height=\"387\" media=\"(min-width: 576px)\" srcset=\"https:\/\/www.lapurla.ch\/wp-content\/uploads\/2022\/06\/LapurlaCHIKU20210826cAnnaBeckWoerner-4-516x387c.jpeg 1x, https:\/\/www.lapurla.ch\/wp-content\/uploads\/2022\/06\/LapurlaCHIKU20210826cAnnaBeckWoerner-4-1032x774c.jpeg 2x\">           <img loading=\"lazy\" decoding=\"async\" width=\"550\" height=\"413\"           class=\"a-image__image\"           src=\"https:\/\/www.lapurla.ch\/wp-content\/uploads\/2022\/06\/LapurlaCHIKU20210826cAnnaBeckWoerner-4-550x413c.jpeg\" data-srcset=\"https:\/\/www.lapurla.ch\/wp-content\/uploads\/2022\/06\/LapurlaCHIKU20210826cAnnaBeckWoerner-4-1100x826c.jpeg 2x\" alt=\"\"\/>       <\/picture> <\/div>                            <figcaption>\n\t\t\t\t\t\t\t\tFoto: Anna Beck-W\u00f6rner                            <\/figcaption>\n                        <\/figure>\n                    <\/div>\n\t\t\t\t                    <div class=\"swiper-slide\">\n                        <figure>\n\t\t\t\t\t\t\t<div class=\"a-image \">       <picture class=\"a-image__picture\">       \t<source width=\"1296\" height=\"972\" media=\"(min-width: 1400px)\" srcset=\"https:\/\/www.lapurla.ch\/wp-content\/uploads\/2022\/06\/LapurlaCHIKU20210826cAnnaBeckWoerner-5-1296x972c.png 1x, https:\/\/www.lapurla.ch\/wp-content\/uploads\/2022\/06\/LapurlaCHIKU20210826cAnnaBeckWoerner-5-2592x1944c.png 2x\">           <source width=\"1116\" height=\"837\" media=\"(min-width: 1200px)\" srcset=\"https:\/\/www.lapurla.ch\/wp-content\/uploads\/2022\/06\/LapurlaCHIKU20210826cAnnaBeckWoerner-5-1116x837c.png 1x, https:\/\/www.lapurla.ch\/wp-content\/uploads\/2022\/06\/LapurlaCHIKU20210826cAnnaBeckWoerner-5-2232x1674c.png 2x\">           <source width=\"936\" height=\"702\" media=\"(min-width: 992px)\" srcset=\"https:\/\/www.lapurla.ch\/wp-content\/uploads\/2022\/06\/LapurlaCHIKU20210826cAnnaBeckWoerner-5-936x702c.png  1x, https:\/\/www.lapurla.ch\/wp-content\/uploads\/2022\/06\/LapurlaCHIKU20210826cAnnaBeckWoerner-5-1872x1404c.png 2x\">           <source width=\"696\" height=\"522\" media=\"(min-width: 768px)\" srcset=\"https:\/\/www.lapurla.ch\/wp-content\/uploads\/2022\/06\/LapurlaCHIKU20210826cAnnaBeckWoerner-5-696x522c.png 1x, https:\/\/www.lapurla.ch\/wp-content\/uploads\/2022\/06\/LapurlaCHIKU20210826cAnnaBeckWoerner-5-1392x1044c.png 2x\">           <source width=\"516\" height=\"387\" media=\"(min-width: 576px)\" srcset=\"https:\/\/www.lapurla.ch\/wp-content\/uploads\/2022\/06\/LapurlaCHIKU20210826cAnnaBeckWoerner-5-516x387c.png 1x, https:\/\/www.lapurla.ch\/wp-content\/uploads\/2022\/06\/LapurlaCHIKU20210826cAnnaBeckWoerner-5-1032x774c.png 2x\">           <img loading=\"lazy\" decoding=\"async\" width=\"550\" height=\"413\"           class=\"a-image__image\"           src=\"https:\/\/www.lapurla.ch\/wp-content\/uploads\/2022\/06\/LapurlaCHIKU20210826cAnnaBeckWoerner-5-550x413c.png\" data-srcset=\"https:\/\/www.lapurla.ch\/wp-content\/uploads\/2022\/06\/LapurlaCHIKU20210826cAnnaBeckWoerner-5-1100x826c.png 2x\" alt=\"\"\/>       <\/picture> <\/div>                            <figcaption>\n\t\t\t\t\t\t\t\tFoto: Anna Beck-W\u00f6rner                            <\/figcaption>\n                        <\/figure>\n                    <\/div>\n\t\t\t\t            <\/div>\n            <div class=\"container\">\n                <div class=\"row\">\n                    <div class=\"col-12 position-relative\">\n                        <div class=\"pagination\"><\/div>\n                        <div class=\"button-wrapper\">\n                            <button class=\"swiper-button-prev\">\n\t\t\t\t\t\t\t\t<svg class=\"svg-icon icon-arrow-left\" xmlns=\"http:\/\/www.w3.org\/2000\/svg\"><use xmlns:xlink=\"http:\/\/www.w3.org\/1999\/xlink\" xlink:href=\"https:\/\/www.lapurla.ch\/wp-content\/themes\/lapurla\/dist\/icons.svg?f27dc72#arrow-left\"><\/use><\/svg>                                <span class=\"visually-hidden\">Indietro <\/span>\n                            <\/button>\n                            <button class=\"swiper-button-next\">\n\t\t\t\t\t\t\t\t<svg class=\"svg-icon icon-arrow-right\" xmlns=\"http:\/\/www.w3.org\/2000\/svg\"><use xmlns:xlink=\"http:\/\/www.w3.org\/1999\/xlink\" xlink:href=\"https:\/\/www.lapurla.ch\/wp-content\/themes\/lapurla\/dist\/icons.svg?f27dc72#arrow-right\"><\/use><\/svg>                                <span class=\"visually-hidden\">Avanti<\/span>\n                            <\/button>\n                        <\/div>\n                    <\/div>\n                <\/div>\n            <\/div>\n        <\/div>\n\t<\/div>\n        <\/div>\n    <\/div>\n\n\n\n<hr class=\"wp-block-separator has-alpha-channel-opacity\"\/>\n\n\n\n<h2 class=\"wp-block-heading\">6a ciclo di visite &#8211; febbraio \u2013 marzo 2022<\/h2>\n\n\n\n<p>\u00c8 iniziata la sesta serie di visite: cinque bambini dell&#8217;asilo nido visitano nuovamente la Kunsthalle Ziegelh\u00fctte per cinque pomeriggi. Sono accompagnati da Regina Dobler e da un altro membro del personale di Chinderhort.<br>Un nuovo gruppo, una nuova dinamica. L&#8217;interesse dei bambini era rivolto all&#8217;edificio: molte cose sono gi\u00e0 state scoperte e un breve viaggio in ascensore ne ha fatto parte. Lasciamo in gran parte la visita ai bambini: guardiamo e ci stupiamo insieme.<\/p>\n\n\n\n<div id=\"bildergalerie-block_093655b35940bd9cf883633b117bc73b\" class=\"mod-bildergalerie\">\n            <div class=\"col-12\">\n\t\t    \n<div class=\"mod-slider\">\n\t        <div id=\"slider-4e03a492-d0f4-437f-95a0-43ed66330e23\" class=\"swiper\">\n            <div class=\"swiper-wrapper\">\n\t\t\t\t                    <div class=\"swiper-slide\">\n                        <figure>\n\t\t\t\t\t\t\t<div class=\"a-image \">       <picture class=\"a-image__picture\">       \t<source width=\"1296\" height=\"972\" media=\"(min-width: 1400px)\" srcset=\"https:\/\/www.lapurla.ch\/wp-content\/uploads\/2022\/06\/LapurlaCHIKU2022-1-rotated-1296x972c.jpeg 1x, https:\/\/www.lapurla.ch\/wp-content\/uploads\/2022\/06\/LapurlaCHIKU2022-1-rotated-2592x1944c.jpeg 2x\">           <source width=\"1116\" height=\"837\" media=\"(min-width: 1200px)\" srcset=\"https:\/\/www.lapurla.ch\/wp-content\/uploads\/2022\/06\/LapurlaCHIKU2022-1-rotated-1116x837c.jpeg 1x, https:\/\/www.lapurla.ch\/wp-content\/uploads\/2022\/06\/LapurlaCHIKU2022-1-rotated-2232x1674c.jpeg 2x\">           <source width=\"936\" height=\"702\" media=\"(min-width: 992px)\" srcset=\"https:\/\/www.lapurla.ch\/wp-content\/uploads\/2022\/06\/LapurlaCHIKU2022-1-rotated-936x702c.jpeg  1x, https:\/\/www.lapurla.ch\/wp-content\/uploads\/2022\/06\/LapurlaCHIKU2022-1-rotated-1872x1404c.jpeg 2x\">           <source width=\"696\" height=\"522\" media=\"(min-width: 768px)\" srcset=\"https:\/\/www.lapurla.ch\/wp-content\/uploads\/2022\/06\/LapurlaCHIKU2022-1-rotated-696x522c.jpeg 1x, https:\/\/www.lapurla.ch\/wp-content\/uploads\/2022\/06\/LapurlaCHIKU2022-1-rotated-1392x1044c.jpeg 2x\">           <source width=\"516\" height=\"387\" media=\"(min-width: 576px)\" srcset=\"https:\/\/www.lapurla.ch\/wp-content\/uploads\/2022\/06\/LapurlaCHIKU2022-1-rotated-516x387c.jpeg 1x, https:\/\/www.lapurla.ch\/wp-content\/uploads\/2022\/06\/LapurlaCHIKU2022-1-rotated-1032x774c.jpeg 2x\">           <img loading=\"lazy\" decoding=\"async\" width=\"550\" height=\"413\"           class=\"a-image__image\"           src=\"https:\/\/www.lapurla.ch\/wp-content\/uploads\/2022\/06\/LapurlaCHIKU2022-1-rotated-550x413c.jpeg\" data-srcset=\"https:\/\/www.lapurla.ch\/wp-content\/uploads\/2022\/06\/LapurlaCHIKU2022-1-rotated-1100x826c.jpeg 2x\" alt=\"\"\/>       <\/picture> <\/div>                            <figcaption>\n\t\t\t\t\t\t\t\tFoto: Anna Beck-W\u00f6rner                            <\/figcaption>\n                        <\/figure>\n                    <\/div>\n\t\t\t\t                    <div class=\"swiper-slide\">\n                        <figure>\n\t\t\t\t\t\t\t<div class=\"a-image \">       <picture class=\"a-image__picture\">       \t<source width=\"1296\" height=\"972\" media=\"(min-width: 1400px)\" srcset=\"https:\/\/www.lapurla.ch\/wp-content\/uploads\/2022\/06\/LapurlaCHIKU2022-2-rotated-1296x972c.jpeg 1x, https:\/\/www.lapurla.ch\/wp-content\/uploads\/2022\/06\/LapurlaCHIKU2022-2-rotated-2592x1944c.jpeg 2x\">           <source width=\"1116\" height=\"837\" media=\"(min-width: 1200px)\" srcset=\"https:\/\/www.lapurla.ch\/wp-content\/uploads\/2022\/06\/LapurlaCHIKU2022-2-rotated-1116x837c.jpeg 1x, https:\/\/www.lapurla.ch\/wp-content\/uploads\/2022\/06\/LapurlaCHIKU2022-2-rotated-2232x1674c.jpeg 2x\">           <source width=\"936\" height=\"702\" media=\"(min-width: 992px)\" srcset=\"https:\/\/www.lapurla.ch\/wp-content\/uploads\/2022\/06\/LapurlaCHIKU2022-2-rotated-936x702c.jpeg  1x, https:\/\/www.lapurla.ch\/wp-content\/uploads\/2022\/06\/LapurlaCHIKU2022-2-rotated-1872x1404c.jpeg 2x\">           <source width=\"696\" height=\"522\" media=\"(min-width: 768px)\" srcset=\"https:\/\/www.lapurla.ch\/wp-content\/uploads\/2022\/06\/LapurlaCHIKU2022-2-rotated-696x522c.jpeg 1x, https:\/\/www.lapurla.ch\/wp-content\/uploads\/2022\/06\/LapurlaCHIKU2022-2-rotated-1392x1044c.jpeg 2x\">           <source width=\"516\" height=\"387\" media=\"(min-width: 576px)\" srcset=\"https:\/\/www.lapurla.ch\/wp-content\/uploads\/2022\/06\/LapurlaCHIKU2022-2-rotated-516x387c.jpeg 1x, https:\/\/www.lapurla.ch\/wp-content\/uploads\/2022\/06\/LapurlaCHIKU2022-2-rotated-1032x774c.jpeg 2x\">           <img loading=\"lazy\" decoding=\"async\" width=\"550\" height=\"413\"           class=\"a-image__image\"           src=\"https:\/\/www.lapurla.ch\/wp-content\/uploads\/2022\/06\/LapurlaCHIKU2022-2-rotated-550x413c.jpeg\" data-srcset=\"https:\/\/www.lapurla.ch\/wp-content\/uploads\/2022\/06\/LapurlaCHIKU2022-2-rotated-1100x826c.jpeg 2x\" alt=\"\"\/>       <\/picture> <\/div>                            <figcaption>\n\t\t\t\t\t\t\t\tFoto: Anna Beck-W\u00f6rner                            <\/figcaption>\n                        <\/figure>\n                    <\/div>\n\t\t\t\t                    <div class=\"swiper-slide\">\n                        <figure>\n\t\t\t\t\t\t\t<div class=\"a-image \">       <picture class=\"a-image__picture\">       \t<source width=\"1296\" height=\"972\" media=\"(min-width: 1400px)\" srcset=\"https:\/\/www.lapurla.ch\/wp-content\/uploads\/2022\/06\/LapurlaCHIKU2022-rotated-1296x972c.jpeg 1x, https:\/\/www.lapurla.ch\/wp-content\/uploads\/2022\/06\/LapurlaCHIKU2022-rotated-2592x1944c.jpeg 2x\">           <source width=\"1116\" height=\"837\" media=\"(min-width: 1200px)\" srcset=\"https:\/\/www.lapurla.ch\/wp-content\/uploads\/2022\/06\/LapurlaCHIKU2022-rotated-1116x837c.jpeg 1x, https:\/\/www.lapurla.ch\/wp-content\/uploads\/2022\/06\/LapurlaCHIKU2022-rotated-2232x1674c.jpeg 2x\">           <source width=\"936\" height=\"702\" media=\"(min-width: 992px)\" srcset=\"https:\/\/www.lapurla.ch\/wp-content\/uploads\/2022\/06\/LapurlaCHIKU2022-rotated-936x702c.jpeg  1x, https:\/\/www.lapurla.ch\/wp-content\/uploads\/2022\/06\/LapurlaCHIKU2022-rotated-1872x1404c.jpeg 2x\">           <source width=\"696\" height=\"522\" media=\"(min-width: 768px)\" srcset=\"https:\/\/www.lapurla.ch\/wp-content\/uploads\/2022\/06\/LapurlaCHIKU2022-rotated-696x522c.jpeg 1x, https:\/\/www.lapurla.ch\/wp-content\/uploads\/2022\/06\/LapurlaCHIKU2022-rotated-1392x1044c.jpeg 2x\">           <source width=\"516\" height=\"387\" media=\"(min-width: 576px)\" srcset=\"https:\/\/www.lapurla.ch\/wp-content\/uploads\/2022\/06\/LapurlaCHIKU2022-rotated-516x387c.jpeg 1x, https:\/\/www.lapurla.ch\/wp-content\/uploads\/2022\/06\/LapurlaCHIKU2022-rotated-1032x774c.jpeg 2x\">           <img loading=\"lazy\" decoding=\"async\" width=\"550\" height=\"413\"           class=\"a-image__image\"           src=\"https:\/\/www.lapurla.ch\/wp-content\/uploads\/2022\/06\/LapurlaCHIKU2022-rotated-550x413c.jpeg\" data-srcset=\"https:\/\/www.lapurla.ch\/wp-content\/uploads\/2022\/06\/LapurlaCHIKU2022-rotated-1100x826c.jpeg 2x\" alt=\"\"\/>       <\/picture> <\/div>                            <figcaption>\n\t\t\t\t\t\t\t\tFoto: Anna Beck-W\u00f6rner                            <\/figcaption>\n                        <\/figure>\n                    <\/div>\n\t\t\t\t            <\/div>\n            <div class=\"container\">\n                <div class=\"row\">\n                    <div class=\"col-12 position-relative\">\n                        <div class=\"pagination\"><\/div>\n                        <div class=\"button-wrapper\">\n                            <button class=\"swiper-button-prev\">\n\t\t\t\t\t\t\t\t<svg class=\"svg-icon icon-arrow-left\" xmlns=\"http:\/\/www.w3.org\/2000\/svg\"><use xmlns:xlink=\"http:\/\/www.w3.org\/1999\/xlink\" xlink:href=\"https:\/\/www.lapurla.ch\/wp-content\/themes\/lapurla\/dist\/icons.svg?f27dc72#arrow-left\"><\/use><\/svg>                                <span class=\"visually-hidden\">Indietro <\/span>\n                            <\/button>\n                            <button class=\"swiper-button-next\">\n\t\t\t\t\t\t\t\t<svg class=\"svg-icon icon-arrow-right\" xmlns=\"http:\/\/www.w3.org\/2000\/svg\"><use xmlns:xlink=\"http:\/\/www.w3.org\/1999\/xlink\" xlink:href=\"https:\/\/www.lapurla.ch\/wp-content\/themes\/lapurla\/dist\/icons.svg?f27dc72#arrow-right\"><\/use><\/svg>                                <span class=\"visually-hidden\">Avanti<\/span>\n                            <\/button>\n                        <\/div>\n                    <\/div>\n                <\/div>\n            <\/div>\n        <\/div>\n\t<\/div>\n        <\/div>\n    <\/div>\n\n\n\n<hr class=\"wp-block-separator has-alpha-channel-opacity\"\/>\n\n\n\n<h2 class=\"wp-block-heading\">7a serie di visite | Agosto 2022<\/h2>\n\n\n\n<p>Ieri la Kunsthalle Ziegelh\u00fctte \u00e8 stata animata! Regina Dobler e Reto Naef ci hanno fatto visita con cinque bambini di Chinderhort Appenzell. Grande gioia! E infine una torta: ci congratuliamo anche con il Chinderhort per il suo 20\u00b0 anniversario.<\/p>\n\n\n\n<div id=\"bildergalerie-block_97f05c72bb00ba74d7ecbcb4be007066\" class=\"mod-bildergalerie\">\n            <div class=\"col-12\">\n\t\t    \n<div class=\"mod-slider\">\n\t        <div id=\"slider-56d8928f-5a61-40d2-8ba5-ed5aa6d4dfa5\" class=\"swiper\">\n            <div class=\"swiper-wrapper\">\n\t\t\t\t                    <div class=\"swiper-slide\">\n                        <figure>\n\t\t\t\t\t\t\t<div class=\"a-image \">       <picture class=\"a-image__picture\">       \t<source width=\"1296\" height=\"972\" media=\"(min-width: 1400px)\" srcset=\"https:\/\/www.lapurla.ch\/wp-content\/uploads\/2022\/06\/LapurlaCHIKU2022-5-rotated-1296x972c.jpeg 1x, https:\/\/www.lapurla.ch\/wp-content\/uploads\/2022\/06\/LapurlaCHIKU2022-5-rotated-2592x1944c.jpeg 2x\">           <source width=\"1116\" height=\"837\" media=\"(min-width: 1200px)\" srcset=\"https:\/\/www.lapurla.ch\/wp-content\/uploads\/2022\/06\/LapurlaCHIKU2022-5-rotated-1116x837c.jpeg 1x, https:\/\/www.lapurla.ch\/wp-content\/uploads\/2022\/06\/LapurlaCHIKU2022-5-rotated-2232x1674c.jpeg 2x\">           <source width=\"936\" height=\"702\" media=\"(min-width: 992px)\" srcset=\"https:\/\/www.lapurla.ch\/wp-content\/uploads\/2022\/06\/LapurlaCHIKU2022-5-rotated-936x702c.jpeg  1x, https:\/\/www.lapurla.ch\/wp-content\/uploads\/2022\/06\/LapurlaCHIKU2022-5-rotated-1872x1404c.jpeg 2x\">           <source width=\"696\" height=\"522\" media=\"(min-width: 768px)\" srcset=\"https:\/\/www.lapurla.ch\/wp-content\/uploads\/2022\/06\/LapurlaCHIKU2022-5-rotated-696x522c.jpeg 1x, https:\/\/www.lapurla.ch\/wp-content\/uploads\/2022\/06\/LapurlaCHIKU2022-5-rotated-1392x1044c.jpeg 2x\">           <source width=\"516\" height=\"387\" media=\"(min-width: 576px)\" srcset=\"https:\/\/www.lapurla.ch\/wp-content\/uploads\/2022\/06\/LapurlaCHIKU2022-5-rotated-516x387c.jpeg 1x, https:\/\/www.lapurla.ch\/wp-content\/uploads\/2022\/06\/LapurlaCHIKU2022-5-rotated-1032x774c.jpeg 2x\">           <img loading=\"lazy\" decoding=\"async\" width=\"550\" height=\"413\"           class=\"a-image__image\"           src=\"https:\/\/www.lapurla.ch\/wp-content\/uploads\/2022\/06\/LapurlaCHIKU2022-5-rotated-550x413c.jpeg\" data-srcset=\"https:\/\/www.lapurla.ch\/wp-content\/uploads\/2022\/06\/LapurlaCHIKU2022-5-rotated-1100x826c.jpeg 2x\" alt=\"\"\/>       <\/picture> <\/div>                            <figcaption>\n\t\t\t\t\t\t\t\tFoto: Anna Beck-W\u00f6rner                            <\/figcaption>\n                        <\/figure>\n                    <\/div>\n\t\t\t\t                    <div class=\"swiper-slide\">\n                        <figure>\n\t\t\t\t\t\t\t<div class=\"a-image \">       <picture class=\"a-image__picture\">       \t<source width=\"1296\" height=\"972\" media=\"(min-width: 1400px)\" srcset=\"https:\/\/www.lapurla.ch\/wp-content\/uploads\/2022\/06\/LapurlaCHIKU2022-4-rotated-1296x972c.jpeg 1x, https:\/\/www.lapurla.ch\/wp-content\/uploads\/2022\/06\/LapurlaCHIKU2022-4-rotated-2592x1944c.jpeg 2x\">           <source width=\"1116\" height=\"837\" media=\"(min-width: 1200px)\" srcset=\"https:\/\/www.lapurla.ch\/wp-content\/uploads\/2022\/06\/LapurlaCHIKU2022-4-rotated-1116x837c.jpeg 1x, https:\/\/www.lapurla.ch\/wp-content\/uploads\/2022\/06\/LapurlaCHIKU2022-4-rotated-2232x1674c.jpeg 2x\">           <source width=\"936\" height=\"702\" media=\"(min-width: 992px)\" srcset=\"https:\/\/www.lapurla.ch\/wp-content\/uploads\/2022\/06\/LapurlaCHIKU2022-4-rotated-936x702c.jpeg  1x, https:\/\/www.lapurla.ch\/wp-content\/uploads\/2022\/06\/LapurlaCHIKU2022-4-rotated-1872x1404c.jpeg 2x\">           <source width=\"696\" height=\"522\" media=\"(min-width: 768px)\" srcset=\"https:\/\/www.lapurla.ch\/wp-content\/uploads\/2022\/06\/LapurlaCHIKU2022-4-rotated-696x522c.jpeg 1x, https:\/\/www.lapurla.ch\/wp-content\/uploads\/2022\/06\/LapurlaCHIKU2022-4-rotated-1392x1044c.jpeg 2x\">           <source width=\"516\" height=\"387\" media=\"(min-width: 576px)\" srcset=\"https:\/\/www.lapurla.ch\/wp-content\/uploads\/2022\/06\/LapurlaCHIKU2022-4-rotated-516x387c.jpeg 1x, https:\/\/www.lapurla.ch\/wp-content\/uploads\/2022\/06\/LapurlaCHIKU2022-4-rotated-1032x774c.jpeg 2x\">           <img loading=\"lazy\" decoding=\"async\" width=\"550\" height=\"413\"           class=\"a-image__image\"           src=\"https:\/\/www.lapurla.ch\/wp-content\/uploads\/2022\/06\/LapurlaCHIKU2022-4-rotated-550x413c.jpeg\" data-srcset=\"https:\/\/www.lapurla.ch\/wp-content\/uploads\/2022\/06\/LapurlaCHIKU2022-4-rotated-1100x826c.jpeg 2x\" alt=\"\"\/>       <\/picture> <\/div>                            <figcaption>\n\t\t\t\t\t\t\t\tFoto: Anna Beck-W\u00f6rner                            <\/figcaption>\n                        <\/figure>\n                    <\/div>\n\t\t\t\t                    <div class=\"swiper-slide\">\n                        <figure>\n\t\t\t\t\t\t\t<div class=\"a-image \">       <picture class=\"a-image__picture\">       \t<source width=\"1296\" height=\"972\" media=\"(min-width: 1400px)\" srcset=\"https:\/\/www.lapurla.ch\/wp-content\/uploads\/2022\/06\/LapurlaCHIKU2022-3-rotated-1296x972c.jpeg 1x, https:\/\/www.lapurla.ch\/wp-content\/uploads\/2022\/06\/LapurlaCHIKU2022-3-rotated-2592x1944c.jpeg 2x\">           <source width=\"1116\" height=\"837\" media=\"(min-width: 1200px)\" srcset=\"https:\/\/www.lapurla.ch\/wp-content\/uploads\/2022\/06\/LapurlaCHIKU2022-3-rotated-1116x837c.jpeg 1x, https:\/\/www.lapurla.ch\/wp-content\/uploads\/2022\/06\/LapurlaCHIKU2022-3-rotated-2232x1674c.jpeg 2x\">           <source width=\"936\" height=\"702\" media=\"(min-width: 992px)\" srcset=\"https:\/\/www.lapurla.ch\/wp-content\/uploads\/2022\/06\/LapurlaCHIKU2022-3-rotated-936x702c.jpeg  1x, https:\/\/www.lapurla.ch\/wp-content\/uploads\/2022\/06\/LapurlaCHIKU2022-3-rotated-1872x1404c.jpeg 2x\">           <source width=\"696\" height=\"522\" media=\"(min-width: 768px)\" srcset=\"https:\/\/www.lapurla.ch\/wp-content\/uploads\/2022\/06\/LapurlaCHIKU2022-3-rotated-696x522c.jpeg 1x, https:\/\/www.lapurla.ch\/wp-content\/uploads\/2022\/06\/LapurlaCHIKU2022-3-rotated-1392x1044c.jpeg 2x\">           <source width=\"516\" height=\"387\" media=\"(min-width: 576px)\" srcset=\"https:\/\/www.lapurla.ch\/wp-content\/uploads\/2022\/06\/LapurlaCHIKU2022-3-rotated-516x387c.jpeg 1x, https:\/\/www.lapurla.ch\/wp-content\/uploads\/2022\/06\/LapurlaCHIKU2022-3-rotated-1032x774c.jpeg 2x\">           <img loading=\"lazy\" decoding=\"async\" width=\"550\" height=\"413\"           class=\"a-image__image\"           src=\"https:\/\/www.lapurla.ch\/wp-content\/uploads\/2022\/06\/LapurlaCHIKU2022-3-rotated-550x413c.jpeg\" data-srcset=\"https:\/\/www.lapurla.ch\/wp-content\/uploads\/2022\/06\/LapurlaCHIKU2022-3-rotated-1100x826c.jpeg 2x\" alt=\"\"\/>       <\/picture> <\/div>                            <figcaption>\n\t\t\t\t\t\t\t\tFoto: Anna Beck-W\u00f6rner                            <\/figcaption>\n                        <\/figure>\n                    <\/div>\n\t\t\t\t                    <div class=\"swiper-slide\">\n                        <figure>\n\t\t\t\t\t\t\t<div class=\"a-image \">       <picture class=\"a-image__picture\">       \t<source width=\"1296\" height=\"972\" media=\"(min-width: 1400px)\" srcset=\"https:\/\/www.lapurla.ch\/wp-content\/uploads\/2022\/06\/LapurlaCHIKU2022-1-1-rotated-1296x972c.jpeg 1x, https:\/\/www.lapurla.ch\/wp-content\/uploads\/2022\/06\/LapurlaCHIKU2022-1-1-rotated-2592x1944c.jpeg 2x\">           <source width=\"1116\" height=\"837\" media=\"(min-width: 1200px)\" srcset=\"https:\/\/www.lapurla.ch\/wp-content\/uploads\/2022\/06\/LapurlaCHIKU2022-1-1-rotated-1116x837c.jpeg 1x, https:\/\/www.lapurla.ch\/wp-content\/uploads\/2022\/06\/LapurlaCHIKU2022-1-1-rotated-2232x1674c.jpeg 2x\">           <source width=\"936\" height=\"702\" media=\"(min-width: 992px)\" srcset=\"https:\/\/www.lapurla.ch\/wp-content\/uploads\/2022\/06\/LapurlaCHIKU2022-1-1-rotated-936x702c.jpeg  1x, https:\/\/www.lapurla.ch\/wp-content\/uploads\/2022\/06\/LapurlaCHIKU2022-1-1-rotated-1872x1404c.jpeg 2x\">           <source width=\"696\" height=\"522\" media=\"(min-width: 768px)\" srcset=\"https:\/\/www.lapurla.ch\/wp-content\/uploads\/2022\/06\/LapurlaCHIKU2022-1-1-rotated-696x522c.jpeg 1x, https:\/\/www.lapurla.ch\/wp-content\/uploads\/2022\/06\/LapurlaCHIKU2022-1-1-rotated-1392x1044c.jpeg 2x\">           <source width=\"516\" height=\"387\" media=\"(min-width: 576px)\" srcset=\"https:\/\/www.lapurla.ch\/wp-content\/uploads\/2022\/06\/LapurlaCHIKU2022-1-1-rotated-516x387c.jpeg 1x, https:\/\/www.lapurla.ch\/wp-content\/uploads\/2022\/06\/LapurlaCHIKU2022-1-1-rotated-1032x774c.jpeg 2x\">           <img loading=\"lazy\" decoding=\"async\" width=\"550\" height=\"413\"           class=\"a-image__image\"           src=\"https:\/\/www.lapurla.ch\/wp-content\/uploads\/2022\/06\/LapurlaCHIKU2022-1-1-rotated-550x413c.jpeg\" data-srcset=\"https:\/\/www.lapurla.ch\/wp-content\/uploads\/2022\/06\/LapurlaCHIKU2022-1-1-rotated-1100x826c.jpeg 2x\" alt=\"\"\/>       <\/picture> <\/div>                            <figcaption>\n\t\t\t\t\t\t\t\tFoto: Anna Beck-W\u00f6rner                            <\/figcaption>\n                        <\/figure>\n                    <\/div>\n\t\t\t\t                    <div class=\"swiper-slide\">\n                        <figure>\n\t\t\t\t\t\t\t<div class=\"a-image \">       <picture class=\"a-image__picture\">       \t<source width=\"1296\" height=\"972\" media=\"(min-width: 1400px)\" srcset=\"https:\/\/www.lapurla.ch\/wp-content\/uploads\/2022\/06\/LapurlaCHIKU2022-2-1-1296x972c.jpeg 1x, https:\/\/www.lapurla.ch\/wp-content\/uploads\/2022\/06\/LapurlaCHIKU2022-2-1-2592x1944c.jpeg 2x\">           <source width=\"1116\" height=\"837\" media=\"(min-width: 1200px)\" srcset=\"https:\/\/www.lapurla.ch\/wp-content\/uploads\/2022\/06\/LapurlaCHIKU2022-2-1-1116x837c.jpeg 1x, https:\/\/www.lapurla.ch\/wp-content\/uploads\/2022\/06\/LapurlaCHIKU2022-2-1-2232x1674c.jpeg 2x\">           <source width=\"936\" height=\"702\" media=\"(min-width: 992px)\" srcset=\"https:\/\/www.lapurla.ch\/wp-content\/uploads\/2022\/06\/LapurlaCHIKU2022-2-1-936x702c.jpeg  1x, https:\/\/www.lapurla.ch\/wp-content\/uploads\/2022\/06\/LapurlaCHIKU2022-2-1-1872x1404c.jpeg 2x\">           <source width=\"696\" height=\"522\" media=\"(min-width: 768px)\" srcset=\"https:\/\/www.lapurla.ch\/wp-content\/uploads\/2022\/06\/LapurlaCHIKU2022-2-1-696x522c.jpeg 1x, https:\/\/www.lapurla.ch\/wp-content\/uploads\/2022\/06\/LapurlaCHIKU2022-2-1-1392x1044c.jpeg 2x\">           <source width=\"516\" height=\"387\" media=\"(min-width: 576px)\" srcset=\"https:\/\/www.lapurla.ch\/wp-content\/uploads\/2022\/06\/LapurlaCHIKU2022-2-1-516x387c.jpeg 1x, https:\/\/www.lapurla.ch\/wp-content\/uploads\/2022\/06\/LapurlaCHIKU2022-2-1-1032x774c.jpeg 2x\">           <img loading=\"lazy\" decoding=\"async\" width=\"550\" height=\"413\"           class=\"a-image__image\"           src=\"https:\/\/www.lapurla.ch\/wp-content\/uploads\/2022\/06\/LapurlaCHIKU2022-2-1-550x413c.jpeg\" data-srcset=\"https:\/\/www.lapurla.ch\/wp-content\/uploads\/2022\/06\/LapurlaCHIKU2022-2-1-1100x826c.jpeg 2x\" alt=\"\"\/>       <\/picture> <\/div>                            <figcaption>\n\t\t\t\t\t\t\t\tFoto: Anna Beck-W\u00f6rner                            <\/figcaption>\n                        <\/figure>\n                    <\/div>\n\t\t\t\t            <\/div>\n            <div class=\"container\">\n                <div class=\"row\">\n                    <div class=\"col-12 position-relative\">\n                        <div class=\"pagination\"><\/div>\n                        <div class=\"button-wrapper\">\n                            <button class=\"swiper-button-prev\">\n\t\t\t\t\t\t\t\t<svg class=\"svg-icon icon-arrow-left\" xmlns=\"http:\/\/www.w3.org\/2000\/svg\"><use xmlns:xlink=\"http:\/\/www.w3.org\/1999\/xlink\" xlink:href=\"https:\/\/www.lapurla.ch\/wp-content\/themes\/lapurla\/dist\/icons.svg?f27dc72#arrow-left\"><\/use><\/svg>                                <span class=\"visually-hidden\">Indietro <\/span>\n                            <\/button>\n                            <button class=\"swiper-button-next\">\n\t\t\t\t\t\t\t\t<svg class=\"svg-icon icon-arrow-right\" xmlns=\"http:\/\/www.w3.org\/2000\/svg\"><use xmlns:xlink=\"http:\/\/www.w3.org\/1999\/xlink\" xlink:href=\"https:\/\/www.lapurla.ch\/wp-content\/themes\/lapurla\/dist\/icons.svg?f27dc72#arrow-right\"><\/use><\/svg>                                <span class=\"visually-hidden\">Avanti<\/span>\n                            <\/button>\n                        <\/div>\n                    <\/div>\n                <\/div>\n            <\/div>\n        <\/div>\n\t<\/div>\n        <\/div>\n    <\/div>\n\n\n\n<hr class=\"wp-block-separator has-alpha-channel-opacity\"\/>\n\n\n\n<h2 class=\"wp-block-heading\">8a serie di visite | marzo \u2013 aprile 2023<\/h2>\n\n\n\n<p>Per un periodo di quattro settimane, cinque bambini della scuola materna di Appenzello visitano la Kunsthalle Appenzell. Insieme ai loro compagni e all&#8217;educatore artistico, fanno un tour alla scoperta dell&#8217;emozionante edificio.<br>C&#8217;\u00e8 cos\u00ec tanto da scoprire! Luce, legno, angoli bui, un labirinto, cemento, mattoni: tutto vuole essere vissuto. Ci incamminiamo a passo spedito e, a piccoli passi, ci soffermiamo dove \u00e8 particolarmente emozionante.<br>Ovunque ci sia un&#8217;offerta, ci lasciamo andare &#8211; chi pi\u00f9 brevemente e chi pi\u00f9 a lungo. Risate di bambini, stupore, piccoli passi veloci, grande silenzio, brevi pianti, rumori di macchina da scrivere: la casa \u00e8 piena di suoni. Fantastico, siamo tornati di nuovo! Queste piccole grandi persone!<\/p>\n\n\n\n<div id=\"bildergalerie-block_86bafdf4e1306fefcb98ef82978f0093\" class=\"mod-bildergalerie\">\n            <div class=\"col-12\">\n\t\t    \n<div class=\"mod-slider\">\n\t        <div id=\"slider-2af5bb19-fb8c-4a73-874c-289be65717a7\" class=\"swiper\">\n            <div class=\"swiper-wrapper\">\n\t\t\t\t                    <div class=\"swiper-slide\">\n                        <figure>\n\t\t\t\t\t\t\t<div class=\"a-image \">       <picture class=\"a-image__picture\">       \t<source width=\"1296\" height=\"972\" media=\"(min-width: 1400px)\" srcset=\"https:\/\/www.lapurla.ch\/wp-content\/uploads\/2022\/06\/LapurlaCHIKU0320220-1296x972c.jpeg 1x, https:\/\/www.lapurla.ch\/wp-content\/uploads\/2022\/06\/LapurlaCHIKU0320220-2592x1944c.jpeg 2x\">           <source width=\"1116\" height=\"837\" media=\"(min-width: 1200px)\" srcset=\"https:\/\/www.lapurla.ch\/wp-content\/uploads\/2022\/06\/LapurlaCHIKU0320220-1116x837c.jpeg 1x, https:\/\/www.lapurla.ch\/wp-content\/uploads\/2022\/06\/LapurlaCHIKU0320220-2232x1674c.jpeg 2x\">           <source width=\"936\" height=\"702\" media=\"(min-width: 992px)\" srcset=\"https:\/\/www.lapurla.ch\/wp-content\/uploads\/2022\/06\/LapurlaCHIKU0320220-936x702c.jpeg  1x, https:\/\/www.lapurla.ch\/wp-content\/uploads\/2022\/06\/LapurlaCHIKU0320220-1872x1404c.jpeg 2x\">           <source width=\"696\" height=\"522\" media=\"(min-width: 768px)\" srcset=\"https:\/\/www.lapurla.ch\/wp-content\/uploads\/2022\/06\/LapurlaCHIKU0320220-696x522c.jpeg 1x, https:\/\/www.lapurla.ch\/wp-content\/uploads\/2022\/06\/LapurlaCHIKU0320220-1392x1044c.jpeg 2x\">           <source width=\"516\" height=\"387\" media=\"(min-width: 576px)\" srcset=\"https:\/\/www.lapurla.ch\/wp-content\/uploads\/2022\/06\/LapurlaCHIKU0320220-516x387c.jpeg 1x, https:\/\/www.lapurla.ch\/wp-content\/uploads\/2022\/06\/LapurlaCHIKU0320220-1032x774c.jpeg 2x\">           <img loading=\"lazy\" decoding=\"async\" width=\"550\" height=\"413\"           class=\"a-image__image\"           src=\"https:\/\/www.lapurla.ch\/wp-content\/uploads\/2022\/06\/LapurlaCHIKU0320220-550x413c.jpeg\" data-srcset=\"https:\/\/www.lapurla.ch\/wp-content\/uploads\/2022\/06\/LapurlaCHIKU0320220-1100x826c.jpeg 2x\" alt=\"\"\/>       <\/picture> <\/div>                            <figcaption>\n\t\t\t\t\t\t\t\t                            <\/figcaption>\n                        <\/figure>\n                    <\/div>\n\t\t\t\t                    <div class=\"swiper-slide\">\n                        <figure>\n\t\t\t\t\t\t\t<div class=\"a-image \">       <picture class=\"a-image__picture\">       \t<source width=\"1296\" height=\"972\" media=\"(min-width: 1400px)\" srcset=\"https:\/\/www.lapurla.ch\/wp-content\/uploads\/2022\/06\/LapurlaCHIKU032022-12-1296x972c.jpeg 1x, https:\/\/www.lapurla.ch\/wp-content\/uploads\/2022\/06\/LapurlaCHIKU032022-12-2592x1944c.jpeg 2x\">           <source width=\"1116\" height=\"837\" media=\"(min-width: 1200px)\" srcset=\"https:\/\/www.lapurla.ch\/wp-content\/uploads\/2022\/06\/LapurlaCHIKU032022-12-1116x837c.jpeg 1x, https:\/\/www.lapurla.ch\/wp-content\/uploads\/2022\/06\/LapurlaCHIKU032022-12-2232x1674c.jpeg 2x\">           <source width=\"936\" height=\"702\" media=\"(min-width: 992px)\" srcset=\"https:\/\/www.lapurla.ch\/wp-content\/uploads\/2022\/06\/LapurlaCHIKU032022-12-936x702c.jpeg  1x, https:\/\/www.lapurla.ch\/wp-content\/uploads\/2022\/06\/LapurlaCHIKU032022-12-1872x1404c.jpeg 2x\">           <source width=\"696\" height=\"522\" media=\"(min-width: 768px)\" srcset=\"https:\/\/www.lapurla.ch\/wp-content\/uploads\/2022\/06\/LapurlaCHIKU032022-12-696x522c.jpeg 1x, https:\/\/www.lapurla.ch\/wp-content\/uploads\/2022\/06\/LapurlaCHIKU032022-12-1392x1044c.jpeg 2x\">           <source width=\"516\" height=\"387\" media=\"(min-width: 576px)\" srcset=\"https:\/\/www.lapurla.ch\/wp-content\/uploads\/2022\/06\/LapurlaCHIKU032022-12-516x387c.jpeg 1x, https:\/\/www.lapurla.ch\/wp-content\/uploads\/2022\/06\/LapurlaCHIKU032022-12-1032x774c.jpeg 2x\">           <img loading=\"lazy\" decoding=\"async\" width=\"550\" height=\"413\"           class=\"a-image__image\"           src=\"https:\/\/www.lapurla.ch\/wp-content\/uploads\/2022\/06\/LapurlaCHIKU032022-12-550x413c.jpeg\" data-srcset=\"https:\/\/www.lapurla.ch\/wp-content\/uploads\/2022\/06\/LapurlaCHIKU032022-12-1100x826c.jpeg 2x\" alt=\"\"\/>       <\/picture> <\/div>                            <figcaption>\n\t\t\t\t\t\t\t\tFoto: Anna Beck-W\u00f6rner                            <\/figcaption>\n                        <\/figure>\n                    <\/div>\n\t\t\t\t                    <div class=\"swiper-slide\">\n                        <figure>\n\t\t\t\t\t\t\t<div class=\"a-image \">       <picture class=\"a-image__picture\">       \t<source width=\"1296\" height=\"972\" media=\"(min-width: 1400px)\" srcset=\"https:\/\/www.lapurla.ch\/wp-content\/uploads\/2022\/06\/LapurlaCHIKU032022-10-1296x972c.jpeg 1x, https:\/\/www.lapurla.ch\/wp-content\/uploads\/2022\/06\/LapurlaCHIKU032022-10-2592x1944c.jpeg 2x\">           <source width=\"1116\" height=\"837\" media=\"(min-width: 1200px)\" srcset=\"https:\/\/www.lapurla.ch\/wp-content\/uploads\/2022\/06\/LapurlaCHIKU032022-10-1116x837c.jpeg 1x, https:\/\/www.lapurla.ch\/wp-content\/uploads\/2022\/06\/LapurlaCHIKU032022-10-2232x1674c.jpeg 2x\">           <source width=\"936\" height=\"702\" media=\"(min-width: 992px)\" srcset=\"https:\/\/www.lapurla.ch\/wp-content\/uploads\/2022\/06\/LapurlaCHIKU032022-10-936x702c.jpeg  1x, https:\/\/www.lapurla.ch\/wp-content\/uploads\/2022\/06\/LapurlaCHIKU032022-10-1872x1404c.jpeg 2x\">           <source width=\"696\" height=\"522\" media=\"(min-width: 768px)\" srcset=\"https:\/\/www.lapurla.ch\/wp-content\/uploads\/2022\/06\/LapurlaCHIKU032022-10-696x522c.jpeg 1x, https:\/\/www.lapurla.ch\/wp-content\/uploads\/2022\/06\/LapurlaCHIKU032022-10-1392x1044c.jpeg 2x\">           <source width=\"516\" height=\"387\" media=\"(min-width: 576px)\" srcset=\"https:\/\/www.lapurla.ch\/wp-content\/uploads\/2022\/06\/LapurlaCHIKU032022-10-516x387c.jpeg 1x, https:\/\/www.lapurla.ch\/wp-content\/uploads\/2022\/06\/LapurlaCHIKU032022-10-1032x774c.jpeg 2x\">           <img loading=\"lazy\" decoding=\"async\" width=\"550\" height=\"413\"           class=\"a-image__image\"           src=\"https:\/\/www.lapurla.ch\/wp-content\/uploads\/2022\/06\/LapurlaCHIKU032022-10-550x413c.jpeg\" data-srcset=\"https:\/\/www.lapurla.ch\/wp-content\/uploads\/2022\/06\/LapurlaCHIKU032022-10-1100x826c.jpeg 2x\" alt=\"\"\/>       <\/picture> <\/div>                            <figcaption>\n\t\t\t\t\t\t\t\tFoto: Anna Beck-W\u00f6rner                            <\/figcaption>\n                        <\/figure>\n                    <\/div>\n\t\t\t\t                    <div class=\"swiper-slide\">\n                        <figure>\n\t\t\t\t\t\t\t<div class=\"a-image \">       <picture class=\"a-image__picture\">       \t<source width=\"1296\" height=\"972\" media=\"(min-width: 1400px)\" srcset=\"https:\/\/www.lapurla.ch\/wp-content\/uploads\/2022\/06\/LapurlaCHIKU032022-9-1296x972c.jpeg 1x, https:\/\/www.lapurla.ch\/wp-content\/uploads\/2022\/06\/LapurlaCHIKU032022-9-2592x1944c.jpeg 2x\">           <source width=\"1116\" height=\"837\" media=\"(min-width: 1200px)\" srcset=\"https:\/\/www.lapurla.ch\/wp-content\/uploads\/2022\/06\/LapurlaCHIKU032022-9-1116x837c.jpeg 1x, https:\/\/www.lapurla.ch\/wp-content\/uploads\/2022\/06\/LapurlaCHIKU032022-9-2232x1674c.jpeg 2x\">           <source width=\"936\" height=\"702\" media=\"(min-width: 992px)\" srcset=\"https:\/\/www.lapurla.ch\/wp-content\/uploads\/2022\/06\/LapurlaCHIKU032022-9-936x702c.jpeg  1x, https:\/\/www.lapurla.ch\/wp-content\/uploads\/2022\/06\/LapurlaCHIKU032022-9-1872x1404c.jpeg 2x\">           <source width=\"696\" height=\"522\" media=\"(min-width: 768px)\" srcset=\"https:\/\/www.lapurla.ch\/wp-content\/uploads\/2022\/06\/LapurlaCHIKU032022-9-696x522c.jpeg 1x, https:\/\/www.lapurla.ch\/wp-content\/uploads\/2022\/06\/LapurlaCHIKU032022-9-1392x1044c.jpeg 2x\">           <source width=\"516\" height=\"387\" media=\"(min-width: 576px)\" srcset=\"https:\/\/www.lapurla.ch\/wp-content\/uploads\/2022\/06\/LapurlaCHIKU032022-9-516x387c.jpeg 1x, https:\/\/www.lapurla.ch\/wp-content\/uploads\/2022\/06\/LapurlaCHIKU032022-9-1032x774c.jpeg 2x\">           <img loading=\"lazy\" decoding=\"async\" width=\"550\" height=\"413\"           class=\"a-image__image\"           src=\"https:\/\/www.lapurla.ch\/wp-content\/uploads\/2022\/06\/LapurlaCHIKU032022-9-550x413c.jpeg\" data-srcset=\"https:\/\/www.lapurla.ch\/wp-content\/uploads\/2022\/06\/LapurlaCHIKU032022-9-1100x826c.jpeg 2x\" alt=\"\"\/>       <\/picture> <\/div>                            <figcaption>\n\t\t\t\t\t\t\t\tFoto: Anna Beck-W\u00f6rner                            <\/figcaption>\n                        <\/figure>\n                    <\/div>\n\t\t\t\t                    <div class=\"swiper-slide\">\n                        <figure>\n\t\t\t\t\t\t\t<div class=\"a-image \">       <picture class=\"a-image__picture\">       \t<source width=\"1296\" height=\"972\" media=\"(min-width: 1400px)\" srcset=\"https:\/\/www.lapurla.ch\/wp-content\/uploads\/2022\/06\/LapurlaCHIKU032022-8-1296x972c.jpeg 1x, https:\/\/www.lapurla.ch\/wp-content\/uploads\/2022\/06\/LapurlaCHIKU032022-8-2592x1944c.jpeg 2x\">           <source width=\"1116\" height=\"837\" media=\"(min-width: 1200px)\" srcset=\"https:\/\/www.lapurla.ch\/wp-content\/uploads\/2022\/06\/LapurlaCHIKU032022-8-1116x837c.jpeg 1x, https:\/\/www.lapurla.ch\/wp-content\/uploads\/2022\/06\/LapurlaCHIKU032022-8-2232x1674c.jpeg 2x\">           <source width=\"936\" height=\"702\" media=\"(min-width: 992px)\" srcset=\"https:\/\/www.lapurla.ch\/wp-content\/uploads\/2022\/06\/LapurlaCHIKU032022-8-936x702c.jpeg  1x, https:\/\/www.lapurla.ch\/wp-content\/uploads\/2022\/06\/LapurlaCHIKU032022-8-1872x1404c.jpeg 2x\">           <source width=\"696\" height=\"522\" media=\"(min-width: 768px)\" srcset=\"https:\/\/www.lapurla.ch\/wp-content\/uploads\/2022\/06\/LapurlaCHIKU032022-8-696x522c.jpeg 1x, https:\/\/www.lapurla.ch\/wp-content\/uploads\/2022\/06\/LapurlaCHIKU032022-8-1392x1044c.jpeg 2x\">           <source width=\"516\" height=\"387\" media=\"(min-width: 576px)\" srcset=\"https:\/\/www.lapurla.ch\/wp-content\/uploads\/2022\/06\/LapurlaCHIKU032022-8-516x387c.jpeg 1x, https:\/\/www.lapurla.ch\/wp-content\/uploads\/2022\/06\/LapurlaCHIKU032022-8-1032x774c.jpeg 2x\">           <img loading=\"lazy\" decoding=\"async\" width=\"550\" height=\"413\"           class=\"a-image__image\"           src=\"https:\/\/www.lapurla.ch\/wp-content\/uploads\/2022\/06\/LapurlaCHIKU032022-8-550x413c.jpeg\" data-srcset=\"https:\/\/www.lapurla.ch\/wp-content\/uploads\/2022\/06\/LapurlaCHIKU032022-8-1100x826c.jpeg 2x\" alt=\"\"\/>       <\/picture> <\/div>                            <figcaption>\n\t\t\t\t\t\t\t\tFoto: Anna Beck-W\u00f6rner                            <\/figcaption>\n                        <\/figure>\n                    <\/div>\n\t\t\t\t                    <div class=\"swiper-slide\">\n                        <figure>\n\t\t\t\t\t\t\t<div class=\"a-image \">       <picture class=\"a-image__picture\">       \t<source width=\"1296\" height=\"972\" media=\"(min-width: 1400px)\" srcset=\"https:\/\/www.lapurla.ch\/wp-content\/uploads\/2022\/06\/LapurlaCHIKU032022-7-1296x972c.jpeg 1x, https:\/\/www.lapurla.ch\/wp-content\/uploads\/2022\/06\/LapurlaCHIKU032022-7-2592x1944c.jpeg 2x\">           <source width=\"1116\" height=\"837\" media=\"(min-width: 1200px)\" srcset=\"https:\/\/www.lapurla.ch\/wp-content\/uploads\/2022\/06\/LapurlaCHIKU032022-7-1116x837c.jpeg 1x, https:\/\/www.lapurla.ch\/wp-content\/uploads\/2022\/06\/LapurlaCHIKU032022-7-2232x1674c.jpeg 2x\">           <source width=\"936\" height=\"702\" media=\"(min-width: 992px)\" srcset=\"https:\/\/www.lapurla.ch\/wp-content\/uploads\/2022\/06\/LapurlaCHIKU032022-7-936x702c.jpeg  1x, https:\/\/www.lapurla.ch\/wp-content\/uploads\/2022\/06\/LapurlaCHIKU032022-7-1872x1404c.jpeg 2x\">           <source width=\"696\" height=\"522\" media=\"(min-width: 768px)\" srcset=\"https:\/\/www.lapurla.ch\/wp-content\/uploads\/2022\/06\/LapurlaCHIKU032022-7-696x522c.jpeg 1x, https:\/\/www.lapurla.ch\/wp-content\/uploads\/2022\/06\/LapurlaCHIKU032022-7-1392x1044c.jpeg 2x\">           <source width=\"516\" height=\"387\" media=\"(min-width: 576px)\" srcset=\"https:\/\/www.lapurla.ch\/wp-content\/uploads\/2022\/06\/LapurlaCHIKU032022-7-516x387c.jpeg 1x, https:\/\/www.lapurla.ch\/wp-content\/uploads\/2022\/06\/LapurlaCHIKU032022-7-1032x774c.jpeg 2x\">           <img loading=\"lazy\" decoding=\"async\" width=\"550\" height=\"413\"           class=\"a-image__image\"           src=\"https:\/\/www.lapurla.ch\/wp-content\/uploads\/2022\/06\/LapurlaCHIKU032022-7-550x413c.jpeg\" data-srcset=\"https:\/\/www.lapurla.ch\/wp-content\/uploads\/2022\/06\/LapurlaCHIKU032022-7-1100x826c.jpeg 2x\" alt=\"\"\/>       <\/picture> <\/div>                            <figcaption>\n\t\t\t\t\t\t\t\tFoto: Anna Beck-W\u00f6rner                            <\/figcaption>\n                        <\/figure>\n                    <\/div>\n\t\t\t\t                    <div class=\"swiper-slide\">\n                        <figure>\n\t\t\t\t\t\t\t<div class=\"a-image \">       <picture class=\"a-image__picture\">       \t<source width=\"1296\" height=\"972\" media=\"(min-width: 1400px)\" srcset=\"https:\/\/www.lapurla.ch\/wp-content\/uploads\/2022\/06\/LapurlaCHIKU032022-6-1296x972c.jpeg 1x, https:\/\/www.lapurla.ch\/wp-content\/uploads\/2022\/06\/LapurlaCHIKU032022-6-2592x1944c.jpeg 2x\">           <source width=\"1116\" height=\"837\" media=\"(min-width: 1200px)\" srcset=\"https:\/\/www.lapurla.ch\/wp-content\/uploads\/2022\/06\/LapurlaCHIKU032022-6-1116x837c.jpeg 1x, https:\/\/www.lapurla.ch\/wp-content\/uploads\/2022\/06\/LapurlaCHIKU032022-6-2232x1674c.jpeg 2x\">           <source width=\"936\" height=\"702\" media=\"(min-width: 992px)\" srcset=\"https:\/\/www.lapurla.ch\/wp-content\/uploads\/2022\/06\/LapurlaCHIKU032022-6-936x702c.jpeg  1x, https:\/\/www.lapurla.ch\/wp-content\/uploads\/2022\/06\/LapurlaCHIKU032022-6-1872x1404c.jpeg 2x\">           <source width=\"696\" height=\"522\" media=\"(min-width: 768px)\" srcset=\"https:\/\/www.lapurla.ch\/wp-content\/uploads\/2022\/06\/LapurlaCHIKU032022-6-696x522c.jpeg 1x, https:\/\/www.lapurla.ch\/wp-content\/uploads\/2022\/06\/LapurlaCHIKU032022-6-1392x1044c.jpeg 2x\">           <source width=\"516\" height=\"387\" media=\"(min-width: 576px)\" srcset=\"https:\/\/www.lapurla.ch\/wp-content\/uploads\/2022\/06\/LapurlaCHIKU032022-6-516x387c.jpeg 1x, https:\/\/www.lapurla.ch\/wp-content\/uploads\/2022\/06\/LapurlaCHIKU032022-6-1032x774c.jpeg 2x\">           <img loading=\"lazy\" decoding=\"async\" width=\"550\" height=\"413\"           class=\"a-image__image\"           src=\"https:\/\/www.lapurla.ch\/wp-content\/uploads\/2022\/06\/LapurlaCHIKU032022-6-550x413c.jpeg\" data-srcset=\"https:\/\/www.lapurla.ch\/wp-content\/uploads\/2022\/06\/LapurlaCHIKU032022-6-1100x826c.jpeg 2x\" alt=\"\"\/>       <\/picture> <\/div>                            <figcaption>\n\t\t\t\t\t\t\t\tFoto: Anna Beck-W\u00f6rner                            <\/figcaption>\n                        <\/figure>\n                    <\/div>\n\t\t\t\t                    <div class=\"swiper-slide\">\n                        <figure>\n\t\t\t\t\t\t\t<div class=\"a-image \">       <picture class=\"a-image__picture\">       \t<source width=\"1296\" height=\"972\" media=\"(min-width: 1400px)\" srcset=\"https:\/\/www.lapurla.ch\/wp-content\/uploads\/2022\/06\/LapurlaCHIKU032022-5-1296x972c.jpeg 1x, https:\/\/www.lapurla.ch\/wp-content\/uploads\/2022\/06\/LapurlaCHIKU032022-5-2592x1944c.jpeg 2x\">           <source width=\"1116\" height=\"837\" media=\"(min-width: 1200px)\" srcset=\"https:\/\/www.lapurla.ch\/wp-content\/uploads\/2022\/06\/LapurlaCHIKU032022-5-1116x837c.jpeg 1x, https:\/\/www.lapurla.ch\/wp-content\/uploads\/2022\/06\/LapurlaCHIKU032022-5-2232x1674c.jpeg 2x\">           <source width=\"936\" height=\"702\" media=\"(min-width: 992px)\" srcset=\"https:\/\/www.lapurla.ch\/wp-content\/uploads\/2022\/06\/LapurlaCHIKU032022-5-936x702c.jpeg  1x, https:\/\/www.lapurla.ch\/wp-content\/uploads\/2022\/06\/LapurlaCHIKU032022-5-1872x1404c.jpeg 2x\">           <source width=\"696\" height=\"522\" media=\"(min-width: 768px)\" srcset=\"https:\/\/www.lapurla.ch\/wp-content\/uploads\/2022\/06\/LapurlaCHIKU032022-5-696x522c.jpeg 1x, https:\/\/www.lapurla.ch\/wp-content\/uploads\/2022\/06\/LapurlaCHIKU032022-5-1392x1044c.jpeg 2x\">           <source width=\"516\" height=\"387\" media=\"(min-width: 576px)\" srcset=\"https:\/\/www.lapurla.ch\/wp-content\/uploads\/2022\/06\/LapurlaCHIKU032022-5-516x387c.jpeg 1x, https:\/\/www.lapurla.ch\/wp-content\/uploads\/2022\/06\/LapurlaCHIKU032022-5-1032x774c.jpeg 2x\">           <img loading=\"lazy\" decoding=\"async\" width=\"550\" height=\"413\"           class=\"a-image__image\"           src=\"https:\/\/www.lapurla.ch\/wp-content\/uploads\/2022\/06\/LapurlaCHIKU032022-5-550x413c.jpeg\" data-srcset=\"https:\/\/www.lapurla.ch\/wp-content\/uploads\/2022\/06\/LapurlaCHIKU032022-5-1100x826c.jpeg 2x\" alt=\"\"\/>       <\/picture> <\/div>                            <figcaption>\n\t\t\t\t\t\t\t\tFoto: Anna Beck-W\u00f6rner                            <\/figcaption>\n                        <\/figure>\n                    <\/div>\n\t\t\t\t                    <div class=\"swiper-slide\">\n                        <figure>\n\t\t\t\t\t\t\t<div class=\"a-image \">       <picture class=\"a-image__picture\">       \t<source width=\"1296\" height=\"972\" media=\"(min-width: 1400px)\" srcset=\"https:\/\/www.lapurla.ch\/wp-content\/uploads\/2022\/06\/LapurlaCHIKU032022-3-1296x972c.jpeg 1x, https:\/\/www.lapurla.ch\/wp-content\/uploads\/2022\/06\/LapurlaCHIKU032022-3-2592x1944c.jpeg 2x\">           <source width=\"1116\" height=\"837\" media=\"(min-width: 1200px)\" srcset=\"https:\/\/www.lapurla.ch\/wp-content\/uploads\/2022\/06\/LapurlaCHIKU032022-3-1116x837c.jpeg 1x, https:\/\/www.lapurla.ch\/wp-content\/uploads\/2022\/06\/LapurlaCHIKU032022-3-2232x1674c.jpeg 2x\">           <source width=\"936\" height=\"702\" media=\"(min-width: 992px)\" srcset=\"https:\/\/www.lapurla.ch\/wp-content\/uploads\/2022\/06\/LapurlaCHIKU032022-3-936x702c.jpeg  1x, https:\/\/www.lapurla.ch\/wp-content\/uploads\/2022\/06\/LapurlaCHIKU032022-3-1872x1404c.jpeg 2x\">           <source width=\"696\" height=\"522\" media=\"(min-width: 768px)\" srcset=\"https:\/\/www.lapurla.ch\/wp-content\/uploads\/2022\/06\/LapurlaCHIKU032022-3-696x522c.jpeg 1x, https:\/\/www.lapurla.ch\/wp-content\/uploads\/2022\/06\/LapurlaCHIKU032022-3-1392x1044c.jpeg 2x\">           <source width=\"516\" height=\"387\" media=\"(min-width: 576px)\" srcset=\"https:\/\/www.lapurla.ch\/wp-content\/uploads\/2022\/06\/LapurlaCHIKU032022-3-516x387c.jpeg 1x, https:\/\/www.lapurla.ch\/wp-content\/uploads\/2022\/06\/LapurlaCHIKU032022-3-1032x774c.jpeg 2x\">           <img loading=\"lazy\" decoding=\"async\" width=\"550\" height=\"413\"           class=\"a-image__image\"           src=\"https:\/\/www.lapurla.ch\/wp-content\/uploads\/2022\/06\/LapurlaCHIKU032022-3-550x413c.jpeg\" data-srcset=\"https:\/\/www.lapurla.ch\/wp-content\/uploads\/2022\/06\/LapurlaCHIKU032022-3-1100x826c.jpeg 2x\" alt=\"\"\/>       <\/picture> <\/div>                            <figcaption>\n\t\t\t\t\t\t\t\tFoto: Anna Beck-W\u00f6rner                            <\/figcaption>\n                        <\/figure>\n                    <\/div>\n\t\t\t\t            <\/div>\n            <div class=\"container\">\n                <div class=\"row\">\n                    <div class=\"col-12 position-relative\">\n                        <div class=\"pagination\"><\/div>\n                        <div class=\"button-wrapper\">\n                            <button class=\"swiper-button-prev\">\n\t\t\t\t\t\t\t\t<svg class=\"svg-icon icon-arrow-left\" xmlns=\"http:\/\/www.w3.org\/2000\/svg\"><use xmlns:xlink=\"http:\/\/www.w3.org\/1999\/xlink\" xlink:href=\"https:\/\/www.lapurla.ch\/wp-content\/themes\/lapurla\/dist\/icons.svg?f27dc72#arrow-left\"><\/use><\/svg>                                <span class=\"visually-hidden\">Indietro <\/span>\n                            <\/button>\n                            <button class=\"swiper-button-next\">\n\t\t\t\t\t\t\t\t<svg class=\"svg-icon icon-arrow-right\" xmlns=\"http:\/\/www.w3.org\/2000\/svg\"><use xmlns:xlink=\"http:\/\/www.w3.org\/1999\/xlink\" xlink:href=\"https:\/\/www.lapurla.ch\/wp-content\/themes\/lapurla\/dist\/icons.svg?f27dc72#arrow-right\"><\/use><\/svg>                                <span class=\"visually-hidden\">Avanti<\/span>\n                            <\/button>\n                        <\/div>\n                    <\/div>\n                <\/div>\n            <\/div>\n        <\/div>\n\t<\/div>\n        <\/div>\n    <\/div>\n\n\n\n<hr class=\"wp-block-separator has-alpha-channel-opacity\"\/>\n\n\n\n<h2 class=\"wp-block-heading\">9\u00aa serie di visite I settembre \u2013 novembre 2023<\/h2>\n\n\n\n<p>Le porte sono chiuse, la squadra non c&#8217;\u00e8. Solo una piccola luce \u00e8 accesa. Come eccezione, i cinque bambini della scuola materna di Appenzello visitano la Kunsthalle il luned\u00ec mattina.<br>I \u00abgrandi\u00bb visitatori devono rimanere fuori, l&#8217;edificio \u00e8 chiuso. Per i nostri \u00abpiccoli\u00bb e i loro accompagnatori, invece, siamo aperti e felici!<br>\u00c8 bello avervi di nuovo con noi &#8211; ci \u00e8 mancata la vostra curiosit\u00e0 e la vostra gioia di scoprire, la vostra spontaneit\u00e0 e la vostra apertura, la vostra velocit\u00e0 e i vostri occhi grandi.<br>Ora siamo di nuovo in viaggio insieme, ti seguiamo, apriamo le porte, svuotiamo gli armadi e le scatole: A tante nuove scoperte e a tanti bei momenti.<\/p>\n\n\n\n<div id=\"bildergalerie-block_e2d9709f34b2341a6c428b55cc8048eb\" class=\"mod-bildergalerie\">\n            <div class=\"col-12\">\n\t\t    \n<div class=\"mod-slider\">\n\t        <div id=\"slider-027a7fd6-15e1-41f2-9e08-965f4b72914c\" class=\"swiper\">\n            <div class=\"swiper-wrapper\">\n\t\t\t\t                    <div class=\"swiper-slide\">\n                        <figure>\n\t\t\t\t\t\t\t<div class=\"a-image \">       <picture class=\"a-image__picture\">       \t<source width=\"1296\" height=\"972\" media=\"(min-width: 1400px)\" srcset=\"https:\/\/www.lapurla.ch\/wp-content\/uploads\/2022\/06\/CHIKUneunte-Besuchsreihe2-1-1296x972c.jpg 1x, https:\/\/www.lapurla.ch\/wp-content\/uploads\/2022\/06\/CHIKUneunte-Besuchsreihe2-1-2592x1944c.jpg 2x\">           <source width=\"1116\" height=\"837\" media=\"(min-width: 1200px)\" srcset=\"https:\/\/www.lapurla.ch\/wp-content\/uploads\/2022\/06\/CHIKUneunte-Besuchsreihe2-1-1116x837c.jpg 1x, https:\/\/www.lapurla.ch\/wp-content\/uploads\/2022\/06\/CHIKUneunte-Besuchsreihe2-1-2232x1674c.jpg 2x\">           <source width=\"936\" height=\"702\" media=\"(min-width: 992px)\" srcset=\"https:\/\/www.lapurla.ch\/wp-content\/uploads\/2022\/06\/CHIKUneunte-Besuchsreihe2-1-936x702c.jpg  1x, https:\/\/www.lapurla.ch\/wp-content\/uploads\/2022\/06\/CHIKUneunte-Besuchsreihe2-1-1872x1404c.jpg 2x\">           <source width=\"696\" height=\"522\" media=\"(min-width: 768px)\" srcset=\"https:\/\/www.lapurla.ch\/wp-content\/uploads\/2022\/06\/CHIKUneunte-Besuchsreihe2-1-696x522c.jpg 1x, https:\/\/www.lapurla.ch\/wp-content\/uploads\/2022\/06\/CHIKUneunte-Besuchsreihe2-1-1392x1044c.jpg 2x\">           <source width=\"516\" height=\"387\" media=\"(min-width: 576px)\" srcset=\"https:\/\/www.lapurla.ch\/wp-content\/uploads\/2022\/06\/CHIKUneunte-Besuchsreihe2-1-516x387c.jpg 1x, https:\/\/www.lapurla.ch\/wp-content\/uploads\/2022\/06\/CHIKUneunte-Besuchsreihe2-1-1032x774c.jpg 2x\">           <img loading=\"lazy\" decoding=\"async\" width=\"550\" height=\"413\"           class=\"a-image__image\"           src=\"https:\/\/www.lapurla.ch\/wp-content\/uploads\/2022\/06\/CHIKUneunte-Besuchsreihe2-1-550x413c.jpg\" data-srcset=\"https:\/\/www.lapurla.ch\/wp-content\/uploads\/2022\/06\/CHIKUneunte-Besuchsreihe2-1-1100x826c.jpg 2x\" alt=\"\"\/>       <\/picture> <\/div>                            <figcaption>\n\t\t\t\t\t\t\t\t                            <\/figcaption>\n                        <\/figure>\n                    <\/div>\n\t\t\t\t                    <div class=\"swiper-slide\">\n                        <figure>\n\t\t\t\t\t\t\t<div class=\"a-image \">       <picture class=\"a-image__picture\">       \t<source width=\"1296\" height=\"972\" media=\"(min-width: 1400px)\" srcset=\"https:\/\/www.lapurla.ch\/wp-content\/uploads\/2022\/06\/CHIKUneunte-Besuchtsreihe4-1296x972c.jpg 1x, https:\/\/www.lapurla.ch\/wp-content\/uploads\/2022\/06\/CHIKUneunte-Besuchtsreihe4-2592x1944c.jpg 2x\">           <source width=\"1116\" height=\"837\" media=\"(min-width: 1200px)\" srcset=\"https:\/\/www.lapurla.ch\/wp-content\/uploads\/2022\/06\/CHIKUneunte-Besuchtsreihe4-1116x837c.jpg 1x, https:\/\/www.lapurla.ch\/wp-content\/uploads\/2022\/06\/CHIKUneunte-Besuchtsreihe4-2232x1674c.jpg 2x\">           <source width=\"936\" height=\"702\" media=\"(min-width: 992px)\" srcset=\"https:\/\/www.lapurla.ch\/wp-content\/uploads\/2022\/06\/CHIKUneunte-Besuchtsreihe4-936x702c.jpg  1x, https:\/\/www.lapurla.ch\/wp-content\/uploads\/2022\/06\/CHIKUneunte-Besuchtsreihe4-1872x1404c.jpg 2x\">           <source width=\"696\" height=\"522\" media=\"(min-width: 768px)\" srcset=\"https:\/\/www.lapurla.ch\/wp-content\/uploads\/2022\/06\/CHIKUneunte-Besuchtsreihe4-696x522c.jpg 1x, https:\/\/www.lapurla.ch\/wp-content\/uploads\/2022\/06\/CHIKUneunte-Besuchtsreihe4-1392x1044c.jpg 2x\">           <source width=\"516\" height=\"387\" media=\"(min-width: 576px)\" srcset=\"https:\/\/www.lapurla.ch\/wp-content\/uploads\/2022\/06\/CHIKUneunte-Besuchtsreihe4-516x387c.jpg 1x, https:\/\/www.lapurla.ch\/wp-content\/uploads\/2022\/06\/CHIKUneunte-Besuchtsreihe4-1032x774c.jpg 2x\">           <img loading=\"lazy\" decoding=\"async\" width=\"550\" height=\"413\"           class=\"a-image__image\"           src=\"https:\/\/www.lapurla.ch\/wp-content\/uploads\/2022\/06\/CHIKUneunte-Besuchtsreihe4-550x413c.jpg\" data-srcset=\"https:\/\/www.lapurla.ch\/wp-content\/uploads\/2022\/06\/CHIKUneunte-Besuchtsreihe4-1100x826c.jpg 2x\" alt=\"\"\/>       <\/picture> <\/div>                            <figcaption>\n\t\t\t\t\t\t\t\t                            <\/figcaption>\n                        <\/figure>\n                    <\/div>\n\t\t\t\t                    <div class=\"swiper-slide\">\n                        <figure>\n\t\t\t\t\t\t\t<div class=\"a-image \">       <picture class=\"a-image__picture\">       \t<source width=\"1296\" height=\"972\" media=\"(min-width: 1400px)\" srcset=\"https:\/\/www.lapurla.ch\/wp-content\/uploads\/2022\/06\/CHIKUneunte-Besuchsreihe3-1296x972c.jpg 1x, https:\/\/www.lapurla.ch\/wp-content\/uploads\/2022\/06\/CHIKUneunte-Besuchsreihe3-2592x1944c.jpg 2x\">           <source width=\"1116\" height=\"837\" media=\"(min-width: 1200px)\" srcset=\"https:\/\/www.lapurla.ch\/wp-content\/uploads\/2022\/06\/CHIKUneunte-Besuchsreihe3-1116x837c.jpg 1x, https:\/\/www.lapurla.ch\/wp-content\/uploads\/2022\/06\/CHIKUneunte-Besuchsreihe3-2232x1674c.jpg 2x\">           <source width=\"936\" height=\"702\" media=\"(min-width: 992px)\" srcset=\"https:\/\/www.lapurla.ch\/wp-content\/uploads\/2022\/06\/CHIKUneunte-Besuchsreihe3-936x702c.jpg  1x, https:\/\/www.lapurla.ch\/wp-content\/uploads\/2022\/06\/CHIKUneunte-Besuchsreihe3-1872x1404c.jpg 2x\">           <source width=\"696\" height=\"522\" media=\"(min-width: 768px)\" srcset=\"https:\/\/www.lapurla.ch\/wp-content\/uploads\/2022\/06\/CHIKUneunte-Besuchsreihe3-696x522c.jpg 1x, https:\/\/www.lapurla.ch\/wp-content\/uploads\/2022\/06\/CHIKUneunte-Besuchsreihe3-1392x1044c.jpg 2x\">           <source width=\"516\" height=\"387\" media=\"(min-width: 576px)\" srcset=\"https:\/\/www.lapurla.ch\/wp-content\/uploads\/2022\/06\/CHIKUneunte-Besuchsreihe3-516x387c.jpg 1x, https:\/\/www.lapurla.ch\/wp-content\/uploads\/2022\/06\/CHIKUneunte-Besuchsreihe3-1032x774c.jpg 2x\">           <img loading=\"lazy\" decoding=\"async\" width=\"550\" height=\"413\"           class=\"a-image__image\"           src=\"https:\/\/www.lapurla.ch\/wp-content\/uploads\/2022\/06\/CHIKUneunte-Besuchsreihe3-550x413c.jpg\" data-srcset=\"https:\/\/www.lapurla.ch\/wp-content\/uploads\/2022\/06\/CHIKUneunte-Besuchsreihe3-1100x826c.jpg 2x\" alt=\"\"\/>       <\/picture> <\/div>                            <figcaption>\n\t\t\t\t\t\t\t\t                            <\/figcaption>\n                        <\/figure>\n                    <\/div>\n\t\t\t\t                    <div class=\"swiper-slide\">\n                        <figure>\n\t\t\t\t\t\t\t<div class=\"a-image \">       <picture class=\"a-image__picture\">       \t<source width=\"1296\" height=\"972\" media=\"(min-width: 1400px)\" srcset=\"https:\/\/www.lapurla.ch\/wp-content\/uploads\/2022\/06\/CHIKUneunte-Besuchsreihe1-1296x972c.jpg 1x, https:\/\/www.lapurla.ch\/wp-content\/uploads\/2022\/06\/CHIKUneunte-Besuchsreihe1-2592x1944c.jpg 2x\">           <source width=\"1116\" height=\"837\" media=\"(min-width: 1200px)\" srcset=\"https:\/\/www.lapurla.ch\/wp-content\/uploads\/2022\/06\/CHIKUneunte-Besuchsreihe1-1116x837c.jpg 1x, https:\/\/www.lapurla.ch\/wp-content\/uploads\/2022\/06\/CHIKUneunte-Besuchsreihe1-2232x1674c.jpg 2x\">           <source width=\"936\" height=\"702\" media=\"(min-width: 992px)\" srcset=\"https:\/\/www.lapurla.ch\/wp-content\/uploads\/2022\/06\/CHIKUneunte-Besuchsreihe1-936x702c.jpg  1x, https:\/\/www.lapurla.ch\/wp-content\/uploads\/2022\/06\/CHIKUneunte-Besuchsreihe1-1872x1404c.jpg 2x\">           <source width=\"696\" height=\"522\" media=\"(min-width: 768px)\" srcset=\"https:\/\/www.lapurla.ch\/wp-content\/uploads\/2022\/06\/CHIKUneunte-Besuchsreihe1-696x522c.jpg 1x, https:\/\/www.lapurla.ch\/wp-content\/uploads\/2022\/06\/CHIKUneunte-Besuchsreihe1-1392x1044c.jpg 2x\">           <source width=\"516\" height=\"387\" media=\"(min-width: 576px)\" srcset=\"https:\/\/www.lapurla.ch\/wp-content\/uploads\/2022\/06\/CHIKUneunte-Besuchsreihe1-516x387c.jpg 1x, https:\/\/www.lapurla.ch\/wp-content\/uploads\/2022\/06\/CHIKUneunte-Besuchsreihe1-1032x774c.jpg 2x\">           <img loading=\"lazy\" decoding=\"async\" width=\"550\" height=\"413\"           class=\"a-image__image\"           src=\"https:\/\/www.lapurla.ch\/wp-content\/uploads\/2022\/06\/CHIKUneunte-Besuchsreihe1-550x413c.jpg\" data-srcset=\"https:\/\/www.lapurla.ch\/wp-content\/uploads\/2022\/06\/CHIKUneunte-Besuchsreihe1-1100x826c.jpg 2x\" alt=\"\"\/>       <\/picture> <\/div>                            <figcaption>\n\t\t\t\t\t\t\t\t                            <\/figcaption>\n                        <\/figure>\n                    <\/div>\n\t\t\t\t            <\/div>\n            <div class=\"container\">\n                <div class=\"row\">\n                    <div class=\"col-12 position-relative\">\n                        <div class=\"pagination\"><\/div>\n                        <div class=\"button-wrapper\">\n                            <button class=\"swiper-button-prev\">\n\t\t\t\t\t\t\t\t<svg class=\"svg-icon icon-arrow-left\" xmlns=\"http:\/\/www.w3.org\/2000\/svg\"><use xmlns:xlink=\"http:\/\/www.w3.org\/1999\/xlink\" xlink:href=\"https:\/\/www.lapurla.ch\/wp-content\/themes\/lapurla\/dist\/icons.svg?f27dc72#arrow-left\"><\/use><\/svg>                                <span class=\"visually-hidden\">Indietro <\/span>\n                            <\/button>\n                            <button class=\"swiper-button-next\">\n\t\t\t\t\t\t\t\t<svg class=\"svg-icon icon-arrow-right\" xmlns=\"http:\/\/www.w3.org\/2000\/svg\"><use xmlns:xlink=\"http:\/\/www.w3.org\/1999\/xlink\" xlink:href=\"https:\/\/www.lapurla.ch\/wp-content\/themes\/lapurla\/dist\/icons.svg?f27dc72#arrow-right\"><\/use><\/svg>                                <span class=\"visually-hidden\">Avanti<\/span>\n                            <\/button>\n                        <\/div>\n                    <\/div>\n                <\/div>\n            <\/div>\n        <\/div>\n\t<\/div>\n        <\/div>\n    <\/div>\n\n\n\n<hr class=\"wp-block-separator has-alpha-channel-opacity\"\/>\n\n\n\n<h2 class=\"wp-block-heading\">10 serie di visite | giugno 2024<\/h2>\n\n\n\n<p>Nell&#8217;ambito del progetto \u00abArchitettura della possibilit\u00e0\u00bb, l&#8217;intera popolazione \u00e8 invitata a esplorare, indagare e scrutare le sale della Kunsthalle Appenzell e a formulare desideri per il futuro.<br>\u00c8 quindi opportuno che anche i pi\u00f9 piccoli ci facciano nuovamente visita.<br>Per quattro mattine consecutive passeggiamo per le sale, ci lasciamo guidare dalla curiosit\u00e0 e scopriamo tante cose nuove.<br>A seconda del luogo, materiali come nastro adesivo, spago, carta e colla sono pronti per farci reagire a ci\u00f2 che vediamo.<br>A volte lo spazio \u00e8 sufficiente per osservare insieme e individualmente e per sperimentare con tutti i nostri sensi. Fantastico, siete qui! Siamo molto contenti!<\/p>\n\n\n\n<p>A farci visita sono: Tim (2 anni), Arian, (2,5 anni), Noelie (1,5 anni) e Raul (2 anni).<br>Saranno accompagnati da Regina Dobler, l&#8217;assistente del doposcuola, e alternativamente da un assistente del parco o da un apprendista.<\/p>\n\n\n\n<div id=\"bildergalerie-block_41cd1eda9a8f4c910984e51a72ac3ff7\" class=\"mod-bildergalerie\">\n            <div class=\"col-12\">\n\t\t    \n<div class=\"mod-slider\">\n\t        <div id=\"slider-788928ed-9119-4a64-b16c-f4a82a7c49d3\" class=\"swiper\">\n            <div class=\"swiper-wrapper\">\n\t\t\t\t                    <div class=\"swiper-slide\">\n                        <figure>\n\t\t\t\t\t\t\t<div class=\"a-image \">       <picture class=\"a-image__picture\">       \t<source width=\"1296\" height=\"972\" media=\"(min-width: 1400px)\" srcset=\"https:\/\/www.lapurla.ch\/wp-content\/uploads\/2022\/06\/PHOTO-2024-06-07-13-05-38-2-1296x972c.jpg 1x, https:\/\/www.lapurla.ch\/wp-content\/uploads\/2022\/06\/PHOTO-2024-06-07-13-05-38-2-2592x1944c.jpg 2x\">           <source width=\"1116\" height=\"837\" media=\"(min-width: 1200px)\" srcset=\"https:\/\/www.lapurla.ch\/wp-content\/uploads\/2022\/06\/PHOTO-2024-06-07-13-05-38-2-1116x837c.jpg 1x, https:\/\/www.lapurla.ch\/wp-content\/uploads\/2022\/06\/PHOTO-2024-06-07-13-05-38-2-2232x1674c.jpg 2x\">           <source width=\"936\" height=\"702\" media=\"(min-width: 992px)\" srcset=\"https:\/\/www.lapurla.ch\/wp-content\/uploads\/2022\/06\/PHOTO-2024-06-07-13-05-38-2-936x702c.jpg  1x, https:\/\/www.lapurla.ch\/wp-content\/uploads\/2022\/06\/PHOTO-2024-06-07-13-05-38-2-1872x1404c.jpg 2x\">           <source width=\"696\" height=\"522\" media=\"(min-width: 768px)\" srcset=\"https:\/\/www.lapurla.ch\/wp-content\/uploads\/2022\/06\/PHOTO-2024-06-07-13-05-38-2-696x522c.jpg 1x, https:\/\/www.lapurla.ch\/wp-content\/uploads\/2022\/06\/PHOTO-2024-06-07-13-05-38-2-1392x1044c.jpg 2x\">           <source width=\"516\" height=\"387\" media=\"(min-width: 576px)\" srcset=\"https:\/\/www.lapurla.ch\/wp-content\/uploads\/2022\/06\/PHOTO-2024-06-07-13-05-38-2-516x387c.jpg 1x, https:\/\/www.lapurla.ch\/wp-content\/uploads\/2022\/06\/PHOTO-2024-06-07-13-05-38-2-1032x774c.jpg 2x\">           <img loading=\"lazy\" decoding=\"async\" width=\"550\" height=\"413\"           class=\"a-image__image\"           src=\"https:\/\/www.lapurla.ch\/wp-content\/uploads\/2022\/06\/PHOTO-2024-06-07-13-05-38-2-550x413c.jpg\" data-srcset=\"https:\/\/www.lapurla.ch\/wp-content\/uploads\/2022\/06\/PHOTO-2024-06-07-13-05-38-2-1100x826c.jpg 2x\" alt=\"\"\/>       <\/picture> <\/div>                            <figcaption>\n\t\t\t\t\t\t\t\t                            <\/figcaption>\n                        <\/figure>\n                    <\/div>\n\t\t\t\t                    <div class=\"swiper-slide\">\n                        <figure>\n\t\t\t\t\t\t\t<div class=\"a-image \">       <picture class=\"a-image__picture\">       \t<source width=\"1296\" height=\"972\" media=\"(min-width: 1400px)\" srcset=\"https:\/\/www.lapurla.ch\/wp-content\/uploads\/2022\/06\/PHOTO-2024-06-07-13-05-36-1296x972c.jpg 1x, https:\/\/www.lapurla.ch\/wp-content\/uploads\/2022\/06\/PHOTO-2024-06-07-13-05-36-2592x1944c.jpg 2x\">           <source width=\"1116\" height=\"837\" media=\"(min-width: 1200px)\" srcset=\"https:\/\/www.lapurla.ch\/wp-content\/uploads\/2022\/06\/PHOTO-2024-06-07-13-05-36-1116x837c.jpg 1x, https:\/\/www.lapurla.ch\/wp-content\/uploads\/2022\/06\/PHOTO-2024-06-07-13-05-36-2232x1674c.jpg 2x\">           <source width=\"936\" height=\"702\" media=\"(min-width: 992px)\" srcset=\"https:\/\/www.lapurla.ch\/wp-content\/uploads\/2022\/06\/PHOTO-2024-06-07-13-05-36-936x702c.jpg  1x, https:\/\/www.lapurla.ch\/wp-content\/uploads\/2022\/06\/PHOTO-2024-06-07-13-05-36-1872x1404c.jpg 2x\">           <source width=\"696\" height=\"522\" media=\"(min-width: 768px)\" srcset=\"https:\/\/www.lapurla.ch\/wp-content\/uploads\/2022\/06\/PHOTO-2024-06-07-13-05-36-696x522c.jpg 1x, https:\/\/www.lapurla.ch\/wp-content\/uploads\/2022\/06\/PHOTO-2024-06-07-13-05-36-1392x1044c.jpg 2x\">           <source width=\"516\" height=\"387\" media=\"(min-width: 576px)\" srcset=\"https:\/\/www.lapurla.ch\/wp-content\/uploads\/2022\/06\/PHOTO-2024-06-07-13-05-36-516x387c.jpg 1x, https:\/\/www.lapurla.ch\/wp-content\/uploads\/2022\/06\/PHOTO-2024-06-07-13-05-36-1032x774c.jpg 2x\">           <img loading=\"lazy\" decoding=\"async\" width=\"550\" height=\"413\"           class=\"a-image__image\"           src=\"https:\/\/www.lapurla.ch\/wp-content\/uploads\/2022\/06\/PHOTO-2024-06-07-13-05-36-550x413c.jpg\" data-srcset=\"https:\/\/www.lapurla.ch\/wp-content\/uploads\/2022\/06\/PHOTO-2024-06-07-13-05-36-1100x826c.jpg 2x\" alt=\"\"\/>       <\/picture> <\/div>                            <figcaption>\n\t\t\t\t\t\t\t\t                            <\/figcaption>\n                        <\/figure>\n                    <\/div>\n\t\t\t\t                    <div class=\"swiper-slide\">\n                        <figure>\n\t\t\t\t\t\t\t<div class=\"a-image \">       <picture class=\"a-image__picture\">       \t<source width=\"1296\" height=\"972\" media=\"(min-width: 1400px)\" srcset=\"https:\/\/www.lapurla.ch\/wp-content\/uploads\/2022\/06\/PHOTO-2024-06-07-13-05-36-3-1296x972c.jpg 1x, https:\/\/www.lapurla.ch\/wp-content\/uploads\/2022\/06\/PHOTO-2024-06-07-13-05-36-3-2592x1944c.jpg 2x\">           <source width=\"1116\" height=\"837\" media=\"(min-width: 1200px)\" srcset=\"https:\/\/www.lapurla.ch\/wp-content\/uploads\/2022\/06\/PHOTO-2024-06-07-13-05-36-3-1116x837c.jpg 1x, https:\/\/www.lapurla.ch\/wp-content\/uploads\/2022\/06\/PHOTO-2024-06-07-13-05-36-3-2232x1674c.jpg 2x\">           <source width=\"936\" height=\"702\" media=\"(min-width: 992px)\" srcset=\"https:\/\/www.lapurla.ch\/wp-content\/uploads\/2022\/06\/PHOTO-2024-06-07-13-05-36-3-936x702c.jpg  1x, https:\/\/www.lapurla.ch\/wp-content\/uploads\/2022\/06\/PHOTO-2024-06-07-13-05-36-3-1872x1404c.jpg 2x\">           <source width=\"696\" height=\"522\" media=\"(min-width: 768px)\" srcset=\"https:\/\/www.lapurla.ch\/wp-content\/uploads\/2022\/06\/PHOTO-2024-06-07-13-05-36-3-696x522c.jpg 1x, https:\/\/www.lapurla.ch\/wp-content\/uploads\/2022\/06\/PHOTO-2024-06-07-13-05-36-3-1392x1044c.jpg 2x\">           <source width=\"516\" height=\"387\" media=\"(min-width: 576px)\" srcset=\"https:\/\/www.lapurla.ch\/wp-content\/uploads\/2022\/06\/PHOTO-2024-06-07-13-05-36-3-516x387c.jpg 1x, https:\/\/www.lapurla.ch\/wp-content\/uploads\/2022\/06\/PHOTO-2024-06-07-13-05-36-3-1032x774c.jpg 2x\">           <img loading=\"lazy\" decoding=\"async\" width=\"550\" height=\"413\"           class=\"a-image__image\"           src=\"https:\/\/www.lapurla.ch\/wp-content\/uploads\/2022\/06\/PHOTO-2024-06-07-13-05-36-3-550x413c.jpg\" data-srcset=\"https:\/\/www.lapurla.ch\/wp-content\/uploads\/2022\/06\/PHOTO-2024-06-07-13-05-36-3-1100x826c.jpg 2x\" alt=\"\"\/>       <\/picture> <\/div>                            <figcaption>\n\t\t\t\t\t\t\t\t                            <\/figcaption>\n                        <\/figure>\n                    <\/div>\n\t\t\t\t                    <div class=\"swiper-slide\">\n                        <figure>\n\t\t\t\t\t\t\t<div class=\"a-image \">       <picture class=\"a-image__picture\">       \t<source width=\"1296\" height=\"972\" media=\"(min-width: 1400px)\" srcset=\"https:\/\/www.lapurla.ch\/wp-content\/uploads\/2022\/06\/PHOTO-2024-06-07-13-05-36-2-1296x972c.jpg 1x, https:\/\/www.lapurla.ch\/wp-content\/uploads\/2022\/06\/PHOTO-2024-06-07-13-05-36-2-2592x1944c.jpg 2x\">           <source width=\"1116\" height=\"837\" media=\"(min-width: 1200px)\" srcset=\"https:\/\/www.lapurla.ch\/wp-content\/uploads\/2022\/06\/PHOTO-2024-06-07-13-05-36-2-1116x837c.jpg 1x, https:\/\/www.lapurla.ch\/wp-content\/uploads\/2022\/06\/PHOTO-2024-06-07-13-05-36-2-2232x1674c.jpg 2x\">           <source width=\"936\" height=\"702\" media=\"(min-width: 992px)\" srcset=\"https:\/\/www.lapurla.ch\/wp-content\/uploads\/2022\/06\/PHOTO-2024-06-07-13-05-36-2-936x702c.jpg  1x, https:\/\/www.lapurla.ch\/wp-content\/uploads\/2022\/06\/PHOTO-2024-06-07-13-05-36-2-1872x1404c.jpg 2x\">           <source width=\"696\" height=\"522\" media=\"(min-width: 768px)\" srcset=\"https:\/\/www.lapurla.ch\/wp-content\/uploads\/2022\/06\/PHOTO-2024-06-07-13-05-36-2-696x522c.jpg 1x, https:\/\/www.lapurla.ch\/wp-content\/uploads\/2022\/06\/PHOTO-2024-06-07-13-05-36-2-1392x1044c.jpg 2x\">           <source width=\"516\" height=\"387\" media=\"(min-width: 576px)\" srcset=\"https:\/\/www.lapurla.ch\/wp-content\/uploads\/2022\/06\/PHOTO-2024-06-07-13-05-36-2-516x387c.jpg 1x, https:\/\/www.lapurla.ch\/wp-content\/uploads\/2022\/06\/PHOTO-2024-06-07-13-05-36-2-1032x774c.jpg 2x\">           <img loading=\"lazy\" decoding=\"async\" width=\"550\" height=\"413\"           class=\"a-image__image\"           src=\"https:\/\/www.lapurla.ch\/wp-content\/uploads\/2022\/06\/PHOTO-2024-06-07-13-05-36-2-550x413c.jpg\" data-srcset=\"https:\/\/www.lapurla.ch\/wp-content\/uploads\/2022\/06\/PHOTO-2024-06-07-13-05-36-2-1100x826c.jpg 2x\" alt=\"\"\/>       <\/picture> <\/div>                            <figcaption>\n\t\t\t\t\t\t\t\t                            <\/figcaption>\n                        <\/figure>\n                    <\/div>\n\t\t\t\t                    <div class=\"swiper-slide\">\n                        <figure>\n\t\t\t\t\t\t\t<div class=\"a-image \">       <picture class=\"a-image__picture\">       \t<source width=\"1296\" height=\"972\" media=\"(min-width: 1400px)\" srcset=\"https:\/\/www.lapurla.ch\/wp-content\/uploads\/2022\/06\/PHOTO-2024-06-06-18-34-33-3-1296x972c.jpg 1x, https:\/\/www.lapurla.ch\/wp-content\/uploads\/2022\/06\/PHOTO-2024-06-06-18-34-33-3-2592x1944c.jpg 2x\">           <source width=\"1116\" height=\"837\" media=\"(min-width: 1200px)\" srcset=\"https:\/\/www.lapurla.ch\/wp-content\/uploads\/2022\/06\/PHOTO-2024-06-06-18-34-33-3-1116x837c.jpg 1x, https:\/\/www.lapurla.ch\/wp-content\/uploads\/2022\/06\/PHOTO-2024-06-06-18-34-33-3-2232x1674c.jpg 2x\">           <source width=\"936\" height=\"702\" media=\"(min-width: 992px)\" srcset=\"https:\/\/www.lapurla.ch\/wp-content\/uploads\/2022\/06\/PHOTO-2024-06-06-18-34-33-3-936x702c.jpg  1x, https:\/\/www.lapurla.ch\/wp-content\/uploads\/2022\/06\/PHOTO-2024-06-06-18-34-33-3-1872x1404c.jpg 2x\">           <source width=\"696\" height=\"522\" media=\"(min-width: 768px)\" srcset=\"https:\/\/www.lapurla.ch\/wp-content\/uploads\/2022\/06\/PHOTO-2024-06-06-18-34-33-3-696x522c.jpg 1x, https:\/\/www.lapurla.ch\/wp-content\/uploads\/2022\/06\/PHOTO-2024-06-06-18-34-33-3-1392x1044c.jpg 2x\">           <source width=\"516\" height=\"387\" media=\"(min-width: 576px)\" srcset=\"https:\/\/www.lapurla.ch\/wp-content\/uploads\/2022\/06\/PHOTO-2024-06-06-18-34-33-3-516x387c.jpg 1x, https:\/\/www.lapurla.ch\/wp-content\/uploads\/2022\/06\/PHOTO-2024-06-06-18-34-33-3-1032x774c.jpg 2x\">           <img loading=\"lazy\" decoding=\"async\" width=\"550\" height=\"413\"           class=\"a-image__image\"           src=\"https:\/\/www.lapurla.ch\/wp-content\/uploads\/2022\/06\/PHOTO-2024-06-06-18-34-33-3-550x413c.jpg\" data-srcset=\"https:\/\/www.lapurla.ch\/wp-content\/uploads\/2022\/06\/PHOTO-2024-06-06-18-34-33-3-1100x826c.jpg 2x\" alt=\"\"\/>       <\/picture> <\/div>                            <figcaption>\n\t\t\t\t\t\t\t\t                            <\/figcaption>\n                        <\/figure>\n                    <\/div>\n\t\t\t\t                    <div class=\"swiper-slide\">\n                        <figure>\n\t\t\t\t\t\t\t<div class=\"a-image \">       <picture class=\"a-image__picture\">       \t<source width=\"1296\" height=\"972\" media=\"(min-width: 1400px)\" srcset=\"https:\/\/www.lapurla.ch\/wp-content\/uploads\/2022\/06\/PHOTO-2024-06-06-18-34-33-2-1296x972c.jpg 1x, https:\/\/www.lapurla.ch\/wp-content\/uploads\/2022\/06\/PHOTO-2024-06-06-18-34-33-2-2592x1944c.jpg 2x\">           <source width=\"1116\" height=\"837\" media=\"(min-width: 1200px)\" srcset=\"https:\/\/www.lapurla.ch\/wp-content\/uploads\/2022\/06\/PHOTO-2024-06-06-18-34-33-2-1116x837c.jpg 1x, https:\/\/www.lapurla.ch\/wp-content\/uploads\/2022\/06\/PHOTO-2024-06-06-18-34-33-2-2232x1674c.jpg 2x\">           <source width=\"936\" height=\"702\" media=\"(min-width: 992px)\" srcset=\"https:\/\/www.lapurla.ch\/wp-content\/uploads\/2022\/06\/PHOTO-2024-06-06-18-34-33-2-936x702c.jpg  1x, https:\/\/www.lapurla.ch\/wp-content\/uploads\/2022\/06\/PHOTO-2024-06-06-18-34-33-2-1872x1404c.jpg 2x\">           <source width=\"696\" height=\"522\" media=\"(min-width: 768px)\" srcset=\"https:\/\/www.lapurla.ch\/wp-content\/uploads\/2022\/06\/PHOTO-2024-06-06-18-34-33-2-696x522c.jpg 1x, https:\/\/www.lapurla.ch\/wp-content\/uploads\/2022\/06\/PHOTO-2024-06-06-18-34-33-2-1392x1044c.jpg 2x\">           <source width=\"516\" height=\"387\" media=\"(min-width: 576px)\" srcset=\"https:\/\/www.lapurla.ch\/wp-content\/uploads\/2022\/06\/PHOTO-2024-06-06-18-34-33-2-516x387c.jpg 1x, https:\/\/www.lapurla.ch\/wp-content\/uploads\/2022\/06\/PHOTO-2024-06-06-18-34-33-2-1032x774c.jpg 2x\">           <img loading=\"lazy\" decoding=\"async\" width=\"550\" height=\"413\"           class=\"a-image__image\"           src=\"https:\/\/www.lapurla.ch\/wp-content\/uploads\/2022\/06\/PHOTO-2024-06-06-18-34-33-2-550x413c.jpg\" data-srcset=\"https:\/\/www.lapurla.ch\/wp-content\/uploads\/2022\/06\/PHOTO-2024-06-06-18-34-33-2-1100x826c.jpg 2x\" alt=\"\"\/>       <\/picture> <\/div>                            <figcaption>\n\t\t\t\t\t\t\t\t                            <\/figcaption>\n                        <\/figure>\n                    <\/div>\n\t\t\t\t            <\/div>\n            <div class=\"container\">\n                <div class=\"row\">\n                    <div class=\"col-12 position-relative\">\n                        <div class=\"pagination\"><\/div>\n                        <div class=\"button-wrapper\">\n                            <button class=\"swiper-button-prev\">\n\t\t\t\t\t\t\t\t<svg class=\"svg-icon icon-arrow-left\" xmlns=\"http:\/\/www.w3.org\/2000\/svg\"><use xmlns:xlink=\"http:\/\/www.w3.org\/1999\/xlink\" xlink:href=\"https:\/\/www.lapurla.ch\/wp-content\/themes\/lapurla\/dist\/icons.svg?f27dc72#arrow-left\"><\/use><\/svg>                                <span class=\"visually-hidden\">Indietro <\/span>\n                            <\/button>\n                            <button class=\"swiper-button-next\">\n\t\t\t\t\t\t\t\t<svg class=\"svg-icon icon-arrow-right\" xmlns=\"http:\/\/www.w3.org\/2000\/svg\"><use xmlns:xlink=\"http:\/\/www.w3.org\/1999\/xlink\" xlink:href=\"https:\/\/www.lapurla.ch\/wp-content\/themes\/lapurla\/dist\/icons.svg?f27dc72#arrow-right\"><\/use><\/svg>                                <span class=\"visually-hidden\">Avanti<\/span>\n                            <\/button>\n                        <\/div>\n                    <\/div>\n                <\/div>\n            <\/div>\n        <\/div>\n\t<\/div>\n        <\/div>\n    <\/div>\n\n\n\n<hr class=\"wp-block-separator has-alpha-channel-opacity\"\/>\n\n\n\n<h1 class=\"wp-block-heading\" id=\"Kurzfilme-zu-\u00abCHIKU\u00bb\">Brevi video su \u00abCHIKU\u00bb<\/h1>\n\n\n\n<p>Sulla base del progetto modello <a href=\"https:\/\/www.lapurla.ch\/it\/filme\" target=\"_blank\" rel=\"noreferrer noopener\">\u00abCHIKU\u00bb<\/a> forniamo consigli generali per stimolare la creativit\u00e0. I bambini piccoli non hanno ancora l\u2019intenzione di produrre qualcosa: infatti, per poter comprendere tutto quello che li circonda, devono prima sperimentarlo con i diversi sensi. Sono interessati alle caratteristiche e alla natura delle cose: come si percepiscono al tatto, all\u2019udito, all\u2019olfatto e al gusto e come si possono impilare, mischiare, girare, modificare e alterare. Sono dei veri e propri ricercatori, autentici maestri della sperimentazione.<\/p>\n\n\n\n<hr class=\"wp-block-separator has-alpha-channel-opacity\"\/>\n\n\n\n<h2 class=\"wp-block-heading\">Apprendere vivendo esperienze<\/h2>\n\n\n\n<div id=\"video-block_75ad27ba6b04aec12802e4f28bcb18b0\" class=\"mod-video\">\n\t        <div class=\"row\">\n            <div class=\"col-12\">\n                <a href=\"https:\/\/vimeo.com\/341955962\" class=\"js-video-lightbox video-link\">\n                    <figure class=\"video-block\">\n                        <div class=\"poster\">\n\t\t\t\t\t\t\t<div class=\"a-image js-a-image \"><picture class=\"a-image__picture js-a-image__picture\">           <source width=\"1320\" height=\"740\"  media=\"(min-width: 1400px)\" data-srcset=\"https:\/\/www.lapurla.ch\/wp-content\/uploads\/2022\/06\/Bildschirmfoto-2022-07-27-um-13.56.33-1320x0.png 1x, https:\/\/www.lapurla.ch\/wp-content\/uploads\/2022\/06\/Bildschirmfoto-2022-07-27-um-13.56.33-2640x0.png 2x\">           <source width=\"1140\" height=\"640\" media=\"(min-width: 1200px)\" data-srcset=\"https:\/\/www.lapurla.ch\/wp-content\/uploads\/2022\/06\/Bildschirmfoto-2022-07-27-um-13.56.33-1140x0.png 1x, https:\/\/www.lapurla.ch\/wp-content\/uploads\/2022\/06\/Bildschirmfoto-2022-07-27-um-13.56.33-2280x0.png 2x\">           <source width=\"960\" height=\"539\" media=\"(min-width: 992px)\" data-srcset=\"https:\/\/www.lapurla.ch\/wp-content\/uploads\/2022\/06\/Bildschirmfoto-2022-07-27-um-13.56.33-960x0.png  1x, https:\/\/www.lapurla.ch\/wp-content\/uploads\/2022\/06\/Bildschirmfoto-2022-07-27-um-13.56.33-1920x0.png 2x\">           <source width=\"720\" height=\"404\" media=\"(min-width: 768px)\" data-srcset=\"https:\/\/www.lapurla.ch\/wp-content\/uploads\/2022\/06\/Bildschirmfoto-2022-07-27-um-13.56.33-720x0.png 1x, https:\/\/www.lapurla.ch\/wp-content\/uploads\/2022\/06\/Bildschirmfoto-2022-07-27-um-13.56.33-1440x0.png 2x\">           <source width=\"540\" height=\"303\" media=\"(min-width: 576px)\" data-srcset=\"https:\/\/www.lapurla.ch\/wp-content\/uploads\/2022\/06\/Bildschirmfoto-2022-07-27-um-13.56.33-540x0.png 1x, https:\/\/www.lapurla.ch\/wp-content\/uploads\/2022\/06\/Bildschirmfoto-2022-07-27-um-13.56.33-1080x0.png 2x\">           <img loading=\"lazy\" decoding=\"async\" width=\"540\" height=\"303\"           class=\"a-image__image js-a-image__image lazyload\" src=\"data:image\/gif;base64,R0lGODlhAQABAAAAACH5BAEKAAEALAAAAAABAAEAAAICTAEAOw==\"           data-src=\"https:\/\/www.lapurla.ch\/wp-content\/uploads\/2022\/06\/Bildschirmfoto-2022-07-27-um-13.56.33-540x0.png\" data-srcset=\"https:\/\/www.lapurla.ch\/wp-content\/uploads\/2022\/06\/Bildschirmfoto-2022-07-27-um-13.56.33-1080x0.png 2x\" alt=\"\"\/>      <\/picture><\/div>                            <div class=\"icon\">\n\t\t\t\t\t\t\t\t<svg class=\"svg-icon icon-play\" xmlns=\"http:\/\/www.w3.org\/2000\/svg\"><use xmlns:xlink=\"http:\/\/www.w3.org\/1999\/xlink\" xlink:href=\"https:\/\/www.lapurla.ch\/wp-content\/themes\/lapurla\/dist\/icons.svg?f27dc72#play\"><\/use><\/svg>                            <\/div>\n                        <\/div>\n                        <figcaption>Durch Erfahrung lernen<\/figcaption>\n                    <\/figure>\n                <\/a>\n            <\/div>\n        <\/div>\n\t<\/div>\n\n\n\n<hr class=\"wp-block-separator has-alpha-channel-opacity\"\/>\n\n\n\n<h2 class=\"wp-block-heading\">Le idee nascono quando si agisce<\/h2>\n\n\n\n<div id=\"video-block_98b5c17ffd24a51844b72a93974f6a1e\" class=\"mod-video\">\n\t        <div class=\"row\">\n            <div class=\"col-12\">\n                <a href=\"https:\/\/vimeo.com\/341956095\" class=\"js-video-lightbox video-link\">\n                    <figure class=\"video-block\">\n                        <div class=\"poster\">\n\t\t\t\t\t\t\t<div class=\"a-image js-a-image \"><picture class=\"a-image__picture js-a-image__picture\">           <source width=\"1320\" height=\"696\"  media=\"(min-width: 1400px)\" data-srcset=\"https:\/\/www.lapurla.ch\/wp-content\/uploads\/2022\/06\/Bildschirmfoto-2022-07-27-um-14.00.27-1320x0.png 1x, https:\/\/www.lapurla.ch\/wp-content\/uploads\/2022\/06\/Bildschirmfoto-2022-07-27-um-14.00.27-2640x0.png 2x\">           <source width=\"1140\" height=\"601\" media=\"(min-width: 1200px)\" data-srcset=\"https:\/\/www.lapurla.ch\/wp-content\/uploads\/2022\/06\/Bildschirmfoto-2022-07-27-um-14.00.27-1140x0.png 1x, https:\/\/www.lapurla.ch\/wp-content\/uploads\/2022\/06\/Bildschirmfoto-2022-07-27-um-14.00.27-2280x0.png 2x\">           <source width=\"960\" height=\"506\" media=\"(min-width: 992px)\" data-srcset=\"https:\/\/www.lapurla.ch\/wp-content\/uploads\/2022\/06\/Bildschirmfoto-2022-07-27-um-14.00.27-960x0.png  1x, https:\/\/www.lapurla.ch\/wp-content\/uploads\/2022\/06\/Bildschirmfoto-2022-07-27-um-14.00.27-1920x0.png 2x\">           <source width=\"720\" height=\"379\" media=\"(min-width: 768px)\" data-srcset=\"https:\/\/www.lapurla.ch\/wp-content\/uploads\/2022\/06\/Bildschirmfoto-2022-07-27-um-14.00.27-720x0.png 1x, https:\/\/www.lapurla.ch\/wp-content\/uploads\/2022\/06\/Bildschirmfoto-2022-07-27-um-14.00.27-1440x0.png 2x\">           <source width=\"540\" height=\"285\" media=\"(min-width: 576px)\" data-srcset=\"https:\/\/www.lapurla.ch\/wp-content\/uploads\/2022\/06\/Bildschirmfoto-2022-07-27-um-14.00.27-540x0.png 1x, https:\/\/www.lapurla.ch\/wp-content\/uploads\/2022\/06\/Bildschirmfoto-2022-07-27-um-14.00.27-1080x0.png 2x\">           <img loading=\"lazy\" decoding=\"async\" width=\"540\" height=\"285\"           class=\"a-image__image js-a-image__image lazyload\" src=\"data:image\/gif;base64,R0lGODlhAQABAAAAACH5BAEKAAEALAAAAAABAAEAAAICTAEAOw==\"           data-src=\"https:\/\/www.lapurla.ch\/wp-content\/uploads\/2022\/06\/Bildschirmfoto-2022-07-27-um-14.00.27-540x0.png\" data-srcset=\"https:\/\/www.lapurla.ch\/wp-content\/uploads\/2022\/06\/Bildschirmfoto-2022-07-27-um-14.00.27-1080x0.png 2x\" alt=\"\"\/>      <\/picture><\/div>                            <div class=\"icon\">\n\t\t\t\t\t\t\t\t<svg class=\"svg-icon icon-play\" xmlns=\"http:\/\/www.w3.org\/2000\/svg\"><use xmlns:xlink=\"http:\/\/www.w3.org\/1999\/xlink\" xlink:href=\"https:\/\/www.lapurla.ch\/wp-content\/themes\/lapurla\/dist\/icons.svg?f27dc72#play\"><\/use><\/svg>                            <\/div>\n                        <\/div>\n                        <figcaption>Die Ideen entstehen im Tun<\/figcaption>\n                    <\/figure>\n                <\/a>\n            <\/div>\n        <\/div>\n\t<\/div>\n\n\n\n<hr class=\"wp-block-separator has-alpha-channel-opacity\"\/>\n\n\n\n<h1 class=\"wp-block-heading\" id=\"Interview\">Intervista<\/h1>\n\n\n\n<h2 class=\"wp-block-heading\">Intervista con le due pioniere<\/h2>\n\n\n\n<div id=\"testimonial-block_114e145472ff5e9ff63ab095813a2ea8\" class=\"mod-text-bild \">\n\t\t\t            <div class=\"row flex-row-reverse\">\n                <div class=\"image col-12 col-lg-6\">\n\t\t\t\t\t                        <figure>\n\t\t\t\t\t\t\t<div class=\"a-image js-a-image \"><picture class=\"a-image__picture js-a-image__picture\">           <source width=\"636\" height=\"425\"  media=\"(min-width: 1400px)\" data-srcset=\"https:\/\/www.lapurla.ch\/wp-content\/uploads\/2022\/07\/LapurlaDialogWerkstatt181119schulthess-foto120-scaled-636x0.jpg 1x, https:\/\/www.lapurla.ch\/wp-content\/uploads\/2022\/07\/LapurlaDialogWerkstatt181119schulthess-foto120-scaled-1272x0.jpg 2x\">           <source width=\"636\" height=\"425\" media=\"(min-width: 1200px)\" data-srcset=\"https:\/\/www.lapurla.ch\/wp-content\/uploads\/2022\/07\/LapurlaDialogWerkstatt181119schulthess-foto120-scaled-636x0.jpg 1x, https:\/\/www.lapurla.ch\/wp-content\/uploads\/2022\/07\/LapurlaDialogWerkstatt181119schulthess-foto120-scaled-1272x0.jpg 2x\">           <source width=\"636\" height=\"425\" media=\"(min-width: 992px)\" data-srcset=\"https:\/\/www.lapurla.ch\/wp-content\/uploads\/2022\/07\/LapurlaDialogWerkstatt181119schulthess-foto120-scaled-636x0.jpg  1x, https:\/\/www.lapurla.ch\/wp-content\/uploads\/2022\/07\/LapurlaDialogWerkstatt181119schulthess-foto120-scaled-1272x0.jpg 2x\">           <source width=\"636\" height=\"425\" media=\"(min-width: 768px)\" data-srcset=\"https:\/\/www.lapurla.ch\/wp-content\/uploads\/2022\/07\/LapurlaDialogWerkstatt181119schulthess-foto120-scaled-636x0.jpg 1x, https:\/\/www.lapurla.ch\/wp-content\/uploads\/2022\/07\/LapurlaDialogWerkstatt181119schulthess-foto120-scaled-1272x0.jpg 2x\">           <source width=\"375\" height=\"250\" media=\"(min-width: 576px)\" data-srcset=\"https:\/\/www.lapurla.ch\/wp-content\/uploads\/2022\/07\/LapurlaDialogWerkstatt181119schulthess-foto120-scaled-375x0.jpg 1x, https:\/\/www.lapurla.ch\/wp-content\/uploads\/2022\/07\/LapurlaDialogWerkstatt181119schulthess-foto120-scaled-750x0.jpg 2x\">           <img loading=\"lazy\" decoding=\"async\" width=\"375\" height=\"250\"           class=\"a-image__image js-a-image__image lazyload\" src=\"data:image\/gif;base64,R0lGODlhAQABAAAAACH5BAEKAAEALAAAAAABAAEAAAICTAEAOw==\"           data-src=\"https:\/\/www.lapurla.ch\/wp-content\/uploads\/2022\/07\/LapurlaDialogWerkstatt181119schulthess-foto120-scaled-375x0.jpg\" data-srcset=\"https:\/\/www.lapurla.ch\/wp-content\/uploads\/2022\/07\/LapurlaDialogWerkstatt181119schulthess-foto120-scaled-750x0.jpg 2x\" alt=\"\"\/>      <\/picture><\/div>                            <figcaption>Migros Kulturprozent<\/figcaption>\n                        <\/figure>\n\t\t\t\t\t                <\/div>\n                <div class=\"text col-12 col-lg-6\">\n\t\t\t\t\t<h3>Anche i genitori dei bambini si sono mostrati subito entusiasti, soprattutto quelli che di solito non vanno nei musei.\u00bb<\/h3>\n<p><em>Regina Dobler, educatrice presso il Chinderhort Appenzell<\/em><\/p>\n<p><a href=\"https:\/\/lapurla.ch\/it\/news\/interview-mit-den-pionierinnen-von-chiku\/\">All&#8217;intervista<\/a><\/p>\n                <\/div>\n            <\/div>\n\t\t\t\n<\/div>\n\n\n\n<hr class=\"wp-block-separator has-alpha-channel-opacity\"\/>\n\n\n\n<h1 class=\"wp-block-heading\" id=\"Rendevous\">Rendevous \u00abCHIKU\u00bb<\/h1>\n\n\n\n<p><a href=\"https:\/\/lapurla.ch\/event\/rendez-vous\/\">Programma \u00abRENDEZVOUS\u00bb<\/a><\/p>\n\n\n<div id=\"accordion-block_c9fcff0ba8778063938ecfa8d6278f8f\" class=\"mod-accordion\">\n\t\t<\/div>\n\n\n\n<div id=\"video-block_c6b1faf02ca1e2eb76fbe07b4bc6823e\" class=\"mod-video\">\n\t        <div class=\"row\">\n            <div class=\"col-12\">\n                <a href=\"https:\/\/vimeo.com\/584855740\" class=\"js-video-lightbox video-link\">\n                    <figure class=\"video-block\">\n                        <div class=\"poster\">\n\t\t\t\t\t\t\t<div class=\"a-image js-a-image \"><picture class=\"a-image__picture js-a-image__picture\">           <source width=\"1320\" height=\"743\"  media=\"(min-width: 1400px)\" data-srcset=\"https:\/\/www.lapurla.ch\/wp-content\/uploads\/2022\/06\/LapurlaAnlaesseRendezvous-1320x0.png 1x, https:\/\/www.lapurla.ch\/wp-content\/uploads\/2022\/06\/LapurlaAnlaesseRendezvous-2640x0.png 2x\">           <source width=\"1140\" height=\"641\" media=\"(min-width: 1200px)\" data-srcset=\"https:\/\/www.lapurla.ch\/wp-content\/uploads\/2022\/06\/LapurlaAnlaesseRendezvous-1140x0.png 1x, https:\/\/www.lapurla.ch\/wp-content\/uploads\/2022\/06\/LapurlaAnlaesseRendezvous-2280x0.png 2x\">           <source width=\"960\" height=\"540\" media=\"(min-width: 992px)\" data-srcset=\"https:\/\/www.lapurla.ch\/wp-content\/uploads\/2022\/06\/LapurlaAnlaesseRendezvous-960x0.png  1x, https:\/\/www.lapurla.ch\/wp-content\/uploads\/2022\/06\/LapurlaAnlaesseRendezvous-1920x0.png 2x\">           <source width=\"720\" height=\"405\" media=\"(min-width: 768px)\" data-srcset=\"https:\/\/www.lapurla.ch\/wp-content\/uploads\/2022\/06\/LapurlaAnlaesseRendezvous-720x0.png 1x, https:\/\/www.lapurla.ch\/wp-content\/uploads\/2022\/06\/LapurlaAnlaesseRendezvous-1440x0.png 2x\">           <source width=\"540\" height=\"304\" media=\"(min-width: 576px)\" data-srcset=\"https:\/\/www.lapurla.ch\/wp-content\/uploads\/2022\/06\/LapurlaAnlaesseRendezvous-540x0.png 1x, https:\/\/www.lapurla.ch\/wp-content\/uploads\/2022\/06\/LapurlaAnlaesseRendezvous-1080x0.png 2x\">           <img loading=\"lazy\" decoding=\"async\" width=\"540\" height=\"304\"           class=\"a-image__image js-a-image__image lazyload\" src=\"data:image\/gif;base64,R0lGODlhAQABAAAAACH5BAEKAAEALAAAAAABAAEAAAICTAEAOw==\"           data-src=\"https:\/\/www.lapurla.ch\/wp-content\/uploads\/2022\/06\/LapurlaAnlaesseRendezvous-540x0.png\" data-srcset=\"https:\/\/www.lapurla.ch\/wp-content\/uploads\/2022\/06\/LapurlaAnlaesseRendezvous-1080x0.png 2x\" alt=\"\"\/>      <\/picture><\/div>                            <div class=\"icon\">\n\t\t\t\t\t\t\t\t<svg class=\"svg-icon icon-play\" xmlns=\"http:\/\/www.w3.org\/2000\/svg\"><use xmlns:xlink=\"http:\/\/www.w3.org\/1999\/xlink\" xlink:href=\"https:\/\/www.lapurla.ch\/wp-content\/themes\/lapurla\/dist\/icons.svg?f27dc72#play\"><\/use><\/svg>                            <\/div>\n                        <\/div>\n                        <figcaption><\/figcaption>\n                    <\/figure>\n                <\/a>\n            <\/div>\n        <\/div>\n\t<\/div>\n\n\n\n<hr class=\"wp-block-separator has-alpha-channel-opacity\"\/>\n\n\n\n<h1 class=\"wp-block-heading\" id=\"Steckbrief\">Profilo<\/h1>\n\n\n\n<div id=\"infobox-block_fc8bdab5ce880b632fa1e6c39e72a2ca\" class=\"mod-infobox\">\n\t        <div class=\"row\">\n            <div class=\"col-12\">\n                <div class=\"info-container\">\n                    <h2>CHIKU<\/h2>\n                    <div class=\"row\">\n                        <div class=\"col-12 col-lg-6\">\n\t\t\t\t\t\t\t<div class=\"info-box__intro\">\n<div class=\"rich-text\">\n<h2 class=\"rich-text__title\">Partner di progetto<\/h2>\n<\/div>\n<\/div>\n<div class=\"info-box__two-col\">\n<div class=\"two-columns__left\">\n<div class=\"rich-text\">\n<div class=\"rich-text__text\">\n<p><a href=\"http:\/\/www.h-gebertka.ch\/haeuser\/kunsthalle-ziegelhuette\/\" target=\"_blank\" rel=\"noopener\">Kunsthalle Ziegelh\u00fctte<\/a><br \/>\nZiegeleistrasse 14<br \/>\n9050 Appenzell<\/p>\n<p><a href=\"http:\/\/www.chinderhort.ch\/home.shtml\" target=\"_blank\" rel=\"noopener\">Chinderhort Appenzell<\/a><br \/>\nGaiser Strasse 17<br \/>\n9050 Appenzell<\/p>\n<\/div>\n<\/div>\n<div class=\"rich-text\">\n<h2 class=\"rich-text__title\">Persone coinvolte<\/h2>\n<div class=\"rich-text__text\">\n<div class=\"rich-text\">\n<div class=\"rich-text__text\">\n<p>Sandra B\u00fcchi (responsabile direzione asilo), Ezra Roduner (apprendista al 3\u00b0 anno), Monika Egl (apprendista al 1\u00b0 anno), Ramona F\u00e4ssler (stagista), Jana Manser (apprendista al 2\u00b0 anno), Olivia Beck (capogruppo), Dr. Roland Scotti (curatore, Kunsthalle Ziegelh\u00fctte), Nicole Tropiano (cassa e sorveglianza museo), Ursula Schmid (cassa e sorveglianza museo), Elga Koch-Busatta (cassa e sorveglianza museo), Marieke Suter-Ros (cassa e sorveglianza museo).<\/p>\n<\/div>\n<\/div>\n<div class=\"rich-text\">\n<h2 class=\"rich-text__title\">Promotori<\/h2>\n<div class=\"rich-text__text\">\n<p>Finanziato da Chinderhort Appenzell, Kunsthalle Ziegelh\u00fctte e Heinrich Gebert Kulturstiftung Appenzell, su impulso dell\u2019iniziativa Lapurla (2018).<\/p>\n<h2 class=\"rich-text__title\">Bambini<\/h2>\n<div class=\"rich-text__text\">\n<p>Prima serie di visite:\u00a0Noah (4), Jon (3), Jan (3), Alessia (3), Leandro (4), Alessia (5), Mia (3), Malin B. (3), Jan Luca (3), Malin W. (3). (5), Johann (5), Fredrick (4), Marielle (3), Anita (4), Romeo (3), Emanuel (4), Ivan (4), Maurin (4), Henri (4), Gianluca (3), Benjamin (4), Kandes (4), Lilian (4), Noemi H. (2), Teemu (2), Ron (7), Lukas (8), Leron (2), Alina (2), Viktoria (4), Diego (5), Andrina (5), Gian (5), Cedric (4), Tim (7), Marius (5), Mauro (8), Nina (8), Anais (6), Stelios (8), Kay (12).<\/p>\n<p>2a serie di visite:\u00a0Jan M.(4), Malin (4), Nerea (3), Janis (4), Annina (3), Am\u00e9d\u00e9 (3), Elio (4), Alina (3), Jan Luca (4), Leron (3), Sophia (3),<br \/>\nNoemi (4), Alessia H. (6), Teemu (4), Emma (3), Lenny (3), Jan B. (3), Mia B. (5), Elin Meja (7), Kandes (6).<\/p>\n<p>3a serie di visite:\u00a0Victoria (1), Nick (1), Livio (2), Linnea (2), Vitus (2).<\/p>\n<p>4a fila in visita:\u00a0Marie (2), Louan (3), Leon (2), Tobias (1,5), Moreno (2,5).<\/p>\n<p>5a fila in visita: Jonah (2), Jan (2), Dzena (3), Charlotte (2), Maria (3), Melina (3).<\/p>\n<\/div>\n<\/div>\n<\/div>\n<\/div>\n<\/div>\n<\/div>\n<\/div>\n                        <\/div>\n                        <div class=\"col-12 col-lg-6\">\n\t\t\t\t\t\t\t<div class=\"rich-text\">\n<div class=\"rich-text__text\">\n<h2 class=\"rich-text__title\">Responsabili di progetto<\/h2>\n<div class=\"rich-text__text\">\n<p>Anna Beck-W\u00f6rner<br \/>\nKulturvermittlerin Kunsthalle Ziegelh\u00fctte<br \/>\n<a title=\"E-Mail an abeckwoerner@kunsthalleappenzell.ch senden\" href=\"mailto:abeckwoerner@kunsthalleappenzell.ch\" data-linkindex=\"2\">abeckwoerner@kunsthalleappenzell.ch<\/a><\/p>\n<p>Regina Dobler<br \/>\nMiterzieherin Chinderhort Appenzell<br \/>\n<a href=\"mailto:regina.dobler@gmx.ch\">regina.dobler@gmx.ch<\/a><\/p>\n<\/div>\n<div class=\"rich-text\">\n<h2 class=\"rich-text__title\">Durata<\/h2>\n<div class=\"rich-text__text\">\n<p>1a serie di visite: da maggio a settembre 2018<br \/>\n2a serie di visite: ottobre 2019<br \/>\n3a serie di visite: settembre-ottobre 2020<br \/>\n4a serie di visite: gennaio-febbraio 2021<br \/>\n5a serie di visite: agosto-settembre 2021<br \/>\n6a serie di visite: febbraio &#8211; marzo 2022<br \/>\n7a serie di visite: agosto 2022<br \/>\n8a serie di visite: marzo &#8211; aprile 2023<\/p>\n<\/div>\n<\/div>\n<div class=\"rich-text\">\n<h2 class=\"rich-text__title\">Maggiori informazioni<\/h2>\n<\/div>\n<\/div>\n<\/div>\n<div class=\"rich-text\">\n<div class=\"rich-text__text\">\n<p><a href=\"https:\/\/lapurla.ch\/wp-content\/uploads\/2022\/06\/CHIKUChinderhortKunsthalle.pdf\" target=\"_blank\" rel=\"noopener\">Konzeptuelle Wegbeschreibung<\/a> (PDF)<\/p>\n<p><a href=\"https:\/\/lapurla.ch\/wp-content\/uploads\/2022\/06\/LapurlaPosterCHIKUDialogwerkstatt320191118.pdf\" target=\"_blank\" rel=\"noopener\">Projektposter<\/a>\u00a0(PDF, Stand Nov 2019)<\/p>\n<h2 class=\"rich-text__title\">Media<\/h2>\n<div class=\"rich-text__text\">\n<p>Appenzeller Volksfreund, 17. Februar 2021:\u00a0<a href=\"https:\/\/lapurla.ch\/wp-content\/uploads\/2022\/06\/Ohne-Titel.pdf\" target=\"_blank\" rel=\"noopener\">\u00abKunstprojekt mit Chinderhort-Kindern in der Kunst\u00adhalle Ziegelh\u00fctte: Der Neugier der Kinder folgen\u00bb<\/a><\/p>\n<p>Migros-Magazin, 30. September 2019:\u00a0<a href=\"https:\/\/lapurla.ch\/wp-content\/uploads\/2022\/06\/MMD-40Lapurla.pdf\" target=\"_blank\" rel=\"noopener\">\u00abSpielwiese Kunsthalle\u00bb<\/a><\/p>\n<\/div>\n<\/div>\n<\/div>\n                        <\/div>\n                    <\/div>\n                <\/div>\n            <\/div>\n        <\/div>\n\t<\/div>\n","protected":false},"excerpt":{"rendered":"<p>Serie di visite 1a serie di visite, Mostra: Bauplatz Kreativit\u00e4t Mostra: Bauplatz Kreativit\u00e4t, eine Wanderausstellung der Bildschulen Schweiz Kinder des Chinderhorts Appenzell besuchten an acht Terminen die Ausstellung Bauplatz Kreativit\u00e4t in der Kunsthalle Ziegelh\u00fctte. Am 30. September 2018 fand die Vernissage f\u00fcr Eltern, Verwandte und Interessierte statt, an der 75 Personen teilnahmen. \u00dcbergeordnete Klammer f\u00fcr [&hellip;]<\/p>\n","protected":false},"featured_media":20277,"template":"","meta":{"_acf_changed":false,"latitude":"47.325661749999995","longitude":"9.407719389600786","kurzbeschreibung":"In otto appuntamenti, i bambini del Chinderhort Appenzell hanno visitato la mostra Bauplatz Kreativit\u00e4t (Cantiere della creativit\u00e0) nella Kunsthalle Ziegelh\u00fctte.","datum_von":"","footnotes":""},"kanton":[128,86],"project_category":[147],"project_serie":[215],"class_list":["post-10284","project","type-project","status-publish","has-post-thumbnail","hentry","kanton-appenzell-it","kanton-national","project_category-modellprojekte-kinder-zur-kunst-it","project_serie-pilotphase-2018-21"],"acf":[],"yoast_head":"<!-- This site is optimized with the Yoast SEO plugin v27.2 - https:\/\/yoast.com\/product\/yoast-seo-wordpress\/ -->\n<title>CHIKU &#8211; Lapurla<\/title>\n<meta name=\"robots\" content=\"index, follow, max-snippet:-1, max-image-preview:large, max-video-preview:-1\" \/>\n<link rel=\"canonical\" href=\"https:\/\/www.lapurla.ch\/it\/project\/chiku-schauen-und-staunen-gestalten-und-wirken-kreativ-sein\" \/>\n<meta property=\"og:locale\" content=\"it_IT\" \/>\n<meta property=\"og:type\" content=\"article\" \/>\n<meta property=\"og:title\" content=\"CHIKU &#8211; Lapurla\" \/>\n<meta property=\"og:description\" content=\"Serie di visite 1a serie di visite, Mostra: Bauplatz Kreativit\u00e4t Mostra: Bauplatz Kreativit\u00e4t, eine Wanderausstellung der Bildschulen Schweiz Kinder des Chinderhorts Appenzell besuchten an acht Terminen die Ausstellung Bauplatz Kreativit\u00e4t in der Kunsthalle Ziegelh\u00fctte. Am 30. September 2018 fand die Vernissage f\u00fcr Eltern, Verwandte und Interessierte statt, an der 75 Personen teilnahmen. \u00dcbergeordnete Klammer f\u00fcr [&hellip;]\" \/>\n<meta property=\"og:url\" content=\"https:\/\/www.lapurla.ch\/it\/project\/chiku-schauen-und-staunen-gestalten-und-wirken-kreativ-sein\" \/>\n<meta property=\"og:site_name\" content=\"Lapurla\" \/>\n<meta property=\"article:modified_time\" content=\"2025-04-01T16:31:43+00:00\" \/>\n<meta property=\"og:image\" content=\"https:\/\/www.lapurla.ch\/wp-content\/uploads\/2022\/06\/LapurlaAwardsCHIKU-1.jpg\" \/>\n\t<meta property=\"og:image:width\" content=\"1535\" \/>\n\t<meta property=\"og:image:height\" content=\"1063\" \/>\n\t<meta property=\"og:image:type\" content=\"image\/jpeg\" \/>\n<meta name=\"twitter:card\" content=\"summary_large_image\" \/>\n<meta name=\"twitter:label1\" content=\"Tempo di lettura stimato\" \/>\n\t<meta name=\"twitter:data1\" content=\"7 minuti\" \/>\n<script type=\"application\/ld+json\" class=\"yoast-schema-graph\">{\"@context\":\"https:\/\/schema.org\",\"@graph\":[{\"@type\":\"WebPage\",\"@id\":\"https:\/\/www.lapurla.ch\/it\/project\/chiku-schauen-und-staunen-gestalten-und-wirken-kreativ-sein\",\"url\":\"https:\/\/www.lapurla.ch\/it\/project\/chiku-schauen-und-staunen-gestalten-und-wirken-kreativ-sein\",\"name\":\"CHIKU &#8211; Lapurla\",\"isPartOf\":{\"@id\":\"https:\/\/www.lapurla.ch\/#website\"},\"primaryImageOfPage\":{\"@id\":\"https:\/\/www.lapurla.ch\/it\/project\/chiku-schauen-und-staunen-gestalten-und-wirken-kreativ-sein#primaryimage\"},\"image\":{\"@id\":\"https:\/\/www.lapurla.ch\/it\/project\/chiku-schauen-und-staunen-gestalten-und-wirken-kreativ-sein#primaryimage\"},\"thumbnailUrl\":\"https:\/\/www.lapurla.ch\/wp-content\/uploads\/2022\/06\/LapurlaAwardsCHIKU-1.jpg\",\"datePublished\":\"2022-06-28T18:07:19+00:00\",\"dateModified\":\"2025-04-01T16:31:43+00:00\",\"breadcrumb\":{\"@id\":\"https:\/\/www.lapurla.ch\/it\/project\/chiku-schauen-und-staunen-gestalten-und-wirken-kreativ-sein#breadcrumb\"},\"inLanguage\":\"it-IT\",\"potentialAction\":[{\"@type\":\"ReadAction\",\"target\":[\"https:\/\/www.lapurla.ch\/it\/project\/chiku-schauen-und-staunen-gestalten-und-wirken-kreativ-sein\"]}]},{\"@type\":\"ImageObject\",\"inLanguage\":\"it-IT\",\"@id\":\"https:\/\/www.lapurla.ch\/it\/project\/chiku-schauen-und-staunen-gestalten-und-wirken-kreativ-sein#primaryimage\",\"url\":\"https:\/\/www.lapurla.ch\/wp-content\/uploads\/2022\/06\/LapurlaAwardsCHIKU-1.jpg\",\"contentUrl\":\"https:\/\/www.lapurla.ch\/wp-content\/uploads\/2022\/06\/LapurlaAwardsCHIKU-1.jpg\",\"width\":1535,\"height\":1063},{\"@type\":\"BreadcrumbList\",\"@id\":\"https:\/\/www.lapurla.ch\/it\/project\/chiku-schauen-und-staunen-gestalten-und-wirken-kreativ-sein#breadcrumb\",\"itemListElement\":[{\"@type\":\"ListItem\",\"position\":1,\"name\":\"Startseite\",\"item\":\"https:\/\/www.lapurla.ch\/it\"},{\"@type\":\"ListItem\",\"position\":2,\"name\":\"Projekte\",\"item\":\"https:\/\/www.lapurla.ch\/project\"},{\"@type\":\"ListItem\",\"position\":3,\"name\":\"CHIKU\"}]},{\"@type\":\"WebSite\",\"@id\":\"https:\/\/www.lapurla.ch\/#website\",\"url\":\"https:\/\/www.lapurla.ch\/\",\"name\":\"Lapurla\",\"description\":\"\",\"publisher\":{\"@id\":\"https:\/\/www.lapurla.ch\/#organization\"},\"potentialAction\":[{\"@type\":\"SearchAction\",\"target\":{\"@type\":\"EntryPoint\",\"urlTemplate\":\"https:\/\/www.lapurla.ch\/?s={search_term_string}\"},\"query-input\":{\"@type\":\"PropertyValueSpecification\",\"valueRequired\":true,\"valueName\":\"search_term_string\"}}],\"inLanguage\":\"it-IT\"},{\"@type\":\"Organization\",\"@id\":\"https:\/\/www.lapurla.ch\/#organization\",\"name\":\"Lapurla\",\"url\":\"https:\/\/www.lapurla.ch\/\",\"logo\":{\"@type\":\"ImageObject\",\"inLanguage\":\"it-IT\",\"@id\":\"https:\/\/www.lapurla.ch\/#\/schema\/logo\/image\/\",\"url\":\"https:\/\/www.lapurla.ch\/wp-content\/uploads\/2022\/03\/cropped-favicon.png\",\"contentUrl\":\"https:\/\/www.lapurla.ch\/wp-content\/uploads\/2022\/03\/cropped-favicon.png\",\"width\":512,\"height\":512,\"caption\":\"Lapurla\"},\"image\":{\"@id\":\"https:\/\/www.lapurla.ch\/#\/schema\/logo\/image\/\"}}]}<\/script>\n<!-- \/ Yoast SEO plugin. -->","yoast_head_json":{"title":"CHIKU &#8211; Lapurla","robots":{"index":"index","follow":"follow","max-snippet":"max-snippet:-1","max-image-preview":"max-image-preview:large","max-video-preview":"max-video-preview:-1"},"canonical":"https:\/\/www.lapurla.ch\/it\/project\/chiku-schauen-und-staunen-gestalten-und-wirken-kreativ-sein","og_locale":"it_IT","og_type":"article","og_title":"CHIKU &#8211; Lapurla","og_description":"Serie di visite 1a serie di visite, Mostra: Bauplatz Kreativit\u00e4t Mostra: Bauplatz Kreativit\u00e4t, eine Wanderausstellung der Bildschulen Schweiz Kinder des Chinderhorts Appenzell besuchten an acht Terminen die Ausstellung Bauplatz Kreativit\u00e4t in der Kunsthalle Ziegelh\u00fctte. Am 30. September 2018 fand die Vernissage f\u00fcr Eltern, Verwandte und Interessierte statt, an der 75 Personen teilnahmen. \u00dcbergeordnete Klammer f\u00fcr [&hellip;]","og_url":"https:\/\/www.lapurla.ch\/it\/project\/chiku-schauen-und-staunen-gestalten-und-wirken-kreativ-sein","og_site_name":"Lapurla","article_modified_time":"2025-04-01T16:31:43+00:00","og_image":[{"width":1535,"height":1063,"url":"https:\/\/www.lapurla.ch\/wp-content\/uploads\/2022\/06\/LapurlaAwardsCHIKU-1.jpg","type":"image\/jpeg"}],"twitter_card":"summary_large_image","twitter_misc":{"Tempo di lettura stimato":"7 minuti"},"schema":{"@context":"https:\/\/schema.org","@graph":[{"@type":"WebPage","@id":"https:\/\/www.lapurla.ch\/it\/project\/chiku-schauen-und-staunen-gestalten-und-wirken-kreativ-sein","url":"https:\/\/www.lapurla.ch\/it\/project\/chiku-schauen-und-staunen-gestalten-und-wirken-kreativ-sein","name":"CHIKU &#8211; Lapurla","isPartOf":{"@id":"https:\/\/www.lapurla.ch\/#website"},"primaryImageOfPage":{"@id":"https:\/\/www.lapurla.ch\/it\/project\/chiku-schauen-und-staunen-gestalten-und-wirken-kreativ-sein#primaryimage"},"image":{"@id":"https:\/\/www.lapurla.ch\/it\/project\/chiku-schauen-und-staunen-gestalten-und-wirken-kreativ-sein#primaryimage"},"thumbnailUrl":"https:\/\/www.lapurla.ch\/wp-content\/uploads\/2022\/06\/LapurlaAwardsCHIKU-1.jpg","datePublished":"2022-06-28T18:07:19+00:00","dateModified":"2025-04-01T16:31:43+00:00","breadcrumb":{"@id":"https:\/\/www.lapurla.ch\/it\/project\/chiku-schauen-und-staunen-gestalten-und-wirken-kreativ-sein#breadcrumb"},"inLanguage":"it-IT","potentialAction":[{"@type":"ReadAction","target":["https:\/\/www.lapurla.ch\/it\/project\/chiku-schauen-und-staunen-gestalten-und-wirken-kreativ-sein"]}]},{"@type":"ImageObject","inLanguage":"it-IT","@id":"https:\/\/www.lapurla.ch\/it\/project\/chiku-schauen-und-staunen-gestalten-und-wirken-kreativ-sein#primaryimage","url":"https:\/\/www.lapurla.ch\/wp-content\/uploads\/2022\/06\/LapurlaAwardsCHIKU-1.jpg","contentUrl":"https:\/\/www.lapurla.ch\/wp-content\/uploads\/2022\/06\/LapurlaAwardsCHIKU-1.jpg","width":1535,"height":1063},{"@type":"BreadcrumbList","@id":"https:\/\/www.lapurla.ch\/it\/project\/chiku-schauen-und-staunen-gestalten-und-wirken-kreativ-sein#breadcrumb","itemListElement":[{"@type":"ListItem","position":1,"name":"Startseite","item":"https:\/\/www.lapurla.ch\/it"},{"@type":"ListItem","position":2,"name":"Projekte","item":"https:\/\/www.lapurla.ch\/project"},{"@type":"ListItem","position":3,"name":"CHIKU"}]},{"@type":"WebSite","@id":"https:\/\/www.lapurla.ch\/#website","url":"https:\/\/www.lapurla.ch\/","name":"Lapurla","description":"","publisher":{"@id":"https:\/\/www.lapurla.ch\/#organization"},"potentialAction":[{"@type":"SearchAction","target":{"@type":"EntryPoint","urlTemplate":"https:\/\/www.lapurla.ch\/?s={search_term_string}"},"query-input":{"@type":"PropertyValueSpecification","valueRequired":true,"valueName":"search_term_string"}}],"inLanguage":"it-IT"},{"@type":"Organization","@id":"https:\/\/www.lapurla.ch\/#organization","name":"Lapurla","url":"https:\/\/www.lapurla.ch\/","logo":{"@type":"ImageObject","inLanguage":"it-IT","@id":"https:\/\/www.lapurla.ch\/#\/schema\/logo\/image\/","url":"https:\/\/www.lapurla.ch\/wp-content\/uploads\/2022\/03\/cropped-favicon.png","contentUrl":"https:\/\/www.lapurla.ch\/wp-content\/uploads\/2022\/03\/cropped-favicon.png","width":512,"height":512,"caption":"Lapurla"},"image":{"@id":"https:\/\/www.lapurla.ch\/#\/schema\/logo\/image\/"}}]}},"datum":"","_links":{"self":[{"href":"https:\/\/www.lapurla.ch\/it\/wp-json\/wp\/v2\/project\/10284","targetHints":{"allow":["GET"]}}],"collection":[{"href":"https:\/\/www.lapurla.ch\/it\/wp-json\/wp\/v2\/project"}],"about":[{"href":"https:\/\/www.lapurla.ch\/it\/wp-json\/wp\/v2\/types\/project"}],"version-history":[{"count":35,"href":"https:\/\/www.lapurla.ch\/it\/wp-json\/wp\/v2\/project\/10284\/revisions"}],"predecessor-version":[{"id":24854,"href":"https:\/\/www.lapurla.ch\/it\/wp-json\/wp\/v2\/project\/10284\/revisions\/24854"}],"wp:featuredmedia":[{"embeddable":true,"href":"https:\/\/www.lapurla.ch\/it\/wp-json\/wp\/v2\/media\/20277"}],"wp:attachment":[{"href":"https:\/\/www.lapurla.ch\/it\/wp-json\/wp\/v2\/media?parent=10284"}],"wp:term":[{"taxonomy":"kanton","embeddable":true,"href":"https:\/\/www.lapurla.ch\/it\/wp-json\/wp\/v2\/kanton?post=10284"},{"taxonomy":"project_category","embeddable":true,"href":"https:\/\/www.lapurla.ch\/it\/wp-json\/wp\/v2\/project_category?post=10284"},{"taxonomy":"project_serie","embeddable":true,"href":"https:\/\/www.lapurla.ch\/it\/wp-json\/wp\/v2\/project_serie?post=10284"}],"curies":[{"name":"wp","href":"https:\/\/api.w.org\/{rel}","templated":true}]}}