{"id":10126,"date":"2022-06-28T19:39:28","date_gmt":"2022-06-28T17:39:28","guid":{"rendered":"https:\/\/lapurla.ch\/project\/minimove-goes-lapurla-kreativ-bewegt\/"},"modified":"2025-04-01T16:53:48","modified_gmt":"2025-04-01T14:53:48","slug":"minimove-goes-lapurla-kreativ-bewegt","status":"publish","type":"project","link":"https:\/\/www.lapurla.ch\/it\/project\/minimove-goes-lapurla-kreativ-bewegt","title":{"rendered":"MiniMove goes Lapurla"},"content":{"rendered":"\n<div id=\"lead-text-block_62bb4e74ede49\" class=\"mod-lead-text\">\n\t        <div class=\"row\">\n            <div class=\"col-12\">\n\t\t\t\t                <div class=\"lead-text\">\n\t\t\t\t\t<p>MiniMove \u00e8 un\u2019offerta di movimento della fondazione id\u00e9eSport per bambini piccoli e i loro genitori che ha luogo presso due palestre da dicembre a marzo. Proprio perch\u00e9 la palestra \u00e8 un ambiente ideale per conciliare il movimento con gli spazi di libert\u00e0 creativa, MiniMove prende il via in due sedi pilota. A Thierstein (BL) e Bellinzona (TI) si raccolgono le prime esperienze su come si possa strutturare uno spazio che promuova la creativit\u00e0 invitando i bambini e i loro genitori a sperimentare nuove possibilit\u00e0 di gioco e di scoperta.<\/p>\n                <\/div>\n            <\/div>\n        <\/div>\n\t<\/div>\n\n\n<hr class=\"wp-block-separator has-alpha-channel-opacity\"\/>\n\n\n\n<figure class=\"wp-block-image size-large\"><img loading=\"lazy\" decoding=\"async\" width=\"1024\" height=\"823\" src=\"https:\/\/lapurla.ch\/wp-content\/uploads\/2022\/06\/IdeeSportMiniMoveL1060484-1024x823.jpg\" alt=\"\" class=\"wp-image-2791\" srcset=\"https:\/\/www.lapurla.ch\/wp-content\/uploads\/2022\/06\/IdeeSportMiniMoveL1060484-1024x823.jpg 1024w, https:\/\/www.lapurla.ch\/wp-content\/uploads\/2022\/06\/IdeeSportMiniMoveL1060484-300x241.jpg 300w, https:\/\/www.lapurla.ch\/wp-content\/uploads\/2022\/06\/IdeeSportMiniMoveL1060484-768x617.jpg 768w, https:\/\/www.lapurla.ch\/wp-content\/uploads\/2022\/06\/IdeeSportMiniMoveL1060484.jpg 1037w\" sizes=\"auto, (max-width: 1024px) 100vw, 1024px\" \/><figcaption>Foto: Stiftung Id\u00e9eSport | Christian Jaeggi<\/figcaption><\/figure>\n\n\n\n<hr class=\"wp-block-separator has-alpha-channel-opacity\"\/>\n\n\n\n<h2 class=\"wp-block-heading\">Informazioni su MiniMove<\/h2>\n\n\n\n<p>Siamo felici che l&#8217;ultimo progetto modello &#8220;MiniMove va Lapurla&#8221; potrebbe finalmente iniziare dopo la pausa a causa della corona.&nbsp;<\/p>\n\n\n\n<p>Con il principio guida &#8220;Sostegno precoce per le pari opportunit\u00e0&#8221;, MiniMove apre le sue palestre in tutta la Svizzera ogni domenica durante il semestre invernale. MiniMove offre ai genitori e ai loro bambini in et\u00e0 prescolare un programma di esercizi gratuito. Oltre al divertimento e ai giochi, le palestre aperte vogliono essere uno spazio dove la motricit\u00e0 dei bambini \u00e8 al centro dell&#8217;attenzione e dove i genitori possono scambiarsi idee. MiniMove \u00e8 rappresentata con progetti in dodici diverse citt\u00e0 della Svizzera. Il team di supporto \u00e8 composto da allenatori adulti e giovani.&nbsp;<\/p>\n\n\n\n<p>Con il progetto &#8220;Minimove goes Lapurla&#8221;, le palestre aperte non devono essere utilizzate solo come luogo d&#8217;incontro, ma anche come spazio dove bambini e genitori possono abbandonarsi ai loro impulsi creativi mentre si muovono. Perch\u00e9 la creativit\u00e0 pu\u00f2 avvenire in tutti i posti &#8211; anche in una palestra.&nbsp;<\/p>\n\n\n\n<div id=\"bildergalerie-block_62e3febac795b\" class=\"mod-bildergalerie\">\n            <div class=\"col-12\">\n\t\t    \n<div class=\"mod-slider\">\n\t        <div id=\"slider-572ed1d1-0923-482c-a78f-1cd04d93b740\" class=\"swiper\">\n            <div class=\"swiper-wrapper\">\n\t\t\t\t                    <div class=\"swiper-slide\">\n                        <figure>\n\t\t\t\t\t\t\t<div class=\"a-image \">       <picture class=\"a-image__picture\">       \t<source width=\"1296\" height=\"972\" media=\"(min-width: 1400px)\" srcset=\"https:\/\/www.lapurla.ch\/wp-content\/uploads\/2022\/07\/IdeeSportMiniMove20220227CJPL1240944Lapurla-scaled-1296x972c.jpg 1x, https:\/\/www.lapurla.ch\/wp-content\/uploads\/2022\/07\/IdeeSportMiniMove20220227CJPL1240944Lapurla-scaled-2592x1944c.jpg 2x\">           <source width=\"1116\" height=\"837\" media=\"(min-width: 1200px)\" srcset=\"https:\/\/www.lapurla.ch\/wp-content\/uploads\/2022\/07\/IdeeSportMiniMove20220227CJPL1240944Lapurla-scaled-1116x837c.jpg 1x, https:\/\/www.lapurla.ch\/wp-content\/uploads\/2022\/07\/IdeeSportMiniMove20220227CJPL1240944Lapurla-scaled-2232x1674c.jpg 2x\">           <source width=\"936\" height=\"702\" media=\"(min-width: 992px)\" srcset=\"https:\/\/www.lapurla.ch\/wp-content\/uploads\/2022\/07\/IdeeSportMiniMove20220227CJPL1240944Lapurla-scaled-936x702c.jpg  1x, https:\/\/www.lapurla.ch\/wp-content\/uploads\/2022\/07\/IdeeSportMiniMove20220227CJPL1240944Lapurla-scaled-1872x1404c.jpg 2x\">           <source width=\"696\" height=\"522\" media=\"(min-width: 768px)\" srcset=\"https:\/\/www.lapurla.ch\/wp-content\/uploads\/2022\/07\/IdeeSportMiniMove20220227CJPL1240944Lapurla-scaled-696x522c.jpg 1x, https:\/\/www.lapurla.ch\/wp-content\/uploads\/2022\/07\/IdeeSportMiniMove20220227CJPL1240944Lapurla-scaled-1392x1044c.jpg 2x\">           <source width=\"516\" height=\"387\" media=\"(min-width: 576px)\" srcset=\"https:\/\/www.lapurla.ch\/wp-content\/uploads\/2022\/07\/IdeeSportMiniMove20220227CJPL1240944Lapurla-scaled-516x387c.jpg 1x, https:\/\/www.lapurla.ch\/wp-content\/uploads\/2022\/07\/IdeeSportMiniMove20220227CJPL1240944Lapurla-scaled-1032x774c.jpg 2x\">           <img loading=\"lazy\" decoding=\"async\" width=\"550\" height=\"413\"           class=\"a-image__image\"           src=\"https:\/\/www.lapurla.ch\/wp-content\/uploads\/2022\/07\/IdeeSportMiniMove20220227CJPL1240944Lapurla-scaled-550x413c.jpg\" data-srcset=\"https:\/\/www.lapurla.ch\/wp-content\/uploads\/2022\/07\/IdeeSportMiniMove20220227CJPL1240944Lapurla-scaled-1100x826c.jpg 2x\" alt=\"\"\/>       <\/picture> <\/div>                            <figcaption>\n\t\t\t\t\t\t\t\tNon esiste niente di giusto o sbagliato a priori: le idee nascono sperimentando | Foto: Christian J\u00e4ggi                            <\/figcaption>\n                        <\/figure>\n                    <\/div>\n\t\t\t\t                    <div class=\"swiper-slide\">\n                        <figure>\n\t\t\t\t\t\t\t<div class=\"a-image \">       <picture class=\"a-image__picture\">       \t<source width=\"1296\" height=\"972\" media=\"(min-width: 1400px)\" srcset=\"https:\/\/www.lapurla.ch\/wp-content\/uploads\/2022\/07\/IdeeSportMiniMove20220227CJPL1250781Lapurla-scaled-1296x972c.jpg 1x, https:\/\/www.lapurla.ch\/wp-content\/uploads\/2022\/07\/IdeeSportMiniMove20220227CJPL1250781Lapurla-scaled-2592x1944c.jpg 2x\">           <source width=\"1116\" height=\"837\" media=\"(min-width: 1200px)\" srcset=\"https:\/\/www.lapurla.ch\/wp-content\/uploads\/2022\/07\/IdeeSportMiniMove20220227CJPL1250781Lapurla-scaled-1116x837c.jpg 1x, https:\/\/www.lapurla.ch\/wp-content\/uploads\/2022\/07\/IdeeSportMiniMove20220227CJPL1250781Lapurla-scaled-2232x1674c.jpg 2x\">           <source width=\"936\" height=\"702\" media=\"(min-width: 992px)\" srcset=\"https:\/\/www.lapurla.ch\/wp-content\/uploads\/2022\/07\/IdeeSportMiniMove20220227CJPL1250781Lapurla-scaled-936x702c.jpg  1x, https:\/\/www.lapurla.ch\/wp-content\/uploads\/2022\/07\/IdeeSportMiniMove20220227CJPL1250781Lapurla-scaled-1872x1404c.jpg 2x\">           <source width=\"696\" height=\"522\" media=\"(min-width: 768px)\" srcset=\"https:\/\/www.lapurla.ch\/wp-content\/uploads\/2022\/07\/IdeeSportMiniMove20220227CJPL1250781Lapurla-scaled-696x522c.jpg 1x, https:\/\/www.lapurla.ch\/wp-content\/uploads\/2022\/07\/IdeeSportMiniMove20220227CJPL1250781Lapurla-scaled-1392x1044c.jpg 2x\">           <source width=\"516\" height=\"387\" media=\"(min-width: 576px)\" srcset=\"https:\/\/www.lapurla.ch\/wp-content\/uploads\/2022\/07\/IdeeSportMiniMove20220227CJPL1250781Lapurla-scaled-516x387c.jpg 1x, https:\/\/www.lapurla.ch\/wp-content\/uploads\/2022\/07\/IdeeSportMiniMove20220227CJPL1250781Lapurla-scaled-1032x774c.jpg 2x\">           <img loading=\"lazy\" decoding=\"async\" width=\"550\" height=\"413\"           class=\"a-image__image\"           src=\"https:\/\/www.lapurla.ch\/wp-content\/uploads\/2022\/07\/IdeeSportMiniMove20220227CJPL1250781Lapurla-scaled-550x413c.jpg\" data-srcset=\"https:\/\/www.lapurla.ch\/wp-content\/uploads\/2022\/07\/IdeeSportMiniMove20220227CJPL1250781Lapurla-scaled-1100x826c.jpg 2x\" alt=\"\"\/>       <\/picture> <\/div>                            <figcaption>\n\t\t\t\t\t\t\t\tScambiarsi i ruoli \u00e8 divertente | Foto: Christian J\u00e4ggi                            <\/figcaption>\n                        <\/figure>\n                    <\/div>\n\t\t\t\t                    <div class=\"swiper-slide\">\n                        <figure>\n\t\t\t\t\t\t\t<div class=\"a-image \">       <picture class=\"a-image__picture\">       \t<source width=\"1296\" height=\"972\" media=\"(min-width: 1400px)\" srcset=\"https:\/\/www.lapurla.ch\/wp-content\/uploads\/2022\/07\/IdeeSportMiniMove20220227CJPL1250537Lapurla-scaled-1296x972c.jpg 1x, https:\/\/www.lapurla.ch\/wp-content\/uploads\/2022\/07\/IdeeSportMiniMove20220227CJPL1250537Lapurla-scaled-2592x1944c.jpg 2x\">           <source width=\"1116\" height=\"837\" media=\"(min-width: 1200px)\" srcset=\"https:\/\/www.lapurla.ch\/wp-content\/uploads\/2022\/07\/IdeeSportMiniMove20220227CJPL1250537Lapurla-scaled-1116x837c.jpg 1x, https:\/\/www.lapurla.ch\/wp-content\/uploads\/2022\/07\/IdeeSportMiniMove20220227CJPL1250537Lapurla-scaled-2232x1674c.jpg 2x\">           <source width=\"936\" height=\"702\" media=\"(min-width: 992px)\" srcset=\"https:\/\/www.lapurla.ch\/wp-content\/uploads\/2022\/07\/IdeeSportMiniMove20220227CJPL1250537Lapurla-scaled-936x702c.jpg  1x, https:\/\/www.lapurla.ch\/wp-content\/uploads\/2022\/07\/IdeeSportMiniMove20220227CJPL1250537Lapurla-scaled-1872x1404c.jpg 2x\">           <source width=\"696\" height=\"522\" media=\"(min-width: 768px)\" srcset=\"https:\/\/www.lapurla.ch\/wp-content\/uploads\/2022\/07\/IdeeSportMiniMove20220227CJPL1250537Lapurla-scaled-696x522c.jpg 1x, https:\/\/www.lapurla.ch\/wp-content\/uploads\/2022\/07\/IdeeSportMiniMove20220227CJPL1250537Lapurla-scaled-1392x1044c.jpg 2x\">           <source width=\"516\" height=\"387\" media=\"(min-width: 576px)\" srcset=\"https:\/\/www.lapurla.ch\/wp-content\/uploads\/2022\/07\/IdeeSportMiniMove20220227CJPL1250537Lapurla-scaled-516x387c.jpg 1x, https:\/\/www.lapurla.ch\/wp-content\/uploads\/2022\/07\/IdeeSportMiniMove20220227CJPL1250537Lapurla-scaled-1032x774c.jpg 2x\">           <img loading=\"lazy\" decoding=\"async\" width=\"550\" height=\"413\"           class=\"a-image__image\"           src=\"https:\/\/www.lapurla.ch\/wp-content\/uploads\/2022\/07\/IdeeSportMiniMove20220227CJPL1250537Lapurla-scaled-550x413c.jpg\" data-srcset=\"https:\/\/www.lapurla.ch\/wp-content\/uploads\/2022\/07\/IdeeSportMiniMove20220227CJPL1250537Lapurla-scaled-1100x826c.jpg 2x\" alt=\"\"\/>       <\/picture> <\/div>                            <figcaption>\n\t\t\t\t\t\t\t\tQuando il birillo cade, fa un suono molto bello | Foto: Christian J\u00e4ggi                            <\/figcaption>\n                        <\/figure>\n                    <\/div>\n\t\t\t\t                    <div class=\"swiper-slide\">\n                        <figure>\n\t\t\t\t\t\t\t<div class=\"a-image \">       <picture class=\"a-image__picture\">       \t<source width=\"1296\" height=\"972\" media=\"(min-width: 1400px)\" srcset=\"https:\/\/www.lapurla.ch\/wp-content\/uploads\/2022\/07\/IdeeSportMiniMove20220227CJPL1260232Lapurla-scaled-1296x972c.jpg 1x, https:\/\/www.lapurla.ch\/wp-content\/uploads\/2022\/07\/IdeeSportMiniMove20220227CJPL1260232Lapurla-scaled-2592x1944c.jpg 2x\">           <source width=\"1116\" height=\"837\" media=\"(min-width: 1200px)\" srcset=\"https:\/\/www.lapurla.ch\/wp-content\/uploads\/2022\/07\/IdeeSportMiniMove20220227CJPL1260232Lapurla-scaled-1116x837c.jpg 1x, https:\/\/www.lapurla.ch\/wp-content\/uploads\/2022\/07\/IdeeSportMiniMove20220227CJPL1260232Lapurla-scaled-2232x1674c.jpg 2x\">           <source width=\"936\" height=\"702\" media=\"(min-width: 992px)\" srcset=\"https:\/\/www.lapurla.ch\/wp-content\/uploads\/2022\/07\/IdeeSportMiniMove20220227CJPL1260232Lapurla-scaled-936x702c.jpg  1x, https:\/\/www.lapurla.ch\/wp-content\/uploads\/2022\/07\/IdeeSportMiniMove20220227CJPL1260232Lapurla-scaled-1872x1404c.jpg 2x\">           <source width=\"696\" height=\"522\" media=\"(min-width: 768px)\" srcset=\"https:\/\/www.lapurla.ch\/wp-content\/uploads\/2022\/07\/IdeeSportMiniMove20220227CJPL1260232Lapurla-scaled-696x522c.jpg 1x, https:\/\/www.lapurla.ch\/wp-content\/uploads\/2022\/07\/IdeeSportMiniMove20220227CJPL1260232Lapurla-scaled-1392x1044c.jpg 2x\">           <source width=\"516\" height=\"387\" media=\"(min-width: 576px)\" srcset=\"https:\/\/www.lapurla.ch\/wp-content\/uploads\/2022\/07\/IdeeSportMiniMove20220227CJPL1260232Lapurla-scaled-516x387c.jpg 1x, https:\/\/www.lapurla.ch\/wp-content\/uploads\/2022\/07\/IdeeSportMiniMove20220227CJPL1260232Lapurla-scaled-1032x774c.jpg 2x\">           <img loading=\"lazy\" decoding=\"async\" width=\"550\" height=\"413\"           class=\"a-image__image\"           src=\"https:\/\/www.lapurla.ch\/wp-content\/uploads\/2022\/07\/IdeeSportMiniMove20220227CJPL1260232Lapurla-scaled-550x413c.jpg\" data-srcset=\"https:\/\/www.lapurla.ch\/wp-content\/uploads\/2022\/07\/IdeeSportMiniMove20220227CJPL1260232Lapurla-scaled-1100x826c.jpg 2x\" alt=\"\"\/>       <\/picture> <\/div>                            <figcaption>\n\t\t\t\t\t\t\t\tTutto ci\u00f2 che rotola invita al movimento | Foto: Christian J\u00e4ggi                            <\/figcaption>\n                        <\/figure>\n                    <\/div>\n\t\t\t\t                    <div class=\"swiper-slide\">\n                        <figure>\n\t\t\t\t\t\t\t<div class=\"a-image \">       <picture class=\"a-image__picture\">       \t<source width=\"1296\" height=\"972\" media=\"(min-width: 1400px)\" srcset=\"https:\/\/www.lapurla.ch\/wp-content\/uploads\/2022\/07\/IdeeSportMiniMove20220227CJPL1250995Lapurla-scaled-1296x972c.jpg 1x, https:\/\/www.lapurla.ch\/wp-content\/uploads\/2022\/07\/IdeeSportMiniMove20220227CJPL1250995Lapurla-scaled-2592x1944c.jpg 2x\">           <source width=\"1116\" height=\"837\" media=\"(min-width: 1200px)\" srcset=\"https:\/\/www.lapurla.ch\/wp-content\/uploads\/2022\/07\/IdeeSportMiniMove20220227CJPL1250995Lapurla-scaled-1116x837c.jpg 1x, https:\/\/www.lapurla.ch\/wp-content\/uploads\/2022\/07\/IdeeSportMiniMove20220227CJPL1250995Lapurla-scaled-2232x1674c.jpg 2x\">           <source width=\"936\" height=\"702\" media=\"(min-width: 992px)\" srcset=\"https:\/\/www.lapurla.ch\/wp-content\/uploads\/2022\/07\/IdeeSportMiniMove20220227CJPL1250995Lapurla-scaled-936x702c.jpg  1x, https:\/\/www.lapurla.ch\/wp-content\/uploads\/2022\/07\/IdeeSportMiniMove20220227CJPL1250995Lapurla-scaled-1872x1404c.jpg 2x\">           <source width=\"696\" height=\"522\" media=\"(min-width: 768px)\" srcset=\"https:\/\/www.lapurla.ch\/wp-content\/uploads\/2022\/07\/IdeeSportMiniMove20220227CJPL1250995Lapurla-scaled-696x522c.jpg 1x, https:\/\/www.lapurla.ch\/wp-content\/uploads\/2022\/07\/IdeeSportMiniMove20220227CJPL1250995Lapurla-scaled-1392x1044c.jpg 2x\">           <source width=\"516\" height=\"387\" media=\"(min-width: 576px)\" srcset=\"https:\/\/www.lapurla.ch\/wp-content\/uploads\/2022\/07\/IdeeSportMiniMove20220227CJPL1250995Lapurla-scaled-516x387c.jpg 1x, https:\/\/www.lapurla.ch\/wp-content\/uploads\/2022\/07\/IdeeSportMiniMove20220227CJPL1250995Lapurla-scaled-1032x774c.jpg 2x\">           <img loading=\"lazy\" decoding=\"async\" width=\"550\" height=\"413\"           class=\"a-image__image\"           src=\"https:\/\/www.lapurla.ch\/wp-content\/uploads\/2022\/07\/IdeeSportMiniMove20220227CJPL1250995Lapurla-scaled-550x413c.jpg\" data-srcset=\"https:\/\/www.lapurla.ch\/wp-content\/uploads\/2022\/07\/IdeeSportMiniMove20220227CJPL1250995Lapurla-scaled-1100x826c.jpg 2x\" alt=\"\"\/>       <\/picture> <\/div>                            <figcaption>\n\t\t\t\t\t\t\t\tCosa succede quando un grande oggetto rotondo colpisce un piccolo oggetto lungo e sottile? | Foto: Christian J\u00e4ggi                            <\/figcaption>\n                        <\/figure>\n                    <\/div>\n\t\t\t\t            <\/div>\n            <div class=\"container\">\n                <div class=\"row\">\n                    <div class=\"col-12 position-relative\">\n                        <div class=\"pagination\"><\/div>\n                        <div class=\"button-wrapper\">\n                            <button class=\"swiper-button-prev\">\n\t\t\t\t\t\t\t\t<svg class=\"svg-icon icon-arrow-left\" xmlns=\"http:\/\/www.w3.org\/2000\/svg\"><use xmlns:xlink=\"http:\/\/www.w3.org\/1999\/xlink\" xlink:href=\"https:\/\/www.lapurla.ch\/wp-content\/themes\/lapurla\/dist\/icons.svg?f27dc72#arrow-left\"><\/use><\/svg>                                <span class=\"visually-hidden\">Indietro <\/span>\n                            <\/button>\n                            <button class=\"swiper-button-next\">\n\t\t\t\t\t\t\t\t<svg class=\"svg-icon icon-arrow-right\" xmlns=\"http:\/\/www.w3.org\/2000\/svg\"><use xmlns:xlink=\"http:\/\/www.w3.org\/1999\/xlink\" xlink:href=\"https:\/\/www.lapurla.ch\/wp-content\/themes\/lapurla\/dist\/icons.svg?f27dc72#arrow-right\"><\/use><\/svg>                                <span class=\"visually-hidden\">Avanti<\/span>\n                            <\/button>\n                        <\/div>\n                    <\/div>\n                <\/div>\n            <\/div>\n        <\/div>\n\t<\/div>\n        <\/div>\n    <\/div>\n\n\n\n<hr class=\"wp-block-separator has-alpha-channel-opacity\"\/>\n\n\n\n<div id=\"video-block_62e4020bc7961\" class=\"mod-video\">\n\t        <div class=\"row\">\n            <div class=\"col-12\">\n                <a href=\"https:\/\/vimeo.com\/458716264\" class=\"js-video-lightbox video-link\">\n                    <figure class=\"video-block\">\n                        <div class=\"poster\">\n\t\t\t\t\t\t\t<div class=\"a-image js-a-image \"><picture class=\"a-image__picture js-a-image__picture\">           <source width=\"1320\" height=\"879\"  media=\"(min-width: 1400px)\" data-srcset=\"https:\/\/www.lapurla.ch\/wp-content\/uploads\/2022\/06\/Bildschirmfoto-2022-07-29-um-17.56.23-1320x0.png 1x, https:\/\/www.lapurla.ch\/wp-content\/uploads\/2022\/06\/Bildschirmfoto-2022-07-29-um-17.56.23-2640x0.png 2x\">           <source width=\"1140\" height=\"759\" media=\"(min-width: 1200px)\" data-srcset=\"https:\/\/www.lapurla.ch\/wp-content\/uploads\/2022\/06\/Bildschirmfoto-2022-07-29-um-17.56.23-1140x0.png 1x, https:\/\/www.lapurla.ch\/wp-content\/uploads\/2022\/06\/Bildschirmfoto-2022-07-29-um-17.56.23-2280x0.png 2x\">           <source width=\"960\" height=\"639\" media=\"(min-width: 992px)\" data-srcset=\"https:\/\/www.lapurla.ch\/wp-content\/uploads\/2022\/06\/Bildschirmfoto-2022-07-29-um-17.56.23-960x0.png  1x, https:\/\/www.lapurla.ch\/wp-content\/uploads\/2022\/06\/Bildschirmfoto-2022-07-29-um-17.56.23-1920x0.png 2x\">           <source width=\"720\" height=\"479\" media=\"(min-width: 768px)\" data-srcset=\"https:\/\/www.lapurla.ch\/wp-content\/uploads\/2022\/06\/Bildschirmfoto-2022-07-29-um-17.56.23-720x0.png 1x, https:\/\/www.lapurla.ch\/wp-content\/uploads\/2022\/06\/Bildschirmfoto-2022-07-29-um-17.56.23-1440x0.png 2x\">           <source width=\"540\" height=\"359\" media=\"(min-width: 576px)\" data-srcset=\"https:\/\/www.lapurla.ch\/wp-content\/uploads\/2022\/06\/Bildschirmfoto-2022-07-29-um-17.56.23-540x0.png 1x, https:\/\/www.lapurla.ch\/wp-content\/uploads\/2022\/06\/Bildschirmfoto-2022-07-29-um-17.56.23-1080x0.png 2x\">           <img loading=\"lazy\" decoding=\"async\" width=\"540\" height=\"359\"           class=\"a-image__image js-a-image__image lazyload\" src=\"data:image\/gif;base64,R0lGODlhAQABAAAAACH5BAEKAAEALAAAAAABAAEAAAICTAEAOw==\"           data-src=\"https:\/\/www.lapurla.ch\/wp-content\/uploads\/2022\/06\/Bildschirmfoto-2022-07-29-um-17.56.23-540x0.png\" data-srcset=\"https:\/\/www.lapurla.ch\/wp-content\/uploads\/2022\/06\/Bildschirmfoto-2022-07-29-um-17.56.23-1080x0.png 2x\" alt=\"\"\/>      <\/picture><\/div>                            <div class=\"icon\">\n\t\t\t\t\t\t\t\t<svg class=\"svg-icon icon-play\" xmlns=\"http:\/\/www.w3.org\/2000\/svg\"><use xmlns:xlink=\"http:\/\/www.w3.org\/1999\/xlink\" xlink:href=\"https:\/\/www.lapurla.ch\/wp-content\/themes\/lapurla\/dist\/icons.svg?f27dc72#play\"><\/use><\/svg>                            <\/div>\n                        <\/div>\n                        <figcaption><\/figcaption>\n                    <\/figure>\n                <\/a>\n            <\/div>\n        <\/div>\n\t<\/div>\n\n\n\n<hr class=\"wp-block-separator has-alpha-channel-opacity\"\/>\n\n\n\n<h1 class=\"wp-block-heading\" id=\"Steckbrief\">Profilo<\/h1>\n\n\n\n<div id=\"infobox-block_62bb3e0098bd6\" class=\"mod-infobox\">\n\t        <div class=\"row\">\n            <div class=\"col-12\">\n                <div class=\"info-container\">\n                    <h2>MiniMove goes Lapurla<\/h2>\n                    <div class=\"row\">\n                        <div class=\"col-12 col-lg-6\">\n\t\t\t\t\t\t\t<div class=\"info-box__intro\">\n<h2 class=\"rich-text\">Thierstein (BL)<\/h2>\n<p class=\"rich-text\">13.\/ 20.\/ 27. Februar 2022, jeweils 14.30 &#8211; 17.00 Uhr<\/p>\n<\/div>\n<div class=\"info-box__two-col\">\n<div class=\"two-columns__left\">\n<div class=\"rich-text\">\n<div class=\"rich-text__text\">\n<p>Sporthallen Thierstein<\/p>\n<p><a href=\"https:\/\/lapurla.ch\/wp-content\/uploads\/2022\/06\/MMLPFlyerelektronisch220124DT.pdf\" target=\"_blank\" rel=\"noopener\">Flyer<\/a>\u00a0(PDF)<\/p>\n<\/div>\n<\/div>\n<div class=\"rich-text\">\n<h2 class=\"rich-text__title\">Bellinzona (TI)<\/h2>\n<div class=\"rich-text__text\">\n<p>6. \/ 13. \/ 20. Februar 2022, jeweils 14.30 &#8211; 17.30 Uhr<\/p>\n<p>Palestra SE Bellinzona Semine<\/p>\n<p><a href=\"https:\/\/lapurla.ch\/wp-content\/uploads\/2022\/06\/MMLPFlyer220124elektronischIT.pdf\" target=\"_blank\" rel=\"noopener\">Flyer<\/a>\u00a0(PDF)<\/p>\n<\/div>\n<\/div>\n<div class=\"rich-text\">\n<h2 class=\"rich-text__title\">Partner di progetto<\/h2>\n<div class=\"rich-text__text\">\n<p><a href=\"https:\/\/www.ideesport.ch\/\" target=\"_blank\" rel=\"noopener\">Stiftung\u00a0Id\u00e9eSport\u00a0<\/a><br \/>\nTannwaldstrasse\u00a048<br \/>\n4600 Olten<\/p>\n<\/div>\n<\/div>\n<div class=\"rich-text\">\n<h2 class=\"rich-text__title\">Promotori<\/h2>\n<div class=\"rich-text__text\">\n<p>Finanziato da Id\u00e9e Sport e Percento culturale Migros.<\/p>\n<\/div>\n<\/div>\n<\/div>\n<\/div>\n                        <\/div>\n                        <div class=\"col-12 col-lg-6\">\n\t\t\t\t\t\t\t<div class=\"rich-text\">\n<h2 class=\"rich-text__title\">Direzione del progetto<\/h2>\n<div class=\"rich-text__text\">\n<p>Jana K\u00f6pfli<br \/>\nFachspezialistin Gesundheit und Bewegung bei der Stiftung Id\u00e9eSport, nat. Programmverantwortliche MiniMove<br \/>\n<a href=\"mailto:jana.koepfli@ideesport.ch\">jana.koepfli@ideesport.ch<\/a><\/p>\n<p>Silvana Chiera<br \/>\nSoziokulturelle Animatorin FH und Absolventin CAS Kulturelle Bildung, ehemalige Projektleitung MiniSport Zofingen<br \/>\n<a href=\"mailto:silvana.chiera@phtg.ch\">silvana.chiera@phtg.ch<\/a><\/p>\n<\/div>\n<\/div>\n<div class=\"rich-text\">\n<div class=\"rich-text\">\n<h2 class=\"rich-text__title\">Per chi?<\/h2>\n<div class=\"rich-text__text\">\n<p>Famiglie con bambini piccoli da 0 a 5 anni.<\/p>\n<\/div>\n<\/div>\n<div class=\"rich-text\">\n<h2 class=\"rich-text__title\">Documenti e link<\/h2>\n<\/div>\n<\/div>\n<div class=\"rich-text\">\n<div class=\"rich-text__text\">\n<p><a href=\"https:\/\/lapurla.ch\/wp-content\/uploads\/2022\/06\/Konzeptuelle-WegbeschreibungMiniMoveLapurla211231def.pdf\" target=\"_blank\" rel=\"noopener\">Konzeptuelle Wegbeschreibung<\/a> (PDF)<\/p>\n<p><a href=\"https:\/\/www.ideesport.ch\/ideesport-news\/minimove-spannt-mit-lapurla-zusammen\/\" target=\"_blank\" rel=\"noopener\">Webbeitrag MiniMove<\/a><\/p>\n<\/div>\n<\/div>\n                        <\/div>\n                    <\/div>\n                <\/div>\n            <\/div>\n        <\/div>\n\t<\/div>\n","protected":false},"excerpt":{"rendered":"<p>Informazioni su MiniMove Siamo felici che l&#8217;ultimo progetto modello &#8220;MiniMove va Lapurla&#8221; potrebbe finalmente iniziare dopo la pausa a causa della corona.&nbsp; Con il principio guida &#8220;Sostegno precoce per le pari opportunit\u00e0&#8221;, MiniMove apre le sue palestre in tutta la Svizzera ogni domenica durante il semestre invernale. MiniMove offre ai genitori e ai loro bambini [&hellip;]<\/p>\n","protected":false},"featured_media":2793,"template":"","meta":{"_acf_changed":false,"latitude":"47.5418251","longitude":"7.5954981","kurzbeschreibung":"MiniMove \u00e8 un\u2019offerta di movimento della fondazione Id\u00e9e Sport per bambini piccoli e i loro genitori che ha luogo presso due palestre da dicembre a marzo.","datum_von":"","footnotes":""},"kanton":[100,124,86],"project_category":[152],"project_serie":[215],"class_list":["post-10126","project","type-project","status-publish","has-post-thumbnail","hentry","kanton-tessin-it","kanton-basel-it","kanton-national","project_category-modellprojekte-family-it","project_serie-pilotphase-2018-21"],"acf":[],"yoast_head":"<!-- This site is optimized with the Yoast SEO plugin v27.2 - https:\/\/yoast.com\/product\/yoast-seo-wordpress\/ -->\n<title>MiniMove goes Lapurla &#8211; Lapurla<\/title>\n<meta name=\"robots\" content=\"index, follow, max-snippet:-1, max-image-preview:large, max-video-preview:-1\" \/>\n<link rel=\"canonical\" href=\"https:\/\/www.lapurla.ch\/it\/project\/minimove-goes-lapurla-kreativ-bewegt\" \/>\n<meta property=\"og:locale\" content=\"it_IT\" \/>\n<meta property=\"og:type\" content=\"article\" \/>\n<meta property=\"og:title\" content=\"MiniMove goes Lapurla &#8211; Lapurla\" \/>\n<meta property=\"og:description\" content=\"Informazioni su MiniMove Siamo felici che l&#8217;ultimo progetto modello &#8220;MiniMove va Lapurla&#8221; potrebbe finalmente iniziare dopo la pausa a causa della corona.&nbsp; Con il principio guida &#8220;Sostegno precoce per le pari opportunit\u00e0&#8221;, MiniMove apre le sue palestre in tutta la Svizzera ogni domenica durante il semestre invernale. MiniMove offre ai genitori e ai loro bambini [&hellip;]\" \/>\n<meta property=\"og:url\" content=\"https:\/\/www.lapurla.ch\/it\/project\/minimove-goes-lapurla-kreativ-bewegt\" \/>\n<meta property=\"og:site_name\" content=\"Lapurla\" \/>\n<meta property=\"article:modified_time\" content=\"2025-04-01T14:53:48+00:00\" \/>\n<meta property=\"og:image\" content=\"https:\/\/www.lapurla.ch\/wp-content\/uploads\/2022\/06\/IdeeSportMiniMoveL1060484.jpg\" \/>\n\t<meta property=\"og:image:width\" content=\"1037\" \/>\n\t<meta property=\"og:image:height\" content=\"833\" \/>\n\t<meta property=\"og:image:type\" content=\"image\/jpeg\" \/>\n<meta name=\"twitter:card\" content=\"summary_large_image\" \/>\n<meta name=\"twitter:label1\" content=\"Tempo di lettura stimato\" \/>\n\t<meta name=\"twitter:data1\" content=\"2 minuti\" \/>\n<script type=\"application\/ld+json\" class=\"yoast-schema-graph\">{\"@context\":\"https:\/\/schema.org\",\"@graph\":[{\"@type\":\"WebPage\",\"@id\":\"https:\/\/www.lapurla.ch\/it\/project\/minimove-goes-lapurla-kreativ-bewegt\",\"url\":\"https:\/\/www.lapurla.ch\/it\/project\/minimove-goes-lapurla-kreativ-bewegt\",\"name\":\"MiniMove goes Lapurla &#8211; Lapurla\",\"isPartOf\":{\"@id\":\"https:\/\/www.lapurla.ch\/#website\"},\"primaryImageOfPage\":{\"@id\":\"https:\/\/www.lapurla.ch\/it\/project\/minimove-goes-lapurla-kreativ-bewegt#primaryimage\"},\"image\":{\"@id\":\"https:\/\/www.lapurla.ch\/it\/project\/minimove-goes-lapurla-kreativ-bewegt#primaryimage\"},\"thumbnailUrl\":\"https:\/\/www.lapurla.ch\/wp-content\/uploads\/2022\/06\/IdeeSportMiniMoveL1060484.jpg\",\"datePublished\":\"2022-06-28T17:39:28+00:00\",\"dateModified\":\"2025-04-01T14:53:48+00:00\",\"breadcrumb\":{\"@id\":\"https:\/\/www.lapurla.ch\/it\/project\/minimove-goes-lapurla-kreativ-bewegt#breadcrumb\"},\"inLanguage\":\"it-IT\",\"potentialAction\":[{\"@type\":\"ReadAction\",\"target\":[\"https:\/\/www.lapurla.ch\/it\/project\/minimove-goes-lapurla-kreativ-bewegt\"]}]},{\"@type\":\"ImageObject\",\"inLanguage\":\"it-IT\",\"@id\":\"https:\/\/www.lapurla.ch\/it\/project\/minimove-goes-lapurla-kreativ-bewegt#primaryimage\",\"url\":\"https:\/\/www.lapurla.ch\/wp-content\/uploads\/2022\/06\/IdeeSportMiniMoveL1060484.jpg\",\"contentUrl\":\"https:\/\/www.lapurla.ch\/wp-content\/uploads\/2022\/06\/IdeeSportMiniMoveL1060484.jpg\",\"width\":1037,\"height\":833},{\"@type\":\"BreadcrumbList\",\"@id\":\"https:\/\/www.lapurla.ch\/it\/project\/minimove-goes-lapurla-kreativ-bewegt#breadcrumb\",\"itemListElement\":[{\"@type\":\"ListItem\",\"position\":1,\"name\":\"Startseite\",\"item\":\"https:\/\/www.lapurla.ch\/it\"},{\"@type\":\"ListItem\",\"position\":2,\"name\":\"Projekte\",\"item\":\"https:\/\/www.lapurla.ch\/project\"},{\"@type\":\"ListItem\",\"position\":3,\"name\":\"MiniMove goes Lapurla\"}]},{\"@type\":\"WebSite\",\"@id\":\"https:\/\/www.lapurla.ch\/#website\",\"url\":\"https:\/\/www.lapurla.ch\/\",\"name\":\"Lapurla\",\"description\":\"\",\"publisher\":{\"@id\":\"https:\/\/www.lapurla.ch\/#organization\"},\"potentialAction\":[{\"@type\":\"SearchAction\",\"target\":{\"@type\":\"EntryPoint\",\"urlTemplate\":\"https:\/\/www.lapurla.ch\/?s={search_term_string}\"},\"query-input\":{\"@type\":\"PropertyValueSpecification\",\"valueRequired\":true,\"valueName\":\"search_term_string\"}}],\"inLanguage\":\"it-IT\"},{\"@type\":\"Organization\",\"@id\":\"https:\/\/www.lapurla.ch\/#organization\",\"name\":\"Lapurla\",\"url\":\"https:\/\/www.lapurla.ch\/\",\"logo\":{\"@type\":\"ImageObject\",\"inLanguage\":\"it-IT\",\"@id\":\"https:\/\/www.lapurla.ch\/#\/schema\/logo\/image\/\",\"url\":\"https:\/\/www.lapurla.ch\/wp-content\/uploads\/2022\/03\/cropped-favicon.png\",\"contentUrl\":\"https:\/\/www.lapurla.ch\/wp-content\/uploads\/2022\/03\/cropped-favicon.png\",\"width\":512,\"height\":512,\"caption\":\"Lapurla\"},\"image\":{\"@id\":\"https:\/\/www.lapurla.ch\/#\/schema\/logo\/image\/\"}}]}<\/script>\n<!-- \/ Yoast SEO plugin. -->","yoast_head_json":{"title":"MiniMove goes Lapurla &#8211; Lapurla","robots":{"index":"index","follow":"follow","max-snippet":"max-snippet:-1","max-image-preview":"max-image-preview:large","max-video-preview":"max-video-preview:-1"},"canonical":"https:\/\/www.lapurla.ch\/it\/project\/minimove-goes-lapurla-kreativ-bewegt","og_locale":"it_IT","og_type":"article","og_title":"MiniMove goes Lapurla &#8211; Lapurla","og_description":"Informazioni su MiniMove Siamo felici che l&#8217;ultimo progetto modello &#8220;MiniMove va Lapurla&#8221; potrebbe finalmente iniziare dopo la pausa a causa della corona.&nbsp; Con il principio guida &#8220;Sostegno precoce per le pari opportunit\u00e0&#8221;, MiniMove apre le sue palestre in tutta la Svizzera ogni domenica durante il semestre invernale. MiniMove offre ai genitori e ai loro bambini [&hellip;]","og_url":"https:\/\/www.lapurla.ch\/it\/project\/minimove-goes-lapurla-kreativ-bewegt","og_site_name":"Lapurla","article_modified_time":"2025-04-01T14:53:48+00:00","og_image":[{"width":1037,"height":833,"url":"https:\/\/www.lapurla.ch\/wp-content\/uploads\/2022\/06\/IdeeSportMiniMoveL1060484.jpg","type":"image\/jpeg"}],"twitter_card":"summary_large_image","twitter_misc":{"Tempo di lettura stimato":"2 minuti"},"schema":{"@context":"https:\/\/schema.org","@graph":[{"@type":"WebPage","@id":"https:\/\/www.lapurla.ch\/it\/project\/minimove-goes-lapurla-kreativ-bewegt","url":"https:\/\/www.lapurla.ch\/it\/project\/minimove-goes-lapurla-kreativ-bewegt","name":"MiniMove goes Lapurla &#8211; Lapurla","isPartOf":{"@id":"https:\/\/www.lapurla.ch\/#website"},"primaryImageOfPage":{"@id":"https:\/\/www.lapurla.ch\/it\/project\/minimove-goes-lapurla-kreativ-bewegt#primaryimage"},"image":{"@id":"https:\/\/www.lapurla.ch\/it\/project\/minimove-goes-lapurla-kreativ-bewegt#primaryimage"},"thumbnailUrl":"https:\/\/www.lapurla.ch\/wp-content\/uploads\/2022\/06\/IdeeSportMiniMoveL1060484.jpg","datePublished":"2022-06-28T17:39:28+00:00","dateModified":"2025-04-01T14:53:48+00:00","breadcrumb":{"@id":"https:\/\/www.lapurla.ch\/it\/project\/minimove-goes-lapurla-kreativ-bewegt#breadcrumb"},"inLanguage":"it-IT","potentialAction":[{"@type":"ReadAction","target":["https:\/\/www.lapurla.ch\/it\/project\/minimove-goes-lapurla-kreativ-bewegt"]}]},{"@type":"ImageObject","inLanguage":"it-IT","@id":"https:\/\/www.lapurla.ch\/it\/project\/minimove-goes-lapurla-kreativ-bewegt#primaryimage","url":"https:\/\/www.lapurla.ch\/wp-content\/uploads\/2022\/06\/IdeeSportMiniMoveL1060484.jpg","contentUrl":"https:\/\/www.lapurla.ch\/wp-content\/uploads\/2022\/06\/IdeeSportMiniMoveL1060484.jpg","width":1037,"height":833},{"@type":"BreadcrumbList","@id":"https:\/\/www.lapurla.ch\/it\/project\/minimove-goes-lapurla-kreativ-bewegt#breadcrumb","itemListElement":[{"@type":"ListItem","position":1,"name":"Startseite","item":"https:\/\/www.lapurla.ch\/it"},{"@type":"ListItem","position":2,"name":"Projekte","item":"https:\/\/www.lapurla.ch\/project"},{"@type":"ListItem","position":3,"name":"MiniMove goes Lapurla"}]},{"@type":"WebSite","@id":"https:\/\/www.lapurla.ch\/#website","url":"https:\/\/www.lapurla.ch\/","name":"Lapurla","description":"","publisher":{"@id":"https:\/\/www.lapurla.ch\/#organization"},"potentialAction":[{"@type":"SearchAction","target":{"@type":"EntryPoint","urlTemplate":"https:\/\/www.lapurla.ch\/?s={search_term_string}"},"query-input":{"@type":"PropertyValueSpecification","valueRequired":true,"valueName":"search_term_string"}}],"inLanguage":"it-IT"},{"@type":"Organization","@id":"https:\/\/www.lapurla.ch\/#organization","name":"Lapurla","url":"https:\/\/www.lapurla.ch\/","logo":{"@type":"ImageObject","inLanguage":"it-IT","@id":"https:\/\/www.lapurla.ch\/#\/schema\/logo\/image\/","url":"https:\/\/www.lapurla.ch\/wp-content\/uploads\/2022\/03\/cropped-favicon.png","contentUrl":"https:\/\/www.lapurla.ch\/wp-content\/uploads\/2022\/03\/cropped-favicon.png","width":512,"height":512,"caption":"Lapurla"},"image":{"@id":"https:\/\/www.lapurla.ch\/#\/schema\/logo\/image\/"}}]}},"datum":"","_links":{"self":[{"href":"https:\/\/www.lapurla.ch\/it\/wp-json\/wp\/v2\/project\/10126","targetHints":{"allow":["GET"]}}],"collection":[{"href":"https:\/\/www.lapurla.ch\/it\/wp-json\/wp\/v2\/project"}],"about":[{"href":"https:\/\/www.lapurla.ch\/it\/wp-json\/wp\/v2\/types\/project"}],"version-history":[{"count":7,"href":"https:\/\/www.lapurla.ch\/it\/wp-json\/wp\/v2\/project\/10126\/revisions"}],"predecessor-version":[{"id":12072,"href":"https:\/\/www.lapurla.ch\/it\/wp-json\/wp\/v2\/project\/10126\/revisions\/12072"}],"wp:featuredmedia":[{"embeddable":true,"href":"https:\/\/www.lapurla.ch\/it\/wp-json\/wp\/v2\/media\/2793"}],"wp:attachment":[{"href":"https:\/\/www.lapurla.ch\/it\/wp-json\/wp\/v2\/media?parent=10126"}],"wp:term":[{"taxonomy":"kanton","embeddable":true,"href":"https:\/\/www.lapurla.ch\/it\/wp-json\/wp\/v2\/kanton?post=10126"},{"taxonomy":"project_category","embeddable":true,"href":"https:\/\/www.lapurla.ch\/it\/wp-json\/wp\/v2\/project_category?post=10126"},{"taxonomy":"project_serie","embeddable":true,"href":"https:\/\/www.lapurla.ch\/it\/wp-json\/wp\/v2\/project_serie?post=10126"}],"curies":[{"name":"wp","href":"https:\/\/api.w.org\/{rel}","templated":true}]}}