{"id":10115,"date":"2022-06-22T18:22:32","date_gmt":"2022-06-22T16:22:32","guid":{"rendered":"https:\/\/lapurla.ch\/project\/u4-impulsstipendien-fuer-die-foerderung-der-kulturellen-teilhabe-in-der-fruehen-kindheit\/"},"modified":"2025-04-01T16:54:23","modified_gmt":"2025-04-01T14:54:23","slug":"u4-impulsstipendien-fuer-die-foerderung-der-kulturellen-teilhabe-in-der-fruehen-kindheit","status":"publish","type":"project","link":"https:\/\/www.lapurla.ch\/it\/project\/u4-impulsstipendien-fuer-die-foerderung-der-kulturellen-teilhabe-in-der-fruehen-kindheit","title":{"rendered":"U4"},"content":{"rendered":"\n<div id=\"lead-text-block_631b9ffd6afd4\" class=\"mod-lead-text\">\n\t        <div class=\"row\">\n            <div class=\"col-12\">\n\t\t\t\t                <div class=\"lead-text\">\n\t\t\t\t\t<p>Borse di studio di incentivo alla promozione della partecipazione culturale nella prima infanzia.<\/p>\n                <\/div>\n            <\/div>\n        <\/div>\n\t<\/div>\n\n\n<p>Dal 20 novembre 2018 al 15 marzo 2019, la Promozione culturale del Canton Berna, Ufficio cultura, ha bandito l\u2019iniziativa di promozione \u00abU4 \u2013 Borse di studio di incentivo alla promozione della partecipazione culturale nella prima infanzia\u00bb. Il bando si \u00e8 rivolto agli artisti di tutti i settori che intendessero qualificarsi o perfezionarsi nell\u2019implementazione di progetti modello artistici in asili nido e gruppi di gioco del Canton Berna con bambini di et\u00e0 compresa tra 0 e 4 anni.<\/p>\n\n\n\n<p>l bando prevede una procedura in due fasi: in una prima fase gli artisti selezionati si preparano a una collaborazione co-costruttiva con gli asili nido e i gruppi di gioco nel Canton Berna. La qualificazione avviene nell\u2019ambito del corso di studi CAS Kulturelle Bildung dell\u2019Universit\u00e0 delle Arti di Berna (HBK).<\/p>\n\n\n\n<p>La Promozione culturale del Canton Berna assegna le borse di studio di incentivo a sette operatori culturali che, a partire da settembre 2019, intraprenderanno il corso di formazione continua associato allo svolgimento parallelo di un\u2019attivit\u00e0 lavorativa.<\/p>\n\n\n\n<p>Oltre agli operatori culturali, anche asili nido e gruppi di gioco del Canton Berna hanno potuto candidarsi per una possibile partecipazione allo sviluppo congiunto, all\u2019esecuzione e alla valutazione di un progetto artistico nel periodo 2019\/20. Il processo di selezione si \u00e8 concluso a met\u00e0 giugno 2019.<\/p>\n\n\n<div id=\"accordion-block_62bc95f7227fc\" class=\"mod-accordion\">\n\t            <div id=\"accordion-block_62bc95f7227fc\" class=\"accordion accordion-flush\">\n\t\t\t\t\t\t\t\t\t                    <div class=\"accordion-item\">\n                        <button class=\"accordion-button collapsed\"\n                                type=\"button\"\n                                id=\"\"\n                                data-bs-toggle=\"collapse\"\n                                data-bs-target=\"#collapse-block_62bc95f7227fc-1\"\n                                aria-expanded=\"true\"\n                                aria-controls=\"collapse-block_62bc95f7227fc-1\">\n\t                        <svg class=\"svg-icon icon-arrow-up\" xmlns=\"http:\/\/www.w3.org\/2000\/svg\"><use xmlns:xlink=\"http:\/\/www.w3.org\/1999\/xlink\" xlink:href=\"https:\/\/www.lapurla.ch\/wp-content\/themes\/lapurla\/dist\/icons.svg?f27dc72#arrow-up\"><\/use><\/svg>                            <h3>\n\t\t\t\t\t\t\t\t Evento kick-off alla am 6. September 2019                            <\/h3>\n                        <\/button>\n\n                        <div id=\"collapse-block_62bc95f7227fc-1\" class=\"collapse \"\n                             data-parent=\"#accordion-block_62bc95f7227fc\">\n                            <div class=\"accordion-content row\">\n                                <div class=\"col\">\n                                    <div class=\"text\">\n\t\t\t\t\t\t\t\t\t\t<h2 class=\"accordion__heading\">HKB con borsiste, partner dell\u2019attivit\u00e0 pratica degli asili nido e gruppo di gioco con studentesse\/studenti del CAS | 6 settembre 2019<\/h2>\n                                    <\/div>\n                                <\/div>\n\t\t\t\t\t\t\t\t                            <\/div>\n                        <\/div>\n                    <\/div>\n\t\t\t\t\t\t\t\t\t                    <div class=\"accordion-item\">\n                        <button class=\"accordion-button collapsed\"\n                                type=\"button\"\n                                id=\"\"\n                                data-bs-toggle=\"collapse\"\n                                data-bs-target=\"#collapse-block_62bc95f7227fc-2\"\n                                aria-expanded=\"true\"\n                                aria-controls=\"collapse-block_62bc95f7227fc-2\">\n\t                        <svg class=\"svg-icon icon-arrow-up\" xmlns=\"http:\/\/www.w3.org\/2000\/svg\"><use xmlns:xlink=\"http:\/\/www.w3.org\/1999\/xlink\" xlink:href=\"https:\/\/www.lapurla.ch\/wp-content\/themes\/lapurla\/dist\/icons.svg?f27dc72#arrow-up\"><\/use><\/svg>                            <h3>\n\t\t\t\t\t\t\t\tFase I: qualifica al CAS Kulturelle Bildung                            <\/h3>\n                        <\/button>\n\n                        <div id=\"collapse-block_62bc95f7227fc-2\" class=\"collapse \"\n                             data-parent=\"#accordion-block_62bc95f7227fc\">\n                            <div class=\"accordion-content row\">\n                                <div class=\"col\">\n                                    <div class=\"text\">\n\t\t\t\t\t\t\t\t\t\t<p>Il 12 settembre 2020, 5 borsiste dell\u2019iniziativa di promozione U4\u202fhanno completato il loro percorso di formazione continua CAS Kulturelle Bildung con la\u202f\u00a0<a class=\"disabled\" href=\"https:\/\/www.lapurla.ch\/fr\/anlaesse\/rueckblick\/Projektpraesentationen_CAS-Kulturelle-Bildung_20.html\" target=\"_blank\" rel=\"noreferrer noopener\">presentazione pubblica<\/a>\u202f del loro progetto valutato, insieme ad altre 6 candidate del 6\u00b0 corso. L\u2019evento \u00e8 stato seguito da una quarantina di uditrici\/uditori. La giuria, formata da rappresentanti della Promozione culturale del Canton Berna (Carolin Fedier), del Percento culturale Migros (Jessica Schnelle) e dell\u2019Universit\u00e0 delle Arti di Berna (Verena Andel e Karin Kraus),\u00a0ha conferito la lode a 3 progetti eccellenti. Uno di questi \u00e8 il progetto &#8220;KlanzTang&#8221;\u202fdella borsista U4\u202fSalome B\u00f6ni, realizzato nell\u2019ambito della co-costruzione artistica interdisciplinare.\u202fAnnika Brantschen ha ricevuto la lode per il suo &#8220;Mini-Atelier K\u2019Werk&#8221; nell\u2019ambito della co-costruzione interistituzionale, mentre Jessica Wobmann per il progetto &#8220;Spuren hinterlassen&#8221; per lo straordinario affiatamento del team.\u202f\u00a0<a class=\"disabled\" href=\"https:\/\/www.lapurla.ch\/fr\/impulse\/cas-kulturelle-bildung.html\" target=\"_blank\" rel=\"noreferrer noopener\">Vai ai resoconti dei progetti e alle presentazioni di tutte le candidate.<\/a><\/p>\n                                    <\/div>\n                                <\/div>\n\t\t\t\t\t\t\t\t                            <\/div>\n                        <\/div>\n                    <\/div>\n\t\t\t\t\t\t\t\t\t                    <div class=\"accordion-item\">\n                        <button class=\"accordion-button collapsed\"\n                                type=\"button\"\n                                id=\"\"\n                                data-bs-toggle=\"collapse\"\n                                data-bs-target=\"#collapse-block_62bc95f7227fc-3\"\n                                aria-expanded=\"true\"\n                                aria-controls=\"collapse-block_62bc95f7227fc-3\">\n\t                        <svg class=\"svg-icon icon-arrow-up\" xmlns=\"http:\/\/www.w3.org\/2000\/svg\"><use xmlns:xlink=\"http:\/\/www.w3.org\/1999\/xlink\" xlink:href=\"https:\/\/www.lapurla.ch\/wp-content\/themes\/lapurla\/dist\/icons.svg?f27dc72#arrow-up\"><\/use><\/svg>                            <h3>\n\t\t\t\t\t\t\t\tFase II: progetti U4, Promossi dalla Promozione culturale del Canton Berna                            <\/h3>\n                        <\/button>\n\n                        <div id=\"collapse-block_62bc95f7227fc-3\" class=\"collapse \"\n                             data-parent=\"#accordion-block_62bc95f7227fc\">\n                            <div class=\"accordion-content row\">\n                                <div class=\"col\">\n                                    <div class=\"text\">\n\t\t\t\t\t\t\t\t\t\t<p>Nella seconda fase della loro borsa di studio, le artiste e gli artisti sviluppano, sperimentano e valutano un progetto in co-costruzione con un partner dell\u2019attivit\u00e0 pratica della prima infanzia. A causa della pandemia, finora \u00e8 stato possibile realizzare soltanto due dei sette progetti. Le attivit\u00e0 riprenderanno non appena le artiste e gli artisti potranno tornare negli asili nido.<\/p>\n                                    <\/div>\n                                <\/div>\n\t\t\t\t\t\t\t\t                            <\/div>\n                        <\/div>\n                    <\/div>\n\t\t\t\t            <\/div>\n\t\t\t<\/div>\n\n\n\n<h2 class=\"wp-block-heading\">Profilo<\/h2>\n\n\n\n<div id=\"infobox-block_62bc99ab22800\" class=\"mod-infobox\">\n\t        <div class=\"row\">\n            <div class=\"col-12\">\n                <div class=\"info-container\">\n                    <h2>U4<\/h2>\n                    <div class=\"row\">\n                        <div class=\"col-12 col-lg-6\">\n\t\t\t\t\t\t\t<div class=\"info-box__intro\">\n<div class=\"rich-text\"><\/div>\n<\/div>\n<div class=\"info-box__two-col\">\n<div class=\"two-columns__left\">\n<div class=\"rich-text\">\n<h2 class=\"rich-text__title\">Partner di progetto<\/h2>\n<div class=\"rich-text__text\">\n<p><a href=\"https:\/\/www.kultur.bkd.be.ch\/de\/start\/themen\/kulturfoerderung.html\" target=\"_blank\" rel=\"noopener\">Direzione della pubblica istruzione del Canton Berna<\/a><br \/>\nUfficio cultura, settore promozione culturale<br \/>\nSulgeneckstrasse 70<br \/>\n3005 Berna<\/p>\n<h2 class=\"rich-text__title\">Persone coinvolte<\/h2>\n<\/div>\n<\/div>\n<div class=\"rich-text\">\n<div class=\"rich-text__text\">\n<p>Sibylle Birrer (responsabile del settore promozione culturale), Carolin Fedier (responsabile mediazione culturale), Karin Kraus (responsabile del corso di studi CAS Kulturelle Bildung HKB, co-direzione di Lapurla), Jessica Schnelle (co-direzione di Lapurla, settore attivit\u00e0 sociali, Percento culturale Migros)<\/p>\n<\/div>\n<\/div>\n<\/div>\n<div class=\"two-columns__right\">\n<div class=\"rich-text\">\n<h2 class=\"rich-text__title\">Responsabile di progetto<\/h2>\n<div class=\"rich-text__text\">\n<p><a href=\"http:\/\/karinkraus.ch\/\" target=\"_blank\" rel=\"noopener\">Karin Kraus<\/a><br \/>\nEsperta in pedagogia dell\u2019arte<br \/>\n<a href=\"http:\/\/info@karinkraus.ch\/\">info@karinkraus.ch<\/a><\/p>\n<\/div>\n<\/div>\n<\/div>\n<\/div>\n                        <\/div>\n                        <div class=\"col-12 col-lg-6\">\n\t\t\t\t\t\t\t<div class=\"rich-text\">\n<h2 class=\"rich-text__title\">Borsisti<\/h2>\n<div class=\"rich-text__text\">\n<ul>\n<li><a href=\"https:\/\/lapurla.ch\/project\/u4-kilira-la-poesie-nourrit-notre-quotidien\/\">Anne Bernasconi<\/a> (musica e letteratura)<\/li>\n<li><a href=\"https:\/\/lapurla.ch\/project\/klanztang-klang-und-bewegungsexperimente-zum-dabeisein-horchen-und-mitwirken\/\">Salom\u00e9 B\u00f6ni<\/a> (musica)<\/li>\n<li>Anke Held (musica)<\/li>\n<li><a href=\"https:\/\/lapurla.ch\/project\/farbe-klang\/\">Susan M\u00e9zquita<\/a> (arti figurative e architettura)<\/li>\n<li><a href=\"https:\/\/lapurla.ch\/project\/m4-das-mfk-minilabor-in-der-kita-mixmax\/\">Ver\u00f3nica Reyes<\/a> (comunicazione e ricerca)<\/li>\n<li><a href=\"https:\/\/lapurla.ch\/project\/blubb-blubb-ein-musikalisch-digitales-wasserspiel-mit-kindern-unter-vier-jahren\/\">Jutta Sch\u00f6nhofer<\/a> (musica e movimento)<\/li>\n<li>Maya Silfverberg (teatro delle marionette)<\/li>\n<\/ul>\n<\/div>\n<\/div>\n<div class=\"rich-text\">\n<h2 class=\"rich-text__title\">Dalla stampa<\/h2>\n<div class=\"rich-text__text\">\n<p>HKB-Zeitung, Ausgabe 4, Dezember 2020: <a class=\"disabled\" href=\"https:\/\/nomau.mironet.ch\/author\/it\/dam\/jcr:acb57457-fabd-4bab-b451-410b0d2c29cb\/HKB_Zeitung_4_20.pdf.pdf\">Absolvent*in im Fokus: Salome B\u00f6ni<\/a>\u200b\u200b\u200b\u200b\u200b\u200b\u200b<\/p>\n<p>Bieler Tagblatt, 20. Juni 2019:\u00a0 <a href=\"https:\/\/www.bielertagblatt.ch\/nachrichten\/kanton-bern\/auch-die-kleinsten-sollen-am-kulturellen-leben-teilhaben?fbclid=IwAR1x2G_-X2YR9Dao4VpC9kEnVSBvNRRxMNN0sI-zVd31MJUqmcoyyRygdDw#.XQt7KYOFE_Y.facebook\" target=\"_blank\" rel=\"noopener\">\u00abAuch die Kleinsten sollen am kulturellen Leben teilhaben\u00bb<\/a><\/p>\n<p>Canal 3, 4. Juli 2019: Interview mit Anne Bernasconi, K\u00fcnstlerin<\/p>\n<\/div>\n<\/div>\n                        <\/div>\n                    <\/div>\n                <\/div>\n            <\/div>\n        <\/div>\n\t<\/div>\n","protected":false},"excerpt":{"rendered":"<p>Dal 20 novembre 2018 al 15 marzo 2019, la Promozione culturale del Canton Berna, Ufficio cultura, ha bandito l\u2019iniziativa di promozione \u00abU4 \u2013 Borse di studio di incentivo alla promozione della partecipazione culturale nella prima infanzia\u00bb. Il bando si \u00e8 rivolto agli artisti di tutti i settori che intendessero qualificarsi o perfezionarsi nell\u2019implementazione di progetti [&hellip;]<\/p>\n","protected":false},"featured_media":3023,"template":"","meta":{"_acf_changed":false,"latitude":"46.9405876","longitude":"7.4405441","kurzbeschreibung":"Borse di studio di incentivo alla promozione della partecipazione culturale nella prima infanzia.","datum_von":"","footnotes":""},"kanton":[106,86],"project_category":[150],"project_serie":[215],"class_list":["post-10115","project","type-project","status-publish","has-post-thumbnail","hentry","kanton-bern-it","kanton-national","project_category-modellprojekte-kunst-zu-kindern-it","project_serie-pilotphase-2018-21"],"acf":[],"yoast_head":"<!-- This site is optimized with the Yoast SEO plugin v27.2 - https:\/\/yoast.com\/product\/yoast-seo-wordpress\/ -->\n<title>U4 &#8211; Lapurla<\/title>\n<meta name=\"robots\" content=\"index, follow, max-snippet:-1, max-image-preview:large, max-video-preview:-1\" \/>\n<link rel=\"canonical\" href=\"https:\/\/www.lapurla.ch\/it\/project\/u4-impulsstipendien-fuer-die-foerderung-der-kulturellen-teilhabe-in-der-fruehen-kindheit\" \/>\n<meta property=\"og:locale\" content=\"it_IT\" \/>\n<meta property=\"og:type\" content=\"article\" \/>\n<meta property=\"og:title\" content=\"U4 &#8211; Lapurla\" \/>\n<meta property=\"og:description\" content=\"Dal 20 novembre 2018 al 15 marzo 2019, la Promozione culturale del Canton Berna, Ufficio cultura, ha bandito l\u2019iniziativa di promozione \u00abU4 \u2013 Borse di studio di incentivo alla promozione della partecipazione culturale nella prima infanzia\u00bb. Il bando si \u00e8 rivolto agli artisti di tutti i settori che intendessero qualificarsi o perfezionarsi nell\u2019implementazione di progetti [&hellip;]\" \/>\n<meta property=\"og:url\" content=\"https:\/\/www.lapurla.ch\/it\/project\/u4-impulsstipendien-fuer-die-foerderung-der-kulturellen-teilhabe-in-der-fruehen-kindheit\" \/>\n<meta property=\"og:site_name\" content=\"Lapurla\" \/>\n<meta property=\"article:modified_time\" content=\"2025-04-01T14:54:23+00:00\" \/>\n<meta property=\"og:image\" content=\"https:\/\/www.lapurla.ch\/wp-content\/uploads\/2022\/06\/Z65646-Kopie.jpg\" \/>\n\t<meta property=\"og:image:width\" content=\"2457\" \/>\n\t<meta property=\"og:image:height\" content=\"1732\" \/>\n\t<meta property=\"og:image:type\" content=\"image\/jpeg\" \/>\n<meta name=\"twitter:card\" content=\"summary_large_image\" \/>\n<meta name=\"twitter:label1\" content=\"Tempo di lettura stimato\" \/>\n\t<meta name=\"twitter:data1\" content=\"2 minuti\" \/>\n<script type=\"application\/ld+json\" class=\"yoast-schema-graph\">{\"@context\":\"https:\/\/schema.org\",\"@graph\":[{\"@type\":\"WebPage\",\"@id\":\"https:\/\/www.lapurla.ch\/it\/project\/u4-impulsstipendien-fuer-die-foerderung-der-kulturellen-teilhabe-in-der-fruehen-kindheit\",\"url\":\"https:\/\/www.lapurla.ch\/it\/project\/u4-impulsstipendien-fuer-die-foerderung-der-kulturellen-teilhabe-in-der-fruehen-kindheit\",\"name\":\"U4 &#8211; Lapurla\",\"isPartOf\":{\"@id\":\"https:\/\/www.lapurla.ch\/#website\"},\"primaryImageOfPage\":{\"@id\":\"https:\/\/www.lapurla.ch\/it\/project\/u4-impulsstipendien-fuer-die-foerderung-der-kulturellen-teilhabe-in-der-fruehen-kindheit#primaryimage\"},\"image\":{\"@id\":\"https:\/\/www.lapurla.ch\/it\/project\/u4-impulsstipendien-fuer-die-foerderung-der-kulturellen-teilhabe-in-der-fruehen-kindheit#primaryimage\"},\"thumbnailUrl\":\"https:\/\/www.lapurla.ch\/wp-content\/uploads\/2022\/06\/Z65646-Kopie.jpg\",\"datePublished\":\"2022-06-22T16:22:32+00:00\",\"dateModified\":\"2025-04-01T14:54:23+00:00\",\"breadcrumb\":{\"@id\":\"https:\/\/www.lapurla.ch\/it\/project\/u4-impulsstipendien-fuer-die-foerderung-der-kulturellen-teilhabe-in-der-fruehen-kindheit#breadcrumb\"},\"inLanguage\":\"it-IT\",\"potentialAction\":[{\"@type\":\"ReadAction\",\"target\":[\"https:\/\/www.lapurla.ch\/it\/project\/u4-impulsstipendien-fuer-die-foerderung-der-kulturellen-teilhabe-in-der-fruehen-kindheit\"]}]},{\"@type\":\"ImageObject\",\"inLanguage\":\"it-IT\",\"@id\":\"https:\/\/www.lapurla.ch\/it\/project\/u4-impulsstipendien-fuer-die-foerderung-der-kulturellen-teilhabe-in-der-fruehen-kindheit#primaryimage\",\"url\":\"https:\/\/www.lapurla.ch\/wp-content\/uploads\/2022\/06\/Z65646-Kopie.jpg\",\"contentUrl\":\"https:\/\/www.lapurla.ch\/wp-content\/uploads\/2022\/06\/Z65646-Kopie.jpg\",\"width\":2457,\"height\":1732,\"caption\":\"Salome B\u00f6ni hat den Weiterbildungslehrgang CAS Kulturelle Bildung an der HKB mit dem Pr\u00e4dikat \u00abmit Auszeichnung\u00bb abgeschlossen. Sie ist eine der Stipendiatinnen des F\u00f6rderakzents U4 der Kulturf\u00f6rderung des Kantons Bern im Rahmen der nationalen Initiative Lapurla.\"},{\"@type\":\"BreadcrumbList\",\"@id\":\"https:\/\/www.lapurla.ch\/it\/project\/u4-impulsstipendien-fuer-die-foerderung-der-kulturellen-teilhabe-in-der-fruehen-kindheit#breadcrumb\",\"itemListElement\":[{\"@type\":\"ListItem\",\"position\":1,\"name\":\"Startseite\",\"item\":\"https:\/\/www.lapurla.ch\/it\"},{\"@type\":\"ListItem\",\"position\":2,\"name\":\"Projekte\",\"item\":\"https:\/\/www.lapurla.ch\/project\"},{\"@type\":\"ListItem\",\"position\":3,\"name\":\"U4\"}]},{\"@type\":\"WebSite\",\"@id\":\"https:\/\/www.lapurla.ch\/#website\",\"url\":\"https:\/\/www.lapurla.ch\/\",\"name\":\"Lapurla\",\"description\":\"\",\"publisher\":{\"@id\":\"https:\/\/www.lapurla.ch\/#organization\"},\"potentialAction\":[{\"@type\":\"SearchAction\",\"target\":{\"@type\":\"EntryPoint\",\"urlTemplate\":\"https:\/\/www.lapurla.ch\/?s={search_term_string}\"},\"query-input\":{\"@type\":\"PropertyValueSpecification\",\"valueRequired\":true,\"valueName\":\"search_term_string\"}}],\"inLanguage\":\"it-IT\"},{\"@type\":\"Organization\",\"@id\":\"https:\/\/www.lapurla.ch\/#organization\",\"name\":\"Lapurla\",\"url\":\"https:\/\/www.lapurla.ch\/\",\"logo\":{\"@type\":\"ImageObject\",\"inLanguage\":\"it-IT\",\"@id\":\"https:\/\/www.lapurla.ch\/#\/schema\/logo\/image\/\",\"url\":\"https:\/\/www.lapurla.ch\/wp-content\/uploads\/2022\/03\/cropped-favicon.png\",\"contentUrl\":\"https:\/\/www.lapurla.ch\/wp-content\/uploads\/2022\/03\/cropped-favicon.png\",\"width\":512,\"height\":512,\"caption\":\"Lapurla\"},\"image\":{\"@id\":\"https:\/\/www.lapurla.ch\/#\/schema\/logo\/image\/\"}}]}<\/script>\n<!-- \/ Yoast SEO plugin. -->","yoast_head_json":{"title":"U4 &#8211; Lapurla","robots":{"index":"index","follow":"follow","max-snippet":"max-snippet:-1","max-image-preview":"max-image-preview:large","max-video-preview":"max-video-preview:-1"},"canonical":"https:\/\/www.lapurla.ch\/it\/project\/u4-impulsstipendien-fuer-die-foerderung-der-kulturellen-teilhabe-in-der-fruehen-kindheit","og_locale":"it_IT","og_type":"article","og_title":"U4 &#8211; Lapurla","og_description":"Dal 20 novembre 2018 al 15 marzo 2019, la Promozione culturale del Canton Berna, Ufficio cultura, ha bandito l\u2019iniziativa di promozione \u00abU4 \u2013 Borse di studio di incentivo alla promozione della partecipazione culturale nella prima infanzia\u00bb. Il bando si \u00e8 rivolto agli artisti di tutti i settori che intendessero qualificarsi o perfezionarsi nell\u2019implementazione di progetti [&hellip;]","og_url":"https:\/\/www.lapurla.ch\/it\/project\/u4-impulsstipendien-fuer-die-foerderung-der-kulturellen-teilhabe-in-der-fruehen-kindheit","og_site_name":"Lapurla","article_modified_time":"2025-04-01T14:54:23+00:00","og_image":[{"width":2457,"height":1732,"url":"https:\/\/www.lapurla.ch\/wp-content\/uploads\/2022\/06\/Z65646-Kopie.jpg","type":"image\/jpeg"}],"twitter_card":"summary_large_image","twitter_misc":{"Tempo di lettura stimato":"2 minuti"},"schema":{"@context":"https:\/\/schema.org","@graph":[{"@type":"WebPage","@id":"https:\/\/www.lapurla.ch\/it\/project\/u4-impulsstipendien-fuer-die-foerderung-der-kulturellen-teilhabe-in-der-fruehen-kindheit","url":"https:\/\/www.lapurla.ch\/it\/project\/u4-impulsstipendien-fuer-die-foerderung-der-kulturellen-teilhabe-in-der-fruehen-kindheit","name":"U4 &#8211; Lapurla","isPartOf":{"@id":"https:\/\/www.lapurla.ch\/#website"},"primaryImageOfPage":{"@id":"https:\/\/www.lapurla.ch\/it\/project\/u4-impulsstipendien-fuer-die-foerderung-der-kulturellen-teilhabe-in-der-fruehen-kindheit#primaryimage"},"image":{"@id":"https:\/\/www.lapurla.ch\/it\/project\/u4-impulsstipendien-fuer-die-foerderung-der-kulturellen-teilhabe-in-der-fruehen-kindheit#primaryimage"},"thumbnailUrl":"https:\/\/www.lapurla.ch\/wp-content\/uploads\/2022\/06\/Z65646-Kopie.jpg","datePublished":"2022-06-22T16:22:32+00:00","dateModified":"2025-04-01T14:54:23+00:00","breadcrumb":{"@id":"https:\/\/www.lapurla.ch\/it\/project\/u4-impulsstipendien-fuer-die-foerderung-der-kulturellen-teilhabe-in-der-fruehen-kindheit#breadcrumb"},"inLanguage":"it-IT","potentialAction":[{"@type":"ReadAction","target":["https:\/\/www.lapurla.ch\/it\/project\/u4-impulsstipendien-fuer-die-foerderung-der-kulturellen-teilhabe-in-der-fruehen-kindheit"]}]},{"@type":"ImageObject","inLanguage":"it-IT","@id":"https:\/\/www.lapurla.ch\/it\/project\/u4-impulsstipendien-fuer-die-foerderung-der-kulturellen-teilhabe-in-der-fruehen-kindheit#primaryimage","url":"https:\/\/www.lapurla.ch\/wp-content\/uploads\/2022\/06\/Z65646-Kopie.jpg","contentUrl":"https:\/\/www.lapurla.ch\/wp-content\/uploads\/2022\/06\/Z65646-Kopie.jpg","width":2457,"height":1732,"caption":"Salome B\u00f6ni hat den Weiterbildungslehrgang CAS Kulturelle Bildung an der HKB mit dem Pr\u00e4dikat \u00abmit Auszeichnung\u00bb abgeschlossen. Sie ist eine der Stipendiatinnen des F\u00f6rderakzents U4 der Kulturf\u00f6rderung des Kantons Bern im Rahmen der nationalen Initiative Lapurla."},{"@type":"BreadcrumbList","@id":"https:\/\/www.lapurla.ch\/it\/project\/u4-impulsstipendien-fuer-die-foerderung-der-kulturellen-teilhabe-in-der-fruehen-kindheit#breadcrumb","itemListElement":[{"@type":"ListItem","position":1,"name":"Startseite","item":"https:\/\/www.lapurla.ch\/it"},{"@type":"ListItem","position":2,"name":"Projekte","item":"https:\/\/www.lapurla.ch\/project"},{"@type":"ListItem","position":3,"name":"U4"}]},{"@type":"WebSite","@id":"https:\/\/www.lapurla.ch\/#website","url":"https:\/\/www.lapurla.ch\/","name":"Lapurla","description":"","publisher":{"@id":"https:\/\/www.lapurla.ch\/#organization"},"potentialAction":[{"@type":"SearchAction","target":{"@type":"EntryPoint","urlTemplate":"https:\/\/www.lapurla.ch\/?s={search_term_string}"},"query-input":{"@type":"PropertyValueSpecification","valueRequired":true,"valueName":"search_term_string"}}],"inLanguage":"it-IT"},{"@type":"Organization","@id":"https:\/\/www.lapurla.ch\/#organization","name":"Lapurla","url":"https:\/\/www.lapurla.ch\/","logo":{"@type":"ImageObject","inLanguage":"it-IT","@id":"https:\/\/www.lapurla.ch\/#\/schema\/logo\/image\/","url":"https:\/\/www.lapurla.ch\/wp-content\/uploads\/2022\/03\/cropped-favicon.png","contentUrl":"https:\/\/www.lapurla.ch\/wp-content\/uploads\/2022\/03\/cropped-favicon.png","width":512,"height":512,"caption":"Lapurla"},"image":{"@id":"https:\/\/www.lapurla.ch\/#\/schema\/logo\/image\/"}}]}},"datum":"","_links":{"self":[{"href":"https:\/\/www.lapurla.ch\/it\/wp-json\/wp\/v2\/project\/10115","targetHints":{"allow":["GET"]}}],"collection":[{"href":"https:\/\/www.lapurla.ch\/it\/wp-json\/wp\/v2\/project"}],"about":[{"href":"https:\/\/www.lapurla.ch\/it\/wp-json\/wp\/v2\/types\/project"}],"version-history":[{"count":7,"href":"https:\/\/www.lapurla.ch\/it\/wp-json\/wp\/v2\/project\/10115\/revisions"}],"predecessor-version":[{"id":12049,"href":"https:\/\/www.lapurla.ch\/it\/wp-json\/wp\/v2\/project\/10115\/revisions\/12049"}],"wp:featuredmedia":[{"embeddable":true,"href":"https:\/\/www.lapurla.ch\/it\/wp-json\/wp\/v2\/media\/3023"}],"wp:attachment":[{"href":"https:\/\/www.lapurla.ch\/it\/wp-json\/wp\/v2\/media?parent=10115"}],"wp:term":[{"taxonomy":"kanton","embeddable":true,"href":"https:\/\/www.lapurla.ch\/it\/wp-json\/wp\/v2\/kanton?post=10115"},{"taxonomy":"project_category","embeddable":true,"href":"https:\/\/www.lapurla.ch\/it\/wp-json\/wp\/v2\/project_category?post=10115"},{"taxonomy":"project_serie","embeddable":true,"href":"https:\/\/www.lapurla.ch\/it\/wp-json\/wp\/v2\/project_serie?post=10115"}],"curies":[{"name":"wp","href":"https:\/\/api.w.org\/{rel}","templated":true}]}}