{"id":28808,"date":"2025-05-08T13:22:09","date_gmt":"2025-05-08T11:22:09","guid":{"rendered":"https:\/\/www.lapurla.ch\/auszeichnungen"},"modified":"2025-06-27T00:31:04","modified_gmt":"2025-06-26T22:31:04","slug":"premi-e-onorificenze-lapurla","status":"publish","type":"page","link":"https:\/\/www.lapurla.ch\/it\/premi-e-onorificenze-lapurla","title":{"rendered":"Premi e onorificenze"},"content":{"rendered":"\n<div id=\"lead-text-block_61bd6f8a8655cf27c89ec568255d1f71\" class=\"mod-lead-text\">\n\t        <div class=\"row\">\n            <div class=\"col-12\">\n\t\t\t\t                <div class=\"lead-text\">\n\t\t\t\t\t<p>Lapurla e i membri principali hanno gi\u00e0 ricevuto diversi riconoscimenti.<\/p>\n                <\/div>\n            <\/div>\n        <\/div>\n\t<\/div>\n\n\n<figure class=\"wp-block-image size-large\"><img loading=\"lazy\" decoding=\"async\" width=\"1024\" height=\"576\" src=\"https:\/\/www.lapurla.ch\/wp-content\/uploads\/2025\/05\/LapurlaIconAuszeichnungen-1024x576.jpg\" alt=\"\" class=\"wp-image-28758\" srcset=\"https:\/\/www.lapurla.ch\/wp-content\/uploads\/2025\/05\/LapurlaIconAuszeichnungen-1024x576.jpg 1024w, https:\/\/www.lapurla.ch\/wp-content\/uploads\/2025\/05\/LapurlaIconAuszeichnungen-300x169.jpg 300w, https:\/\/www.lapurla.ch\/wp-content\/uploads\/2025\/05\/LapurlaIconAuszeichnungen-768x432.jpg 768w, https:\/\/www.lapurla.ch\/wp-content\/uploads\/2025\/05\/LapurlaIconAuszeichnungen-1536x864.jpg 1536w, https:\/\/www.lapurla.ch\/wp-content\/uploads\/2025\/05\/LapurlaIconAuszeichnungen-2048x1152.jpg 2048w\" sizes=\"auto, (max-width: 1024px) 100vw, 1024px\" \/><\/figure>\n\n\n\n<p>Siamo molto lieti dei riconoscimenti (inter)nazionali del nostro impegno e ringraziamo sinceramente per questi riconoscimenti diretti e indiretti! Essi rafforzano le nostre preoccupazioni e i membri della rete e sottolineano la rilevanza sociale delle nostre ampie attivit\u00e0 a tutti i livelli.<\/p>\n\n\n\n<div id=\"teaser-block-block_81b6a9f2269f93afb10afd993becee49\" class=\"mod-teaser-block\">\n\t        <div class=\"text\">\n\t\t\t                <div class=\"mod-filter-list\">\n                    <div class=\"row\">\n\t\t\t\t\t\t                            <div class=\"col-12 col-md-6 col-lg-4 kdgs-filter-item\">\n                                <a href=\"https:\/\/www.lapurla.ch\/it\/news\/eine-starke-anerkennung-fuer-lapurla-prix-de-letat-de-berne\" target=\"\" class=\"kdgs-filter-item--link\" id=\"teaser-block-block_81b6a9f2269f93afb10afd993becee49-teaser1\">\n                                    <div class=\"item--impression\">\n                                        <div class=\"item--image\">\n\t\t\t\t\t\t\t\t\t\t\t<div class=\"a-image js-a-image \"><picture class=\"a-image__picture js-a-image__picture\">           <source width=\"343\" height=\"193\"  media=\"(min-width: 1400px)\" data-srcset=\"https:\/\/www.lapurla.ch\/wp-content\/uploads\/2025\/06\/LapurlaAuszeichnungenPrix-de-l-Etat-de-Berne20250523-1-343x0.png 1x, https:\/\/www.lapurla.ch\/wp-content\/uploads\/2025\/06\/LapurlaAuszeichnungenPrix-de-l-Etat-de-Berne20250523-1-686x0.png 2x\">           <source width=\"293\" height=\"165\" media=\"(min-width: 1200px)\" data-srcset=\"https:\/\/www.lapurla.ch\/wp-content\/uploads\/2025\/06\/LapurlaAuszeichnungenPrix-de-l-Etat-de-Berne20250523-1-293x0.png 1x, https:\/\/www.lapurla.ch\/wp-content\/uploads\/2025\/06\/LapurlaAuszeichnungenPrix-de-l-Etat-de-Berne20250523-1-586x0.png 2x\">           <source width=\"243\" height=\"137\" media=\"(min-width: 992px)\" data-srcset=\"https:\/\/www.lapurla.ch\/wp-content\/uploads\/2025\/06\/LapurlaAuszeichnungenPrix-de-l-Etat-de-Berne20250523-1-243x0.png  1x, https:\/\/www.lapurla.ch\/wp-content\/uploads\/2025\/06\/LapurlaAuszeichnungenPrix-de-l-Etat-de-Berne20250523-1-486x0.png 2x\">           <source width=\"276\" height=\"155\" media=\"(min-width: 768px)\" data-srcset=\"https:\/\/www.lapurla.ch\/wp-content\/uploads\/2025\/06\/LapurlaAuszeichnungenPrix-de-l-Etat-de-Berne20250523-1-276x0.png 1x, https:\/\/www.lapurla.ch\/wp-content\/uploads\/2025\/06\/LapurlaAuszeichnungenPrix-de-l-Etat-de-Berne20250523-1-552x0.png 2x\">           <source width=\"516\" height=\"291\" media=\"(min-width: 576px)\" data-srcset=\"https:\/\/www.lapurla.ch\/wp-content\/uploads\/2025\/06\/LapurlaAuszeichnungenPrix-de-l-Etat-de-Berne20250523-1-516x0.png 1x, https:\/\/www.lapurla.ch\/wp-content\/uploads\/2025\/06\/LapurlaAuszeichnungenPrix-de-l-Etat-de-Berne20250523-1-1032x0.png 2x\">           <img loading=\"lazy\" decoding=\"async\" width=\"551\" height=\"310\"           class=\"a-image__image js-a-image__image lazyload\" src=\"data:image\/gif;base64,R0lGODlhAQABAAAAACH5BAEKAAEALAAAAAABAAEAAAICTAEAOw==\"           data-src=\"https:\/\/www.lapurla.ch\/wp-content\/uploads\/2025\/06\/LapurlaAuszeichnungenPrix-de-l-Etat-de-Berne20250523-1-551x0.png\" data-srcset=\"https:\/\/www.lapurla.ch\/wp-content\/uploads\/2025\/06\/LapurlaAuszeichnungenPrix-de-l-Etat-de-Berne20250523-1-1102x0.png 2x\" alt=\"\"\/>      <\/picture><\/div>                                        <\/div>\n\t\t\t\t\t\t\t\t\t\t                                            <div class=\"location\">2025<\/div>\n\t\t\t\t\t\t\t\t\t\t                                    <\/div>\n                                    <div class=\"item--content\">\n                                        <div class=\"item--content-wrapper\">\n                                            <h3 class=\"item--title\">Prix de l&#8217;Etat de Berne | Consigliere di Stato del Canton Vaud<\/h3>\n                                            <div class=\"item--content\">\n\t\t\t\t\t\t\t\t\t\t\t\tSu proposta dell&#8217;Universit\u00e0 di Losanna, il Consiglio di Stato del Cantone di Vaud conferir\u00e0 a Lapurla il Premio di Stato di Berna il 23 maggio 2025. Questo premio \u00e8 stato donato dal Cantone di Berna nel 1964 in ricordo della Giornata Cantonale di Berna all&#8217;Esposizione Nazionale. Esso premia un&#8217;opera letteraria, scientifica o artistica di un vodese o di un cittadino svizzero che contribuisca a promuovere gli scambi e i contatti o a favorire la comprensione e l&#8217;intesa tra le diverse parti della Svizzera.<br \/>\r\nLa direzione dell&#8217;Universit\u00e0 ritiene che Lapurla incarni idealmente lo scopo di questo premio, creando progetti innovativi per promuovere il dialogo e la cooperazione interculturale tra le diverse regioni della Svizzera.                                            <\/div>\n                                        <\/div>\n\t\t\t\t\t\t\t\t\t\t<svg class=\"svg-icon icon-arrow-right\" xmlns=\"http:\/\/www.w3.org\/2000\/svg\"><use xmlns:xlink=\"http:\/\/www.w3.org\/1999\/xlink\" xlink:href=\"https:\/\/www.lapurla.ch\/wp-content\/themes\/lapurla\/dist\/icons.svg?f27dc72#arrow-right\"><\/use><\/svg>                                    <\/div>\n                                <\/a>\n                            <\/div>\n\t\t\t\t\t\t                            <div class=\"col-12 col-md-6 col-lg-4 kdgs-filter-item\">\n                                <a href=\"https:\/\/www.fruehfoerderungspreis.ch\/fr\/prix-pour-lencouragement-precoce\" target=\"_blank\" class=\"kdgs-filter-item--link\" id=\"teaser-block-block_81b6a9f2269f93afb10afd993becee49-teaser2\">\n                                    <div class=\"item--impression\">\n                                        <div class=\"item--image\">\n\t\t\t\t\t\t\t\t\t\t\t<div class=\"a-image js-a-image \"><picture class=\"a-image__picture js-a-image__picture\">           <source width=\"343\" height=\"193\"  media=\"(min-width: 1400px)\" data-srcset=\"https:\/\/www.lapurla.ch\/wp-content\/uploads\/2025\/05\/LapurlaIconAuszeichnungen4-343x0.png 1x, https:\/\/www.lapurla.ch\/wp-content\/uploads\/2025\/05\/LapurlaIconAuszeichnungen4-686x0.png 2x\">           <source width=\"293\" height=\"165\" media=\"(min-width: 1200px)\" data-srcset=\"https:\/\/www.lapurla.ch\/wp-content\/uploads\/2025\/05\/LapurlaIconAuszeichnungen4-293x0.png 1x, https:\/\/www.lapurla.ch\/wp-content\/uploads\/2025\/05\/LapurlaIconAuszeichnungen4-586x0.png 2x\">           <source width=\"243\" height=\"137\" media=\"(min-width: 992px)\" data-srcset=\"https:\/\/www.lapurla.ch\/wp-content\/uploads\/2025\/05\/LapurlaIconAuszeichnungen4-243x0.png  1x, https:\/\/www.lapurla.ch\/wp-content\/uploads\/2025\/05\/LapurlaIconAuszeichnungen4-486x0.png 2x\">           <source width=\"276\" height=\"155\" media=\"(min-width: 768px)\" data-srcset=\"https:\/\/www.lapurla.ch\/wp-content\/uploads\/2025\/05\/LapurlaIconAuszeichnungen4-276x0.png 1x, https:\/\/www.lapurla.ch\/wp-content\/uploads\/2025\/05\/LapurlaIconAuszeichnungen4-552x0.png 2x\">           <source width=\"516\" height=\"290\" media=\"(min-width: 576px)\" data-srcset=\"https:\/\/www.lapurla.ch\/wp-content\/uploads\/2025\/05\/LapurlaIconAuszeichnungen4-516x0.png 1x, https:\/\/www.lapurla.ch\/wp-content\/uploads\/2025\/05\/LapurlaIconAuszeichnungen4-1032x0.png 2x\">           <img loading=\"lazy\" decoding=\"async\" width=\"551\" height=\"310\"           class=\"a-image__image js-a-image__image lazyload\" src=\"data:image\/gif;base64,R0lGODlhAQABAAAAACH5BAEKAAEALAAAAAABAAEAAAICTAEAOw==\"           data-src=\"https:\/\/www.lapurla.ch\/wp-content\/uploads\/2025\/05\/LapurlaIconAuszeichnungen4-551x0.png\" data-srcset=\"https:\/\/www.lapurla.ch\/wp-content\/uploads\/2025\/05\/LapurlaIconAuszeichnungen4-1102x0.png 2x\" alt=\"\"\/>      <\/picture><\/div>                                        <\/div>\n\t\t\t\t\t\t\t\t\t\t                                            <div class=\"location\">2024<\/div>\n\t\t\t\t\t\t\t\t\t\t                                    <\/div>\n                                    <div class=\"item--content\">\n                                        <div class=\"item--content-wrapper\">\n                                            <h3 class=\"item--title\">Premio di riconoscimento per l&#8217;educazione precoce nelle regioni di montagna | Fondazione Pestalozzi e Federazione Svizzera degli Insegnanti LCH<\/h3>\n                                            <div class=\"item--content\">\n\t\t\t\t\t\t\t\t\t\t\t\tIl progetto \u201cArt&#8217;Mini outdoor\u201d, organizzato dall&#8217;associazione Compagnie Digestif di Salgesch, si concentra sui processi creativi nello sviluppo della prima infanzia. Questo progetto \u00e8 un ulteriore sviluppo del progetto modello KinderKulturTreff MINI, sostenuto da Lapurla e premiato con uno dei primi Lapurla Awards nel 2023. L&#8217;offerta consente una partecipazione culturale sperimentale nella natura, si rivolge a tutto il Canton Vallese ed \u00e8 inserita in un luogo di incontro interculturale che collega le generazioni. Le esperienze e i risultati del progetto confluiscono direttamente nella rete nazionale Lapurla. Con il suo approccio intergenerazionale e bilingue, il progetto \u00e8 un lavoro esemplare e pionieristico nel Canton Vallese.                                             <\/div>\n                                        <\/div>\n\t\t\t\t\t\t\t\t\t\t<svg class=\"svg-icon icon-arrow-right\" xmlns=\"http:\/\/www.w3.org\/2000\/svg\"><use xmlns:xlink=\"http:\/\/www.w3.org\/1999\/xlink\" xlink:href=\"https:\/\/www.lapurla.ch\/wp-content\/themes\/lapurla\/dist\/icons.svg?f27dc72#arrow-right\"><\/use><\/svg>                                    <\/div>\n                                <\/a>\n                            <\/div>\n\t\t\t\t\t\t                            <div class=\"col-12 col-md-6 col-lg-4 kdgs-filter-item\">\n                                <a href=\"https:\/\/www.lapurla.ch\/wp-content\/uploads\/2025\/05\/Pralong-Dayer-PreisCompagnie-DigesdtifLapurla2024Pressebericht.pdf\" target=\"_blank\" class=\"kdgs-filter-item--link\" id=\"teaser-block-block_81b6a9f2269f93afb10afd993becee49-teaser3\">\n                                    <div class=\"item--impression\">\n                                        <div class=\"item--image\">\n\t\t\t\t\t\t\t\t\t\t\t<div class=\"a-image js-a-image \"><picture class=\"a-image__picture js-a-image__picture\">           <source width=\"343\" height=\"193\"  media=\"(min-width: 1400px)\" data-srcset=\"https:\/\/www.lapurla.ch\/wp-content\/uploads\/2025\/05\/LapurlaIconAuszeichnungen2-343x0.png 1x, https:\/\/www.lapurla.ch\/wp-content\/uploads\/2025\/05\/LapurlaIconAuszeichnungen2-686x0.png 2x\">           <source width=\"293\" height=\"165\" media=\"(min-width: 1200px)\" data-srcset=\"https:\/\/www.lapurla.ch\/wp-content\/uploads\/2025\/05\/LapurlaIconAuszeichnungen2-293x0.png 1x, https:\/\/www.lapurla.ch\/wp-content\/uploads\/2025\/05\/LapurlaIconAuszeichnungen2-586x0.png 2x\">           <source width=\"243\" height=\"137\" media=\"(min-width: 992px)\" data-srcset=\"https:\/\/www.lapurla.ch\/wp-content\/uploads\/2025\/05\/LapurlaIconAuszeichnungen2-243x0.png  1x, https:\/\/www.lapurla.ch\/wp-content\/uploads\/2025\/05\/LapurlaIconAuszeichnungen2-486x0.png 2x\">           <source width=\"276\" height=\"155\" media=\"(min-width: 768px)\" data-srcset=\"https:\/\/www.lapurla.ch\/wp-content\/uploads\/2025\/05\/LapurlaIconAuszeichnungen2-276x0.png 1x, https:\/\/www.lapurla.ch\/wp-content\/uploads\/2025\/05\/LapurlaIconAuszeichnungen2-552x0.png 2x\">           <source width=\"516\" height=\"290\" media=\"(min-width: 576px)\" data-srcset=\"https:\/\/www.lapurla.ch\/wp-content\/uploads\/2025\/05\/LapurlaIconAuszeichnungen2-516x0.png 1x, https:\/\/www.lapurla.ch\/wp-content\/uploads\/2025\/05\/LapurlaIconAuszeichnungen2-1032x0.png 2x\">           <img loading=\"lazy\" decoding=\"async\" width=\"551\" height=\"310\"           class=\"a-image__image js-a-image__image lazyload\" src=\"data:image\/gif;base64,R0lGODlhAQABAAAAACH5BAEKAAEALAAAAAABAAEAAAICTAEAOw==\"           data-src=\"https:\/\/www.lapurla.ch\/wp-content\/uploads\/2025\/05\/LapurlaIconAuszeichnungen2-551x0.png\" data-srcset=\"https:\/\/www.lapurla.ch\/wp-content\/uploads\/2025\/05\/LapurlaIconAuszeichnungen2-1102x0.png 2x\" alt=\"\"\/>      <\/picture><\/div>                                        <\/div>\n\t\t\t\t\t\t\t\t\t\t                                            <div class=\"location\">2024<\/div>\n\t\t\t\t\t\t\t\t\t\t                                    <\/div>\n                                    <div class=\"item--content\">\n                                        <div class=\"item--content-wrapper\">\n                                            <h3 class=\"item--title\">Premio assegnato dalla Fondazione Alexandre e Ida Pralong-Dayer<\/h3>\n                                            <div class=\"item--content\">\n\t\t\t\t\t\t\t\t\t\t\t\tL&#8217;importante alleata di Lapurla &#8211; Jennifer Skolovski &#8211; e la sua Comapgnie Digestif hanno ricevuto il premio della Fondation Alexandre et Ida Pralong-Dayer per i loro progetti educativi per bambini presso il luogo di incontro Tsch\u00fcdanga. Tsch\u00fcdanga \u00e8 una struttura professionale per attivit\u00e0 culturali, animali e naturalistiche con un team competente, esperto e bilingue. Offre programmi interculturali, intergenerazionali e culturalmente inclusivi attraverso processi partecipativi nella natura con il coinvolgimento degli animali.                                            <\/div>\n                                        <\/div>\n\t\t\t\t\t\t\t\t\t\t<svg class=\"svg-icon icon-arrow-right\" xmlns=\"http:\/\/www.w3.org\/2000\/svg\"><use xmlns:xlink=\"http:\/\/www.w3.org\/1999\/xlink\" xlink:href=\"https:\/\/www.lapurla.ch\/wp-content\/themes\/lapurla\/dist\/icons.svg?f27dc72#arrow-right\"><\/use><\/svg>                                    <\/div>\n                                <\/a>\n                            <\/div>\n\t\t\t\t\t\t                            <div class=\"col-12 col-md-6 col-lg-4 kdgs-filter-item\">\n                                <a href=\"https:\/\/www.lapurla.ch\/it\/news\/girafes-award\" target=\"\" class=\"kdgs-filter-item--link\" id=\"teaser-block-block_81b6a9f2269f93afb10afd993becee49-teaser4\">\n                                    <div class=\"item--impression\">\n                                        <div class=\"item--image\">\n\t\t\t\t\t\t\t\t\t\t\t<div class=\"a-image js-a-image \"><picture class=\"a-image__picture js-a-image__picture\">           <source width=\"343\" height=\"193\"  media=\"(min-width: 1400px)\" data-srcset=\"https:\/\/www.lapurla.ch\/wp-content\/uploads\/2025\/05\/LapurlaIconAuszeichnungen3-343x0.png 1x, https:\/\/www.lapurla.ch\/wp-content\/uploads\/2025\/05\/LapurlaIconAuszeichnungen3-686x0.png 2x\">           <source width=\"293\" height=\"165\" media=\"(min-width: 1200px)\" data-srcset=\"https:\/\/www.lapurla.ch\/wp-content\/uploads\/2025\/05\/LapurlaIconAuszeichnungen3-293x0.png 1x, https:\/\/www.lapurla.ch\/wp-content\/uploads\/2025\/05\/LapurlaIconAuszeichnungen3-586x0.png 2x\">           <source width=\"243\" height=\"137\" media=\"(min-width: 992px)\" data-srcset=\"https:\/\/www.lapurla.ch\/wp-content\/uploads\/2025\/05\/LapurlaIconAuszeichnungen3-243x0.png  1x, https:\/\/www.lapurla.ch\/wp-content\/uploads\/2025\/05\/LapurlaIconAuszeichnungen3-486x0.png 2x\">           <source width=\"276\" height=\"155\" media=\"(min-width: 768px)\" data-srcset=\"https:\/\/www.lapurla.ch\/wp-content\/uploads\/2025\/05\/LapurlaIconAuszeichnungen3-276x0.png 1x, https:\/\/www.lapurla.ch\/wp-content\/uploads\/2025\/05\/LapurlaIconAuszeichnungen3-552x0.png 2x\">           <source width=\"516\" height=\"290\" media=\"(min-width: 576px)\" data-srcset=\"https:\/\/www.lapurla.ch\/wp-content\/uploads\/2025\/05\/LapurlaIconAuszeichnungen3-516x0.png 1x, https:\/\/www.lapurla.ch\/wp-content\/uploads\/2025\/05\/LapurlaIconAuszeichnungen3-1032x0.png 2x\">           <img loading=\"lazy\" decoding=\"async\" width=\"551\" height=\"310\"           class=\"a-image__image js-a-image__image lazyload\" src=\"data:image\/gif;base64,R0lGODlhAQABAAAAACH5BAEKAAEALAAAAAABAAEAAAICTAEAOw==\"           data-src=\"https:\/\/www.lapurla.ch\/wp-content\/uploads\/2025\/05\/LapurlaIconAuszeichnungen3-551x0.png\" data-srcset=\"https:\/\/www.lapurla.ch\/wp-content\/uploads\/2025\/05\/LapurlaIconAuszeichnungen3-1102x0.png 2x\" alt=\"\"\/>      <\/picture><\/div>                                        <\/div>\n\t\t\t\t\t\t\t\t\t\t                                            <div class=\"location\">2021<\/div>\n\t\t\t\t\t\t\t\t\t\t                                    <\/div>\n                                    <div class=\"item--content\">\n                                        <div class=\"item--content-wrapper\">\n                                            <h3 class=\"item--title\">Prix international des Girafs Awards<\/h3>\n                                            <div class=\"item--content\">\n\t\t\t\t\t\t\t\t\t\t\t\tLapurla riceve il Prix international presso il Ministero della Solidariet\u00e0 e della Salute a Parigi nell&#8217;ottobre 2021. Lapurla viene cos\u00ec riconosciuta a livello internazionale come modello di educazione della prima infanzia. La \u201cGiraffa\u201d esprime il grande apprezzamento per l&#8217;impegno di tutti coloro che in Svizzera sostengono le preoccupazioni di Lapurla. Fondata nel 2012, l&#8217;associazione Agir pour la petite enfance presenta ogni anno i Girafes Awards con l&#8217;obiettivo di riunire i professionisti, i bambini piccoli e i loro genitori, rafforzare le opportunit\u00e0 educative dei bambini e portarli sotto i riflettori della societ\u00e0.                                             <\/div>\n                                        <\/div>\n\t\t\t\t\t\t\t\t\t\t<svg class=\"svg-icon icon-arrow-right\" xmlns=\"http:\/\/www.w3.org\/2000\/svg\"><use xmlns:xlink=\"http:\/\/www.w3.org\/1999\/xlink\" xlink:href=\"https:\/\/www.lapurla.ch\/wp-content\/themes\/lapurla\/dist\/icons.svg?f27dc72#arrow-right\"><\/use><\/svg>                                    <\/div>\n                                <\/a>\n                            <\/div>\n\t\t\t\t\t\t                            <div class=\"col-12 col-md-6 col-lg-4 kdgs-filter-item\">\n                                <a href=\"https:\/\/assitej.ch\/Home-2\" target=\"_blank\" class=\"kdgs-filter-item--link\" id=\"teaser-block-block_81b6a9f2269f93afb10afd993becee49-teaser5\">\n                                    <div class=\"item--impression\">\n                                        <div class=\"item--image\">\n\t\t\t\t\t\t\t\t\t\t\t<div class=\"a-image js-a-image \"><picture class=\"a-image__picture js-a-image__picture\">           <source width=\"343\" height=\"193\"  media=\"(min-width: 1400px)\" data-srcset=\"https:\/\/www.lapurla.ch\/wp-content\/uploads\/2025\/05\/LapurlaIconAuszeichnungen5-343x0.png 1x, https:\/\/www.lapurla.ch\/wp-content\/uploads\/2025\/05\/LapurlaIconAuszeichnungen5-686x0.png 2x\">           <source width=\"293\" height=\"165\" media=\"(min-width: 1200px)\" data-srcset=\"https:\/\/www.lapurla.ch\/wp-content\/uploads\/2025\/05\/LapurlaIconAuszeichnungen5-293x0.png 1x, https:\/\/www.lapurla.ch\/wp-content\/uploads\/2025\/05\/LapurlaIconAuszeichnungen5-586x0.png 2x\">           <source width=\"243\" height=\"137\" media=\"(min-width: 992px)\" data-srcset=\"https:\/\/www.lapurla.ch\/wp-content\/uploads\/2025\/05\/LapurlaIconAuszeichnungen5-243x0.png  1x, https:\/\/www.lapurla.ch\/wp-content\/uploads\/2025\/05\/LapurlaIconAuszeichnungen5-486x0.png 2x\">           <source width=\"276\" height=\"155\" media=\"(min-width: 768px)\" data-srcset=\"https:\/\/www.lapurla.ch\/wp-content\/uploads\/2025\/05\/LapurlaIconAuszeichnungen5-276x0.png 1x, https:\/\/www.lapurla.ch\/wp-content\/uploads\/2025\/05\/LapurlaIconAuszeichnungen5-552x0.png 2x\">           <source width=\"516\" height=\"290\" media=\"(min-width: 576px)\" data-srcset=\"https:\/\/www.lapurla.ch\/wp-content\/uploads\/2025\/05\/LapurlaIconAuszeichnungen5-516x0.png 1x, https:\/\/www.lapurla.ch\/wp-content\/uploads\/2025\/05\/LapurlaIconAuszeichnungen5-1032x0.png 2x\">           <img loading=\"lazy\" decoding=\"async\" width=\"551\" height=\"310\"           class=\"a-image__image js-a-image__image lazyload\" src=\"data:image\/gif;base64,R0lGODlhAQABAAAAACH5BAEKAAEALAAAAAABAAEAAAICTAEAOw==\"           data-src=\"https:\/\/www.lapurla.ch\/wp-content\/uploads\/2025\/05\/LapurlaIconAuszeichnungen5-551x0.png\" data-srcset=\"https:\/\/www.lapurla.ch\/wp-content\/uploads\/2025\/05\/LapurlaIconAuszeichnungen5-1102x0.png 2x\" alt=\"\"\/>      <\/picture><\/div>                                        <\/div>\n\t\t\t\t\t\t\t\t\t\t                                            <div class=\"location\">2020<\/div>\n\t\t\t\t\t\t\t\t\t\t                                    <\/div>\n                                    <div class=\"item--content\">\n                                        <div class=\"item--content-wrapper\">\n                                            <h3 class=\"item--title\">Prix ASSITEJ <\/h3>\n                                            <div class=\"item--content\">\n\t\t\t\t\t\t\t\t\t\t\t\tNina Knecht, una delle prime sostenitrici di Lapurla e presidente dell&#8217;associazione PRIMA, riceve uno dei primi due premi Prix ASSITEJ Svizzera per il suo impegno stimolante a favore del teatro professionale per il pubblico giovane. Con PRIMA, \u00e8 anche saldamente ancorata con una giornata di corso nel programma di formazione continua CAS Cultural Education, da cui Lapurla \u00e8 emersa (vedi storia).                                            <\/div>\n                                        <\/div>\n\t\t\t\t\t\t\t\t\t\t<svg class=\"svg-icon icon-arrow-right\" xmlns=\"http:\/\/www.w3.org\/2000\/svg\"><use xmlns:xlink=\"http:\/\/www.w3.org\/1999\/xlink\" xlink:href=\"https:\/\/www.lapurla.ch\/wp-content\/themes\/lapurla\/dist\/icons.svg?f27dc72#arrow-right\"><\/use><\/svg>                                    <\/div>\n                                <\/a>\n                            <\/div>\n\t\t\t\t\t\t                    <\/div>\n                <\/div>\n\t\t\t\t\t\t        <\/div>\n\t<\/div>\n\n\n\n<p><\/p>\n","protected":false},"excerpt":{"rendered":"<p>Siamo molto lieti dei riconoscimenti (inter)nazionali del nostro impegno e ringraziamo sinceramente per questi riconoscimenti diretti e indiretti! Essi rafforzano le nostre preoccupazioni e i membri della rete e sottolineano la rilevanza sociale delle nostre ampie attivit\u00e0 a tutti i livelli.<\/p>\n","protected":false},"author":5,"featured_media":0,"parent":0,"menu_order":0,"comment_status":"closed","ping_status":"closed","template":"","meta":{"_acf_changed":false,"latitude":"","longitude":"","kurzbeschreibung":"","datum_von":"","footnotes":""},"class_list":["post-28808","page","type-page","status-publish","hentry"],"acf":[],"yoast_head":"<!-- This site is optimized with the Yoast SEO plugin v27.2 - https:\/\/yoast.com\/product\/yoast-seo-wordpress\/ -->\n<title>Premi e onorificenze &#8211; Lapurla<\/title>\n<meta name=\"description\" content=\"Premi e onorificenze - Lapurla\" \/>\n<meta name=\"robots\" content=\"index, follow, max-snippet:-1, max-image-preview:large, max-video-preview:-1\" \/>\n<link rel=\"canonical\" href=\"https:\/\/www.lapurla.ch\/it\/premi-e-onorificenze-lapurla\" \/>\n<meta property=\"og:locale\" content=\"it_IT\" \/>\n<meta property=\"og:type\" content=\"article\" \/>\n<meta property=\"og:title\" content=\"Premi e onorificenze &#8211; Lapurla\" \/>\n<meta property=\"og:description\" content=\"Premi e onorificenze - Lapurla\" \/>\n<meta property=\"og:url\" content=\"https:\/\/www.lapurla.ch\/it\/premi-e-onorificenze-lapurla\" \/>\n<meta property=\"og:site_name\" content=\"Lapurla\" \/>\n<meta property=\"article:modified_time\" content=\"2025-06-26T22:31:04+00:00\" \/>\n<meta property=\"og:image\" content=\"https:\/\/www.lapurla.ch\/wp-content\/uploads\/2025\/05\/LapurlaIconAuszeichnungen-scaled.jpg\" \/>\n\t<meta property=\"og:image:width\" content=\"2560\" \/>\n\t<meta property=\"og:image:height\" content=\"1440\" \/>\n\t<meta property=\"og:image:type\" content=\"image\/jpeg\" \/>\n<meta name=\"twitter:card\" content=\"summary_large_image\" \/>\n<meta name=\"twitter:label1\" content=\"Tempo di lettura stimato\" \/>\n\t<meta name=\"twitter:data1\" content=\"1 minuto\" \/>\n<script type=\"application\/ld+json\" class=\"yoast-schema-graph\">{\"@context\":\"https:\/\/schema.org\",\"@graph\":[{\"@type\":\"WebPage\",\"@id\":\"https:\/\/www.lapurla.ch\/it\/premi-e-onorificenze-lapurla\",\"url\":\"https:\/\/www.lapurla.ch\/it\/premi-e-onorificenze-lapurla\",\"name\":\"Premi e onorificenze &#8211; Lapurla\",\"isPartOf\":{\"@id\":\"https:\/\/www.lapurla.ch\/#website\"},\"primaryImageOfPage\":{\"@id\":\"https:\/\/www.lapurla.ch\/it\/premi-e-onorificenze-lapurla#primaryimage\"},\"image\":{\"@id\":\"https:\/\/www.lapurla.ch\/it\/premi-e-onorificenze-lapurla#primaryimage\"},\"thumbnailUrl\":\"https:\/\/www.lapurla.ch\/wp-content\/uploads\/2025\/05\/LapurlaIconAuszeichnungen-1024x576.jpg\",\"datePublished\":\"2025-05-08T11:22:09+00:00\",\"dateModified\":\"2025-06-26T22:31:04+00:00\",\"description\":\"Premi e onorificenze - Lapurla\",\"breadcrumb\":{\"@id\":\"https:\/\/www.lapurla.ch\/it\/premi-e-onorificenze-lapurla#breadcrumb\"},\"inLanguage\":\"it-IT\",\"potentialAction\":[{\"@type\":\"ReadAction\",\"target\":[\"https:\/\/www.lapurla.ch\/it\/premi-e-onorificenze-lapurla\"]}]},{\"@type\":\"ImageObject\",\"inLanguage\":\"it-IT\",\"@id\":\"https:\/\/www.lapurla.ch\/it\/premi-e-onorificenze-lapurla#primaryimage\",\"url\":\"https:\/\/www.lapurla.ch\/wp-content\/uploads\/2025\/05\/LapurlaIconAuszeichnungen-1024x576.jpg\",\"contentUrl\":\"https:\/\/www.lapurla.ch\/wp-content\/uploads\/2025\/05\/LapurlaIconAuszeichnungen-1024x576.jpg\"},{\"@type\":\"BreadcrumbList\",\"@id\":\"https:\/\/www.lapurla.ch\/it\/premi-e-onorificenze-lapurla#breadcrumb\",\"itemListElement\":[{\"@type\":\"ListItem\",\"position\":1,\"name\":\"Startseite\",\"item\":\"https:\/\/www.lapurla.ch\/it\"},{\"@type\":\"ListItem\",\"position\":2,\"name\":\"Premi e onorificenze\"}]},{\"@type\":\"WebSite\",\"@id\":\"https:\/\/www.lapurla.ch\/#website\",\"url\":\"https:\/\/www.lapurla.ch\/\",\"name\":\"Lapurla\",\"description\":\"\",\"publisher\":{\"@id\":\"https:\/\/www.lapurla.ch\/#organization\"},\"potentialAction\":[{\"@type\":\"SearchAction\",\"target\":{\"@type\":\"EntryPoint\",\"urlTemplate\":\"https:\/\/www.lapurla.ch\/?s={search_term_string}\"},\"query-input\":{\"@type\":\"PropertyValueSpecification\",\"valueRequired\":true,\"valueName\":\"search_term_string\"}}],\"inLanguage\":\"it-IT\"},{\"@type\":\"Organization\",\"@id\":\"https:\/\/www.lapurla.ch\/#organization\",\"name\":\"Lapurla\",\"url\":\"https:\/\/www.lapurla.ch\/\",\"logo\":{\"@type\":\"ImageObject\",\"inLanguage\":\"it-IT\",\"@id\":\"https:\/\/www.lapurla.ch\/#\/schema\/logo\/image\/\",\"url\":\"https:\/\/www.lapurla.ch\/wp-content\/uploads\/2022\/03\/cropped-favicon.png\",\"contentUrl\":\"https:\/\/www.lapurla.ch\/wp-content\/uploads\/2022\/03\/cropped-favicon.png\",\"width\":512,\"height\":512,\"caption\":\"Lapurla\"},\"image\":{\"@id\":\"https:\/\/www.lapurla.ch\/#\/schema\/logo\/image\/\"}}]}<\/script>\n<!-- \/ Yoast SEO plugin. -->","yoast_head_json":{"title":"Premi e onorificenze &#8211; Lapurla","description":"Premi e onorificenze - Lapurla","robots":{"index":"index","follow":"follow","max-snippet":"max-snippet:-1","max-image-preview":"max-image-preview:large","max-video-preview":"max-video-preview:-1"},"canonical":"https:\/\/www.lapurla.ch\/it\/premi-e-onorificenze-lapurla","og_locale":"it_IT","og_type":"article","og_title":"Premi e onorificenze &#8211; Lapurla","og_description":"Premi e onorificenze - Lapurla","og_url":"https:\/\/www.lapurla.ch\/it\/premi-e-onorificenze-lapurla","og_site_name":"Lapurla","article_modified_time":"2025-06-26T22:31:04+00:00","og_image":[{"width":2560,"height":1440,"url":"https:\/\/www.lapurla.ch\/wp-content\/uploads\/2025\/05\/LapurlaIconAuszeichnungen-scaled.jpg","type":"image\/jpeg"}],"twitter_card":"summary_large_image","twitter_misc":{"Tempo di lettura stimato":"1 minuto"},"schema":{"@context":"https:\/\/schema.org","@graph":[{"@type":"WebPage","@id":"https:\/\/www.lapurla.ch\/it\/premi-e-onorificenze-lapurla","url":"https:\/\/www.lapurla.ch\/it\/premi-e-onorificenze-lapurla","name":"Premi e onorificenze &#8211; Lapurla","isPartOf":{"@id":"https:\/\/www.lapurla.ch\/#website"},"primaryImageOfPage":{"@id":"https:\/\/www.lapurla.ch\/it\/premi-e-onorificenze-lapurla#primaryimage"},"image":{"@id":"https:\/\/www.lapurla.ch\/it\/premi-e-onorificenze-lapurla#primaryimage"},"thumbnailUrl":"https:\/\/www.lapurla.ch\/wp-content\/uploads\/2025\/05\/LapurlaIconAuszeichnungen-1024x576.jpg","datePublished":"2025-05-08T11:22:09+00:00","dateModified":"2025-06-26T22:31:04+00:00","description":"Premi e onorificenze - Lapurla","breadcrumb":{"@id":"https:\/\/www.lapurla.ch\/it\/premi-e-onorificenze-lapurla#breadcrumb"},"inLanguage":"it-IT","potentialAction":[{"@type":"ReadAction","target":["https:\/\/www.lapurla.ch\/it\/premi-e-onorificenze-lapurla"]}]},{"@type":"ImageObject","inLanguage":"it-IT","@id":"https:\/\/www.lapurla.ch\/it\/premi-e-onorificenze-lapurla#primaryimage","url":"https:\/\/www.lapurla.ch\/wp-content\/uploads\/2025\/05\/LapurlaIconAuszeichnungen-1024x576.jpg","contentUrl":"https:\/\/www.lapurla.ch\/wp-content\/uploads\/2025\/05\/LapurlaIconAuszeichnungen-1024x576.jpg"},{"@type":"BreadcrumbList","@id":"https:\/\/www.lapurla.ch\/it\/premi-e-onorificenze-lapurla#breadcrumb","itemListElement":[{"@type":"ListItem","position":1,"name":"Startseite","item":"https:\/\/www.lapurla.ch\/it"},{"@type":"ListItem","position":2,"name":"Premi e onorificenze"}]},{"@type":"WebSite","@id":"https:\/\/www.lapurla.ch\/#website","url":"https:\/\/www.lapurla.ch\/","name":"Lapurla","description":"","publisher":{"@id":"https:\/\/www.lapurla.ch\/#organization"},"potentialAction":[{"@type":"SearchAction","target":{"@type":"EntryPoint","urlTemplate":"https:\/\/www.lapurla.ch\/?s={search_term_string}"},"query-input":{"@type":"PropertyValueSpecification","valueRequired":true,"valueName":"search_term_string"}}],"inLanguage":"it-IT"},{"@type":"Organization","@id":"https:\/\/www.lapurla.ch\/#organization","name":"Lapurla","url":"https:\/\/www.lapurla.ch\/","logo":{"@type":"ImageObject","inLanguage":"it-IT","@id":"https:\/\/www.lapurla.ch\/#\/schema\/logo\/image\/","url":"https:\/\/www.lapurla.ch\/wp-content\/uploads\/2022\/03\/cropped-favicon.png","contentUrl":"https:\/\/www.lapurla.ch\/wp-content\/uploads\/2022\/03\/cropped-favicon.png","width":512,"height":512,"caption":"Lapurla"},"image":{"@id":"https:\/\/www.lapurla.ch\/#\/schema\/logo\/image\/"}}]}},"_links":{"self":[{"href":"https:\/\/www.lapurla.ch\/it\/wp-json\/wp\/v2\/pages\/28808","targetHints":{"allow":["GET"]}}],"collection":[{"href":"https:\/\/www.lapurla.ch\/it\/wp-json\/wp\/v2\/pages"}],"about":[{"href":"https:\/\/www.lapurla.ch\/it\/wp-json\/wp\/v2\/types\/page"}],"author":[{"embeddable":true,"href":"https:\/\/www.lapurla.ch\/it\/wp-json\/wp\/v2\/users\/5"}],"replies":[{"embeddable":true,"href":"https:\/\/www.lapurla.ch\/it\/wp-json\/wp\/v2\/comments?post=28808"}],"version-history":[{"count":5,"href":"https:\/\/www.lapurla.ch\/it\/wp-json\/wp\/v2\/pages\/28808\/revisions"}],"predecessor-version":[{"id":29695,"href":"https:\/\/www.lapurla.ch\/it\/wp-json\/wp\/v2\/pages\/28808\/revisions\/29695"}],"wp:attachment":[{"href":"https:\/\/www.lapurla.ch\/it\/wp-json\/wp\/v2\/media?parent=28808"}],"curies":[{"name":"wp","href":"https:\/\/api.w.org\/{rel}","templated":true}]}}