{"id":22432,"date":"2023-12-14T22:25:04","date_gmt":"2023-12-14T21:25:04","guid":{"rendered":"https:\/\/www.lapurla.ch\/testament"},"modified":"2026-01-29T11:20:10","modified_gmt":"2026-01-29T10:20:10","slug":"testament","status":"publish","type":"page","link":"https:\/\/www.lapurla.ch\/it\/testament","title":{"rendered":"Testamento"},"content":{"rendered":"\n<div id=\"lead-text-block_878a90cb2d0094e8c0b4dd678f4475c2\" class=\"mod-lead-text\">\n\t        <div class=\"row\">\n            <div class=\"col-12\">\n\t\t\t\t                <div class=\"lead-text\">\n\t\t\t\t\t<p>Fare del bene oltre la vita: organizza la tua successione in modo semplice, sicuro e gratuito.<\/p>\n                <\/div>\n            <\/div>\n        <\/div>\n\t<\/div>\n\n\n<figure class=\"wp-block-image size-full\"><img loading=\"lazy\" decoding=\"async\" width=\"1000\" height=\"563\" src=\"https:\/\/www.lapurla.ch\/wp-content\/uploads\/2023\/12\/LapurlaLegat.png\" alt=\"\" class=\"wp-image-21953\" srcset=\"https:\/\/www.lapurla.ch\/wp-content\/uploads\/2023\/12\/LapurlaLegat.png 1000w, https:\/\/www.lapurla.ch\/wp-content\/uploads\/2023\/12\/LapurlaLegat-300x169.png 300w, https:\/\/www.lapurla.ch\/wp-content\/uploads\/2023\/12\/LapurlaLegat-768x432.png 768w\" sizes=\"auto, (max-width: 1000px) 100vw, 1000px\" \/><\/figure>\n\n\n\n<hr class=\"wp-block-separator has-alpha-channel-opacity\"\/>\n\n\n\n<h2 class=\"wp-block-heading\">La tua donazione testamentaria: lasciare un segno duraturo<\/h2>\n\n\n\n<p>Anche Lei desidera fare del bene oltre la Sua vita, per le generazioni future? Sta riflettendo o si trova di fronte alla decisione su cosa accadr\u00e0 un giorno alla Sua eredit\u00e0? Allora \u00e8 nel posto giusto. Siamo qui per aiutarLa.<\/p>\n\n\n\n<p>Inserendo la Fondazione Lapurla nel Suo testamento, rende possibile una maggiore equit\u00e0 delle opportunit\u00e0 per i pi\u00f9 vulnerabili della nostra societ\u00e0: i bambini da 0 a 4 anni. <strong>Con il Suo lascito, rafforza il nostro impegno pluriforme a favore di generazioni future capaci di crescere e fiorire.<\/strong><\/p>\n\n\n\n<h2 class=\"wp-block-heading\">Con il tuo lascito, aiuti a dare forma al futuro<\/h2>\n\n\n\n<p>La Sua ultima volont\u00e0 ci aiuta a proseguire nel nostro impegno. In quanto organizzazione di utilit\u00e0 pubblica, per noi non sono dovute imposte di successione.<\/p>\n\n\n\n<p><strong>Legato:<\/strong>&nbsp;per destinare a Lapurla una parte del Suo patrimonio, lo stabilisce come legato nel Suo testamento. Lei decide quale quota desidera lasciare alla Fondazione Lapurla.<\/p>\n\n\n\n<p><strong>Eredit\u00e0:<\/strong>&nbsp;se nomina la Fondazione Lapurla come Sua erede, essa subentra con tutti i diritti e i doveri nella Sua successione e provvede a eseguire il Suo testamento. Se non ha eredi legittimi e nel Suo testamento non indica nessun erede, l\u2019eredit\u00e0 va allo Stato.<\/p>\n\n\n\n<p>La collaborazione con la nostra organizzazione partner&nbsp;<strong><a href=\"https:\/\/www.deinadieu.ch\/it\/avvocati\/\">DeinAdieu.ch<\/a><\/strong>&nbsp;Le permette di redigere, in modo del tutto non vincolante e gratuito, un testamento adatto alla Sua situazione personale.<\/p>\n\n\n\n<div id=\"teaser-block-block_68628c091ff9b4a4a2740b277d0556d8\" class=\"mod-teaser-block\">\n\t        <div class=\"text\">\n\t\t\t                <div class=\"mod-filter-list\">\n                    <div class=\"row\">\n\t\t\t\t\t\t                            <div class=\"col-12 col-md-6 col-lg-4 kdgs-filter-item\">\n                                <a href=\"https:\/\/app.deinadieu.ch\/testament\/step\/0\" target=\"_blank\" class=\"kdgs-filter-item--link\" id=\"teaser-block-block_68628c091ff9b4a4a2740b277d0556d8-teaser1\">\n                                    <div class=\"item--impression\">\n                                        <div class=\"item--image\">\n\t\t\t\t\t\t\t\t\t\t\t<div class=\"a-image js-a-image \"><picture class=\"a-image__picture js-a-image__picture\">           <source width=\"343\" height=\"193\"  media=\"(min-width: 1400px)\" data-srcset=\"https:\/\/www.lapurla.ch\/wp-content\/uploads\/2026\/01\/LapurlaSpendenLobbying-343x0.png 1x, https:\/\/www.lapurla.ch\/wp-content\/uploads\/2026\/01\/LapurlaSpendenLobbying-686x0.png 2x\">           <source width=\"293\" height=\"165\" media=\"(min-width: 1200px)\" data-srcset=\"https:\/\/www.lapurla.ch\/wp-content\/uploads\/2026\/01\/LapurlaSpendenLobbying-293x0.png 1x, https:\/\/www.lapurla.ch\/wp-content\/uploads\/2026\/01\/LapurlaSpendenLobbying-586x0.png 2x\">           <source width=\"243\" height=\"137\" media=\"(min-width: 992px)\" data-srcset=\"https:\/\/www.lapurla.ch\/wp-content\/uploads\/2026\/01\/LapurlaSpendenLobbying-243x0.png  1x, https:\/\/www.lapurla.ch\/wp-content\/uploads\/2026\/01\/LapurlaSpendenLobbying-486x0.png 2x\">           <source width=\"276\" height=\"155\" media=\"(min-width: 768px)\" data-srcset=\"https:\/\/www.lapurla.ch\/wp-content\/uploads\/2026\/01\/LapurlaSpendenLobbying-276x0.png 1x, https:\/\/www.lapurla.ch\/wp-content\/uploads\/2026\/01\/LapurlaSpendenLobbying-552x0.png 2x\">           <source width=\"516\" height=\"291\" media=\"(min-width: 576px)\" data-srcset=\"https:\/\/www.lapurla.ch\/wp-content\/uploads\/2026\/01\/LapurlaSpendenLobbying-516x0.png 1x, https:\/\/www.lapurla.ch\/wp-content\/uploads\/2026\/01\/LapurlaSpendenLobbying-1032x0.png 2x\">           <img loading=\"lazy\" decoding=\"async\" width=\"551\" height=\"310\"           class=\"a-image__image js-a-image__image lazyload\" src=\"data:image\/gif;base64,R0lGODlhAQABAAAAACH5BAEKAAEALAAAAAABAAEAAAICTAEAOw==\"           data-src=\"https:\/\/www.lapurla.ch\/wp-content\/uploads\/2026\/01\/LapurlaSpendenLobbying-551x0.png\" data-srcset=\"https:\/\/www.lapurla.ch\/wp-content\/uploads\/2026\/01\/LapurlaSpendenLobbying-1102x0.png 2x\" alt=\"\"\/>      <\/picture><\/div>                                        <\/div>\n\t\t\t\t\t\t\t\t\t\t                                            <div class=\"location\">Tool gratuito per testamenti<\/div>\n\t\t\t\t\t\t\t\t\t\t                                    <\/div>\n                                    <div class=\"item--content\">\n                                        <div class=\"item--content-wrapper\">\n                                            <h3 class=\"item--title\">Redigere il mio testamento<\/h3>\n                                            <div class=\"item--content\">\n\t\t\t\t\t\t\t\t\t\t\t\tCreate facilmente online il vostro testamento personalizzato. In caso di domande sul modello di testamento, siamo a vostra disposizione!                                            <\/div>\n                                        <\/div>\n\t\t\t\t\t\t\t\t\t\t<svg class=\"svg-icon icon-arrow-right\" xmlns=\"http:\/\/www.w3.org\/2000\/svg\"><use xmlns:xlink=\"http:\/\/www.w3.org\/1999\/xlink\" xlink:href=\"https:\/\/www.lapurla.ch\/wp-content\/themes\/lapurla\/dist\/icons.svg?f27dc72#arrow-right\"><\/use><\/svg>                                    <\/div>\n                                <\/a>\n                            <\/div>\n\t\t\t\t\t\t                            <div class=\"col-12 col-md-6 col-lg-4 kdgs-filter-item\">\n                                <a href=\"https:\/\/www.deinadieu.ch\/it\/avvocati\/\" target=\"_blank\" class=\"kdgs-filter-item--link\" id=\"teaser-block-block_68628c091ff9b4a4a2740b277d0556d8-teaser2\">\n                                    <div class=\"item--impression\">\n                                        <div class=\"item--image\">\n\t\t\t\t\t\t\t\t\t\t\t<div class=\"a-image js-a-image \"><picture class=\"a-image__picture js-a-image__picture\">           <source width=\"343\" height=\"193\"  media=\"(min-width: 1400px)\" data-srcset=\"https:\/\/www.lapurla.ch\/wp-content\/uploads\/2026\/01\/LapurlaIconsSpendenErstberatung2-343x0.png 1x, https:\/\/www.lapurla.ch\/wp-content\/uploads\/2026\/01\/LapurlaIconsSpendenErstberatung2-686x0.png 2x\">           <source width=\"293\" height=\"165\" media=\"(min-width: 1200px)\" data-srcset=\"https:\/\/www.lapurla.ch\/wp-content\/uploads\/2026\/01\/LapurlaIconsSpendenErstberatung2-293x0.png 1x, https:\/\/www.lapurla.ch\/wp-content\/uploads\/2026\/01\/LapurlaIconsSpendenErstberatung2-586x0.png 2x\">           <source width=\"243\" height=\"137\" media=\"(min-width: 992px)\" data-srcset=\"https:\/\/www.lapurla.ch\/wp-content\/uploads\/2026\/01\/LapurlaIconsSpendenErstberatung2-243x0.png  1x, https:\/\/www.lapurla.ch\/wp-content\/uploads\/2026\/01\/LapurlaIconsSpendenErstberatung2-486x0.png 2x\">           <source width=\"276\" height=\"155\" media=\"(min-width: 768px)\" data-srcset=\"https:\/\/www.lapurla.ch\/wp-content\/uploads\/2026\/01\/LapurlaIconsSpendenErstberatung2-276x0.png 1x, https:\/\/www.lapurla.ch\/wp-content\/uploads\/2026\/01\/LapurlaIconsSpendenErstberatung2-552x0.png 2x\">           <source width=\"516\" height=\"291\" media=\"(min-width: 576px)\" data-srcset=\"https:\/\/www.lapurla.ch\/wp-content\/uploads\/2026\/01\/LapurlaIconsSpendenErstberatung2-516x0.png 1x, https:\/\/www.lapurla.ch\/wp-content\/uploads\/2026\/01\/LapurlaIconsSpendenErstberatung2-1032x0.png 2x\">           <img loading=\"lazy\" decoding=\"async\" width=\"551\" height=\"310\"           class=\"a-image__image js-a-image__image lazyload\" src=\"data:image\/gif;base64,R0lGODlhAQABAAAAACH5BAEKAAEALAAAAAABAAEAAAICTAEAOw==\"           data-src=\"https:\/\/www.lapurla.ch\/wp-content\/uploads\/2026\/01\/LapurlaIconsSpendenErstberatung2-551x0.png\" data-srcset=\"https:\/\/www.lapurla.ch\/wp-content\/uploads\/2026\/01\/LapurlaIconsSpendenErstberatung2-1102x0.png 2x\" alt=\"\"\/>      <\/picture><\/div>                                        <\/div>\n\t\t\t\t\t\t\t\t\t\t                                            <div class=\"location\">Consulenza personale<\/div>\n\t\t\t\t\t\t\t\t\t\t                                    <\/div>\n                                    <div class=\"item--content\">\n                                        <div class=\"item--content-wrapper\">\n                                            <h3 class=\"item--title\">Richiedere una consulenza iniziale<\/h3>\n                                            <div class=\"item--content\">\n\t\t\t\t\t\t\t\t\t\t\t\t\u00abIscrivetevi a una prima consulenza gratuita con uno\/a specialista in diritto successorio di DeinAdieu. La persona incaricata chiarir\u00e0 tutte le vostre domande relative al testamento o alla successione.                                            <\/div>\n                                        <\/div>\n\t\t\t\t\t\t\t\t\t\t<svg class=\"svg-icon icon-arrow-right\" xmlns=\"http:\/\/www.w3.org\/2000\/svg\"><use xmlns:xlink=\"http:\/\/www.w3.org\/1999\/xlink\" xlink:href=\"https:\/\/www.lapurla.ch\/wp-content\/themes\/lapurla\/dist\/icons.svg?f27dc72#arrow-right\"><\/use><\/svg>                                    <\/div>\n                                <\/a>\n                            <\/div>\n\t\t\t\t\t\t                            <div class=\"col-12 col-md-6 col-lg-4 kdgs-filter-item\">\n                                <a href=\"https:\/\/www.deinadieu.ch\/it\/\" target=\"_blank\" class=\"kdgs-filter-item--link\" id=\"teaser-block-block_68628c091ff9b4a4a2740b277d0556d8-teaser3\">\n                                    <div class=\"item--impression\">\n                                        <div class=\"item--image\">\n\t\t\t\t\t\t\t\t\t\t\t<div class=\"a-image js-a-image \"><picture class=\"a-image__picture js-a-image__picture\">           <source width=\"343\" height=\"193\"  media=\"(min-width: 1400px)\" data-srcset=\"https:\/\/www.lapurla.ch\/wp-content\/uploads\/2026\/01\/LapurlaIconsSpendenWebinar-343x0.png 1x, https:\/\/www.lapurla.ch\/wp-content\/uploads\/2026\/01\/LapurlaIconsSpendenWebinar-686x0.png 2x\">           <source width=\"293\" height=\"165\" media=\"(min-width: 1200px)\" data-srcset=\"https:\/\/www.lapurla.ch\/wp-content\/uploads\/2026\/01\/LapurlaIconsSpendenWebinar-293x0.png 1x, https:\/\/www.lapurla.ch\/wp-content\/uploads\/2026\/01\/LapurlaIconsSpendenWebinar-586x0.png 2x\">           <source width=\"243\" height=\"137\" media=\"(min-width: 992px)\" data-srcset=\"https:\/\/www.lapurla.ch\/wp-content\/uploads\/2026\/01\/LapurlaIconsSpendenWebinar-243x0.png  1x, https:\/\/www.lapurla.ch\/wp-content\/uploads\/2026\/01\/LapurlaIconsSpendenWebinar-486x0.png 2x\">           <source width=\"276\" height=\"155\" media=\"(min-width: 768px)\" data-srcset=\"https:\/\/www.lapurla.ch\/wp-content\/uploads\/2026\/01\/LapurlaIconsSpendenWebinar-276x0.png 1x, https:\/\/www.lapurla.ch\/wp-content\/uploads\/2026\/01\/LapurlaIconsSpendenWebinar-552x0.png 2x\">           <source width=\"516\" height=\"291\" media=\"(min-width: 576px)\" data-srcset=\"https:\/\/www.lapurla.ch\/wp-content\/uploads\/2026\/01\/LapurlaIconsSpendenWebinar-516x0.png 1x, https:\/\/www.lapurla.ch\/wp-content\/uploads\/2026\/01\/LapurlaIconsSpendenWebinar-1032x0.png 2x\">           <img loading=\"lazy\" decoding=\"async\" width=\"551\" height=\"310\"           class=\"a-image__image js-a-image__image lazyload\" src=\"data:image\/gif;base64,R0lGODlhAQABAAAAACH5BAEKAAEALAAAAAABAAEAAAICTAEAOw==\"           data-src=\"https:\/\/www.lapurla.ch\/wp-content\/uploads\/2026\/01\/LapurlaIconsSpendenWebinar-551x0.png\" data-srcset=\"https:\/\/www.lapurla.ch\/wp-content\/uploads\/2026\/01\/LapurlaIconsSpendenWebinar-1102x0.png 2x\" alt=\"\"\/>      <\/picture><\/div>                                        <\/div>\n\t\t\t\t\t\t\t\t\t\t                                            <div class=\"location\">Webinar online<\/div>\n\t\t\t\t\t\t\t\t\t\t                                    <\/div>\n                                    <div class=\"item--content\">\n                                        <div class=\"item--content-wrapper\">\n                                            <h3 class=\"item--title\">Date dei prossimi webinar<\/h3>\n                                            <div class=\"item--content\">\n\t\t\t\t\t\t\t\t\t\t\t\tScoprite in un webinar quali sono gli aspetti fondamentali della pianificazione successoria e della redazione di un testamento \u2013 e come creare facilmente online un testamento valido in Svizzera.<br \/>\r\n                                            <\/div>\n                                        <\/div>\n\t\t\t\t\t\t\t\t\t\t<svg class=\"svg-icon icon-arrow-right\" xmlns=\"http:\/\/www.w3.org\/2000\/svg\"><use xmlns:xlink=\"http:\/\/www.w3.org\/1999\/xlink\" xlink:href=\"https:\/\/www.lapurla.ch\/wp-content\/themes\/lapurla\/dist\/icons.svg?f27dc72#arrow-right\"><\/use><\/svg>                                    <\/div>\n                                <\/a>\n                            <\/div>\n\t\t\t\t\t\t                    <\/div>\n                <\/div>\n\t\t\t\t\t\t        <\/div>\n\t<\/div>\n\n\n\n<hr class=\"wp-block-separator has-alpha-channel-opacity\"\/>\n\n\n\n<h2 class=\"wp-block-heading\">Avete domande?<\/h2>\n\n\n\n<div id=\"testimonial-block_417dd4983b5568f377c28c8635c4df90\" class=\"mod-text-bild \">\n\t\t\t            <div class=\"row \">\n                <div class=\"image col-12 col-lg-6\">\n\t\t\t\t\t                        <figure>\n\t\t\t\t\t\t\t<div class=\"a-image js-a-image \"><picture class=\"a-image__picture js-a-image__picture\">           <source width=\"636\" height=\"439\"  media=\"(min-width: 1400px)\" data-srcset=\"https:\/\/www.lapurla.ch\/wp-content\/uploads\/2023\/01\/lapurlawebportraitkarinkraus230116-636x0.jpeg 1x, https:\/\/www.lapurla.ch\/wp-content\/uploads\/2023\/01\/lapurlawebportraitkarinkraus230116-1272x0.jpeg 2x\">           <source width=\"636\" height=\"439\" media=\"(min-width: 1200px)\" data-srcset=\"https:\/\/www.lapurla.ch\/wp-content\/uploads\/2023\/01\/lapurlawebportraitkarinkraus230116-636x0.jpeg 1x, https:\/\/www.lapurla.ch\/wp-content\/uploads\/2023\/01\/lapurlawebportraitkarinkraus230116-1272x0.jpeg 2x\">           <source width=\"636\" height=\"439\" media=\"(min-width: 992px)\" data-srcset=\"https:\/\/www.lapurla.ch\/wp-content\/uploads\/2023\/01\/lapurlawebportraitkarinkraus230116-636x0.jpeg  1x, https:\/\/www.lapurla.ch\/wp-content\/uploads\/2023\/01\/lapurlawebportraitkarinkraus230116-1272x0.jpeg 2x\">           <source width=\"636\" height=\"439\" media=\"(min-width: 768px)\" data-srcset=\"https:\/\/www.lapurla.ch\/wp-content\/uploads\/2023\/01\/lapurlawebportraitkarinkraus230116-636x0.jpeg 1x, https:\/\/www.lapurla.ch\/wp-content\/uploads\/2023\/01\/lapurlawebportraitkarinkraus230116-1272x0.jpeg 2x\">           <source width=\"375\" height=\"259\" media=\"(min-width: 576px)\" data-srcset=\"https:\/\/www.lapurla.ch\/wp-content\/uploads\/2023\/01\/lapurlawebportraitkarinkraus230116-375x0.jpeg 1x, https:\/\/www.lapurla.ch\/wp-content\/uploads\/2023\/01\/lapurlawebportraitkarinkraus230116-750x0.jpeg 2x\">           <img loading=\"lazy\" decoding=\"async\" width=\"375\" height=\"259\"           class=\"a-image__image js-a-image__image lazyload\" src=\"data:image\/gif;base64,R0lGODlhAQABAAAAACH5BAEKAAEALAAAAAABAAEAAAICTAEAOw==\"           data-src=\"https:\/\/www.lapurla.ch\/wp-content\/uploads\/2023\/01\/lapurlawebportraitkarinkraus230116-375x0.jpeg\" data-srcset=\"https:\/\/www.lapurla.ch\/wp-content\/uploads\/2023\/01\/lapurlawebportraitkarinkraus230116-750x0.jpeg 2x\" alt=\"\"\/>      <\/picture><\/div>                            <figcaption><\/figcaption>\n                        <\/figure>\n\t\t\t\t\t                <\/div>\n                <div class=\"text col-12 col-lg-6\">\n\t\t\t\t\t<h3>Contattatemi, sar\u00f2 lieto di rispondere alle vostre domande (tedesco, francese, inglese):<\/h3>\n<p><strong>Karin Kraus<\/strong><\/p>\n<p>Fondatrice &amp; Direttrice Lapurla<\/p>\n<p>+41 31 848 38 47<\/p>\n<p><a href=\"mailto:karin.kraus@hkb.bfh.ch\">karin.kraus@hkb.bfh.ch<\/a><\/p>\n                <\/div>\n            <\/div>\n\t\t\t\n<\/div>\n","protected":false},"excerpt":{"rendered":"<p>La tua donazione testamentaria: lasciare un segno duraturo Anche Lei desidera fare del bene oltre la Sua vita, per le generazioni future? Sta riflettendo o si trova di fronte alla decisione su cosa accadr\u00e0 un giorno alla Sua eredit\u00e0? Allora \u00e8 nel posto giusto. Siamo qui per aiutarLa. Inserendo la Fondazione Lapurla nel Suo testamento, [&hellip;]<\/p>\n","protected":false},"author":5,"featured_media":0,"parent":0,"menu_order":0,"comment_status":"closed","ping_status":"closed","template":"","meta":{"_acf_changed":false,"latitude":"","longitude":"","kurzbeschreibung":"","datum_von":"","footnotes":""},"class_list":["post-22432","page","type-page","status-publish","hentry"],"acf":[],"yoast_head":"<!-- This site is optimized with the Yoast SEO plugin v27.2 - https:\/\/yoast.com\/product\/yoast-seo-wordpress\/ -->\n<title>Testamento &#8211; Lapurla<\/title>\n<meta name=\"robots\" content=\"index, follow, max-snippet:-1, max-image-preview:large, max-video-preview:-1\" \/>\n<link rel=\"canonical\" href=\"https:\/\/www.lapurla.ch\/it\/testament\" \/>\n<meta property=\"og:locale\" content=\"it_IT\" \/>\n<meta property=\"og:type\" content=\"article\" \/>\n<meta property=\"og:title\" content=\"Testamento &#8211; Lapurla\" \/>\n<meta property=\"og:description\" content=\"La tua donazione testamentaria: lasciare un segno duraturo Anche Lei desidera fare del bene oltre la Sua vita, per le generazioni future? Sta riflettendo o si trova di fronte alla decisione su cosa accadr\u00e0 un giorno alla Sua eredit\u00e0? Allora \u00e8 nel posto giusto. Siamo qui per aiutarLa. Inserendo la Fondazione Lapurla nel Suo testamento, [&hellip;]\" \/>\n<meta property=\"og:url\" content=\"https:\/\/www.lapurla.ch\/it\/testament\" \/>\n<meta property=\"og:site_name\" content=\"Lapurla\" \/>\n<meta property=\"article:modified_time\" content=\"2026-01-29T10:20:10+00:00\" \/>\n<meta property=\"og:image\" content=\"https:\/\/www.lapurla.ch\/wp-content\/uploads\/2023\/12\/LapurlaLegat.png\" \/>\n\t<meta property=\"og:image:width\" content=\"1000\" \/>\n\t<meta property=\"og:image:height\" content=\"563\" \/>\n\t<meta property=\"og:image:type\" content=\"image\/png\" \/>\n<meta name=\"twitter:card\" content=\"summary_large_image\" \/>\n<meta name=\"twitter:label1\" content=\"Tempo di lettura stimato\" \/>\n\t<meta name=\"twitter:data1\" content=\"2 minuti\" \/>\n<script type=\"application\/ld+json\" class=\"yoast-schema-graph\">{\"@context\":\"https:\/\/schema.org\",\"@graph\":[{\"@type\":\"WebPage\",\"@id\":\"https:\/\/www.lapurla.ch\/it\/testament\",\"url\":\"https:\/\/www.lapurla.ch\/it\/testament\",\"name\":\"Testamento &#8211; Lapurla\",\"isPartOf\":{\"@id\":\"https:\/\/www.lapurla.ch\/#website\"},\"primaryImageOfPage\":{\"@id\":\"https:\/\/www.lapurla.ch\/it\/testament#primaryimage\"},\"image\":{\"@id\":\"https:\/\/www.lapurla.ch\/it\/testament#primaryimage\"},\"thumbnailUrl\":\"https:\/\/www.lapurla.ch\/wp-content\/uploads\/2023\/12\/LapurlaLegat.png\",\"datePublished\":\"2023-12-14T21:25:04+00:00\",\"dateModified\":\"2026-01-29T10:20:10+00:00\",\"breadcrumb\":{\"@id\":\"https:\/\/www.lapurla.ch\/it\/testament#breadcrumb\"},\"inLanguage\":\"it-IT\",\"potentialAction\":[{\"@type\":\"ReadAction\",\"target\":[\"https:\/\/www.lapurla.ch\/it\/testament\"]}]},{\"@type\":\"ImageObject\",\"inLanguage\":\"it-IT\",\"@id\":\"https:\/\/www.lapurla.ch\/it\/testament#primaryimage\",\"url\":\"https:\/\/www.lapurla.ch\/wp-content\/uploads\/2023\/12\/LapurlaLegat.png\",\"contentUrl\":\"https:\/\/www.lapurla.ch\/wp-content\/uploads\/2023\/12\/LapurlaLegat.png\"},{\"@type\":\"BreadcrumbList\",\"@id\":\"https:\/\/www.lapurla.ch\/it\/testament#breadcrumb\",\"itemListElement\":[{\"@type\":\"ListItem\",\"position\":1,\"name\":\"Startseite\",\"item\":\"https:\/\/www.lapurla.ch\/it\"},{\"@type\":\"ListItem\",\"position\":2,\"name\":\"Testamento\"}]},{\"@type\":\"WebSite\",\"@id\":\"https:\/\/www.lapurla.ch\/#website\",\"url\":\"https:\/\/www.lapurla.ch\/\",\"name\":\"Lapurla\",\"description\":\"\",\"publisher\":{\"@id\":\"https:\/\/www.lapurla.ch\/#organization\"},\"potentialAction\":[{\"@type\":\"SearchAction\",\"target\":{\"@type\":\"EntryPoint\",\"urlTemplate\":\"https:\/\/www.lapurla.ch\/?s={search_term_string}\"},\"query-input\":{\"@type\":\"PropertyValueSpecification\",\"valueRequired\":true,\"valueName\":\"search_term_string\"}}],\"inLanguage\":\"it-IT\"},{\"@type\":\"Organization\",\"@id\":\"https:\/\/www.lapurla.ch\/#organization\",\"name\":\"Lapurla\",\"url\":\"https:\/\/www.lapurla.ch\/\",\"logo\":{\"@type\":\"ImageObject\",\"inLanguage\":\"it-IT\",\"@id\":\"https:\/\/www.lapurla.ch\/#\/schema\/logo\/image\/\",\"url\":\"https:\/\/www.lapurla.ch\/wp-content\/uploads\/2022\/03\/cropped-favicon.png\",\"contentUrl\":\"https:\/\/www.lapurla.ch\/wp-content\/uploads\/2022\/03\/cropped-favicon.png\",\"width\":512,\"height\":512,\"caption\":\"Lapurla\"},\"image\":{\"@id\":\"https:\/\/www.lapurla.ch\/#\/schema\/logo\/image\/\"}}]}<\/script>\n<!-- \/ Yoast SEO plugin. -->","yoast_head_json":{"title":"Testamento &#8211; Lapurla","robots":{"index":"index","follow":"follow","max-snippet":"max-snippet:-1","max-image-preview":"max-image-preview:large","max-video-preview":"max-video-preview:-1"},"canonical":"https:\/\/www.lapurla.ch\/it\/testament","og_locale":"it_IT","og_type":"article","og_title":"Testamento &#8211; Lapurla","og_description":"La tua donazione testamentaria: lasciare un segno duraturo Anche Lei desidera fare del bene oltre la Sua vita, per le generazioni future? Sta riflettendo o si trova di fronte alla decisione su cosa accadr\u00e0 un giorno alla Sua eredit\u00e0? Allora \u00e8 nel posto giusto. Siamo qui per aiutarLa. Inserendo la Fondazione Lapurla nel Suo testamento, [&hellip;]","og_url":"https:\/\/www.lapurla.ch\/it\/testament","og_site_name":"Lapurla","article_modified_time":"2026-01-29T10:20:10+00:00","og_image":[{"width":1000,"height":563,"url":"https:\/\/www.lapurla.ch\/wp-content\/uploads\/2023\/12\/LapurlaLegat.png","type":"image\/png"}],"twitter_card":"summary_large_image","twitter_misc":{"Tempo di lettura stimato":"2 minuti"},"schema":{"@context":"https:\/\/schema.org","@graph":[{"@type":"WebPage","@id":"https:\/\/www.lapurla.ch\/it\/testament","url":"https:\/\/www.lapurla.ch\/it\/testament","name":"Testamento &#8211; Lapurla","isPartOf":{"@id":"https:\/\/www.lapurla.ch\/#website"},"primaryImageOfPage":{"@id":"https:\/\/www.lapurla.ch\/it\/testament#primaryimage"},"image":{"@id":"https:\/\/www.lapurla.ch\/it\/testament#primaryimage"},"thumbnailUrl":"https:\/\/www.lapurla.ch\/wp-content\/uploads\/2023\/12\/LapurlaLegat.png","datePublished":"2023-12-14T21:25:04+00:00","dateModified":"2026-01-29T10:20:10+00:00","breadcrumb":{"@id":"https:\/\/www.lapurla.ch\/it\/testament#breadcrumb"},"inLanguage":"it-IT","potentialAction":[{"@type":"ReadAction","target":["https:\/\/www.lapurla.ch\/it\/testament"]}]},{"@type":"ImageObject","inLanguage":"it-IT","@id":"https:\/\/www.lapurla.ch\/it\/testament#primaryimage","url":"https:\/\/www.lapurla.ch\/wp-content\/uploads\/2023\/12\/LapurlaLegat.png","contentUrl":"https:\/\/www.lapurla.ch\/wp-content\/uploads\/2023\/12\/LapurlaLegat.png"},{"@type":"BreadcrumbList","@id":"https:\/\/www.lapurla.ch\/it\/testament#breadcrumb","itemListElement":[{"@type":"ListItem","position":1,"name":"Startseite","item":"https:\/\/www.lapurla.ch\/it"},{"@type":"ListItem","position":2,"name":"Testamento"}]},{"@type":"WebSite","@id":"https:\/\/www.lapurla.ch\/#website","url":"https:\/\/www.lapurla.ch\/","name":"Lapurla","description":"","publisher":{"@id":"https:\/\/www.lapurla.ch\/#organization"},"potentialAction":[{"@type":"SearchAction","target":{"@type":"EntryPoint","urlTemplate":"https:\/\/www.lapurla.ch\/?s={search_term_string}"},"query-input":{"@type":"PropertyValueSpecification","valueRequired":true,"valueName":"search_term_string"}}],"inLanguage":"it-IT"},{"@type":"Organization","@id":"https:\/\/www.lapurla.ch\/#organization","name":"Lapurla","url":"https:\/\/www.lapurla.ch\/","logo":{"@type":"ImageObject","inLanguage":"it-IT","@id":"https:\/\/www.lapurla.ch\/#\/schema\/logo\/image\/","url":"https:\/\/www.lapurla.ch\/wp-content\/uploads\/2022\/03\/cropped-favicon.png","contentUrl":"https:\/\/www.lapurla.ch\/wp-content\/uploads\/2022\/03\/cropped-favicon.png","width":512,"height":512,"caption":"Lapurla"},"image":{"@id":"https:\/\/www.lapurla.ch\/#\/schema\/logo\/image\/"}}]}},"_links":{"self":[{"href":"https:\/\/www.lapurla.ch\/it\/wp-json\/wp\/v2\/pages\/22432","targetHints":{"allow":["GET"]}}],"collection":[{"href":"https:\/\/www.lapurla.ch\/it\/wp-json\/wp\/v2\/pages"}],"about":[{"href":"https:\/\/www.lapurla.ch\/it\/wp-json\/wp\/v2\/types\/page"}],"author":[{"embeddable":true,"href":"https:\/\/www.lapurla.ch\/it\/wp-json\/wp\/v2\/users\/5"}],"replies":[{"embeddable":true,"href":"https:\/\/www.lapurla.ch\/it\/wp-json\/wp\/v2\/comments?post=22432"}],"version-history":[{"count":32,"href":"https:\/\/www.lapurla.ch\/it\/wp-json\/wp\/v2\/pages\/22432\/revisions"}],"predecessor-version":[{"id":33861,"href":"https:\/\/www.lapurla.ch\/it\/wp-json\/wp\/v2\/pages\/22432\/revisions\/33861"}],"wp:attachment":[{"href":"https:\/\/www.lapurla.ch\/it\/wp-json\/wp\/v2\/media?parent=22432"}],"curies":[{"name":"wp","href":"https:\/\/api.w.org\/{rel}","templated":true}]}}