{"id":19781,"date":"2023-10-16T11:27:18","date_gmt":"2023-10-16T09:27:18","guid":{"rendered":"https:\/\/www.lapurla.ch\/regionalgruppe-zuerich"},"modified":"2026-04-23T09:53:13","modified_gmt":"2026-04-23T07:53:13","slug":"gruppo-regionale-zurigo","status":"publish","type":"page","link":"https:\/\/www.lapurla.ch\/it\/gruppo-regionale-zurigo","title":{"rendered":"Gruppo regionale Zurigo"},"content":{"rendered":"\n<p>Il gruppo regionale di Zurigo si riunisce regolarmente dal 23 ottobre 2023. In occasione della 3a conferenza nazionale Lapurla, tenutasi nel novembre 2023, sono stati definiti i \u00abprossimi passi\u00bb del gruppo regionale di Zurigo:<\/p>\n\n\n\n<p>&#8211; Creare un&#8217;ulteriore formazione per gli asili nido<br>&#8211; Migliorare la qualit\u00e0 della formazione FaBe<br>&#8211; Coinvolgere un maggior numero di artisti, artigiani e persone del settore culturale e utilizzare le loro competenze<br>&#8211; Non solo educazione estetica, ma anche partecipazione culturale<br>&#8211; Creare progetti intergenerazionali<br>&#8211; Consentire la diversit\u00e0, un approccio inclusivo<br>&#8211; Combinare aree come la lettura, le immagini e l&#8217;arte<br>&#8211; Concretizzare e attuare mini progetti pilota<\/p>\n\n\n\n<div id=\"infobox-block_3aa08871b7233ad71f32faace0769609\" class=\"mod-infobox\">\n\t        <div class=\"row\">\n            <div class=\"col-12\">\n                <div class=\"info-container\">\n                    <h2>Profilo<\/h2>\n                    <div class=\"row\">\n                        <div class=\"col-12 col-lg-6\">\n\t\t\t\t\t\t\t<h2 class=\"location\">Coordinamento<\/h2>\n<ul>\n<li>Nicole Rocchetti<\/li>\n<\/ul>\n<div>Co-Direttrice \u00a0<a href=\"https:\/\/fizwetzikon.ch\">Familienzentrum FiZ Wetzikon<\/a><\/div>\n<div><a href=\"mailto:nicolerocchetti@hotmail.com\">nicolerocchetti@hotmail.com<\/a><\/div>\n<div class=\"item--impression\">\n<div class=\"location\">\n<div class=\"item--impression\">\n<ul>\n<li class=\"location\">Rahel Sch\u00e4fer<\/li>\n<\/ul>\n<div class=\"location\">\n<p data-start=\"312\" data-end=\"543\">Educatrice dell\u2019infanzia, addetta alla cura dei cavalli, doposcuola della scuola di St\u00e4fa<\/p>\n<\/div>\n<\/div>\n<\/div>\n<div>\n<div class=\"item--impression\">\n<div class=\"location\"><a href=\"mailto:rahel_schaefer@bluewin.ch\">rahel_schaefer@bluewin.ch<\/a><\/div>\n<\/div>\n<\/div>\n<\/div>\n<div><\/div>\n<div>\n<div><\/div>\n<div><\/div>\n<div><\/div>\n<\/div>\n<div>\n<h2>Focus<\/h2>\n<p>Da decidere.<\/p>\n<h2>Membri<\/h2>\n<ul>\n<li>Semisaris Akbari Sabzevari<\/li>\n<li>Brigitte Boateng<\/li>\n<li data-start=\"1182\" data-end=\"1201\">Gabriela Bosshard<\/li>\n<li>ZsaZsa Demeter<\/li>\n<li data-start=\"1100\" data-end=\"1119\">Claudia Horlacher<\/li>\n<li data-start=\"1122\" data-end=\"1135\">Nina Knecht<\/li>\n<li>Cornelia Oechslin<\/li>\n<li data-start=\"1138\" data-end=\"1154\">Aneesha Rajani<\/li>\n<li>Regula Schwarzenbach<\/li>\n<li>Rahel Wolf<\/li>\n<\/ul>\n<h2>Social Media<\/h2>\n<p><a href=\"https:\/\/www.instagram.com\/regionalgruppe.lapurla.zuerich\/\" target=\"_blank\" rel=\"noopener\">Instagram<\/a><\/p>\n<\/div>\n                        <\/div>\n                        <div class=\"col-12 col-lg-6\">\n\t\t\t\t\t\t\t<h2>Riunione<\/h2>\n<div>\n<p>Oktober 2026 (Das genaue Datum muss noch festgelegt werden)<br data-start=\"1373\" data-end=\"1376\" \/>Eine Kita in Thalwil<br data-start=\"1395\" data-end=\"1398\" \/><a href=\"https:\/\/kita-thalwil.ch\">Stiftung Kindertagesst\u00e4tten (Kita) Thalwil<\/a><br data-start=\"1415\" data-end=\"1418\" \/>8800 Thalwil<\/p>\n<p>Dienstag, 16. Juni 2026<br data-start=\"1373\" data-end=\"1376\" \/><a href=\"https:\/\/www.figura-festival.ch\">Theaterfestival Figura in Baden<\/a><br data-start=\"1395\" data-end=\"1398\" \/>\u00a056870 Baden<\/p>\n<p>Mittwoch, 22. Oktober 2025<br data-start=\"1373\" data-end=\"1376\" \/>FIZ Familienzentrum<br data-start=\"1395\" data-end=\"1398\" \/>Bahnhofstrasse 20<br data-start=\"1415\" data-end=\"1418\" \/>8620 Wetzikon<\/p>\n<p>Montag, 9.12.2024 | 18:00 | KiTa Berghalben<br \/>\nRainweg 11, 8810 Horgen<br \/>\nGastgeberin: Claudia Horlacher<br \/>\nClaudia Horlacher, ehemalige Studentin CAS Kulturelle Bildung, nimmt uns auf eine Reise mit! Wir d\u00fcrfen mit dem Projekt LichtFARBENzauber eintauchen und gleich ins Tun versinken!<br \/>\n<a href=\"https:\/\/www.lapurla.ch\/wp-content\/uploads\/2024\/08\/PraesentationClaudiaHorlacher.aktuell.pdf\" target=\"_blank\" rel=\"noopener\">LichtFARBENzauber<\/a><\/p>\n<p>Mittwoch, <span data-olk-copy-source=\"MessageBody\">27.11.2024 | 18:30 | music &amp; audiation Institut<br \/>\nBrauereistrasse 10, 8610 Uster<br \/>\nGastgeberin: Regula Schwarzenbach<br \/>\n<\/span>Die Bedeutung des musikalischen Vorbildes. Singen f\u00fcr Kinder mit Freude und Engagement. Gemeinsam Musik h\u00f6ren und die kreative, fliessende Bewegung f\u00f6rdern.<br \/>\n<span data-olk-copy-source=\"MessageBody\">Infos &amp; Anmeldung: <a href=\"https:\/\/music-audiation.ch\/aktuell-details\/musik-fuer-die-kleinsten-in-familie-und-kita.html\" target=\"_blank\" rel=\"noopener\">Musik f\u00fcr die Kleinsten in Familie und Kita<\/a><\/span><\/p>\n<p><span dir=\"ltr\">Dienstag, 2.7.2024 oder<\/span>\u00a0<span dir=\"ltr\">Montag, 8.7.2024 | <\/span>18:15 \u2013 20:15 | Playgrounds GmbH, <a href=\"https:\/\/playground-edu.ch\/kinder\" target=\"_blank\" rel=\"noopener\">Playground Education<\/a>, Hohlstrasse 52, 8004 Z\u00fcrich<br \/>\nGastgeberin: Aneesha Rayani. Sie ist im CAS Kulturelle Bildung und wird uns vor Ort \u00fcber Ihr Projekt informieren.<\/p>\n<p>Mittwoch, 15.5.2024 | 17:30 Uhr | Mitgliederversammlung des <a href=\"https:\/\/www.kkj.ch\" target=\"_blank\" rel=\"noopener\">Schweizerischen Verbands K\u00fcnste f\u00fcr Kinder und Jugendliche KKJ<\/a> | Literaturhaus (Debattierzimmer, 3. Stock), Limmatquai 62, 8001 Z\u00fcrich<br \/>\nGastgeberin: Der KKJ hat die Regionalgruppe Z\u00fcrich zur Teilnahme an der Mitgliederversammlung eingeladen.<\/p>\n<div>\n<div>\n<div>\n<p>Dienstag, 21.5.2024 | 18:15 \u2013 20:15 | B\u00e4rechind, Kirchplatz 6, 8400 Winterthur<br \/>\nGastgeberin: Sarah Walder. Sie f\u00fchrt Familienberatungen durch und ist Kursleiterin in Ihrem Kursraum \u00ab<a href=\"http:\/\/www.bewegtezukunft.ch\" target=\"_blank\" rel=\"noopener\">Bewegte Zukunft<\/a>\u00bb.<\/p>\n<\/div>\n<p>Dienstag, 19.3.2024 oder Dienstag, 26.3.2024 | 18:15 \u2013 20:15 | KiTa Berghalden, Rainweg 11, 8810 Horgen<br \/>\nGastgeberin: Claudia Horlacher. Sie ist Studentin des CAS Kulturelle Bildung und gibt Einblick in ihr aktuelles Projekt.<\/p>\n<\/div>\n<p>Mittwoch, 8.11.2023 | 18:45 \u2013 20:45 | Kita Thalito, Im Park 6, 8800 Thalwil<br \/>\nVorgestellt wird Daiana Ramirez <a href=\"https:\/\/www.lapurla.ch\/wp-content\/uploads\/2023\/06\/CAS-Kulturelle-BildungHKBProjektberichtDaiana-Urizar-Ramirez2023.pdf\" target=\"_blank\" rel=\"noopener\">Abschlussarbeit<\/a> des CAS Kulturelle Bildung<\/p>\n<\/div>\n<p>Montag, 23.10.2023 | 18:45 \u2013 20:45 | Kita\u00a0<span dir=\"ltr\">Inselparadies, Schwandelstrasse 13,<\/span>\u00a08800 Thalwil<br \/>\nVorgestellt wird Monica Medicis <a href=\"https:\/\/www.lapurla.ch\/wp-content\/uploads\/2023\/06\/CAS-Kulturelle-BildungHKBProjektberichtErlebnis-WerkstattFischerMonica8.6.23.pdf\" target=\"_blank\" rel=\"noopener\">Abschlussarbeit<\/a> des CAS Kulturelle Bildung<\/p>\n<\/div>\n                        <\/div>\n                    <\/div>\n                <\/div>\n            <\/div>\n        <\/div>\n\t<\/div>\n","protected":false},"excerpt":{"rendered":"<p>Il gruppo regionale di Zurigo si riunisce regolarmente dal 23 ottobre 2023. In occasione della 3a conferenza nazionale Lapurla, tenutasi nel novembre 2023, sono stati definiti i \u00abprossimi passi\u00bb del gruppo regionale di Zurigo: &#8211; Creare un&#8217;ulteriore formazione per gli asili nido&#8211; Migliorare la qualit\u00e0 della formazione FaBe&#8211; Coinvolgere un maggior numero di artisti, artigiani [&hellip;]<\/p>\n","protected":false},"author":5,"featured_media":0,"parent":0,"menu_order":0,"comment_status":"closed","ping_status":"closed","template":"","meta":{"_acf_changed":false,"latitude":"","longitude":"","kurzbeschreibung":"","datum_von":"","footnotes":""},"class_list":["post-19781","page","type-page","status-publish","hentry"],"acf":[],"yoast_head":"<!-- This site is optimized with the Yoast SEO plugin v27.2 - https:\/\/yoast.com\/product\/yoast-seo-wordpress\/ -->\n<title>Gruppo regionale Zurigo &#8211; Lapurla<\/title>\n<meta name=\"description\" content=\"Il gruppo regionale di Zurigo si riunir\u00e0 per la prima volta il 23 ottobre 2023. Volete unirvi a noi? Allora contattate Monica Medici!\" \/>\n<meta name=\"robots\" content=\"index, follow, max-snippet:-1, max-image-preview:large, max-video-preview:-1\" \/>\n<link rel=\"canonical\" href=\"https:\/\/www.lapurla.ch\/it\/gruppo-regionale-zurigo\" \/>\n<meta property=\"og:locale\" content=\"it_IT\" \/>\n<meta property=\"og:type\" content=\"article\" \/>\n<meta property=\"og:title\" content=\"Gruppo regionale Zurigo &#8211; Lapurla\" \/>\n<meta property=\"og:description\" content=\"Il gruppo regionale di Zurigo si riunir\u00e0 per la prima volta il 23 ottobre 2023. Volete unirvi a noi? Allora contattate Monica Medici!\" \/>\n<meta property=\"og:url\" content=\"https:\/\/www.lapurla.ch\/it\/gruppo-regionale-zurigo\" \/>\n<meta property=\"og:site_name\" content=\"Lapurla\" \/>\n<meta property=\"article:modified_time\" content=\"2026-04-23T07:53:13+00:00\" \/>\n<meta name=\"twitter:card\" content=\"summary_large_image\" \/>\n<meta name=\"twitter:label1\" content=\"Tempo di lettura stimato\" \/>\n\t<meta name=\"twitter:data1\" content=\"1 minuto\" \/>\n<script type=\"application\/ld+json\" class=\"yoast-schema-graph\">{\"@context\":\"https:\/\/schema.org\",\"@graph\":[{\"@type\":\"WebPage\",\"@id\":\"https:\/\/www.lapurla.ch\/it\/gruppo-regionale-zurigo\",\"url\":\"https:\/\/www.lapurla.ch\/it\/gruppo-regionale-zurigo\",\"name\":\"Gruppo regionale Zurigo &#8211; Lapurla\",\"isPartOf\":{\"@id\":\"https:\/\/www.lapurla.ch\/#website\"},\"datePublished\":\"2023-10-16T09:27:18+00:00\",\"dateModified\":\"2026-04-23T07:53:13+00:00\",\"description\":\"Il gruppo regionale di Zurigo si riunir\u00e0 per la prima volta il 23 ottobre 2023. Volete unirvi a noi? Allora contattate Monica Medici!\",\"breadcrumb\":{\"@id\":\"https:\/\/www.lapurla.ch\/it\/gruppo-regionale-zurigo#breadcrumb\"},\"inLanguage\":\"it-IT\",\"potentialAction\":[{\"@type\":\"ReadAction\",\"target\":[\"https:\/\/www.lapurla.ch\/it\/gruppo-regionale-zurigo\"]}]},{\"@type\":\"BreadcrumbList\",\"@id\":\"https:\/\/www.lapurla.ch\/it\/gruppo-regionale-zurigo#breadcrumb\",\"itemListElement\":[{\"@type\":\"ListItem\",\"position\":1,\"name\":\"Startseite\",\"item\":\"https:\/\/www.lapurla.ch\/it\"},{\"@type\":\"ListItem\",\"position\":2,\"name\":\"Gruppo regionale Zurigo\"}]},{\"@type\":\"WebSite\",\"@id\":\"https:\/\/www.lapurla.ch\/#website\",\"url\":\"https:\/\/www.lapurla.ch\/\",\"name\":\"Lapurla\",\"description\":\"\",\"publisher\":{\"@id\":\"https:\/\/www.lapurla.ch\/#organization\"},\"potentialAction\":[{\"@type\":\"SearchAction\",\"target\":{\"@type\":\"EntryPoint\",\"urlTemplate\":\"https:\/\/www.lapurla.ch\/?s={search_term_string}\"},\"query-input\":{\"@type\":\"PropertyValueSpecification\",\"valueRequired\":true,\"valueName\":\"search_term_string\"}}],\"inLanguage\":\"it-IT\"},{\"@type\":\"Organization\",\"@id\":\"https:\/\/www.lapurla.ch\/#organization\",\"name\":\"Lapurla\",\"url\":\"https:\/\/www.lapurla.ch\/\",\"logo\":{\"@type\":\"ImageObject\",\"inLanguage\":\"it-IT\",\"@id\":\"https:\/\/www.lapurla.ch\/#\/schema\/logo\/image\/\",\"url\":\"https:\/\/www.lapurla.ch\/wp-content\/uploads\/2022\/03\/cropped-favicon.png\",\"contentUrl\":\"https:\/\/www.lapurla.ch\/wp-content\/uploads\/2022\/03\/cropped-favicon.png\",\"width\":512,\"height\":512,\"caption\":\"Lapurla\"},\"image\":{\"@id\":\"https:\/\/www.lapurla.ch\/#\/schema\/logo\/image\/\"}}]}<\/script>\n<!-- \/ Yoast SEO plugin. -->","yoast_head_json":{"title":"Gruppo regionale Zurigo &#8211; Lapurla","description":"Il gruppo regionale di Zurigo si riunir\u00e0 per la prima volta il 23 ottobre 2023. Volete unirvi a noi? Allora contattate Monica Medici!","robots":{"index":"index","follow":"follow","max-snippet":"max-snippet:-1","max-image-preview":"max-image-preview:large","max-video-preview":"max-video-preview:-1"},"canonical":"https:\/\/www.lapurla.ch\/it\/gruppo-regionale-zurigo","og_locale":"it_IT","og_type":"article","og_title":"Gruppo regionale Zurigo &#8211; Lapurla","og_description":"Il gruppo regionale di Zurigo si riunir\u00e0 per la prima volta il 23 ottobre 2023. Volete unirvi a noi? Allora contattate Monica Medici!","og_url":"https:\/\/www.lapurla.ch\/it\/gruppo-regionale-zurigo","og_site_name":"Lapurla","article_modified_time":"2026-04-23T07:53:13+00:00","twitter_card":"summary_large_image","twitter_misc":{"Tempo di lettura stimato":"1 minuto"},"schema":{"@context":"https:\/\/schema.org","@graph":[{"@type":"WebPage","@id":"https:\/\/www.lapurla.ch\/it\/gruppo-regionale-zurigo","url":"https:\/\/www.lapurla.ch\/it\/gruppo-regionale-zurigo","name":"Gruppo regionale Zurigo &#8211; Lapurla","isPartOf":{"@id":"https:\/\/www.lapurla.ch\/#website"},"datePublished":"2023-10-16T09:27:18+00:00","dateModified":"2026-04-23T07:53:13+00:00","description":"Il gruppo regionale di Zurigo si riunir\u00e0 per la prima volta il 23 ottobre 2023. Volete unirvi a noi? Allora contattate Monica Medici!","breadcrumb":{"@id":"https:\/\/www.lapurla.ch\/it\/gruppo-regionale-zurigo#breadcrumb"},"inLanguage":"it-IT","potentialAction":[{"@type":"ReadAction","target":["https:\/\/www.lapurla.ch\/it\/gruppo-regionale-zurigo"]}]},{"@type":"BreadcrumbList","@id":"https:\/\/www.lapurla.ch\/it\/gruppo-regionale-zurigo#breadcrumb","itemListElement":[{"@type":"ListItem","position":1,"name":"Startseite","item":"https:\/\/www.lapurla.ch\/it"},{"@type":"ListItem","position":2,"name":"Gruppo regionale Zurigo"}]},{"@type":"WebSite","@id":"https:\/\/www.lapurla.ch\/#website","url":"https:\/\/www.lapurla.ch\/","name":"Lapurla","description":"","publisher":{"@id":"https:\/\/www.lapurla.ch\/#organization"},"potentialAction":[{"@type":"SearchAction","target":{"@type":"EntryPoint","urlTemplate":"https:\/\/www.lapurla.ch\/?s={search_term_string}"},"query-input":{"@type":"PropertyValueSpecification","valueRequired":true,"valueName":"search_term_string"}}],"inLanguage":"it-IT"},{"@type":"Organization","@id":"https:\/\/www.lapurla.ch\/#organization","name":"Lapurla","url":"https:\/\/www.lapurla.ch\/","logo":{"@type":"ImageObject","inLanguage":"it-IT","@id":"https:\/\/www.lapurla.ch\/#\/schema\/logo\/image\/","url":"https:\/\/www.lapurla.ch\/wp-content\/uploads\/2022\/03\/cropped-favicon.png","contentUrl":"https:\/\/www.lapurla.ch\/wp-content\/uploads\/2022\/03\/cropped-favicon.png","width":512,"height":512,"caption":"Lapurla"},"image":{"@id":"https:\/\/www.lapurla.ch\/#\/schema\/logo\/image\/"}}]}},"_links":{"self":[{"href":"https:\/\/www.lapurla.ch\/it\/wp-json\/wp\/v2\/pages\/19781","targetHints":{"allow":["GET"]}}],"collection":[{"href":"https:\/\/www.lapurla.ch\/it\/wp-json\/wp\/v2\/pages"}],"about":[{"href":"https:\/\/www.lapurla.ch\/it\/wp-json\/wp\/v2\/types\/page"}],"author":[{"embeddable":true,"href":"https:\/\/www.lapurla.ch\/it\/wp-json\/wp\/v2\/users\/5"}],"replies":[{"embeddable":true,"href":"https:\/\/www.lapurla.ch\/it\/wp-json\/wp\/v2\/comments?post=19781"}],"version-history":[{"count":32,"href":"https:\/\/www.lapurla.ch\/it\/wp-json\/wp\/v2\/pages\/19781\/revisions"}],"predecessor-version":[{"id":34805,"href":"https:\/\/www.lapurla.ch\/it\/wp-json\/wp\/v2\/pages\/19781\/revisions\/34805"}],"wp:attachment":[{"href":"https:\/\/www.lapurla.ch\/it\/wp-json\/wp\/v2\/media?parent=19781"}],"curies":[{"name":"wp","href":"https:\/\/api.w.org\/{rel}","templated":true}]}}