{"id":18402,"date":"2023-07-13T13:57:17","date_gmt":"2023-07-13T11:57:17","guid":{"rendered":"https:\/\/www.lapurla.ch\/regionalgruppe-basel\/"},"modified":"2025-11-10T13:30:13","modified_gmt":"2025-11-10T12:30:13","slug":"gruppo-regionale-basilea","status":"publish","type":"page","link":"https:\/\/www.lapurla.ch\/it\/gruppo-regionale-basilea","title":{"rendered":"Gruppo regionale Basilea"},"content":{"rendered":"\n<p>Il gruppo regionale di Basilea si \u00e8 riunito per la prima volta a giugno. Il tema era la creazione di un laboratorio creativo in un asilo nido. Attraverso lo scambio collegiale, \u00e8 stato possibile concretizzare la progettazione degli ambienti e i piani pedagogici.<\/p>\n\n\n\n<p>Mercoled\u00ec 11 ottobre 2023 si \u00e8 svolto alla Fondation Beyeler il secondo incontro del gruppo regionale di Basilea. Insieme hanno visitato la mostra dell&#8217;artista georgiano Niko Pirosmani. Sulla base dei suoi dipinti, sono state sperimentate offerte didattiche museali che possono essere realizzate anche con i bambini. L&#8217;attenzione del gruppo regionale si concentra attualmente sull&#8217;interazione tra offerte educative museali teoriche e pratiche per promuovere i bambini nel campo creativo, artistico e creativo.<\/p>\n\n\n\n<p>La festa della cultura di quartiere si svolger\u00e0 nel quartiere di St. Johann venerd\u00ec 26 aprile 2024 dalle 16:00 alle 23:00, con la partecipazione dei coordinatori del gruppo regionale di Basilea. Tutti i luoghi di cultura di St. Johann apriranno le loro porte e i loro portoni in occasione del festival. Nils e Lucrezia offriranno laboratori, accompagnati da un concerto e da un delizioso aperitivo. Tutte le informazioni sono disponibili <a href=\"https:\/\/www.quartierkultur.ch\" target=\"_blank\" rel=\"noreferrer noopener\">qui<\/a>.<\/p>\n\n\n\n<p>All&#8217;incontro di mercoled\u00ec 29 maggio 2024, Lucrezia e Nils hanno presentato il nuovo focus. Nel frattempo, tutti i partecipanti hanno potuto provare l&#8217;audio in dotazione. Lucrezia e Nils hanno illustrato il progetto di quest&#8217;anno: costruire una rete digitale di istituzioni a cui possano accedere persone del settore sociale. I precedenti partecipanti alla rete sono stati presentati e integrati dalle idee dei membri del gruppo regionale. L&#8217;incontro \u00e8 stato accompagnato da un aperitivo.<br>L&#8217;obiettivo del gruppo regionale di Basilea quest&#8217;anno \u00e8 sviluppare una homepage che elenchi una rete di istituzioni disposte a creare progetti e collaborazioni colorate con i bambini in una forma o nell&#8217;altra. A questo scopo, Lucrezia e Nils scriveranno alle organizzazioni e le inseriranno nella homepage. Per ogni istituzione viene indicata una persona di contatto, che pu\u00f2 essere contattata direttamente per discutere insieme la forma di collaborazione. L&#8217;obiettivo della rete \u00e8 quello di creare una gamma colorata, diversificata e tangibile di aziende diverse a cui le istituzioni sociali possano rivolgersi e che permetta ai bambini di accedere a uno spettro il pi\u00f9 ampio possibile. La pubblicazione della homepage \u00e8 prevista per la fine di quest&#8217;anno.<\/p>\n\n\n\n<p><\/p>\n\n\n\n<div id=\"bildergalerie-block_51eab8526fa694b65948bce4046b2d1d\" class=\"mod-bildergalerie\">\n            <div class=\"col-12\">\n\t\t    \n<div class=\"mod-slider\">\n\t        <div id=\"slider-7fd66f8d-9ec8-4522-889e-0f98410e9ab5\" class=\"swiper\">\n            <div class=\"swiper-wrapper\">\n\t\t\t\t                    <div class=\"swiper-slide\">\n                        <figure>\n\t\t\t\t\t\t\t<div class=\"a-image \">       <picture class=\"a-image__picture\">       \t<source width=\"1296\" height=\"972\" media=\"(min-width: 1400px)\" srcset=\"https:\/\/www.lapurla.ch\/wp-content\/uploads\/2023\/07\/PXL20230612153020920-min-scaled-1296x972c.jpg 1x, https:\/\/www.lapurla.ch\/wp-content\/uploads\/2023\/07\/PXL20230612153020920-min-scaled-2592x1944c.jpg 2x\">           <source width=\"1116\" height=\"837\" media=\"(min-width: 1200px)\" srcset=\"https:\/\/www.lapurla.ch\/wp-content\/uploads\/2023\/07\/PXL20230612153020920-min-scaled-1116x837c.jpg 1x, https:\/\/www.lapurla.ch\/wp-content\/uploads\/2023\/07\/PXL20230612153020920-min-scaled-2232x1674c.jpg 2x\">           <source width=\"936\" height=\"702\" media=\"(min-width: 992px)\" srcset=\"https:\/\/www.lapurla.ch\/wp-content\/uploads\/2023\/07\/PXL20230612153020920-min-scaled-936x702c.jpg  1x, https:\/\/www.lapurla.ch\/wp-content\/uploads\/2023\/07\/PXL20230612153020920-min-scaled-1872x1404c.jpg 2x\">           <source width=\"696\" height=\"522\" media=\"(min-width: 768px)\" srcset=\"https:\/\/www.lapurla.ch\/wp-content\/uploads\/2023\/07\/PXL20230612153020920-min-scaled-696x522c.jpg 1x, https:\/\/www.lapurla.ch\/wp-content\/uploads\/2023\/07\/PXL20230612153020920-min-scaled-1392x1044c.jpg 2x\">           <source width=\"516\" height=\"387\" media=\"(min-width: 576px)\" srcset=\"https:\/\/www.lapurla.ch\/wp-content\/uploads\/2023\/07\/PXL20230612153020920-min-scaled-516x387c.jpg 1x, https:\/\/www.lapurla.ch\/wp-content\/uploads\/2023\/07\/PXL20230612153020920-min-scaled-1032x774c.jpg 2x\">           <img loading=\"lazy\" decoding=\"async\" width=\"550\" height=\"413\"           class=\"a-image__image\"           src=\"https:\/\/www.lapurla.ch\/wp-content\/uploads\/2023\/07\/PXL20230612153020920-min-scaled-550x413c.jpg\" data-srcset=\"https:\/\/www.lapurla.ch\/wp-content\/uploads\/2023\/07\/PXL20230612153020920-min-scaled-1100x826c.jpg 2x\" alt=\"\"\/>       <\/picture> <\/div>                            <figcaption>\n\t\t\t\t\t\t\t\t                            <\/figcaption>\n                        <\/figure>\n                    <\/div>\n\t\t\t\t                    <div class=\"swiper-slide\">\n                        <figure>\n\t\t\t\t\t\t\t<div class=\"a-image \">       <picture class=\"a-image__picture\">       \t<source width=\"1296\" height=\"972\" media=\"(min-width: 1400px)\" srcset=\"https:\/\/www.lapurla.ch\/wp-content\/uploads\/2023\/07\/PXL20230612155014442-min-scaled-1296x972c.jpg 1x, https:\/\/www.lapurla.ch\/wp-content\/uploads\/2023\/07\/PXL20230612155014442-min-scaled-2592x1944c.jpg 2x\">           <source width=\"1116\" height=\"837\" media=\"(min-width: 1200px)\" srcset=\"https:\/\/www.lapurla.ch\/wp-content\/uploads\/2023\/07\/PXL20230612155014442-min-scaled-1116x837c.jpg 1x, https:\/\/www.lapurla.ch\/wp-content\/uploads\/2023\/07\/PXL20230612155014442-min-scaled-2232x1674c.jpg 2x\">           <source width=\"936\" height=\"702\" media=\"(min-width: 992px)\" srcset=\"https:\/\/www.lapurla.ch\/wp-content\/uploads\/2023\/07\/PXL20230612155014442-min-scaled-936x702c.jpg  1x, https:\/\/www.lapurla.ch\/wp-content\/uploads\/2023\/07\/PXL20230612155014442-min-scaled-1872x1404c.jpg 2x\">           <source width=\"696\" height=\"522\" media=\"(min-width: 768px)\" srcset=\"https:\/\/www.lapurla.ch\/wp-content\/uploads\/2023\/07\/PXL20230612155014442-min-scaled-696x522c.jpg 1x, https:\/\/www.lapurla.ch\/wp-content\/uploads\/2023\/07\/PXL20230612155014442-min-scaled-1392x1044c.jpg 2x\">           <source width=\"516\" height=\"387\" media=\"(min-width: 576px)\" srcset=\"https:\/\/www.lapurla.ch\/wp-content\/uploads\/2023\/07\/PXL20230612155014442-min-scaled-516x387c.jpg 1x, https:\/\/www.lapurla.ch\/wp-content\/uploads\/2023\/07\/PXL20230612155014442-min-scaled-1032x774c.jpg 2x\">           <img loading=\"lazy\" decoding=\"async\" width=\"550\" height=\"413\"           class=\"a-image__image\"           src=\"https:\/\/www.lapurla.ch\/wp-content\/uploads\/2023\/07\/PXL20230612155014442-min-scaled-550x413c.jpg\" data-srcset=\"https:\/\/www.lapurla.ch\/wp-content\/uploads\/2023\/07\/PXL20230612155014442-min-scaled-1100x826c.jpg 2x\" alt=\"\"\/>       <\/picture> <\/div>                            <figcaption>\n\t\t\t\t\t\t\t\t                            <\/figcaption>\n                        <\/figure>\n                    <\/div>\n\t\t\t\t                    <div class=\"swiper-slide\">\n                        <figure>\n\t\t\t\t\t\t\t<div class=\"a-image \">       <picture class=\"a-image__picture\">       \t<source width=\"1296\" height=\"972\" media=\"(min-width: 1400px)\" srcset=\"https:\/\/www.lapurla.ch\/wp-content\/uploads\/2023\/07\/PXL20230612155018360-min-scaled-1296x972c.jpg 1x, https:\/\/www.lapurla.ch\/wp-content\/uploads\/2023\/07\/PXL20230612155018360-min-scaled-2592x1944c.jpg 2x\">           <source width=\"1116\" height=\"837\" media=\"(min-width: 1200px)\" srcset=\"https:\/\/www.lapurla.ch\/wp-content\/uploads\/2023\/07\/PXL20230612155018360-min-scaled-1116x837c.jpg 1x, https:\/\/www.lapurla.ch\/wp-content\/uploads\/2023\/07\/PXL20230612155018360-min-scaled-2232x1674c.jpg 2x\">           <source width=\"936\" height=\"702\" media=\"(min-width: 992px)\" srcset=\"https:\/\/www.lapurla.ch\/wp-content\/uploads\/2023\/07\/PXL20230612155018360-min-scaled-936x702c.jpg  1x, https:\/\/www.lapurla.ch\/wp-content\/uploads\/2023\/07\/PXL20230612155018360-min-scaled-1872x1404c.jpg 2x\">           <source width=\"696\" height=\"522\" media=\"(min-width: 768px)\" srcset=\"https:\/\/www.lapurla.ch\/wp-content\/uploads\/2023\/07\/PXL20230612155018360-min-scaled-696x522c.jpg 1x, https:\/\/www.lapurla.ch\/wp-content\/uploads\/2023\/07\/PXL20230612155018360-min-scaled-1392x1044c.jpg 2x\">           <source width=\"516\" height=\"387\" media=\"(min-width: 576px)\" srcset=\"https:\/\/www.lapurla.ch\/wp-content\/uploads\/2023\/07\/PXL20230612155018360-min-scaled-516x387c.jpg 1x, https:\/\/www.lapurla.ch\/wp-content\/uploads\/2023\/07\/PXL20230612155018360-min-scaled-1032x774c.jpg 2x\">           <img loading=\"lazy\" decoding=\"async\" width=\"550\" height=\"413\"           class=\"a-image__image\"           src=\"https:\/\/www.lapurla.ch\/wp-content\/uploads\/2023\/07\/PXL20230612155018360-min-scaled-550x413c.jpg\" data-srcset=\"https:\/\/www.lapurla.ch\/wp-content\/uploads\/2023\/07\/PXL20230612155018360-min-scaled-1100x826c.jpg 2x\" alt=\"\"\/>       <\/picture> <\/div>                            <figcaption>\n\t\t\t\t\t\t\t\t                            <\/figcaption>\n                        <\/figure>\n                    <\/div>\n\t\t\t\t                    <div class=\"swiper-slide\">\n                        <figure>\n\t\t\t\t\t\t\t<div class=\"a-image \">       <picture class=\"a-image__picture\">       \t<source width=\"1296\" height=\"972\" media=\"(min-width: 1400px)\" srcset=\"https:\/\/www.lapurla.ch\/wp-content\/uploads\/2023\/10\/2.TreffenRegiogrBS202310132-1296x972c.jpeg 1x, https:\/\/www.lapurla.ch\/wp-content\/uploads\/2023\/10\/2.TreffenRegiogrBS202310132-2592x1944c.jpeg 2x\">           <source width=\"1116\" height=\"837\" media=\"(min-width: 1200px)\" srcset=\"https:\/\/www.lapurla.ch\/wp-content\/uploads\/2023\/10\/2.TreffenRegiogrBS202310132-1116x837c.jpeg 1x, https:\/\/www.lapurla.ch\/wp-content\/uploads\/2023\/10\/2.TreffenRegiogrBS202310132-2232x1674c.jpeg 2x\">           <source width=\"936\" height=\"702\" media=\"(min-width: 992px)\" srcset=\"https:\/\/www.lapurla.ch\/wp-content\/uploads\/2023\/10\/2.TreffenRegiogrBS202310132-936x702c.jpeg  1x, https:\/\/www.lapurla.ch\/wp-content\/uploads\/2023\/10\/2.TreffenRegiogrBS202310132-1872x1404c.jpeg 2x\">           <source width=\"696\" height=\"522\" media=\"(min-width: 768px)\" srcset=\"https:\/\/www.lapurla.ch\/wp-content\/uploads\/2023\/10\/2.TreffenRegiogrBS202310132-696x522c.jpeg 1x, https:\/\/www.lapurla.ch\/wp-content\/uploads\/2023\/10\/2.TreffenRegiogrBS202310132-1392x1044c.jpeg 2x\">           <source width=\"516\" height=\"387\" media=\"(min-width: 576px)\" srcset=\"https:\/\/www.lapurla.ch\/wp-content\/uploads\/2023\/10\/2.TreffenRegiogrBS202310132-516x387c.jpeg 1x, https:\/\/www.lapurla.ch\/wp-content\/uploads\/2023\/10\/2.TreffenRegiogrBS202310132-1032x774c.jpeg 2x\">           <img loading=\"lazy\" decoding=\"async\" width=\"550\" height=\"413\"           class=\"a-image__image\"           src=\"https:\/\/www.lapurla.ch\/wp-content\/uploads\/2023\/10\/2.TreffenRegiogrBS202310132-550x413c.jpeg\" data-srcset=\"https:\/\/www.lapurla.ch\/wp-content\/uploads\/2023\/10\/2.TreffenRegiogrBS202310132-1100x826c.jpeg 2x\" alt=\"\"\/>       <\/picture> <\/div>                            <figcaption>\n\t\t\t\t\t\t\t\t                            <\/figcaption>\n                        <\/figure>\n                    <\/div>\n\t\t\t\t                    <div class=\"swiper-slide\">\n                        <figure>\n\t\t\t\t\t\t\t<div class=\"a-image \">       <picture class=\"a-image__picture\">       \t<source width=\"1296\" height=\"972\" media=\"(min-width: 1400px)\" srcset=\"https:\/\/www.lapurla.ch\/wp-content\/uploads\/2023\/10\/2.TreffenRegiogrBS202310133-1296x972c.jpeg 1x, https:\/\/www.lapurla.ch\/wp-content\/uploads\/2023\/10\/2.TreffenRegiogrBS202310133-2592x1944c.jpeg 2x\">           <source width=\"1116\" height=\"837\" media=\"(min-width: 1200px)\" srcset=\"https:\/\/www.lapurla.ch\/wp-content\/uploads\/2023\/10\/2.TreffenRegiogrBS202310133-1116x837c.jpeg 1x, https:\/\/www.lapurla.ch\/wp-content\/uploads\/2023\/10\/2.TreffenRegiogrBS202310133-2232x1674c.jpeg 2x\">           <source width=\"936\" height=\"702\" media=\"(min-width: 992px)\" srcset=\"https:\/\/www.lapurla.ch\/wp-content\/uploads\/2023\/10\/2.TreffenRegiogrBS202310133-936x702c.jpeg  1x, https:\/\/www.lapurla.ch\/wp-content\/uploads\/2023\/10\/2.TreffenRegiogrBS202310133-1872x1404c.jpeg 2x\">           <source width=\"696\" height=\"522\" media=\"(min-width: 768px)\" srcset=\"https:\/\/www.lapurla.ch\/wp-content\/uploads\/2023\/10\/2.TreffenRegiogrBS202310133-696x522c.jpeg 1x, https:\/\/www.lapurla.ch\/wp-content\/uploads\/2023\/10\/2.TreffenRegiogrBS202310133-1392x1044c.jpeg 2x\">           <source width=\"516\" height=\"387\" media=\"(min-width: 576px)\" srcset=\"https:\/\/www.lapurla.ch\/wp-content\/uploads\/2023\/10\/2.TreffenRegiogrBS202310133-516x387c.jpeg 1x, https:\/\/www.lapurla.ch\/wp-content\/uploads\/2023\/10\/2.TreffenRegiogrBS202310133-1032x774c.jpeg 2x\">           <img loading=\"lazy\" decoding=\"async\" width=\"550\" height=\"413\"           class=\"a-image__image\"           src=\"https:\/\/www.lapurla.ch\/wp-content\/uploads\/2023\/10\/2.TreffenRegiogrBS202310133-550x413c.jpeg\" data-srcset=\"https:\/\/www.lapurla.ch\/wp-content\/uploads\/2023\/10\/2.TreffenRegiogrBS202310133-1100x826c.jpeg 2x\" alt=\"\"\/>       <\/picture> <\/div>                            <figcaption>\n\t\t\t\t\t\t\t\t                            <\/figcaption>\n                        <\/figure>\n                    <\/div>\n\t\t\t\t                    <div class=\"swiper-slide\">\n                        <figure>\n\t\t\t\t\t\t\t<div class=\"a-image \">       <picture class=\"a-image__picture\">       \t<source width=\"1296\" height=\"972\" media=\"(min-width: 1400px)\" srcset=\"https:\/\/www.lapurla.ch\/wp-content\/uploads\/2023\/10\/2.TreffenRegiogrBS202310134-1296x972c.jpeg 1x, https:\/\/www.lapurla.ch\/wp-content\/uploads\/2023\/10\/2.TreffenRegiogrBS202310134-2592x1944c.jpeg 2x\">           <source width=\"1116\" height=\"837\" media=\"(min-width: 1200px)\" srcset=\"https:\/\/www.lapurla.ch\/wp-content\/uploads\/2023\/10\/2.TreffenRegiogrBS202310134-1116x837c.jpeg 1x, https:\/\/www.lapurla.ch\/wp-content\/uploads\/2023\/10\/2.TreffenRegiogrBS202310134-2232x1674c.jpeg 2x\">           <source width=\"936\" height=\"702\" media=\"(min-width: 992px)\" srcset=\"https:\/\/www.lapurla.ch\/wp-content\/uploads\/2023\/10\/2.TreffenRegiogrBS202310134-936x702c.jpeg  1x, https:\/\/www.lapurla.ch\/wp-content\/uploads\/2023\/10\/2.TreffenRegiogrBS202310134-1872x1404c.jpeg 2x\">           <source width=\"696\" height=\"522\" media=\"(min-width: 768px)\" srcset=\"https:\/\/www.lapurla.ch\/wp-content\/uploads\/2023\/10\/2.TreffenRegiogrBS202310134-696x522c.jpeg 1x, https:\/\/www.lapurla.ch\/wp-content\/uploads\/2023\/10\/2.TreffenRegiogrBS202310134-1392x1044c.jpeg 2x\">           <source width=\"516\" height=\"387\" media=\"(min-width: 576px)\" srcset=\"https:\/\/www.lapurla.ch\/wp-content\/uploads\/2023\/10\/2.TreffenRegiogrBS202310134-516x387c.jpeg 1x, https:\/\/www.lapurla.ch\/wp-content\/uploads\/2023\/10\/2.TreffenRegiogrBS202310134-1032x774c.jpeg 2x\">           <img loading=\"lazy\" decoding=\"async\" width=\"550\" height=\"413\"           class=\"a-image__image\"           src=\"https:\/\/www.lapurla.ch\/wp-content\/uploads\/2023\/10\/2.TreffenRegiogrBS202310134-550x413c.jpeg\" data-srcset=\"https:\/\/www.lapurla.ch\/wp-content\/uploads\/2023\/10\/2.TreffenRegiogrBS202310134-1100x826c.jpeg 2x\" alt=\"\"\/>       <\/picture> <\/div>                            <figcaption>\n\t\t\t\t\t\t\t\t                            <\/figcaption>\n                        <\/figure>\n                    <\/div>\n\t\t\t\t                    <div class=\"swiper-slide\">\n                        <figure>\n\t\t\t\t\t\t\t<div class=\"a-image \">       <picture class=\"a-image__picture\">       \t<source width=\"1296\" height=\"972\" media=\"(min-width: 1400px)\" srcset=\"https:\/\/www.lapurla.ch\/wp-content\/uploads\/2024\/06\/20240529192508-scaled-1296x972c.jpg 1x, https:\/\/www.lapurla.ch\/wp-content\/uploads\/2024\/06\/20240529192508-scaled-2592x1944c.jpg 2x\">           <source width=\"1116\" height=\"837\" media=\"(min-width: 1200px)\" srcset=\"https:\/\/www.lapurla.ch\/wp-content\/uploads\/2024\/06\/20240529192508-scaled-1116x837c.jpg 1x, https:\/\/www.lapurla.ch\/wp-content\/uploads\/2024\/06\/20240529192508-scaled-2232x1674c.jpg 2x\">           <source width=\"936\" height=\"702\" media=\"(min-width: 992px)\" srcset=\"https:\/\/www.lapurla.ch\/wp-content\/uploads\/2024\/06\/20240529192508-scaled-936x702c.jpg  1x, https:\/\/www.lapurla.ch\/wp-content\/uploads\/2024\/06\/20240529192508-scaled-1872x1404c.jpg 2x\">           <source width=\"696\" height=\"522\" media=\"(min-width: 768px)\" srcset=\"https:\/\/www.lapurla.ch\/wp-content\/uploads\/2024\/06\/20240529192508-scaled-696x522c.jpg 1x, https:\/\/www.lapurla.ch\/wp-content\/uploads\/2024\/06\/20240529192508-scaled-1392x1044c.jpg 2x\">           <source width=\"516\" height=\"387\" media=\"(min-width: 576px)\" srcset=\"https:\/\/www.lapurla.ch\/wp-content\/uploads\/2024\/06\/20240529192508-scaled-516x387c.jpg 1x, https:\/\/www.lapurla.ch\/wp-content\/uploads\/2024\/06\/20240529192508-scaled-1032x774c.jpg 2x\">           <img loading=\"lazy\" decoding=\"async\" width=\"550\" height=\"413\"           class=\"a-image__image\"           src=\"https:\/\/www.lapurla.ch\/wp-content\/uploads\/2024\/06\/20240529192508-scaled-550x413c.jpg\" data-srcset=\"https:\/\/www.lapurla.ch\/wp-content\/uploads\/2024\/06\/20240529192508-scaled-1100x826c.jpg 2x\" alt=\"\"\/>       <\/picture> <\/div>                            <figcaption>\n\t\t\t\t\t\t\t\t                            <\/figcaption>\n                        <\/figure>\n                    <\/div>\n\t\t\t\t                    <div class=\"swiper-slide\">\n                        <figure>\n\t\t\t\t\t\t\t<div class=\"a-image \">       <picture class=\"a-image__picture\">       \t<source width=\"1296\" height=\"972\" media=\"(min-width: 1400px)\" srcset=\"https:\/\/www.lapurla.ch\/wp-content\/uploads\/2024\/06\/20240529192513-scaled-1296x972c.jpg 1x, https:\/\/www.lapurla.ch\/wp-content\/uploads\/2024\/06\/20240529192513-scaled-2592x1944c.jpg 2x\">           <source width=\"1116\" height=\"837\" media=\"(min-width: 1200px)\" srcset=\"https:\/\/www.lapurla.ch\/wp-content\/uploads\/2024\/06\/20240529192513-scaled-1116x837c.jpg 1x, https:\/\/www.lapurla.ch\/wp-content\/uploads\/2024\/06\/20240529192513-scaled-2232x1674c.jpg 2x\">           <source width=\"936\" height=\"702\" media=\"(min-width: 992px)\" srcset=\"https:\/\/www.lapurla.ch\/wp-content\/uploads\/2024\/06\/20240529192513-scaled-936x702c.jpg  1x, https:\/\/www.lapurla.ch\/wp-content\/uploads\/2024\/06\/20240529192513-scaled-1872x1404c.jpg 2x\">           <source width=\"696\" height=\"522\" media=\"(min-width: 768px)\" srcset=\"https:\/\/www.lapurla.ch\/wp-content\/uploads\/2024\/06\/20240529192513-scaled-696x522c.jpg 1x, https:\/\/www.lapurla.ch\/wp-content\/uploads\/2024\/06\/20240529192513-scaled-1392x1044c.jpg 2x\">           <source width=\"516\" height=\"387\" media=\"(min-width: 576px)\" srcset=\"https:\/\/www.lapurla.ch\/wp-content\/uploads\/2024\/06\/20240529192513-scaled-516x387c.jpg 1x, https:\/\/www.lapurla.ch\/wp-content\/uploads\/2024\/06\/20240529192513-scaled-1032x774c.jpg 2x\">           <img loading=\"lazy\" decoding=\"async\" width=\"550\" height=\"413\"           class=\"a-image__image\"           src=\"https:\/\/www.lapurla.ch\/wp-content\/uploads\/2024\/06\/20240529192513-scaled-550x413c.jpg\" data-srcset=\"https:\/\/www.lapurla.ch\/wp-content\/uploads\/2024\/06\/20240529192513-scaled-1100x826c.jpg 2x\" alt=\"\"\/>       <\/picture> <\/div>                            <figcaption>\n\t\t\t\t\t\t\t\t                            <\/figcaption>\n                        <\/figure>\n                    <\/div>\n\t\t\t\t            <\/div>\n            <div class=\"container\">\n                <div class=\"row\">\n                    <div class=\"col-12 position-relative\">\n                        <div class=\"pagination\"><\/div>\n                        <div class=\"button-wrapper\">\n                            <button class=\"swiper-button-prev\">\n\t\t\t\t\t\t\t\t<svg class=\"svg-icon icon-arrow-left\" xmlns=\"http:\/\/www.w3.org\/2000\/svg\"><use xmlns:xlink=\"http:\/\/www.w3.org\/1999\/xlink\" xlink:href=\"https:\/\/www.lapurla.ch\/wp-content\/themes\/lapurla\/dist\/icons.svg?f27dc72#arrow-left\"><\/use><\/svg>                                <span class=\"visually-hidden\">Indietro <\/span>\n                            <\/button>\n                            <button class=\"swiper-button-next\">\n\t\t\t\t\t\t\t\t<svg class=\"svg-icon icon-arrow-right\" xmlns=\"http:\/\/www.w3.org\/2000\/svg\"><use xmlns:xlink=\"http:\/\/www.w3.org\/1999\/xlink\" xlink:href=\"https:\/\/www.lapurla.ch\/wp-content\/themes\/lapurla\/dist\/icons.svg?f27dc72#arrow-right\"><\/use><\/svg>                                <span class=\"visually-hidden\">Avanti<\/span>\n                            <\/button>\n                        <\/div>\n                    <\/div>\n                <\/div>\n            <\/div>\n        <\/div>\n\t<\/div>\n        <\/div>\n    <\/div>\n\n\n\n<div id=\"infobox-block_71b7cc56772a53cde3a9df312ebf22b4\" class=\"mod-infobox\">\n\t        <div class=\"row\">\n            <div class=\"col-12\">\n                <div class=\"info-container\">\n                    <h2>Profilo<\/h2>\n                    <div class=\"row\">\n                        <div class=\"col-12 col-lg-6\">\n\t\t\t\t\t\t\t<h2 class=\"location\">Coordinamento<\/h2>\n<div class=\"item--impression\">\n<div class=\"location\">\n<div class=\"item--impression\">\n<div class=\"location\">Lucrezia Santo &amp; Nils Schrempp<\/div>\n<div class=\"location\">Gestione del progetto Mini-Atelier e <a href=\"https:\/\/peterskrippe.ch\/_Documents\/Kita\/Konzepte\/Konzept%20Villa%20Wunderwerk.pdf\" target=\"_blank\" rel=\"noopener\">Villa WunderWerk<\/a><\/div>\n<\/div>\n<\/div>\n<div>\n<div class=\"item--impression\">\n<div class=\"location\"><a href=\"mailto:lucrezianils@gmail.com\">lucrezianils@gmail.com<\/a><\/div>\n<\/div>\n<\/div>\n<\/div>\n<div><\/div>\n<div>\n<h2>Focus<\/h2>\n<p>Costruire una rete digitale.<\/p>\n<h2>Membri<\/h2>\n<ul>\n<li class=\"x_MsoNormal\"><span lang=\"DE\">Julia Beyer<\/span><\/li>\n<li>Iris Brugger<\/li>\n<li class=\"x_MsoNormal\">Margrit Hungerb\u00fchler<\/li>\n<li>Jessica Lueke<\/li>\n<li class=\"x_MsoNormal\">Lucrezia Santo<\/li>\n<li class=\"x_MsoNormal\">Nils Schrempp<\/li>\n<\/ul>\n<h2>Social Media<\/h2>\n<p><a href=\"https:\/\/www.instagram.com\/regionalgruppe.lapurla.basel?igsh=MWlwY2JzYWJ1N3ZjMw==\" target=\"_blank\" rel=\"noopener\">Instagram<\/a><\/p>\n<\/div>\n                        <\/div>\n                        <div class=\"col-12 col-lg-6\">\n\t\t\t\t\t\t\t<h2>Riunione<\/h2>\n<p>Mercoled\u00ec 6 novembre 2024<\/p>\n<p>Mercoled\u00ec 29 maggio | ore 18:30<br \/>\nVilla WunderWerk | Friedensgasse 27 | 4056 Basel<\/p>\n<p>Mercoled\u00ec 11 ottobre 2023 | ore 18:00<br \/>\nFondation Beyeler<\/p>\n<p>Luned\u00ec 12 giugno 2023<\/p>\n                        <\/div>\n                    <\/div>\n                <\/div>\n            <\/div>\n        <\/div>\n\t<\/div>\n","protected":false},"excerpt":{"rendered":"<p>Il gruppo regionale di Basilea si \u00e8 riunito per la prima volta a giugno. Il tema era la creazione di un laboratorio creativo in un asilo nido. Attraverso lo scambio collegiale, \u00e8 stato possibile concretizzare la progettazione degli ambienti e i piani pedagogici. Mercoled\u00ec 11 ottobre 2023 si \u00e8 svolto alla Fondation Beyeler il secondo [&hellip;]<\/p>\n","protected":false},"author":5,"featured_media":0,"parent":0,"menu_order":0,"comment_status":"closed","ping_status":"closed","template":"","meta":{"_acf_changed":false,"latitude":"","longitude":"","kurzbeschreibung":"","datum_von":"","footnotes":""},"class_list":["post-18402","page","type-page","status-publish","hentry"],"acf":[],"yoast_head":"<!-- This site is optimized with the Yoast SEO plugin v27.2 - https:\/\/yoast.com\/product\/yoast-seo-wordpress\/ -->\n<title>Gruppo regionale Basilea &#8211; Lapurla<\/title>\n<meta name=\"description\" content=\"Il gruppo regionale di Basilea si \u00e8 riunito per la prima volta a giugno. Il tema era la creazione di un laboratorio creativo in un asilo nido. Attraverso lo scambio collegiale, \u00e8 stato possibile concretizzare la progettazione degli ambienti e i piani pedagogici.\" \/>\n<meta name=\"robots\" content=\"index, follow, max-snippet:-1, max-image-preview:large, max-video-preview:-1\" \/>\n<link rel=\"canonical\" href=\"https:\/\/www.lapurla.ch\/it\/gruppo-regionale-basilea\" \/>\n<meta property=\"og:locale\" content=\"it_IT\" \/>\n<meta property=\"og:type\" content=\"article\" \/>\n<meta property=\"og:title\" content=\"Gruppo regionale Basilea &#8211; Lapurla\" \/>\n<meta property=\"og:description\" content=\"Il gruppo regionale di Basilea si \u00e8 riunito per la prima volta a giugno. Il tema era la creazione di un laboratorio creativo in un asilo nido. Attraverso lo scambio collegiale, \u00e8 stato possibile concretizzare la progettazione degli ambienti e i piani pedagogici.\" \/>\n<meta property=\"og:url\" content=\"https:\/\/www.lapurla.ch\/it\/gruppo-regionale-basilea\" \/>\n<meta property=\"og:site_name\" content=\"Lapurla\" \/>\n<meta property=\"article:modified_time\" content=\"2025-11-10T12:30:13+00:00\" \/>\n<meta name=\"twitter:card\" content=\"summary_large_image\" \/>\n<meta name=\"twitter:label1\" content=\"Tempo di lettura stimato\" \/>\n\t<meta name=\"twitter:data1\" content=\"3 minuti\" \/>\n<script type=\"application\/ld+json\" class=\"yoast-schema-graph\">{\"@context\":\"https:\/\/schema.org\",\"@graph\":[{\"@type\":\"WebPage\",\"@id\":\"https:\/\/www.lapurla.ch\/it\/gruppo-regionale-basilea\",\"url\":\"https:\/\/www.lapurla.ch\/it\/gruppo-regionale-basilea\",\"name\":\"Gruppo regionale Basilea &#8211; Lapurla\",\"isPartOf\":{\"@id\":\"https:\/\/www.lapurla.ch\/#website\"},\"datePublished\":\"2023-07-13T11:57:17+00:00\",\"dateModified\":\"2025-11-10T12:30:13+00:00\",\"description\":\"Il gruppo regionale di Basilea si \u00e8 riunito per la prima volta a giugno. Il tema era la creazione di un laboratorio creativo in un asilo nido. Attraverso lo scambio collegiale, \u00e8 stato possibile concretizzare la progettazione degli ambienti e i piani pedagogici.\",\"breadcrumb\":{\"@id\":\"https:\/\/www.lapurla.ch\/it\/gruppo-regionale-basilea#breadcrumb\"},\"inLanguage\":\"it-IT\",\"potentialAction\":[{\"@type\":\"ReadAction\",\"target\":[\"https:\/\/www.lapurla.ch\/it\/gruppo-regionale-basilea\"]}]},{\"@type\":\"BreadcrumbList\",\"@id\":\"https:\/\/www.lapurla.ch\/it\/gruppo-regionale-basilea#breadcrumb\",\"itemListElement\":[{\"@type\":\"ListItem\",\"position\":1,\"name\":\"Startseite\",\"item\":\"https:\/\/www.lapurla.ch\/it\"},{\"@type\":\"ListItem\",\"position\":2,\"name\":\"Gruppo regionale Basilea\"}]},{\"@type\":\"WebSite\",\"@id\":\"https:\/\/www.lapurla.ch\/#website\",\"url\":\"https:\/\/www.lapurla.ch\/\",\"name\":\"Lapurla\",\"description\":\"\",\"publisher\":{\"@id\":\"https:\/\/www.lapurla.ch\/#organization\"},\"potentialAction\":[{\"@type\":\"SearchAction\",\"target\":{\"@type\":\"EntryPoint\",\"urlTemplate\":\"https:\/\/www.lapurla.ch\/?s={search_term_string}\"},\"query-input\":{\"@type\":\"PropertyValueSpecification\",\"valueRequired\":true,\"valueName\":\"search_term_string\"}}],\"inLanguage\":\"it-IT\"},{\"@type\":\"Organization\",\"@id\":\"https:\/\/www.lapurla.ch\/#organization\",\"name\":\"Lapurla\",\"url\":\"https:\/\/www.lapurla.ch\/\",\"logo\":{\"@type\":\"ImageObject\",\"inLanguage\":\"it-IT\",\"@id\":\"https:\/\/www.lapurla.ch\/#\/schema\/logo\/image\/\",\"url\":\"https:\/\/www.lapurla.ch\/wp-content\/uploads\/2022\/03\/cropped-favicon.png\",\"contentUrl\":\"https:\/\/www.lapurla.ch\/wp-content\/uploads\/2022\/03\/cropped-favicon.png\",\"width\":512,\"height\":512,\"caption\":\"Lapurla\"},\"image\":{\"@id\":\"https:\/\/www.lapurla.ch\/#\/schema\/logo\/image\/\"}}]}<\/script>\n<!-- \/ Yoast SEO plugin. -->","yoast_head_json":{"title":"Gruppo regionale Basilea &#8211; Lapurla","description":"Il gruppo regionale di Basilea si \u00e8 riunito per la prima volta a giugno. Il tema era la creazione di un laboratorio creativo in un asilo nido. Attraverso lo scambio collegiale, \u00e8 stato possibile concretizzare la progettazione degli ambienti e i piani pedagogici.","robots":{"index":"index","follow":"follow","max-snippet":"max-snippet:-1","max-image-preview":"max-image-preview:large","max-video-preview":"max-video-preview:-1"},"canonical":"https:\/\/www.lapurla.ch\/it\/gruppo-regionale-basilea","og_locale":"it_IT","og_type":"article","og_title":"Gruppo regionale Basilea &#8211; Lapurla","og_description":"Il gruppo regionale di Basilea si \u00e8 riunito per la prima volta a giugno. Il tema era la creazione di un laboratorio creativo in un asilo nido. Attraverso lo scambio collegiale, \u00e8 stato possibile concretizzare la progettazione degli ambienti e i piani pedagogici.","og_url":"https:\/\/www.lapurla.ch\/it\/gruppo-regionale-basilea","og_site_name":"Lapurla","article_modified_time":"2025-11-10T12:30:13+00:00","twitter_card":"summary_large_image","twitter_misc":{"Tempo di lettura stimato":"3 minuti"},"schema":{"@context":"https:\/\/schema.org","@graph":[{"@type":"WebPage","@id":"https:\/\/www.lapurla.ch\/it\/gruppo-regionale-basilea","url":"https:\/\/www.lapurla.ch\/it\/gruppo-regionale-basilea","name":"Gruppo regionale Basilea &#8211; Lapurla","isPartOf":{"@id":"https:\/\/www.lapurla.ch\/#website"},"datePublished":"2023-07-13T11:57:17+00:00","dateModified":"2025-11-10T12:30:13+00:00","description":"Il gruppo regionale di Basilea si \u00e8 riunito per la prima volta a giugno. Il tema era la creazione di un laboratorio creativo in un asilo nido. Attraverso lo scambio collegiale, \u00e8 stato possibile concretizzare la progettazione degli ambienti e i piani pedagogici.","breadcrumb":{"@id":"https:\/\/www.lapurla.ch\/it\/gruppo-regionale-basilea#breadcrumb"},"inLanguage":"it-IT","potentialAction":[{"@type":"ReadAction","target":["https:\/\/www.lapurla.ch\/it\/gruppo-regionale-basilea"]}]},{"@type":"BreadcrumbList","@id":"https:\/\/www.lapurla.ch\/it\/gruppo-regionale-basilea#breadcrumb","itemListElement":[{"@type":"ListItem","position":1,"name":"Startseite","item":"https:\/\/www.lapurla.ch\/it"},{"@type":"ListItem","position":2,"name":"Gruppo regionale Basilea"}]},{"@type":"WebSite","@id":"https:\/\/www.lapurla.ch\/#website","url":"https:\/\/www.lapurla.ch\/","name":"Lapurla","description":"","publisher":{"@id":"https:\/\/www.lapurla.ch\/#organization"},"potentialAction":[{"@type":"SearchAction","target":{"@type":"EntryPoint","urlTemplate":"https:\/\/www.lapurla.ch\/?s={search_term_string}"},"query-input":{"@type":"PropertyValueSpecification","valueRequired":true,"valueName":"search_term_string"}}],"inLanguage":"it-IT"},{"@type":"Organization","@id":"https:\/\/www.lapurla.ch\/#organization","name":"Lapurla","url":"https:\/\/www.lapurla.ch\/","logo":{"@type":"ImageObject","inLanguage":"it-IT","@id":"https:\/\/www.lapurla.ch\/#\/schema\/logo\/image\/","url":"https:\/\/www.lapurla.ch\/wp-content\/uploads\/2022\/03\/cropped-favicon.png","contentUrl":"https:\/\/www.lapurla.ch\/wp-content\/uploads\/2022\/03\/cropped-favicon.png","width":512,"height":512,"caption":"Lapurla"},"image":{"@id":"https:\/\/www.lapurla.ch\/#\/schema\/logo\/image\/"}}]}},"_links":{"self":[{"href":"https:\/\/www.lapurla.ch\/it\/wp-json\/wp\/v2\/pages\/18402","targetHints":{"allow":["GET"]}}],"collection":[{"href":"https:\/\/www.lapurla.ch\/it\/wp-json\/wp\/v2\/pages"}],"about":[{"href":"https:\/\/www.lapurla.ch\/it\/wp-json\/wp\/v2\/types\/page"}],"author":[{"embeddable":true,"href":"https:\/\/www.lapurla.ch\/it\/wp-json\/wp\/v2\/users\/5"}],"replies":[{"embeddable":true,"href":"https:\/\/www.lapurla.ch\/it\/wp-json\/wp\/v2\/comments?post=18402"}],"version-history":[{"count":22,"href":"https:\/\/www.lapurla.ch\/it\/wp-json\/wp\/v2\/pages\/18402\/revisions"}],"predecessor-version":[{"id":31160,"href":"https:\/\/www.lapurla.ch\/it\/wp-json\/wp\/v2\/pages\/18402\/revisions\/31160"}],"wp:attachment":[{"href":"https:\/\/www.lapurla.ch\/it\/wp-json\/wp\/v2\/media?parent=18402"}],"curies":[{"name":"wp","href":"https:\/\/api.w.org\/{rel}","templated":true}]}}