{"id":17555,"date":"2023-05-15T16:04:17","date_gmt":"2023-05-15T14:04:17","guid":{"rendered":"https:\/\/www.lapurla.ch\/regionalgruppe-bern\/"},"modified":"2026-03-02T15:12:08","modified_gmt":"2026-03-02T14:12:08","slug":"gruppo-regionale-berna","status":"publish","type":"page","link":"https:\/\/www.lapurla.ch\/it\/gruppo-regionale-berna","title":{"rendered":"Gruppo regionale Berna"},"content":{"rendered":"\n<p>Il primo incontro del gruppo regionale di Berna \u00e8 stato incentrato sulla conoscenza reciproca e sulla ricerca di un obiettivo. Dopo un brainstorming e una successiva discussione, \u00e8 stato scelto il focus A, incentrato sul networking. Dal punto di vista tematico, il gruppo era interessato a come creare un accesso al museo per i bambini che non vivono o non sono seguiti vicino a un museo. Forse il museo va dai bambini?<\/p>\n\n\n\n<p>Nel secondo incontro si \u00e8 deciso di non portare avanti il tema del museo all&#8217;interno del gruppo regionale. \u00c8 nata invece l&#8217;idea di visitare un mercato di materiali con i bambini di un istituto residenziale, per fare l\u00ec le loro prime esperienze creative e trasferirle all&#8217;istituto. Allo stesso tempo, si \u00e8 pensato a un opuscolo che potesse trasmettere in modo semplice come la creativit\u00e0 possa essere stimolata negli asili nido nonostante la mancanza di personale specializzato.&nbsp;<\/p>\n\n\n\n<p>Il finanziamento e l&#8217;elaborazione del progetto sono stati al centro del terzo incontro. Inoltre, si \u00e8 riflettuto insieme su come potrebbe essere l&#8217;opuscolo. Tra un incontro e l&#8217;altro, i partecipanti al gruppo regionale hanno continuato a lavorare su entrambi gli argomenti.<\/p>\n\n\n\n<p>Il quarto incontro si \u00e8 svolto online. C&#8217;\u00e8 stato un aggiornamento sul progetto SamSoKo@Offcut.Bern. Sono state raccolte idee e discusse obiezioni per il documento sulla creativit\u00e0 e la carenza di competenze. Infine, si \u00e8 discusso della presentazione del Gruppo regionale di Berna alla terza Conferenza nazionale.<\/p>\n\n\n\n<p>Nel 2024, il posto di coordinatore era vacante e non si tenevano riunioni. Laura Imfeld, nel suo ruolo di assistente di progetto presso Lapurla, ha avviato un tentativo di far rivivere il gruppo all&#8217;inizio del 2025. Il primo incontro si \u00e8 svolto online e Jana Skolovski, mediatrice culturale presso il centro d&#8217;arte e cultura VISAVIS di Berna, ha assunto volentieri il coordinamento del gruppo regionale di Berna.<\/p>\n\n\n\n<div id=\"bildergalerie-block_ec8b3119e5305625e9ebcacbcd20da6a\" class=\"mod-bildergalerie\">\n            <div class=\"col-12\">\n\t\t    \n<div class=\"mod-slider\">\n\t        <div id=\"slider-e3bf28e4-deb0-4617-94bc-cd1ed9ff4e36\" class=\"swiper\">\n            <div class=\"swiper-wrapper\">\n\t\t\t\t                    <div class=\"swiper-slide\">\n                        <figure>\n\t\t\t\t\t\t\t<div class=\"a-image \">       <picture class=\"a-image__picture\">       \t<source width=\"1296\" height=\"972\" media=\"(min-width: 1400px)\" srcset=\"https:\/\/www.lapurla.ch\/wp-content\/uploads\/2023\/09\/IMG5435-1296x972c.jpg 1x, https:\/\/www.lapurla.ch\/wp-content\/uploads\/2023\/09\/IMG5435-2592x1944c.jpg 2x\">           <source width=\"1116\" height=\"837\" media=\"(min-width: 1200px)\" srcset=\"https:\/\/www.lapurla.ch\/wp-content\/uploads\/2023\/09\/IMG5435-1116x837c.jpg 1x, https:\/\/www.lapurla.ch\/wp-content\/uploads\/2023\/09\/IMG5435-2232x1674c.jpg 2x\">           <source width=\"936\" height=\"702\" media=\"(min-width: 992px)\" srcset=\"https:\/\/www.lapurla.ch\/wp-content\/uploads\/2023\/09\/IMG5435-936x702c.jpg  1x, https:\/\/www.lapurla.ch\/wp-content\/uploads\/2023\/09\/IMG5435-1872x1404c.jpg 2x\">           <source width=\"696\" height=\"522\" media=\"(min-width: 768px)\" srcset=\"https:\/\/www.lapurla.ch\/wp-content\/uploads\/2023\/09\/IMG5435-696x522c.jpg 1x, https:\/\/www.lapurla.ch\/wp-content\/uploads\/2023\/09\/IMG5435-1392x1044c.jpg 2x\">           <source width=\"516\" height=\"387\" media=\"(min-width: 576px)\" srcset=\"https:\/\/www.lapurla.ch\/wp-content\/uploads\/2023\/09\/IMG5435-516x387c.jpg 1x, https:\/\/www.lapurla.ch\/wp-content\/uploads\/2023\/09\/IMG5435-1032x774c.jpg 2x\">           <img loading=\"lazy\" decoding=\"async\" width=\"550\" height=\"413\"           class=\"a-image__image\"           src=\"https:\/\/www.lapurla.ch\/wp-content\/uploads\/2023\/09\/IMG5435-550x413c.jpg\" data-srcset=\"https:\/\/www.lapurla.ch\/wp-content\/uploads\/2023\/09\/IMG5435-1100x826c.jpg 2x\" alt=\"\"\/>       <\/picture> <\/div>                            <figcaption>\n\t\t\t\t\t\t\t\t                            <\/figcaption>\n                        <\/figure>\n                    <\/div>\n\t\t\t\t                    <div class=\"swiper-slide\">\n                        <figure>\n\t\t\t\t\t\t\t<div class=\"a-image \">       <picture class=\"a-image__picture\">       \t<source width=\"1296\" height=\"972\" media=\"(min-width: 1400px)\" srcset=\"https:\/\/www.lapurla.ch\/wp-content\/uploads\/2023\/07\/IMG4790-1296x972c.jpg 1x, https:\/\/www.lapurla.ch\/wp-content\/uploads\/2023\/07\/IMG4790-2592x1944c.jpg 2x\">           <source width=\"1116\" height=\"837\" media=\"(min-width: 1200px)\" srcset=\"https:\/\/www.lapurla.ch\/wp-content\/uploads\/2023\/07\/IMG4790-1116x837c.jpg 1x, https:\/\/www.lapurla.ch\/wp-content\/uploads\/2023\/07\/IMG4790-2232x1674c.jpg 2x\">           <source width=\"936\" height=\"702\" media=\"(min-width: 992px)\" srcset=\"https:\/\/www.lapurla.ch\/wp-content\/uploads\/2023\/07\/IMG4790-936x702c.jpg  1x, https:\/\/www.lapurla.ch\/wp-content\/uploads\/2023\/07\/IMG4790-1872x1404c.jpg 2x\">           <source width=\"696\" height=\"522\" media=\"(min-width: 768px)\" srcset=\"https:\/\/www.lapurla.ch\/wp-content\/uploads\/2023\/07\/IMG4790-696x522c.jpg 1x, https:\/\/www.lapurla.ch\/wp-content\/uploads\/2023\/07\/IMG4790-1392x1044c.jpg 2x\">           <source width=\"516\" height=\"387\" media=\"(min-width: 576px)\" srcset=\"https:\/\/www.lapurla.ch\/wp-content\/uploads\/2023\/07\/IMG4790-516x387c.jpg 1x, https:\/\/www.lapurla.ch\/wp-content\/uploads\/2023\/07\/IMG4790-1032x774c.jpg 2x\">           <img loading=\"lazy\" decoding=\"async\" width=\"550\" height=\"413\"           class=\"a-image__image\"           src=\"https:\/\/www.lapurla.ch\/wp-content\/uploads\/2023\/07\/IMG4790-550x413c.jpg\" data-srcset=\"https:\/\/www.lapurla.ch\/wp-content\/uploads\/2023\/07\/IMG4790-1100x826c.jpg 2x\" alt=\"\"\/>       <\/picture> <\/div>                            <figcaption>\n\t\t\t\t\t\t\t\t                            <\/figcaption>\n                        <\/figure>\n                    <\/div>\n\t\t\t\t                    <div class=\"swiper-slide\">\n                        <figure>\n\t\t\t\t\t\t\t<div class=\"a-image \">       <picture class=\"a-image__picture\">       \t<source width=\"1296\" height=\"972\" media=\"(min-width: 1400px)\" srcset=\"https:\/\/www.lapurla.ch\/wp-content\/uploads\/2023\/07\/IMG4788-1296x972c.jpg 1x, https:\/\/www.lapurla.ch\/wp-content\/uploads\/2023\/07\/IMG4788-2592x1944c.jpg 2x\">           <source width=\"1116\" height=\"837\" media=\"(min-width: 1200px)\" srcset=\"https:\/\/www.lapurla.ch\/wp-content\/uploads\/2023\/07\/IMG4788-1116x837c.jpg 1x, https:\/\/www.lapurla.ch\/wp-content\/uploads\/2023\/07\/IMG4788-2232x1674c.jpg 2x\">           <source width=\"936\" height=\"702\" media=\"(min-width: 992px)\" srcset=\"https:\/\/www.lapurla.ch\/wp-content\/uploads\/2023\/07\/IMG4788-936x702c.jpg  1x, https:\/\/www.lapurla.ch\/wp-content\/uploads\/2023\/07\/IMG4788-1872x1404c.jpg 2x\">           <source width=\"696\" height=\"522\" media=\"(min-width: 768px)\" srcset=\"https:\/\/www.lapurla.ch\/wp-content\/uploads\/2023\/07\/IMG4788-696x522c.jpg 1x, https:\/\/www.lapurla.ch\/wp-content\/uploads\/2023\/07\/IMG4788-1392x1044c.jpg 2x\">           <source width=\"516\" height=\"387\" media=\"(min-width: 576px)\" srcset=\"https:\/\/www.lapurla.ch\/wp-content\/uploads\/2023\/07\/IMG4788-516x387c.jpg 1x, https:\/\/www.lapurla.ch\/wp-content\/uploads\/2023\/07\/IMG4788-1032x774c.jpg 2x\">           <img loading=\"lazy\" decoding=\"async\" width=\"550\" height=\"413\"           class=\"a-image__image\"           src=\"https:\/\/www.lapurla.ch\/wp-content\/uploads\/2023\/07\/IMG4788-550x413c.jpg\" data-srcset=\"https:\/\/www.lapurla.ch\/wp-content\/uploads\/2023\/07\/IMG4788-1100x826c.jpg 2x\" alt=\"\"\/>       <\/picture> <\/div>                            <figcaption>\n\t\t\t\t\t\t\t\t                            <\/figcaption>\n                        <\/figure>\n                    <\/div>\n\t\t\t\t                    <div class=\"swiper-slide\">\n                        <figure>\n\t\t\t\t\t\t\t<div class=\"a-image \">       <picture class=\"a-image__picture\">       \t<source width=\"1296\" height=\"972\" media=\"(min-width: 1400px)\" srcset=\"https:\/\/www.lapurla.ch\/wp-content\/uploads\/2023\/06\/IMG4660-1296x972c.jpg 1x, https:\/\/www.lapurla.ch\/wp-content\/uploads\/2023\/06\/IMG4660-2592x1944c.jpg 2x\">           <source width=\"1116\" height=\"837\" media=\"(min-width: 1200px)\" srcset=\"https:\/\/www.lapurla.ch\/wp-content\/uploads\/2023\/06\/IMG4660-1116x837c.jpg 1x, https:\/\/www.lapurla.ch\/wp-content\/uploads\/2023\/06\/IMG4660-2232x1674c.jpg 2x\">           <source width=\"936\" height=\"702\" media=\"(min-width: 992px)\" srcset=\"https:\/\/www.lapurla.ch\/wp-content\/uploads\/2023\/06\/IMG4660-936x702c.jpg  1x, https:\/\/www.lapurla.ch\/wp-content\/uploads\/2023\/06\/IMG4660-1872x1404c.jpg 2x\">           <source width=\"696\" height=\"522\" media=\"(min-width: 768px)\" srcset=\"https:\/\/www.lapurla.ch\/wp-content\/uploads\/2023\/06\/IMG4660-696x522c.jpg 1x, https:\/\/www.lapurla.ch\/wp-content\/uploads\/2023\/06\/IMG4660-1392x1044c.jpg 2x\">           <source width=\"516\" height=\"387\" media=\"(min-width: 576px)\" srcset=\"https:\/\/www.lapurla.ch\/wp-content\/uploads\/2023\/06\/IMG4660-516x387c.jpg 1x, https:\/\/www.lapurla.ch\/wp-content\/uploads\/2023\/06\/IMG4660-1032x774c.jpg 2x\">           <img loading=\"lazy\" decoding=\"async\" width=\"550\" height=\"413\"           class=\"a-image__image\"           src=\"https:\/\/www.lapurla.ch\/wp-content\/uploads\/2023\/06\/IMG4660-550x413c.jpg\" data-srcset=\"https:\/\/www.lapurla.ch\/wp-content\/uploads\/2023\/06\/IMG4660-1100x826c.jpg 2x\" alt=\"\"\/>       <\/picture> <\/div>                            <figcaption>\n\t\t\t\t\t\t\t\t                            <\/figcaption>\n                        <\/figure>\n                    <\/div>\n\t\t\t\t                    <div class=\"swiper-slide\">\n                        <figure>\n\t\t\t\t\t\t\t<div class=\"a-image \">       <picture class=\"a-image__picture\">       \t<source width=\"1296\" height=\"972\" media=\"(min-width: 1400px)\" srcset=\"https:\/\/www.lapurla.ch\/wp-content\/uploads\/2023\/06\/IMG4622-scaled-1296x972c.jpeg 1x, https:\/\/www.lapurla.ch\/wp-content\/uploads\/2023\/06\/IMG4622-scaled-2592x1944c.jpeg 2x\">           <source width=\"1116\" height=\"837\" media=\"(min-width: 1200px)\" srcset=\"https:\/\/www.lapurla.ch\/wp-content\/uploads\/2023\/06\/IMG4622-scaled-1116x837c.jpeg 1x, https:\/\/www.lapurla.ch\/wp-content\/uploads\/2023\/06\/IMG4622-scaled-2232x1674c.jpeg 2x\">           <source width=\"936\" height=\"702\" media=\"(min-width: 992px)\" srcset=\"https:\/\/www.lapurla.ch\/wp-content\/uploads\/2023\/06\/IMG4622-scaled-936x702c.jpeg  1x, https:\/\/www.lapurla.ch\/wp-content\/uploads\/2023\/06\/IMG4622-scaled-1872x1404c.jpeg 2x\">           <source width=\"696\" height=\"522\" media=\"(min-width: 768px)\" srcset=\"https:\/\/www.lapurla.ch\/wp-content\/uploads\/2023\/06\/IMG4622-scaled-696x522c.jpeg 1x, https:\/\/www.lapurla.ch\/wp-content\/uploads\/2023\/06\/IMG4622-scaled-1392x1044c.jpeg 2x\">           <source width=\"516\" height=\"387\" media=\"(min-width: 576px)\" srcset=\"https:\/\/www.lapurla.ch\/wp-content\/uploads\/2023\/06\/IMG4622-scaled-516x387c.jpeg 1x, https:\/\/www.lapurla.ch\/wp-content\/uploads\/2023\/06\/IMG4622-scaled-1032x774c.jpeg 2x\">           <img loading=\"lazy\" decoding=\"async\" width=\"550\" height=\"413\"           class=\"a-image__image\"           src=\"https:\/\/www.lapurla.ch\/wp-content\/uploads\/2023\/06\/IMG4622-scaled-550x413c.jpeg\" data-srcset=\"https:\/\/www.lapurla.ch\/wp-content\/uploads\/2023\/06\/IMG4622-scaled-1100x826c.jpeg 2x\" alt=\"\"\/>       <\/picture> <\/div>                            <figcaption>\n\t\t\t\t\t\t\t\t                            <\/figcaption>\n                        <\/figure>\n                    <\/div>\n\t\t\t\t                    <div class=\"swiper-slide\">\n                        <figure>\n\t\t\t\t\t\t\t<div class=\"a-image \">       <picture class=\"a-image__picture\">       \t<source width=\"1296\" height=\"972\" media=\"(min-width: 1400px)\" srcset=\"https:\/\/www.lapurla.ch\/wp-content\/uploads\/2023\/06\/IMG4623-scaled-1296x972c.jpeg 1x, https:\/\/www.lapurla.ch\/wp-content\/uploads\/2023\/06\/IMG4623-scaled-2592x1944c.jpeg 2x\">           <source width=\"1116\" height=\"837\" media=\"(min-width: 1200px)\" srcset=\"https:\/\/www.lapurla.ch\/wp-content\/uploads\/2023\/06\/IMG4623-scaled-1116x837c.jpeg 1x, https:\/\/www.lapurla.ch\/wp-content\/uploads\/2023\/06\/IMG4623-scaled-2232x1674c.jpeg 2x\">           <source width=\"936\" height=\"702\" media=\"(min-width: 992px)\" srcset=\"https:\/\/www.lapurla.ch\/wp-content\/uploads\/2023\/06\/IMG4623-scaled-936x702c.jpeg  1x, https:\/\/www.lapurla.ch\/wp-content\/uploads\/2023\/06\/IMG4623-scaled-1872x1404c.jpeg 2x\">           <source width=\"696\" height=\"522\" media=\"(min-width: 768px)\" srcset=\"https:\/\/www.lapurla.ch\/wp-content\/uploads\/2023\/06\/IMG4623-scaled-696x522c.jpeg 1x, https:\/\/www.lapurla.ch\/wp-content\/uploads\/2023\/06\/IMG4623-scaled-1392x1044c.jpeg 2x\">           <source width=\"516\" height=\"387\" media=\"(min-width: 576px)\" srcset=\"https:\/\/www.lapurla.ch\/wp-content\/uploads\/2023\/06\/IMG4623-scaled-516x387c.jpeg 1x, https:\/\/www.lapurla.ch\/wp-content\/uploads\/2023\/06\/IMG4623-scaled-1032x774c.jpeg 2x\">           <img loading=\"lazy\" decoding=\"async\" width=\"550\" height=\"413\"           class=\"a-image__image\"           src=\"https:\/\/www.lapurla.ch\/wp-content\/uploads\/2023\/06\/IMG4623-scaled-550x413c.jpeg\" data-srcset=\"https:\/\/www.lapurla.ch\/wp-content\/uploads\/2023\/06\/IMG4623-scaled-1100x826c.jpeg 2x\" alt=\"\"\/>       <\/picture> <\/div>                            <figcaption>\n\t\t\t\t\t\t\t\t                            <\/figcaption>\n                        <\/figure>\n                    <\/div>\n\t\t\t\t            <\/div>\n            <div class=\"container\">\n                <div class=\"row\">\n                    <div class=\"col-12 position-relative\">\n                        <div class=\"pagination\"><\/div>\n                        <div class=\"button-wrapper\">\n                            <button class=\"swiper-button-prev\">\n\t\t\t\t\t\t\t\t<svg class=\"svg-icon icon-arrow-left\" xmlns=\"http:\/\/www.w3.org\/2000\/svg\"><use xmlns:xlink=\"http:\/\/www.w3.org\/1999\/xlink\" xlink:href=\"https:\/\/www.lapurla.ch\/wp-content\/themes\/lapurla\/dist\/icons.svg?f27dc72#arrow-left\"><\/use><\/svg>                                <span class=\"visually-hidden\">Indietro <\/span>\n                            <\/button>\n                            <button class=\"swiper-button-next\">\n\t\t\t\t\t\t\t\t<svg class=\"svg-icon icon-arrow-right\" xmlns=\"http:\/\/www.w3.org\/2000\/svg\"><use xmlns:xlink=\"http:\/\/www.w3.org\/1999\/xlink\" xlink:href=\"https:\/\/www.lapurla.ch\/wp-content\/themes\/lapurla\/dist\/icons.svg?f27dc72#arrow-right\"><\/use><\/svg>                                <span class=\"visually-hidden\">Avanti<\/span>\n                            <\/button>\n                        <\/div>\n                    <\/div>\n                <\/div>\n            <\/div>\n        <\/div>\n\t<\/div>\n        <\/div>\n    <\/div>\n\n\n\n<div id=\"infobox-block_168b04c8a1483379ebd7049962926cb7\" class=\"mod-infobox\">\n\t        <div class=\"row\">\n            <div class=\"col-12\">\n                <div class=\"info-container\">\n                    <h2>Profilo<\/h2>\n                    <div class=\"row\">\n                        <div class=\"col-12 col-lg-6\">\n\t\t\t\t\t\t\t<div class=\"item--impression\">\n<h2 class=\"location\">Coordinamento<\/h2>\n<\/div>\n<p>Jana Skolovski<br \/>\nKulturvermittlung Kunst- und Kulturhaus <a href=\"https:\/\/www.kultur-visavis.ch\" target=\"_blank\" rel=\"noopener\">VISAVIS<\/a><br \/>\n<a href=\"mailto:jana.bubenhofer@kultur-visavis.ch\" target=\"_blank\" rel=\"noopener\">jana.bubenhofer@kultur-visavis.ch<\/a><\/p>\n<h2>Focus<\/h2>\n<div class=\"page\" title=\"Page 4\">\n<div class=\"layoutArea\">\n<div class=\"column\">\n<p>Focus A: fare rete con nuovi\/e partner, sviluppare insieme delle offerte, raccogliere fondi<\/p>\n<\/div>\n<\/div>\n<\/div>\n<h2>Membri<\/h2>\n<ul>\n<li>Evelyne Brunner, Leitung <a href=\"http:\/\/www.kinder-atelier.ch\" target=\"_blank\" rel=\"noopener\">Offenes Kinder-Atelier<\/a><\/li>\n<li>Belinda G\u00f6llner, Kunstvermittlerin Zentrum Paul Klee<\/li>\n<li>Laura Imfeld, ehem. Projektassistentin Lapurla<\/li>\n<li>Stefanie Langenegger, Kunstvermittlerin Kunstmuseum Bern<\/li>\n<li>Mirjana Lanzerone, Leiterin <a href=\"https:\/\/www.lanzarone.ch\" target=\"_blank\" rel=\"noopener\">Spielgruppe Pinguin<\/a><\/li>\n<li>(Ruth Moore, Kulturvermittlerin, Therapiehundef\u00fchrerin)<\/li>\n<li>Johanna P\u00e4rli, Musikvermittlerin<\/li>\n<li>Maud Richter, Kinderg\u00e4rtnerin<\/li>\n<li>Sara Rossi, Berufsschullehrerin FaBe K BFF, <a href=\"https:\/\/www.sararossi.ch\" target=\"_blank\" rel=\"noopener\">Supervision<\/a><\/li>\n<li>Franziska Sahli, Fachperson Betreuung Kind, Kita Tscharnergut<\/li>\n<\/ul>\n                        <\/div>\n                        <div class=\"col-12 col-lg-6\">\n\t\t\t\t\t\t\t<h2>Riunione<\/h2>\n<p data-start=\"0\" data-end=\"37\">Venerd\u00ec 20 marzo 2026 | ore 17:30<\/p>\n<p data-start=\"39\" data-end=\"278\" data-is-last-node=\"\" data-is-only-node=\"\"><a href=\"https:\/\/www.progr.ch\">Atelier PROGR<\/a> | Waisenhauspl. 30, 3011 Berna<br data-start=\"87\" data-end=\"90\" \/>Al termine dell\u2019incontro, tutte le persone interessate avranno la possibilit\u00e0 di partecipare insieme alla Notte dei musei di Berna e di concludere la serata in un\u2019atmosfera conviviale.<\/p>\n<p>Luned\u00ec 10 marcia | 19:00<br \/>\nOnline<\/p>\n<p>Marted\u00ec 17 ottobre 2023 | 18:30<br \/>\nOnline | I verbali possono essere richiesti<\/p>\n<p>Marted\u00ec 29 agosto 2023 | 18:30<br \/>\n<a href=\"https:\/\/www.lanzarone.ch\" target=\"_blank\" rel=\"noopener\">Spielgruppe Pinguin<\/a> |\u00a0<span class=\"wixui-rich-text__text\">Konsumstrasse 13,\u00a0<\/span><span class=\"wixui-rich-text__text\">3007 Bern<\/span><\/p>\n<p>Marted\u00ec 20 giugno 2023 | 18:30<br \/>\n<a href=\"http:\/\/www.kinder-atelier.ch\" target=\"_blank\" rel=\"noopener\">Offenes Kinder-Atelier<\/a> | Weissenb\u00fchlweg 22, 3007 Bern<\/p>\n<p>Mercoled\u00ec 23 maggio 2023 | 18:30<br \/>\n<a href=\"https:\/\/das-dazwischen.org\/home\" target=\"_blank\" rel=\"noopener\">Das Dazwischen<\/a> | Mattenhofstrasse 5, 3007 Bern<\/p>\n<p>&nbsp;<\/p>\n<p>&nbsp;<\/p>\n<p>&nbsp;<\/p>\n                        <\/div>\n                    <\/div>\n                <\/div>\n            <\/div>\n        <\/div>\n\t<\/div>\n","protected":false},"excerpt":{"rendered":"<p>Il primo incontro del gruppo regionale di Berna \u00e8 stato incentrato sulla conoscenza reciproca e sulla ricerca di un obiettivo. Dopo un brainstorming e una successiva discussione, \u00e8 stato scelto il focus A, incentrato sul networking. Dal punto di vista tematico, il gruppo era interessato a come creare un accesso al museo per i bambini [&hellip;]<\/p>\n","protected":false},"author":5,"featured_media":0,"parent":0,"menu_order":0,"comment_status":"closed","ping_status":"closed","template":"","meta":{"_acf_changed":false,"latitude":"","longitude":"","kurzbeschreibung":"","datum_von":"","footnotes":""},"class_list":["post-17555","page","type-page","status-publish","hentry"],"acf":[],"yoast_head":"<!-- This site is optimized with the Yoast SEO plugin v27.2 - https:\/\/yoast.com\/product\/yoast-seo-wordpress\/ -->\n<title>Gruppo regionale Berna &#8211; Lapurla<\/title>\n<meta name=\"description\" content=\"In un primo incontro con cinque partecipanti, il gruppo regionale di Berna ha deciso di concentrarsi sulla sezione A, ponendo l&#039;accento sulla creazione di reti. Nel secondo incontro sono stati presi in considerazione, da un lato, un progetto di gruppo di gioco e, dall&#039;altro, un opuscolo con esempi di come la creativit\u00e0 possa essere stimolata negli asili nido nonostante la mancanza di personale qualificato.\" \/>\n<meta name=\"robots\" content=\"index, follow, max-snippet:-1, max-image-preview:large, max-video-preview:-1\" \/>\n<link rel=\"canonical\" href=\"https:\/\/www.lapurla.ch\/it\/gruppo-regionale-berna\" \/>\n<meta property=\"og:locale\" content=\"it_IT\" \/>\n<meta property=\"og:type\" content=\"article\" \/>\n<meta property=\"og:title\" content=\"Gruppo regionale Berna &#8211; Lapurla\" \/>\n<meta property=\"og:description\" content=\"In un primo incontro con cinque partecipanti, il gruppo regionale di Berna ha deciso di concentrarsi sulla sezione A, ponendo l&#039;accento sulla creazione di reti. Nel secondo incontro sono stati presi in considerazione, da un lato, un progetto di gruppo di gioco e, dall&#039;altro, un opuscolo con esempi di come la creativit\u00e0 possa essere stimolata negli asili nido nonostante la mancanza di personale qualificato.\" \/>\n<meta property=\"og:url\" content=\"https:\/\/www.lapurla.ch\/it\/gruppo-regionale-berna\" \/>\n<meta property=\"og:site_name\" content=\"Lapurla\" \/>\n<meta property=\"article:modified_time\" content=\"2026-03-02T14:12:08+00:00\" \/>\n<meta name=\"twitter:card\" content=\"summary_large_image\" \/>\n<meta name=\"twitter:label1\" content=\"Tempo di lettura stimato\" \/>\n\t<meta name=\"twitter:data1\" content=\"2 minuti\" \/>\n<script type=\"application\/ld+json\" class=\"yoast-schema-graph\">{\"@context\":\"https:\/\/schema.org\",\"@graph\":[{\"@type\":\"WebPage\",\"@id\":\"https:\/\/www.lapurla.ch\/it\/gruppo-regionale-berna\",\"url\":\"https:\/\/www.lapurla.ch\/it\/gruppo-regionale-berna\",\"name\":\"Gruppo regionale Berna &#8211; Lapurla\",\"isPartOf\":{\"@id\":\"https:\/\/www.lapurla.ch\/#website\"},\"datePublished\":\"2023-05-15T14:04:17+00:00\",\"dateModified\":\"2026-03-02T14:12:08+00:00\",\"description\":\"In un primo incontro con cinque partecipanti, il gruppo regionale di Berna ha deciso di concentrarsi sulla sezione A, ponendo l'accento sulla creazione di reti. Nel secondo incontro sono stati presi in considerazione, da un lato, un progetto di gruppo di gioco e, dall'altro, un opuscolo con esempi di come la creativit\u00e0 possa essere stimolata negli asili nido nonostante la mancanza di personale qualificato.\",\"breadcrumb\":{\"@id\":\"https:\/\/www.lapurla.ch\/it\/gruppo-regionale-berna#breadcrumb\"},\"inLanguage\":\"it-IT\",\"potentialAction\":[{\"@type\":\"ReadAction\",\"target\":[\"https:\/\/www.lapurla.ch\/it\/gruppo-regionale-berna\"]}]},{\"@type\":\"BreadcrumbList\",\"@id\":\"https:\/\/www.lapurla.ch\/it\/gruppo-regionale-berna#breadcrumb\",\"itemListElement\":[{\"@type\":\"ListItem\",\"position\":1,\"name\":\"Startseite\",\"item\":\"https:\/\/www.lapurla.ch\/it\"},{\"@type\":\"ListItem\",\"position\":2,\"name\":\"Gruppo regionale Berna\"}]},{\"@type\":\"WebSite\",\"@id\":\"https:\/\/www.lapurla.ch\/#website\",\"url\":\"https:\/\/www.lapurla.ch\/\",\"name\":\"Lapurla\",\"description\":\"\",\"publisher\":{\"@id\":\"https:\/\/www.lapurla.ch\/#organization\"},\"potentialAction\":[{\"@type\":\"SearchAction\",\"target\":{\"@type\":\"EntryPoint\",\"urlTemplate\":\"https:\/\/www.lapurla.ch\/?s={search_term_string}\"},\"query-input\":{\"@type\":\"PropertyValueSpecification\",\"valueRequired\":true,\"valueName\":\"search_term_string\"}}],\"inLanguage\":\"it-IT\"},{\"@type\":\"Organization\",\"@id\":\"https:\/\/www.lapurla.ch\/#organization\",\"name\":\"Lapurla\",\"url\":\"https:\/\/www.lapurla.ch\/\",\"logo\":{\"@type\":\"ImageObject\",\"inLanguage\":\"it-IT\",\"@id\":\"https:\/\/www.lapurla.ch\/#\/schema\/logo\/image\/\",\"url\":\"https:\/\/www.lapurla.ch\/wp-content\/uploads\/2022\/03\/cropped-favicon.png\",\"contentUrl\":\"https:\/\/www.lapurla.ch\/wp-content\/uploads\/2022\/03\/cropped-favicon.png\",\"width\":512,\"height\":512,\"caption\":\"Lapurla\"},\"image\":{\"@id\":\"https:\/\/www.lapurla.ch\/#\/schema\/logo\/image\/\"}}]}<\/script>\n<!-- \/ Yoast SEO plugin. -->","yoast_head_json":{"title":"Gruppo regionale Berna &#8211; Lapurla","description":"In un primo incontro con cinque partecipanti, il gruppo regionale di Berna ha deciso di concentrarsi sulla sezione A, ponendo l'accento sulla creazione di reti. Nel secondo incontro sono stati presi in considerazione, da un lato, un progetto di gruppo di gioco e, dall'altro, un opuscolo con esempi di come la creativit\u00e0 possa essere stimolata negli asili nido nonostante la mancanza di personale qualificato.","robots":{"index":"index","follow":"follow","max-snippet":"max-snippet:-1","max-image-preview":"max-image-preview:large","max-video-preview":"max-video-preview:-1"},"canonical":"https:\/\/www.lapurla.ch\/it\/gruppo-regionale-berna","og_locale":"it_IT","og_type":"article","og_title":"Gruppo regionale Berna &#8211; Lapurla","og_description":"In un primo incontro con cinque partecipanti, il gruppo regionale di Berna ha deciso di concentrarsi sulla sezione A, ponendo l'accento sulla creazione di reti. Nel secondo incontro sono stati presi in considerazione, da un lato, un progetto di gruppo di gioco e, dall'altro, un opuscolo con esempi di come la creativit\u00e0 possa essere stimolata negli asili nido nonostante la mancanza di personale qualificato.","og_url":"https:\/\/www.lapurla.ch\/it\/gruppo-regionale-berna","og_site_name":"Lapurla","article_modified_time":"2026-03-02T14:12:08+00:00","twitter_card":"summary_large_image","twitter_misc":{"Tempo di lettura stimato":"2 minuti"},"schema":{"@context":"https:\/\/schema.org","@graph":[{"@type":"WebPage","@id":"https:\/\/www.lapurla.ch\/it\/gruppo-regionale-berna","url":"https:\/\/www.lapurla.ch\/it\/gruppo-regionale-berna","name":"Gruppo regionale Berna &#8211; Lapurla","isPartOf":{"@id":"https:\/\/www.lapurla.ch\/#website"},"datePublished":"2023-05-15T14:04:17+00:00","dateModified":"2026-03-02T14:12:08+00:00","description":"In un primo incontro con cinque partecipanti, il gruppo regionale di Berna ha deciso di concentrarsi sulla sezione A, ponendo l'accento sulla creazione di reti. Nel secondo incontro sono stati presi in considerazione, da un lato, un progetto di gruppo di gioco e, dall'altro, un opuscolo con esempi di come la creativit\u00e0 possa essere stimolata negli asili nido nonostante la mancanza di personale qualificato.","breadcrumb":{"@id":"https:\/\/www.lapurla.ch\/it\/gruppo-regionale-berna#breadcrumb"},"inLanguage":"it-IT","potentialAction":[{"@type":"ReadAction","target":["https:\/\/www.lapurla.ch\/it\/gruppo-regionale-berna"]}]},{"@type":"BreadcrumbList","@id":"https:\/\/www.lapurla.ch\/it\/gruppo-regionale-berna#breadcrumb","itemListElement":[{"@type":"ListItem","position":1,"name":"Startseite","item":"https:\/\/www.lapurla.ch\/it"},{"@type":"ListItem","position":2,"name":"Gruppo regionale Berna"}]},{"@type":"WebSite","@id":"https:\/\/www.lapurla.ch\/#website","url":"https:\/\/www.lapurla.ch\/","name":"Lapurla","description":"","publisher":{"@id":"https:\/\/www.lapurla.ch\/#organization"},"potentialAction":[{"@type":"SearchAction","target":{"@type":"EntryPoint","urlTemplate":"https:\/\/www.lapurla.ch\/?s={search_term_string}"},"query-input":{"@type":"PropertyValueSpecification","valueRequired":true,"valueName":"search_term_string"}}],"inLanguage":"it-IT"},{"@type":"Organization","@id":"https:\/\/www.lapurla.ch\/#organization","name":"Lapurla","url":"https:\/\/www.lapurla.ch\/","logo":{"@type":"ImageObject","inLanguage":"it-IT","@id":"https:\/\/www.lapurla.ch\/#\/schema\/logo\/image\/","url":"https:\/\/www.lapurla.ch\/wp-content\/uploads\/2022\/03\/cropped-favicon.png","contentUrl":"https:\/\/www.lapurla.ch\/wp-content\/uploads\/2022\/03\/cropped-favicon.png","width":512,"height":512,"caption":"Lapurla"},"image":{"@id":"https:\/\/www.lapurla.ch\/#\/schema\/logo\/image\/"}}]}},"_links":{"self":[{"href":"https:\/\/www.lapurla.ch\/it\/wp-json\/wp\/v2\/pages\/17555","targetHints":{"allow":["GET"]}}],"collection":[{"href":"https:\/\/www.lapurla.ch\/it\/wp-json\/wp\/v2\/pages"}],"about":[{"href":"https:\/\/www.lapurla.ch\/it\/wp-json\/wp\/v2\/types\/page"}],"author":[{"embeddable":true,"href":"https:\/\/www.lapurla.ch\/it\/wp-json\/wp\/v2\/users\/5"}],"replies":[{"embeddable":true,"href":"https:\/\/www.lapurla.ch\/it\/wp-json\/wp\/v2\/comments?post=17555"}],"version-history":[{"count":39,"href":"https:\/\/www.lapurla.ch\/it\/wp-json\/wp\/v2\/pages\/17555\/revisions"}],"predecessor-version":[{"id":34353,"href":"https:\/\/www.lapurla.ch\/it\/wp-json\/wp\/v2\/pages\/17555\/revisions\/34353"}],"wp:attachment":[{"href":"https:\/\/www.lapurla.ch\/it\/wp-json\/wp\/v2\/media?parent=17555"}],"curies":[{"name":"wp","href":"https:\/\/api.w.org\/{rel}","templated":true}]}}