{"id":10813,"date":"2022-05-17T18:43:30","date_gmt":"2022-05-17T16:43:30","guid":{"rendered":"https:\/\/lapurla.ch\/medien\/"},"modified":"2025-11-18T14:19:09","modified_gmt":"2025-11-18T13:19:09","slug":"medien","status":"publish","type":"page","link":"https:\/\/www.lapurla.ch\/it\/medien","title":{"rendered":"Media\ufffc"},"content":{"rendered":"\n<div id=\"lead-text-block_9e1cb76f8aa7083c3c9e5858a73e18f6\" class=\"mod-lead-text\">\n\t        <div class=\"row\">\n            <div class=\"col-12\">\n\t\t\t\t                <div class=\"lead-text\">\n\t\t\t\t\t<p>Informazioni, materiale fotografico o richieste di interviste: siamo sempre a disposizione!<\/p>\n                <\/div>\n            <\/div>\n        <\/div>\n\t<\/div>\n\n\n<hr class=\"wp-block-separator has-alpha-channel-opacity\"\/>\n\n\n\n<h2 class=\"wp-block-heading\">Contatto per i media<\/h2>\n\n\n\n<hr class=\"wp-block-separator has-alpha-channel-opacity\"\/>\n\n\n\n<p>Karin Kraus<br>Direttrice<br>Tel. +41 31 848 38 47<br><a href=\"mailto:karin.kraus@hkb.bfh.ch\">karin.kraus@hkb.bfh.ch<\/a><a href=\"mailto:barbara.salm@mgb.ch\" target=\"_blank\" rel=\"noreferrer noopener\">.ch<\/a><\/p>\n\n\n\n<hr class=\"wp-block-separator has-alpha-channel-opacity\"\/>\n\n\n\n<h2 class=\"wp-block-heading\">Rassegna stampa<\/h2>\n\n\n\n<hr class=\"wp-block-separator has-alpha-channel-opacity\"\/>\n\n\n\n<p>Qui sono disponibili tutti gli articoli e i comunicati stampa di e su Lapurla.<\/p>\n\n\n\n<ul class=\"wp-block-list\">\n<li>Fachzeitschrift Kinder\u00e4rzte Schweiz 04\/2025, S. 36: <a href=\"https:\/\/www.lapurla.ch\/wp-content\/uploads\/2025\/11\/KinderaerzteSchweiz42025.pdf\">Die Kinderarztpraxis als kreativer Freiraum: Wie geht das?<\/a><\/li>\n<\/ul>\n\n\n\n<ul class=\"wp-block-list\">\n<li>Youp&#8217;l\u00e0 bouge, Hiver 2024\/2025: <a href=\"https:\/\/www.lapurla.ch\/wp-content\/uploads\/2025\/02\/idee-de-lhiver-2024-2025-final.pdf\" target=\"_blank\" rel=\"noreferrer noopener\">Cr\u00e9ativit\u00e9 et \u00e9veil esth\u00e9tique<\/a><\/li>\n<\/ul>\n\n\n\n<ul class=\"wp-block-list\">\n<li>Kanal 9, 29. November 2024: <a href=\"https:\/\/canal9.ch\/de\/tagesinfo-vom-29-11-2024\/\" target=\"_blank\" rel=\"noreferrer noopener\">Preis f\u00fcr Fr\u00fchf\u00f6rderung<\/a><\/li>\n<\/ul>\n\n\n\n<ul class=\"wp-block-list\">\n<li>Walliser Bote, 29. November 2024: <a href=\"https:\/\/www.lapurla.ch\/wp-content\/uploads\/2024\/12\/Pestalozzipreis.pdf\" target=\"_blank\" rel=\"noreferrer noopener\">Visper Vorschulprojekt gewinnt Fr\u00fchf\u00f6rderungspreis<\/a><\/li>\n<\/ul>\n\n\n\n<ul class=\"wp-block-list\">\n<li>Zug Kultur Magazin, 29. Oktober 2024: <a href=\"https:\/\/www.lapurla.ch\/wp-content\/uploads\/2024\/11\/2024zugkulturmagazinkulturelleteilhabevonkleinkindernimfokus.pdf\" target=\"_blank\" rel=\"noreferrer noopener\">Kulturelle Teilhabe von Kleinkindern im Fokus<\/a><\/li>\n<\/ul>\n\n\n\n<ul class=\"wp-block-list\">\n<li>Spendenmagazin StiftungSchweiz, 13. September 2024: <a href=\"https:\/\/spendenmagazin.stiftungschweiz.ch\/vielfaeltiges-engagement\/\" target=\"_blank\" rel=\"noreferrer noopener\">Mehr Chancengerechtigkeit durch \u00e4sthetisch-kulturelle Erfahrungen f\u00fcr Kleinkinder<\/a><\/li>\n<\/ul>\n\n\n\n<ul class=\"wp-block-list\">\n<li>YOUVITA Blog, 12. September 2024: <a href=\"https:\/\/www.youvita.ch\/YOUVITA-Blog\/POGL9\/?id=440F3ABF-F28C-44AD-9EEE3B56F9E8D494&amp;method=article.detail&amp;p=1&amp;c=&amp;ref_c=&amp;m=\" target=\"_blank\" rel=\"noreferrer noopener\">Kinder im FLOW \u2013 Kreativit\u00e4t als wichtige Ressource<\/a><\/li>\n<\/ul>\n\n\n\n<ul class=\"wp-block-list\">\n<li>Echo magazine, 4 luglio 2024, N\u00b027: <a href=\"https:\/\/www.lapurla.ch\/wp-content\/uploads\/2024\/08\/echo-magazine-n-27-2024-lapurla.pdf\" target=\"_blank\" rel=\"noreferrer noopener\">Un caillou, de la feutrine et Hodler<\/a><\/li>\n<\/ul>\n\n\n\n<ul class=\"wp-block-list\">\n<li>HKB-Zeitung, Dezember 2023, N\u00b04: <a href=\"https:\/\/issuu.com\/hochschulederkunstebern\/docs\/hkb-zeitung-4-23?fr=xKAE9_zU1NQ\">\u00abUN-Kinderrechtskonvention \u2013 Chancengerechtigkeit durch Kulturelle Teilhabe\u00bb.<\/a><\/li>\n<\/ul>\n\n\n\n<ul class=\"wp-block-list\">\n<li>Presseportal, 15.11.2023: Hochschule der K\u00fcnste Bern: <a href=\"https:\/\/www.lapurla.ch\/wp-content\/uploads\/2025\/04\/presseportalhochschule-der-k-nste-bern-lapurla-awards-2023-ver100913440.pdf\">Lapurla-Awards 2023 verliehen<\/a><\/li>\n<\/ul>\n\n\n\n<ul class=\"wp-block-list\">\n<li>Podcast Fr\u00fche Bildung, 30. Oktober 2023: <a href=\"https:\/\/podcasters.spotify.com\/pod\/show\/podcastfruehebildung\/episodes\/16-2-sthetische-Bildung-Freirume-statt-Vorgaben-e2b4me2\/a-aahhvba\">\u00c4sthetische Bildung | Teil 2 : \u00abFreir\u00e4ume statt Vorgaben\u00bb<\/a><\/li>\n<\/ul>\n\n\n\n<ul class=\"wp-block-list\">\n<li>Podcast Fr\u00fche Bildung zur \u00c4sthetischen Bildung 16. Oktober 2023: <a href=\"https:\/\/www.phsg.ch\/de\/institute\/institut-fruehe-bildung-0-bis-8\/podcast-fruehe-bildung\" target=\"_blank\" rel=\"noreferrer noopener\">\u00ab\u00c4sthetische Bildung | Teil 1: Prozess statt Produkt\u00bb<\/a><\/li>\n<\/ul>\n\n\n\n<ul class=\"wp-block-list\">\n<li>Liechtensteiner Vaterland, 30. September 2023: <a href=\"https:\/\/www.lapurla.ch\/wp-content\/uploads\/2023\/10\/Kunst-von-Anfang-anVaterland30.09.2023.pdf\">\u00abKunst von Anfang an\u00bb<\/a><\/li>\n<\/ul>\n\n\n\n<ul class=\"wp-block-list\">\n<li>Liechtensteiner Vaterland, 26. September 2023: <a href=\"https:\/\/www.lapurla.ch\/wp-content\/uploads\/2023\/09\/InterviewKarin-KrausLiechtensteiner-Vaterland26.09.2023.pdf\">\u00abKindern wird die Kreativit\u00e4t ausgetrieben\u00bb<\/a><\/li>\n<\/ul>\n\n\n\n<ul class=\"wp-block-list\">\n<li>Spielgruppen.ch, 2 aprile 2023: <a href=\"https:\/\/www.lapurla.ch\/wp-content\/uploads\/2023\/05\/GoodPracticespapril23.pdf\" target=\"_blank\" rel=\"noreferrer noopener\">\u00abSpielplatz Musik. H\u00f6ren, staunen, spielen\u00bb<\/a><\/li>\n<\/ul>\n\n\n\n<ul class=\"wp-block-list\">\n<li>ThePhilanthropist, 6 gennaio 2023: <a href=\"https:\/\/www.lapurla.ch\/wp-content\/uploads\/2023\/01\/Lapurla-wird-eine-Stiftung-THE-PHILANTHROPIST.pdf\">\u00abLapurla wird eine Stiftung\u00bb<\/a><\/li>\n<\/ul>\n\n\n\n<ul class=\"wp-block-list\">\n<li>Revue (petite) enfance, maggio 2022: <a href=\"https:\/\/revuepetiteenfance.ch\/wp-content\/uploads\/2022\/12\/138_Onrubia.pdf\" target=\"_blank\" rel=\"noreferrer noopener\">\u00abEt si on allait au mus\u00e9e ?\u00bb<\/a><\/li>\n<\/ul>\n\n\n\n<ul class=\"wp-block-list\">\n<li>Impegno Migros, 5 gennaio 2022: <a href=\"https:\/\/www.migros-engagement.ch\/de\/news-projekte\/bildung\/kinder-nehmen-kunst-wahr\" target=\"_blank\" rel=\"noreferrer noopener\">\u00abWieso du schon mit Babys ins Museum solltest.\u00bb<\/a><\/li>\n<\/ul>\n\n\n\n<ul class=\"wp-block-list\">\n<li>Azione, Ottobre 2021:&nbsp;&nbsp;<a href=\"https:\/\/www.azione.ch\/mondo-migros\/dettaglio\/articolo\/una-giraffa-come-premio.html\" target=\"_blank\" rel=\"noreferrer noopener\">\u00abUna giraffa come&nbsp;premio\u00bb<\/a><\/li>\n<\/ul>\n\n\n\n<ul class=\"wp-block-list\">\n<li>La voix des girafes, Octobre 2021, #6: <a href=\"https:\/\/semainepetiteenfance.fr\/wp-content\/uploads\/2021\/10\/voix-des-girafes-6.pdf\" target=\"_blank\" rel=\"noreferrer noopener\">\u00abL&#8217;enthousiasme Suisse pour l&#8217;art d\u00e8s le plus jeune \u00e2ge\u00bb<\/a>&nbsp;(p. 22\u201324)<\/li>\n<\/ul>\n\n\n\n<ul class=\"wp-block-list\">\n<li>Supplemento del Tages-Anzeiger sull\u2019istruzione, 29 settembre 2021: <a href=\"https:\/\/lapurla.ch\/wp-content\/uploads\/2022\/08\/LapurlaMedienspiegelBildungsbeilageTagesanzeigerMedienspiegel20210920.pdf\" target=\"_blank\" rel=\"noreferrer noopener\">\u00abChancengerechtigkeit beginnt im Baby-Alter\u00bb<\/a><\/li>\n<\/ul>\n\n\n\n<ul class=\"wp-block-list\">\n<li>B\u00fchnen Bern, 29 settembre 2021: <a href=\"https:\/\/buehnenbern.ch\/bblog\/ein-stueck-fuer-die-allerkleinsten\/\" target=\"_blank\" rel=\"noreferrer noopener\">Ein St\u00fcck f\u00fcr die Allerkleinsten<\/a><\/li>\n<\/ul>\n\n\n\n<ul class=\"wp-block-list\">\n<li>Basler Zeitung, 16 settembre 2021: <a href=\"https:\/\/lapurla.ch\/wp-content\/uploads\/2022\/08\/20210916Basler-Zeitung-Doppelinterview-JSKKLapurla.pdf\" target=\"_blank\" rel=\"noreferrer noopener\">\u00abInspirierte Kinder werden auch kreative Erwachsene\u00bb<\/a><\/li>\n<\/ul>\n\n\n\n<ul class=\"wp-block-list\">\n<li>SonntagsZeitung, 12 settembre 2021: <a href=\"https:\/\/lapurla.ch\/wp-content\/uploads\/2022\/08\/20210912LapurlaDoppelinterview-JSKKSonntagsZeitung.pdf\" target=\"_blank\" rel=\"noreferrer noopener\">\u00abInspirierte Kinder werden auch kreative Erwachsene\u00bb<\/a><\/li>\n<\/ul>\n\n\n\n<ul class=\"wp-block-list\">\n<li>Tages-Anzeiger, 11 settembre 2021: <a href=\"https:\/\/lapurla.ch\/wp-content\/uploads\/2022\/08\/20210911LapurlaDoppelinterview-JSKKTagesanzeiger-1.pdf\" target=\"_blank\" rel=\"noreferrer noopener\">\u00abInspirierte Kinder werden auch kreative Erwachsene\u00bb<\/a><\/li>\n<\/ul>\n\n\n\n<ul class=\"wp-block-list\">\n<li>Berner Zeitung, 11 settembre 2021: <a href=\"https:\/\/lapurla.ch\/wp-content\/uploads\/2022\/08\/20210911LapurlaDoppelinterview-JSKKBerner-Zeitung-3.pdf\" target=\"_blank\" rel=\"noreferrer noopener\">\u00abInspirierte Kinder werden auch kreative Erwachsene\u00bb<\/a><\/li>\n<\/ul>\n\n\n\n<ul class=\"wp-block-list\">\n<li>Rivista HKB, numero 3, settembre 2021: <a href=\"https:\/\/lapurla.ch\/wp-content\/uploads\/2022\/08\/HKBZeitungBund2S27202109.pdf\" target=\"_blank\" rel=\"noreferrer noopener\">Ein HKB-Studiengang stellt sich vor. \u00abCertificate of Advanced Studies Kulturelle Bildung\u00bb<\/a><\/li>\n<\/ul>\n\n\n\n<ul class=\"wp-block-list\">\n<li>Migros Magazin, 3 maggio 2021: <a href=\"https:\/\/lapurla.ch\/wp-content\/uploads\/2022\/08\/20210503Interview-Gerald-Huether-MigrosMagazin-D-CH.pdf\" target=\"_blank\" rel=\"noreferrer noopener\">\u00abDurch freies Spiel erhalten die Kinder ein besser&nbsp;vernetztes Gehirn\u00bb<\/a><\/li>\n<\/ul>\n\n\n\n<ul class=\"wp-block-list\">\n<li>Migros-Magazin, 3 maggio 2021:&nbsp;<a href=\"https:\/\/lapurla.ch\/wp-content\/uploads\/2022\/08\/20210503Interview-Gerald-Huether-MigrosMagazin-F-CH.pdf\" target=\"_blank\" rel=\"noreferrer noopener\">\u00abPour se conformer aux mesures, un enfant doit r\u00e9primer ses besoins\u00bb<\/a><\/li>\n<\/ul>\n\n\n\n<ul class=\"wp-block-list\">\n<li>Azione, 3 maggio 2021: <a href=\"https:\/\/lapurla.ch\/wp-content\/uploads\/2022\/08\/20210503Interview-Gerald-Huether-AZIONE.pdf\" target=\"_blank\" rel=\"noreferrer noopener\">\u00abLa voglia distare vicino ai nonni\u00bb<\/a><\/li>\n<\/ul>\n\n\n\n<ul class=\"wp-block-list\">\n<li>Content hub di Impegno Migros, 30 aprile 2021:&nbsp;<a href=\"https:\/\/www.migros-engagement.ch\/de\/was-bewegt\/bildung\/interview-gerald-huether\" target=\"_blank\" rel=\"noreferrer noopener\">\u00abDie Lust auf N\u00e4he mit dem Grosi ist irgendwann einfach weg.\u00bb<\/a><\/li>\n<\/ul>\n\n\n\n<ul class=\"wp-block-list\">\n<li>The Philanthropist, 23 aprile 2021: <a href=\"https:\/\/thephilanthropist.ch\/lapurla-neues-netzwerk-zur-foerderung-fruehkindlicher-bildung\/\" target=\"_blank\" rel=\"noreferrer noopener\">\u00abLapurla: Neues Netzwerk zur F\u00f6rderung fr\u00fchkindlicher Bildung\u00bb<\/a><\/li>\n<\/ul>\n\n\n\n<ul class=\"wp-block-list\">\n<li>Freundin, marzo 2021: <a href=\"https:\/\/lapurla.ch\/wp-content\/uploads\/2022\/08\/LapurlaFREU21000801Schweiz.pdf\" target=\"_blank\" rel=\"noreferrer noopener\">Probier mal!<\/a><\/li>\n<\/ul>\n\n\n\n<ul class=\"wp-block-list\">\n<li>Appenzeller Volksfreund, 17 febbraio 2021: <a href=\"https:\/\/lapurla.ch\/wp-content\/uploads\/2022\/08\/Ohne-Titel.pdf\" target=\"_blank\" rel=\"noreferrer noopener\">\u00abKunstprojekt mit Chinderhort-Kindern in der Kunst\u00adhalle Ziegelh\u00fctte: Der Neugier der Kinder folgen\u00bb<\/a><\/li>\n<\/ul>\n\n\n\n<ul class=\"wp-block-list\">\n<li>Wir Eltern, 01.02.2021 <a href=\"https:\/\/lapurla.ch\/wp-content\/uploads\/2022\/08\/20210201wir-eltern-Hinweis-Broschuere-Lapurla.pdf\" target=\"_blank\" rel=\"noreferrer noopener\">Kind &amp; Kunst<\/a><\/li>\n<\/ul>\n\n\n\n<ul class=\"wp-block-list\">\n<li>Das Schweizer ElternMagazin Fritz&amp;Fr\u00e4nzi, 15 gennaio 2021: <a href=\"https:\/\/www.fritzundfraenzi.ch\/erziehung\/entwicklung\/neue-broschure-fur-kreative-forderung-bei-kleinkindern\" target=\"_blank\" rel=\"noreferrer noopener\">Kreativ aber&nbsp;wie?<\/a><\/li>\n<\/ul>\n\n\n\n<ul class=\"wp-block-list\">\n<li>Rivista HKB, numero 4, dicembre 2020:&nbsp;<a href=\"https:\/\/lapurla.ch\/wp-content\/uploads\/2022\/08\/HKBZeitung420.pdf.pdf\" target=\"_blank\" rel=\"noreferrer noopener\">Absolvent*in im Fokus: Salome B\u00f6ni<\/a><\/li>\n<\/ul>\n\n\n\n<ul class=\"wp-block-list\">\n<li>Spielgruppe.ch, numero 4, settembre 2020: <a href=\"https:\/\/lapurla.ch\/wp-content\/uploads\/2022\/08\/SpielgruppeCHSeptember2020Willkommenskultur.pdf\" target=\"_blank\" rel=\"noreferrer noopener\">Auf dem Weg zu einer Willkommenskultur<\/a><\/li>\n<\/ul>\n\n\n\n<ul class=\"wp-block-list\">\n<li>Spielgruppe.ch, numero 4, settembre 2020: <a href=\"https:\/\/lapurla.ch\/wp-content\/uploads\/2022\/08\/LapurlaSpielgruppeCHSeptember2020Theater.pdf\" target=\"_blank\" rel=\"noreferrer noopener\">Darstellende Kunst&nbsp;im Fr\u00fchbereich<\/a>&nbsp;\u2013 Projekt <a href=\"https:\/\/lapurla.ch\/it\/project\/prima-holz\/\">PRIMA<\/a><\/li>\n<\/ul>\n\n\n\n<ul class=\"wp-block-list\">\n<li>Obwaldner Zeitung, 18.9.2020: <a href=\"https:\/\/lapurla.ch\/wp-content\/uploads\/2022\/08\/OZ200918.pdf\" target=\"_blank\" rel=\"noreferrer noopener\">Neues Atelier f\u00fcr Fr\u00fchf\u00f6rderung<\/a><\/li>\n<\/ul>\n\n\n\n<ul class=\"wp-block-list\">\n<li>Nidwaldner Zeitung, 18.9.2020:&nbsp;<a href=\"https:\/\/lapurla.ch\/wp-content\/uploads\/2022\/08\/NidwaldnerZeitung200918.pdf\" target=\"_blank\" rel=\"noreferrer noopener\">In diesem Atelier ist das Kind der Experte<\/a><\/li>\n<\/ul>\n\n\n\n<ul class=\"wp-block-list\">\n<li>Luzerner Zeitung online, 18.9.2020:&nbsp;<a href=\"https:\/\/lapurla.ch\/wp-content\/uploads\/2022\/06\/LuzernerZeitungOnline200918.pdf\" target=\"_blank\" rel=\"noreferrer noopener\">Fr\u00fchf\u00f6rderung einmal anders: In diesem Obwaldner Atelier ist das Kind der Experte<\/a><\/li>\n<\/ul>\n\n\n\n<ul class=\"wp-block-list\">\n<li>Bieler Tagblatt, 7.3.2020:&nbsp;<a href=\"https:\/\/lapurla.ch\/wp-content\/uploads\/2022\/08\/BielerTagblatt07032020.pdf\" target=\"_blank\" rel=\"noreferrer noopener\">Spielerisch Kunst und Kultur entdecken<\/a><\/li>\n<\/ul>\n\n\n\n<ul class=\"wp-block-list\">\n<li>Le journal du Jura, 4.3.2020:&nbsp;<a href=\"https:\/\/lapurla.ch\/wp-content\/uploads\/2022\/08\/Journal-du-Jura-04.03.20-.pdf\" target=\"_blank\" rel=\"noreferrer noopener\">La lecture prend vie<\/a><\/li>\n<\/ul>\n\n\n\n<ul class=\"wp-block-list\">\n<li>Gazette. Das Bildungsmagazin. Curaviva.ch, marzo 2020: <a href=\"https:\/\/lapurla.ch\/wp-content\/uploads\/2022\/08\/ArtikelGazette.pdf\" target=\"_blank\" rel=\"noreferrer noopener\">Kultur f\u00fcr die Kleinsten<\/a><\/li>\n<\/ul>\n\n\n\n<ul class=\"wp-block-list\">\n<li>Radio SRF, 14.02.2020: <a href=\"https:\/\/lapurla.ch\/wp-content\/uploads\/2022\/08\/Beitrag-Initiative-Lapurla.mp3\" target=\"_blank\" rel=\"noreferrer noopener\">Beitrag zur Initiative Lapurla<\/a><\/li>\n<\/ul>\n\n\n\n<ul class=\"wp-block-list\">\n<li>Radio SRF, 13.02.2020:&nbsp;<a href=\"https:\/\/www.srf.ch\/news\/regional\/bern-freiburg-wallis\/kulturfoerderung-im-wallis-keiner-zu-klein-ein-kuenstler-zu-sein\" target=\"_blank\" rel=\"noreferrer noopener\">Keiner zu klein, ein K\u00fcnstler zu sein.<\/a>&nbsp;Der Kinder-Kulturtreff in Brig will die Kreativit\u00e4t von Kleinkindern f\u00f6rdern. Auch die J\u00fcngsten sind willkommen.<\/li>\n<\/ul>\n\n\n\n<ul class=\"wp-block-list\">\n<li>Liechtensteiner Vaterland, 5.2.2020: <a href=\"https:\/\/lapurla.ch\/wp-content\/uploads\/2022\/08\/VaterlandKarinKraus-Kopie.pdf\" target=\"_blank\" rel=\"noreferrer noopener\">Kreativit\u00e4t f\u00fcr alle \u2013 auch f\u00fcr die Kinder<\/a>. Referat von Karin Kraus im TAK Liechtenstein im Rahmen des PRIMA&nbsp;Theaterfestivals f\u00fcr die J\u00fcngsten.<\/li>\n<\/ul>\n\n\n\n<ul class=\"wp-block-list\">\n<li>Art TV, 5.02.2020: <a href=\"https:\/\/www.arttv.ch\/buehne\/theater-fuer-die-kleinsten-flow\/?fbclid=IwAR2THgVWf5J_D53aUPQ4xk5Or1e6hdcDjs4J5xjMZno2gyntqKWcpquZ7UE\" target=\"_blank\" rel=\"noreferrer noopener\">Theater f\u00fcr die Kleinsten | Flow.<\/a>&nbsp;\u00abTheater von Anfang an\u00bb ist ein in der Schweiz noch wenig bekanntes Theaterformat f\u00fcr Kinder zwischen zwei und vier Jahren. Bereits den Allerkleinsten wird so die Teilnahme an Kunst und Kultur erm\u00f6glicht.&nbsp;<\/li>\n<\/ul>\n\n\n\n<ul class=\"wp-block-list\">\n<li>Radio SRF 1, 1.2.2020: <a href=\"https:\/\/www.srf.ch\/audio\/regionaljournal-aargau-solothurn\/aargauer-machen-theater-fuer-die-kleinsten?id=11703671\" target=\"_blank\" rel=\"noreferrer noopener\">Aargauer machen Theater f\u00fcr die Kleinsten<\/a>&nbsp;Das Theaterfestival \u00abPrima\u00bb zieht seit einigen Wochen durch die Schweiz. Mit dabei sind auch zwei Theatermacher aus dem Aargau. Sie spielen schon seit einigen Jahren f\u00fcr Kleinkinder. Immer wieder werde sie dabei gefragt, ob es Theater f\u00fcr Zweij\u00e4hrige \u00fcberhaupt braucht&nbsp;(Beitrag ab Minute 02:11).<\/li>\n<\/ul>\n\n\n\n<ul class=\"wp-block-list\">\n<li>Liechtensteiner Vaterland, 1\u00b0 febbraio 2020: <a href=\"https:\/\/lapurla.ch\/wp-content\/uploads\/2022\/08\/VL20200201AnkKarinKraus.pdf\" target=\"_blank\" rel=\"noreferrer noopener\">Die Kunst, die Kleinsten zu fesseln<\/a>.&nbsp;Gegl\u00fcckter Auftakt des Prima-Festivals: Erstmals lud das TAK Babys zum Theater ein. \u00abIcil\u00e0-Hierda\u00bb hiess die H\u00f6r- und Spielperformance.<\/li>\n<\/ul>\n\n\n\n<ul class=\"wp-block-list\">\n<li>Volksblatt Liechtenstein, 31 gennaio 2020: <a href=\"https:\/\/lapurla.ch\/wp-content\/uploads\/2022\/08\/VB20200131AnkVortragKarinKraus.pdf\" target=\"_blank\" rel=\"noreferrer noopener\">PRIMA-Festival \u00f6ffnet T\u00fcren<\/a>.<\/li>\n<\/ul>\n\n\n\n<ul class=\"wp-block-list\">\n<li>Walliser Bote, 2 febbraio 2020: <a href=\"https:\/\/www.1815.ch\/news\/wallis\/aktuell\/keiner-zu-klein-kreativ-zu-sein\/\" target=\"_blank\" rel=\"noreferrer noopener\">Keiner zu klein, kreativ zu sein<\/a>&nbsp;<\/li>\n<\/ul>\n\n\n\n<ul class=\"wp-block-list\">\n<li>Walliser Bote, 3 febbraio 2020:&nbsp;<a href=\"https:\/\/lapurla.ch\/wp-content\/uploads\/2022\/07\/LapurlaKKTSuperwurmWB03022020.jpg\" target=\"_blank\" rel=\"noreferrer noopener\">Kreativit\u00e4t kennt kein Alter<\/a>.&nbsp;Beitr\u00e4ge zum grossen Publikumsaufmarsch bei unserem Projektpartner&nbsp;Zeughaus Kultur Brig im Rahmen&nbsp;des PRIMA Theaterfestivals f\u00fcr die J\u00fcngsten.<\/li>\n<\/ul>\n\n\n\n<ul class=\"wp-block-list\">\n<li>Telegiornale SRF dell\u201911 gennaio 2020, 22:05:&nbsp;<a href=\"https:\/\/www.srf.ch\/play\/tv\/tagesschau\/video\/tagesschau-vom-11-01-2020-spaetausgabe?urn=urn:srf:video:4bdc2c63-c747-471e-b2f8-56e721e02a39\">Kinder, ist das ein Theater!<\/a>&nbsp;Beitrag zur Er\u00f6ffnung des ersten PRIMA-Theaterfestivals f\u00fcr die J\u00fcngsten. PRIMA ist ein wichtiger Netzwerk- und Projektpartner von Lapurla.<\/li>\n<\/ul>\n\n\n\n<ul class=\"wp-block-list\">\n<li>TagesAnzeiger, Z\u00fcritipp, 8 gennaio 2020: <a href=\"https:\/\/www.tagesanzeiger.ch\/zueritipp\/buehne\/geh-ins-theater-baby\/story\/10799327#mostPopularComment\" target=\"_blank\" rel=\"noreferrer noopener\">Geh ins Theater, Baby!&nbsp;Das Prima Theaterfestival zeigt St\u00fccke f\u00fcr kleine Menschen unter vier Jahren. Das ist auch eine Einladung f\u00fcr die Grossen.<\/a>&nbsp;PRIMA ist ein wichtiger&nbsp;Netzwerk- und Projektpartner von Lapurla.<\/li>\n<\/ul>\n\n\n\n<ul class=\"wp-block-list\">\n<li>Schweiz am Wochenende, 4 gennaio 2020: <a href=\"https:\/\/www.tagblatt.ch\/kultur\/runter-vom-wickeltisch-rein-in-die-oper-wie-es-ist-sein-baby-an-kulturelle-anlaesse-mitzunehmen-ld.1181892\" target=\"_blank\" rel=\"noreferrer noopener\">Runter vom&nbsp;Wickeltisch, rein in die Oper: Wie es ist, sein Baby an kulturelle Anl\u00e4sse mitzunehmen<\/a><\/li>\n<\/ul>\n\n\n\n<ul class=\"wp-block-list\">\n<li>rro \u2013 radio rottu oberwallis, 16 dicembre 2019:&nbsp;<a href=\"https:\/\/www.youtube.com\/watch?v=0QWqXR4EnsU&amp;feature=share&amp;fbclid=IwAR21WmwSx58y4d4txE7JSpXeYv6EyfHvz0oM8BovluFjloJaum2fNpXjG-I\" target=\"_blank\" rel=\"noreferrer noopener\">Der KinderKulturTreff Brig stellt sich vor!<\/a>&nbsp;&gt;&gt; Projekt <a href=\"https:\/\/lapurla.ch\/it\/project\/kinderkulturtreff-mini\/\" target=\"_blank\" rel=\"noreferrer noopener\">KinderKulturTreff MINI<\/a><\/li>\n<\/ul>\n\n\n\n<ul class=\"wp-block-list\">\n<li>Walliser Bote, 7 novembre 2019: <a href=\"https:\/\/lapurla.ch\/wp-content\/uploads\/2022\/08\/LapurlaKinderkulturTreffWalliserBote20191108.pdf\" target=\"_blank\" rel=\"noreferrer noopener\">Kreativit\u00e4t ist die Kompetenz der Zukunft<\/a>&nbsp;&nbsp;&gt;&gt; Projekt <a href=\"https:\/\/lapurla.ch\/it\/project\/kinderkulturtreff-mini\/\" target=\"_blank\" rel=\"noreferrer noopener\">KinderKulturTreff MINI<\/a><\/li>\n<\/ul>\n\n\n\n<ul class=\"wp-block-list\">\n<li>Rivista HKB, numero di settembre-novembre 2019, Rubrica \u201cAusgezeichnet!\u201d, intervista con Silvana Coppola, laureanda CAS: <a href=\"https:\/\/lapurla.ch\/wp-content\/uploads\/2022\/08\/190820HKBZeitung319S4web.pdf\" target=\"_blank\" rel=\"noreferrer noopener\">Die Kinder waren Vorbilder f\u00fcr die Erwachsenen<\/a><\/li>\n<\/ul>\n\n\n\n<ul class=\"wp-block-list\">\n<li>Migros Magazin, 30 settembre 2019: <a href=\"https:\/\/lapurla.ch\/wp-content\/uploads\/2022\/08\/MMD-40Lapurla.pdf\" target=\"_blank\" rel=\"noreferrer noopener\">Spielwiese Kunsthalle<\/a>&nbsp;&gt;&gt; Projekt <a href=\"https:\/\/lapurla.ch\/it\/project\/chiku-schauen-und-staunen-gestalten-und-wirken-kreativ-sein\/\" target=\"_blank\" rel=\"noreferrer noopener\">CHIKU<\/a><\/li>\n<\/ul>\n\n\n\n<ul class=\"wp-block-list\">\n<li>Canal 3, 4 luglio 2019: <a href=\"https:\/\/lapurla.ch\/wp-content\/uploads\/2022\/08\/LapurlaInterviewAnneBernasconi040719-1.mp3\" target=\"_blank\" rel=\"noreferrer noopener\">Interview<\/a> avec&nbsp;Anne Bernasconi (artiste et participante <a href=\"https:\/\/lapurla.ch\/it\/project\/u4-impulsstipendien-fuer-die-foerderung-der-kulturellen-teilhabe-in-der-fruehen-kindheit\/\" target=\"_blank\" rel=\"noreferrer noopener\">U4<\/a>).<\/li>\n<\/ul>\n\n\n\n<ul class=\"wp-block-list\">\n<li>Bieler Tagblatt, 20 giugno 2019: <a href=\"https:\/\/lapurla.ch\/wp-content\/uploads\/2022\/08\/Auch-die-Kleinsten-sollen-am-kulturellen-Leben-teilhaben-Bieler-Tagblatt.pdf\">Auch die Kleinsten sollen am kulturellen Leben teilhaben<\/a>&nbsp;&gt;&gt; <a href=\"https:\/\/lapurla.ch\/it\/project\/u4-impulsstipendien-fuer-die-foerderung-der-kulturellen-teilhabe-in-der-fruehen-kindheit\/\" target=\"_blank\" rel=\"noreferrer noopener\">Projekt U4<\/a><\/li>\n<\/ul>\n\n\n\n<ul class=\"wp-block-list\">\n<li>Mamablog di Jeannette Kuster, edizioni online dei giornali Tages-Anzeiger e Basler Zeitung, 1\u00b0 aprile 2019: <a href=\"https:\/\/blog.tagesanzeiger.ch\/mamablog\/index.php\/82254\/keiner-zu-klein-kreativ-zu-sein\/\" target=\"_blank\" rel=\"noreferrer noopener\">Keiner zu klein, kreativ zu sein<\/a>&nbsp;\u2013 Familienanl\u00e4sse <a href=\"http:\/\/${link:{uuid:{eda21d1c-9ed0-4ffc-9417-cbc779654f34},repository:{website},path:{\/lapurla\/anlaesse\/rueckblick\/familienangebote\/HKBgaL_2019}}}\" target=\"_blank\" rel=\"noreferrer noopener\">Spuren suchen &amp; erforschen<\/a><\/li>\n<\/ul>\n","protected":false},"excerpt":{"rendered":"<p>Contatto per i media Karin KrausDirettriceTel. +41 31 848 38 47karin.kraus@hkb.bfh.ch.ch Rassegna stampa Qui sono disponibili tutti gli articoli e i comunicati stampa di e su Lapurla.<\/p>\n","protected":false},"author":5,"featured_media":0,"parent":0,"menu_order":0,"comment_status":"closed","ping_status":"closed","template":"","meta":{"_acf_changed":false,"latitude":"","longitude":"","kurzbeschreibung":"","datum_von":"","footnotes":""},"class_list":["post-10813","page","type-page","status-publish","hentry"],"acf":[],"yoast_head":"<!-- This site is optimized with the Yoast SEO plugin v27.2 - https:\/\/yoast.com\/product\/yoast-seo-wordpress\/ -->\n<title>Media\ufffc &#8211; Lapurla<\/title>\n<meta name=\"robots\" content=\"index, follow, max-snippet:-1, max-image-preview:large, max-video-preview:-1\" \/>\n<link rel=\"canonical\" href=\"https:\/\/www.lapurla.ch\/it\/medien\" \/>\n<meta property=\"og:locale\" content=\"it_IT\" \/>\n<meta property=\"og:type\" content=\"article\" \/>\n<meta property=\"og:title\" content=\"Media\ufffc &#8211; Lapurla\" \/>\n<meta property=\"og:description\" content=\"Contatto per i media Karin KrausDirettriceTel. +41 31 848 38 47karin.kraus@hkb.bfh.ch.ch Rassegna stampa Qui sono disponibili tutti gli articoli e i comunicati stampa di e su Lapurla.\" \/>\n<meta property=\"og:url\" content=\"https:\/\/www.lapurla.ch\/it\/medien\" \/>\n<meta property=\"og:site_name\" content=\"Lapurla\" \/>\n<meta property=\"article:modified_time\" content=\"2025-11-18T13:19:09+00:00\" \/>\n<meta name=\"twitter:card\" content=\"summary_large_image\" \/>\n<meta name=\"twitter:label1\" content=\"Tempo di lettura stimato\" \/>\n\t<meta name=\"twitter:data1\" content=\"6 minuti\" \/>\n<script type=\"application\/ld+json\" class=\"yoast-schema-graph\">{\"@context\":\"https:\/\/schema.org\",\"@graph\":[{\"@type\":\"WebPage\",\"@id\":\"https:\/\/www.lapurla.ch\/it\/medien\",\"url\":\"https:\/\/www.lapurla.ch\/it\/medien\",\"name\":\"Media\ufffc &#8211; Lapurla\",\"isPartOf\":{\"@id\":\"https:\/\/www.lapurla.ch\/#website\"},\"datePublished\":\"2022-05-17T16:43:30+00:00\",\"dateModified\":\"2025-11-18T13:19:09+00:00\",\"breadcrumb\":{\"@id\":\"https:\/\/www.lapurla.ch\/it\/medien#breadcrumb\"},\"inLanguage\":\"it-IT\",\"potentialAction\":[{\"@type\":\"ReadAction\",\"target\":[\"https:\/\/www.lapurla.ch\/it\/medien\"]}]},{\"@type\":\"BreadcrumbList\",\"@id\":\"https:\/\/www.lapurla.ch\/it\/medien#breadcrumb\",\"itemListElement\":[{\"@type\":\"ListItem\",\"position\":1,\"name\":\"Startseite\",\"item\":\"https:\/\/www.lapurla.ch\/it\"},{\"@type\":\"ListItem\",\"position\":2,\"name\":\"Media\ufffc\"}]},{\"@type\":\"WebSite\",\"@id\":\"https:\/\/www.lapurla.ch\/#website\",\"url\":\"https:\/\/www.lapurla.ch\/\",\"name\":\"Lapurla\",\"description\":\"\",\"publisher\":{\"@id\":\"https:\/\/www.lapurla.ch\/#organization\"},\"potentialAction\":[{\"@type\":\"SearchAction\",\"target\":{\"@type\":\"EntryPoint\",\"urlTemplate\":\"https:\/\/www.lapurla.ch\/?s={search_term_string}\"},\"query-input\":{\"@type\":\"PropertyValueSpecification\",\"valueRequired\":true,\"valueName\":\"search_term_string\"}}],\"inLanguage\":\"it-IT\"},{\"@type\":\"Organization\",\"@id\":\"https:\/\/www.lapurla.ch\/#organization\",\"name\":\"Lapurla\",\"url\":\"https:\/\/www.lapurla.ch\/\",\"logo\":{\"@type\":\"ImageObject\",\"inLanguage\":\"it-IT\",\"@id\":\"https:\/\/www.lapurla.ch\/#\/schema\/logo\/image\/\",\"url\":\"https:\/\/www.lapurla.ch\/wp-content\/uploads\/2022\/03\/cropped-favicon.png\",\"contentUrl\":\"https:\/\/www.lapurla.ch\/wp-content\/uploads\/2022\/03\/cropped-favicon.png\",\"width\":512,\"height\":512,\"caption\":\"Lapurla\"},\"image\":{\"@id\":\"https:\/\/www.lapurla.ch\/#\/schema\/logo\/image\/\"}}]}<\/script>\n<!-- \/ Yoast SEO plugin. -->","yoast_head_json":{"title":"Media\ufffc &#8211; Lapurla","robots":{"index":"index","follow":"follow","max-snippet":"max-snippet:-1","max-image-preview":"max-image-preview:large","max-video-preview":"max-video-preview:-1"},"canonical":"https:\/\/www.lapurla.ch\/it\/medien","og_locale":"it_IT","og_type":"article","og_title":"Media\ufffc &#8211; Lapurla","og_description":"Contatto per i media Karin KrausDirettriceTel. +41 31 848 38 47karin.kraus@hkb.bfh.ch.ch Rassegna stampa Qui sono disponibili tutti gli articoli e i comunicati stampa di e su Lapurla.","og_url":"https:\/\/www.lapurla.ch\/it\/medien","og_site_name":"Lapurla","article_modified_time":"2025-11-18T13:19:09+00:00","twitter_card":"summary_large_image","twitter_misc":{"Tempo di lettura stimato":"6 minuti"},"schema":{"@context":"https:\/\/schema.org","@graph":[{"@type":"WebPage","@id":"https:\/\/www.lapurla.ch\/it\/medien","url":"https:\/\/www.lapurla.ch\/it\/medien","name":"Media\ufffc &#8211; Lapurla","isPartOf":{"@id":"https:\/\/www.lapurla.ch\/#website"},"datePublished":"2022-05-17T16:43:30+00:00","dateModified":"2025-11-18T13:19:09+00:00","breadcrumb":{"@id":"https:\/\/www.lapurla.ch\/it\/medien#breadcrumb"},"inLanguage":"it-IT","potentialAction":[{"@type":"ReadAction","target":["https:\/\/www.lapurla.ch\/it\/medien"]}]},{"@type":"BreadcrumbList","@id":"https:\/\/www.lapurla.ch\/it\/medien#breadcrumb","itemListElement":[{"@type":"ListItem","position":1,"name":"Startseite","item":"https:\/\/www.lapurla.ch\/it"},{"@type":"ListItem","position":2,"name":"Media\ufffc"}]},{"@type":"WebSite","@id":"https:\/\/www.lapurla.ch\/#website","url":"https:\/\/www.lapurla.ch\/","name":"Lapurla","description":"","publisher":{"@id":"https:\/\/www.lapurla.ch\/#organization"},"potentialAction":[{"@type":"SearchAction","target":{"@type":"EntryPoint","urlTemplate":"https:\/\/www.lapurla.ch\/?s={search_term_string}"},"query-input":{"@type":"PropertyValueSpecification","valueRequired":true,"valueName":"search_term_string"}}],"inLanguage":"it-IT"},{"@type":"Organization","@id":"https:\/\/www.lapurla.ch\/#organization","name":"Lapurla","url":"https:\/\/www.lapurla.ch\/","logo":{"@type":"ImageObject","inLanguage":"it-IT","@id":"https:\/\/www.lapurla.ch\/#\/schema\/logo\/image\/","url":"https:\/\/www.lapurla.ch\/wp-content\/uploads\/2022\/03\/cropped-favicon.png","contentUrl":"https:\/\/www.lapurla.ch\/wp-content\/uploads\/2022\/03\/cropped-favicon.png","width":512,"height":512,"caption":"Lapurla"},"image":{"@id":"https:\/\/www.lapurla.ch\/#\/schema\/logo\/image\/"}}]}},"_links":{"self":[{"href":"https:\/\/www.lapurla.ch\/it\/wp-json\/wp\/v2\/pages\/10813","targetHints":{"allow":["GET"]}}],"collection":[{"href":"https:\/\/www.lapurla.ch\/it\/wp-json\/wp\/v2\/pages"}],"about":[{"href":"https:\/\/www.lapurla.ch\/it\/wp-json\/wp\/v2\/types\/page"}],"author":[{"embeddable":true,"href":"https:\/\/www.lapurla.ch\/it\/wp-json\/wp\/v2\/users\/5"}],"replies":[{"embeddable":true,"href":"https:\/\/www.lapurla.ch\/it\/wp-json\/wp\/v2\/comments?post=10813"}],"version-history":[{"count":23,"href":"https:\/\/www.lapurla.ch\/it\/wp-json\/wp\/v2\/pages\/10813\/revisions"}],"predecessor-version":[{"id":31796,"href":"https:\/\/www.lapurla.ch\/it\/wp-json\/wp\/v2\/pages\/10813\/revisions\/31796"}],"wp:attachment":[{"href":"https:\/\/www.lapurla.ch\/it\/wp-json\/wp\/v2\/media?parent=10813"}],"curies":[{"name":"wp","href":"https:\/\/api.w.org\/{rel}","templated":true}]}}