{"id":10078,"date":"2022-07-20T10:29:27","date_gmt":"2022-07-20T08:29:27","guid":{"rendered":"https:\/\/lapurla.ch\/netzwerkpartner\/"},"modified":"2026-01-29T18:06:42","modified_gmt":"2026-01-29T17:06:42","slug":"netzwerkpartner","status":"publish","type":"page","link":"https:\/\/www.lapurla.ch\/it\/netzwerkpartner","title":{"rendered":"Partner della rete"},"content":{"rendered":"\n<div id=\"lead-text-block_b027806256cb1a90a26d820a448c4aa6\" class=\"mod-lead-text\">\n\t        <div class=\"row\">\n            <div class=\"col-12\">\n\t\t\t\t<h1 class=\"title\">Lapurla ha una vasta rete<\/h1>                <div class=\"lead-text\">\n\t\t\t\t\t<p>Lapurla si adopera al fianco di numerosi altri enti e associazioni a favore della formazione estetica nella prima infanzia e della partecipazione culturale. Ringraziamo queste organizzazioni affini a Lapurla per la fattiva collaborazione!<\/p>\n                <\/div>\n            <\/div>\n        <\/div>\n\t<\/div>\n\n\n<hr class=\"wp-block-separator has-alpha-channel-opacity\"\/>\n\n\n\n<div id=\"teaser-block-block_77d2ad2ba84e9b5b3a3efd649225a5e1\" class=\"mod-teaser-block\">\n\t        <div class=\"text\">\n\t\t\t                <div class=\"mod-filter-list\">\n                    <div class=\"row\">\n\t\t\t\t\t\t                            <div class=\"col-12 col-md-6 col-lg-4 kdgs-filter-item\">\n                                <a href=\"https:\/\/www.alliance-enfance.ch\" target=\"_blank\" class=\"kdgs-filter-item--link\" id=\"teaser-block-block_77d2ad2ba84e9b5b3a3efd649225a5e1-teaser1\">\n                                    <div class=\"item--impression\">\n                                        <div class=\"item--image\">\n\t\t\t\t\t\t\t\t\t\t\t<div class=\"a-image js-a-image \"><picture class=\"a-image__picture js-a-image__picture\">           <source width=\"343\" height=\"193\"  media=\"(min-width: 1400px)\" data-srcset=\"https:\/\/www.lapurla.ch\/wp-content\/uploads\/2022\/07\/LapurlaLogoAllianceEnfance-343x0.png 1x, https:\/\/www.lapurla.ch\/wp-content\/uploads\/2022\/07\/LapurlaLogoAllianceEnfance-686x0.png 2x\">           <source width=\"293\" height=\"165\" media=\"(min-width: 1200px)\" data-srcset=\"https:\/\/www.lapurla.ch\/wp-content\/uploads\/2022\/07\/LapurlaLogoAllianceEnfance-293x0.png 1x, https:\/\/www.lapurla.ch\/wp-content\/uploads\/2022\/07\/LapurlaLogoAllianceEnfance-586x0.png 2x\">           <source width=\"243\" height=\"137\" media=\"(min-width: 992px)\" data-srcset=\"https:\/\/www.lapurla.ch\/wp-content\/uploads\/2022\/07\/LapurlaLogoAllianceEnfance-243x0.png  1x, https:\/\/www.lapurla.ch\/wp-content\/uploads\/2022\/07\/LapurlaLogoAllianceEnfance-486x0.png 2x\">           <source width=\"276\" height=\"155\" media=\"(min-width: 768px)\" data-srcset=\"https:\/\/www.lapurla.ch\/wp-content\/uploads\/2022\/07\/LapurlaLogoAllianceEnfance-276x0.png 1x, https:\/\/www.lapurla.ch\/wp-content\/uploads\/2022\/07\/LapurlaLogoAllianceEnfance-552x0.png 2x\">           <source width=\"516\" height=\"291\" media=\"(min-width: 576px)\" data-srcset=\"https:\/\/www.lapurla.ch\/wp-content\/uploads\/2022\/07\/LapurlaLogoAllianceEnfance-516x0.png 1x, https:\/\/www.lapurla.ch\/wp-content\/uploads\/2022\/07\/LapurlaLogoAllianceEnfance-1032x0.png 2x\">           <img loading=\"lazy\" decoding=\"async\" width=\"551\" height=\"310\"           class=\"a-image__image js-a-image__image lazyload\" src=\"data:image\/gif;base64,R0lGODlhAQABAAAAACH5BAEKAAEALAAAAAABAAEAAAICTAEAOw==\"           data-src=\"https:\/\/www.lapurla.ch\/wp-content\/uploads\/2022\/07\/LapurlaLogoAllianceEnfance-551x0.png\" data-srcset=\"https:\/\/www.lapurla.ch\/wp-content\/uploads\/2022\/07\/LapurlaLogoAllianceEnfance-1102x0.png 2x\" alt=\"\"\/>      <\/picture><\/div>                                        <\/div>\n\t\t\t\t\t\t\t\t\t\t                                            <div class=\"location\">Politica<\/div>\n\t\t\t\t\t\t\t\t\t\t                                    <\/div>\n                                    <div class=\"item--content\">\n                                        <div class=\"item--content-wrapper\">\n                                            <h3 class=\"item--title\">Alliance Enfance<\/h3>\n                                            <div class=\"item--content\">\n\t\t\t\t\t\t\t\t\t\t\t\tAlliance Enfance si impegna a favore del diritto di tutti i bambini al miglior sviluppo possibile, con particolare attenzione alla promozione delle pari opportunit\u00e0 e al miglioramento delle condizioni quadro legislative e strutturali a livello politico.                                            <\/div>\n                                        <\/div>\n\t\t\t\t\t\t\t\t\t\t<svg class=\"svg-icon icon-arrow-right\" xmlns=\"http:\/\/www.w3.org\/2000\/svg\"><use xmlns:xlink=\"http:\/\/www.w3.org\/1999\/xlink\" xlink:href=\"https:\/\/www.lapurla.ch\/wp-content\/themes\/lapurla\/dist\/icons.svg?f27dc72#arrow-right\"><\/use><\/svg>                                    <\/div>\n                                <\/a>\n                            <\/div>\n\t\t\t\t\t\t                            <div class=\"col-12 col-md-6 col-lg-4 kdgs-filter-item\">\n                                <a href=\"https:\/\/www.a-primo.ch\/en\" target=\"_blank\" class=\"kdgs-filter-item--link\" id=\"teaser-block-block_77d2ad2ba84e9b5b3a3efd649225a5e1-teaser2\">\n                                    <div class=\"item--impression\">\n                                        <div class=\"item--image\">\n\t\t\t\t\t\t\t\t\t\t\t<div class=\"a-image js-a-image \"><picture class=\"a-image__picture js-a-image__picture\">           <source width=\"343\" height=\"193\"  media=\"(min-width: 1400px)\" data-srcset=\"https:\/\/www.lapurla.ch\/wp-content\/uploads\/2025\/12\/LapurlaLogosNetzwerkaprimo-343x0.png 1x, https:\/\/www.lapurla.ch\/wp-content\/uploads\/2025\/12\/LapurlaLogosNetzwerkaprimo-686x0.png 2x\">           <source width=\"293\" height=\"165\" media=\"(min-width: 1200px)\" data-srcset=\"https:\/\/www.lapurla.ch\/wp-content\/uploads\/2025\/12\/LapurlaLogosNetzwerkaprimo-293x0.png 1x, https:\/\/www.lapurla.ch\/wp-content\/uploads\/2025\/12\/LapurlaLogosNetzwerkaprimo-586x0.png 2x\">           <source width=\"243\" height=\"137\" media=\"(min-width: 992px)\" data-srcset=\"https:\/\/www.lapurla.ch\/wp-content\/uploads\/2025\/12\/LapurlaLogosNetzwerkaprimo-243x0.png  1x, https:\/\/www.lapurla.ch\/wp-content\/uploads\/2025\/12\/LapurlaLogosNetzwerkaprimo-486x0.png 2x\">           <source width=\"276\" height=\"155\" media=\"(min-width: 768px)\" data-srcset=\"https:\/\/www.lapurla.ch\/wp-content\/uploads\/2025\/12\/LapurlaLogosNetzwerkaprimo-276x0.png 1x, https:\/\/www.lapurla.ch\/wp-content\/uploads\/2025\/12\/LapurlaLogosNetzwerkaprimo-552x0.png 2x\">           <source width=\"516\" height=\"291\" media=\"(min-width: 576px)\" data-srcset=\"https:\/\/www.lapurla.ch\/wp-content\/uploads\/2025\/12\/LapurlaLogosNetzwerkaprimo-516x0.png 1x, https:\/\/www.lapurla.ch\/wp-content\/uploads\/2025\/12\/LapurlaLogosNetzwerkaprimo-1032x0.png 2x\">           <img loading=\"lazy\" decoding=\"async\" width=\"551\" height=\"310\"           class=\"a-image__image js-a-image__image lazyload\" src=\"data:image\/gif;base64,R0lGODlhAQABAAAAACH5BAEKAAEALAAAAAABAAEAAAICTAEAOw==\"           data-src=\"https:\/\/www.lapurla.ch\/wp-content\/uploads\/2025\/12\/LapurlaLogosNetzwerkaprimo-551x0.png\" data-srcset=\"https:\/\/www.lapurla.ch\/wp-content\/uploads\/2025\/12\/LapurlaLogosNetzwerkaprimo-1102x0.png 2x\" alt=\"\"\/>      <\/picture><\/div>                                        <\/div>\n\t\t\t\t\t\t\t\t\t\t                                            <div class=\"location\">Famiglia<\/div>\n\t\t\t\t\t\t\t\t\t\t                                    <\/div>\n                                    <div class=\"item--content\">\n                                        <div class=\"item--content-wrapper\">\n                                            <h3 class=\"item--title\">a:primo<\/h3>\n                                            <div class=\"item--content\">\n\t\t\t\t\t\t\t\t\t\t\t\tLa visione di a:primo \u00e8 che ogni bambino in Svizzera possa crescere sano e realizzare il proprio potenziale. Con le sue offerte di aiuto precoce schritt:weise e ping:pong, la sua piattaforma di apprendimento kom:pass Kinderrechte | Kindesschutz (diritti dei bambini | protezione dell&#8217;infanzia) e vari servizi nel campo dell&#8217;affidamento e della consulenza, a:primo contribuisce in modo comprovato a una maggiore parit\u00e0 di opportunit\u00e0.                                            <\/div>\n                                        <\/div>\n\t\t\t\t\t\t\t\t\t\t<svg class=\"svg-icon icon-arrow-right\" xmlns=\"http:\/\/www.w3.org\/2000\/svg\"><use xmlns:xlink=\"http:\/\/www.w3.org\/1999\/xlink\" xlink:href=\"https:\/\/www.lapurla.ch\/wp-content\/themes\/lapurla\/dist\/icons.svg?f27dc72#arrow-right\"><\/use><\/svg>                                    <\/div>\n                                <\/a>\n                            <\/div>\n\t\t\t\t\t\t                            <div class=\"col-12 col-md-6 col-lg-4 kdgs-filter-item\">\n                                <a href=\"https:\/\/www.sf-mvb.ch\/fr\/\" target=\"_blank\" class=\"kdgs-filter-item--link\" id=\"teaser-block-block_77d2ad2ba84e9b5b3a3efd649225a5e1-teaser3\">\n                                    <div class=\"item--impression\">\n                                        <div class=\"item--image\">\n\t\t\t\t\t\t\t\t\t\t\t<div class=\"a-image js-a-image \"><picture class=\"a-image__picture js-a-image__picture\">           <source width=\"343\" height=\"193\"  media=\"(min-width: 1400px)\" data-srcset=\"https:\/\/www.lapurla.ch\/wp-content\/uploads\/2026\/01\/LapurlaLogosNetzwerkas-cgb-343x0.png 1x, https:\/\/www.lapurla.ch\/wp-content\/uploads\/2026\/01\/LapurlaLogosNetzwerkas-cgb-686x0.png 2x\">           <source width=\"293\" height=\"165\" media=\"(min-width: 1200px)\" data-srcset=\"https:\/\/www.lapurla.ch\/wp-content\/uploads\/2026\/01\/LapurlaLogosNetzwerkas-cgb-293x0.png 1x, https:\/\/www.lapurla.ch\/wp-content\/uploads\/2026\/01\/LapurlaLogosNetzwerkas-cgb-586x0.png 2x\">           <source width=\"243\" height=\"137\" media=\"(min-width: 992px)\" data-srcset=\"https:\/\/www.lapurla.ch\/wp-content\/uploads\/2026\/01\/LapurlaLogosNetzwerkas-cgb-243x0.png  1x, https:\/\/www.lapurla.ch\/wp-content\/uploads\/2026\/01\/LapurlaLogosNetzwerkas-cgb-486x0.png 2x\">           <source width=\"276\" height=\"155\" media=\"(min-width: 768px)\" data-srcset=\"https:\/\/www.lapurla.ch\/wp-content\/uploads\/2026\/01\/LapurlaLogosNetzwerkas-cgb-276x0.png 1x, https:\/\/www.lapurla.ch\/wp-content\/uploads\/2026\/01\/LapurlaLogosNetzwerkas-cgb-552x0.png 2x\">           <source width=\"516\" height=\"291\" media=\"(min-width: 576px)\" data-srcset=\"https:\/\/www.lapurla.ch\/wp-content\/uploads\/2026\/01\/LapurlaLogosNetzwerkas-cgb-516x0.png 1x, https:\/\/www.lapurla.ch\/wp-content\/uploads\/2026\/01\/LapurlaLogosNetzwerkas-cgb-1032x0.png 2x\">           <img loading=\"lazy\" decoding=\"async\" width=\"551\" height=\"310\"           class=\"a-image__image js-a-image__image lazyload\" src=\"data:image\/gif;base64,R0lGODlhAQABAAAAACH5BAEKAAEALAAAAAABAAEAAAICTAEAOw==\"           data-src=\"https:\/\/www.lapurla.ch\/wp-content\/uploads\/2026\/01\/LapurlaLogosNetzwerkas-cgb-551x0.png\" data-srcset=\"https:\/\/www.lapurla.ch\/wp-content\/uploads\/2026\/01\/LapurlaLogosNetzwerkas-cgb-1102x0.png 2x\" alt=\"\"\/>      <\/picture><\/div>                                        <\/div>\n\t\t\t\t\t\t\t\t\t\t                                            <div class=\"location\">Famiglia<\/div>\n\t\t\t\t\t\t\t\t\t\t                                    <\/div>\n                                    <div class=\"item--content\">\n                                        <div class=\"item--content-wrapper\">\n                                            <h3 class=\"item--title\">Associazione svizzera per la consulenza genitori-bambini<\/h3>\n                                            <div class=\"item--content\">\n\t\t\t\t\t\t\t\t\t\t\t\tAssociazione svizzera per la consulenza genitori-bambini si impegna in tutta la Svizzera per garantire una consulenza solida, di alta qualit\u00e0 e sancita dalla legge nella prima infanzia. Si batte per gli interessi dei consulenti e delle organizzazioni.                                             <\/div>\n                                        <\/div>\n\t\t\t\t\t\t\t\t\t\t<svg class=\"svg-icon icon-arrow-right\" xmlns=\"http:\/\/www.w3.org\/2000\/svg\"><use xmlns:xlink=\"http:\/\/www.w3.org\/1999\/xlink\" xlink:href=\"https:\/\/www.lapurla.ch\/wp-content\/themes\/lapurla\/dist\/icons.svg?f27dc72#arrow-right\"><\/use><\/svg>                                    <\/div>\n                                <\/a>\n                            <\/div>\n\t\t\t\t\t\t                            <div class=\"col-12 col-md-6 col-lg-4 kdgs-filter-item\">\n                                <a href=\"https:\/\/www.assitej.li\/startseite\/\" target=\"_blank\" class=\"kdgs-filter-item--link\" id=\"teaser-block-block_77d2ad2ba84e9b5b3a3efd649225a5e1-teaser4\">\n                                    <div class=\"item--impression\">\n                                        <div class=\"item--image\">\n\t\t\t\t\t\t\t\t\t\t\t<div class=\"a-image js-a-image \"><picture class=\"a-image__picture js-a-image__picture\">           <source width=\"343\" height=\"193\"  media=\"(min-width: 1400px)\" data-srcset=\"https:\/\/www.lapurla.ch\/wp-content\/uploads\/2024\/02\/LapurlaLogoASSITEJ-Liechtenstein-343x0.png 1x, https:\/\/www.lapurla.ch\/wp-content\/uploads\/2024\/02\/LapurlaLogoASSITEJ-Liechtenstein-686x0.png 2x\">           <source width=\"293\" height=\"165\" media=\"(min-width: 1200px)\" data-srcset=\"https:\/\/www.lapurla.ch\/wp-content\/uploads\/2024\/02\/LapurlaLogoASSITEJ-Liechtenstein-293x0.png 1x, https:\/\/www.lapurla.ch\/wp-content\/uploads\/2024\/02\/LapurlaLogoASSITEJ-Liechtenstein-586x0.png 2x\">           <source width=\"243\" height=\"137\" media=\"(min-width: 992px)\" data-srcset=\"https:\/\/www.lapurla.ch\/wp-content\/uploads\/2024\/02\/LapurlaLogoASSITEJ-Liechtenstein-243x0.png  1x, https:\/\/www.lapurla.ch\/wp-content\/uploads\/2024\/02\/LapurlaLogoASSITEJ-Liechtenstein-486x0.png 2x\">           <source width=\"276\" height=\"155\" media=\"(min-width: 768px)\" data-srcset=\"https:\/\/www.lapurla.ch\/wp-content\/uploads\/2024\/02\/LapurlaLogoASSITEJ-Liechtenstein-276x0.png 1x, https:\/\/www.lapurla.ch\/wp-content\/uploads\/2024\/02\/LapurlaLogoASSITEJ-Liechtenstein-552x0.png 2x\">           <source width=\"516\" height=\"291\" media=\"(min-width: 576px)\" data-srcset=\"https:\/\/www.lapurla.ch\/wp-content\/uploads\/2024\/02\/LapurlaLogoASSITEJ-Liechtenstein-516x0.png 1x, https:\/\/www.lapurla.ch\/wp-content\/uploads\/2024\/02\/LapurlaLogoASSITEJ-Liechtenstein-1032x0.png 2x\">           <img loading=\"lazy\" decoding=\"async\" width=\"551\" height=\"310\"           class=\"a-image__image js-a-image__image lazyload\" src=\"data:image\/gif;base64,R0lGODlhAQABAAAAACH5BAEKAAEALAAAAAABAAEAAAICTAEAOw==\"           data-src=\"https:\/\/www.lapurla.ch\/wp-content\/uploads\/2024\/02\/LapurlaLogoASSITEJ-Liechtenstein-551x0.png\" data-srcset=\"https:\/\/www.lapurla.ch\/wp-content\/uploads\/2024\/02\/LapurlaLogoASSITEJ-Liechtenstein-1102x0.png 2x\" alt=\"\"\/>      <\/picture><\/div>                                        <\/div>\n\t\t\t\t\t\t\t\t\t\t                                            <div class=\"location\">Cultura<\/div>\n\t\t\t\t\t\t\t\t\t\t                                    <\/div>\n                                    <div class=\"item--content\">\n                                        <div class=\"item--content-wrapper\">\n                                            <h3 class=\"item--title\">ASSITEJ Liechtenstein<\/h3>\n                                            <div class=\"item--content\">\n\t\t\t\t\t\t\t\t\t\t\t\tL&#8217;ASSITEJ Liechtenstein \u00e8 impegnata nello sviluppo, nella conservazione e nella promozione del teatro, dell&#8217;arte e della cultura per bambini e giovani e riunisce professionisti del teatro e dell&#8217;arte, istituzioni teatrali e teatri indipendenti, musei, organizzazioni e associazioni.                                            <\/div>\n                                        <\/div>\n\t\t\t\t\t\t\t\t\t\t<svg class=\"svg-icon icon-arrow-right\" xmlns=\"http:\/\/www.w3.org\/2000\/svg\"><use xmlns:xlink=\"http:\/\/www.w3.org\/1999\/xlink\" xlink:href=\"https:\/\/www.lapurla.ch\/wp-content\/themes\/lapurla\/dist\/icons.svg?f27dc72#arrow-right\"><\/use><\/svg>                                    <\/div>\n                                <\/a>\n                            <\/div>\n\t\t\t\t\t\t                            <div class=\"col-12 col-md-6 col-lg-4 kdgs-filter-item\">\n                                <a href=\"https:\/\/www.chgemeinden.ch\/it\/\" target=\"_blank\" class=\"kdgs-filter-item--link\" id=\"teaser-block-block_77d2ad2ba84e9b5b3a3efd649225a5e1-teaser5\">\n                                    <div class=\"item--impression\">\n                                        <div class=\"item--image\">\n\t\t\t\t\t\t\t\t\t\t\t<div class=\"a-image js-a-image \"><picture class=\"a-image__picture js-a-image__picture\">           <source width=\"343\" height=\"193\"  media=\"(min-width: 1400px)\" data-srcset=\"https:\/\/www.lapurla.ch\/wp-content\/uploads\/2025\/10\/LapurlaLogosNetzwerkpartnerSGV-scaled-343x0.png 1x, https:\/\/www.lapurla.ch\/wp-content\/uploads\/2025\/10\/LapurlaLogosNetzwerkpartnerSGV-scaled-686x0.png 2x\">           <source width=\"293\" height=\"165\" media=\"(min-width: 1200px)\" data-srcset=\"https:\/\/www.lapurla.ch\/wp-content\/uploads\/2025\/10\/LapurlaLogosNetzwerkpartnerSGV-scaled-293x0.png 1x, https:\/\/www.lapurla.ch\/wp-content\/uploads\/2025\/10\/LapurlaLogosNetzwerkpartnerSGV-scaled-586x0.png 2x\">           <source width=\"243\" height=\"137\" media=\"(min-width: 992px)\" data-srcset=\"https:\/\/www.lapurla.ch\/wp-content\/uploads\/2025\/10\/LapurlaLogosNetzwerkpartnerSGV-scaled-243x0.png  1x, https:\/\/www.lapurla.ch\/wp-content\/uploads\/2025\/10\/LapurlaLogosNetzwerkpartnerSGV-scaled-486x0.png 2x\">           <source width=\"276\" height=\"155\" media=\"(min-width: 768px)\" data-srcset=\"https:\/\/www.lapurla.ch\/wp-content\/uploads\/2025\/10\/LapurlaLogosNetzwerkpartnerSGV-scaled-276x0.png 1x, https:\/\/www.lapurla.ch\/wp-content\/uploads\/2025\/10\/LapurlaLogosNetzwerkpartnerSGV-scaled-552x0.png 2x\">           <source width=\"516\" height=\"290\" media=\"(min-width: 576px)\" data-srcset=\"https:\/\/www.lapurla.ch\/wp-content\/uploads\/2025\/10\/LapurlaLogosNetzwerkpartnerSGV-scaled-516x0.png 1x, https:\/\/www.lapurla.ch\/wp-content\/uploads\/2025\/10\/LapurlaLogosNetzwerkpartnerSGV-scaled-1032x0.png 2x\">           <img loading=\"lazy\" decoding=\"async\" width=\"551\" height=\"310\"           class=\"a-image__image js-a-image__image lazyload\" src=\"data:image\/gif;base64,R0lGODlhAQABAAAAACH5BAEKAAEALAAAAAABAAEAAAICTAEAOw==\"           data-src=\"https:\/\/www.lapurla.ch\/wp-content\/uploads\/2025\/10\/LapurlaLogosNetzwerkpartnerSGV-scaled-551x0.png\" data-srcset=\"https:\/\/www.lapurla.ch\/wp-content\/uploads\/2025\/10\/LapurlaLogosNetzwerkpartnerSGV-scaled-1102x0.png 2x\" alt=\"\"\/>      <\/picture><\/div>                                        <\/div>\n\t\t\t\t\t\t\t\t\t\t                                            <div class=\"location\">Politica<\/div>\n\t\t\t\t\t\t\t\t\t\t                                    <\/div>\n                                    <div class=\"item--content\">\n                                        <div class=\"item--content-wrapper\">\n                                            <h3 class=\"item--title\">Associazione dei Comuni Svizzeri<\/h3>\n                                            <div class=\"item--content\">\n\t\t\t\t\t\t\t\t\t\t\t\tL\u2019Associazione dei Comuni Svizzeri rappresenta i vari interessi dei comuni. La variet\u00e0 dei comuni \u00e8 uno dei punti di forza della Svizzera.                                            <\/div>\n                                        <\/div>\n\t\t\t\t\t\t\t\t\t\t<svg class=\"svg-icon icon-arrow-right\" xmlns=\"http:\/\/www.w3.org\/2000\/svg\"><use xmlns:xlink=\"http:\/\/www.w3.org\/1999\/xlink\" xlink:href=\"https:\/\/www.lapurla.ch\/wp-content\/themes\/lapurla\/dist\/icons.svg?f27dc72#arrow-right\"><\/use><\/svg>                                    <\/div>\n                                <\/a>\n                            <\/div>\n\t\t\t\t\t\t                            <div class=\"col-12 col-md-6 col-lg-4 kdgs-filter-item\">\n                                <a href=\"https:\/\/www.education21.ch\/de\/bildungslandschaften21\" target=\"_blank\" class=\"kdgs-filter-item--link\" id=\"teaser-block-block_77d2ad2ba84e9b5b3a3efd649225a5e1-teaser6\">\n                                    <div class=\"item--impression\">\n                                        <div class=\"item--image\">\n\t\t\t\t\t\t\t\t\t\t\t<div class=\"a-image js-a-image \"><picture class=\"a-image__picture js-a-image__picture\">           <source width=\"343\" height=\"193\"  media=\"(min-width: 1400px)\" data-srcset=\"https:\/\/www.lapurla.ch\/wp-content\/uploads\/2022\/07\/LapurlaLogoBildungslandschaften-343x0.png 1x, https:\/\/www.lapurla.ch\/wp-content\/uploads\/2022\/07\/LapurlaLogoBildungslandschaften-686x0.png 2x\">           <source width=\"293\" height=\"165\" media=\"(min-width: 1200px)\" data-srcset=\"https:\/\/www.lapurla.ch\/wp-content\/uploads\/2022\/07\/LapurlaLogoBildungslandschaften-293x0.png 1x, https:\/\/www.lapurla.ch\/wp-content\/uploads\/2022\/07\/LapurlaLogoBildungslandschaften-586x0.png 2x\">           <source width=\"243\" height=\"137\" media=\"(min-width: 992px)\" data-srcset=\"https:\/\/www.lapurla.ch\/wp-content\/uploads\/2022\/07\/LapurlaLogoBildungslandschaften-243x0.png  1x, https:\/\/www.lapurla.ch\/wp-content\/uploads\/2022\/07\/LapurlaLogoBildungslandschaften-486x0.png 2x\">           <source width=\"276\" height=\"155\" media=\"(min-width: 768px)\" data-srcset=\"https:\/\/www.lapurla.ch\/wp-content\/uploads\/2022\/07\/LapurlaLogoBildungslandschaften-276x0.png 1x, https:\/\/www.lapurla.ch\/wp-content\/uploads\/2022\/07\/LapurlaLogoBildungslandschaften-552x0.png 2x\">           <source width=\"516\" height=\"291\" media=\"(min-width: 576px)\" data-srcset=\"https:\/\/www.lapurla.ch\/wp-content\/uploads\/2022\/07\/LapurlaLogoBildungslandschaften-516x0.png 1x, https:\/\/www.lapurla.ch\/wp-content\/uploads\/2022\/07\/LapurlaLogoBildungslandschaften-1032x0.png 2x\">           <img loading=\"lazy\" decoding=\"async\" width=\"551\" height=\"310\"           class=\"a-image__image js-a-image__image lazyload\" src=\"data:image\/gif;base64,R0lGODlhAQABAAAAACH5BAEKAAEALAAAAAABAAEAAAICTAEAOw==\"           data-src=\"https:\/\/www.lapurla.ch\/wp-content\/uploads\/2022\/07\/LapurlaLogoBildungslandschaften-551x0.png\" data-srcset=\"https:\/\/www.lapurla.ch\/wp-content\/uploads\/2022\/07\/LapurlaLogoBildungslandschaften-1102x0.png 2x\" alt=\"\"\/>      <\/picture><\/div>                                        <\/div>\n\t\t\t\t\t\t\t\t\t\t                                            <div class=\"location\">Formazione<\/div>\n\t\t\t\t\t\t\t\t\t\t                                    <\/div>\n                                    <div class=\"item--content\">\n                                        <div class=\"item--content-wrapper\">\n                                            <h3 class=\"item--title\">Panorami formativi<\/h3>\n                                            <div class=\"item--content\">\n\t\t\t\t\t\t\t\t\t\t\t\tIn un panorama formativo collaborano tutte le persone e le istituzioni che educano, assistono o accompagnano un bambino o un adolescente. Ci si scambia opinioni, si pianificano insieme nuove offerte e si collabora in modo sistematico.                                            <\/div>\n                                        <\/div>\n\t\t\t\t\t\t\t\t\t\t<svg class=\"svg-icon icon-arrow-right\" xmlns=\"http:\/\/www.w3.org\/2000\/svg\"><use xmlns:xlink=\"http:\/\/www.w3.org\/1999\/xlink\" xlink:href=\"https:\/\/www.lapurla.ch\/wp-content\/themes\/lapurla\/dist\/icons.svg?f27dc72#arrow-right\"><\/use><\/svg>                                    <\/div>\n                                <\/a>\n                            <\/div>\n\t\t\t\t\t\t                            <div class=\"col-12 col-md-6 col-lg-4 kdgs-filter-item\">\n                                <a href=\"https:\/\/www.artisetbildung.ch\/Kindheitspaedagogik\/PgJJD\/\" target=\"\" class=\"kdgs-filter-item--link\" id=\"teaser-block-block_77d2ad2ba84e9b5b3a3efd649225a5e1-teaser7\">\n                                    <div class=\"item--impression\">\n                                        <div class=\"item--image\">\n\t\t\t\t\t\t\t\t\t\t\t<div class=\"a-image js-a-image \"><picture class=\"a-image__picture js-a-image__picture\">           <source width=\"343\" height=\"193\"  media=\"(min-width: 1400px)\" data-srcset=\"https:\/\/www.lapurla.ch\/wp-content\/uploads\/2024\/01\/LapurlaLogohfk-343x0.png 1x, https:\/\/www.lapurla.ch\/wp-content\/uploads\/2024\/01\/LapurlaLogohfk-686x0.png 2x\">           <source width=\"293\" height=\"165\" media=\"(min-width: 1200px)\" data-srcset=\"https:\/\/www.lapurla.ch\/wp-content\/uploads\/2024\/01\/LapurlaLogohfk-293x0.png 1x, https:\/\/www.lapurla.ch\/wp-content\/uploads\/2024\/01\/LapurlaLogohfk-586x0.png 2x\">           <source width=\"243\" height=\"137\" media=\"(min-width: 992px)\" data-srcset=\"https:\/\/www.lapurla.ch\/wp-content\/uploads\/2024\/01\/LapurlaLogohfk-243x0.png  1x, https:\/\/www.lapurla.ch\/wp-content\/uploads\/2024\/01\/LapurlaLogohfk-486x0.png 2x\">           <source width=\"276\" height=\"155\" media=\"(min-width: 768px)\" data-srcset=\"https:\/\/www.lapurla.ch\/wp-content\/uploads\/2024\/01\/LapurlaLogohfk-276x0.png 1x, https:\/\/www.lapurla.ch\/wp-content\/uploads\/2024\/01\/LapurlaLogohfk-552x0.png 2x\">           <source width=\"516\" height=\"291\" media=\"(min-width: 576px)\" data-srcset=\"https:\/\/www.lapurla.ch\/wp-content\/uploads\/2024\/01\/LapurlaLogohfk-516x0.png 1x, https:\/\/www.lapurla.ch\/wp-content\/uploads\/2024\/01\/LapurlaLogohfk-1032x0.png 2x\">           <img loading=\"lazy\" decoding=\"async\" width=\"551\" height=\"310\"           class=\"a-image__image js-a-image__image lazyload\" src=\"data:image\/gif;base64,R0lGODlhAQABAAAAACH5BAEKAAEALAAAAAABAAEAAAICTAEAOw==\"           data-src=\"https:\/\/www.lapurla.ch\/wp-content\/uploads\/2024\/01\/LapurlaLogohfk-551x0.png\" data-srcset=\"https:\/\/www.lapurla.ch\/wp-content\/uploads\/2024\/01\/LapurlaLogohfk-1102x0.png 2x\" alt=\"\"\/>      <\/picture><\/div>                                        <\/div>\n\t\t\t\t\t\t\t\t\t\t                                            <div class=\"location\">Formazione<\/div>\n\t\t\t\t\t\t\t\t\t\t                                    <\/div>\n                                    <div class=\"item--content\">\n                                        <div class=\"item--content-wrapper\">\n                                            <h3 class=\"item--title\">H\u00f6here Fachschule f\u00fcr Kindheitsp\u00e4dagogik hfk | Artiset<\/h3>\n                                            <div class=\"item--content\">\n\t\t\t\t\t\t\t\t\t\t\t\tL&#8217;hfk offre un corso di studi professionale specializzato per persone con e senza formazione professionale precedente, che porta a un diploma riconosciuto in educazione infantile HF in tre o quattro anni di formazione extra-lavorativa.                                            <\/div>\n                                        <\/div>\n\t\t\t\t\t\t\t\t\t\t<svg class=\"svg-icon icon-arrow-right\" xmlns=\"http:\/\/www.w3.org\/2000\/svg\"><use xmlns:xlink=\"http:\/\/www.w3.org\/1999\/xlink\" xlink:href=\"https:\/\/www.lapurla.ch\/wp-content\/themes\/lapurla\/dist\/icons.svg?f27dc72#arrow-right\"><\/use><\/svg>                                    <\/div>\n                                <\/a>\n                            <\/div>\n\t\t\t\t\t\t                            <div class=\"col-12 col-md-6 col-lg-4 kdgs-filter-item\">\n                                <a href=\"https:\/\/www.spielgruppe.ch\" target=\"_blank\" class=\"kdgs-filter-item--link\" id=\"teaser-block-block_77d2ad2ba84e9b5b3a3efd649225a5e1-teaser8\">\n                                    <div class=\"item--impression\">\n                                        <div class=\"item--image\">\n\t\t\t\t\t\t\t\t\t\t\t<div class=\"a-image js-a-image \"><picture class=\"a-image__picture js-a-image__picture\">           <source width=\"343\" height=\"193\"  media=\"(min-width: 1400px)\" data-srcset=\"https:\/\/www.lapurla.ch\/wp-content\/uploads\/2022\/07\/LapurlaLogoIGSpeilgruppen-343x0.png 1x, https:\/\/www.lapurla.ch\/wp-content\/uploads\/2022\/07\/LapurlaLogoIGSpeilgruppen-686x0.png 2x\">           <source width=\"293\" height=\"165\" media=\"(min-width: 1200px)\" data-srcset=\"https:\/\/www.lapurla.ch\/wp-content\/uploads\/2022\/07\/LapurlaLogoIGSpeilgruppen-293x0.png 1x, https:\/\/www.lapurla.ch\/wp-content\/uploads\/2022\/07\/LapurlaLogoIGSpeilgruppen-586x0.png 2x\">           <source width=\"243\" height=\"137\" media=\"(min-width: 992px)\" data-srcset=\"https:\/\/www.lapurla.ch\/wp-content\/uploads\/2022\/07\/LapurlaLogoIGSpeilgruppen-243x0.png  1x, https:\/\/www.lapurla.ch\/wp-content\/uploads\/2022\/07\/LapurlaLogoIGSpeilgruppen-486x0.png 2x\">           <source width=\"276\" height=\"155\" media=\"(min-width: 768px)\" data-srcset=\"https:\/\/www.lapurla.ch\/wp-content\/uploads\/2022\/07\/LapurlaLogoIGSpeilgruppen-276x0.png 1x, https:\/\/www.lapurla.ch\/wp-content\/uploads\/2022\/07\/LapurlaLogoIGSpeilgruppen-552x0.png 2x\">           <source width=\"516\" height=\"291\" media=\"(min-width: 576px)\" data-srcset=\"https:\/\/www.lapurla.ch\/wp-content\/uploads\/2022\/07\/LapurlaLogoIGSpeilgruppen-516x0.png 1x, https:\/\/www.lapurla.ch\/wp-content\/uploads\/2022\/07\/LapurlaLogoIGSpeilgruppen-1032x0.png 2x\">           <img loading=\"lazy\" decoding=\"async\" width=\"551\" height=\"310\"           class=\"a-image__image js-a-image__image lazyload\" src=\"data:image\/gif;base64,R0lGODlhAQABAAAAACH5BAEKAAEALAAAAAABAAEAAAICTAEAOw==\"           data-src=\"https:\/\/www.lapurla.ch\/wp-content\/uploads\/2022\/07\/LapurlaLogoIGSpeilgruppen-551x0.png\" data-srcset=\"https:\/\/www.lapurla.ch\/wp-content\/uploads\/2022\/07\/LapurlaLogoIGSpeilgruppen-1102x0.png 2x\" alt=\"\"\/>      <\/picture><\/div>                                        <\/div>\n\t\t\t\t\t\t\t\t\t\t                                            <div class=\"location\">Formazione<\/div>\n\t\t\t\t\t\t\t\t\t\t                                    <\/div>\n                                    <div class=\"item--content\">\n                                        <div class=\"item--content-wrapper\">\n                                            <h3 class=\"item--title\">IG Spielgruppen<\/h3>\n                                            <div class=\"item--content\">\n\t\t\t\t\t\t\t\t\t\t\t\tIG Spielgruppen \u00e8 un centro di competenza per il lavoro professionale con i gruppi di gioco \u2013 dalla formazione e l\u2019aggiornamento alle pubblicazioni specialistiche, dal materiale di gioco e di lavoro ai libri illustrati e la saggistica fino all\u2019assicurazione.                                            <\/div>\n                                        <\/div>\n\t\t\t\t\t\t\t\t\t\t<svg class=\"svg-icon icon-arrow-right\" xmlns=\"http:\/\/www.w3.org\/2000\/svg\"><use xmlns:xlink=\"http:\/\/www.w3.org\/1999\/xlink\" xlink:href=\"https:\/\/www.lapurla.ch\/wp-content\/themes\/lapurla\/dist\/icons.svg?f27dc72#arrow-right\"><\/use><\/svg>                                    <\/div>\n                                <\/a>\n                            <\/div>\n\t\t\t\t\t\t                            <div class=\"col-12 col-md-6 col-lg-4 kdgs-filter-item\">\n                                <a href=\"https:\/\/www.ideesport.ch\" target=\"_blank\" class=\"kdgs-filter-item--link\" id=\"teaser-block-block_77d2ad2ba84e9b5b3a3efd649225a5e1-teaser9\">\n                                    <div class=\"item--impression\">\n                                        <div class=\"item--image\">\n\t\t\t\t\t\t\t\t\t\t\t<div class=\"a-image js-a-image \"><picture class=\"a-image__picture js-a-image__picture\">           <source width=\"343\" height=\"193\"  media=\"(min-width: 1400px)\" data-srcset=\"https:\/\/www.lapurla.ch\/wp-content\/uploads\/2022\/07\/LapurlaNetzwerkLogoStiftungIdeeSport-343x0.png 1x, https:\/\/www.lapurla.ch\/wp-content\/uploads\/2022\/07\/LapurlaNetzwerkLogoStiftungIdeeSport-686x0.png 2x\">           <source width=\"293\" height=\"165\" media=\"(min-width: 1200px)\" data-srcset=\"https:\/\/www.lapurla.ch\/wp-content\/uploads\/2022\/07\/LapurlaNetzwerkLogoStiftungIdeeSport-293x0.png 1x, https:\/\/www.lapurla.ch\/wp-content\/uploads\/2022\/07\/LapurlaNetzwerkLogoStiftungIdeeSport-586x0.png 2x\">           <source width=\"243\" height=\"137\" media=\"(min-width: 992px)\" data-srcset=\"https:\/\/www.lapurla.ch\/wp-content\/uploads\/2022\/07\/LapurlaNetzwerkLogoStiftungIdeeSport-243x0.png  1x, https:\/\/www.lapurla.ch\/wp-content\/uploads\/2022\/07\/LapurlaNetzwerkLogoStiftungIdeeSport-486x0.png 2x\">           <source width=\"276\" height=\"155\" media=\"(min-width: 768px)\" data-srcset=\"https:\/\/www.lapurla.ch\/wp-content\/uploads\/2022\/07\/LapurlaNetzwerkLogoStiftungIdeeSport-276x0.png 1x, https:\/\/www.lapurla.ch\/wp-content\/uploads\/2022\/07\/LapurlaNetzwerkLogoStiftungIdeeSport-552x0.png 2x\">           <source width=\"516\" height=\"291\" media=\"(min-width: 576px)\" data-srcset=\"https:\/\/www.lapurla.ch\/wp-content\/uploads\/2022\/07\/LapurlaNetzwerkLogoStiftungIdeeSport-516x0.png 1x, https:\/\/www.lapurla.ch\/wp-content\/uploads\/2022\/07\/LapurlaNetzwerkLogoStiftungIdeeSport-1032x0.png 2x\">           <img loading=\"lazy\" decoding=\"async\" width=\"551\" height=\"310\"           class=\"a-image__image js-a-image__image lazyload\" src=\"data:image\/gif;base64,R0lGODlhAQABAAAAACH5BAEKAAEALAAAAAABAAEAAAICTAEAOw==\"           data-src=\"https:\/\/www.lapurla.ch\/wp-content\/uploads\/2022\/07\/LapurlaNetzwerkLogoStiftungIdeeSport-551x0.png\" data-srcset=\"https:\/\/www.lapurla.ch\/wp-content\/uploads\/2022\/07\/LapurlaNetzwerkLogoStiftungIdeeSport-1102x0.png 2x\" alt=\"\"\/>      <\/picture><\/div>                                        <\/div>\n\t\t\t\t\t\t\t\t\t\t                                            <div class=\"location\">Salute<\/div>\n\t\t\t\t\t\t\t\t\t\t                                    <\/div>\n                                    <div class=\"item--content\">\n                                        <div class=\"item--content-wrapper\">\n                                            <h3 class=\"item--title\">Id\u00e9e Sport<\/h3>\n                                            <div class=\"item--content\">\n\t\t\t\t\t\t\t\t\t\t\t\tLa fondazione Id\u00e9e Sport si impegna per la promozione dell\u2019infanzia e della giovent\u00f9 in Svizzera e usa lo sport come mezzo di prevenzione delle dipendenze, di promozione della salute e di integrazione sociale. Con i suoi programmi apre gli spazi vuoti allo sport e all\u2019incontro, creando cos\u00ec i presupposti per punti di incontro regolari che travalichino le barriere culturali e sociali.                                            <\/div>\n                                        <\/div>\n\t\t\t\t\t\t\t\t\t\t<svg class=\"svg-icon icon-arrow-right\" xmlns=\"http:\/\/www.w3.org\/2000\/svg\"><use xmlns:xlink=\"http:\/\/www.w3.org\/1999\/xlink\" xlink:href=\"https:\/\/www.lapurla.ch\/wp-content\/themes\/lapurla\/dist\/icons.svg?f27dc72#arrow-right\"><\/use><\/svg>                                    <\/div>\n                                <\/a>\n                            <\/div>\n\t\t\t\t\t\t                            <div class=\"col-12 col-md-6 col-lg-4 kdgs-filter-item\">\n                                <a href=\"https:\/\/www.intrinsic.ch\" target=\"_blank\" class=\"kdgs-filter-item--link\" id=\"teaser-block-block_77d2ad2ba84e9b5b3a3efd649225a5e1-teaser10\">\n                                    <div class=\"item--impression\">\n                                        <div class=\"item--image\">\n\t\t\t\t\t\t\t\t\t\t\t<div class=\"a-image js-a-image \"><picture class=\"a-image__picture js-a-image__picture\">           <source width=\"343\" height=\"193\"  media=\"(min-width: 1400px)\" data-srcset=\"https:\/\/www.lapurla.ch\/wp-content\/uploads\/2025\/10\/LapurlaLogosNetzwerkpartnerIntrinsic-scaled-343x0.png 1x, https:\/\/www.lapurla.ch\/wp-content\/uploads\/2025\/10\/LapurlaLogosNetzwerkpartnerIntrinsic-scaled-686x0.png 2x\">           <source width=\"293\" height=\"165\" media=\"(min-width: 1200px)\" data-srcset=\"https:\/\/www.lapurla.ch\/wp-content\/uploads\/2025\/10\/LapurlaLogosNetzwerkpartnerIntrinsic-scaled-293x0.png 1x, https:\/\/www.lapurla.ch\/wp-content\/uploads\/2025\/10\/LapurlaLogosNetzwerkpartnerIntrinsic-scaled-586x0.png 2x\">           <source width=\"243\" height=\"137\" media=\"(min-width: 992px)\" data-srcset=\"https:\/\/www.lapurla.ch\/wp-content\/uploads\/2025\/10\/LapurlaLogosNetzwerkpartnerIntrinsic-scaled-243x0.png  1x, https:\/\/www.lapurla.ch\/wp-content\/uploads\/2025\/10\/LapurlaLogosNetzwerkpartnerIntrinsic-scaled-486x0.png 2x\">           <source width=\"276\" height=\"155\" media=\"(min-width: 768px)\" data-srcset=\"https:\/\/www.lapurla.ch\/wp-content\/uploads\/2025\/10\/LapurlaLogosNetzwerkpartnerIntrinsic-scaled-276x0.png 1x, https:\/\/www.lapurla.ch\/wp-content\/uploads\/2025\/10\/LapurlaLogosNetzwerkpartnerIntrinsic-scaled-552x0.png 2x\">           <source width=\"516\" height=\"290\" media=\"(min-width: 576px)\" data-srcset=\"https:\/\/www.lapurla.ch\/wp-content\/uploads\/2025\/10\/LapurlaLogosNetzwerkpartnerIntrinsic-scaled-516x0.png 1x, https:\/\/www.lapurla.ch\/wp-content\/uploads\/2025\/10\/LapurlaLogosNetzwerkpartnerIntrinsic-scaled-1032x0.png 2x\">           <img loading=\"lazy\" decoding=\"async\" width=\"551\" height=\"310\"           class=\"a-image__image js-a-image__image lazyload\" src=\"data:image\/gif;base64,R0lGODlhAQABAAAAACH5BAEKAAEALAAAAAABAAEAAAICTAEAOw==\"           data-src=\"https:\/\/www.lapurla.ch\/wp-content\/uploads\/2025\/10\/LapurlaLogosNetzwerkpartnerIntrinsic-scaled-551x0.png\" data-srcset=\"https:\/\/www.lapurla.ch\/wp-content\/uploads\/2025\/10\/LapurlaLogosNetzwerkpartnerIntrinsic-scaled-1102x0.png 2x\" alt=\"\"\/>      <\/picture><\/div>                                        <\/div>\n\t\t\t\t\t\t\t\t\t\t                                            <div class=\"location\">Educazione<\/div>\n\t\t\t\t\t\t\t\t\t\t                                    <\/div>\n                                    <div class=\"item--content\">\n                                        <div class=\"item--content-wrapper\">\n                                            <h3 class=\"item--title\">Intrinsic<\/h3>\n                                            <div class=\"item--content\">\n\t\t\t\t\t\t\t\t\t\t\t\tIntrinsic Learning Lab AG promuove e sviluppa culture dell&#8217;apprendimento.<br \/>\r\nIntrinsic organizza viaggi di studio con scuole e aziende.<br \/>\r\nPerch\u00e9 oggi ci\u00f2 che conta \u00e8 come impariamo, non ci\u00f2 che sappiamo.                                            <\/div>\n                                        <\/div>\n\t\t\t\t\t\t\t\t\t\t<svg class=\"svg-icon icon-arrow-right\" xmlns=\"http:\/\/www.w3.org\/2000\/svg\"><use xmlns:xlink=\"http:\/\/www.w3.org\/1999\/xlink\" xlink:href=\"https:\/\/www.lapurla.ch\/wp-content\/themes\/lapurla\/dist\/icons.svg?f27dc72#arrow-right\"><\/use><\/svg>                                    <\/div>\n                                <\/a>\n                            <\/div>\n\t\t\t\t\t\t                            <div class=\"col-12 col-md-6 col-lg-4 kdgs-filter-item\">\n                                <a href=\"https:\/\/www.kibesuisse.ch\" target=\"_blank\" class=\"kdgs-filter-item--link\" id=\"teaser-block-block_77d2ad2ba84e9b5b3a3efd649225a5e1-teaser11\">\n                                    <div class=\"item--impression\">\n                                        <div class=\"item--image\">\n\t\t\t\t\t\t\t\t\t\t\t<div class=\"a-image js-a-image \"><picture class=\"a-image__picture js-a-image__picture\">           <source width=\"343\" height=\"193\"  media=\"(min-width: 1400px)\" data-srcset=\"https:\/\/www.lapurla.ch\/wp-content\/uploads\/2022\/07\/LapurlaLogokibesuisse-343x0.png 1x, https:\/\/www.lapurla.ch\/wp-content\/uploads\/2022\/07\/LapurlaLogokibesuisse-686x0.png 2x\">           <source width=\"293\" height=\"165\" media=\"(min-width: 1200px)\" data-srcset=\"https:\/\/www.lapurla.ch\/wp-content\/uploads\/2022\/07\/LapurlaLogokibesuisse-293x0.png 1x, https:\/\/www.lapurla.ch\/wp-content\/uploads\/2022\/07\/LapurlaLogokibesuisse-586x0.png 2x\">           <source width=\"243\" height=\"137\" media=\"(min-width: 992px)\" data-srcset=\"https:\/\/www.lapurla.ch\/wp-content\/uploads\/2022\/07\/LapurlaLogokibesuisse-243x0.png  1x, https:\/\/www.lapurla.ch\/wp-content\/uploads\/2022\/07\/LapurlaLogokibesuisse-486x0.png 2x\">           <source width=\"276\" height=\"155\" media=\"(min-width: 768px)\" data-srcset=\"https:\/\/www.lapurla.ch\/wp-content\/uploads\/2022\/07\/LapurlaLogokibesuisse-276x0.png 1x, https:\/\/www.lapurla.ch\/wp-content\/uploads\/2022\/07\/LapurlaLogokibesuisse-552x0.png 2x\">           <source width=\"516\" height=\"291\" media=\"(min-width: 576px)\" data-srcset=\"https:\/\/www.lapurla.ch\/wp-content\/uploads\/2022\/07\/LapurlaLogokibesuisse-516x0.png 1x, https:\/\/www.lapurla.ch\/wp-content\/uploads\/2022\/07\/LapurlaLogokibesuisse-1032x0.png 2x\">           <img loading=\"lazy\" decoding=\"async\" width=\"551\" height=\"310\"           class=\"a-image__image js-a-image__image lazyload\" src=\"data:image\/gif;base64,R0lGODlhAQABAAAAACH5BAEKAAEALAAAAAABAAEAAAICTAEAOw==\"           data-src=\"https:\/\/www.lapurla.ch\/wp-content\/uploads\/2022\/07\/LapurlaLogokibesuisse-551x0.png\" data-srcset=\"https:\/\/www.lapurla.ch\/wp-content\/uploads\/2022\/07\/LapurlaLogokibesuisse-1102x0.png 2x\" alt=\"\"\/>      <\/picture><\/div>                                        <\/div>\n\t\t\t\t\t\t\t\t\t\t                                            <div class=\"location\">Qualit\u00e0<\/div>\n\t\t\t\t\t\t\t\t\t\t                                    <\/div>\n                                    <div class=\"item--content\">\n                                        <div class=\"item--content-wrapper\">\n                                            <h3 class=\"item--title\">Kibesuisse<\/h3>\n                                            <div class=\"item--content\">\n\t\t\t\t\t\t\t\t\t\t\t\tKibesuisse promuove lo sviluppo qualitativo e quantitativo delle offerte di custodia dei bambini complementari a quelle familiari e scolastiche. L\u2019associazione definisce cos\u00ec standard di qualit\u00e0 nela custodia dei bambini e si adopera per implementarli. Inoltre, kibesuisse si impegna a favore di buone condizioni quadro nel settore e a favore della formazione iniziale e continua del personale specializzato.                                            <\/div>\n                                        <\/div>\n\t\t\t\t\t\t\t\t\t\t<svg class=\"svg-icon icon-arrow-right\" xmlns=\"http:\/\/www.w3.org\/2000\/svg\"><use xmlns:xlink=\"http:\/\/www.w3.org\/1999\/xlink\" xlink:href=\"https:\/\/www.lapurla.ch\/wp-content\/themes\/lapurla\/dist\/icons.svg?f27dc72#arrow-right\"><\/use><\/svg>                                    <\/div>\n                                <\/a>\n                            <\/div>\n\t\t\t\t\t\t                            <div class=\"col-12 col-md-6 col-lg-4 kdgs-filter-item\">\n                                <a href=\"https:\/\/www.kinderaerzteschweiz.ch\/Home\/Willkommen-News\" target=\"_blank\" class=\"kdgs-filter-item--link\" id=\"teaser-block-block_77d2ad2ba84e9b5b3a3efd649225a5e1-teaser12\">\n                                    <div class=\"item--impression\">\n                                        <div class=\"item--image\">\n\t\t\t\t\t\t\t\t\t\t\t<div class=\"a-image js-a-image \"><picture class=\"a-image__picture js-a-image__picture\">           <source width=\"343\" height=\"193\"  media=\"(min-width: 1400px)\" data-srcset=\"https:\/\/www.lapurla.ch\/wp-content\/uploads\/2024\/02\/LapurlaLogoKinderaerzteSchweiz-343x0.png 1x, https:\/\/www.lapurla.ch\/wp-content\/uploads\/2024\/02\/LapurlaLogoKinderaerzteSchweiz-686x0.png 2x\">           <source width=\"293\" height=\"165\" media=\"(min-width: 1200px)\" data-srcset=\"https:\/\/www.lapurla.ch\/wp-content\/uploads\/2024\/02\/LapurlaLogoKinderaerzteSchweiz-293x0.png 1x, https:\/\/www.lapurla.ch\/wp-content\/uploads\/2024\/02\/LapurlaLogoKinderaerzteSchweiz-586x0.png 2x\">           <source width=\"243\" height=\"137\" media=\"(min-width: 992px)\" data-srcset=\"https:\/\/www.lapurla.ch\/wp-content\/uploads\/2024\/02\/LapurlaLogoKinderaerzteSchweiz-243x0.png  1x, https:\/\/www.lapurla.ch\/wp-content\/uploads\/2024\/02\/LapurlaLogoKinderaerzteSchweiz-486x0.png 2x\">           <source width=\"276\" height=\"155\" media=\"(min-width: 768px)\" data-srcset=\"https:\/\/www.lapurla.ch\/wp-content\/uploads\/2024\/02\/LapurlaLogoKinderaerzteSchweiz-276x0.png 1x, https:\/\/www.lapurla.ch\/wp-content\/uploads\/2024\/02\/LapurlaLogoKinderaerzteSchweiz-552x0.png 2x\">           <source width=\"516\" height=\"291\" media=\"(min-width: 576px)\" data-srcset=\"https:\/\/www.lapurla.ch\/wp-content\/uploads\/2024\/02\/LapurlaLogoKinderaerzteSchweiz-516x0.png 1x, https:\/\/www.lapurla.ch\/wp-content\/uploads\/2024\/02\/LapurlaLogoKinderaerzteSchweiz-1032x0.png 2x\">           <img loading=\"lazy\" decoding=\"async\" width=\"551\" height=\"310\"           class=\"a-image__image js-a-image__image lazyload\" src=\"data:image\/gif;base64,R0lGODlhAQABAAAAACH5BAEKAAEALAAAAAABAAEAAAICTAEAOw==\"           data-src=\"https:\/\/www.lapurla.ch\/wp-content\/uploads\/2024\/02\/LapurlaLogoKinderaerzteSchweiz-551x0.png\" data-srcset=\"https:\/\/www.lapurla.ch\/wp-content\/uploads\/2024\/02\/LapurlaLogoKinderaerzteSchweiz-1102x0.png 2x\" alt=\"\"\/>      <\/picture><\/div>                                        <\/div>\n\t\t\t\t\t\t\t\t\t\t                                            <div class=\"location\">Salute<\/div>\n\t\t\t\t\t\t\t\t\t\t                                    <\/div>\n                                    <div class=\"item--content\">\n                                        <div class=\"item--content-wrapper\">\n                                            <h3 class=\"item--title\">Associazione professionale dei pediotri dei base<\/h3>\n                                            <div class=\"item--content\">\n\t\t\t\t\t\t\t\t\t\t\t\tCome gruppo di interesse, Pediatri Svizzera rappresenta gli specialisti in pediatria e medicina degli adolescenti in Svizzera e si impegna per una pediatria pratica di alta qualit\u00e0 a cui tutti i bambini e gli adolescenti possano accedere facilmente &#8211; oggi e domani.                                            <\/div>\n                                        <\/div>\n\t\t\t\t\t\t\t\t\t\t<svg class=\"svg-icon icon-arrow-right\" xmlns=\"http:\/\/www.w3.org\/2000\/svg\"><use xmlns:xlink=\"http:\/\/www.w3.org\/1999\/xlink\" xlink:href=\"https:\/\/www.lapurla.ch\/wp-content\/themes\/lapurla\/dist\/icons.svg?f27dc72#arrow-right\"><\/use><\/svg>                                    <\/div>\n                                <\/a>\n                            <\/div>\n\t\t\t\t\t\t                            <div class=\"col-12 col-md-6 col-lg-4 kdgs-filter-item\">\n                                <a href=\"https:\/\/www.mediamus.ch\/it\" target=\"_blank\" class=\"kdgs-filter-item--link\" id=\"teaser-block-block_77d2ad2ba84e9b5b3a3efd649225a5e1-teaser13\">\n                                    <div class=\"item--impression\">\n                                        <div class=\"item--image\">\n\t\t\t\t\t\t\t\t\t\t\t<div class=\"a-image js-a-image \"><picture class=\"a-image__picture js-a-image__picture\">           <source width=\"343\" height=\"193\"  media=\"(min-width: 1400px)\" data-srcset=\"https:\/\/www.lapurla.ch\/wp-content\/uploads\/2023\/06\/LapurlaLogomediamus-343x0.png 1x, https:\/\/www.lapurla.ch\/wp-content\/uploads\/2023\/06\/LapurlaLogomediamus-686x0.png 2x\">           <source width=\"293\" height=\"165\" media=\"(min-width: 1200px)\" data-srcset=\"https:\/\/www.lapurla.ch\/wp-content\/uploads\/2023\/06\/LapurlaLogomediamus-293x0.png 1x, https:\/\/www.lapurla.ch\/wp-content\/uploads\/2023\/06\/LapurlaLogomediamus-586x0.png 2x\">           <source width=\"243\" height=\"137\" media=\"(min-width: 992px)\" data-srcset=\"https:\/\/www.lapurla.ch\/wp-content\/uploads\/2023\/06\/LapurlaLogomediamus-243x0.png  1x, https:\/\/www.lapurla.ch\/wp-content\/uploads\/2023\/06\/LapurlaLogomediamus-486x0.png 2x\">           <source width=\"276\" height=\"155\" media=\"(min-width: 768px)\" data-srcset=\"https:\/\/www.lapurla.ch\/wp-content\/uploads\/2023\/06\/LapurlaLogomediamus-276x0.png 1x, https:\/\/www.lapurla.ch\/wp-content\/uploads\/2023\/06\/LapurlaLogomediamus-552x0.png 2x\">           <source width=\"516\" height=\"291\" media=\"(min-width: 576px)\" data-srcset=\"https:\/\/www.lapurla.ch\/wp-content\/uploads\/2023\/06\/LapurlaLogomediamus-516x0.png 1x, https:\/\/www.lapurla.ch\/wp-content\/uploads\/2023\/06\/LapurlaLogomediamus-1032x0.png 2x\">           <img loading=\"lazy\" decoding=\"async\" width=\"551\" height=\"310\"           class=\"a-image__image js-a-image__image lazyload\" src=\"data:image\/gif;base64,R0lGODlhAQABAAAAACH5BAEKAAEALAAAAAABAAEAAAICTAEAOw==\"           data-src=\"https:\/\/www.lapurla.ch\/wp-content\/uploads\/2023\/06\/LapurlaLogomediamus-551x0.png\" data-srcset=\"https:\/\/www.lapurla.ch\/wp-content\/uploads\/2023\/06\/LapurlaLogomediamus-1102x0.png 2x\" alt=\"\"\/>      <\/picture><\/div>                                        <\/div>\n\t\t\t\t\t\t\t\t\t\t                                            <div class=\"location\">Cultura<\/div>\n\t\t\t\t\t\t\t\t\t\t                                    <\/div>\n                                    <div class=\"item--content\">\n                                        <div class=\"item--content-wrapper\">\n                                            <h3 class=\"item--title\">Mediamus<\/h3>\n                                            <div class=\"item--content\">\n\t\t\t\t\t\t\t\t\t\t\t\tMediamus \u00e8 l&#8217;associazione svizzera delle persone e delle istituzioni che si occupano della mediazione culturale nei musei e in ambiti ad essi legati. I suoi soci promuovono occasioni d&#8217;incontro attivo con la cultura, l&#8217;arte e la scienza.                                            <\/div>\n                                        <\/div>\n\t\t\t\t\t\t\t\t\t\t<svg class=\"svg-icon icon-arrow-right\" xmlns=\"http:\/\/www.w3.org\/2000\/svg\"><use xmlns:xlink=\"http:\/\/www.w3.org\/1999\/xlink\" xlink:href=\"https:\/\/www.lapurla.ch\/wp-content\/themes\/lapurla\/dist\/icons.svg?f27dc72#arrow-right\"><\/use><\/svg>                                    <\/div>\n                                <\/a>\n                            <\/div>\n\t\t\t\t\t\t                            <div class=\"col-12 col-md-6 col-lg-4 kdgs-filter-item\">\n                                <a href=\"https:\/\/www.kultur-vermittlung.ch\" target=\"_blank\" class=\"kdgs-filter-item--link\" id=\"teaser-block-block_77d2ad2ba84e9b5b3a3efd649225a5e1-teaser14\">\n                                    <div class=\"item--impression\">\n                                        <div class=\"item--image\">\n\t\t\t\t\t\t\t\t\t\t\t<div class=\"a-image js-a-image \"><picture class=\"a-image__picture js-a-image__picture\">           <source width=\"343\" height=\"193\"  media=\"(min-width: 1400px)\" data-srcset=\"https:\/\/www.lapurla.ch\/wp-content\/uploads\/2022\/07\/LapurlaLogoKVS-343x0.png 1x, https:\/\/www.lapurla.ch\/wp-content\/uploads\/2022\/07\/LapurlaLogoKVS-686x0.png 2x\">           <source width=\"293\" height=\"165\" media=\"(min-width: 1200px)\" data-srcset=\"https:\/\/www.lapurla.ch\/wp-content\/uploads\/2022\/07\/LapurlaLogoKVS-293x0.png 1x, https:\/\/www.lapurla.ch\/wp-content\/uploads\/2022\/07\/LapurlaLogoKVS-586x0.png 2x\">           <source width=\"243\" height=\"137\" media=\"(min-width: 992px)\" data-srcset=\"https:\/\/www.lapurla.ch\/wp-content\/uploads\/2022\/07\/LapurlaLogoKVS-243x0.png  1x, https:\/\/www.lapurla.ch\/wp-content\/uploads\/2022\/07\/LapurlaLogoKVS-486x0.png 2x\">           <source width=\"276\" height=\"155\" media=\"(min-width: 768px)\" data-srcset=\"https:\/\/www.lapurla.ch\/wp-content\/uploads\/2022\/07\/LapurlaLogoKVS-276x0.png 1x, https:\/\/www.lapurla.ch\/wp-content\/uploads\/2022\/07\/LapurlaLogoKVS-552x0.png 2x\">           <source width=\"516\" height=\"291\" media=\"(min-width: 576px)\" data-srcset=\"https:\/\/www.lapurla.ch\/wp-content\/uploads\/2022\/07\/LapurlaLogoKVS-516x0.png 1x, https:\/\/www.lapurla.ch\/wp-content\/uploads\/2022\/07\/LapurlaLogoKVS-1032x0.png 2x\">           <img loading=\"lazy\" decoding=\"async\" width=\"551\" height=\"310\"           class=\"a-image__image js-a-image__image lazyload\" src=\"data:image\/gif;base64,R0lGODlhAQABAAAAACH5BAEKAAEALAAAAAABAAEAAAICTAEAOw==\"           data-src=\"https:\/\/www.lapurla.ch\/wp-content\/uploads\/2022\/07\/LapurlaLogoKVS-551x0.png\" data-srcset=\"https:\/\/www.lapurla.ch\/wp-content\/uploads\/2022\/07\/LapurlaLogoKVS-1102x0.png 2x\" alt=\"\"\/>      <\/picture><\/div>                                        <\/div>\n\t\t\t\t\t\t\t\t\t\t                                            <div class=\"location\">Cultura<\/div>\n\t\t\t\t\t\t\t\t\t\t                                    <\/div>\n                                    <div class=\"item--content\">\n                                        <div class=\"item--content-wrapper\">\n                                            <h3 class=\"item--title\">Mediazione Culturale Svizzera<\/h3>\n                                            <div class=\"item--content\">\n\t\t\t\t\t\t\t\t\t\t\t\tL\u2019associazione Mediazione culturale Svizzera MCS collega e sostiene le organizzazioni, le istituzioni e le singole persone attive nel campo della mediazione culturale in ambito scolastico ed extrascolastico. I membri rappresentano i differenti settori culturali, le diverse discipline artistiche e i vari campi d&#8217;azione pedagogico-culturali, la formazione e la ricerca. L\u2019associazione agisce solo laddove non agiscono i membri.                                            <\/div>\n                                        <\/div>\n\t\t\t\t\t\t\t\t\t\t<svg class=\"svg-icon icon-arrow-right\" xmlns=\"http:\/\/www.w3.org\/2000\/svg\"><use xmlns:xlink=\"http:\/\/www.w3.org\/1999\/xlink\" xlink:href=\"https:\/\/www.lapurla.ch\/wp-content\/themes\/lapurla\/dist\/icons.svg?f27dc72#arrow-right\"><\/use><\/svg>                                    <\/div>\n                                <\/a>\n                            <\/div>\n\t\t\t\t\t\t                            <div class=\"col-12 col-md-6 col-lg-4 kdgs-filter-item\">\n                                <a href=\"https:\/\/www.kulturinklusiv.ch\/de\/\" target=\"_blank\" class=\"kdgs-filter-item--link\" id=\"teaser-block-block_77d2ad2ba84e9b5b3a3efd649225a5e1-teaser15\">\n                                    <div class=\"item--impression\">\n                                        <div class=\"item--image\">\n\t\t\t\t\t\t\t\t\t\t\t<div class=\"a-image js-a-image \"><picture class=\"a-image__picture js-a-image__picture\">           <source width=\"343\" height=\"193\"  media=\"(min-width: 1400px)\" data-srcset=\"https:\/\/www.lapurla.ch\/wp-content\/uploads\/2022\/07\/LapurlaLogoKulturinklusiv-343x0.png 1x, https:\/\/www.lapurla.ch\/wp-content\/uploads\/2022\/07\/LapurlaLogoKulturinklusiv-686x0.png 2x\">           <source width=\"293\" height=\"165\" media=\"(min-width: 1200px)\" data-srcset=\"https:\/\/www.lapurla.ch\/wp-content\/uploads\/2022\/07\/LapurlaLogoKulturinklusiv-293x0.png 1x, https:\/\/www.lapurla.ch\/wp-content\/uploads\/2022\/07\/LapurlaLogoKulturinklusiv-586x0.png 2x\">           <source width=\"243\" height=\"137\" media=\"(min-width: 992px)\" data-srcset=\"https:\/\/www.lapurla.ch\/wp-content\/uploads\/2022\/07\/LapurlaLogoKulturinklusiv-243x0.png  1x, https:\/\/www.lapurla.ch\/wp-content\/uploads\/2022\/07\/LapurlaLogoKulturinklusiv-486x0.png 2x\">           <source width=\"276\" height=\"155\" media=\"(min-width: 768px)\" data-srcset=\"https:\/\/www.lapurla.ch\/wp-content\/uploads\/2022\/07\/LapurlaLogoKulturinklusiv-276x0.png 1x, https:\/\/www.lapurla.ch\/wp-content\/uploads\/2022\/07\/LapurlaLogoKulturinklusiv-552x0.png 2x\">           <source width=\"516\" height=\"291\" media=\"(min-width: 576px)\" data-srcset=\"https:\/\/www.lapurla.ch\/wp-content\/uploads\/2022\/07\/LapurlaLogoKulturinklusiv-516x0.png 1x, https:\/\/www.lapurla.ch\/wp-content\/uploads\/2022\/07\/LapurlaLogoKulturinklusiv-1032x0.png 2x\">           <img loading=\"lazy\" decoding=\"async\" width=\"551\" height=\"310\"           class=\"a-image__image js-a-image__image lazyload\" src=\"data:image\/gif;base64,R0lGODlhAQABAAAAACH5BAEKAAEALAAAAAABAAEAAAICTAEAOw==\"           data-src=\"https:\/\/www.lapurla.ch\/wp-content\/uploads\/2022\/07\/LapurlaLogoKulturinklusiv-551x0.png\" data-srcset=\"https:\/\/www.lapurla.ch\/wp-content\/uploads\/2022\/07\/LapurlaLogoKulturinklusiv-1102x0.png 2x\" alt=\"\"\/>      <\/picture><\/div>                                        <\/div>\n\t\t\t\t\t\t\t\t\t\t                                            <div class=\"location\">Inclusione<\/div>\n\t\t\t\t\t\t\t\t\t\t                                    <\/div>\n                                    <div class=\"item--content\">\n                                        <div class=\"item--content-wrapper\">\n                                            <h3 class=\"item--title\">Cultura Inclusiva<\/h3>\n                                            <div class=\"item--content\">\n\t\t\t\t\t\t\t\t\t\t\t\tIl Servizio Cultura inclusiva di Pro Infirmis crea in tutta la Svizzera visibilit\u00e0 e riconoscimento per promuovere una cultura inclusiva. Con il suo marchio \u201cCultura inclusiva\u201d, la sua \u201cCarta dell\u2019inclusione culturale\u201d e i suoi servizi di consulenza, networking e comunicazione, costituisce il centro di competenza per l\u2019inclusione in ambito culturale.                                            <\/div>\n                                        <\/div>\n\t\t\t\t\t\t\t\t\t\t<svg class=\"svg-icon icon-arrow-right\" xmlns=\"http:\/\/www.w3.org\/2000\/svg\"><use xmlns:xlink=\"http:\/\/www.w3.org\/1999\/xlink\" xlink:href=\"https:\/\/www.lapurla.ch\/wp-content\/themes\/lapurla\/dist\/icons.svg?f27dc72#arrow-right\"><\/use><\/svg>                                    <\/div>\n                                <\/a>\n                            <\/div>\n\t\t\t\t\t\t                            <div class=\"col-12 col-md-6 col-lg-4 kdgs-filter-item\">\n                                <a href=\"https:\/\/www.mmi.ch\" target=\"_blank\" class=\"kdgs-filter-item--link\" id=\"teaser-block-block_77d2ad2ba84e9b5b3a3efd649225a5e1-teaser16\">\n                                    <div class=\"item--impression\">\n                                        <div class=\"item--image\">\n\t\t\t\t\t\t\t\t\t\t\t<div class=\"a-image js-a-image \"><picture class=\"a-image__picture js-a-image__picture\">           <source width=\"343\" height=\"193\"  media=\"(min-width: 1400px)\" data-srcset=\"https:\/\/www.lapurla.ch\/wp-content\/uploads\/2022\/07\/LapurlaLogoMMI-343x0.png 1x, https:\/\/www.lapurla.ch\/wp-content\/uploads\/2022\/07\/LapurlaLogoMMI-686x0.png 2x\">           <source width=\"293\" height=\"165\" media=\"(min-width: 1200px)\" data-srcset=\"https:\/\/www.lapurla.ch\/wp-content\/uploads\/2022\/07\/LapurlaLogoMMI-293x0.png 1x, https:\/\/www.lapurla.ch\/wp-content\/uploads\/2022\/07\/LapurlaLogoMMI-586x0.png 2x\">           <source width=\"243\" height=\"137\" media=\"(min-width: 992px)\" data-srcset=\"https:\/\/www.lapurla.ch\/wp-content\/uploads\/2022\/07\/LapurlaLogoMMI-243x0.png  1x, https:\/\/www.lapurla.ch\/wp-content\/uploads\/2022\/07\/LapurlaLogoMMI-486x0.png 2x\">           <source width=\"276\" height=\"155\" media=\"(min-width: 768px)\" data-srcset=\"https:\/\/www.lapurla.ch\/wp-content\/uploads\/2022\/07\/LapurlaLogoMMI-276x0.png 1x, https:\/\/www.lapurla.ch\/wp-content\/uploads\/2022\/07\/LapurlaLogoMMI-552x0.png 2x\">           <source width=\"516\" height=\"291\" media=\"(min-width: 576px)\" data-srcset=\"https:\/\/www.lapurla.ch\/wp-content\/uploads\/2022\/07\/LapurlaLogoMMI-516x0.png 1x, https:\/\/www.lapurla.ch\/wp-content\/uploads\/2022\/07\/LapurlaLogoMMI-1032x0.png 2x\">           <img loading=\"lazy\" decoding=\"async\" width=\"551\" height=\"310\"           class=\"a-image__image js-a-image__image lazyload\" src=\"data:image\/gif;base64,R0lGODlhAQABAAAAACH5BAEKAAEALAAAAAABAAEAAAICTAEAOw==\"           data-src=\"https:\/\/www.lapurla.ch\/wp-content\/uploads\/2022\/07\/LapurlaLogoMMI-551x0.png\" data-srcset=\"https:\/\/www.lapurla.ch\/wp-content\/uploads\/2022\/07\/LapurlaLogoMMI-1102x0.png 2x\" alt=\"\"\/>      <\/picture><\/div>                                        <\/div>\n\t\t\t\t\t\t\t\t\t\t                                            <div class=\"location\">Formazione<\/div>\n\t\t\t\t\t\t\t\t\t\t                                    <\/div>\n                                    <div class=\"item--content\">\n                                        <div class=\"item--content-wrapper\">\n                                            <h3 class=\"item--title\">Marie Meierhofer Institut f\u00fcr das Kind MMI<\/h3>\n                                            <div class=\"item--content\">\n\t\t\t\t\t\t\t\t\t\t\t\tIl Marie Meierhofer Institut f\u00fcr das Kind \u00e8 un\u2019associazione indipendente esperta in materia di prima infanzia. Nel percorso esistenziale di una persona i primi anni di vita sono estremamente importanti e critici per la biografia della sua formazione e della sua salute.                                            <\/div>\n                                        <\/div>\n\t\t\t\t\t\t\t\t\t\t<svg class=\"svg-icon icon-arrow-right\" xmlns=\"http:\/\/www.w3.org\/2000\/svg\"><use xmlns:xlink=\"http:\/\/www.w3.org\/1999\/xlink\" xlink:href=\"https:\/\/www.lapurla.ch\/wp-content\/themes\/lapurla\/dist\/icons.svg?f27dc72#arrow-right\"><\/use><\/svg>                                    <\/div>\n                                <\/a>\n                            <\/div>\n\t\t\t\t\t\t                            <div class=\"col-12 col-md-6 col-lg-4 kdgs-filter-item\">\n                                <a href=\"https:\/\/bildungundfamilie.ch\" target=\"_blank\" class=\"kdgs-filter-item--link\" id=\"teaser-block-block_77d2ad2ba84e9b5b3a3efd649225a5e1-teaser17\">\n                                    <div class=\"item--impression\">\n                                        <div class=\"item--image\">\n\t\t\t\t\t\t\t\t\t\t\t<div class=\"a-image js-a-image \"><picture class=\"a-image__picture js-a-image__picture\">           <source width=\"343\" height=\"193\"  media=\"(min-width: 1400px)\" data-srcset=\"https:\/\/www.lapurla.ch\/wp-content\/uploads\/2022\/07\/LapurlaLogoNWBiludng-und-Familie-343x0.png 1x, https:\/\/www.lapurla.ch\/wp-content\/uploads\/2022\/07\/LapurlaLogoNWBiludng-und-Familie-686x0.png 2x\">           <source width=\"293\" height=\"165\" media=\"(min-width: 1200px)\" data-srcset=\"https:\/\/www.lapurla.ch\/wp-content\/uploads\/2022\/07\/LapurlaLogoNWBiludng-und-Familie-293x0.png 1x, https:\/\/www.lapurla.ch\/wp-content\/uploads\/2022\/07\/LapurlaLogoNWBiludng-und-Familie-586x0.png 2x\">           <source width=\"243\" height=\"137\" media=\"(min-width: 992px)\" data-srcset=\"https:\/\/www.lapurla.ch\/wp-content\/uploads\/2022\/07\/LapurlaLogoNWBiludng-und-Familie-243x0.png  1x, https:\/\/www.lapurla.ch\/wp-content\/uploads\/2022\/07\/LapurlaLogoNWBiludng-und-Familie-486x0.png 2x\">           <source width=\"276\" height=\"155\" media=\"(min-width: 768px)\" data-srcset=\"https:\/\/www.lapurla.ch\/wp-content\/uploads\/2022\/07\/LapurlaLogoNWBiludng-und-Familie-276x0.png 1x, https:\/\/www.lapurla.ch\/wp-content\/uploads\/2022\/07\/LapurlaLogoNWBiludng-und-Familie-552x0.png 2x\">           <source width=\"516\" height=\"291\" media=\"(min-width: 576px)\" data-srcset=\"https:\/\/www.lapurla.ch\/wp-content\/uploads\/2022\/07\/LapurlaLogoNWBiludng-und-Familie-516x0.png 1x, https:\/\/www.lapurla.ch\/wp-content\/uploads\/2022\/07\/LapurlaLogoNWBiludng-und-Familie-1032x0.png 2x\">           <img loading=\"lazy\" decoding=\"async\" width=\"551\" height=\"310\"           class=\"a-image__image js-a-image__image lazyload\" src=\"data:image\/gif;base64,R0lGODlhAQABAAAAACH5BAEKAAEALAAAAAABAAEAAAICTAEAOw==\"           data-src=\"https:\/\/www.lapurla.ch\/wp-content\/uploads\/2022\/07\/LapurlaLogoNWBiludng-und-Familie-551x0.png\" data-srcset=\"https:\/\/www.lapurla.ch\/wp-content\/uploads\/2022\/07\/LapurlaLogoNWBiludng-und-Familie-1102x0.png 2x\" alt=\"\"\/>      <\/picture><\/div>                                        <\/div>\n\t\t\t\t\t\t\t\t\t\t                                            <div class=\"location\">Famiglia<\/div>\n\t\t\t\t\t\t\t\t\t\t                                    <\/div>\n                                    <div class=\"item--content\">\n                                        <div class=\"item--content-wrapper\">\n                                            <h3 class=\"item--title\">Netzwerk Bildung und Familie<\/h3>\n                                            <div class=\"item--content\">\n\t\t\t\t\t\t\t\t\t\t\t\tCon le sue attivit\u00e0, l\u2019associazione Netzwerk Bildung und Familie si propone di fornire sostegno ai centri familiari in Svizzera. I centri familiari sono luoghi d\u2019incontro che, attraverso offerte facilmente accessibili, vengono incontro alle esigenze di famiglie con bambini di et\u00e0 compresa tra 0 e 4 anni. L\u2019obiettivo dell\u2019associazione consiste nel promuovere le opportunit\u00e0 di formazione dei bambini provenienti da famiglie in difficolt\u00e0.<br \/>\r\n<br \/>\r\n                                            <\/div>\n                                        <\/div>\n\t\t\t\t\t\t\t\t\t\t<svg class=\"svg-icon icon-arrow-right\" xmlns=\"http:\/\/www.w3.org\/2000\/svg\"><use xmlns:xlink=\"http:\/\/www.w3.org\/1999\/xlink\" xlink:href=\"https:\/\/www.lapurla.ch\/wp-content\/themes\/lapurla\/dist\/icons.svg?f27dc72#arrow-right\"><\/use><\/svg>                                    <\/div>\n                                <\/a>\n                            <\/div>\n\t\t\t\t\t\t                            <div class=\"col-12 col-md-6 col-lg-4 kdgs-filter-item\">\n                                <a href=\"https:\/\/netzwerk-fkb.de\" target=\"_blank\" class=\"kdgs-filter-item--link\" id=\"teaser-block-block_77d2ad2ba84e9b5b3a3efd649225a5e1-teaser18\">\n                                    <div class=\"item--impression\">\n                                        <div class=\"item--image\">\n\t\t\t\t\t\t\t\t\t\t\t<div class=\"a-image js-a-image \"><picture class=\"a-image__picture js-a-image__picture\">           <source width=\"343\" height=\"193\"  media=\"(min-width: 1400px)\" data-srcset=\"https:\/\/www.lapurla.ch\/wp-content\/uploads\/2022\/07\/LapurlaPublikationenNFKB-343x0.png 1x, https:\/\/www.lapurla.ch\/wp-content\/uploads\/2022\/07\/LapurlaPublikationenNFKB-686x0.png 2x\">           <source width=\"293\" height=\"165\" media=\"(min-width: 1200px)\" data-srcset=\"https:\/\/www.lapurla.ch\/wp-content\/uploads\/2022\/07\/LapurlaPublikationenNFKB-293x0.png 1x, https:\/\/www.lapurla.ch\/wp-content\/uploads\/2022\/07\/LapurlaPublikationenNFKB-586x0.png 2x\">           <source width=\"243\" height=\"137\" media=\"(min-width: 992px)\" data-srcset=\"https:\/\/www.lapurla.ch\/wp-content\/uploads\/2022\/07\/LapurlaPublikationenNFKB-243x0.png  1x, https:\/\/www.lapurla.ch\/wp-content\/uploads\/2022\/07\/LapurlaPublikationenNFKB-486x0.png 2x\">           <source width=\"276\" height=\"155\" media=\"(min-width: 768px)\" data-srcset=\"https:\/\/www.lapurla.ch\/wp-content\/uploads\/2022\/07\/LapurlaPublikationenNFKB-276x0.png 1x, https:\/\/www.lapurla.ch\/wp-content\/uploads\/2022\/07\/LapurlaPublikationenNFKB-552x0.png 2x\">           <source width=\"516\" height=\"291\" media=\"(min-width: 576px)\" data-srcset=\"https:\/\/www.lapurla.ch\/wp-content\/uploads\/2022\/07\/LapurlaPublikationenNFKB-516x0.png 1x, https:\/\/www.lapurla.ch\/wp-content\/uploads\/2022\/07\/LapurlaPublikationenNFKB-1032x0.png 2x\">           <img loading=\"lazy\" decoding=\"async\" width=\"551\" height=\"310\"           class=\"a-image__image js-a-image__image lazyload\" src=\"data:image\/gif;base64,R0lGODlhAQABAAAAACH5BAEKAAEALAAAAAABAAEAAAICTAEAOw==\"           data-src=\"https:\/\/www.lapurla.ch\/wp-content\/uploads\/2022\/07\/LapurlaPublikationenNFKB-551x0.png\" data-srcset=\"https:\/\/www.lapurla.ch\/wp-content\/uploads\/2022\/07\/LapurlaPublikationenNFKB-1102x0.png 2x\" alt=\"\"\/>      <\/picture><\/div>                                        <\/div>\n\t\t\t\t\t\t\t\t\t\t                                            <div class=\"location\">Cultura<\/div>\n\t\t\t\t\t\t\t\t\t\t                                    <\/div>\n                                    <div class=\"item--content\">\n                                        <div class=\"item--content-wrapper\">\n                                            <h3 class=\"item--title\">Netzwerk Fr\u00fchkindliche Kulturelle Bildung (Rete per la formazione culturale nella prima infanzia)<\/h3>\n                                            <div class=\"item--content\">\n\t\t\t\t\t\t\t\t\t\t\t\tLa rete Netzwerk Fr\u00fchkindliche Kulturelle Bildung (Rete per la formazione culturale nella prima infanzia) riunisce a livello nazionale operatori e rappresentanti del mondo dell\u2019arte, della cultura, della formazione, della scienza e della politica, nonch\u00e9 sostenitori pubblici e privati. Raccogliamo competenze ed esperienze e alimentiamo il dibattito specialistico nella teoria e nella pratica.                                            <\/div>\n                                        <\/div>\n\t\t\t\t\t\t\t\t\t\t<svg class=\"svg-icon icon-arrow-right\" xmlns=\"http:\/\/www.w3.org\/2000\/svg\"><use xmlns:xlink=\"http:\/\/www.w3.org\/1999\/xlink\" xlink:href=\"https:\/\/www.lapurla.ch\/wp-content\/themes\/lapurla\/dist\/icons.svg?f27dc72#arrow-right\"><\/use><\/svg>                                    <\/div>\n                                <\/a>\n                            <\/div>\n\t\t\t\t\t\t                            <div class=\"col-12 col-md-6 col-lg-4 kdgs-filter-item\">\n                                <a href=\"https:\/\/www.npg-rsp.ch\/de\/home.html\" target=\"_blank\" class=\"kdgs-filter-item--link\" id=\"teaser-block-block_77d2ad2ba84e9b5b3a3efd649225a5e1-teaser19\">\n                                    <div class=\"item--impression\">\n                                        <div class=\"item--image\">\n\t\t\t\t\t\t\t\t\t\t\t<div class=\"a-image js-a-image \"><picture class=\"a-image__picture js-a-image__picture\">           <source width=\"343\" height=\"193\"  media=\"(min-width: 1400px)\" data-srcset=\"https:\/\/www.lapurla.ch\/wp-content\/uploads\/2022\/07\/LapurlaLogoNPG-343x0.png 1x, https:\/\/www.lapurla.ch\/wp-content\/uploads\/2022\/07\/LapurlaLogoNPG-686x0.png 2x\">           <source width=\"293\" height=\"165\" media=\"(min-width: 1200px)\" data-srcset=\"https:\/\/www.lapurla.ch\/wp-content\/uploads\/2022\/07\/LapurlaLogoNPG-293x0.png 1x, https:\/\/www.lapurla.ch\/wp-content\/uploads\/2022\/07\/LapurlaLogoNPG-586x0.png 2x\">           <source width=\"243\" height=\"137\" media=\"(min-width: 992px)\" data-srcset=\"https:\/\/www.lapurla.ch\/wp-content\/uploads\/2022\/07\/LapurlaLogoNPG-243x0.png  1x, https:\/\/www.lapurla.ch\/wp-content\/uploads\/2022\/07\/LapurlaLogoNPG-486x0.png 2x\">           <source width=\"276\" height=\"155\" media=\"(min-width: 768px)\" data-srcset=\"https:\/\/www.lapurla.ch\/wp-content\/uploads\/2022\/07\/LapurlaLogoNPG-276x0.png 1x, https:\/\/www.lapurla.ch\/wp-content\/uploads\/2022\/07\/LapurlaLogoNPG-552x0.png 2x\">           <source width=\"516\" height=\"291\" media=\"(min-width: 576px)\" data-srcset=\"https:\/\/www.lapurla.ch\/wp-content\/uploads\/2022\/07\/LapurlaLogoNPG-516x0.png 1x, https:\/\/www.lapurla.ch\/wp-content\/uploads\/2022\/07\/LapurlaLogoNPG-1032x0.png 2x\">           <img loading=\"lazy\" decoding=\"async\" width=\"551\" height=\"310\"           class=\"a-image__image js-a-image__image lazyload\" src=\"data:image\/gif;base64,R0lGODlhAQABAAAAACH5BAEKAAEALAAAAAABAAEAAAICTAEAOw==\"           data-src=\"https:\/\/www.lapurla.ch\/wp-content\/uploads\/2022\/07\/LapurlaLogoNPG-551x0.png\" data-srcset=\"https:\/\/www.lapurla.ch\/wp-content\/uploads\/2022\/07\/LapurlaLogoNPG-1102x0.png 2x\" alt=\"\"\/>      <\/picture><\/div>                                        <\/div>\n\t\t\t\t\t\t\t\t\t\t                                            <div class=\"location\">Salute<\/div>\n\t\t\t\t\t\t\t\t\t\t                                    <\/div>\n                                    <div class=\"item--content\">\n                                        <div class=\"item--content-wrapper\">\n                                            <h3 class=\"item--title\">Rete Salute Psichica<\/h3>\n                                            <div class=\"item--content\">\n\t\t\t\t\t\t\t\t\t\t\t\tLa RSP \u00e8 un insieme \u00e8 un\u2019associazione di organizzazioni, istituti e imprese impegnati nella promozione della salute psichica in Svizzera. La rete si propone come iniziativa nazionale multisettoriale per la <br \/>\r\npromozione della salute psichica e la riduzione delle malattie psichiche in Svizzera.<br \/>\r\n                                            <\/div>\n                                        <\/div>\n\t\t\t\t\t\t\t\t\t\t<svg class=\"svg-icon icon-arrow-right\" xmlns=\"http:\/\/www.w3.org\/2000\/svg\"><use xmlns:xlink=\"http:\/\/www.w3.org\/1999\/xlink\" xlink:href=\"https:\/\/www.lapurla.ch\/wp-content\/themes\/lapurla\/dist\/icons.svg?f27dc72#arrow-right\"><\/use><\/svg>                                    <\/div>\n                                <\/a>\n                            <\/div>\n\t\t\t\t\t\t                            <div class=\"col-12 col-md-6 col-lg-4 kdgs-filter-item\">\n                                <a href=\"https:\/\/www.nike-kulturerbe.ch\/index.php?id=774&#038;L=0\" target=\"_blank\" class=\"kdgs-filter-item--link\" id=\"teaser-block-block_77d2ad2ba84e9b5b3a3efd649225a5e1-teaser20\">\n                                    <div class=\"item--impression\">\n                                        <div class=\"item--image\">\n\t\t\t\t\t\t\t\t\t\t\t<div class=\"a-image js-a-image \"><picture class=\"a-image__picture js-a-image__picture\">           <source width=\"343\" height=\"193\"  media=\"(min-width: 1400px)\" data-srcset=\"https:\/\/www.lapurla.ch\/wp-content\/uploads\/2022\/07\/LapurlaLogoNIKE-343x0.png 1x, https:\/\/www.lapurla.ch\/wp-content\/uploads\/2022\/07\/LapurlaLogoNIKE-686x0.png 2x\">           <source width=\"293\" height=\"165\" media=\"(min-width: 1200px)\" data-srcset=\"https:\/\/www.lapurla.ch\/wp-content\/uploads\/2022\/07\/LapurlaLogoNIKE-293x0.png 1x, https:\/\/www.lapurla.ch\/wp-content\/uploads\/2022\/07\/LapurlaLogoNIKE-586x0.png 2x\">           <source width=\"243\" height=\"137\" media=\"(min-width: 992px)\" data-srcset=\"https:\/\/www.lapurla.ch\/wp-content\/uploads\/2022\/07\/LapurlaLogoNIKE-243x0.png  1x, https:\/\/www.lapurla.ch\/wp-content\/uploads\/2022\/07\/LapurlaLogoNIKE-486x0.png 2x\">           <source width=\"276\" height=\"155\" media=\"(min-width: 768px)\" data-srcset=\"https:\/\/www.lapurla.ch\/wp-content\/uploads\/2022\/07\/LapurlaLogoNIKE-276x0.png 1x, https:\/\/www.lapurla.ch\/wp-content\/uploads\/2022\/07\/LapurlaLogoNIKE-552x0.png 2x\">           <source width=\"516\" height=\"291\" media=\"(min-width: 576px)\" data-srcset=\"https:\/\/www.lapurla.ch\/wp-content\/uploads\/2022\/07\/LapurlaLogoNIKE-516x0.png 1x, https:\/\/www.lapurla.ch\/wp-content\/uploads\/2022\/07\/LapurlaLogoNIKE-1032x0.png 2x\">           <img loading=\"lazy\" decoding=\"async\" width=\"551\" height=\"310\"           class=\"a-image__image js-a-image__image lazyload\" src=\"data:image\/gif;base64,R0lGODlhAQABAAAAACH5BAEKAAEALAAAAAABAAEAAAICTAEAOw==\"           data-src=\"https:\/\/www.lapurla.ch\/wp-content\/uploads\/2022\/07\/LapurlaLogoNIKE-551x0.png\" data-srcset=\"https:\/\/www.lapurla.ch\/wp-content\/uploads\/2022\/07\/LapurlaLogoNIKE-1102x0.png 2x\" alt=\"\"\/>      <\/picture><\/div>                                        <\/div>\n\t\t\t\t\t\t\t\t\t\t                                            <div class=\"location\">Cultura<\/div>\n\t\t\t\t\t\t\t\t\t\t                                    <\/div>\n                                    <div class=\"item--content\">\n                                        <div class=\"item--content-wrapper\">\n                                            <h3 class=\"item--title\">Centro nazionale d\u2019informazione sul patrimonio culturale NIKE<\/h3>\n                                            <div class=\"item--content\">\n\t\t\t\t\t\t\t\t\t\t\t\tIl Centro nazionale d\u2019informazione sul patrimonio culturale NIKE, affiliato all\u2019Accademia svizzera di scienze umane e sociali ASSH e a Europa Nostra, sensibilizza il pubblico in merito al patrimonio <br \/>\r\nculturale svizzero e rappresenta gli interessi della conservazione dei beni culturali nei confronti del mondo politico.<br \/>\r\n                                            <\/div>\n                                        <\/div>\n\t\t\t\t\t\t\t\t\t\t<svg class=\"svg-icon icon-arrow-right\" xmlns=\"http:\/\/www.w3.org\/2000\/svg\"><use xmlns:xlink=\"http:\/\/www.w3.org\/1999\/xlink\" xlink:href=\"https:\/\/www.lapurla.ch\/wp-content\/themes\/lapurla\/dist\/icons.svg?f27dc72#arrow-right\"><\/use><\/svg>                                    <\/div>\n                                <\/a>\n                            <\/div>\n\t\t\t\t\t\t                            <div class=\"col-12 col-md-6 col-lg-4 kdgs-filter-item\">\n                                <a href=\"https:\/\/pekip.ch\" target=\"_blank\" class=\"kdgs-filter-item--link\" id=\"teaser-block-block_77d2ad2ba84e9b5b3a3efd649225a5e1-teaser21\">\n                                    <div class=\"item--impression\">\n                                        <div class=\"item--image\">\n\t\t\t\t\t\t\t\t\t\t\t<div class=\"a-image js-a-image \"><picture class=\"a-image__picture js-a-image__picture\">           <source width=\"343\" height=\"193\"  media=\"(min-width: 1400px)\" data-srcset=\"https:\/\/www.lapurla.ch\/wp-content\/uploads\/2024\/07\/LapurlaLogosNetzwerkPekip-343x0.png 1x, https:\/\/www.lapurla.ch\/wp-content\/uploads\/2024\/07\/LapurlaLogosNetzwerkPekip-686x0.png 2x\">           <source width=\"293\" height=\"165\" media=\"(min-width: 1200px)\" data-srcset=\"https:\/\/www.lapurla.ch\/wp-content\/uploads\/2024\/07\/LapurlaLogosNetzwerkPekip-293x0.png 1x, https:\/\/www.lapurla.ch\/wp-content\/uploads\/2024\/07\/LapurlaLogosNetzwerkPekip-586x0.png 2x\">           <source width=\"243\" height=\"137\" media=\"(min-width: 992px)\" data-srcset=\"https:\/\/www.lapurla.ch\/wp-content\/uploads\/2024\/07\/LapurlaLogosNetzwerkPekip-243x0.png  1x, https:\/\/www.lapurla.ch\/wp-content\/uploads\/2024\/07\/LapurlaLogosNetzwerkPekip-486x0.png 2x\">           <source width=\"276\" height=\"155\" media=\"(min-width: 768px)\" data-srcset=\"https:\/\/www.lapurla.ch\/wp-content\/uploads\/2024\/07\/LapurlaLogosNetzwerkPekip-276x0.png 1x, https:\/\/www.lapurla.ch\/wp-content\/uploads\/2024\/07\/LapurlaLogosNetzwerkPekip-552x0.png 2x\">           <source width=\"516\" height=\"291\" media=\"(min-width: 576px)\" data-srcset=\"https:\/\/www.lapurla.ch\/wp-content\/uploads\/2024\/07\/LapurlaLogosNetzwerkPekip-516x0.png 1x, https:\/\/www.lapurla.ch\/wp-content\/uploads\/2024\/07\/LapurlaLogosNetzwerkPekip-1032x0.png 2x\">           <img loading=\"lazy\" decoding=\"async\" width=\"551\" height=\"310\"           class=\"a-image__image js-a-image__image lazyload\" src=\"data:image\/gif;base64,R0lGODlhAQABAAAAACH5BAEKAAEALAAAAAABAAEAAAICTAEAOw==\"           data-src=\"https:\/\/www.lapurla.ch\/wp-content\/uploads\/2024\/07\/LapurlaLogosNetzwerkPekip-551x0.png\" data-srcset=\"https:\/\/www.lapurla.ch\/wp-content\/uploads\/2024\/07\/LapurlaLogosNetzwerkPekip-1102x0.png 2x\" alt=\"\"\/>      <\/picture><\/div>                                        <\/div>\n\t\t\t\t\t\t\t\t\t\t                                            <div class=\"location\">Famiglia<\/div>\n\t\t\t\t\t\t\t\t\t\t                                    <\/div>\n                                    <div class=\"item--content\">\n                                        <div class=\"item--content-wrapper\">\n                                            <h3 class=\"item--title\">PEKiP<\/h3>\n                                            <div class=\"item--content\">\n\t\t\t\t\t\t\t\t\t\t\t\tLa visione del PEKiP \u00e8 quella di creare un ambiente favorevole e arricchente per lo sviluppo della prima infanzia, in cui i bambini possano sviluppare le loro capacit\u00e0 motorie, sensoriali e sociali attraverso il gioco. Allo stesso tempo, i genitori dovrebbero essere rafforzati nel loro ruolo di figure di attaccamento e sostenuti attraverso il dialogo in un ambiente professionale e apprezzabile, al fine di promuovere una relazione positiva tra genitori e figli e formare una forte comunit\u00e0 di famiglie.                                            <\/div>\n                                        <\/div>\n\t\t\t\t\t\t\t\t\t\t<svg class=\"svg-icon icon-arrow-right\" xmlns=\"http:\/\/www.w3.org\/2000\/svg\"><use xmlns:xlink=\"http:\/\/www.w3.org\/1999\/xlink\" xlink:href=\"https:\/\/www.lapurla.ch\/wp-content\/themes\/lapurla\/dist\/icons.svg?f27dc72#arrow-right\"><\/use><\/svg>                                    <\/div>\n                                <\/a>\n                            <\/div>\n\t\t\t\t\t\t                            <div class=\"col-12 col-md-6 col-lg-4 kdgs-filter-item\">\n                                <a href=\"https:\/\/www.projuventute.ch\/de\" target=\"_blank\" class=\"kdgs-filter-item--link\" id=\"teaser-block-block_77d2ad2ba84e9b5b3a3efd649225a5e1-teaser22\">\n                                    <div class=\"item--impression\">\n                                        <div class=\"item--image\">\n\t\t\t\t\t\t\t\t\t\t\t<div class=\"a-image js-a-image \"><picture class=\"a-image__picture js-a-image__picture\">           <source width=\"343\" height=\"193\"  media=\"(min-width: 1400px)\" data-srcset=\"https:\/\/www.lapurla.ch\/wp-content\/uploads\/2022\/07\/LapurlaLogoProJuventute-343x0.png 1x, https:\/\/www.lapurla.ch\/wp-content\/uploads\/2022\/07\/LapurlaLogoProJuventute-686x0.png 2x\">           <source width=\"293\" height=\"165\" media=\"(min-width: 1200px)\" data-srcset=\"https:\/\/www.lapurla.ch\/wp-content\/uploads\/2022\/07\/LapurlaLogoProJuventute-293x0.png 1x, https:\/\/www.lapurla.ch\/wp-content\/uploads\/2022\/07\/LapurlaLogoProJuventute-586x0.png 2x\">           <source width=\"243\" height=\"137\" media=\"(min-width: 992px)\" data-srcset=\"https:\/\/www.lapurla.ch\/wp-content\/uploads\/2022\/07\/LapurlaLogoProJuventute-243x0.png  1x, https:\/\/www.lapurla.ch\/wp-content\/uploads\/2022\/07\/LapurlaLogoProJuventute-486x0.png 2x\">           <source width=\"276\" height=\"155\" media=\"(min-width: 768px)\" data-srcset=\"https:\/\/www.lapurla.ch\/wp-content\/uploads\/2022\/07\/LapurlaLogoProJuventute-276x0.png 1x, https:\/\/www.lapurla.ch\/wp-content\/uploads\/2022\/07\/LapurlaLogoProJuventute-552x0.png 2x\">           <source width=\"516\" height=\"291\" media=\"(min-width: 576px)\" data-srcset=\"https:\/\/www.lapurla.ch\/wp-content\/uploads\/2022\/07\/LapurlaLogoProJuventute-516x0.png 1x, https:\/\/www.lapurla.ch\/wp-content\/uploads\/2022\/07\/LapurlaLogoProJuventute-1032x0.png 2x\">           <img loading=\"lazy\" decoding=\"async\" width=\"551\" height=\"310\"           class=\"a-image__image js-a-image__image lazyload\" src=\"data:image\/gif;base64,R0lGODlhAQABAAAAACH5BAEKAAEALAAAAAABAAEAAAICTAEAOw==\"           data-src=\"https:\/\/www.lapurla.ch\/wp-content\/uploads\/2022\/07\/LapurlaLogoProJuventute-551x0.png\" data-srcset=\"https:\/\/www.lapurla.ch\/wp-content\/uploads\/2022\/07\/LapurlaLogoProJuventute-1102x0.png 2x\" alt=\"\"\/>      <\/picture><\/div>                                        <\/div>\n\t\t\t\t\t\t\t\t\t\t                                            <div class=\"location\">Famiglia<\/div>\n\t\t\t\t\t\t\t\t\t\t                                    <\/div>\n                                    <div class=\"item--content\">\n                                        <div class=\"item--content-wrapper\">\n                                            <h3 class=\"item--title\">Pro Juventute<\/h3>\n                                            <div class=\"item--content\">\n\t\t\t\t\t\t\t\t\t\t\t\tDa oltre 100 anni Pro Juventute \u00e8 al fianco dei genitori per sostenere bambini e adolescenti a diventare persone responsabili e realizzate. Questa fondazione fornisce aiuto direttamente e con grande efficacia grazie ad una ricca e varia gamma di offerte, di cui beneficiano ogni anno pi\u00f9 di 300\u2019000 bambini e adolescenti e quasi 140\u2019000 genitori in tutta la Svizzera.                                            <\/div>\n                                        <\/div>\n\t\t\t\t\t\t\t\t\t\t<svg class=\"svg-icon icon-arrow-right\" xmlns=\"http:\/\/www.w3.org\/2000\/svg\"><use xmlns:xlink=\"http:\/\/www.w3.org\/1999\/xlink\" xlink:href=\"https:\/\/www.lapurla.ch\/wp-content\/themes\/lapurla\/dist\/icons.svg?f27dc72#arrow-right\"><\/use><\/svg>                                    <\/div>\n                                <\/a>\n                            <\/div>\n\t\t\t\t\t\t                            <div class=\"col-12 col-md-6 col-lg-4 kdgs-filter-item\">\n                                <a href=\"https:\/\/www.kkj.ch\" target=\"_blank\" class=\"kdgs-filter-item--link\" id=\"teaser-block-block_77d2ad2ba84e9b5b3a3efd649225a5e1-teaser23\">\n                                    <div class=\"item--impression\">\n                                        <div class=\"item--image\">\n\t\t\t\t\t\t\t\t\t\t\t<div class=\"a-image js-a-image \"><picture class=\"a-image__picture js-a-image__picture\">           <source width=\"343\" height=\"193\"  media=\"(min-width: 1400px)\" data-srcset=\"https:\/\/www.lapurla.ch\/wp-content\/uploads\/2022\/07\/LapurlaLogoKKJ-343x0.png 1x, https:\/\/www.lapurla.ch\/wp-content\/uploads\/2022\/07\/LapurlaLogoKKJ-686x0.png 2x\">           <source width=\"293\" height=\"165\" media=\"(min-width: 1200px)\" data-srcset=\"https:\/\/www.lapurla.ch\/wp-content\/uploads\/2022\/07\/LapurlaLogoKKJ-293x0.png 1x, https:\/\/www.lapurla.ch\/wp-content\/uploads\/2022\/07\/LapurlaLogoKKJ-586x0.png 2x\">           <source width=\"243\" height=\"137\" media=\"(min-width: 992px)\" data-srcset=\"https:\/\/www.lapurla.ch\/wp-content\/uploads\/2022\/07\/LapurlaLogoKKJ-243x0.png  1x, https:\/\/www.lapurla.ch\/wp-content\/uploads\/2022\/07\/LapurlaLogoKKJ-486x0.png 2x\">           <source width=\"276\" height=\"155\" media=\"(min-width: 768px)\" data-srcset=\"https:\/\/www.lapurla.ch\/wp-content\/uploads\/2022\/07\/LapurlaLogoKKJ-276x0.png 1x, https:\/\/www.lapurla.ch\/wp-content\/uploads\/2022\/07\/LapurlaLogoKKJ-552x0.png 2x\">           <source width=\"516\" height=\"291\" media=\"(min-width: 576px)\" data-srcset=\"https:\/\/www.lapurla.ch\/wp-content\/uploads\/2022\/07\/LapurlaLogoKKJ-516x0.png 1x, https:\/\/www.lapurla.ch\/wp-content\/uploads\/2022\/07\/LapurlaLogoKKJ-1032x0.png 2x\">           <img loading=\"lazy\" decoding=\"async\" width=\"551\" height=\"310\"           class=\"a-image__image js-a-image__image lazyload\" src=\"data:image\/gif;base64,R0lGODlhAQABAAAAACH5BAEKAAEALAAAAAABAAEAAAICTAEAOw==\"           data-src=\"https:\/\/www.lapurla.ch\/wp-content\/uploads\/2022\/07\/LapurlaLogoKKJ-551x0.png\" data-srcset=\"https:\/\/www.lapurla.ch\/wp-content\/uploads\/2022\/07\/LapurlaLogoKKJ-1102x0.png 2x\" alt=\"\"\/>      <\/picture><\/div>                                        <\/div>\n\t\t\t\t\t\t\t\t\t\t                                            <div class=\"location\">Formazione<\/div>\n\t\t\t\t\t\t\t\t\t\t                                    <\/div>\n                                    <div class=\"item--content\">\n                                        <div class=\"item--content-wrapper\">\n                                            <h3 class=\"item--title\">Associazione svizzera arte per bambini e ragazzi (KKJ)<\/h3>\n                                            <div class=\"item--content\">\n\t\t\t\t\t\t\t\t\t\t\t\tKinder und Jugendliche in der Schweiz sollen ab Kleinkindalter auf jeder Altersstufe Zugang haben zu pers\u00f6nlichkeitsbezogenen Bildungsangeboten in den Bereichen der K\u00fcnste und der Kultur, die insbesondere auch soziale Integration und gerechtes Aufwachsen erm\u00f6glichen. K\u00fcnste und Kultur machen Kinder und Jugendliche stark f\u00fcrs Leben.                                            <\/div>\n                                        <\/div>\n\t\t\t\t\t\t\t\t\t\t<svg class=\"svg-icon icon-arrow-right\" xmlns=\"http:\/\/www.w3.org\/2000\/svg\"><use xmlns:xlink=\"http:\/\/www.w3.org\/1999\/xlink\" xlink:href=\"https:\/\/www.lapurla.ch\/wp-content\/themes\/lapurla\/dist\/icons.svg?f27dc72#arrow-right\"><\/use><\/svg>                                    <\/div>\n                                <\/a>\n                            <\/div>\n\t\t\t\t\t\t                            <div class=\"col-12 col-md-6 col-lg-4 kdgs-filter-item\">\n                                <a href=\"https:\/\/www.sikjm.ch\" target=\"_blank\" class=\"kdgs-filter-item--link\" id=\"teaser-block-block_77d2ad2ba84e9b5b3a3efd649225a5e1-teaser24\">\n                                    <div class=\"item--impression\">\n                                        <div class=\"item--image\">\n\t\t\t\t\t\t\t\t\t\t\t<div class=\"a-image js-a-image \"><picture class=\"a-image__picture js-a-image__picture\">           <source width=\"343\" height=\"193\"  media=\"(min-width: 1400px)\" data-srcset=\"https:\/\/www.lapurla.ch\/wp-content\/uploads\/2022\/07\/LapurlaLogoSIKJM-343x0.png 1x, https:\/\/www.lapurla.ch\/wp-content\/uploads\/2022\/07\/LapurlaLogoSIKJM-686x0.png 2x\">           <source width=\"293\" height=\"165\" media=\"(min-width: 1200px)\" data-srcset=\"https:\/\/www.lapurla.ch\/wp-content\/uploads\/2022\/07\/LapurlaLogoSIKJM-293x0.png 1x, https:\/\/www.lapurla.ch\/wp-content\/uploads\/2022\/07\/LapurlaLogoSIKJM-586x0.png 2x\">           <source width=\"243\" height=\"137\" media=\"(min-width: 992px)\" data-srcset=\"https:\/\/www.lapurla.ch\/wp-content\/uploads\/2022\/07\/LapurlaLogoSIKJM-243x0.png  1x, https:\/\/www.lapurla.ch\/wp-content\/uploads\/2022\/07\/LapurlaLogoSIKJM-486x0.png 2x\">           <source width=\"276\" height=\"155\" media=\"(min-width: 768px)\" data-srcset=\"https:\/\/www.lapurla.ch\/wp-content\/uploads\/2022\/07\/LapurlaLogoSIKJM-276x0.png 1x, https:\/\/www.lapurla.ch\/wp-content\/uploads\/2022\/07\/LapurlaLogoSIKJM-552x0.png 2x\">           <source width=\"516\" height=\"291\" media=\"(min-width: 576px)\" data-srcset=\"https:\/\/www.lapurla.ch\/wp-content\/uploads\/2022\/07\/LapurlaLogoSIKJM-516x0.png 1x, https:\/\/www.lapurla.ch\/wp-content\/uploads\/2022\/07\/LapurlaLogoSIKJM-1032x0.png 2x\">           <img loading=\"lazy\" decoding=\"async\" width=\"551\" height=\"310\"           class=\"a-image__image js-a-image__image lazyload\" src=\"data:image\/gif;base64,R0lGODlhAQABAAAAACH5BAEKAAEALAAAAAABAAEAAAICTAEAOw==\"           data-src=\"https:\/\/www.lapurla.ch\/wp-content\/uploads\/2022\/07\/LapurlaLogoSIKJM-551x0.png\" data-srcset=\"https:\/\/www.lapurla.ch\/wp-content\/uploads\/2022\/07\/LapurlaLogoSIKJM-1102x0.png 2x\" alt=\"\"\/>      <\/picture><\/div>                                        <\/div>\n\t\t\t\t\t\t\t\t\t\t                                            <div class=\"location\">Formazione<\/div>\n\t\t\t\t\t\t\t\t\t\t                                    <\/div>\n                                    <div class=\"item--content\">\n                                        <div class=\"item--content-wrapper\">\n                                            <h3 class=\"item--title\">Istituto svizzero Media e Ragazzi (ISMR)<\/h3>\n                                            <div class=\"item--content\">\n\t\t\t\t\t\t\t\t\t\t\t\tL\u2019Istituto svizzero Media e Ragazzi (ISMR) raccoglie e documenta nella sua biblioteca media per bambini e ragazzi, studia i media per bambini e ragazzi con un approccio scientifico e interdisciplinare, presenta i risultati ai convegni scientifici e li divulga tramite pubblicazioni e mostre, consente a bambini e ragazzi di accedere a divertenti media dedicati, tratta l\u2019argomento dei media per bambini e ragazzi, delle tendenze e dei relativi background in riviste specializzate e libri e premia i migliori libri per bambini e ragazzi.                                            <\/div>\n                                        <\/div>\n\t\t\t\t\t\t\t\t\t\t<svg class=\"svg-icon icon-arrow-right\" xmlns=\"http:\/\/www.w3.org\/2000\/svg\"><use xmlns:xlink=\"http:\/\/www.w3.org\/1999\/xlink\" xlink:href=\"https:\/\/www.lapurla.ch\/wp-content\/themes\/lapurla\/dist\/icons.svg?f27dc72#arrow-right\"><\/use><\/svg>                                    <\/div>\n                                <\/a>\n                            <\/div>\n\t\t\t\t\t\t                            <div class=\"col-12 col-md-6 col-lg-4 kdgs-filter-item\">\n                                <a href=\"https:\/\/www.unesco.ch\" target=\"_blank\" class=\"kdgs-filter-item--link\" id=\"teaser-block-block_77d2ad2ba84e9b5b3a3efd649225a5e1-teaser25\">\n                                    <div class=\"item--impression\">\n                                        <div class=\"item--image\">\n\t\t\t\t\t\t\t\t\t\t\t<div class=\"a-image js-a-image \"><picture class=\"a-image__picture js-a-image__picture\">           <source width=\"343\" height=\"193\"  media=\"(min-width: 1400px)\" data-srcset=\"https:\/\/www.lapurla.ch\/wp-content\/uploads\/2022\/07\/LapurlaLogoSUK-343x0.png 1x, https:\/\/www.lapurla.ch\/wp-content\/uploads\/2022\/07\/LapurlaLogoSUK-686x0.png 2x\">           <source width=\"293\" height=\"165\" media=\"(min-width: 1200px)\" data-srcset=\"https:\/\/www.lapurla.ch\/wp-content\/uploads\/2022\/07\/LapurlaLogoSUK-293x0.png 1x, https:\/\/www.lapurla.ch\/wp-content\/uploads\/2022\/07\/LapurlaLogoSUK-586x0.png 2x\">           <source width=\"243\" height=\"137\" media=\"(min-width: 992px)\" data-srcset=\"https:\/\/www.lapurla.ch\/wp-content\/uploads\/2022\/07\/LapurlaLogoSUK-243x0.png  1x, https:\/\/www.lapurla.ch\/wp-content\/uploads\/2022\/07\/LapurlaLogoSUK-486x0.png 2x\">           <source width=\"276\" height=\"155\" media=\"(min-width: 768px)\" data-srcset=\"https:\/\/www.lapurla.ch\/wp-content\/uploads\/2022\/07\/LapurlaLogoSUK-276x0.png 1x, https:\/\/www.lapurla.ch\/wp-content\/uploads\/2022\/07\/LapurlaLogoSUK-552x0.png 2x\">           <source width=\"516\" height=\"291\" media=\"(min-width: 576px)\" data-srcset=\"https:\/\/www.lapurla.ch\/wp-content\/uploads\/2022\/07\/LapurlaLogoSUK-516x0.png 1x, https:\/\/www.lapurla.ch\/wp-content\/uploads\/2022\/07\/LapurlaLogoSUK-1032x0.png 2x\">           <img loading=\"lazy\" decoding=\"async\" width=\"551\" height=\"310\"           class=\"a-image__image js-a-image__image lazyload\" src=\"data:image\/gif;base64,R0lGODlhAQABAAAAACH5BAEKAAEALAAAAAABAAEAAAICTAEAOw==\"           data-src=\"https:\/\/www.lapurla.ch\/wp-content\/uploads\/2022\/07\/LapurlaLogoSUK-551x0.png\" data-srcset=\"https:\/\/www.lapurla.ch\/wp-content\/uploads\/2022\/07\/LapurlaLogoSUK-1102x0.png 2x\" alt=\"\"\/>      <\/picture><\/div>                                        <\/div>\n\t\t\t\t\t\t\t\t\t\t                                            <div class=\"location\">Politica<\/div>\n\t\t\t\t\t\t\t\t\t\t                                    <\/div>\n                                    <div class=\"item--content\">\n                                        <div class=\"item--content-wrapper\">\n                                            <h3 class=\"item--title\">Commissione svizzera per l\u2019UNESCO<\/h3>\n                                            <div class=\"item--content\">\n\t\t\t\t\t\t\t\t\t\t\t\tLa Costituzione dell\u2019UNESCO prevede che ogni Stato membro istituisca una commissione nazionale. La Commissione svizzera per l\u2019UNESCO (CSU) \u00e8 la commissione nazionale della Svizzera. \u00c8 stata fondata nel 1949 come commissione extraparlamentare in seguito all\u2019adesione della Svizzera all\u2019UNESCO ed \u00e8 composta da venti membri, nominati dal Consiglio federale. La CSU funge da anello di congiunzione tra l\u2019UNESCO e la Svizzera.                                            <\/div>\n                                        <\/div>\n\t\t\t\t\t\t\t\t\t\t<svg class=\"svg-icon icon-arrow-right\" xmlns=\"http:\/\/www.w3.org\/2000\/svg\"><use xmlns:xlink=\"http:\/\/www.w3.org\/1999\/xlink\" xlink:href=\"https:\/\/www.lapurla.ch\/wp-content\/themes\/lapurla\/dist\/icons.svg?f27dc72#arrow-right\"><\/use><\/svg>                                    <\/div>\n                                <\/a>\n                            <\/div>\n\t\t\t\t\t\t                            <div class=\"col-12 col-md-6 col-lg-4 kdgs-filter-item\">\n                                <a href=\"https:\/\/www.tim-tam.ch\" target=\"_blank\" class=\"kdgs-filter-item--link\" id=\"teaser-block-block_77d2ad2ba84e9b5b3a3efd649225a5e1-teaser26\">\n                                    <div class=\"item--impression\">\n                                        <div class=\"item--image\">\n\t\t\t\t\t\t\t\t\t\t\t<div class=\"a-image js-a-image \"><picture class=\"a-image__picture js-a-image__picture\">           <source width=\"343\" height=\"193\"  media=\"(min-width: 1400px)\" data-srcset=\"https:\/\/www.lapurla.ch\/wp-content\/uploads\/2022\/07\/LapurlaLogotim-tam-1-343x0.png 1x, https:\/\/www.lapurla.ch\/wp-content\/uploads\/2022\/07\/LapurlaLogotim-tam-1-686x0.png 2x\">           <source width=\"293\" height=\"165\" media=\"(min-width: 1200px)\" data-srcset=\"https:\/\/www.lapurla.ch\/wp-content\/uploads\/2022\/07\/LapurlaLogotim-tam-1-293x0.png 1x, https:\/\/www.lapurla.ch\/wp-content\/uploads\/2022\/07\/LapurlaLogotim-tam-1-586x0.png 2x\">           <source width=\"243\" height=\"137\" media=\"(min-width: 992px)\" data-srcset=\"https:\/\/www.lapurla.ch\/wp-content\/uploads\/2022\/07\/LapurlaLogotim-tam-1-243x0.png  1x, https:\/\/www.lapurla.ch\/wp-content\/uploads\/2022\/07\/LapurlaLogotim-tam-1-486x0.png 2x\">           <source width=\"276\" height=\"155\" media=\"(min-width: 768px)\" data-srcset=\"https:\/\/www.lapurla.ch\/wp-content\/uploads\/2022\/07\/LapurlaLogotim-tam-1-276x0.png 1x, https:\/\/www.lapurla.ch\/wp-content\/uploads\/2022\/07\/LapurlaLogotim-tam-1-552x0.png 2x\">           <source width=\"516\" height=\"291\" media=\"(min-width: 576px)\" data-srcset=\"https:\/\/www.lapurla.ch\/wp-content\/uploads\/2022\/07\/LapurlaLogotim-tam-1-516x0.png 1x, https:\/\/www.lapurla.ch\/wp-content\/uploads\/2022\/07\/LapurlaLogotim-tam-1-1032x0.png 2x\">           <img loading=\"lazy\" decoding=\"async\" width=\"551\" height=\"310\"           class=\"a-image__image js-a-image__image lazyload\" src=\"data:image\/gif;base64,R0lGODlhAQABAAAAACH5BAEKAAEALAAAAAABAAEAAAICTAEAOw==\"           data-src=\"https:\/\/www.lapurla.ch\/wp-content\/uploads\/2022\/07\/LapurlaLogotim-tam-1-551x0.png\" data-srcset=\"https:\/\/www.lapurla.ch\/wp-content\/uploads\/2022\/07\/LapurlaLogotim-tam-1-1102x0.png 2x\" alt=\"\"\/>      <\/picture><\/div>                                        <\/div>\n\t\t\t\t\t\t\t\t\t\t                                            <div class=\"location\">Cultura<\/div>\n\t\t\t\t\t\t\t\t\t\t                                    <\/div>\n                                    <div class=\"item--content\">\n                                        <div class=\"item--content-wrapper\">\n                                            <h3 class=\"item--title\">TaM \u2013 Tandem al museo<\/h3>\n                                            <div class=\"item--content\">\n\t\t\t\t\t\t\t\t\t\t\t\tIn tandem le persone si aprono, imparano a conoscersi e a conoscere il museo. Scelgono il loro oggetto preferito, inventano una storia su di esso e la mettono online. TaM in relazione agli asili nido: \u00e8 possibile andare al museo con i bambini oppure organizzare un evento TaM al museo con i genitori, o ancora visitare di tanto in tanto il museo privatamente e autonomamente, con un accompagnatore. Se il modello TaM nell\u2019asilo nido si estende anche ai genitori e anche questi ultimi si propongono come guide TaM, i bambini potranno accedere alla cultura anche nel loro tempo libero.                                            <\/div>\n                                        <\/div>\n\t\t\t\t\t\t\t\t\t\t<svg class=\"svg-icon icon-arrow-right\" xmlns=\"http:\/\/www.w3.org\/2000\/svg\"><use xmlns:xlink=\"http:\/\/www.w3.org\/1999\/xlink\" xlink:href=\"https:\/\/www.lapurla.ch\/wp-content\/themes\/lapurla\/dist\/icons.svg?f27dc72#arrow-right\"><\/use><\/svg>                                    <\/div>\n                                <\/a>\n                            <\/div>\n\t\t\t\t\t\t                            <div class=\"col-12 col-md-6 col-lg-4 kdgs-filter-item\">\n                                <a href=\"https:\/\/www.unicef.ch\/de\/wer-wir-sind\/national\/organisation\" target=\"_blank\" class=\"kdgs-filter-item--link\" id=\"teaser-block-block_77d2ad2ba84e9b5b3a3efd649225a5e1-teaser27\">\n                                    <div class=\"item--impression\">\n                                        <div class=\"item--image\">\n\t\t\t\t\t\t\t\t\t\t\t<div class=\"a-image js-a-image \"><picture class=\"a-image__picture js-a-image__picture\">           <source width=\"343\" height=\"193\"  media=\"(min-width: 1400px)\" data-srcset=\"https:\/\/www.lapurla.ch\/wp-content\/uploads\/2022\/07\/LapurlaLogoUNICEF-343x0.png 1x, https:\/\/www.lapurla.ch\/wp-content\/uploads\/2022\/07\/LapurlaLogoUNICEF-686x0.png 2x\">           <source width=\"293\" height=\"165\" media=\"(min-width: 1200px)\" data-srcset=\"https:\/\/www.lapurla.ch\/wp-content\/uploads\/2022\/07\/LapurlaLogoUNICEF-293x0.png 1x, https:\/\/www.lapurla.ch\/wp-content\/uploads\/2022\/07\/LapurlaLogoUNICEF-586x0.png 2x\">           <source width=\"243\" height=\"137\" media=\"(min-width: 992px)\" data-srcset=\"https:\/\/www.lapurla.ch\/wp-content\/uploads\/2022\/07\/LapurlaLogoUNICEF-243x0.png  1x, https:\/\/www.lapurla.ch\/wp-content\/uploads\/2022\/07\/LapurlaLogoUNICEF-486x0.png 2x\">           <source width=\"276\" height=\"155\" media=\"(min-width: 768px)\" data-srcset=\"https:\/\/www.lapurla.ch\/wp-content\/uploads\/2022\/07\/LapurlaLogoUNICEF-276x0.png 1x, https:\/\/www.lapurla.ch\/wp-content\/uploads\/2022\/07\/LapurlaLogoUNICEF-552x0.png 2x\">           <source width=\"516\" height=\"291\" media=\"(min-width: 576px)\" data-srcset=\"https:\/\/www.lapurla.ch\/wp-content\/uploads\/2022\/07\/LapurlaLogoUNICEF-516x0.png 1x, https:\/\/www.lapurla.ch\/wp-content\/uploads\/2022\/07\/LapurlaLogoUNICEF-1032x0.png 2x\">           <img loading=\"lazy\" decoding=\"async\" width=\"551\" height=\"310\"           class=\"a-image__image js-a-image__image lazyload\" src=\"data:image\/gif;base64,R0lGODlhAQABAAAAACH5BAEKAAEALAAAAAABAAEAAAICTAEAOw==\"           data-src=\"https:\/\/www.lapurla.ch\/wp-content\/uploads\/2022\/07\/LapurlaLogoUNICEF-551x0.png\" data-srcset=\"https:\/\/www.lapurla.ch\/wp-content\/uploads\/2022\/07\/LapurlaLogoUNICEF-1102x0.png 2x\" alt=\"\"\/>      <\/picture><\/div>                                        <\/div>\n\t\t\t\t\t\t\t\t\t\t                                            <div class=\"location\">Diritti dell\u2019infanzia<\/div>\n\t\t\t\t\t\t\t\t\t\t                                    <\/div>\n                                    <div class=\"item--content\">\n                                        <div class=\"item--content-wrapper\">\n                                            <h3 class=\"item--title\">UNICEF Svizzera e Liechtenstein<\/h3>\n                                            <div class=\"item--content\">\n\t\t\t\t\t\t\t\t\t\t\t\tL\u2019impegno di UNICEF Svizzera e Liechtenstein \u00e8 volto a migliorare la situazione dei bambini nel mondo nonch\u00e9 in Svizzera e nel Liechtenstein, a fare in modo che a tutti i bambini, senza distinzioni di sesso, provenienza, nazionalit\u00e0, religione o lingua, siano riconosciuti i diritti dell\u2019infanzia e che venga promossa la solidariet\u00e0 internazionale della popolazione della Svizzera e del Liechtenstein. Il quadro di riferimento per il lavoro del comitato \u00e8 la Convenzione sui diritti dell\u2019infanzia.                                            <\/div>\n                                        <\/div>\n\t\t\t\t\t\t\t\t\t\t<svg class=\"svg-icon icon-arrow-right\" xmlns=\"http:\/\/www.w3.org\/2000\/svg\"><use xmlns:xlink=\"http:\/\/www.w3.org\/1999\/xlink\" xlink:href=\"https:\/\/www.lapurla.ch\/wp-content\/themes\/lapurla\/dist\/icons.svg?f27dc72#arrow-right\"><\/use><\/svg>                                    <\/div>\n                                <\/a>\n                            <\/div>\n\t\t\t\t\t\t                            <div class=\"col-12 col-md-6 col-lg-4 kdgs-filter-item\">\n                                <a href=\"https:\/\/www.youvita.ch\/Home\/Pdsob\/?lang=it\" target=\"_blank\" class=\"kdgs-filter-item--link\" id=\"teaser-block-block_77d2ad2ba84e9b5b3a3efd649225a5e1-teaser28\">\n                                    <div class=\"item--impression\">\n                                        <div class=\"item--image\">\n\t\t\t\t\t\t\t\t\t\t\t<div class=\"a-image js-a-image \"><picture class=\"a-image__picture js-a-image__picture\">           <source width=\"343\" height=\"208\"  media=\"(min-width: 1400px)\" data-srcset=\"https:\/\/www.lapurla.ch\/wp-content\/uploads\/2025\/07\/LogoYouvitaquer-2-scaled-e1753366969924-343x0.jpg 1x, https:\/\/www.lapurla.ch\/wp-content\/uploads\/2025\/07\/LogoYouvitaquer-2-scaled-e1753366969924-686x0.jpg 2x\">           <source width=\"293\" height=\"178\" media=\"(min-width: 1200px)\" data-srcset=\"https:\/\/www.lapurla.ch\/wp-content\/uploads\/2025\/07\/LogoYouvitaquer-2-scaled-e1753366969924-293x0.jpg 1x, https:\/\/www.lapurla.ch\/wp-content\/uploads\/2025\/07\/LogoYouvitaquer-2-scaled-e1753366969924-586x0.jpg 2x\">           <source width=\"243\" height=\"148\" media=\"(min-width: 992px)\" data-srcset=\"https:\/\/www.lapurla.ch\/wp-content\/uploads\/2025\/07\/LogoYouvitaquer-2-scaled-e1753366969924-243x0.jpg  1x, https:\/\/www.lapurla.ch\/wp-content\/uploads\/2025\/07\/LogoYouvitaquer-2-scaled-e1753366969924-486x0.jpg 2x\">           <source width=\"276\" height=\"168\" media=\"(min-width: 768px)\" data-srcset=\"https:\/\/www.lapurla.ch\/wp-content\/uploads\/2025\/07\/LogoYouvitaquer-2-scaled-e1753366969924-276x0.jpg 1x, https:\/\/www.lapurla.ch\/wp-content\/uploads\/2025\/07\/LogoYouvitaquer-2-scaled-e1753366969924-552x0.jpg 2x\">           <source width=\"516\" height=\"314\" media=\"(min-width: 576px)\" data-srcset=\"https:\/\/www.lapurla.ch\/wp-content\/uploads\/2025\/07\/LogoYouvitaquer-2-scaled-e1753366969924-516x0.jpg 1x, https:\/\/www.lapurla.ch\/wp-content\/uploads\/2025\/07\/LogoYouvitaquer-2-scaled-e1753366969924-1032x0.jpg 2x\">           <img loading=\"lazy\" decoding=\"async\" width=\"551\" height=\"335\"           class=\"a-image__image js-a-image__image lazyload\" src=\"data:image\/gif;base64,R0lGODlhAQABAAAAACH5BAEKAAEALAAAAAABAAEAAAICTAEAOw==\"           data-src=\"https:\/\/www.lapurla.ch\/wp-content\/uploads\/2025\/07\/LogoYouvitaquer-2-scaled-e1753366969924-551x0.jpg\" data-srcset=\"https:\/\/www.lapurla.ch\/wp-content\/uploads\/2025\/07\/LogoYouvitaquer-2-scaled-e1753366969924-1102x0.jpg 2x\" alt=\"\"\/>      <\/picture><\/div>                                        <\/div>\n\t\t\t\t\t\t\t\t\t\t                                            <div class=\"location\">Bambini e adolescenti <\/div>\n\t\t\t\t\t\t\t\t\t\t                                    <\/div>\n                                    <div class=\"item--content\">\n                                        <div class=\"item--content-wrapper\">\n                                            <h3 class=\"item--title\">YOUVITA<\/h3>\n                                            <div class=\"item--content\">\n\t\t\t\t\t\t\t\t\t\t\t\tYOUVITA \u00e8 l&#8217;organizzazione nazionale di settore dei fornitori di servizi per bambini e giovani e fa parte della federazione ARTISET. YOUVITA si impegna a garantire buone condizioni quadro per il sostegno e la promozione dei giovani e sostiene i suoi membri con competenze, programmi educativi e advocacy.                                            <\/div>\n                                        <\/div>\n\t\t\t\t\t\t\t\t\t\t<svg class=\"svg-icon icon-arrow-right\" xmlns=\"http:\/\/www.w3.org\/2000\/svg\"><use xmlns:xlink=\"http:\/\/www.w3.org\/1999\/xlink\" xlink:href=\"https:\/\/www.lapurla.ch\/wp-content\/themes\/lapurla\/dist\/icons.svg?f27dc72#arrow-right\"><\/use><\/svg>                                    <\/div>\n                                <\/a>\n                            <\/div>\n\t\t\t\t\t\t                            <div class=\"col-12 col-md-6 col-lg-4 kdgs-filter-item\">\n                                <a href=\"https:\/\/zeppelin-familien.ch\" target=\"_blank\" class=\"kdgs-filter-item--link\" id=\"teaser-block-block_77d2ad2ba84e9b5b3a3efd649225a5e1-teaser29\">\n                                    <div class=\"item--impression\">\n                                        <div class=\"item--image\">\n\t\t\t\t\t\t\t\t\t\t\t<div class=\"a-image js-a-image \"><picture class=\"a-image__picture js-a-image__picture\">           <source width=\"343\" height=\"193\"  media=\"(min-width: 1400px)\" data-srcset=\"https:\/\/www.lapurla.ch\/wp-content\/uploads\/2025\/03\/LapurlaLogosNetzwerkpartnerZeppelin-343x0.png 1x, https:\/\/www.lapurla.ch\/wp-content\/uploads\/2025\/03\/LapurlaLogosNetzwerkpartnerZeppelin-686x0.png 2x\">           <source width=\"293\" height=\"165\" media=\"(min-width: 1200px)\" data-srcset=\"https:\/\/www.lapurla.ch\/wp-content\/uploads\/2025\/03\/LapurlaLogosNetzwerkpartnerZeppelin-293x0.png 1x, https:\/\/www.lapurla.ch\/wp-content\/uploads\/2025\/03\/LapurlaLogosNetzwerkpartnerZeppelin-586x0.png 2x\">           <source width=\"243\" height=\"137\" media=\"(min-width: 992px)\" data-srcset=\"https:\/\/www.lapurla.ch\/wp-content\/uploads\/2025\/03\/LapurlaLogosNetzwerkpartnerZeppelin-243x0.png  1x, https:\/\/www.lapurla.ch\/wp-content\/uploads\/2025\/03\/LapurlaLogosNetzwerkpartnerZeppelin-486x0.png 2x\">           <source width=\"276\" height=\"155\" media=\"(min-width: 768px)\" data-srcset=\"https:\/\/www.lapurla.ch\/wp-content\/uploads\/2025\/03\/LapurlaLogosNetzwerkpartnerZeppelin-276x0.png 1x, https:\/\/www.lapurla.ch\/wp-content\/uploads\/2025\/03\/LapurlaLogosNetzwerkpartnerZeppelin-552x0.png 2x\">           <source width=\"516\" height=\"290\" media=\"(min-width: 576px)\" data-srcset=\"https:\/\/www.lapurla.ch\/wp-content\/uploads\/2025\/03\/LapurlaLogosNetzwerkpartnerZeppelin-516x0.png 1x, https:\/\/www.lapurla.ch\/wp-content\/uploads\/2025\/03\/LapurlaLogosNetzwerkpartnerZeppelin-1032x0.png 2x\">           <img loading=\"lazy\" decoding=\"async\" width=\"551\" height=\"310\"           class=\"a-image__image js-a-image__image lazyload\" src=\"data:image\/gif;base64,R0lGODlhAQABAAAAACH5BAEKAAEALAAAAAABAAEAAAICTAEAOw==\"           data-src=\"https:\/\/www.lapurla.ch\/wp-content\/uploads\/2025\/03\/LapurlaLogosNetzwerkpartnerZeppelin-551x0.png\" data-srcset=\"https:\/\/www.lapurla.ch\/wp-content\/uploads\/2025\/03\/LapurlaLogosNetzwerkpartnerZeppelin-1102x0.png 2x\" alt=\"\"\/>      <\/picture><\/div>                                        <\/div>\n\t\t\t\t\t\t\t\t\t\t                                            <div class=\"location\">Famiglia<\/div>\n\t\t\t\t\t\t\t\t\t\t                                    <\/div>\n                                    <div class=\"item--content\">\n                                        <div class=\"item--content-wrapper\">\n                                            <h3 class=\"item--title\">Zeppelin \u2013 Familien startklar<\/h3>\n                                            <div class=\"item--content\">\n\t\t\t\t\t\t\t\t\t\t\t\tLo scopo del centro di consulenza e formazione per genitori \u00e8 quello di promuovere e sostenere le famiglie con problemi psicosociali multipli e i bambini di et\u00e0 compresa tra 0 e 3 anni con il servizio di assistenza precoce Zeppelin, utilizzando la metodologia \u201cPAT &#8211; Learning with Parents\u201d. Il centro specialistico si avvale della collaborazione di specialisti qualificati nei settori della consulenza alla maternit\u00e0, dell&#8217;educazione sociale, dell&#8217;educazione infantile e della psicologia, certificati come formatori di genitori PAT.                                            <\/div>\n                                        <\/div>\n\t\t\t\t\t\t\t\t\t\t<svg class=\"svg-icon icon-arrow-right\" xmlns=\"http:\/\/www.w3.org\/2000\/svg\"><use xmlns:xlink=\"http:\/\/www.w3.org\/1999\/xlink\" xlink:href=\"https:\/\/www.lapurla.ch\/wp-content\/themes\/lapurla\/dist\/icons.svg?f27dc72#arrow-right\"><\/use><\/svg>                                    <\/div>\n                                <\/a>\n                            <\/div>\n\t\t\t\t\t\t                    <\/div>\n                <\/div>\n\t\t\t\t\t\t        <\/div>\n\t<\/div>\n","protected":false},"excerpt":{"rendered":"","protected":false},"author":5,"featured_media":0,"parent":0,"menu_order":0,"comment_status":"closed","ping_status":"closed","template":"","meta":{"_acf_changed":false,"latitude":"","longitude":"","kurzbeschreibung":"","datum_von":"","footnotes":""},"class_list":["post-10078","page","type-page","status-publish","hentry"],"acf":[],"yoast_head":"<!-- This site is optimized with the Yoast SEO plugin v27.2 - https:\/\/yoast.com\/product\/yoast-seo-wordpress\/ -->\n<title>Partner della rete &#8211; Lapurla<\/title>\n<meta name=\"robots\" content=\"index, follow, max-snippet:-1, max-image-preview:large, max-video-preview:-1\" \/>\n<link rel=\"canonical\" href=\"https:\/\/www.lapurla.ch\/it\/netzwerkpartner\" \/>\n<meta property=\"og:locale\" content=\"it_IT\" \/>\n<meta property=\"og:type\" content=\"article\" \/>\n<meta property=\"og:title\" content=\"Partner della rete &#8211; Lapurla\" \/>\n<meta property=\"og:url\" content=\"https:\/\/www.lapurla.ch\/it\/netzwerkpartner\" \/>\n<meta property=\"og:site_name\" content=\"Lapurla\" \/>\n<meta property=\"article:modified_time\" content=\"2026-01-29T17:06:42+00:00\" \/>\n<meta name=\"twitter:card\" content=\"summary_large_image\" \/>\n<script type=\"application\/ld+json\" class=\"yoast-schema-graph\">{\"@context\":\"https:\/\/schema.org\",\"@graph\":[{\"@type\":\"WebPage\",\"@id\":\"https:\/\/www.lapurla.ch\/it\/netzwerkpartner\",\"url\":\"https:\/\/www.lapurla.ch\/it\/netzwerkpartner\",\"name\":\"Partner della rete &#8211; Lapurla\",\"isPartOf\":{\"@id\":\"https:\/\/www.lapurla.ch\/#website\"},\"datePublished\":\"2022-07-20T08:29:27+00:00\",\"dateModified\":\"2026-01-29T17:06:42+00:00\",\"breadcrumb\":{\"@id\":\"https:\/\/www.lapurla.ch\/it\/netzwerkpartner#breadcrumb\"},\"inLanguage\":\"it-IT\",\"potentialAction\":[{\"@type\":\"ReadAction\",\"target\":[\"https:\/\/www.lapurla.ch\/it\/netzwerkpartner\"]}]},{\"@type\":\"BreadcrumbList\",\"@id\":\"https:\/\/www.lapurla.ch\/it\/netzwerkpartner#breadcrumb\",\"itemListElement\":[{\"@type\":\"ListItem\",\"position\":1,\"name\":\"Startseite\",\"item\":\"https:\/\/www.lapurla.ch\/it\"},{\"@type\":\"ListItem\",\"position\":2,\"name\":\"Partner della rete\"}]},{\"@type\":\"WebSite\",\"@id\":\"https:\/\/www.lapurla.ch\/#website\",\"url\":\"https:\/\/www.lapurla.ch\/\",\"name\":\"Lapurla\",\"description\":\"\",\"publisher\":{\"@id\":\"https:\/\/www.lapurla.ch\/#organization\"},\"potentialAction\":[{\"@type\":\"SearchAction\",\"target\":{\"@type\":\"EntryPoint\",\"urlTemplate\":\"https:\/\/www.lapurla.ch\/?s={search_term_string}\"},\"query-input\":{\"@type\":\"PropertyValueSpecification\",\"valueRequired\":true,\"valueName\":\"search_term_string\"}}],\"inLanguage\":\"it-IT\"},{\"@type\":\"Organization\",\"@id\":\"https:\/\/www.lapurla.ch\/#organization\",\"name\":\"Lapurla\",\"url\":\"https:\/\/www.lapurla.ch\/\",\"logo\":{\"@type\":\"ImageObject\",\"inLanguage\":\"it-IT\",\"@id\":\"https:\/\/www.lapurla.ch\/#\/schema\/logo\/image\/\",\"url\":\"https:\/\/www.lapurla.ch\/wp-content\/uploads\/2022\/03\/cropped-favicon.png\",\"contentUrl\":\"https:\/\/www.lapurla.ch\/wp-content\/uploads\/2022\/03\/cropped-favicon.png\",\"width\":512,\"height\":512,\"caption\":\"Lapurla\"},\"image\":{\"@id\":\"https:\/\/www.lapurla.ch\/#\/schema\/logo\/image\/\"}}]}<\/script>\n<!-- \/ Yoast SEO plugin. -->","yoast_head_json":{"title":"Partner della rete &#8211; Lapurla","robots":{"index":"index","follow":"follow","max-snippet":"max-snippet:-1","max-image-preview":"max-image-preview:large","max-video-preview":"max-video-preview:-1"},"canonical":"https:\/\/www.lapurla.ch\/it\/netzwerkpartner","og_locale":"it_IT","og_type":"article","og_title":"Partner della rete &#8211; Lapurla","og_url":"https:\/\/www.lapurla.ch\/it\/netzwerkpartner","og_site_name":"Lapurla","article_modified_time":"2026-01-29T17:06:42+00:00","twitter_card":"summary_large_image","schema":{"@context":"https:\/\/schema.org","@graph":[{"@type":"WebPage","@id":"https:\/\/www.lapurla.ch\/it\/netzwerkpartner","url":"https:\/\/www.lapurla.ch\/it\/netzwerkpartner","name":"Partner della rete &#8211; Lapurla","isPartOf":{"@id":"https:\/\/www.lapurla.ch\/#website"},"datePublished":"2022-07-20T08:29:27+00:00","dateModified":"2026-01-29T17:06:42+00:00","breadcrumb":{"@id":"https:\/\/www.lapurla.ch\/it\/netzwerkpartner#breadcrumb"},"inLanguage":"it-IT","potentialAction":[{"@type":"ReadAction","target":["https:\/\/www.lapurla.ch\/it\/netzwerkpartner"]}]},{"@type":"BreadcrumbList","@id":"https:\/\/www.lapurla.ch\/it\/netzwerkpartner#breadcrumb","itemListElement":[{"@type":"ListItem","position":1,"name":"Startseite","item":"https:\/\/www.lapurla.ch\/it"},{"@type":"ListItem","position":2,"name":"Partner della rete"}]},{"@type":"WebSite","@id":"https:\/\/www.lapurla.ch\/#website","url":"https:\/\/www.lapurla.ch\/","name":"Lapurla","description":"","publisher":{"@id":"https:\/\/www.lapurla.ch\/#organization"},"potentialAction":[{"@type":"SearchAction","target":{"@type":"EntryPoint","urlTemplate":"https:\/\/www.lapurla.ch\/?s={search_term_string}"},"query-input":{"@type":"PropertyValueSpecification","valueRequired":true,"valueName":"search_term_string"}}],"inLanguage":"it-IT"},{"@type":"Organization","@id":"https:\/\/www.lapurla.ch\/#organization","name":"Lapurla","url":"https:\/\/www.lapurla.ch\/","logo":{"@type":"ImageObject","inLanguage":"it-IT","@id":"https:\/\/www.lapurla.ch\/#\/schema\/logo\/image\/","url":"https:\/\/www.lapurla.ch\/wp-content\/uploads\/2022\/03\/cropped-favicon.png","contentUrl":"https:\/\/www.lapurla.ch\/wp-content\/uploads\/2022\/03\/cropped-favicon.png","width":512,"height":512,"caption":"Lapurla"},"image":{"@id":"https:\/\/www.lapurla.ch\/#\/schema\/logo\/image\/"}}]}},"_links":{"self":[{"href":"https:\/\/www.lapurla.ch\/it\/wp-json\/wp\/v2\/pages\/10078","targetHints":{"allow":["GET"]}}],"collection":[{"href":"https:\/\/www.lapurla.ch\/it\/wp-json\/wp\/v2\/pages"}],"about":[{"href":"https:\/\/www.lapurla.ch\/it\/wp-json\/wp\/v2\/types\/page"}],"author":[{"embeddable":true,"href":"https:\/\/www.lapurla.ch\/it\/wp-json\/wp\/v2\/users\/5"}],"replies":[{"embeddable":true,"href":"https:\/\/www.lapurla.ch\/it\/wp-json\/wp\/v2\/comments?post=10078"}],"version-history":[{"count":25,"href":"https:\/\/www.lapurla.ch\/it\/wp-json\/wp\/v2\/pages\/10078\/revisions"}],"predecessor-version":[{"id":33896,"href":"https:\/\/www.lapurla.ch\/it\/wp-json\/wp\/v2\/pages\/10078\/revisions\/33896"}],"wp:attachment":[{"href":"https:\/\/www.lapurla.ch\/it\/wp-json\/wp\/v2\/media?parent=10078"}],"curies":[{"name":"wp","href":"https:\/\/api.w.org\/{rel}","templated":true}]}}