{"id":10072,"date":"2022-03-11T13:47:11","date_gmt":"2022-03-11T12:47:11","guid":{"rendered":"https:\/\/lapurla.ch\/events\/"},"modified":"2024-11-08T15:21:24","modified_gmt":"2024-11-08T14:21:24","slug":"events","status":"publish","type":"page","link":"https:\/\/www.lapurla.ch\/it\/events","title":{"rendered":"Prossimi eventi"},"content":{"rendered":"\n<div id=\"lead-text-block_25a9401127701b2d6a6cf506eafbf3a7\" class=\"mod-lead-text\">\n\t        <div class=\"row\">\n            <div class=\"col-12\">\n\t\t\t\t                <div class=\"lead-text\">\n\t\t\t\t\t<p>L\u2019iniziativa Lapurla ha creato un movimento nazionale a favore di maggiori spazi liberi creativi per i bambini di et\u00e0 da 0 a 4 anni nella vita quotidiana e nei luoghi di rilevanza culturale. Gli eventi di rete elencati sono rivolti agli specialisti e sono concepiti per promuovere il networking, il trasferimento di conoscenze e lo scambio di esperienze.<\/p>\n                <\/div>\n            <\/div>\n        <\/div>\n\t<\/div>\n\n\n<blockquote class=\"wp-block-quote is-layout-flow wp-block-quote-is-layout-flow\">\n<p>Dalla cultura degli eventi alla cultura delle relazioni!<\/p>\n<cite>Laura Imfeld, Studentessa CAS Kulturelle Bildung (formazione culturale) 2021\/22<\/cite><\/blockquote>\n\n\n\n<div id=\"kdgs-filter-list-block_bcf82c3b3c99530755ffc17aca9923cf\" class=\"\">\n\t\t<hr>\n    <div class=\"mod-filter-list\"\n             data-post_type=\"event\"\n             data-posts_per_page=\"20\"\n             data-page=\"1\"\n             data-s=\"\"\n             data-orderby=\"meta_value\"\n             data-order=\"asc\"\n             data-meta_key=\"\"\n             data-meta_value=\"\"\n             data-meta_value_num=\"\"\n             data-meta_compare=\"\"\n             data-meta_query=\"[{&quot;key&quot;:&quot;datum_von&quot;,&quot;value&quot;:&quot;2026-04-30 15:38:49&quot;,&quot;type&quot;:&quot;DATETIME&quot;,&quot;compare&quot;:&quot;&gt;&quot;}]\"\n             data-default-taxonomy=\"0\"\n             data-default-taxonomy-slug=\"\"\n             data-lightbox=\"\"\n             data-filter-reset=\"1\"\n             data-search-box=\"\"\n             data-filter=\"1\"\n             data-filter-buttons=\"\"\n             data-slider=\"\"\n             data-slidersm=\"\"\n             data-slidermd=\"\"\n             data-sliderxl=\"\"\n             data-pagination=\"\"\n             data-load-more=\"1\"\n             data-update-url=\"\"\n             data-accordion=\"\">\n\n        <div class=\"kdgs-filter-list-filters\">\n\n\t\t\t<div class=\"search-label\">Filtra i risultati della ricerca:<\/div><div class=\"taxonomy-filter\"><label class=\"filter-label\">Cantone<\/label><select class=\"filter\" data-filter=\"taxonomy\" data-taxonomy=\"kanton\"><option value=\"\">Cantone<\/option><option data-id=\"218\" value=\"liechtenstein\">Liechtenstein<\/option><option data-id=\"210\" value=\"frankreich\">Frankreich<\/option><option data-id=\"189\" value=\"oesterreich-it\">Austria<\/option><option data-id=\"94\" value=\"st-gallen-it\">San Gallo<\/option><option data-id=\"110\" value=\"luzern-it\">Lucerna<\/option><option data-id=\"126\" value=\"schaffhausen-it\">Sciaffusa<\/option><option data-id=\"142\" value=\"deutschland-it\">Germania<\/option><option data-id=\"95\" value=\"zuerich-it\">Zurigo<\/option><option data-id=\"112\" value=\"uri-it\">Uri<\/option><option data-id=\"128\" value=\"appenzell-it\">Appenzello<\/option><option data-id=\"144\" value=\"national-it\">Tutta la Svizzera<\/option><option data-id=\"98\" value=\"graubuenden-it\">Grigioni<\/option><option data-id=\"114\" value=\"schwyz-it\">Schwyz<\/option><option data-id=\"130\" value=\"waadt-it\">Vaud<\/option><option data-id=\"100\" value=\"tessin-it\">Ticino<\/option><option data-id=\"116\" value=\"obwalden-nidwalden-it\">Obvaldo\/Nidvaldo<\/option><option data-id=\"132\" value=\"wallis-it\">Vallese<\/option><option data-id=\"102\" value=\"thurgau-it\">Turgovia<\/option><option data-id=\"118\" value=\"zug-it\">Zugo<\/option><option data-id=\"134\" value=\"neuenburg-it\">Neuch\u00e2tel<\/option><option data-id=\"104\" value=\"aargau-it\">Argovia<\/option><option data-id=\"120\" value=\"freiburg-it\">Friburgo<\/option><option data-id=\"136\" value=\"genf-it\">Ginevra<\/option><option data-id=\"106\" value=\"bern-it\">Berna<\/option><option data-id=\"122\" value=\"solothurn-it\">Soletta<\/option><option data-id=\"138\" value=\"jura-it\">Giura<\/option><option data-id=\"108\" value=\"glarus-it\">Glarona<\/option><option data-id=\"124\" value=\"basel-it\">Basilea<\/option><option data-id=\"140\" value=\"italien-it\">Italia<\/option><\/select><\/div><div class=\"taxonomy-filter\"><label class=\"filter-label\">Categorie<\/label><select class=\"filter\" data-filter=\"taxonomy\" data-taxonomy=\"event_category\"><option value=\"\">Categorie<\/option><option data-id=\"165\" value=\"offerte-per-bambini\">Offerte per bambini<\/option><option data-id=\"146\" value=\"anlass-it\">Offerte per gli specialisti<\/option><\/select><\/div><button class=\"js-filter-reset button reset-button\">Reimposta filtri<\/button>        <\/div>\n\n\t\t<div class=\"kdgs-filter-list-wrapper kdgs-filter-list-event\">                <div\n                data-sliderxl=\"\"\n                data-slidermd=\"\"\n                data-slidersm=\"\"\n                class=\"kdgs-filter-list-items row   \"\n                >\n\t\t\t\t\t<div class=\"col-12 col-md-6 col-lg-4  kdgs-filter-item\">\n    <a href=\"https:\/\/www.lapurla.ch\/it\/event\/les-variations-musicales-concerts-bebe\" class=\"kdgs-filter-item--link \"\n\t\t>\n        <div class=\"item--impression\">\n            <div class=\"item--image\">\n\t\t\t\t<img loading=\"lazy\" decoding=\"async\" width=\"1024\" height=\"1024\" src=\"https:\/\/www.lapurla.ch\/wp-content\/uploads\/2026\/03\/Imageconcertsbebe-1024x1024.png\" class=\"attachment-large size-large wp-post-image\" alt=\"\" srcset=\"https:\/\/www.lapurla.ch\/wp-content\/uploads\/2026\/03\/Imageconcertsbebe-1024x1024.png 1024w, https:\/\/www.lapurla.ch\/wp-content\/uploads\/2026\/03\/Imageconcertsbebe-300x300.png 300w, https:\/\/www.lapurla.ch\/wp-content\/uploads\/2026\/03\/Imageconcertsbebe-150x150.png 150w, https:\/\/www.lapurla.ch\/wp-content\/uploads\/2026\/03\/Imageconcertsbebe-768x768.png 768w, https:\/\/www.lapurla.ch\/wp-content\/uploads\/2026\/03\/Imageconcertsbebe.png 1200w\" sizes=\"auto, (max-width: 1024px) 100vw, 1024px\" \/>            <\/div>\n\t\t\t                <div class=\"date\">sabato, 2. maggio 2026 | 10:00      &#8211; domenica, 31. maggio 2026 | 15:00     <\/div>\n\t\t\t\t\t\t                <div class=\"location\">Suisse Romande<\/div>\n\t\t\t        <\/div>\n        <div class=\"item--content\">\n            <div class=\"item--content-wrapper\">\n                <h3 class=\"item--title\">Les Variations Musicales &#8211; Concerts b\u00e9b\u00e9<\/h3>\n                <div class=\"item--content\">\n\t\t\t\t\tUne premi\u00e8re rencontre avec la musique vivante. Un moment musical doux et sensoriel \u00e0 partager avec les tout-petits d\u00e8s la naissance.\r\n30 minutes de musique en direct, \u00e0 vivre avec son b\u00e9b\u00e9.                <\/div>\n            <\/div>\n\t\t\t<svg class=\"svg-icon icon-arrow-right\" xmlns=\"http:\/\/www.w3.org\/2000\/svg\"><use xmlns:xlink=\"http:\/\/www.w3.org\/1999\/xlink\" xlink:href=\"https:\/\/www.lapurla.ch\/wp-content\/themes\/lapurla\/dist\/icons.svg?f27dc72#arrow-right\"><\/use><\/svg>        <\/div>\n    <\/a>\n\n\t<\/div>\n<div class=\"col-12 col-md-6 col-lg-4  kdgs-filter-item\">\n    <a href=\"https:\/\/www.lapurla.ch\/it\/event\/cacchho-cucchha-kunstmuseum-liechtenstein\" class=\"kdgs-filter-item--link \"\n\t\t>\n        <div class=\"item--impression\">\n            <div class=\"item--image\">\n\t\t\t\t<img loading=\"lazy\" decoding=\"async\" width=\"1024\" height=\"523\" src=\"https:\/\/www.lapurla.ch\/wp-content\/uploads\/2026\/01\/FotoCaccHho-CuchhA-1024x523.jpg\" class=\"attachment-large size-large wp-post-image\" alt=\"\" srcset=\"https:\/\/www.lapurla.ch\/wp-content\/uploads\/2026\/01\/FotoCaccHho-CuchhA-1024x523.jpg 1024w, https:\/\/www.lapurla.ch\/wp-content\/uploads\/2026\/01\/FotoCaccHho-CuchhA-300x153.jpg 300w, https:\/\/www.lapurla.ch\/wp-content\/uploads\/2026\/01\/FotoCaccHho-CuchhA-768x393.jpg 768w, https:\/\/www.lapurla.ch\/wp-content\/uploads\/2026\/01\/FotoCaccHho-CuchhA-1536x785.jpg 1536w, https:\/\/www.lapurla.ch\/wp-content\/uploads\/2026\/01\/FotoCaccHho-CuchhA.jpg 1804w\" sizes=\"auto, (max-width: 1024px) 100vw, 1024px\" \/>            <\/div>\n\t\t\t                <div class=\"date\">domenica, 3. maggio 2026 | 10:00      &#8211; domenica, 22. novembre 2026 | 17:00     <\/div>\n\t\t\t\t\t\t                <div class=\"location\">Kunstmuseum Liechtenstein<\/div>\n\t\t\t        <\/div>\n        <div class=\"item--content\">\n            <div class=\"item--content-wrapper\">\n                <h3 class=\"item--title\">CaccHho CucchhA<\/h3>\n                <div class=\"item--content\">\n\t\t\t\t\tSpielen als erfinderische, emanzipierende und Gemeinschaft stiftende Handlung steht im Mittelpunkt von CaccHho CucchhA!\r\nEine Ausstellung f\u00fcr Kinder und Erwachsene im kollabor.                <\/div>\n            <\/div>\n\t\t\t<svg class=\"svg-icon icon-arrow-right\" xmlns=\"http:\/\/www.w3.org\/2000\/svg\"><use xmlns:xlink=\"http:\/\/www.w3.org\/1999\/xlink\" xlink:href=\"https:\/\/www.lapurla.ch\/wp-content\/themes\/lapurla\/dist\/icons.svg?f27dc72#arrow-right\"><\/use><\/svg>        <\/div>\n    <\/a>\n\n\t<\/div>\n<div class=\"col-12 col-md-6 col-lg-4  kdgs-filter-item\">\n    <a href=\"https:\/\/www.lapurla.ch\/it\/event\/online-infoveranstaltung-cas-kulturelle-bildung-13-lehrgang-2026-27-2\" class=\"kdgs-filter-item--link \"\n\t\t>\n        <div class=\"item--impression\">\n            <div class=\"item--image\">\n\t\t\t\t<img loading=\"lazy\" decoding=\"async\" width=\"819\" height=\"1024\" src=\"https:\/\/www.lapurla.ch\/wp-content\/uploads\/2026\/01\/CASKulturelleBildunghoch-819x1024.jpg\" class=\"attachment-large size-large wp-post-image\" alt=\"\" srcset=\"https:\/\/www.lapurla.ch\/wp-content\/uploads\/2026\/01\/CASKulturelleBildunghoch-819x1024.jpg 819w, https:\/\/www.lapurla.ch\/wp-content\/uploads\/2026\/01\/CASKulturelleBildunghoch-240x300.jpg 240w, https:\/\/www.lapurla.ch\/wp-content\/uploads\/2026\/01\/CASKulturelleBildunghoch-768x960.jpg 768w, https:\/\/www.lapurla.ch\/wp-content\/uploads\/2026\/01\/CASKulturelleBildunghoch-1229x1536.jpg 1229w, https:\/\/www.lapurla.ch\/wp-content\/uploads\/2026\/01\/CASKulturelleBildunghoch.jpg 1536w\" sizes=\"auto, (max-width: 819px) 100vw, 819px\" \/>            <\/div>\n\t\t\t                <div class=\"date\">marted\u00ec, 5. maggio 2026 | 19:00-20:00     <\/div>\n\t\t\t\t\t\t                <div class=\"location\">online <\/div>\n\t\t\t        <\/div>\n        <div class=\"item--content\">\n            <div class=\"item--content-wrapper\">\n                <h3 class=\"item--title\">Online &#8211; Infoveranstaltung CAS Kulturelle Bildung, 13. Lehrgang 2026\/27<\/h3>\n                <div class=\"item--content\">\n\t\t\t\t\tSichere dir einen der raren Weiterbildungspl\u00e4tze! \r\nDie Online Infoveranstaltung zum CAS Kulturelle Bildung gibt Einblick in die Weiterbildung und du lernst die Studiengangsleiterin und potenzielle Mitstudierende kennen. Erfahre hier mehr dazu!                <\/div>\n            <\/div>\n\t\t\t<svg class=\"svg-icon icon-arrow-right\" xmlns=\"http:\/\/www.w3.org\/2000\/svg\"><use xmlns:xlink=\"http:\/\/www.w3.org\/1999\/xlink\" xlink:href=\"https:\/\/www.lapurla.ch\/wp-content\/themes\/lapurla\/dist\/icons.svg?f27dc72#arrow-right\"><\/use><\/svg>        <\/div>\n    <\/a>\n\n\t<\/div>\n<div class=\"col-12 col-md-6 col-lg-4  kdgs-filter-item\">\n    <a href=\"https:\/\/www.lapurla.ch\/it\/event\/natur-und-du-natur-erleben-mit-kleinkindern-2\" class=\"kdgs-filter-item--link \"\n\t\t>\n        <div class=\"item--impression\">\n            <div class=\"item--image\">\n\t\t\t\t<img loading=\"lazy\" decoding=\"async\" width=\"576\" height=\"1024\" src=\"https:\/\/www.lapurla.ch\/wp-content\/uploads\/2025\/09\/788F2815-8623-4E43-8CE1-9F5B7695F2BC1-1-576x1024.jpeg\" class=\"attachment-large size-large wp-post-image\" alt=\"\" srcset=\"https:\/\/www.lapurla.ch\/wp-content\/uploads\/2025\/09\/788F2815-8623-4E43-8CE1-9F5B7695F2BC1-1-576x1024.jpeg 576w, https:\/\/www.lapurla.ch\/wp-content\/uploads\/2025\/09\/788F2815-8623-4E43-8CE1-9F5B7695F2BC1-1-169x300.jpeg 169w, https:\/\/www.lapurla.ch\/wp-content\/uploads\/2025\/09\/788F2815-8623-4E43-8CE1-9F5B7695F2BC1-1-768x1365.jpeg 768w, https:\/\/www.lapurla.ch\/wp-content\/uploads\/2025\/09\/788F2815-8623-4E43-8CE1-9F5B7695F2BC1-1-864x1536.jpeg 864w, https:\/\/www.lapurla.ch\/wp-content\/uploads\/2025\/09\/788F2815-8623-4E43-8CE1-9F5B7695F2BC1-1-1152x2048.jpeg 1152w, https:\/\/www.lapurla.ch\/wp-content\/uploads\/2025\/09\/788F2815-8623-4E43-8CE1-9F5B7695F2BC1-1.jpeg 1170w\" sizes=\"auto, (max-width: 576px) 100vw, 576px\" \/>            <\/div>\n\t\t\t                <div class=\"date\">gioved\u00ec, 21. maggio 2026 | 09:30-11:15     <\/div>\n\t\t\t\t\t\t                <div class=\"location\">Park im Gr\u00fcene, R\u00fcschlikon (ZH)<\/div>\n\t\t\t        <\/div>\n        <div class=\"item--content\">\n            <div class=\"item--content-wrapper\">\n                <h3 class=\"item--title\">Natur. Und du? Natur erleben mit Kleinkindern<\/h3>\n                <div class=\"item--content\">\n\t\t\t\t\tI bambini da 0 a 4 anni e i loro genitori sono invitati ad arrivare nel qui e ora e a vivere la natura. Vivere la natura con curiosit\u00e0, apertura e tutti i sensi &#8211; senza cellulari e vita quotidiana. Ascoltare. Sentire. Raccogliere. Scoprire. Meravigliarsi.                <\/div>\n            <\/div>\n\t\t\t<svg class=\"svg-icon icon-arrow-right\" xmlns=\"http:\/\/www.w3.org\/2000\/svg\"><use xmlns:xlink=\"http:\/\/www.w3.org\/1999\/xlink\" xlink:href=\"https:\/\/www.lapurla.ch\/wp-content\/themes\/lapurla\/dist\/icons.svg?f27dc72#arrow-right\"><\/use><\/svg>        <\/div>\n    <\/a>\n\n\t<\/div>\n<div class=\"col-12 col-md-6 col-lg-4  kdgs-filter-item\">\n    <a href=\"https:\/\/www.lapurla.ch\/it\/event\/edition-perspektiven-qualitaet-sicht-und-nachvollziehbar-machen\" class=\"kdgs-filter-item--link \"\n\t\t>\n        <div class=\"item--impression\">\n            <div class=\"item--image\">\n\t\t\t\t<img loading=\"lazy\" decoding=\"async\" width=\"800\" height=\"600\" src=\"https:\/\/www.lapurla.ch\/wp-content\/uploads\/2026\/03\/LogosNetzwerkpartner.png\" class=\"attachment-large size-large wp-post-image\" alt=\"\" srcset=\"https:\/\/www.lapurla.ch\/wp-content\/uploads\/2026\/03\/LogosNetzwerkpartner.png 800w, https:\/\/www.lapurla.ch\/wp-content\/uploads\/2026\/03\/LogosNetzwerkpartner-300x225.png 300w, https:\/\/www.lapurla.ch\/wp-content\/uploads\/2026\/03\/LogosNetzwerkpartner-768x576.png 768w\" sizes=\"auto, (max-width: 800px) 100vw, 800px\" \/>            <\/div>\n\t\t\t\t\t\t        <\/div>\n        <div class=\"item--content\">\n            <div class=\"item--content-wrapper\">\n                <h3 class=\"item--title\">Edition Perspektiven: \u00abQualit\u00e4t sicht- und nachvollziehbar machen\u00bb<\/h3>\n                <div class=\"item--content\">\n\t\t\t\t\tIm Format Edition Perspektiven \u2013 Qualit\u00e4t in der fr\u00fchkindlichen kulturellen Bildung laden wir Netzwerkende aus den Netzwerken Lapurla und Netzwerk FKB ein, zusammenzukommen und sich auszutauschen.                <\/div>\n            <\/div>\n\t\t\t<svg class=\"svg-icon icon-arrow-right\" xmlns=\"http:\/\/www.w3.org\/2000\/svg\"><use xmlns:xlink=\"http:\/\/www.w3.org\/1999\/xlink\" xlink:href=\"https:\/\/www.lapurla.ch\/wp-content\/themes\/lapurla\/dist\/icons.svg?f27dc72#arrow-right\"><\/use><\/svg>        <\/div>\n    <\/a>\n\n\t<\/div>\n<div class=\"col-12 col-md-6 col-lg-4  kdgs-filter-item\">\n    <a href=\"https:\/\/www.lapurla.ch\/it\/event\/online-infoveranstaltung-cas-kulturelle-bildung-13-lehrgang-2026-27-3\" class=\"kdgs-filter-item--link \"\n\t\t>\n        <div class=\"item--impression\">\n            <div class=\"item--image\">\n\t\t\t\t<img loading=\"lazy\" decoding=\"async\" width=\"819\" height=\"1024\" src=\"https:\/\/www.lapurla.ch\/wp-content\/uploads\/2026\/01\/CASKulturelleBildunghoch-819x1024.jpg\" class=\"attachment-large size-large wp-post-image\" alt=\"\" srcset=\"https:\/\/www.lapurla.ch\/wp-content\/uploads\/2026\/01\/CASKulturelleBildunghoch-819x1024.jpg 819w, https:\/\/www.lapurla.ch\/wp-content\/uploads\/2026\/01\/CASKulturelleBildunghoch-240x300.jpg 240w, https:\/\/www.lapurla.ch\/wp-content\/uploads\/2026\/01\/CASKulturelleBildunghoch-768x960.jpg 768w, https:\/\/www.lapurla.ch\/wp-content\/uploads\/2026\/01\/CASKulturelleBildunghoch-1229x1536.jpg 1229w, https:\/\/www.lapurla.ch\/wp-content\/uploads\/2026\/01\/CASKulturelleBildunghoch.jpg 1536w\" sizes=\"auto, (max-width: 819px) 100vw, 819px\" \/>            <\/div>\n\t\t\t                <div class=\"date\">marted\u00ec, 9. giugno 2026 | 19:00-20:00     <\/div>\n\t\t\t\t\t\t                <div class=\"location\">online <\/div>\n\t\t\t        <\/div>\n        <div class=\"item--content\">\n            <div class=\"item--content-wrapper\">\n                <h3 class=\"item--title\">Online &#8211; Infoveranstaltung CAS Kulturelle Bildung, 13. Lehrgang 2026\/27<\/h3>\n                <div class=\"item--content\">\n\t\t\t\t\tSichere dir einen der raren Weiterbildungspl\u00e4tze! \r\nDie Online Infoveranstaltung zum CAS Kulturelle Bildung gibt Einblick in die Weiterbildung und du lernst die Studiengangsleiterin und potenzielle Mitstudierende kennen. Erfahre hier mehr dazu!                <\/div>\n            <\/div>\n\t\t\t<svg class=\"svg-icon icon-arrow-right\" xmlns=\"http:\/\/www.w3.org\/2000\/svg\"><use xmlns:xlink=\"http:\/\/www.w3.org\/1999\/xlink\" xlink:href=\"https:\/\/www.lapurla.ch\/wp-content\/themes\/lapurla\/dist\/icons.svg?f27dc72#arrow-right\"><\/use><\/svg>        <\/div>\n    <\/a>\n\n\t<\/div>\n<div class=\"col-12 col-md-6 col-lg-4  kdgs-filter-item\">\n    <a href=\"https:\/\/www.lapurla.ch\/it\/event\/natur-und-du-natur-erleben-mit-kleinkindern-3\" class=\"kdgs-filter-item--link \"\n\t\t>\n        <div class=\"item--impression\">\n            <div class=\"item--image\">\n\t\t\t\t<img loading=\"lazy\" decoding=\"async\" width=\"576\" height=\"1024\" src=\"https:\/\/www.lapurla.ch\/wp-content\/uploads\/2025\/09\/788F2815-8623-4E43-8CE1-9F5B7695F2BC1-1-576x1024.jpeg\" class=\"attachment-large size-large wp-post-image\" alt=\"\" srcset=\"https:\/\/www.lapurla.ch\/wp-content\/uploads\/2025\/09\/788F2815-8623-4E43-8CE1-9F5B7695F2BC1-1-576x1024.jpeg 576w, https:\/\/www.lapurla.ch\/wp-content\/uploads\/2025\/09\/788F2815-8623-4E43-8CE1-9F5B7695F2BC1-1-169x300.jpeg 169w, https:\/\/www.lapurla.ch\/wp-content\/uploads\/2025\/09\/788F2815-8623-4E43-8CE1-9F5B7695F2BC1-1-768x1365.jpeg 768w, https:\/\/www.lapurla.ch\/wp-content\/uploads\/2025\/09\/788F2815-8623-4E43-8CE1-9F5B7695F2BC1-1-864x1536.jpeg 864w, https:\/\/www.lapurla.ch\/wp-content\/uploads\/2025\/09\/788F2815-8623-4E43-8CE1-9F5B7695F2BC1-1-1152x2048.jpeg 1152w, https:\/\/www.lapurla.ch\/wp-content\/uploads\/2025\/09\/788F2815-8623-4E43-8CE1-9F5B7695F2BC1-1.jpeg 1170w\" sizes=\"auto, (max-width: 576px) 100vw, 576px\" \/>            <\/div>\n\t\t\t                <div class=\"date\">gioved\u00ec, 11. giugno 2026 | 09:30-11:15     <\/div>\n\t\t\t\t\t\t                <div class=\"location\">Park im Gr\u00fcene, R\u00fcschlikon (ZH)<\/div>\n\t\t\t        <\/div>\n        <div class=\"item--content\">\n            <div class=\"item--content-wrapper\">\n                <h3 class=\"item--title\">Natur. Und du? Natur erleben mit Kleinkindern<\/h3>\n                <div class=\"item--content\">\n\t\t\t\t\tI bambini da 0 a 4 anni e i loro genitori sono invitati ad arrivare nel qui e ora e a vivere la natura. Vivere la natura con curiosit\u00e0, apertura e tutti i sensi &#8211; senza cellulari e vita quotidiana. Ascoltare. Sentire. Raccogliere. Scoprire. Meravigliarsi.                <\/div>\n            <\/div>\n\t\t\t<svg class=\"svg-icon icon-arrow-right\" xmlns=\"http:\/\/www.w3.org\/2000\/svg\"><use xmlns:xlink=\"http:\/\/www.w3.org\/1999\/xlink\" xlink:href=\"https:\/\/www.lapurla.ch\/wp-content\/themes\/lapurla\/dist\/icons.svg?f27dc72#arrow-right\"><\/use><\/svg>        <\/div>\n    <\/a>\n\n\t<\/div>\n<div class=\"col-12 col-md-6 col-lg-4  kdgs-filter-item\">\n    <a href=\"https:\/\/www.lapurla.ch\/it\/event\/projektpraesentationen-cas-kulturelle-bildung-2025-26\" class=\"kdgs-filter-item--link \"\n\t\t>\n        <div class=\"item--impression\">\n            <div class=\"item--image\">\n\t\t\t\t<img loading=\"lazy\" decoding=\"async\" width=\"1024\" height=\"768\" src=\"https:\/\/www.lapurla.ch\/wp-content\/uploads\/2026\/02\/CASProjektpraesentation-1024x768.jpg\" class=\"attachment-large size-large wp-post-image\" alt=\"\" srcset=\"https:\/\/www.lapurla.ch\/wp-content\/uploads\/2026\/02\/CASProjektpraesentation-1024x768.jpg 1024w, https:\/\/www.lapurla.ch\/wp-content\/uploads\/2026\/02\/CASProjektpraesentation-300x225.jpg 300w, https:\/\/www.lapurla.ch\/wp-content\/uploads\/2026\/02\/CASProjektpraesentation-768x576.jpg 768w, https:\/\/www.lapurla.ch\/wp-content\/uploads\/2026\/02\/CASProjektpraesentation-1536x1152.jpg 1536w, https:\/\/www.lapurla.ch\/wp-content\/uploads\/2026\/02\/CASProjektpraesentation-2048x1536.jpg 2048w\" sizes=\"auto, (max-width: 1024px) 100vw, 1024px\" \/>            <\/div>\n\t\t\t                <div class=\"date\">sabato, 20. giugno 2026 | 09:30-15:00     <\/div>\n\t\t\t\t\t\t                <div class=\"location\">Hochschule der K\u00fcnste Bern HKB<\/div>\n\t\t\t        <\/div>\n        <div class=\"item--content\">\n            <div class=\"item--content-wrapper\">\n                <h3 class=\"item--title\">Projektpr\u00e4sentationen CAS Kulturelle Bildung 2025\/26<\/h3>\n                <div class=\"item--content\">\n\t\t\t\t\tWer sich f\u00fcr ein eigenes Projekt inspirieren lassen will und mehr erfahren m\u00f6chte \u00fcber die Erfahrungen und Learnings der Studierenden des CAS Kulturelle Bildung (12. Lehrgang), ist herzlich eingeladen an der \u00f6ffentliche Pr\u00e4sentation teilzunehmen!                <\/div>\n            <\/div>\n\t\t\t<svg class=\"svg-icon icon-arrow-right\" xmlns=\"http:\/\/www.w3.org\/2000\/svg\"><use xmlns:xlink=\"http:\/\/www.w3.org\/1999\/xlink\" xlink:href=\"https:\/\/www.lapurla.ch\/wp-content\/themes\/lapurla\/dist\/icons.svg?f27dc72#arrow-right\"><\/use><\/svg>        <\/div>\n    <\/a>\n\n\t<\/div>\n<div class=\"col-12 col-md-6 col-lg-4  kdgs-filter-item\">\n    <a href=\"https:\/\/www.lapurla.ch\/it\/event\/studienreise-nach-reggio-emilia\" class=\"kdgs-filter-item--link \"\n\t\t>\n        <div class=\"item--impression\">\n            <div class=\"item--image\">\n\t\t\t\t<img loading=\"lazy\" decoding=\"async\" width=\"1024\" height=\"678\" src=\"https:\/\/www.lapurla.ch\/wp-content\/uploads\/2026\/04\/FotoPhotoVim--CC-BY-SA-4.0ReggionellEmiliavistadallalto-2-1024x678.jpg\" class=\"attachment-large size-large wp-post-image\" alt=\"\" srcset=\"https:\/\/www.lapurla.ch\/wp-content\/uploads\/2026\/04\/FotoPhotoVim--CC-BY-SA-4.0ReggionellEmiliavistadallalto-2-1024x678.jpg 1024w, https:\/\/www.lapurla.ch\/wp-content\/uploads\/2026\/04\/FotoPhotoVim--CC-BY-SA-4.0ReggionellEmiliavistadallalto-2-300x199.jpg 300w, https:\/\/www.lapurla.ch\/wp-content\/uploads\/2026\/04\/FotoPhotoVim--CC-BY-SA-4.0ReggionellEmiliavistadallalto-2-768x509.jpg 768w, https:\/\/www.lapurla.ch\/wp-content\/uploads\/2026\/04\/FotoPhotoVim--CC-BY-SA-4.0ReggionellEmiliavistadallalto-2-1536x1018.jpg 1536w, https:\/\/www.lapurla.ch\/wp-content\/uploads\/2026\/04\/FotoPhotoVim--CC-BY-SA-4.0ReggionellEmiliavistadallalto-2.jpg 1920w\" sizes=\"auto, (max-width: 1024px) 100vw, 1024px\" \/>            <\/div>\n\t\t\t                <div class=\"date\">mercoled\u00ec, 24. giugno 2026 | 14:00      &#8211; sabato, 27. giugno 2026 | 11:30     <\/div>\n\t\t\t\t\t\t                <div class=\"location\">Reggio Emilia (IT)<\/div>\n\t\t\t        <\/div>\n        <div class=\"item--content\">\n            <div class=\"item--content-wrapper\">\n                <h3 class=\"item--title\">Studienreise nach Reggio Emilia (In Tedesco)<\/h3>\n                <div class=\"item--content\">\n\t\t\t\t\tVier Tage Reggio Emilia: P\u00e4dagogik vor Ort erleben, neue Perspektiven gewinnen und im Austausch mit anderen Fachpersonen Inspiration f\u00fcr die eigene Praxis mitnehmen.\r\n                <\/div>\n            <\/div>\n\t\t\t<svg class=\"svg-icon icon-arrow-right\" xmlns=\"http:\/\/www.w3.org\/2000\/svg\"><use xmlns:xlink=\"http:\/\/www.w3.org\/1999\/xlink\" xlink:href=\"https:\/\/www.lapurla.ch\/wp-content\/themes\/lapurla\/dist\/icons.svg?f27dc72#arrow-right\"><\/use><\/svg>        <\/div>\n    <\/a>\n\n\t<\/div>\n<div class=\"col-12 col-md-6 col-lg-4  kdgs-filter-item\">\n    <a href=\"https:\/\/www.lapurla.ch\/it\/event\/save-the-date-6a-conferenza-nazionale-lapurla\" class=\"kdgs-filter-item--link \"\n\t\t>\n        <div class=\"item--impression\">\n            <div class=\"item--image\">\n\t\t\t\t<img loading=\"lazy\" decoding=\"async\" width=\"369\" height=\"255\" src=\"https:\/\/www.lapurla.ch\/wp-content\/uploads\/2026\/02\/LapurlaIconsNationale-Tagung-6.jpg\" class=\"attachment-large size-large wp-post-image\" alt=\"\" srcset=\"https:\/\/www.lapurla.ch\/wp-content\/uploads\/2026\/02\/LapurlaIconsNationale-Tagung-6.jpg 369w, https:\/\/www.lapurla.ch\/wp-content\/uploads\/2026\/02\/LapurlaIconsNationale-Tagung-6-300x207.jpg 300w\" sizes=\"auto, (max-width: 369px) 100vw, 369px\" \/>            <\/div>\n\t\t\t                <div class=\"date\">venerd\u00ec, 27. novembre 2026 | 09:30-17:00     <\/div>\n\t\t\t\t\t\t                <div class=\"location\">Hochschule der K\u00fcnste Bern\u00a0(HKB)<\/div>\n\t\t\t        <\/div>\n        <div class=\"item--content\">\n            <div class=\"item--content-wrapper\">\n                <h3 class=\"item--title\">Save the Date \u2013 6\u00aa Conferenza nazionale Lapurla<\/h3>\n                <div class=\"item--content\">\n\t\t\t\t\tInsieme ripensiamo la partecipazione culturale dei bambini \u2013 in modo ispirante, connesso e orientato al futuro. Segnate la data fin da ora!                <\/div>\n            <\/div>\n\t\t\t<svg class=\"svg-icon icon-arrow-right\" xmlns=\"http:\/\/www.w3.org\/2000\/svg\"><use xmlns:xlink=\"http:\/\/www.w3.org\/1999\/xlink\" xlink:href=\"https:\/\/www.lapurla.ch\/wp-content\/themes\/lapurla\/dist\/icons.svg?f27dc72#arrow-right\"><\/use><\/svg>        <\/div>\n    <\/a>\n\n\t<\/div>\n                <\/div>\n\n                \n\t\t\t\t\t\t<\/div><\/div><\/div>\n\n\n\n<div style=\"height:51px\" aria-hidden=\"true\" class=\"wp-block-spacer\"><\/div>\n\n\n\n<hr class=\"wp-block-separator has-alpha-channel-opacity\"\/>\n\n\n\n<h2 class=\"wp-block-heading\" id=\"Dokumentation\">Documentazione<\/h2>\n\n\n\n<p>Ti sei perso l\u2019evento? Qui troverai tanto materiale interessante e illuminante da leggere, ascoltare e guardare!<\/p>\n\n\n\n<div id=\"button-block_a25be95d1db8ba456d1b40a6ed4ee4d0\" class=\"mod-button\">\n\t        <div class=\"block-button\">\n\t\t\t                <a href=\"https:\/\/www.lapurla.ch\/it\/vergangene-anlaesse\/\" title=\"Learnings und Chronik vergangener Anl\u00e4sse\" target=\"\" class=\"block-button__link\">\n\t\t\t\t\tEventi passati                <\/a>\n\t\t\t        <\/div>\n\t<\/div>\n","protected":false},"excerpt":{"rendered":"<p>Dalla cultura degli eventi alla cultura delle relazioni! Laura Imfeld, Studentessa CAS Kulturelle Bildung (formazione culturale) 2021\/22 Documentazione Ti sei perso l\u2019evento? Qui troverai tanto materiale interessante e illuminante da leggere, ascoltare e guardare!<\/p>\n","protected":false},"author":1,"featured_media":0,"parent":0,"menu_order":0,"comment_status":"closed","ping_status":"closed","template":"","meta":{"_acf_changed":false,"latitude":"","longitude":"","kurzbeschreibung":"","datum_von":"","footnotes":""},"class_list":["post-10072","page","type-page","status-publish","hentry"],"acf":[],"yoast_head":"<!-- This site is optimized with the Yoast SEO plugin v27.2 - https:\/\/yoast.com\/product\/yoast-seo-wordpress\/ -->\n<title>Prossimi eventi &#8211; Lapurla<\/title>\n<meta name=\"robots\" content=\"index, follow, max-snippet:-1, max-image-preview:large, max-video-preview:-1\" \/>\n<link rel=\"canonical\" href=\"https:\/\/www.lapurla.ch\/it\/events\" \/>\n<meta property=\"og:locale\" content=\"it_IT\" \/>\n<meta property=\"og:type\" content=\"article\" \/>\n<meta property=\"og:title\" content=\"Prossimi eventi &#8211; Lapurla\" \/>\n<meta property=\"og:description\" content=\"Dalla cultura degli eventi alla cultura delle relazioni! Laura Imfeld, Studentessa CAS Kulturelle Bildung (formazione culturale) 2021\/22 Documentazione Ti sei perso l\u2019evento? Qui troverai tanto materiale interessante e illuminante da leggere, ascoltare e guardare!\" \/>\n<meta property=\"og:url\" content=\"https:\/\/www.lapurla.ch\/it\/events\" \/>\n<meta property=\"og:site_name\" content=\"Lapurla\" \/>\n<meta property=\"article:modified_time\" content=\"2024-11-08T14:21:24+00:00\" \/>\n<meta name=\"twitter:card\" content=\"summary_large_image\" \/>\n<meta name=\"twitter:label1\" content=\"Tempo di lettura stimato\" \/>\n\t<meta name=\"twitter:data1\" content=\"1 minuto\" \/>\n<script type=\"application\/ld+json\" class=\"yoast-schema-graph\">{\"@context\":\"https:\/\/schema.org\",\"@graph\":[{\"@type\":\"WebPage\",\"@id\":\"https:\/\/www.lapurla.ch\/it\/events\",\"url\":\"https:\/\/www.lapurla.ch\/it\/events\",\"name\":\"Prossimi eventi &#8211; Lapurla\",\"isPartOf\":{\"@id\":\"https:\/\/www.lapurla.ch\/#website\"},\"datePublished\":\"2022-03-11T12:47:11+00:00\",\"dateModified\":\"2024-11-08T14:21:24+00:00\",\"breadcrumb\":{\"@id\":\"https:\/\/www.lapurla.ch\/it\/events#breadcrumb\"},\"inLanguage\":\"it-IT\",\"potentialAction\":[{\"@type\":\"ReadAction\",\"target\":[\"https:\/\/www.lapurla.ch\/it\/events\"]}]},{\"@type\":\"BreadcrumbList\",\"@id\":\"https:\/\/www.lapurla.ch\/it\/events#breadcrumb\",\"itemListElement\":[{\"@type\":\"ListItem\",\"position\":1,\"name\":\"Startseite\",\"item\":\"https:\/\/www.lapurla.ch\/it\"},{\"@type\":\"ListItem\",\"position\":2,\"name\":\"Prossimi eventi\"}]},{\"@type\":\"WebSite\",\"@id\":\"https:\/\/www.lapurla.ch\/#website\",\"url\":\"https:\/\/www.lapurla.ch\/\",\"name\":\"Lapurla\",\"description\":\"\",\"publisher\":{\"@id\":\"https:\/\/www.lapurla.ch\/#organization\"},\"potentialAction\":[{\"@type\":\"SearchAction\",\"target\":{\"@type\":\"EntryPoint\",\"urlTemplate\":\"https:\/\/www.lapurla.ch\/?s={search_term_string}\"},\"query-input\":{\"@type\":\"PropertyValueSpecification\",\"valueRequired\":true,\"valueName\":\"search_term_string\"}}],\"inLanguage\":\"it-IT\"},{\"@type\":\"Organization\",\"@id\":\"https:\/\/www.lapurla.ch\/#organization\",\"name\":\"Lapurla\",\"url\":\"https:\/\/www.lapurla.ch\/\",\"logo\":{\"@type\":\"ImageObject\",\"inLanguage\":\"it-IT\",\"@id\":\"https:\/\/www.lapurla.ch\/#\/schema\/logo\/image\/\",\"url\":\"https:\/\/www.lapurla.ch\/wp-content\/uploads\/2022\/03\/cropped-favicon.png\",\"contentUrl\":\"https:\/\/www.lapurla.ch\/wp-content\/uploads\/2022\/03\/cropped-favicon.png\",\"width\":512,\"height\":512,\"caption\":\"Lapurla\"},\"image\":{\"@id\":\"https:\/\/www.lapurla.ch\/#\/schema\/logo\/image\/\"}}]}<\/script>\n<!-- \/ Yoast SEO plugin. -->","yoast_head_json":{"title":"Prossimi eventi &#8211; Lapurla","robots":{"index":"index","follow":"follow","max-snippet":"max-snippet:-1","max-image-preview":"max-image-preview:large","max-video-preview":"max-video-preview:-1"},"canonical":"https:\/\/www.lapurla.ch\/it\/events","og_locale":"it_IT","og_type":"article","og_title":"Prossimi eventi &#8211; Lapurla","og_description":"Dalla cultura degli eventi alla cultura delle relazioni! Laura Imfeld, Studentessa CAS Kulturelle Bildung (formazione culturale) 2021\/22 Documentazione Ti sei perso l\u2019evento? Qui troverai tanto materiale interessante e illuminante da leggere, ascoltare e guardare!","og_url":"https:\/\/www.lapurla.ch\/it\/events","og_site_name":"Lapurla","article_modified_time":"2024-11-08T14:21:24+00:00","twitter_card":"summary_large_image","twitter_misc":{"Tempo di lettura stimato":"1 minuto"},"schema":{"@context":"https:\/\/schema.org","@graph":[{"@type":"WebPage","@id":"https:\/\/www.lapurla.ch\/it\/events","url":"https:\/\/www.lapurla.ch\/it\/events","name":"Prossimi eventi &#8211; Lapurla","isPartOf":{"@id":"https:\/\/www.lapurla.ch\/#website"},"datePublished":"2022-03-11T12:47:11+00:00","dateModified":"2024-11-08T14:21:24+00:00","breadcrumb":{"@id":"https:\/\/www.lapurla.ch\/it\/events#breadcrumb"},"inLanguage":"it-IT","potentialAction":[{"@type":"ReadAction","target":["https:\/\/www.lapurla.ch\/it\/events"]}]},{"@type":"BreadcrumbList","@id":"https:\/\/www.lapurla.ch\/it\/events#breadcrumb","itemListElement":[{"@type":"ListItem","position":1,"name":"Startseite","item":"https:\/\/www.lapurla.ch\/it"},{"@type":"ListItem","position":2,"name":"Prossimi eventi"}]},{"@type":"WebSite","@id":"https:\/\/www.lapurla.ch\/#website","url":"https:\/\/www.lapurla.ch\/","name":"Lapurla","description":"","publisher":{"@id":"https:\/\/www.lapurla.ch\/#organization"},"potentialAction":[{"@type":"SearchAction","target":{"@type":"EntryPoint","urlTemplate":"https:\/\/www.lapurla.ch\/?s={search_term_string}"},"query-input":{"@type":"PropertyValueSpecification","valueRequired":true,"valueName":"search_term_string"}}],"inLanguage":"it-IT"},{"@type":"Organization","@id":"https:\/\/www.lapurla.ch\/#organization","name":"Lapurla","url":"https:\/\/www.lapurla.ch\/","logo":{"@type":"ImageObject","inLanguage":"it-IT","@id":"https:\/\/www.lapurla.ch\/#\/schema\/logo\/image\/","url":"https:\/\/www.lapurla.ch\/wp-content\/uploads\/2022\/03\/cropped-favicon.png","contentUrl":"https:\/\/www.lapurla.ch\/wp-content\/uploads\/2022\/03\/cropped-favicon.png","width":512,"height":512,"caption":"Lapurla"},"image":{"@id":"https:\/\/www.lapurla.ch\/#\/schema\/logo\/image\/"}}]}},"_links":{"self":[{"href":"https:\/\/www.lapurla.ch\/it\/wp-json\/wp\/v2\/pages\/10072","targetHints":{"allow":["GET"]}}],"collection":[{"href":"https:\/\/www.lapurla.ch\/it\/wp-json\/wp\/v2\/pages"}],"about":[{"href":"https:\/\/www.lapurla.ch\/it\/wp-json\/wp\/v2\/types\/page"}],"author":[{"embeddable":true,"href":"https:\/\/www.lapurla.ch\/it\/wp-json\/wp\/v2\/users\/1"}],"replies":[{"embeddable":true,"href":"https:\/\/www.lapurla.ch\/it\/wp-json\/wp\/v2\/comments?post=10072"}],"version-history":[{"count":11,"href":"https:\/\/www.lapurla.ch\/it\/wp-json\/wp\/v2\/pages\/10072\/revisions"}],"predecessor-version":[{"id":26003,"href":"https:\/\/www.lapurla.ch\/it\/wp-json\/wp\/v2\/pages\/10072\/revisions\/26003"}],"wp:attachment":[{"href":"https:\/\/www.lapurla.ch\/it\/wp-json\/wp\/v2\/media?parent=10072"}],"curies":[{"name":"wp","href":"https:\/\/api.w.org\/{rel}","templated":true}]}}