{"id":34245,"date":"2026-02-10T14:28:56","date_gmt":"2026-02-10T13:28:56","guid":{"rendered":"https:\/\/www.lapurla.ch\/?post_type=event&#038;p=34245"},"modified":"2026-03-10T10:17:43","modified_gmt":"2026-03-10T09:17:43","slug":"natur-und-du-natur-erleben-mit-kleinkindern-2","status":"publish","type":"event","link":"https:\/\/www.lapurla.ch\/it\/event\/natur-und-du-natur-erleben-mit-kleinkindern-2","title":{"rendered":"Natur. Und du? Natur erleben mit Kleinkindern"},"content":{"rendered":"\n<p>Il programma per i bambini piccoli (0\u20134 anni) al parco Gr\u00fcene R\u00fcschlikon (Z\u00fcrich) \u00e8 stato sviluppato da Lapurla per conto del Percento culturale Migros.<\/p>\n\n\n\n<hr class=\"wp-block-separator has-alpha-channel-opacity\"\/>\n\n\n\n<h3 class=\"wp-block-heading\"><strong>Contesto e obiettivi<\/strong><\/h3>\n\n\n\n<p>La natura \u00e8 un regno inesauribile di esperienze. Senza giocattoli, senza istruzioni, eppure ricca di stimoli. Il nostro obiettivo \u00e8 offrire ai bambini uno spazio protetto in cui possano avvicinarsi alla natura con tutti i sensi.<\/p>\n\n\n\n<p>Anche i bambini pi\u00f9 piccoli possono farlo: Annusare le piante, sentire il muschio e la corteccia, osservare il vento tra le foglie, scavare piccole buche nel terreno, raccogliere sassi, assaggiare le foglie di tarassaco e ascoltare i suoni del bosco.<\/p>\n\n\n\n<hr class=\"wp-block-separator has-alpha-channel-opacity\"\/>\n\n\n\n<h3 class=\"wp-block-heading\"><strong>Focus e temi<\/strong><\/h3>\n\n\n\n<p>Una breve performance poetica dei facilitatori all&#8217;inizio richiama l&#8217;attenzione sull&#8217;essenziale: il momento e l&#8217;ambiente circostante. In seguito, vi invitiamo a scoprire, esplorare e creare liberamente.<\/p>\n\n\n\n<p>Mosaico di oggetti naturali: guardare &#8211; raccogliere &#8211; disporre<br>Raccogliamo materiali naturali e creiamo insieme piccole opere d&#8217;arte con oggetti trovati: Mosaici fatti di foglie, pigne, cortecce e pietre.<\/p>\n\n\n\n<p>Musica della natura: ascoltare &#8211; raccogliere &#8211; suonare<br>Ascoltiamo i suoni del bosco, costruiamo piccoli \u201cstrumenti\u201d con materiali naturali e facciamo musica insieme: un&#8217;orchestra di pietre, un fruscio di foglie, un tamburo a cono.<\/p>\n\n\n\n<hr class=\"wp-block-separator has-alpha-channel-opacity\"\/>\n\n\n\n<h3 class=\"wp-block-heading\" id=\"block-6029b7d6-f7ee-4ca9-80ec-1b5328a93448\"><strong>Principi e atteggiamento<\/strong><\/h3>\n\n\n\n<p id=\"block-f1582f50-370a-458e-920d-172a5189b2d9\">\u201cGuidiamo senza comandare\u201d.<br>\u201cIspiriamo senza sopraffare\u201d.<br>\u201cCreiamo uno spazio per lo sviluppo dei bambini, al ritmo della natura\u201d.<\/p>\n\n\n\n<p id=\"block-f1582f50-370a-458e-920d-172a5189b2d9\"><\/p>\n\n\n\n<p id=\"block-f1582f50-370a-458e-920d-172a5189b2d9\">Questi principi guida e questi atteggiamenti si basano sulle <a href=\"https:\/\/www.lapurla.ch\/it\/fachpersonen\">Fondamenti di un cambiamento di paradigma formativo<\/a> di Lapurla, che si basano sui diritti dell&#8217;infanzia delle Nazioni Unite.<\/p>\n\n\n\n<hr class=\"wp-block-separator has-alpha-channel-opacity\"\/>\n\n\n\n<h3 class=\"wp-block-heading\"><strong>Consigli per i genitori<\/strong><\/h3>\n\n\n\n<p>Brochure <a href=\"https:\/\/www.lapurla.ch\/wp-content\/uploads\/2024\/08\/240327-LapurlaBroschuereFlowIT-digital.pdf\">\u00abIl FLOW fortifica i bambini\u00bb <\/a>(Lapurla 2024)<\/p>\n\n\n\n<p>Brochure <a href=\"https:\/\/www.lapurla.ch\/wp-content\/uploads\/2023\/01\/LapurlaPraxistoolIT-Digital.pdf\">\u00abP\u00ccu creativi sin dall&#8217;inizio\u00bb<\/a> (Lapurla 2020)<\/p>\n\n\n\n<hr class=\"wp-block-separator has-alpha-channel-opacity\"\/>\n\n\n\n<p><\/p>\n","protected":false},"excerpt":{"rendered":"<p>Il programma per i bambini piccoli (0\u20134 anni) al parco Gr\u00fcene R\u00fcschlikon (Z\u00fcrich) \u00e8 stato sviluppato da Lapurla per conto del Percento culturale Migros. Contesto e obiettivi La natura \u00e8 un regno inesauribile di esperienze. Senza giocattoli, senza istruzioni, eppure ricca di stimoli. Il nostro obiettivo \u00e8 offrire ai bambini uno spazio protetto in cui [&hellip;]<\/p>\n","protected":false},"featured_media":30851,"template":"","meta":{"_acf_changed":false,"latitude":"","longitude":"","kurzbeschreibung":"I bambini da 0 a 4 anni e i loro genitori sono invitati ad arrivare nel qui e ora e a vivere la natura. Vivere la natura con curiosit\u00e0, apertura e tutti i sensi - senza cellulari e vita quotidiana. Ascoltare. Sentire. Raccogliere. Scoprire. Meravigliarsi.","datum_von":"2026-05-21 09:30:00","footnotes":""},"kanton":[95],"event_category":[165],"class_list":["post-34245","event","type-event","status-publish","has-post-thumbnail","hentry","kanton-zuerich-it","event_category-offerte-per-bambini"],"acf":[],"yoast_head":"<!-- This site is optimized with the Yoast SEO plugin v27.2 - https:\/\/yoast.com\/product\/yoast-seo-wordpress\/ -->\n<title>Natur. Und du? Natur erleben mit Kleinkindern &#8211; Lapurla<\/title>\n<meta name=\"description\" content=\"Natur. Und du? Natur erleben mit Kleinkindern\" \/>\n<meta name=\"robots\" content=\"index, follow, max-snippet:-1, max-image-preview:large, max-video-preview:-1\" \/>\n<link rel=\"canonical\" href=\"https:\/\/www.lapurla.ch\/it\/event\/natur-und-du-natur-erleben-mit-kleinkindern-2\" \/>\n<meta property=\"og:locale\" content=\"it_IT\" \/>\n<meta property=\"og:type\" content=\"article\" \/>\n<meta property=\"og:title\" content=\"Natur. Und du? Natur erleben mit Kleinkindern &#8211; Lapurla\" \/>\n<meta property=\"og:description\" content=\"Natur. Und du? Natur erleben mit Kleinkindern\" \/>\n<meta property=\"og:url\" content=\"https:\/\/www.lapurla.ch\/it\/event\/natur-und-du-natur-erleben-mit-kleinkindern-2\" \/>\n<meta property=\"og:site_name\" content=\"Lapurla\" \/>\n<meta property=\"article:modified_time\" content=\"2026-03-10T09:17:43+00:00\" \/>\n<meta property=\"og:image\" content=\"https:\/\/www.lapurla.ch\/wp-content\/uploads\/2025\/09\/788F2815-8623-4E43-8CE1-9F5B7695F2BC1-1.jpeg\" \/>\n\t<meta property=\"og:image:width\" content=\"1170\" \/>\n\t<meta property=\"og:image:height\" content=\"2080\" \/>\n\t<meta property=\"og:image:type\" content=\"image\/jpeg\" \/>\n<meta name=\"twitter:card\" content=\"summary_large_image\" \/>\n<meta name=\"twitter:label1\" content=\"Tempo di lettura stimato\" \/>\n\t<meta name=\"twitter:data1\" content=\"2 minuti\" \/>\n<script type=\"application\/ld+json\" class=\"yoast-schema-graph\">{\"@context\":\"https:\/\/schema.org\",\"@graph\":[{\"@type\":\"WebPage\",\"@id\":\"https:\/\/www.lapurla.ch\/it\/event\/natur-und-du-natur-erleben-mit-kleinkindern-2\",\"url\":\"https:\/\/www.lapurla.ch\/it\/event\/natur-und-du-natur-erleben-mit-kleinkindern-2\",\"name\":\"Natur. Und du? Natur erleben mit Kleinkindern &#8211; Lapurla\",\"isPartOf\":{\"@id\":\"https:\/\/www.lapurla.ch\/#website\"},\"primaryImageOfPage\":{\"@id\":\"https:\/\/www.lapurla.ch\/it\/event\/natur-und-du-natur-erleben-mit-kleinkindern-2#primaryimage\"},\"image\":{\"@id\":\"https:\/\/www.lapurla.ch\/it\/event\/natur-und-du-natur-erleben-mit-kleinkindern-2#primaryimage\"},\"thumbnailUrl\":\"https:\/\/www.lapurla.ch\/wp-content\/uploads\/2025\/09\/788F2815-8623-4E43-8CE1-9F5B7695F2BC1-1.jpeg\",\"datePublished\":\"2026-02-10T13:28:56+00:00\",\"dateModified\":\"2026-03-10T09:17:43+00:00\",\"description\":\"Natur. Und du? Natur erleben mit Kleinkindern\",\"breadcrumb\":{\"@id\":\"https:\/\/www.lapurla.ch\/it\/event\/natur-und-du-natur-erleben-mit-kleinkindern-2#breadcrumb\"},\"inLanguage\":\"it-IT\",\"potentialAction\":[{\"@type\":\"ReadAction\",\"target\":[\"https:\/\/www.lapurla.ch\/it\/event\/natur-und-du-natur-erleben-mit-kleinkindern-2\"]}]},{\"@type\":\"ImageObject\",\"inLanguage\":\"it-IT\",\"@id\":\"https:\/\/www.lapurla.ch\/it\/event\/natur-und-du-natur-erleben-mit-kleinkindern-2#primaryimage\",\"url\":\"https:\/\/www.lapurla.ch\/wp-content\/uploads\/2025\/09\/788F2815-8623-4E43-8CE1-9F5B7695F2BC1-1.jpeg\",\"contentUrl\":\"https:\/\/www.lapurla.ch\/wp-content\/uploads\/2025\/09\/788F2815-8623-4E43-8CE1-9F5B7695F2BC1-1.jpeg\",\"width\":1170,\"height\":2080,\"caption\":\"Foto: J.Bubenhofer\"},{\"@type\":\"BreadcrumbList\",\"@id\":\"https:\/\/www.lapurla.ch\/it\/event\/natur-und-du-natur-erleben-mit-kleinkindern-2#breadcrumb\",\"itemListElement\":[{\"@type\":\"ListItem\",\"position\":1,\"name\":\"Startseite\",\"item\":\"https:\/\/www.lapurla.ch\/it\"},{\"@type\":\"ListItem\",\"position\":2,\"name\":\"Events\",\"item\":\"https:\/\/www.lapurla.ch\/event\"},{\"@type\":\"ListItem\",\"position\":3,\"name\":\"Natur. Und du? Natur erleben mit Kleinkindern\"}]},{\"@type\":\"WebSite\",\"@id\":\"https:\/\/www.lapurla.ch\/#website\",\"url\":\"https:\/\/www.lapurla.ch\/\",\"name\":\"Lapurla\",\"description\":\"\",\"publisher\":{\"@id\":\"https:\/\/www.lapurla.ch\/#organization\"},\"potentialAction\":[{\"@type\":\"SearchAction\",\"target\":{\"@type\":\"EntryPoint\",\"urlTemplate\":\"https:\/\/www.lapurla.ch\/?s={search_term_string}\"},\"query-input\":{\"@type\":\"PropertyValueSpecification\",\"valueRequired\":true,\"valueName\":\"search_term_string\"}}],\"inLanguage\":\"it-IT\"},{\"@type\":\"Organization\",\"@id\":\"https:\/\/www.lapurla.ch\/#organization\",\"name\":\"Lapurla\",\"url\":\"https:\/\/www.lapurla.ch\/\",\"logo\":{\"@type\":\"ImageObject\",\"inLanguage\":\"it-IT\",\"@id\":\"https:\/\/www.lapurla.ch\/#\/schema\/logo\/image\/\",\"url\":\"https:\/\/www.lapurla.ch\/wp-content\/uploads\/2022\/03\/cropped-favicon.png\",\"contentUrl\":\"https:\/\/www.lapurla.ch\/wp-content\/uploads\/2022\/03\/cropped-favicon.png\",\"width\":512,\"height\":512,\"caption\":\"Lapurla\"},\"image\":{\"@id\":\"https:\/\/www.lapurla.ch\/#\/schema\/logo\/image\/\"}}]}<\/script>\n<!-- \/ Yoast SEO plugin. -->","yoast_head_json":{"title":"Natur. Und du? Natur erleben mit Kleinkindern &#8211; Lapurla","description":"Natur. Und du? Natur erleben mit Kleinkindern","robots":{"index":"index","follow":"follow","max-snippet":"max-snippet:-1","max-image-preview":"max-image-preview:large","max-video-preview":"max-video-preview:-1"},"canonical":"https:\/\/www.lapurla.ch\/it\/event\/natur-und-du-natur-erleben-mit-kleinkindern-2","og_locale":"it_IT","og_type":"article","og_title":"Natur. Und du? Natur erleben mit Kleinkindern &#8211; Lapurla","og_description":"Natur. Und du? Natur erleben mit Kleinkindern","og_url":"https:\/\/www.lapurla.ch\/it\/event\/natur-und-du-natur-erleben-mit-kleinkindern-2","og_site_name":"Lapurla","article_modified_time":"2026-03-10T09:17:43+00:00","og_image":[{"width":1170,"height":2080,"url":"https:\/\/www.lapurla.ch\/wp-content\/uploads\/2025\/09\/788F2815-8623-4E43-8CE1-9F5B7695F2BC1-1.jpeg","type":"image\/jpeg"}],"twitter_card":"summary_large_image","twitter_misc":{"Tempo di lettura stimato":"2 minuti"},"schema":{"@context":"https:\/\/schema.org","@graph":[{"@type":"WebPage","@id":"https:\/\/www.lapurla.ch\/it\/event\/natur-und-du-natur-erleben-mit-kleinkindern-2","url":"https:\/\/www.lapurla.ch\/it\/event\/natur-und-du-natur-erleben-mit-kleinkindern-2","name":"Natur. Und du? Natur erleben mit Kleinkindern &#8211; Lapurla","isPartOf":{"@id":"https:\/\/www.lapurla.ch\/#website"},"primaryImageOfPage":{"@id":"https:\/\/www.lapurla.ch\/it\/event\/natur-und-du-natur-erleben-mit-kleinkindern-2#primaryimage"},"image":{"@id":"https:\/\/www.lapurla.ch\/it\/event\/natur-und-du-natur-erleben-mit-kleinkindern-2#primaryimage"},"thumbnailUrl":"https:\/\/www.lapurla.ch\/wp-content\/uploads\/2025\/09\/788F2815-8623-4E43-8CE1-9F5B7695F2BC1-1.jpeg","datePublished":"2026-02-10T13:28:56+00:00","dateModified":"2026-03-10T09:17:43+00:00","description":"Natur. Und du? Natur erleben mit Kleinkindern","breadcrumb":{"@id":"https:\/\/www.lapurla.ch\/it\/event\/natur-und-du-natur-erleben-mit-kleinkindern-2#breadcrumb"},"inLanguage":"it-IT","potentialAction":[{"@type":"ReadAction","target":["https:\/\/www.lapurla.ch\/it\/event\/natur-und-du-natur-erleben-mit-kleinkindern-2"]}]},{"@type":"ImageObject","inLanguage":"it-IT","@id":"https:\/\/www.lapurla.ch\/it\/event\/natur-und-du-natur-erleben-mit-kleinkindern-2#primaryimage","url":"https:\/\/www.lapurla.ch\/wp-content\/uploads\/2025\/09\/788F2815-8623-4E43-8CE1-9F5B7695F2BC1-1.jpeg","contentUrl":"https:\/\/www.lapurla.ch\/wp-content\/uploads\/2025\/09\/788F2815-8623-4E43-8CE1-9F5B7695F2BC1-1.jpeg","width":1170,"height":2080,"caption":"Foto: J.Bubenhofer"},{"@type":"BreadcrumbList","@id":"https:\/\/www.lapurla.ch\/it\/event\/natur-und-du-natur-erleben-mit-kleinkindern-2#breadcrumb","itemListElement":[{"@type":"ListItem","position":1,"name":"Startseite","item":"https:\/\/www.lapurla.ch\/it"},{"@type":"ListItem","position":2,"name":"Events","item":"https:\/\/www.lapurla.ch\/event"},{"@type":"ListItem","position":3,"name":"Natur. Und du? Natur erleben mit Kleinkindern"}]},{"@type":"WebSite","@id":"https:\/\/www.lapurla.ch\/#website","url":"https:\/\/www.lapurla.ch\/","name":"Lapurla","description":"","publisher":{"@id":"https:\/\/www.lapurla.ch\/#organization"},"potentialAction":[{"@type":"SearchAction","target":{"@type":"EntryPoint","urlTemplate":"https:\/\/www.lapurla.ch\/?s={search_term_string}"},"query-input":{"@type":"PropertyValueSpecification","valueRequired":true,"valueName":"search_term_string"}}],"inLanguage":"it-IT"},{"@type":"Organization","@id":"https:\/\/www.lapurla.ch\/#organization","name":"Lapurla","url":"https:\/\/www.lapurla.ch\/","logo":{"@type":"ImageObject","inLanguage":"it-IT","@id":"https:\/\/www.lapurla.ch\/#\/schema\/logo\/image\/","url":"https:\/\/www.lapurla.ch\/wp-content\/uploads\/2022\/03\/cropped-favicon.png","contentUrl":"https:\/\/www.lapurla.ch\/wp-content\/uploads\/2022\/03\/cropped-favicon.png","width":512,"height":512,"caption":"Lapurla"},"image":{"@id":"https:\/\/www.lapurla.ch\/#\/schema\/logo\/image\/"}}]}},"datum":"gioved\u00ec, 21. maggio 2026 | 09:30     ","_links":{"self":[{"href":"https:\/\/www.lapurla.ch\/it\/wp-json\/wp\/v2\/event\/34245","targetHints":{"allow":["GET"]}}],"collection":[{"href":"https:\/\/www.lapurla.ch\/it\/wp-json\/wp\/v2\/event"}],"about":[{"href":"https:\/\/www.lapurla.ch\/it\/wp-json\/wp\/v2\/types\/event"}],"version-history":[{"count":6,"href":"https:\/\/www.lapurla.ch\/it\/wp-json\/wp\/v2\/event\/34245\/revisions"}],"predecessor-version":[{"id":34431,"href":"https:\/\/www.lapurla.ch\/it\/wp-json\/wp\/v2\/event\/34245\/revisions\/34431"}],"wp:featuredmedia":[{"embeddable":true,"href":"https:\/\/www.lapurla.ch\/it\/wp-json\/wp\/v2\/media\/30851"}],"wp:attachment":[{"href":"https:\/\/www.lapurla.ch\/it\/wp-json\/wp\/v2\/media?parent=34245"}],"wp:term":[{"taxonomy":"kanton","embeddable":true,"href":"https:\/\/www.lapurla.ch\/it\/wp-json\/wp\/v2\/kanton?post=34245"},{"taxonomy":"event_category","embeddable":true,"href":"https:\/\/www.lapurla.ch\/it\/wp-json\/wp\/v2\/event_category?post=34245"}],"curies":[{"name":"wp","href":"https:\/\/api.w.org\/{rel}","templated":true}]}}