{"id":33554,"date":"2026-01-16T14:39:43","date_gmt":"2026-01-16T13:39:43","guid":{"rendered":"https:\/\/www.lapurla.ch\/event\/kinderkulturtreff-mini-scratch-flouk-paf-ein-interaktives-kulturangebot-fuer-kinder-von-0-4-jahren"},"modified":"2026-01-16T14:44:30","modified_gmt":"2026-01-16T13:44:30","slug":"kinderkulturtreff-mini-scratch-flouk-paf-ein-interaktives-kulturangebot-fuer-kinder-von-0-4-jahren","status":"publish","type":"event","link":"https:\/\/www.lapurla.ch\/it\/event\/kinderkulturtreff-mini-scratch-flouk-paf-ein-interaktives-kulturangebot-fuer-kinder-von-0-4-jahren","title":{"rendered":"KinderKulturTreff Mini \u2013 \u00abScratch, flouk, paf\u00bb Ein interaktives Kulturangebot f\u00fcr Kinder von 0\u20134 Jahren"},"content":{"rendered":"\n<p>Scratch macht das Blatt Papier, Ziiiiiiip die Regenjacke, Pok den Stein auf dem Boden. Und all die anderen Gegenst\u00e4nde, die wir gemeinsam erkunden wollen, wie klingen sie?<\/p>\n\n\n\n<p>Art&#8217;Mini ist ein interaktives Kulturprogramm f\u00fcr Kinder&nbsp;von 0 bis 4&nbsp;Jahren und ihre erwachsenen Begleitpersonen. Mitmachen f\u00fcr Gross und Klein steht im Mittelpunkt des Erlebnisses. Mit Morgane Mellet der Cie Aland werden klingende Objekte untersucht; gemeinsam entsteht ein ad hoc Orchestra!<\/p>\n\n\n\n<p>Mit Morgane Mellet<\/p>\n\n\n\n<p>Cie Alsand<\/p>\n\n\n\n<figure class=\"wp-block-image size-large\"><img loading=\"lazy\" decoding=\"async\" width=\"1024\" height=\"765\" src=\"https:\/\/www.lapurla.ch\/wp-content\/uploads\/2026\/01\/BildartminiBrigBern-1024x765.jpg\" alt=\"\" class=\"wp-image-33547\" srcset=\"https:\/\/www.lapurla.ch\/wp-content\/uploads\/2026\/01\/BildartminiBrigBern-1024x765.jpg 1024w, https:\/\/www.lapurla.ch\/wp-content\/uploads\/2026\/01\/BildartminiBrigBern-300x224.jpg 300w, https:\/\/www.lapurla.ch\/wp-content\/uploads\/2026\/01\/BildartminiBrigBern-768x574.jpg 768w, https:\/\/www.lapurla.ch\/wp-content\/uploads\/2026\/01\/BildartminiBrigBern.jpg 1202w\" sizes=\"auto, (max-width: 1024px) 100vw, 1024px\" \/><\/figure>\n","protected":false},"excerpt":{"rendered":"<p>Scratch macht das Blatt Papier, Ziiiiiiip die Regenjacke, Pok den Stein auf dem Boden. Und all die anderen Gegenst\u00e4nde, die wir gemeinsam erkunden wollen, wie klingen sie? Art&#8217;Mini ist ein interaktives Kulturprogramm f\u00fcr Kinder&nbsp;von 0 bis 4&nbsp;Jahren und ihre erwachsenen Begleitpersonen. Mitmachen f\u00fcr Gross und Klein steht im Mittelpunkt des Erlebnisses. Mit Morgane Mellet der [&hellip;]<\/p>\n","protected":false},"featured_media":31900,"template":"","meta":{"_acf_changed":false,"latitude":"","longitude":"","kurzbeschreibung":"Scratch macht das Blatt Papier, Ziiiiiiip die Regenjacke, Pok den Stein auf dem Boden. Und all die anderen Gegenst\u00e4nde, die wir gemeinsam erkunden wollen, wie klingen sie?\r\n\r\nArt'Mini ist ein interaktives Kulturprogramm f\u00fcr Kinder\u00a0von 0 bis 4\u00a0Jahren und ihre erwachsenen Begleitpersonen.","datum_von":"2026-02-19 10:00:00","footnotes":""},"kanton":[132],"event_category":[165],"class_list":["post-33554","event","type-event","status-publish","has-post-thumbnail","hentry","kanton-wallis-it","event_category-offerte-per-bambini"],"acf":[],"yoast_head":"<!-- This site is optimized with the Yoast SEO plugin v27.2 - https:\/\/yoast.com\/product\/yoast-seo-wordpress\/ -->\n<title>KinderKulturTreff Mini \u2013 \u00abScratch, flouk, paf\u00bb Ein interaktives Kulturangebot f\u00fcr Kinder von 0\u20134 Jahren &#8211; Lapurla<\/title>\n<meta name=\"description\" content=\"KinderKulturTreff Mini \u2013 \u00abScratch flouk paf\u00bb Ein interaktives Kulturangebot f\u00fcr Kinder von 0\u20134 Jahren\" \/>\n<meta name=\"robots\" content=\"index, follow, max-snippet:-1, max-image-preview:large, max-video-preview:-1\" \/>\n<link rel=\"canonical\" href=\"https:\/\/www.lapurla.ch\/it\/event\/kinderkulturtreff-mini-scratch-flouk-paf-ein-interaktives-kulturangebot-fuer-kinder-von-0-4-jahren\" \/>\n<meta property=\"og:locale\" content=\"it_IT\" \/>\n<meta property=\"og:type\" content=\"article\" \/>\n<meta property=\"og:title\" content=\"KinderKulturTreff Mini \u2013 \u00abScratch, flouk, paf\u00bb Ein interaktives Kulturangebot f\u00fcr Kinder von 0\u20134 Jahren &#8211; Lapurla\" \/>\n<meta property=\"og:description\" content=\"KinderKulturTreff Mini \u2013 \u00abScratch flouk paf\u00bb Ein interaktives Kulturangebot f\u00fcr Kinder von 0\u20134 Jahren\" \/>\n<meta property=\"og:url\" content=\"https:\/\/www.lapurla.ch\/it\/event\/kinderkulturtreff-mini-scratch-flouk-paf-ein-interaktives-kulturangebot-fuer-kinder-von-0-4-jahren\" \/>\n<meta property=\"og:site_name\" content=\"Lapurla\" \/>\n<meta property=\"article:modified_time\" content=\"2026-01-16T13:44:30+00:00\" \/>\n<meta property=\"og:image\" content=\"https:\/\/www.lapurla.ch\/wp-content\/uploads\/2025\/11\/BildartminiBrigBern.jpg\" \/>\n\t<meta property=\"og:image:width\" content=\"1202\" \/>\n\t<meta property=\"og:image:height\" content=\"898\" \/>\n\t<meta property=\"og:image:type\" content=\"image\/jpeg\" \/>\n<meta name=\"twitter:card\" content=\"summary_large_image\" \/>\n<meta name=\"twitter:label1\" content=\"Tempo di lettura stimato\" \/>\n\t<meta name=\"twitter:data1\" content=\"1 minuto\" \/>\n<script type=\"application\/ld+json\" class=\"yoast-schema-graph\">{\"@context\":\"https:\/\/schema.org\",\"@graph\":[{\"@type\":\"WebPage\",\"@id\":\"https:\/\/www.lapurla.ch\/it\/event\/kinderkulturtreff-mini-scratch-flouk-paf-ein-interaktives-kulturangebot-fuer-kinder-von-0-4-jahren\",\"url\":\"https:\/\/www.lapurla.ch\/it\/event\/kinderkulturtreff-mini-scratch-flouk-paf-ein-interaktives-kulturangebot-fuer-kinder-von-0-4-jahren\",\"name\":\"KinderKulturTreff Mini \u2013 \u00abScratch, flouk, paf\u00bb Ein interaktives Kulturangebot f\u00fcr Kinder von 0\u20134 Jahren &#8211; Lapurla\",\"isPartOf\":{\"@id\":\"https:\/\/www.lapurla.ch\/#website\"},\"primaryImageOfPage\":{\"@id\":\"https:\/\/www.lapurla.ch\/it\/event\/kinderkulturtreff-mini-scratch-flouk-paf-ein-interaktives-kulturangebot-fuer-kinder-von-0-4-jahren#primaryimage\"},\"image\":{\"@id\":\"https:\/\/www.lapurla.ch\/it\/event\/kinderkulturtreff-mini-scratch-flouk-paf-ein-interaktives-kulturangebot-fuer-kinder-von-0-4-jahren#primaryimage\"},\"thumbnailUrl\":\"https:\/\/www.lapurla.ch\/wp-content\/uploads\/2025\/11\/BildartminiBrigBern.jpg\",\"datePublished\":\"2026-01-16T13:39:43+00:00\",\"dateModified\":\"2026-01-16T13:44:30+00:00\",\"description\":\"KinderKulturTreff Mini \u2013 \u00abScratch flouk paf\u00bb Ein interaktives Kulturangebot f\u00fcr Kinder von 0\u20134 Jahren\",\"breadcrumb\":{\"@id\":\"https:\/\/www.lapurla.ch\/it\/event\/kinderkulturtreff-mini-scratch-flouk-paf-ein-interaktives-kulturangebot-fuer-kinder-von-0-4-jahren#breadcrumb\"},\"inLanguage\":\"it-IT\",\"potentialAction\":[{\"@type\":\"ReadAction\",\"target\":[\"https:\/\/www.lapurla.ch\/it\/event\/kinderkulturtreff-mini-scratch-flouk-paf-ein-interaktives-kulturangebot-fuer-kinder-von-0-4-jahren\"]}]},{\"@type\":\"ImageObject\",\"inLanguage\":\"it-IT\",\"@id\":\"https:\/\/www.lapurla.ch\/it\/event\/kinderkulturtreff-mini-scratch-flouk-paf-ein-interaktives-kulturangebot-fuer-kinder-von-0-4-jahren#primaryimage\",\"url\":\"https:\/\/www.lapurla.ch\/wp-content\/uploads\/2025\/11\/BildartminiBrigBern.jpg\",\"contentUrl\":\"https:\/\/www.lapurla.ch\/wp-content\/uploads\/2025\/11\/BildartminiBrigBern.jpg\",\"width\":1202,\"height\":898,\"caption\":\"Screenshot\"},{\"@type\":\"BreadcrumbList\",\"@id\":\"https:\/\/www.lapurla.ch\/it\/event\/kinderkulturtreff-mini-scratch-flouk-paf-ein-interaktives-kulturangebot-fuer-kinder-von-0-4-jahren#breadcrumb\",\"itemListElement\":[{\"@type\":\"ListItem\",\"position\":1,\"name\":\"Startseite\",\"item\":\"https:\/\/www.lapurla.ch\/it\"},{\"@type\":\"ListItem\",\"position\":2,\"name\":\"Events\",\"item\":\"https:\/\/www.lapurla.ch\/event\"},{\"@type\":\"ListItem\",\"position\":3,\"name\":\"KinderKulturTreff Mini \u2013 \u00abScratch, flouk, paf\u00bb Ein interaktives Kulturangebot f\u00fcr Kinder von 0\u20134 Jahren\"}]},{\"@type\":\"WebSite\",\"@id\":\"https:\/\/www.lapurla.ch\/#website\",\"url\":\"https:\/\/www.lapurla.ch\/\",\"name\":\"Lapurla\",\"description\":\"\",\"publisher\":{\"@id\":\"https:\/\/www.lapurla.ch\/#organization\"},\"potentialAction\":[{\"@type\":\"SearchAction\",\"target\":{\"@type\":\"EntryPoint\",\"urlTemplate\":\"https:\/\/www.lapurla.ch\/?s={search_term_string}\"},\"query-input\":{\"@type\":\"PropertyValueSpecification\",\"valueRequired\":true,\"valueName\":\"search_term_string\"}}],\"inLanguage\":\"it-IT\"},{\"@type\":\"Organization\",\"@id\":\"https:\/\/www.lapurla.ch\/#organization\",\"name\":\"Lapurla\",\"url\":\"https:\/\/www.lapurla.ch\/\",\"logo\":{\"@type\":\"ImageObject\",\"inLanguage\":\"it-IT\",\"@id\":\"https:\/\/www.lapurla.ch\/#\/schema\/logo\/image\/\",\"url\":\"https:\/\/www.lapurla.ch\/wp-content\/uploads\/2022\/03\/cropped-favicon.png\",\"contentUrl\":\"https:\/\/www.lapurla.ch\/wp-content\/uploads\/2022\/03\/cropped-favicon.png\",\"width\":512,\"height\":512,\"caption\":\"Lapurla\"},\"image\":{\"@id\":\"https:\/\/www.lapurla.ch\/#\/schema\/logo\/image\/\"}}]}<\/script>\n<!-- \/ Yoast SEO plugin. -->","yoast_head_json":{"title":"KinderKulturTreff Mini \u2013 \u00abScratch, flouk, paf\u00bb Ein interaktives Kulturangebot f\u00fcr Kinder von 0\u20134 Jahren &#8211; Lapurla","description":"KinderKulturTreff Mini \u2013 \u00abScratch flouk paf\u00bb Ein interaktives Kulturangebot f\u00fcr Kinder von 0\u20134 Jahren","robots":{"index":"index","follow":"follow","max-snippet":"max-snippet:-1","max-image-preview":"max-image-preview:large","max-video-preview":"max-video-preview:-1"},"canonical":"https:\/\/www.lapurla.ch\/it\/event\/kinderkulturtreff-mini-scratch-flouk-paf-ein-interaktives-kulturangebot-fuer-kinder-von-0-4-jahren","og_locale":"it_IT","og_type":"article","og_title":"KinderKulturTreff Mini \u2013 \u00abScratch, flouk, paf\u00bb Ein interaktives Kulturangebot f\u00fcr Kinder von 0\u20134 Jahren &#8211; Lapurla","og_description":"KinderKulturTreff Mini \u2013 \u00abScratch flouk paf\u00bb Ein interaktives Kulturangebot f\u00fcr Kinder von 0\u20134 Jahren","og_url":"https:\/\/www.lapurla.ch\/it\/event\/kinderkulturtreff-mini-scratch-flouk-paf-ein-interaktives-kulturangebot-fuer-kinder-von-0-4-jahren","og_site_name":"Lapurla","article_modified_time":"2026-01-16T13:44:30+00:00","og_image":[{"width":1202,"height":898,"url":"https:\/\/www.lapurla.ch\/wp-content\/uploads\/2025\/11\/BildartminiBrigBern.jpg","type":"image\/jpeg"}],"twitter_card":"summary_large_image","twitter_misc":{"Tempo di lettura stimato":"1 minuto"},"schema":{"@context":"https:\/\/schema.org","@graph":[{"@type":"WebPage","@id":"https:\/\/www.lapurla.ch\/it\/event\/kinderkulturtreff-mini-scratch-flouk-paf-ein-interaktives-kulturangebot-fuer-kinder-von-0-4-jahren","url":"https:\/\/www.lapurla.ch\/it\/event\/kinderkulturtreff-mini-scratch-flouk-paf-ein-interaktives-kulturangebot-fuer-kinder-von-0-4-jahren","name":"KinderKulturTreff Mini \u2013 \u00abScratch, flouk, paf\u00bb Ein interaktives Kulturangebot f\u00fcr Kinder von 0\u20134 Jahren &#8211; Lapurla","isPartOf":{"@id":"https:\/\/www.lapurla.ch\/#website"},"primaryImageOfPage":{"@id":"https:\/\/www.lapurla.ch\/it\/event\/kinderkulturtreff-mini-scratch-flouk-paf-ein-interaktives-kulturangebot-fuer-kinder-von-0-4-jahren#primaryimage"},"image":{"@id":"https:\/\/www.lapurla.ch\/it\/event\/kinderkulturtreff-mini-scratch-flouk-paf-ein-interaktives-kulturangebot-fuer-kinder-von-0-4-jahren#primaryimage"},"thumbnailUrl":"https:\/\/www.lapurla.ch\/wp-content\/uploads\/2025\/11\/BildartminiBrigBern.jpg","datePublished":"2026-01-16T13:39:43+00:00","dateModified":"2026-01-16T13:44:30+00:00","description":"KinderKulturTreff Mini \u2013 \u00abScratch flouk paf\u00bb Ein interaktives Kulturangebot f\u00fcr Kinder von 0\u20134 Jahren","breadcrumb":{"@id":"https:\/\/www.lapurla.ch\/it\/event\/kinderkulturtreff-mini-scratch-flouk-paf-ein-interaktives-kulturangebot-fuer-kinder-von-0-4-jahren#breadcrumb"},"inLanguage":"it-IT","potentialAction":[{"@type":"ReadAction","target":["https:\/\/www.lapurla.ch\/it\/event\/kinderkulturtreff-mini-scratch-flouk-paf-ein-interaktives-kulturangebot-fuer-kinder-von-0-4-jahren"]}]},{"@type":"ImageObject","inLanguage":"it-IT","@id":"https:\/\/www.lapurla.ch\/it\/event\/kinderkulturtreff-mini-scratch-flouk-paf-ein-interaktives-kulturangebot-fuer-kinder-von-0-4-jahren#primaryimage","url":"https:\/\/www.lapurla.ch\/wp-content\/uploads\/2025\/11\/BildartminiBrigBern.jpg","contentUrl":"https:\/\/www.lapurla.ch\/wp-content\/uploads\/2025\/11\/BildartminiBrigBern.jpg","width":1202,"height":898,"caption":"Screenshot"},{"@type":"BreadcrumbList","@id":"https:\/\/www.lapurla.ch\/it\/event\/kinderkulturtreff-mini-scratch-flouk-paf-ein-interaktives-kulturangebot-fuer-kinder-von-0-4-jahren#breadcrumb","itemListElement":[{"@type":"ListItem","position":1,"name":"Startseite","item":"https:\/\/www.lapurla.ch\/it"},{"@type":"ListItem","position":2,"name":"Events","item":"https:\/\/www.lapurla.ch\/event"},{"@type":"ListItem","position":3,"name":"KinderKulturTreff Mini \u2013 \u00abScratch, flouk, paf\u00bb Ein interaktives Kulturangebot f\u00fcr Kinder von 0\u20134 Jahren"}]},{"@type":"WebSite","@id":"https:\/\/www.lapurla.ch\/#website","url":"https:\/\/www.lapurla.ch\/","name":"Lapurla","description":"","publisher":{"@id":"https:\/\/www.lapurla.ch\/#organization"},"potentialAction":[{"@type":"SearchAction","target":{"@type":"EntryPoint","urlTemplate":"https:\/\/www.lapurla.ch\/?s={search_term_string}"},"query-input":{"@type":"PropertyValueSpecification","valueRequired":true,"valueName":"search_term_string"}}],"inLanguage":"it-IT"},{"@type":"Organization","@id":"https:\/\/www.lapurla.ch\/#organization","name":"Lapurla","url":"https:\/\/www.lapurla.ch\/","logo":{"@type":"ImageObject","inLanguage":"it-IT","@id":"https:\/\/www.lapurla.ch\/#\/schema\/logo\/image\/","url":"https:\/\/www.lapurla.ch\/wp-content\/uploads\/2022\/03\/cropped-favicon.png","contentUrl":"https:\/\/www.lapurla.ch\/wp-content\/uploads\/2022\/03\/cropped-favicon.png","width":512,"height":512,"caption":"Lapurla"},"image":{"@id":"https:\/\/www.lapurla.ch\/#\/schema\/logo\/image\/"}}]}},"datum":"gioved\u00ec, 19. febbraio 2026 | 10:00     ","_links":{"self":[{"href":"https:\/\/www.lapurla.ch\/it\/wp-json\/wp\/v2\/event\/33554","targetHints":{"allow":["GET"]}}],"collection":[{"href":"https:\/\/www.lapurla.ch\/it\/wp-json\/wp\/v2\/event"}],"about":[{"href":"https:\/\/www.lapurla.ch\/it\/wp-json\/wp\/v2\/types\/event"}],"version-history":[{"count":1,"href":"https:\/\/www.lapurla.ch\/it\/wp-json\/wp\/v2\/event\/33554\/revisions"}],"predecessor-version":[{"id":33556,"href":"https:\/\/www.lapurla.ch\/it\/wp-json\/wp\/v2\/event\/33554\/revisions\/33556"}],"wp:featuredmedia":[{"embeddable":true,"href":"https:\/\/www.lapurla.ch\/it\/wp-json\/wp\/v2\/media\/31900"}],"wp:attachment":[{"href":"https:\/\/www.lapurla.ch\/it\/wp-json\/wp\/v2\/media?parent=33554"}],"wp:term":[{"taxonomy":"kanton","embeddable":true,"href":"https:\/\/www.lapurla.ch\/it\/wp-json\/wp\/v2\/kanton?post=33554"},{"taxonomy":"event_category","embeddable":true,"href":"https:\/\/www.lapurla.ch\/it\/wp-json\/wp\/v2\/event_category?post=33554"}],"curies":[{"name":"wp","href":"https:\/\/api.w.org\/{rel}","templated":true}]}}