{"id":24398,"date":"2024-05-23T08:35:00","date_gmt":"2024-05-23T06:35:00","guid":{"rendered":"https:\/\/www.lapurla.ch\/event\/wunderflow"},"modified":"2024-05-23T08:35:00","modified_gmt":"2024-05-23T06:35:00","slug":"wunderflow","status":"publish","type":"event","link":"https:\/\/www.lapurla.ch\/it\/event\/wunderflow","title":{"rendered":"WunderFlow"},"content":{"rendered":"\n<p>Das deutsche <a href=\"https:\/\/netzwerk-fkb.de\" target=\"_blank\" rel=\"noreferrer noopener\">\u00abNetzwerk Fr\u00fchkindliche Kulturelle Bildung\u00bb<\/a> NFKB ist seit seiner Gr\u00fcndung ein wichtiger\u00a0Netzwerkpartner von Lapurla. Im Juni veranstaltet das NFKB eine f\u00fcnft\u00e4gige Veranstaltungsreihe f\u00fcr ihre Netzwerkenden namens \u00abJuni-Tage\u00bb. Im Rahmen der Juni-Tage findet am <strong>Dienstag, 4. Juni 2024, von 12 \u2013 13 Uhr<\/strong> online ein Gespr\u00e4ch zur neu lancierten Lapurla-Brosch\u00fcre <a href=\"https:\/\/www.lapurla.ch\/it\/download\" target=\"_blank\" rel=\"noreferrer noopener\">\u00abFLOW macht Kinder stark\u00bb<\/a> statt: <\/p>\n\n\n\n<p>Zu Tisch mit Karin Kraus und Astrid Lembcke-Thiel! <br>Men\u00fc: <br><strong>WunderFlow \u00abVon der Relevanz \u00e4sthetischer Erfahrungen im Kontext diverser Alltagsrealit\u00e4ten\u00bb<\/strong><\/p>\n\n\n\n<p>Netzwerkende k\u00f6nnen sich mit Karin und Astrid im (digitalen) Pausenraum an den virtuellen Tisch setzen, um herauszufinden, was es braucht, um der Wahrnehmung von Flow und Wunder in unseren Alltag Raum zu geben.<\/p>\n\n\n\n<p><strong>Karin Kraus<\/strong> ist Fondatrice &amp; Gesch\u00e4ftsleiterin von Lapurla<br><strong>Astrid Lembcke-Thiel<\/strong> ist freie Kuratorin f\u00fcr k\u00fcnstlerische Prozesse und forschende K\u00fcnstlerin<\/p>\n\n\n\n<p>Nahrhafte Zutaten f\u00fcr das Gespr\u00e4ch sind nebst der neuen Brosch\u00fcre <a href=\"https:\/\/www.lapurla.ch\/it\/download\" target=\"_blank\" rel=\"noreferrer noopener\">\u00abFLOW macht Kinder stark\u00bb<\/a> die vielf\u00e4ltige Erfahrungen der <a href=\"https:\/\/www.lapurla.ch\/event\/rendez-vous-wunderforschung-mit-astrid-lembcke-thiel\" target=\"_blank\" rel=\"noreferrer noopener\">Wunderforschung<\/a> und das Gespr\u00e4chsformat <a href=\"https:\/\/www.lapurla.ch\/news\/rueckblick-rendez-vous-wunderforschung\" target=\"_blank\" rel=\"noreferrer noopener\">Rendez-vous<\/a> dazu.<\/p>\n","protected":false},"excerpt":{"rendered":"<p>Das deutsche \u00abNetzwerk Fr\u00fchkindliche Kulturelle Bildung\u00bb NFKB ist seit seiner Gr\u00fcndung ein wichtiger\u00a0Netzwerkpartner von Lapurla. Im Juni veranstaltet das NFKB eine f\u00fcnft\u00e4gige Veranstaltungsreihe f\u00fcr ihre Netzwerkenden namens \u00abJuni-Tage\u00bb. Im Rahmen der Juni-Tage findet am Dienstag, 4. Juni 2024, von 12 \u2013 13 Uhr online ein Gespr\u00e4ch zur neu lancierten Lapurla-Brosch\u00fcre \u00abFLOW macht Kinder stark\u00bb statt: [&hellip;]<\/p>\n","protected":false},"featured_media":24313,"template":"","meta":{"_acf_changed":false,"latitude":"","longitude":"","kurzbeschreibung":"Zu Tisch mit Karin Kraus und Astrid Lembcke-Thiel! Men\u00fc: WunderFlow \u00abVon der Relevanz \u00e4sthetischer Erfahrungen im Kontext diverser Alltagsrealit\u00e4ten\u00bb. Netzwerkende k\u00f6nnen sich mit Karin und Astrid an den virtuellen Tisch setzen und herausfinden wie wir Flow und Wunder im Alltag Raum geben. ","datum_von":"2024-06-04 12:00:00","footnotes":""},"kanton":[142,144],"event_category":[146],"class_list":["post-24398","event","type-event","status-publish","has-post-thumbnail","hentry","kanton-deutschland-it","kanton-national-it","event_category-anlass-it"],"acf":[],"yoast_head":"<!-- This site is optimized with the Yoast SEO plugin v27.2 - https:\/\/yoast.com\/product\/yoast-seo-wordpress\/ -->\n<title>WunderFlow &#8211; Lapurla<\/title>\n<meta name=\"robots\" content=\"index, follow, max-snippet:-1, max-image-preview:large, max-video-preview:-1\" \/>\n<link rel=\"canonical\" href=\"https:\/\/www.lapurla.ch\/it\/event\/wunderflow\" \/>\n<meta property=\"og:locale\" content=\"it_IT\" \/>\n<meta property=\"og:type\" content=\"article\" \/>\n<meta property=\"og:title\" content=\"WunderFlow &#8211; Lapurla\" \/>\n<meta property=\"og:description\" content=\"Das deutsche \u00abNetzwerk Fr\u00fchkindliche Kulturelle Bildung\u00bb NFKB ist seit seiner Gr\u00fcndung ein wichtiger\u00a0Netzwerkpartner von Lapurla. Im Juni veranstaltet das NFKB eine f\u00fcnft\u00e4gige Veranstaltungsreihe f\u00fcr ihre Netzwerkenden namens \u00abJuni-Tage\u00bb. Im Rahmen der Juni-Tage findet am Dienstag, 4. Juni 2024, von 12 \u2013 13 Uhr online ein Gespr\u00e4ch zur neu lancierten Lapurla-Brosch\u00fcre \u00abFLOW macht Kinder stark\u00bb statt: [&hellip;]\" \/>\n<meta property=\"og:url\" content=\"https:\/\/www.lapurla.ch\/it\/event\/wunderflow\" \/>\n<meta property=\"og:site_name\" content=\"Lapurla\" \/>\n<meta name=\"twitter:card\" content=\"summary_large_image\" \/>\n<meta name=\"twitter:label1\" content=\"Tempo di lettura stimato\" \/>\n\t<meta name=\"twitter:data1\" content=\"1 minuto\" \/>\n<script type=\"application\/ld+json\" class=\"yoast-schema-graph\">{\"@context\":\"https:\/\/schema.org\",\"@graph\":[{\"@type\":\"WebPage\",\"@id\":\"https:\/\/www.lapurla.ch\/it\/event\/wunderflow\",\"url\":\"https:\/\/www.lapurla.ch\/it\/event\/wunderflow\",\"name\":\"WunderFlow &#8211; Lapurla\",\"isPartOf\":{\"@id\":\"https:\/\/www.lapurla.ch\/#website\"},\"primaryImageOfPage\":{\"@id\":\"https:\/\/www.lapurla.ch\/it\/event\/wunderflow#primaryimage\"},\"image\":{\"@id\":\"https:\/\/www.lapurla.ch\/it\/event\/wunderflow#primaryimage\"},\"thumbnailUrl\":\"https:\/\/www.lapurla.ch\/wp-content\/uploads\/2024\/05\/muffinsfarbeundexperimentweb-1.jpg\",\"datePublished\":\"2024-05-23T06:35:00+00:00\",\"breadcrumb\":{\"@id\":\"https:\/\/www.lapurla.ch\/it\/event\/wunderflow#breadcrumb\"},\"inLanguage\":\"it-IT\",\"potentialAction\":[{\"@type\":\"ReadAction\",\"target\":[\"https:\/\/www.lapurla.ch\/it\/event\/wunderflow\"]}]},{\"@type\":\"ImageObject\",\"inLanguage\":\"it-IT\",\"@id\":\"https:\/\/www.lapurla.ch\/it\/event\/wunderflow#primaryimage\",\"url\":\"https:\/\/www.lapurla.ch\/wp-content\/uploads\/2024\/05\/muffinsfarbeundexperimentweb-1.jpg\",\"contentUrl\":\"https:\/\/www.lapurla.ch\/wp-content\/uploads\/2024\/05\/muffinsfarbeundexperimentweb-1.jpg\",\"width\":1920,\"height\":1080},{\"@type\":\"BreadcrumbList\",\"@id\":\"https:\/\/www.lapurla.ch\/it\/event\/wunderflow#breadcrumb\",\"itemListElement\":[{\"@type\":\"ListItem\",\"position\":1,\"name\":\"Startseite\",\"item\":\"https:\/\/www.lapurla.ch\/it\"},{\"@type\":\"ListItem\",\"position\":2,\"name\":\"Events\",\"item\":\"https:\/\/www.lapurla.ch\/event\"},{\"@type\":\"ListItem\",\"position\":3,\"name\":\"WunderFlow\"}]},{\"@type\":\"WebSite\",\"@id\":\"https:\/\/www.lapurla.ch\/#website\",\"url\":\"https:\/\/www.lapurla.ch\/\",\"name\":\"Lapurla\",\"description\":\"\",\"publisher\":{\"@id\":\"https:\/\/www.lapurla.ch\/#organization\"},\"potentialAction\":[{\"@type\":\"SearchAction\",\"target\":{\"@type\":\"EntryPoint\",\"urlTemplate\":\"https:\/\/www.lapurla.ch\/?s={search_term_string}\"},\"query-input\":{\"@type\":\"PropertyValueSpecification\",\"valueRequired\":true,\"valueName\":\"search_term_string\"}}],\"inLanguage\":\"it-IT\"},{\"@type\":\"Organization\",\"@id\":\"https:\/\/www.lapurla.ch\/#organization\",\"name\":\"Lapurla\",\"url\":\"https:\/\/www.lapurla.ch\/\",\"logo\":{\"@type\":\"ImageObject\",\"inLanguage\":\"it-IT\",\"@id\":\"https:\/\/www.lapurla.ch\/#\/schema\/logo\/image\/\",\"url\":\"https:\/\/www.lapurla.ch\/wp-content\/uploads\/2022\/03\/cropped-favicon.png\",\"contentUrl\":\"https:\/\/www.lapurla.ch\/wp-content\/uploads\/2022\/03\/cropped-favicon.png\",\"width\":512,\"height\":512,\"caption\":\"Lapurla\"},\"image\":{\"@id\":\"https:\/\/www.lapurla.ch\/#\/schema\/logo\/image\/\"}}]}<\/script>\n<!-- \/ Yoast SEO plugin. -->","yoast_head_json":{"title":"WunderFlow &#8211; Lapurla","robots":{"index":"index","follow":"follow","max-snippet":"max-snippet:-1","max-image-preview":"max-image-preview:large","max-video-preview":"max-video-preview:-1"},"canonical":"https:\/\/www.lapurla.ch\/it\/event\/wunderflow","og_locale":"it_IT","og_type":"article","og_title":"WunderFlow &#8211; Lapurla","og_description":"Das deutsche \u00abNetzwerk Fr\u00fchkindliche Kulturelle Bildung\u00bb NFKB ist seit seiner Gr\u00fcndung ein wichtiger\u00a0Netzwerkpartner von Lapurla. Im Juni veranstaltet das NFKB eine f\u00fcnft\u00e4gige Veranstaltungsreihe f\u00fcr ihre Netzwerkenden namens \u00abJuni-Tage\u00bb. Im Rahmen der Juni-Tage findet am Dienstag, 4. Juni 2024, von 12 \u2013 13 Uhr online ein Gespr\u00e4ch zur neu lancierten Lapurla-Brosch\u00fcre \u00abFLOW macht Kinder stark\u00bb statt: [&hellip;]","og_url":"https:\/\/www.lapurla.ch\/it\/event\/wunderflow","og_site_name":"Lapurla","twitter_card":"summary_large_image","twitter_misc":{"Tempo di lettura stimato":"1 minuto"},"schema":{"@context":"https:\/\/schema.org","@graph":[{"@type":"WebPage","@id":"https:\/\/www.lapurla.ch\/it\/event\/wunderflow","url":"https:\/\/www.lapurla.ch\/it\/event\/wunderflow","name":"WunderFlow &#8211; Lapurla","isPartOf":{"@id":"https:\/\/www.lapurla.ch\/#website"},"primaryImageOfPage":{"@id":"https:\/\/www.lapurla.ch\/it\/event\/wunderflow#primaryimage"},"image":{"@id":"https:\/\/www.lapurla.ch\/it\/event\/wunderflow#primaryimage"},"thumbnailUrl":"https:\/\/www.lapurla.ch\/wp-content\/uploads\/2024\/05\/muffinsfarbeundexperimentweb-1.jpg","datePublished":"2024-05-23T06:35:00+00:00","breadcrumb":{"@id":"https:\/\/www.lapurla.ch\/it\/event\/wunderflow#breadcrumb"},"inLanguage":"it-IT","potentialAction":[{"@type":"ReadAction","target":["https:\/\/www.lapurla.ch\/it\/event\/wunderflow"]}]},{"@type":"ImageObject","inLanguage":"it-IT","@id":"https:\/\/www.lapurla.ch\/it\/event\/wunderflow#primaryimage","url":"https:\/\/www.lapurla.ch\/wp-content\/uploads\/2024\/05\/muffinsfarbeundexperimentweb-1.jpg","contentUrl":"https:\/\/www.lapurla.ch\/wp-content\/uploads\/2024\/05\/muffinsfarbeundexperimentweb-1.jpg","width":1920,"height":1080},{"@type":"BreadcrumbList","@id":"https:\/\/www.lapurla.ch\/it\/event\/wunderflow#breadcrumb","itemListElement":[{"@type":"ListItem","position":1,"name":"Startseite","item":"https:\/\/www.lapurla.ch\/it"},{"@type":"ListItem","position":2,"name":"Events","item":"https:\/\/www.lapurla.ch\/event"},{"@type":"ListItem","position":3,"name":"WunderFlow"}]},{"@type":"WebSite","@id":"https:\/\/www.lapurla.ch\/#website","url":"https:\/\/www.lapurla.ch\/","name":"Lapurla","description":"","publisher":{"@id":"https:\/\/www.lapurla.ch\/#organization"},"potentialAction":[{"@type":"SearchAction","target":{"@type":"EntryPoint","urlTemplate":"https:\/\/www.lapurla.ch\/?s={search_term_string}"},"query-input":{"@type":"PropertyValueSpecification","valueRequired":true,"valueName":"search_term_string"}}],"inLanguage":"it-IT"},{"@type":"Organization","@id":"https:\/\/www.lapurla.ch\/#organization","name":"Lapurla","url":"https:\/\/www.lapurla.ch\/","logo":{"@type":"ImageObject","inLanguage":"it-IT","@id":"https:\/\/www.lapurla.ch\/#\/schema\/logo\/image\/","url":"https:\/\/www.lapurla.ch\/wp-content\/uploads\/2022\/03\/cropped-favicon.png","contentUrl":"https:\/\/www.lapurla.ch\/wp-content\/uploads\/2022\/03\/cropped-favicon.png","width":512,"height":512,"caption":"Lapurla"},"image":{"@id":"https:\/\/www.lapurla.ch\/#\/schema\/logo\/image\/"}}]}},"datum":"marted\u00ec, 4. giugno 2024 | 12:00     ","_links":{"self":[{"href":"https:\/\/www.lapurla.ch\/it\/wp-json\/wp\/v2\/event\/24398","targetHints":{"allow":["GET"]}}],"collection":[{"href":"https:\/\/www.lapurla.ch\/it\/wp-json\/wp\/v2\/event"}],"about":[{"href":"https:\/\/www.lapurla.ch\/it\/wp-json\/wp\/v2\/types\/event"}],"version-history":[{"count":0,"href":"https:\/\/www.lapurla.ch\/it\/wp-json\/wp\/v2\/event\/24398\/revisions"}],"wp:featuredmedia":[{"embeddable":true,"href":"https:\/\/www.lapurla.ch\/it\/wp-json\/wp\/v2\/media\/24313"}],"wp:attachment":[{"href":"https:\/\/www.lapurla.ch\/it\/wp-json\/wp\/v2\/media?parent=24398"}],"wp:term":[{"taxonomy":"kanton","embeddable":true,"href":"https:\/\/www.lapurla.ch\/it\/wp-json\/wp\/v2\/kanton?post=24398"},{"taxonomy":"event_category","embeddable":true,"href":"https:\/\/www.lapurla.ch\/it\/wp-json\/wp\/v2\/event_category?post=24398"}],"curies":[{"name":"wp","href":"https:\/\/api.w.org\/{rel}","templated":true}]}}