{"version":"1.0","provider_name":"Lapurla","provider_url":"https:\/\/www.lapurla.ch\/it","author_name":"Karin Kraus","author_url":"https:\/\/www.lapurla.ch\/it\/author\/kkraus","title":"Les b\u00e9b\u00e9s au mus\u00e9e : pourquoi ? comment ? (2022) &#8211; Lapurla","type":"rich","width":600,"height":338,"html":"<blockquote class=\"wp-embedded-content\" data-secret=\"R5nwNYAynh\"><a href=\"https:\/\/www.lapurla.ch\/it\/les-bebes-au-musee-pourquoi-comment\">Les b\u00e9b\u00e9s au mus\u00e9e : pourquoi ? comment ? (2022)<\/a><\/blockquote><iframe sandbox=\"allow-scripts\" security=\"restricted\" src=\"https:\/\/www.lapurla.ch\/it\/les-bebes-au-musee-pourquoi-comment\/embed#?secret=R5nwNYAynh\" width=\"600\" height=\"338\" title=\"&#8220;Les b\u00e9b\u00e9s au mus\u00e9e : pourquoi ? comment ? (2022)&#8221; &#8212; Lapurla\" data-secret=\"R5nwNYAynh\" frameborder=\"0\" marginwidth=\"0\" marginheight=\"0\" scrolling=\"no\" class=\"wp-embedded-content\"><\/iframe><script type=\"text\/javascript\">\n\/* <![CDATA[ *\/\n\/*! This file is auto-generated *\/\n!function(d,l){\"use strict\";l.querySelector&&d.addEventListener&&\"undefined\"!=typeof URL&&(d.wp=d.wp||{},d.wp.receiveEmbedMessage||(d.wp.receiveEmbedMessage=function(e){var t=e.data;if((t||t.secret||t.message||t.value)&&!\/[^a-zA-Z0-9]\/.test(t.secret)){for(var s,r,n,a=l.querySelectorAll('iframe[data-secret=\"'+t.secret+'\"]'),o=l.querySelectorAll('blockquote[data-secret=\"'+t.secret+'\"]'),c=new RegExp(\"^https?:$\",\"i\"),i=0;i<o.length;i++)o[i].style.display=\"none\";for(i=0;i<a.length;i++)s=a[i],e.source===s.contentWindow&&(s.removeAttribute(\"style\"),\"height\"===t.message?(1e3<(r=parseInt(t.value,10))?r=1e3:~~r<200&&(r=200),s.height=r):\"link\"===t.message&&(r=new URL(s.getAttribute(\"src\")),n=new URL(t.value),c.test(n.protocol))&&n.host===r.host&&l.activeElement===s&&(d.top.location.href=t.value))}},d.addEventListener(\"message\",d.wp.receiveEmbedMessage,!1),l.addEventListener(\"DOMContentLoaded\",function(){for(var e,t,s=l.querySelectorAll(\"iframe.wp-embedded-content\"),r=0;r<s.length;r++)(t=(e=s[r]).getAttribute(\"data-secret\"))||(t=Math.random().toString(36).substring(2,12),e.src+=\"#?secret=\"+t,e.setAttribute(\"data-secret\",t)),e.contentWindow.postMessage({message:\"ready\",secret:t},\"*\")},!1)))}(window,document);\n\/\/# sourceURL=https:\/\/www.lapurla.ch\/wp-includes\/js\/wp-embed.min.js\n\/* ]]> *\/\n<\/script>\n","thumbnail_url":"https:\/\/www.lapurla.ch\/wp-content\/uploads\/2023\/03\/Bebes-au-musee.png","thumbnail_width":1000,"thumbnail_height":563,"description":"Depuis peu les mus\u00e9es ouvrent leurs portes aux tout-petits, \u00e0 leur famille et aux professionnel.le.s qui les accompagnent. Des collaborations se nouent avec les cr\u00e8ches, les artistes. Des exp\u00e9riences in\u00e9dites s\u2019inventent dans les mus\u00e9es et les r\u00e9cents centres culturels d\u00e9di\u00e9s \u00e0 la petite enfance, mais aussi hors les murs, dans les quartiers, \u00e0 l\u2019h\u00f4pital. L&#8217;ouvrage\u00a0Les [&hellip;]"}