{"id":11338,"date":"2022-06-30T20:09:02","date_gmt":"2022-06-30T18:09:02","guid":{"rendered":"https:\/\/lapurla.ch\/project\/pling-plong-meuh-interaktiver-klanggarten\/"},"modified":"2025-04-01T18:04:32","modified_gmt":"2025-04-01T16:04:32","slug":"pling-plong-meuh-interaktiver-klanggarten","status":"publish","type":"project","link":"https:\/\/www.lapurla.ch\/fr\/project\/pling-plong-meuh-interaktiver-klanggarten","title":{"rendered":"Pling Plong Meuh"},"content":{"rendered":"\n<div id=\"lead-text-block_8599c53a70dc356008611dd3a45a3c76\" class=\"mod-lead-text\">\n\t        <div class=\"row\">\n            <div class=\"col-12\">\n\t\t\t\t<h1 class=\"title\">Une exp\u00e9rience sonore<\/h1>                <div class=\"lead-text\">\n\t\t\t\t\t<p>Pling Plong Meuh est un projet des productions Hors Cases, en collaboration avec le p\u00f4le culturel La Bavette et la Cr\u00e8che-garderie La Tonkinelle de Monthey. Une exp\u00e9rience sonore est propos\u00e9e \u00e0 des enfants de 1 \u00e0 4 ans.<\/p>\n                <\/div>\n            <\/div>\n        <\/div>\n\t<\/div>\n\n\n<figure class=\"wp-block-image size-full is-resized\"><img loading=\"lazy\" decoding=\"async\" width=\"948\" height=\"812\" src=\"https:\/\/lapurla.ch\/wp-content\/uploads\/2022\/06\/LapurlaPling-PlongMeuh2021.png\" alt=\"\" class=\"wp-image-3304\" style=\"width:841px;height:720px\" srcset=\"https:\/\/www.lapurla.ch\/wp-content\/uploads\/2022\/06\/LapurlaPling-PlongMeuh2021.png 948w, https:\/\/www.lapurla.ch\/wp-content\/uploads\/2022\/06\/LapurlaPling-PlongMeuh2021-300x257.png 300w, https:\/\/www.lapurla.ch\/wp-content\/uploads\/2022\/06\/LapurlaPling-PlongMeuh2021-768x658.png 768w\" sizes=\"auto, (max-width: 948px) 100vw, 948px\" \/><\/figure>\n\n\n\n<p>Le projet interroge l&rsquo;\u00e9coute des enfants. Il cherche \u00e0 cr\u00e9er un terrain propice \u00e0 la d\u00e9couverte par les oreilles en partant de sons familiers, animaliers pour les tordre et aller vers quelque chose de surprenant. Les d\u00e9couvertes aupr\u00e8s des groupes choisis se d\u00e9roulent en juin 2021. Au terme de l\u2019exp\u00e9rience, l\u2019\u00e9quipe artistique veillera \u00e0 laisser des \u00ab traces \u00bb sonores sur les lieux.<\/p>\n\n\n\n<hr class=\"wp-block-separator has-alpha-channel-opacity\"\/>\n\n\n\n<h1 class=\"wp-block-heading\">Portrait<\/h1>\n\n\n\n<div id=\"infobox-block_26d8889ae548dd913cae2c95d5603272\" class=\"mod-infobox\">\n\t        <div class=\"row\">\n            <div class=\"col-12\">\n                <div class=\"info-container\">\n                    <h2>Pling Plong Meuh<\/h2>\n                    <div class=\"row\">\n                        <div class=\"col-12 col-lg-6\">\n\t\t\t\t\t\t\t<div class=\"two-columns__left\">\n<div class=\"rich-text\">\n<h2 class=\"rich-text__title\">Partenaires du projet<\/h2>\n<div class=\"rich-text__text\">\n<p><a href=\"http:\/\/labavette.ch\"><span dir=\"ltr\" role=\"presentation\">La Bavette<\/span><\/a><br \/>\n<span dir=\"ltr\" role=\"presentation\">Quai de la Vi\u00e8ze 4<br \/>\n<\/span><span dir=\"ltr\" role=\"presentation\">CP 1169<\/span><br \/>\n<span dir=\"ltr\" role=\"presentation\">1870 Monthey<\/span><\/p>\n<p><a href=\"https:\/\/www.monthey.ch\/tonkinelle\"><span dir=\"ltr\" role=\"presentation\">La garderie<\/span> <span dir=\"ltr\" role=\"presentation\">L<\/span><span dir=\"ltr\" role=\"presentation\">a<\/span> <span dir=\"ltr\" role=\"presentation\">Tonkinelle <\/span><\/a><br \/>\n<span dir=\"ltr\" role=\"presentation\">l&rsquo;avenue de la Gare 58<\/span><br \/>\n<span dir=\"ltr\" role=\"presentation\">1870 Monthey<\/span><\/p>\n<\/div>\n<\/div>\n<div class=\"rich-text\">\n<h2 class=\"rich-text__title\">Participant-e-s<\/h2>\n<p><strong><span dir=\"ltr\" role=\"presentation\">\u00c9quipe<\/span> <span dir=\"ltr\" role=\"presentation\">artistique<\/span> <span dir=\"ltr\" role=\"presentation\">: <\/span><\/strong><span dir=\"ltr\" role=\"presentation\">\u00c9milie<\/span> <span dir=\"ltr\" role=\"presentation\">Bender<\/span><span dir=\"ltr\" role=\"presentation\">, com\u00e9dienne et marionnettiste; <\/span><span dir=\"ltr\" role=\"presentation\">G\u00e9rald Wang<\/span><span dir=\"ltr\" role=\"presentation\">, cr\u00e9ateur son<\/span><\/p>\n<p><strong><span dir=\"ltr\" role=\"presentation\">\u00c9quipe<\/span> <span dir=\"ltr\" role=\"presentation\">La Bavette<\/span> <\/strong><span dir=\"ltr\" role=\"presentation\"><strong>:<\/strong> <\/span><span dir=\"ltr\" role=\"presentation\">Catherine Breu, m\u00e9diatrice culturelle et directrice de La Bavette, <\/span><span dir=\"ltr\" role=\"presentation\">Lucie Berra,<\/span> <span dir=\"ltr\" role=\"presentation\">communication<\/span><\/p>\n<p><strong><span dir=\"ltr\" role=\"presentation\">\u00c9quipe<\/span> <span dir=\"ltr\" role=\"presentation\">de la garderie<\/span> <span dir=\"ltr\" role=\"presentation\">:<\/span><\/strong><br role=\"presentation\" \/><span dir=\"ltr\" role=\"presentation\">St\u00e9phanie Revaz Martignoni<\/span><span dir=\"ltr\" role=\"presentation\">,<\/span> <span dir=\"ltr\" role=\"presentation\">responsable p\u00e9dagogique \u00e0 la Tonkinelle <\/span><span dir=\"ltr\" role=\"presentation\">e<\/span><span dir=\"ltr\" role=\"presentation\">t les \u00e9ducatrices accomp<\/span><span dir=\"ltr\" role=\"presentation\">a<\/span><span dir=\"ltr\" role=\"presentation\">gnantes (1<\/span><span dir=\"ltr\" role=\"presentation\">&#8211;<\/span><span dir=\"ltr\" role=\"presentation\">2<\/span> <span dir=\"ltr\" role=\"presentation\">responsable<\/span><span dir=\"ltr\" role=\"presentation\">\u00b7s<\/span> <span dir=\"ltr\" role=\"presentation\">par groupe)<\/span><\/p>\n<\/div>\n<div class=\"rich-text\">\n<h2 class=\"rich-text__title\">Promoteurs<\/h2>\n<p>Financ\u00e9 par une contribution d&rsquo;impulsion de l&rsquo;initiative Lapurla (2021).<\/p>\n<\/div>\n<\/div>\n                        <\/div>\n                        <div class=\"col-12 col-lg-6\">\n\t\t\t\t\t\t\t<div class=\"rich-text\">\n<div class=\"rich-text__text\">\n<h2 class=\"rich-text__title\">Partenaires du projet<\/h2>\n<div class=\"rich-text__text\">\n<p><span dir=\"ltr\" role=\"presentation\">Catherine Breu<\/span><br \/>\nDirectrice La Bavette<br \/>\n<a href=\"catherine.breu@labavette.ch\"><span dir=\"ltr\" role=\"presentation\">catherine.breu@labavette.ch<\/span><\/a><\/p>\n<p><span dir=\"ltr\" role=\"presentation\">St\u00e9phanie Revaz Martignoni<br \/>\nR<\/span><span dir=\"ltr\" role=\"presentation\">esponsable p\u00e9dagogique \u00e0 la Tonkinelle<br \/>\n<a href=\"service.enfance@monthey.ch\">service.enfance@monthey.ch<\/a><br \/>\n<\/span><\/p>\n<\/div>\n<\/div>\n<\/div>\n<div class=\"rich-text\">\n<div class=\"rich-text__text\">\n<h2 class=\"rich-text__title\">Dur\u00e9e<\/h2>\n<\/div>\n<\/div>\n<div class=\"rich-text\">\n<div class=\"rich-text__text\">\n<p>Juin 2021<\/p>\n<\/div>\n<\/div>\n<div class=\"rich-text\">\n<h2 class=\"rich-text__title\">En savoir plus<\/h2>\n<div class=\"rich-text__text\">\n<p><a href=\"https:\/\/lapurla.ch\/wp-content\/uploads\/2022\/06\/ProjetPiloteLapurlaJardinSonoreLaBavetteHorsCasesVIlleMonthey-1.pdf\" target=\"_blank\" rel=\"noreferrer noopener\" data-rich-text-format-boundary=\"true\">Konzeptuelle Wegbeschreibung<\/a><\/p>\n<\/div>\n<\/div>\n                        <\/div>\n                    <\/div>\n                <\/div>\n            <\/div>\n        <\/div>\n\t<\/div>\n","protected":false},"excerpt":{"rendered":"<p>Le projet interroge l&rsquo;\u00e9coute des enfants. Il cherche \u00e0 cr\u00e9er un terrain propice \u00e0 la d\u00e9couverte par les oreilles en partant de sons familiers, animaliers pour les tordre et aller vers quelque chose de surprenant. Les d\u00e9couvertes aupr\u00e8s des groupes choisis se d\u00e9roulent en juin 2021. Au terme de l\u2019exp\u00e9rience, l\u2019\u00e9quipe artistique veillera \u00e0 laisser [&hellip;]<\/p>\n","protected":false},"featured_media":3305,"template":"","meta":{"_acf_changed":false,"latitude":"46.2500138","longitude":"6.9491994","kurzbeschreibung":"Le projet interroge l'\u00e9coute des enfants. Il cherche \u00e0 cr\u00e9er un terrain propice \u00e0 la d\u00e9couverte par les oreilles en partant de sons familiers, animaliers pour les tordre et aller vers quelque chose de surprenant. ","datum_von":"","footnotes":""},"kanton":[131,86],"project_category":[148],"project_serie":[215],"class_list":["post-11338","project","type-project","status-publish","has-post-thumbnail","hentry","kanton-wallis-fr","kanton-national","project_category-modellprojekte-kinder-zur-kunst-fr","project_serie-pilotphase-2018-21"],"acf":[],"yoast_head":"<!-- This site is optimized with the Yoast SEO plugin v27.2 - https:\/\/yoast.com\/product\/yoast-seo-wordpress\/ -->\n<title>Pling Plong Meuh &#8211; Lapurla<\/title>\n<meta name=\"robots\" content=\"index, follow, max-snippet:-1, max-image-preview:large, max-video-preview:-1\" \/>\n<link rel=\"canonical\" href=\"https:\/\/www.lapurla.ch\/fr\/project\/pling-plong-meuh-interaktiver-klanggarten\" \/>\n<meta property=\"og:locale\" content=\"fr_FR\" \/>\n<meta property=\"og:type\" content=\"article\" \/>\n<meta property=\"og:title\" content=\"Pling Plong Meuh &#8211; Lapurla\" \/>\n<meta property=\"og:description\" content=\"Le projet interroge l&rsquo;\u00e9coute des enfants. Il cherche \u00e0 cr\u00e9er un terrain propice \u00e0 la d\u00e9couverte par les oreilles en partant de sons familiers, animaliers pour les tordre et aller vers quelque chose de surprenant. Les d\u00e9couvertes aupr\u00e8s des groupes choisis se d\u00e9roulent en juin 2021. Au terme de l\u2019exp\u00e9rience, l\u2019\u00e9quipe artistique veillera \u00e0 laisser [&hellip;]\" \/>\n<meta property=\"og:url\" content=\"https:\/\/www.lapurla.ch\/fr\/project\/pling-plong-meuh-interaktiver-klanggarten\" \/>\n<meta property=\"og:site_name\" content=\"Lapurla\" \/>\n<meta property=\"article:modified_time\" content=\"2025-04-01T16:04:32+00:00\" \/>\n<meta property=\"og:image\" content=\"https:\/\/www.lapurla.ch\/wp-content\/uploads\/2022\/06\/LapurlaPling-PlongMeuh2021.png\" \/>\n\t<meta property=\"og:image:width\" content=\"948\" \/>\n\t<meta property=\"og:image:height\" content=\"812\" \/>\n\t<meta property=\"og:image:type\" content=\"image\/png\" \/>\n<meta name=\"twitter:card\" content=\"summary_large_image\" \/>\n<meta name=\"twitter:label1\" content=\"Dur\u00e9e de lecture estim\u00e9e\" \/>\n\t<meta name=\"twitter:data1\" content=\"1 minute\" \/>\n<script type=\"application\/ld+json\" class=\"yoast-schema-graph\">{\"@context\":\"https:\/\/schema.org\",\"@graph\":[{\"@type\":\"WebPage\",\"@id\":\"https:\/\/www.lapurla.ch\/fr\/project\/pling-plong-meuh-interaktiver-klanggarten\",\"url\":\"https:\/\/www.lapurla.ch\/fr\/project\/pling-plong-meuh-interaktiver-klanggarten\",\"name\":\"Pling Plong Meuh &#8211; Lapurla\",\"isPartOf\":{\"@id\":\"https:\/\/www.lapurla.ch\/#website\"},\"primaryImageOfPage\":{\"@id\":\"https:\/\/www.lapurla.ch\/fr\/project\/pling-plong-meuh-interaktiver-klanggarten#primaryimage\"},\"image\":{\"@id\":\"https:\/\/www.lapurla.ch\/fr\/project\/pling-plong-meuh-interaktiver-klanggarten#primaryimage\"},\"thumbnailUrl\":\"https:\/\/www.lapurla.ch\/wp-content\/uploads\/2022\/06\/LapurlaPling-PlongMeuh2021.png\",\"datePublished\":\"2022-06-30T18:09:02+00:00\",\"dateModified\":\"2025-04-01T16:04:32+00:00\",\"breadcrumb\":{\"@id\":\"https:\/\/www.lapurla.ch\/fr\/project\/pling-plong-meuh-interaktiver-klanggarten#breadcrumb\"},\"inLanguage\":\"fr-FR\",\"potentialAction\":[{\"@type\":\"ReadAction\",\"target\":[\"https:\/\/www.lapurla.ch\/fr\/project\/pling-plong-meuh-interaktiver-klanggarten\"]}]},{\"@type\":\"ImageObject\",\"inLanguage\":\"fr-FR\",\"@id\":\"https:\/\/www.lapurla.ch\/fr\/project\/pling-plong-meuh-interaktiver-klanggarten#primaryimage\",\"url\":\"https:\/\/www.lapurla.ch\/wp-content\/uploads\/2022\/06\/LapurlaPling-PlongMeuh2021.png\",\"contentUrl\":\"https:\/\/www.lapurla.ch\/wp-content\/uploads\/2022\/06\/LapurlaPling-PlongMeuh2021.png\",\"width\":948,\"height\":812},{\"@type\":\"BreadcrumbList\",\"@id\":\"https:\/\/www.lapurla.ch\/fr\/project\/pling-plong-meuh-interaktiver-klanggarten#breadcrumb\",\"itemListElement\":[{\"@type\":\"ListItem\",\"position\":1,\"name\":\"Startseite\",\"item\":\"https:\/\/www.lapurla.ch\/fr\"},{\"@type\":\"ListItem\",\"position\":2,\"name\":\"Projekte\",\"item\":\"https:\/\/www.lapurla.ch\/project\"},{\"@type\":\"ListItem\",\"position\":3,\"name\":\"Pling Plong Meuh\"}]},{\"@type\":\"WebSite\",\"@id\":\"https:\/\/www.lapurla.ch\/#website\",\"url\":\"https:\/\/www.lapurla.ch\/\",\"name\":\"Lapurla\",\"description\":\"\",\"publisher\":{\"@id\":\"https:\/\/www.lapurla.ch\/#organization\"},\"potentialAction\":[{\"@type\":\"SearchAction\",\"target\":{\"@type\":\"EntryPoint\",\"urlTemplate\":\"https:\/\/www.lapurla.ch\/?s={search_term_string}\"},\"query-input\":{\"@type\":\"PropertyValueSpecification\",\"valueRequired\":true,\"valueName\":\"search_term_string\"}}],\"inLanguage\":\"fr-FR\"},{\"@type\":\"Organization\",\"@id\":\"https:\/\/www.lapurla.ch\/#organization\",\"name\":\"Lapurla\",\"url\":\"https:\/\/www.lapurla.ch\/\",\"logo\":{\"@type\":\"ImageObject\",\"inLanguage\":\"fr-FR\",\"@id\":\"https:\/\/www.lapurla.ch\/#\/schema\/logo\/image\/\",\"url\":\"https:\/\/www.lapurla.ch\/wp-content\/uploads\/2022\/03\/cropped-favicon.png\",\"contentUrl\":\"https:\/\/www.lapurla.ch\/wp-content\/uploads\/2022\/03\/cropped-favicon.png\",\"width\":512,\"height\":512,\"caption\":\"Lapurla\"},\"image\":{\"@id\":\"https:\/\/www.lapurla.ch\/#\/schema\/logo\/image\/\"}}]}<\/script>\n<!-- \/ Yoast SEO plugin. -->","yoast_head_json":{"title":"Pling Plong Meuh &#8211; Lapurla","robots":{"index":"index","follow":"follow","max-snippet":"max-snippet:-1","max-image-preview":"max-image-preview:large","max-video-preview":"max-video-preview:-1"},"canonical":"https:\/\/www.lapurla.ch\/fr\/project\/pling-plong-meuh-interaktiver-klanggarten","og_locale":"fr_FR","og_type":"article","og_title":"Pling Plong Meuh &#8211; Lapurla","og_description":"Le projet interroge l&rsquo;\u00e9coute des enfants. Il cherche \u00e0 cr\u00e9er un terrain propice \u00e0 la d\u00e9couverte par les oreilles en partant de sons familiers, animaliers pour les tordre et aller vers quelque chose de surprenant. Les d\u00e9couvertes aupr\u00e8s des groupes choisis se d\u00e9roulent en juin 2021. Au terme de l\u2019exp\u00e9rience, l\u2019\u00e9quipe artistique veillera \u00e0 laisser [&hellip;]","og_url":"https:\/\/www.lapurla.ch\/fr\/project\/pling-plong-meuh-interaktiver-klanggarten","og_site_name":"Lapurla","article_modified_time":"2025-04-01T16:04:32+00:00","og_image":[{"width":948,"height":812,"url":"https:\/\/www.lapurla.ch\/wp-content\/uploads\/2022\/06\/LapurlaPling-PlongMeuh2021.png","type":"image\/png"}],"twitter_card":"summary_large_image","twitter_misc":{"Dur\u00e9e de lecture estim\u00e9e":"1 minute"},"schema":{"@context":"https:\/\/schema.org","@graph":[{"@type":"WebPage","@id":"https:\/\/www.lapurla.ch\/fr\/project\/pling-plong-meuh-interaktiver-klanggarten","url":"https:\/\/www.lapurla.ch\/fr\/project\/pling-plong-meuh-interaktiver-klanggarten","name":"Pling Plong Meuh &#8211; Lapurla","isPartOf":{"@id":"https:\/\/www.lapurla.ch\/#website"},"primaryImageOfPage":{"@id":"https:\/\/www.lapurla.ch\/fr\/project\/pling-plong-meuh-interaktiver-klanggarten#primaryimage"},"image":{"@id":"https:\/\/www.lapurla.ch\/fr\/project\/pling-plong-meuh-interaktiver-klanggarten#primaryimage"},"thumbnailUrl":"https:\/\/www.lapurla.ch\/wp-content\/uploads\/2022\/06\/LapurlaPling-PlongMeuh2021.png","datePublished":"2022-06-30T18:09:02+00:00","dateModified":"2025-04-01T16:04:32+00:00","breadcrumb":{"@id":"https:\/\/www.lapurla.ch\/fr\/project\/pling-plong-meuh-interaktiver-klanggarten#breadcrumb"},"inLanguage":"fr-FR","potentialAction":[{"@type":"ReadAction","target":["https:\/\/www.lapurla.ch\/fr\/project\/pling-plong-meuh-interaktiver-klanggarten"]}]},{"@type":"ImageObject","inLanguage":"fr-FR","@id":"https:\/\/www.lapurla.ch\/fr\/project\/pling-plong-meuh-interaktiver-klanggarten#primaryimage","url":"https:\/\/www.lapurla.ch\/wp-content\/uploads\/2022\/06\/LapurlaPling-PlongMeuh2021.png","contentUrl":"https:\/\/www.lapurla.ch\/wp-content\/uploads\/2022\/06\/LapurlaPling-PlongMeuh2021.png","width":948,"height":812},{"@type":"BreadcrumbList","@id":"https:\/\/www.lapurla.ch\/fr\/project\/pling-plong-meuh-interaktiver-klanggarten#breadcrumb","itemListElement":[{"@type":"ListItem","position":1,"name":"Startseite","item":"https:\/\/www.lapurla.ch\/fr"},{"@type":"ListItem","position":2,"name":"Projekte","item":"https:\/\/www.lapurla.ch\/project"},{"@type":"ListItem","position":3,"name":"Pling Plong Meuh"}]},{"@type":"WebSite","@id":"https:\/\/www.lapurla.ch\/#website","url":"https:\/\/www.lapurla.ch\/","name":"Lapurla","description":"","publisher":{"@id":"https:\/\/www.lapurla.ch\/#organization"},"potentialAction":[{"@type":"SearchAction","target":{"@type":"EntryPoint","urlTemplate":"https:\/\/www.lapurla.ch\/?s={search_term_string}"},"query-input":{"@type":"PropertyValueSpecification","valueRequired":true,"valueName":"search_term_string"}}],"inLanguage":"fr-FR"},{"@type":"Organization","@id":"https:\/\/www.lapurla.ch\/#organization","name":"Lapurla","url":"https:\/\/www.lapurla.ch\/","logo":{"@type":"ImageObject","inLanguage":"fr-FR","@id":"https:\/\/www.lapurla.ch\/#\/schema\/logo\/image\/","url":"https:\/\/www.lapurla.ch\/wp-content\/uploads\/2022\/03\/cropped-favicon.png","contentUrl":"https:\/\/www.lapurla.ch\/wp-content\/uploads\/2022\/03\/cropped-favicon.png","width":512,"height":512,"caption":"Lapurla"},"image":{"@id":"https:\/\/www.lapurla.ch\/#\/schema\/logo\/image\/"}}]}},"datum":"","_links":{"self":[{"href":"https:\/\/www.lapurla.ch\/fr\/wp-json\/wp\/v2\/project\/11338","targetHints":{"allow":["GET"]}}],"collection":[{"href":"https:\/\/www.lapurla.ch\/fr\/wp-json\/wp\/v2\/project"}],"about":[{"href":"https:\/\/www.lapurla.ch\/fr\/wp-json\/wp\/v2\/types\/project"}],"version-history":[{"count":15,"href":"https:\/\/www.lapurla.ch\/fr\/wp-json\/wp\/v2\/project\/11338\/revisions"}],"predecessor-version":[{"id":20756,"href":"https:\/\/www.lapurla.ch\/fr\/wp-json\/wp\/v2\/project\/11338\/revisions\/20756"}],"wp:featuredmedia":[{"embeddable":true,"href":"https:\/\/www.lapurla.ch\/fr\/wp-json\/wp\/v2\/media\/3305"}],"wp:attachment":[{"href":"https:\/\/www.lapurla.ch\/fr\/wp-json\/wp\/v2\/media?parent=11338"}],"wp:term":[{"taxonomy":"kanton","embeddable":true,"href":"https:\/\/www.lapurla.ch\/fr\/wp-json\/wp\/v2\/kanton?post=11338"},{"taxonomy":"project_category","embeddable":true,"href":"https:\/\/www.lapurla.ch\/fr\/wp-json\/wp\/v2\/project_category?post=11338"},{"taxonomy":"project_serie","embeddable":true,"href":"https:\/\/www.lapurla.ch\/fr\/wp-json\/wp\/v2\/project_serie?post=11338"}],"curies":[{"name":"wp","href":"https:\/\/api.w.org\/{rel}","templated":true}]}}