{"id":10329,"date":"2022-06-29T20:53:42","date_gmt":"2022-06-29T18:53:42","guid":{"rendered":"https:\/\/lapurla.ch\/project\/u4-kilira-la-poesie-nourrit-notre-quotidien\/"},"modified":"2025-04-01T18:27:45","modified_gmt":"2025-04-01T16:27:45","slug":"u4-kilira-la-poesie-nourrit-notre-quotidien","status":"publish","type":"project","link":"https:\/\/www.lapurla.ch\/fr\/project\/u4-kilira-la-poesie-nourrit-notre-quotidien","title":{"rendered":"Kilira"},"content":{"rendered":"\n<div id=\"lead-text-block_62bc9d0967ccf\" class=\"mod-lead-text\">\n\t        <div class=\"row\">\n            <div class=\"col-12\">\n\t\t\t\t<h1 class=\"title\">La po\u00e9sie nourrit notre quotidien<\/h1>                <div class=\"lead-text\">\n\t\t\t\t\t<p>Nous partons \u00e0 la p\u00eache aux mots.\u00a0W\u00f6rtli fische m\u00f6chte mir.\u00a0Livres et comptines inspirent nos jeux et nos activit\u00e9s \u00e0 la cr\u00e8che, dans la nature et dans l\u2019espace publique.\u00a0Nous jouons avec les sonorit\u00e9s, les rythmes et les objets qui surgissent de nos rencontres avec les histoires et la r\u00e9alit\u00e9. Bo\u00eetes, lunettes, souliers, chemins, escaliers, chansons\u00a0&#8230; nous permettent d\u2019exp\u00e9rimenter\u00a0avec la voix et le corps. En avant les capitaines Des-Mots, remplissons notre journal de bord !<\/p>\n                <\/div>\n            <\/div>\n        <\/div>\n\t<\/div>\n\n\n<figure class=\"wp-block-image size-large is-style-default\"><img loading=\"lazy\" decoding=\"async\" width=\"1024\" height=\"683\" src=\"https:\/\/lapurla.ch\/wp-content\/uploads\/2022\/06\/LapurlaKilira2019-1024x683.jpg\" alt=\"\" class=\"wp-image-3036\" srcset=\"https:\/\/www.lapurla.ch\/wp-content\/uploads\/2022\/06\/LapurlaKilira2019-1024x683.jpg 1024w, https:\/\/www.lapurla.ch\/wp-content\/uploads\/2022\/06\/LapurlaKilira2019-300x200.jpg 300w, https:\/\/www.lapurla.ch\/wp-content\/uploads\/2022\/06\/LapurlaKilira2019-768x512.jpg 768w, https:\/\/www.lapurla.ch\/wp-content\/uploads\/2022\/06\/LapurlaKilira2019-1536x1024.jpg 1536w, https:\/\/www.lapurla.ch\/wp-content\/uploads\/2022\/06\/LapurlaKilira2019-2048x1365.jpg 2048w\" sizes=\"auto, (max-width: 1024px) 100vw, 1024px\" \/><figcaption>Photo: Kita Gingkjo<\/figcaption><\/figure>\n\n\n\n<hr class=\"wp-block-separator has-alpha-channel-opacity\"\/>\n\n\n\n<blockquote class=\"wp-block-quote is-layout-flow wp-block-quote-is-layout-flow\"><p><q>Mit d\u00e4 Kilira sind mir mit \u00e4m\u00e4n\u00e4 Netz \u00e0 la p\u00eache aux mots gsi.<\/q><\/p><cite>Fran\u00e7ois, 3 Jahre alt<\/cite><\/blockquote>\n\n\n\n<hr class=\"wp-block-separator has-alpha-channel-opacity\"\/>\n\n\n\n<p>Un filet de p\u00eache de 6 m\u00e8tres devient la mascotte de nos rencontres. Cet objet esth\u00e9tique en coton nous rassemble. Il nous accompagne lors de chaque sortie. Il a une force&nbsp;symbolique. \u00c0 l\u2019ext\u00e9rieur, il nous guide et nous relie. En int\u00e9rieur, il d\u00e9limite l\u2019espace&nbsp;pendant les animations.&nbsp;<\/p>\n\n\n\n<blockquote class=\"wp-block-quote is-layout-flow wp-block-quote-is-layout-flow\"><p>Apr\u00e8s les rencontres avec Kilira, Fran\u00e7ois revient toujours tr\u00e8s inspir\u00e9 et nous surprend avec ses premiers jeux de mots.<\/p><cite>Patrick, p\u00e8re de Fran\u00e7ois<\/cite><\/blockquote>\n\n\n\n<p>Une corne de brume r\u00e9sonne comme signal de rassemblement avant chaque d\u00e9part. Les enfants se r\u00e9jouissent de partir en exploration. Des objets oculaires (prismes, loupes, tubes, lunettes) sont utilis\u00e9s. Les enfants nomment ce qu\u2019ils&nbsp;voient. La p\u00eache aux mots a commenc\u00e9. Un appareil photo num\u00e9rique permet aux enfants de faire leur propre reportage. Deux m\u00e9lodies en lien avec les histoires sont m\u00e9moris\u00e9es et chant\u00e9es r\u00e9guli\u00e8rement. Chaque enfant remplit son journal de bord.<\/p>\n\n\n\n<blockquote class=\"wp-block-quote is-layout-flow wp-block-quote-is-layout-flow\"><p>\u00ab<q>Les enfants \u00e9taient non seulement attentifs et captiv\u00e9s, mais ils faisaient aussi partie de Kilira avec tous leurs sens. En exp\u00e9rimentant l\u2019art et la culture d\u00e8s le plus jeune \u00e2ge, je suis convaincue que les enfants emportent avec eux dans leur vie des moments marquants.<\/q>\u00bb<\/p><cite>Madeleine Deckert, Gemeindepr\u00e4sidentin<\/cite><\/blockquote>\n\n\n\n<h2 class=\"wp-block-heading\">L\u2019artiste Anne Bernasconi raconte<\/h2>\n\n\n\n<p>L\u2019ensemble du team Ginkjo s\u2019est engag\u00e9 pour que les \u00e9v\u00e9nements&nbsp;Kilira&nbsp;soient une exp\u00e9rience positive pour tous les enfants.&nbsp;En tant qu\u2019artiste, la cheffe s\u2019est&nbsp;adapt\u00e9e aux valeurs, rythmes et rites de la cr\u00e8che. Les animations culturelles ont eu lieu \u00e0 la cr\u00e8che, \u00e0 la&nbsp;salle communale d\u2019Evilard et dans la nature. Elles ont \u00e9t\u00e9 r\u00e9parties sur les cinq jours de la semaine afin qu\u2019au fil des mois chaque enfants inscrit \u00e0 la cr\u00e8che ait l\u2019occasion de participer&nbsp;aux \u00e9v\u00e9nements po\u00e9tiques. Les enfants et le team ont plong\u00e9 dans les univers litt\u00e9raires que je leur ai propos\u00e9. Ils ont d\u00e9couvert le plaisir des mots. Quel que soit leur \u00e2ge, ils ont particip\u00e9 aux histoires et ont interagi avec leur corps et leur&nbsp;voix au c\u0153ur des mises en&nbsp;sc\u00e8ne. Ils ont exp\u00e9riment\u00e9 avec du mat\u00e9riel sensoriel et d\u00e9couvert des espaces en dehors de&nbsp;l\u2019univers de la cr\u00e8che.<\/p>\n\n\n\n<h2 class=\"wp-block-heading\">La responsable de la cr\u00e8che\u00a0Yasmeen\u00a0Aeschbach\u00a0remercie Anne Bernasconi <\/h2>\n\n\n\n<p>\u00abAu nom de toute l\u2019\u00e9quipe de&nbsp;Ginkjo, je voudrais te remercier pour les bons moments que nous avons pass\u00e9s. Je suis tr\u00e8s honor\u00e9e que tu aies choisi notre cr\u00e8che pour le projet&nbsp;Lapurla. Nous serions ravis de continuer \u00e0 travailler avec toi, car nous pensons que tu sais nous transmettre de bonnes id\u00e9es. Je serais tr\u00e8s heureuse de poursuivre la collaboration avec toi. Merci pour ton engagement, ton temps et ta flexibilit\u00e9. Je me r\u00e9jouis de te revoir bient\u00f4t dans notre magnifique nouvelle cr\u00e8che.\u00bb&nbsp;<\/p>\n\n\n\n<hr class=\"wp-block-separator has-alpha-channel-opacity\"\/>\n\n\n\n<h2 class=\"wp-block-heading\" id=\"Rendevous\">Rendevous \u00abKilira\u00bb<\/h2>\n\n\n\n<p><a href=\"https:\/\/lapurla.ch\/event\/rendez-vous\/\">Programme \u00abRENDEZVOUS\u00bb<\/a><\/p>\n\n\n\n<div id=\"video-block_62bc9d4467cd0\" class=\"mod-video\">\n\t        <div class=\"row\">\n            <div class=\"col-12\">\n                <a href=\"https:\/\/vimeo.com\/584884399\" class=\"js-video-lightbox video-link\">\n                    <figure class=\"video-block\">\n                        <div class=\"poster\">\n\t\t\t\t\t\t\t<div class=\"a-image js-a-image \"><picture class=\"a-image__picture js-a-image__picture\">           <source width=\"1320\" height=\"743\"  media=\"(min-width: 1400px)\" data-srcset=\"https:\/\/www.lapurla.ch\/wp-content\/uploads\/2022\/06\/LapurlaAnlaesseRendezvous-1320x0.png 1x, https:\/\/www.lapurla.ch\/wp-content\/uploads\/2022\/06\/LapurlaAnlaesseRendezvous-2640x0.png 2x\">           <source width=\"1140\" height=\"641\" media=\"(min-width: 1200px)\" data-srcset=\"https:\/\/www.lapurla.ch\/wp-content\/uploads\/2022\/06\/LapurlaAnlaesseRendezvous-1140x0.png 1x, https:\/\/www.lapurla.ch\/wp-content\/uploads\/2022\/06\/LapurlaAnlaesseRendezvous-2280x0.png 2x\">           <source width=\"960\" height=\"540\" media=\"(min-width: 992px)\" data-srcset=\"https:\/\/www.lapurla.ch\/wp-content\/uploads\/2022\/06\/LapurlaAnlaesseRendezvous-960x0.png  1x, https:\/\/www.lapurla.ch\/wp-content\/uploads\/2022\/06\/LapurlaAnlaesseRendezvous-1920x0.png 2x\">           <source width=\"720\" height=\"405\" media=\"(min-width: 768px)\" data-srcset=\"https:\/\/www.lapurla.ch\/wp-content\/uploads\/2022\/06\/LapurlaAnlaesseRendezvous-720x0.png 1x, https:\/\/www.lapurla.ch\/wp-content\/uploads\/2022\/06\/LapurlaAnlaesseRendezvous-1440x0.png 2x\">           <source width=\"540\" height=\"304\" media=\"(min-width: 576px)\" data-srcset=\"https:\/\/www.lapurla.ch\/wp-content\/uploads\/2022\/06\/LapurlaAnlaesseRendezvous-540x0.png 1x, https:\/\/www.lapurla.ch\/wp-content\/uploads\/2022\/06\/LapurlaAnlaesseRendezvous-1080x0.png 2x\">           <img loading=\"lazy\" decoding=\"async\" width=\"540\" height=\"304\"           class=\"a-image__image js-a-image__image lazyload\" src=\"data:image\/gif;base64,R0lGODlhAQABAAAAACH5BAEKAAEALAAAAAABAAEAAAICTAEAOw==\"           data-src=\"https:\/\/www.lapurla.ch\/wp-content\/uploads\/2022\/06\/LapurlaAnlaesseRendezvous-540x0.png\" data-srcset=\"https:\/\/www.lapurla.ch\/wp-content\/uploads\/2022\/06\/LapurlaAnlaesseRendezvous-1080x0.png 2x\" alt=\"\"\/>      <\/picture><\/div>                            <div class=\"icon\">\n\t\t\t\t\t\t\t\t<svg class=\"svg-icon icon-play\" xmlns=\"http:\/\/www.w3.org\/2000\/svg\"><use xmlns:xlink=\"http:\/\/www.w3.org\/1999\/xlink\" xlink:href=\"https:\/\/www.lapurla.ch\/wp-content\/themes\/lapurla\/dist\/icons.svg?f27dc72#play\"><\/use><\/svg>                            <\/div>\n                        <\/div>\n                        <figcaption><\/figcaption>\n                    <\/figure>\n                <\/a>\n            <\/div>\n        <\/div>\n\t<\/div>\n\n\n\n<hr class=\"wp-block-separator has-alpha-channel-opacity\"\/>\n\n\n\n<h2 class=\"wp-block-heading\" id=\"Steckbrief\">Portrait<\/h2>\n\n\n\n<div id=\"infobox-block_62bc9fcb67cd1\" class=\"mod-infobox\">\n\t        <div class=\"row\">\n            <div class=\"col-12\">\n                <div class=\"info-container\">\n                    <h2>Kilira<\/h2>\n                    <div class=\"row\">\n                        <div class=\"col-12 col-lg-6\">\n\t\t\t\t\t\t\t<div class=\"info-box__intro\">\n<h2 class=\"rich-text__title\">Partenaires du projet<\/h2>\n<\/div>\n<div class=\"info-box__two-col\">\n<div class=\"two-columns__left\">\n<div class=\"rich-text\">\n<div class=\"rich-text__text\">\n<p><a href=\"https:\/\/annebernasconi.carbonmade.com\/\">Anne Bernasconi<\/a><br \/>\nMediatrice Culturelle<br \/>\nChemin des Ages 55<br \/>\n2533 Evilard<\/p>\n<p>Zweisprachige Kindertagesst\u00e4tte Ginkjo<br \/>\nChemin des Bourdons 3<br \/>\n2533 Evilard<\/p>\n<\/div>\n<\/div>\n<div class=\"rich-text\">\n<h2 class=\"rich-text__title\">Participant-e-s<\/h2>\n<div class=\"rich-text__text\">\n<ul>\n<li><a href=\"mailto:mettler@evilard.ch\">Nicole Mettler<\/a><\/li>\n<li>Nurse ASE, vice-directrice<\/li>\n<li>Nadja Eichenberger, ASE chef de groupe<\/li>\n<li>A\u00efko Eggenberg, Apprentie ASE, CEFF St-Imier 3\u00e8me\u00a0ann\u00e9e<\/li>\n<li>Sujikka Gunasekaran, Apprentie FaBeK, BFF Bern, 2\u00e8me\u00a0ann\u00e9e<\/li>\n<li>A\u00efcha Mehrez, stagiaire<\/li>\n<\/ul>\n<\/div>\n<\/div>\n<div class=\"rich-text\">\n<h2 class=\"rich-text__title\">Promoteurs<\/h2>\n<div class=\"rich-text__text\">\n<p>Direction de l\u2019instruction publique du canton de Berne, Office de la culture, section Encouragement des activit\u00e9s culturelle<\/p>\n<p>Commune d\u2019Evilard, dicast\u00e8re Social et sant\u00e9 et dicast\u00e8re Formation, culture et sport<\/p>\n<\/div>\n<\/div>\n<div class=\"rich-text\">\n<h2 class=\"rich-text__title\">M\u00e9dias<\/h2>\n<div class=\"rich-text__text\">\n<p>Le journal du Jura, 4.3.2020:\u00a0<a href=\"https:\/\/lapurla.ch\/wp-content\/uploads\/2022\/06\/Journal-du-Jura-04.03.20-.pdf\" target=\"_blank\" rel=\"noopener\">La lecture prend vie<\/a><\/p>\n<p>Bieler Tagblatt, 7.3.2020:\u00a0<a href=\"https:\/\/lapurla.ch\/wp-content\/uploads\/2022\/06\/BielerTagblatt07032020.pdf\" target=\"_blank\" rel=\"noopener\">Spielerisch Kunst und Kultur entdecken<\/a><\/p>\n<p>Canal 3, 4.7.2019:\u00a0Interview\u00a0avec Anne Bernasconi<\/p>\n<\/div>\n<\/div>\n<\/div>\n<\/div>\n                        <\/div>\n                        <div class=\"col-12 col-lg-6\">\n\t\t\t\t\t\t\t<div class=\"rich-text\">\n<h2 class=\"rich-text__title\">Responsable de projet<\/h2>\n<div class=\"rich-text__text\">\n<p><a href=\"https:\/\/annebernasconi.carbonmade.com\/\">Anne Bernasconi,<\/a> Enseignante, musicienne et m\u00e9diatrice culturelle<\/p>\n<p><a href=\"mailto:aeschbach@evilard.ch\">Yasmeen Aeschbach<\/a>, Leiterin Kita Ginkjo<\/p>\n<\/div>\n<\/div>\n<div class=\"rich-text\">\n<h2 class=\"rich-text__title\">Participant-e-s enfants<\/h2>\n<div class=\"rich-text__text\">\n<p>Tous les enfants de la cr\u00e8che, soit 28 enfants entre 9 mois \u00e0 4 ans, 18 filles, 10 gar\u00e7ons:<\/p>\n<ul>\n<li>Juna,\u00a0Juri, Elias, Emile (* 2015)<\/li>\n<li>Charlotte, Sveva, Melodie, Louisa R, Damian, Esther, Emma, Seraina, Flurina, Ellin, Annatina, Mila, Theo (* 2016)<\/li>\n<li>Gustave, Lena, Jan F, Karli, Jan T, Fran\u00e7ois, Maila, Luc (* 2017)<\/li>\n<li>Zo\u00e9 (*2018)Nathalie, Kim (*2019)<\/li>\n<\/ul>\n<\/div>\n<\/div>\n<div class=\"rich-text\">\n<div class=\"rich-text\">\n<h2 class=\"rich-text__title\">Dur\u00e9e<\/h2>\n<div class=\"rich-text__text\">\n<p>Le projet Kilira est planifi\u00e9, r\u00e9alis\u00e9 et \u00e9valu\u00e9 en commun entre ao\u00fbt 2019 et juillet 2020.<\/p>\n<\/div>\n<\/div>\n<div class=\"rich-text\">\n<h2 class=\"rich-text__title\">En savoir plus<\/h2>\n<\/div>\n<\/div>\n<div class=\"rich-text\">\n<div class=\"rich-text__text\">\n<p><a href=\"https:\/\/lapurla.ch\/wp-content\/uploads\/2022\/06\/Approche-conceptuelle.pdf\" target=\"_blank\" rel=\"noopener\">Konzeptuelle Wegbeschreibung\u00a0Kilira<\/a> (PDF)<\/p>\n<p><a href=\"https:\/\/lapurla.ch\/wp-content\/uploads\/2022\/06\/LapurlaPosterKiliraDialogwerkstatt320191118.pdf\" target=\"_blank\" rel=\"noopener\">Projektposter<\/a>\u00a0(PDF, Stand Nov 2019)<\/p>\n<\/div>\n<\/div>\n                        <\/div>\n                    <\/div>\n                <\/div>\n            <\/div>\n        <\/div>\n\t<\/div>\n","protected":false},"excerpt":{"rendered":"<p>Mit d\u00e4 Kilira sind mir mit \u00e4m\u00e4n\u00e4 Netz \u00e0 la p\u00eache aux mots gsi. Fran\u00e7ois, 3 Jahre alt Un filet de p\u00eache de 6 m\u00e8tres devient la mascotte de nos rencontres. Cet objet esth\u00e9tique en coton nous rassemble. Il nous accompagne lors de chaque sortie. Il a une force&nbsp;symbolique. \u00c0 l\u2019ext\u00e9rieur, il nous guide et [&hellip;]<\/p>\n","protected":false},"featured_media":3037,"template":"","meta":{"_acf_changed":false,"latitude":"47.15167445","longitude":"7.238114849707104","kurzbeschreibung":"Nous partons \u00e0 la p\u00eache aux mots. W\u00f6rtli fische m\u00f6chte mir. Livres et comptines inspirent nos jeux et nos activit\u00e9s \u00e0 la cr\u00e8che, dans la nature et dans l\u2019espace publique.","datum_von":"","footnotes":""},"kanton":[105,86],"project_category":[149],"project_serie":[215],"class_list":["post-10329","project","type-project","status-publish","has-post-thumbnail","hentry","kanton-bern-fr","kanton-national","project_category-modellprojekte-kunst-zu-kindern-fr","project_serie-pilotphase-2018-21"],"acf":[],"yoast_head":"<!-- This site is optimized with the Yoast SEO plugin v27.2 - https:\/\/yoast.com\/product\/yoast-seo-wordpress\/ -->\n<title>Kilira &#8211; Lapurla<\/title>\n<meta name=\"robots\" content=\"index, follow, max-snippet:-1, max-image-preview:large, max-video-preview:-1\" \/>\n<link rel=\"canonical\" href=\"https:\/\/www.lapurla.ch\/fr\/project\/u4-kilira-la-poesie-nourrit-notre-quotidien\" \/>\n<meta property=\"og:locale\" content=\"fr_FR\" \/>\n<meta property=\"og:type\" content=\"article\" \/>\n<meta property=\"og:title\" content=\"Kilira &#8211; Lapurla\" \/>\n<meta property=\"og:description\" content=\"Mit d\u00e4 Kilira sind mir mit \u00e4m\u00e4n\u00e4 Netz \u00e0 la p\u00eache aux mots gsi. Fran\u00e7ois, 3 Jahre alt Un filet de p\u00eache de 6 m\u00e8tres devient la mascotte de nos rencontres. Cet objet esth\u00e9tique en coton nous rassemble. Il nous accompagne lors de chaque sortie. Il a une force&nbsp;symbolique. \u00c0 l\u2019ext\u00e9rieur, il nous guide et [&hellip;]\" \/>\n<meta property=\"og:url\" content=\"https:\/\/www.lapurla.ch\/fr\/project\/u4-kilira-la-poesie-nourrit-notre-quotidien\" \/>\n<meta property=\"og:site_name\" content=\"Lapurla\" \/>\n<meta property=\"article:modified_time\" content=\"2025-04-01T16:27:45+00:00\" \/>\n<meta property=\"og:image\" content=\"https:\/\/www.lapurla.ch\/wp-content\/uploads\/2022\/06\/LapurlaKilira2019-scaled.jpg\" \/>\n\t<meta property=\"og:image:width\" content=\"2560\" \/>\n\t<meta property=\"og:image:height\" content=\"1707\" \/>\n\t<meta property=\"og:image:type\" content=\"image\/jpeg\" \/>\n<meta name=\"twitter:card\" content=\"summary_large_image\" \/>\n<meta name=\"twitter:label1\" content=\"Dur\u00e9e de lecture estim\u00e9e\" \/>\n\t<meta name=\"twitter:data1\" content=\"3 minutes\" \/>\n<script type=\"application\/ld+json\" class=\"yoast-schema-graph\">{\"@context\":\"https:\/\/schema.org\",\"@graph\":[{\"@type\":\"WebPage\",\"@id\":\"https:\/\/www.lapurla.ch\/fr\/project\/u4-kilira-la-poesie-nourrit-notre-quotidien\",\"url\":\"https:\/\/www.lapurla.ch\/fr\/project\/u4-kilira-la-poesie-nourrit-notre-quotidien\",\"name\":\"Kilira &#8211; Lapurla\",\"isPartOf\":{\"@id\":\"https:\/\/www.lapurla.ch\/#website\"},\"primaryImageOfPage\":{\"@id\":\"https:\/\/www.lapurla.ch\/fr\/project\/u4-kilira-la-poesie-nourrit-notre-quotidien#primaryimage\"},\"image\":{\"@id\":\"https:\/\/www.lapurla.ch\/fr\/project\/u4-kilira-la-poesie-nourrit-notre-quotidien#primaryimage\"},\"thumbnailUrl\":\"https:\/\/www.lapurla.ch\/wp-content\/uploads\/2022\/06\/LapurlaKilira2019-scaled.jpg\",\"datePublished\":\"2022-06-29T18:53:42+00:00\",\"dateModified\":\"2025-04-01T16:27:45+00:00\",\"breadcrumb\":{\"@id\":\"https:\/\/www.lapurla.ch\/fr\/project\/u4-kilira-la-poesie-nourrit-notre-quotidien#breadcrumb\"},\"inLanguage\":\"fr-FR\",\"potentialAction\":[{\"@type\":\"ReadAction\",\"target\":[\"https:\/\/www.lapurla.ch\/fr\/project\/u4-kilira-la-poesie-nourrit-notre-quotidien\"]}]},{\"@type\":\"ImageObject\",\"inLanguage\":\"fr-FR\",\"@id\":\"https:\/\/www.lapurla.ch\/fr\/project\/u4-kilira-la-poesie-nourrit-notre-quotidien#primaryimage\",\"url\":\"https:\/\/www.lapurla.ch\/wp-content\/uploads\/2022\/06\/LapurlaKilira2019-scaled.jpg\",\"contentUrl\":\"https:\/\/www.lapurla.ch\/wp-content\/uploads\/2022\/06\/LapurlaKilira2019-scaled.jpg\",\"width\":2560,\"height\":1707},{\"@type\":\"BreadcrumbList\",\"@id\":\"https:\/\/www.lapurla.ch\/fr\/project\/u4-kilira-la-poesie-nourrit-notre-quotidien#breadcrumb\",\"itemListElement\":[{\"@type\":\"ListItem\",\"position\":1,\"name\":\"Startseite\",\"item\":\"https:\/\/www.lapurla.ch\/fr\"},{\"@type\":\"ListItem\",\"position\":2,\"name\":\"Projekte\",\"item\":\"https:\/\/www.lapurla.ch\/project\"},{\"@type\":\"ListItem\",\"position\":3,\"name\":\"Kilira\"}]},{\"@type\":\"WebSite\",\"@id\":\"https:\/\/www.lapurla.ch\/#website\",\"url\":\"https:\/\/www.lapurla.ch\/\",\"name\":\"Lapurla\",\"description\":\"\",\"publisher\":{\"@id\":\"https:\/\/www.lapurla.ch\/#organization\"},\"potentialAction\":[{\"@type\":\"SearchAction\",\"target\":{\"@type\":\"EntryPoint\",\"urlTemplate\":\"https:\/\/www.lapurla.ch\/?s={search_term_string}\"},\"query-input\":{\"@type\":\"PropertyValueSpecification\",\"valueRequired\":true,\"valueName\":\"search_term_string\"}}],\"inLanguage\":\"fr-FR\"},{\"@type\":\"Organization\",\"@id\":\"https:\/\/www.lapurla.ch\/#organization\",\"name\":\"Lapurla\",\"url\":\"https:\/\/www.lapurla.ch\/\",\"logo\":{\"@type\":\"ImageObject\",\"inLanguage\":\"fr-FR\",\"@id\":\"https:\/\/www.lapurla.ch\/#\/schema\/logo\/image\/\",\"url\":\"https:\/\/www.lapurla.ch\/wp-content\/uploads\/2022\/03\/cropped-favicon.png\",\"contentUrl\":\"https:\/\/www.lapurla.ch\/wp-content\/uploads\/2022\/03\/cropped-favicon.png\",\"width\":512,\"height\":512,\"caption\":\"Lapurla\"},\"image\":{\"@id\":\"https:\/\/www.lapurla.ch\/#\/schema\/logo\/image\/\"}}]}<\/script>\n<!-- \/ Yoast SEO plugin. -->","yoast_head_json":{"title":"Kilira &#8211; Lapurla","robots":{"index":"index","follow":"follow","max-snippet":"max-snippet:-1","max-image-preview":"max-image-preview:large","max-video-preview":"max-video-preview:-1"},"canonical":"https:\/\/www.lapurla.ch\/fr\/project\/u4-kilira-la-poesie-nourrit-notre-quotidien","og_locale":"fr_FR","og_type":"article","og_title":"Kilira &#8211; Lapurla","og_description":"Mit d\u00e4 Kilira sind mir mit \u00e4m\u00e4n\u00e4 Netz \u00e0 la p\u00eache aux mots gsi. Fran\u00e7ois, 3 Jahre alt Un filet de p\u00eache de 6 m\u00e8tres devient la mascotte de nos rencontres. Cet objet esth\u00e9tique en coton nous rassemble. Il nous accompagne lors de chaque sortie. Il a une force&nbsp;symbolique. \u00c0 l\u2019ext\u00e9rieur, il nous guide et [&hellip;]","og_url":"https:\/\/www.lapurla.ch\/fr\/project\/u4-kilira-la-poesie-nourrit-notre-quotidien","og_site_name":"Lapurla","article_modified_time":"2025-04-01T16:27:45+00:00","og_image":[{"width":2560,"height":1707,"url":"https:\/\/www.lapurla.ch\/wp-content\/uploads\/2022\/06\/LapurlaKilira2019-scaled.jpg","type":"image\/jpeg"}],"twitter_card":"summary_large_image","twitter_misc":{"Dur\u00e9e de lecture estim\u00e9e":"3 minutes"},"schema":{"@context":"https:\/\/schema.org","@graph":[{"@type":"WebPage","@id":"https:\/\/www.lapurla.ch\/fr\/project\/u4-kilira-la-poesie-nourrit-notre-quotidien","url":"https:\/\/www.lapurla.ch\/fr\/project\/u4-kilira-la-poesie-nourrit-notre-quotidien","name":"Kilira &#8211; Lapurla","isPartOf":{"@id":"https:\/\/www.lapurla.ch\/#website"},"primaryImageOfPage":{"@id":"https:\/\/www.lapurla.ch\/fr\/project\/u4-kilira-la-poesie-nourrit-notre-quotidien#primaryimage"},"image":{"@id":"https:\/\/www.lapurla.ch\/fr\/project\/u4-kilira-la-poesie-nourrit-notre-quotidien#primaryimage"},"thumbnailUrl":"https:\/\/www.lapurla.ch\/wp-content\/uploads\/2022\/06\/LapurlaKilira2019-scaled.jpg","datePublished":"2022-06-29T18:53:42+00:00","dateModified":"2025-04-01T16:27:45+00:00","breadcrumb":{"@id":"https:\/\/www.lapurla.ch\/fr\/project\/u4-kilira-la-poesie-nourrit-notre-quotidien#breadcrumb"},"inLanguage":"fr-FR","potentialAction":[{"@type":"ReadAction","target":["https:\/\/www.lapurla.ch\/fr\/project\/u4-kilira-la-poesie-nourrit-notre-quotidien"]}]},{"@type":"ImageObject","inLanguage":"fr-FR","@id":"https:\/\/www.lapurla.ch\/fr\/project\/u4-kilira-la-poesie-nourrit-notre-quotidien#primaryimage","url":"https:\/\/www.lapurla.ch\/wp-content\/uploads\/2022\/06\/LapurlaKilira2019-scaled.jpg","contentUrl":"https:\/\/www.lapurla.ch\/wp-content\/uploads\/2022\/06\/LapurlaKilira2019-scaled.jpg","width":2560,"height":1707},{"@type":"BreadcrumbList","@id":"https:\/\/www.lapurla.ch\/fr\/project\/u4-kilira-la-poesie-nourrit-notre-quotidien#breadcrumb","itemListElement":[{"@type":"ListItem","position":1,"name":"Startseite","item":"https:\/\/www.lapurla.ch\/fr"},{"@type":"ListItem","position":2,"name":"Projekte","item":"https:\/\/www.lapurla.ch\/project"},{"@type":"ListItem","position":3,"name":"Kilira"}]},{"@type":"WebSite","@id":"https:\/\/www.lapurla.ch\/#website","url":"https:\/\/www.lapurla.ch\/","name":"Lapurla","description":"","publisher":{"@id":"https:\/\/www.lapurla.ch\/#organization"},"potentialAction":[{"@type":"SearchAction","target":{"@type":"EntryPoint","urlTemplate":"https:\/\/www.lapurla.ch\/?s={search_term_string}"},"query-input":{"@type":"PropertyValueSpecification","valueRequired":true,"valueName":"search_term_string"}}],"inLanguage":"fr-FR"},{"@type":"Organization","@id":"https:\/\/www.lapurla.ch\/#organization","name":"Lapurla","url":"https:\/\/www.lapurla.ch\/","logo":{"@type":"ImageObject","inLanguage":"fr-FR","@id":"https:\/\/www.lapurla.ch\/#\/schema\/logo\/image\/","url":"https:\/\/www.lapurla.ch\/wp-content\/uploads\/2022\/03\/cropped-favicon.png","contentUrl":"https:\/\/www.lapurla.ch\/wp-content\/uploads\/2022\/03\/cropped-favicon.png","width":512,"height":512,"caption":"Lapurla"},"image":{"@id":"https:\/\/www.lapurla.ch\/#\/schema\/logo\/image\/"}}]}},"datum":"","_links":{"self":[{"href":"https:\/\/www.lapurla.ch\/fr\/wp-json\/wp\/v2\/project\/10329","targetHints":{"allow":["GET"]}}],"collection":[{"href":"https:\/\/www.lapurla.ch\/fr\/wp-json\/wp\/v2\/project"}],"about":[{"href":"https:\/\/www.lapurla.ch\/fr\/wp-json\/wp\/v2\/types\/project"}],"version-history":[{"count":5,"href":"https:\/\/www.lapurla.ch\/fr\/wp-json\/wp\/v2\/project\/10329\/revisions"}],"predecessor-version":[{"id":12149,"href":"https:\/\/www.lapurla.ch\/fr\/wp-json\/wp\/v2\/project\/10329\/revisions\/12149"}],"wp:featuredmedia":[{"embeddable":true,"href":"https:\/\/www.lapurla.ch\/fr\/wp-json\/wp\/v2\/media\/3037"}],"wp:attachment":[{"href":"https:\/\/www.lapurla.ch\/fr\/wp-json\/wp\/v2\/media?parent=10329"}],"wp:term":[{"taxonomy":"kanton","embeddable":true,"href":"https:\/\/www.lapurla.ch\/fr\/wp-json\/wp\/v2\/kanton?post=10329"},{"taxonomy":"project_category","embeddable":true,"href":"https:\/\/www.lapurla.ch\/fr\/wp-json\/wp\/v2\/project_category?post=10329"},{"taxonomy":"project_serie","embeddable":true,"href":"https:\/\/www.lapurla.ch\/fr\/wp-json\/wp\/v2\/project_serie?post=10329"}],"curies":[{"name":"wp","href":"https:\/\/api.w.org\/{rel}","templated":true}]}}