{"id":10113,"date":"2022-06-22T18:22:32","date_gmt":"2022-06-22T16:22:32","guid":{"rendered":"https:\/\/lapurla.ch\/project\/u4-impulsstipendien-fuer-die-foerderung-der-kulturellen-teilhabe-in-der-fruehen-kindheit\/"},"modified":"2025-04-01T16:54:40","modified_gmt":"2025-04-01T14:54:40","slug":"u4-impulsstipendien-fuer-die-foerderung-der-kulturellen-teilhabe-in-der-fruehen-kindheit","status":"publish","type":"project","link":"https:\/\/www.lapurla.ch\/fr\/project\/u4-impulsstipendien-fuer-die-foerderung-der-kulturellen-teilhabe-in-der-fruehen-kindheit","title":{"rendered":"U4"},"content":{"rendered":"\n<div id=\"lead-text-block_631b9f8e4ec09\" class=\"mod-lead-text\">\n\t        <div class=\"row\">\n            <div class=\"col-12\">\n\t\t\t\t                <div class=\"lead-text\">\n\t\t\t\t\t<p>Bourses d\u2019impulsion pour l\u2019encouragement de la participation culturelle dans le domaine de la petite enfance.<\/p>\n                <\/div>\n            <\/div>\n        <\/div>\n\t<\/div>\n\n\n<p>Du 20 novembre 2018 au 15 mars 2019, la section Encouragement des activit\u00e9s culturelles de l\u2019Office de la culture du canton de Berne a mis au concours la priorit\u00e9 d\u2019encouragement \u00abU4 \u2013 Bourses d\u2019impulsion pour l\u2019encouragement de la participation culturelle dans le domaine de la petite enfance \u00bb. La mise au concours \u00e9tait adress\u00e9e aux acteurs et actrices culturels de tous les domaines qui souhaitaient se qualifier, respectivement d\u00e9velopper, la mise en \u0153uvre de projets artistiques mod\u00e8les avec des enfants de 0 \u00e0 4 ans dans les cr\u00e8ches et garderies du canton de Berne.<\/p>\n\n\n\n<p>La mise au concours pr\u00e9voit un processus en deux \u00e9tapes: dans un premier temps, les acteurs et actrices culturels retenus se pr\u00e9parent \u00e0 une collaboration co-constructive avec des cr\u00e8ches et groupes de jeu dans le canton de Berne. La qualification des acteurs et actrices culturels s\u2019effectue dans le cadre du CAS Kulturelle Bildung (formation culturelle) de la Haute \u00e9cole des arts de Berne.&nbsp;<\/p>\n\n\n\n<p>La section Encouragement des activit\u00e9s culturelles du canton de Berne attribue des bourses d\u2019impulsion \u00e0 sept acteurs et actrices culturels qui entameront une formation en cours d\u2019emploi commen\u00e7ant en septembre 2019.<\/p>\n\n\n\n<p>\u00c0 c\u00f4t\u00e9 des artistes, des cr\u00e8ches et des groupes de jeu du canton de Berne ont pu poser leur candidature pour participer au d\u00e9veloppement, \u00e0 la r\u00e9alisation et \u00e0 l\u2019\u00e9valuation d\u2019un projet artistique durant les ann\u00e9es 2019-2020. La proc\u00e9dure de s\u00e9lection s\u2019est achev\u00e9e en juin 2019.<\/p>\n\n\n<div id=\"accordion-block_62bc95f7227fc\" class=\"mod-accordion\">\n\t            <div id=\"accordion-block_62bc95f7227fc\" class=\"accordion accordion-flush\">\n\t\t\t\t\t\t\t\t\t                    <div class=\"accordion-item\">\n                        <button class=\"accordion-button collapsed\"\n                                type=\"button\"\n                                id=\"\"\n                                data-bs-toggle=\"collapse\"\n                                data-bs-target=\"#collapse-block_62bc95f7227fc-1\"\n                                aria-expanded=\"true\"\n                                aria-controls=\"collapse-block_62bc95f7227fc-1\">\n\t                        <svg class=\"svg-icon icon-arrow-up\" xmlns=\"http:\/\/www.w3.org\/2000\/svg\"><use xmlns:xlink=\"http:\/\/www.w3.org\/1999\/xlink\" xlink:href=\"https:\/\/www.lapurla.ch\/wp-content\/themes\/lapurla\/dist\/icons.svg?f27dc72#arrow-up\"><\/use><\/svg>                            <h3>\n\t\t\t\t\t\t\t\t\u00c9v\u00e8nement de lancement am 6. September 2019                            <\/h3>\n                        <\/button>\n\n                        <div id=\"collapse-block_62bc95f7227fc-1\" class=\"collapse \"\n                             data-parent=\"#accordion-block_62bc95f7227fc\">\n                            <div class=\"accordion-content row\">\n                                <div class=\"col\">\n                                    <div class=\"text\">\n\t\t\t\t\t\t\t\t\t\t<p class=\"accordion__heading\">HKB avec les boursi\u00e8res, les partenaires de terrain des cr\u00e8ches et des groupes de jeu et les \u00e9tudiants du CAS<\/p>\n<p>&nbsp;<\/p>\n                                    <\/div>\n                                <\/div>\n\t\t\t\t\t\t\t\t                            <\/div>\n                        <\/div>\n                    <\/div>\n\t\t\t\t\t\t\t\t\t                    <div class=\"accordion-item\">\n                        <button class=\"accordion-button collapsed\"\n                                type=\"button\"\n                                id=\"\"\n                                data-bs-toggle=\"collapse\"\n                                data-bs-target=\"#collapse-block_62bc95f7227fc-2\"\n                                aria-expanded=\"true\"\n                                aria-controls=\"collapse-block_62bc95f7227fc-2\">\n\t                        <svg class=\"svg-icon icon-arrow-up\" xmlns=\"http:\/\/www.w3.org\/2000\/svg\"><use xmlns:xlink=\"http:\/\/www.w3.org\/1999\/xlink\" xlink:href=\"https:\/\/www.lapurla.ch\/wp-content\/themes\/lapurla\/dist\/icons.svg?f27dc72#arrow-up\"><\/use><\/svg>                            <h3>\n\t\t\t\t\t\t\t\tPhase I: Dipl\u00f4me CAS Formation culturelle                            <\/h3>\n                        <\/button>\n\n                        <div id=\"collapse-block_62bc95f7227fc-2\" class=\"collapse \"\n                             data-parent=\"#accordion-block_62bc95f7227fc\">\n                            <div class=\"accordion-content row\">\n                                <div class=\"col\">\n                                    <div class=\"text\">\n\t\t\t\t\t\t\t\t\t\t<p>Le 12 septembre 2020, cinq boursi\u00e8res de la bourse d\u2019impulsion U4 ont termin\u00e9 leur formation continue, CAS en formation culturelle, avec la\u202f\u00a0<a class=\"disabled\" href=\"https:\/\/www.lapurla.ch\/fr\/anlaesse\/rueckblick\/Projektpraesentationen_CAS-Kulturelle-Bildung_20.html\" target=\"_blank\" rel=\"noreferrer noopener\">pr\u00e9sentation publique<\/a>\u202f de\u00a0leur projet \u00e9valu\u00e9, en compagnie des six autres dipl\u00f4m\u00e9s de leur vol\u00e9e. L\u2019\u00e9v\u00e8nement s\u2019est d\u00e9roul\u00e9 en pr\u00e9sence de quarante spectateurs et spectatrices. Le jury, compos\u00e9 de\u00a0repr\u00e9sentant-es\u00a0de la section\u00a0Encouragement des activit\u00e9s culturelles du canton de Berne (Carolin\u00a0Fedier), du Pour-cent culturel Migros (Jessica\u00a0Schnelle) et de la Haute \u00e9cole des arts de Berne (Verena Andel et Karin Kraus) a d\u00e9cern\u00e9 \u00e0 trois projets d\u2019exception la mention\u00a0\u00abavec\u00a0mention\u00bb. L\u2019un d\u2019eux est le projet \u00abKlanzTang\u00bb de\u00a0Salome\u00a0B\u00f6ni\u00a0qui b\u00e9n\u00e9ficie d\u2019une bourse U4 pour la co-construction artistique interdisciplinaire.\u202fAnnika\u00a0Brantschen\u00a0a \u00e9t\u00e9 r\u00e9compens\u00e9e pour son\u00a0\u00abMini-atelier\u00a0K\u2019Werk\u00bb pour la co-construction institutionnelle et Jessica\u00a0Wobmann\u00a0et son projet \u00abSpuren\u00a0hinterlassen\u00bb pour l\u2019excellence de l\u2019int\u00e9gration de l\u2019\u00e9quipe.\u202f\u00a0<a class=\"disabled\" href=\"https:\/\/www.lapurla.ch\/fr\/impulse\/cas-kulturelle-bildung.html\" target=\"_blank\" rel=\"noreferrer noopener\">Vers les rapports des projets et les pr\u00e9sentations des dipl\u00f4m\u00e9s.<\/a><\/p>\n                                    <\/div>\n                                <\/div>\n\t\t\t\t\t\t\t\t                            <\/div>\n                        <\/div>\n                    <\/div>\n\t\t\t\t\t\t\t\t\t                    <div class=\"accordion-item\">\n                        <button class=\"accordion-button collapsed\"\n                                type=\"button\"\n                                id=\"\"\n                                data-bs-toggle=\"collapse\"\n                                data-bs-target=\"#collapse-block_62bc95f7227fc-3\"\n                                aria-expanded=\"true\"\n                                aria-controls=\"collapse-block_62bc95f7227fc-3\">\n\t                        <svg class=\"svg-icon icon-arrow-up\" xmlns=\"http:\/\/www.w3.org\/2000\/svg\"><use xmlns:xlink=\"http:\/\/www.w3.org\/1999\/xlink\" xlink:href=\"https:\/\/www.lapurla.ch\/wp-content\/themes\/lapurla\/dist\/icons.svg?f27dc72#arrow-up\"><\/use><\/svg>                            <h3>\n\t\t\t\t\t\t\t\tPhase II: projets U4 (Soutenus par l\u2019Encouragement des activit\u00e9s culturelles du canton de Berne)                            <\/h3>\n                        <\/button>\n\n                        <div id=\"collapse-block_62bc95f7227fc-3\" class=\"collapse \"\n                             data-parent=\"#accordion-block_62bc95f7227fc\">\n                            <div class=\"accordion-content row\">\n                                <div class=\"col\">\n                                    <div class=\"text\">\n\t\t\t\t\t\t\t\t\t\t<p>Dans la seconde phase de leur bourse, les acteurs culturels d\u00e9veloppent, exp\u00e9rimentent et \u00e9valuent un projet en co-construction avec un partenaire du terrain travaillant dans le domaine de la petite enfance. En raison de la pand\u00e9mie, seuls deux des sept projets ont pu \u00eatre mis en \u0153uvre jusqu\u2019\u00e0 pr\u00e9sent. D\u00e8s que les artistes seront autoris\u00e9s \u00e0 retourner dans les cr\u00e8ches, les projets seront repris.<\/p>\n                                    <\/div>\n                                <\/div>\n\t\t\t\t\t\t\t\t                            <\/div>\n                        <\/div>\n                    <\/div>\n\t\t\t\t            <\/div>\n\t\t\t<\/div>\n\n\n\n<div id=\"infobox-block_62bc99ab22800\" class=\"mod-infobox\">\n\t        <div class=\"row\">\n            <div class=\"col-12\">\n                <div class=\"info-container\">\n                    <h2>Projets U4 en cours de d\u00e9veloppement<\/h2>\n                    <div class=\"row\">\n                        <div class=\"col-12 col-lg-6\">\n\t\t\t\t\t\t\t<div class=\"info-box__intro\">\n<div class=\"rich-text\"><\/div>\n<\/div>\n<div class=\"info-box__two-col\">\n<div class=\"two-columns__left\">\n<div class=\"rich-text\">\n<h2 class=\"rich-text__title\">Partenaires du projet<\/h2>\n<div class=\"rich-text__text\">\n<p><a href=\"https:\/\/www.kultur.bkd.be.ch\/fr\/start\/themen\/kulturfoerderung.html\" target=\"_blank\" rel=\"noopener\">Direction de l\u2019instruction publique du canton de Berne<\/a><br \/>\nOffice de la culture, section Encouragement des activit\u00e9s culturelles<br \/>\nSulgeneckstrasse 70<br \/>\n3005 Berne<\/p>\n<h2 class=\"rich-text__title\">Participant-e-s<\/h2>\n<\/div>\n<\/div>\n<div class=\"rich-text\">\n<div class=\"rich-text__text\">\n<p>Sibylle Birrer (directrice de la section Encouragement des activit\u00e9s culturelles), Carolin Fedier (directrice M\u00e9diation culturelle), Karin Kraus (responsable du CAS Formation culturelle \u00e0 la HKB, coresponsable de Lapurla), Jessica Schnelle (coresponsable de Lapurla, service des affaires sociales, Pour-cent culturel Migros)<\/p>\n<\/div>\n<\/div>\n<\/div>\n<div class=\"two-columns__right\">\n<div class=\"rich-text\">\n<h2 class=\"rich-text__title\">Direction de projet<\/h2>\n<div class=\"rich-text__text\">\n<p><a href=\"http:\/\/karinkraus.ch\/\" target=\"_blank\" rel=\"noopener\">Karin Kraus<\/a><br \/>\nP\u00e9dagogue artistique<br \/>\n<a href=\"http:\/\/info@karinkraus.ch\/\">info@karinkraus.ch<\/a><\/p>\n<\/div>\n<\/div>\n<\/div>\n<\/div>\n                        <\/div>\n                        <div class=\"col-12 col-lg-6\">\n\t\t\t\t\t\t\t<div class=\"rich-text\">\n<h2 class=\"rich-text__title\">Boursi\u00e8res<\/h2>\n<div class=\"rich-text__text\">\n<ul>\n<li><a href=\"https:\/\/lapurla.ch\/project\/u4-kilira-la-poesie-nourrit-notre-quotidien\/\">Anne Bernasconi<\/a> (musique et litt\u00e9rature)<\/li>\n<li><a href=\"https:\/\/lapurla.ch\/project\/klanztang-klang-und-bewegungsexperimente-zum-dabeisein-horchen-und-mitwirken\/\">Salom\u00e9 B\u00f6ni<\/a> (musique)<\/li>\n<li>Anke Held (musique)<\/li>\n<li><a href=\"https:\/\/lapurla.ch\/project\/farbe-klang\/\">Susan M\u00e9zquita<\/a> (arts plastiques et architecture)<\/li>\n<li><a href=\"https:\/\/lapurla.ch\/project\/m4-das-mfk-minilabor-in-der-kita-mixmax\/\">Ver\u00f3nica Reyes<\/a> (communication et recherche)<\/li>\n<li><a href=\"https:\/\/lapurla.ch\/project\/blubb-blubb-ein-musikalisch-digitales-wasserspiel-mit-kindern-unter-vier-jahren\/\">Jutta Sch\u00f6nhofer<\/a> (musique et mouvement)<\/li>\n<li>Maya Silfverberg (marionnettes)<\/li>\n<\/ul>\n<\/div>\n<\/div>\n<div class=\"rich-text\">\n<h2 class=\"rich-text__title\">M\u00e9dias<\/h2>\n<div class=\"rich-text__text\">\n<p>HKB-Zeitung, Ausgabe 4, Dezember 2020:\u00a0<a href=\"https:\/\/lapurla.ch\/wp-content\/uploads\/2022\/06\/HKBZeitung420.pdf.pdf\" target=\"_blank\" rel=\"noopener\">Absolvent*in im Fokus: Salome B\u00f6ni<\/a>\u200b\u200b\u200b\u200b\u200b\u200b\u200b<\/p>\n<p>Bieler Tagblatt, 20 juin 2019:\u00a0 <a href=\"https:\/\/ajour.ch\/startpage?fbclid=IwAR1x2G_-X2YR9Dao4VpC9kEnVSBvNRRxMNN0sI-zVd31MJUqmcoyyRygdDw#.XQt7KYOFE_Y.facebook\" target=\"_blank\" rel=\"noopener\">\u00abLes plus jeunes devraient \u00e9galement participer \u00e0 la vie culturelle\u00bb<\/a><\/p>\n<p>Canal 3, 4 juillet 2019: <a class=\"disabled\" href=\"https:\/\/nomau.mironet.ch\/author\/fr\/dam\/jcr:d941c52e-8bd5-4721-910e-918a5e3c6163\/Lapurla_Interview_Anne_Bernasconi_040719.mp2\">Interview\u00a0<\/a>avec Anne Bernasconi, artiste.<\/p>\n<\/div>\n<\/div>\n                        <\/div>\n                    <\/div>\n                <\/div>\n            <\/div>\n        <\/div>\n\t<\/div>\n","protected":false},"excerpt":{"rendered":"<p>Du 20 novembre 2018 au 15 mars 2019, la section Encouragement des activit\u00e9s culturelles de l\u2019Office de la culture du canton de Berne a mis au concours la priorit\u00e9 d\u2019encouragement \u00abU4 \u2013 Bourses d\u2019impulsion pour l\u2019encouragement de la participation culturelle dans le domaine de la petite enfance \u00bb. La mise au concours \u00e9tait adress\u00e9e aux [&hellip;]<\/p>\n","protected":false},"featured_media":3022,"template":"","meta":{"_acf_changed":false,"latitude":"46.9405876","longitude":"7.4405441","kurzbeschreibung":"Bourses d\u2019impulsion pour l\u2019encouragement de la participation culturelle dans le domaine de la petite enfance.","datum_von":"","footnotes":""},"kanton":[105,86],"project_category":[149],"project_serie":[215],"class_list":["post-10113","project","type-project","status-publish","has-post-thumbnail","hentry","kanton-bern-fr","kanton-national","project_category-modellprojekte-kunst-zu-kindern-fr","project_serie-pilotphase-2018-21"],"acf":[],"yoast_head":"<!-- This site is optimized with the Yoast SEO plugin v27.2 - https:\/\/yoast.com\/product\/yoast-seo-wordpress\/ -->\n<title>U4 &#8211; Lapurla<\/title>\n<meta name=\"robots\" content=\"index, follow, max-snippet:-1, max-image-preview:large, max-video-preview:-1\" \/>\n<link rel=\"canonical\" href=\"https:\/\/www.lapurla.ch\/fr\/project\/u4-impulsstipendien-fuer-die-foerderung-der-kulturellen-teilhabe-in-der-fruehen-kindheit\" \/>\n<meta property=\"og:locale\" content=\"fr_FR\" \/>\n<meta property=\"og:type\" content=\"article\" \/>\n<meta property=\"og:title\" content=\"U4 &#8211; Lapurla\" \/>\n<meta property=\"og:description\" content=\"Du 20 novembre 2018 au 15 mars 2019, la section Encouragement des activit\u00e9s culturelles de l\u2019Office de la culture du canton de Berne a mis au concours la priorit\u00e9 d\u2019encouragement \u00abU4 \u2013 Bourses d\u2019impulsion pour l\u2019encouragement de la participation culturelle dans le domaine de la petite enfance \u00bb. La mise au concours \u00e9tait adress\u00e9e aux [&hellip;]\" \/>\n<meta property=\"og:url\" content=\"https:\/\/www.lapurla.ch\/fr\/project\/u4-impulsstipendien-fuer-die-foerderung-der-kulturellen-teilhabe-in-der-fruehen-kindheit\" \/>\n<meta property=\"og:site_name\" content=\"Lapurla\" \/>\n<meta property=\"article:modified_time\" content=\"2025-04-01T14:54:40+00:00\" \/>\n<meta property=\"og:image\" content=\"https:\/\/www.lapurla.ch\/wp-content\/uploads\/2022\/06\/Z65646-Kopie.jpg\" \/>\n\t<meta property=\"og:image:width\" content=\"2457\" \/>\n\t<meta property=\"og:image:height\" content=\"1732\" \/>\n\t<meta property=\"og:image:type\" content=\"image\/jpeg\" \/>\n<meta name=\"twitter:card\" content=\"summary_large_image\" \/>\n<meta name=\"twitter:label1\" content=\"Dur\u00e9e de lecture estim\u00e9e\" \/>\n\t<meta name=\"twitter:data1\" content=\"2 minutes\" \/>\n<script type=\"application\/ld+json\" class=\"yoast-schema-graph\">{\"@context\":\"https:\/\/schema.org\",\"@graph\":[{\"@type\":\"WebPage\",\"@id\":\"https:\/\/www.lapurla.ch\/fr\/project\/u4-impulsstipendien-fuer-die-foerderung-der-kulturellen-teilhabe-in-der-fruehen-kindheit\",\"url\":\"https:\/\/www.lapurla.ch\/fr\/project\/u4-impulsstipendien-fuer-die-foerderung-der-kulturellen-teilhabe-in-der-fruehen-kindheit\",\"name\":\"U4 &#8211; Lapurla\",\"isPartOf\":{\"@id\":\"https:\/\/www.lapurla.ch\/#website\"},\"primaryImageOfPage\":{\"@id\":\"https:\/\/www.lapurla.ch\/fr\/project\/u4-impulsstipendien-fuer-die-foerderung-der-kulturellen-teilhabe-in-der-fruehen-kindheit#primaryimage\"},\"image\":{\"@id\":\"https:\/\/www.lapurla.ch\/fr\/project\/u4-impulsstipendien-fuer-die-foerderung-der-kulturellen-teilhabe-in-der-fruehen-kindheit#primaryimage\"},\"thumbnailUrl\":\"https:\/\/www.lapurla.ch\/wp-content\/uploads\/2022\/06\/Z65646-Kopie.jpg\",\"datePublished\":\"2022-06-22T16:22:32+00:00\",\"dateModified\":\"2025-04-01T14:54:40+00:00\",\"breadcrumb\":{\"@id\":\"https:\/\/www.lapurla.ch\/fr\/project\/u4-impulsstipendien-fuer-die-foerderung-der-kulturellen-teilhabe-in-der-fruehen-kindheit#breadcrumb\"},\"inLanguage\":\"fr-FR\",\"potentialAction\":[{\"@type\":\"ReadAction\",\"target\":[\"https:\/\/www.lapurla.ch\/fr\/project\/u4-impulsstipendien-fuer-die-foerderung-der-kulturellen-teilhabe-in-der-fruehen-kindheit\"]}]},{\"@type\":\"ImageObject\",\"inLanguage\":\"fr-FR\",\"@id\":\"https:\/\/www.lapurla.ch\/fr\/project\/u4-impulsstipendien-fuer-die-foerderung-der-kulturellen-teilhabe-in-der-fruehen-kindheit#primaryimage\",\"url\":\"https:\/\/www.lapurla.ch\/wp-content\/uploads\/2022\/06\/Z65646-Kopie.jpg\",\"contentUrl\":\"https:\/\/www.lapurla.ch\/wp-content\/uploads\/2022\/06\/Z65646-Kopie.jpg\",\"width\":2457,\"height\":1732,\"caption\":\"Salome B\u00f6ni hat den Weiterbildungslehrgang CAS Kulturelle Bildung an der HKB mit dem Pr\u00e4dikat \u00abmit Auszeichnung\u00bb abgeschlossen. Sie ist eine der Stipendiatinnen des F\u00f6rderakzents U4 der Kulturf\u00f6rderung des Kantons Bern im Rahmen der nationalen Initiative Lapurla.\"},{\"@type\":\"BreadcrumbList\",\"@id\":\"https:\/\/www.lapurla.ch\/fr\/project\/u4-impulsstipendien-fuer-die-foerderung-der-kulturellen-teilhabe-in-der-fruehen-kindheit#breadcrumb\",\"itemListElement\":[{\"@type\":\"ListItem\",\"position\":1,\"name\":\"Startseite\",\"item\":\"https:\/\/www.lapurla.ch\/fr\"},{\"@type\":\"ListItem\",\"position\":2,\"name\":\"Projekte\",\"item\":\"https:\/\/www.lapurla.ch\/project\"},{\"@type\":\"ListItem\",\"position\":3,\"name\":\"U4\"}]},{\"@type\":\"WebSite\",\"@id\":\"https:\/\/www.lapurla.ch\/#website\",\"url\":\"https:\/\/www.lapurla.ch\/\",\"name\":\"Lapurla\",\"description\":\"\",\"publisher\":{\"@id\":\"https:\/\/www.lapurla.ch\/#organization\"},\"potentialAction\":[{\"@type\":\"SearchAction\",\"target\":{\"@type\":\"EntryPoint\",\"urlTemplate\":\"https:\/\/www.lapurla.ch\/?s={search_term_string}\"},\"query-input\":{\"@type\":\"PropertyValueSpecification\",\"valueRequired\":true,\"valueName\":\"search_term_string\"}}],\"inLanguage\":\"fr-FR\"},{\"@type\":\"Organization\",\"@id\":\"https:\/\/www.lapurla.ch\/#organization\",\"name\":\"Lapurla\",\"url\":\"https:\/\/www.lapurla.ch\/\",\"logo\":{\"@type\":\"ImageObject\",\"inLanguage\":\"fr-FR\",\"@id\":\"https:\/\/www.lapurla.ch\/#\/schema\/logo\/image\/\",\"url\":\"https:\/\/www.lapurla.ch\/wp-content\/uploads\/2022\/03\/cropped-favicon.png\",\"contentUrl\":\"https:\/\/www.lapurla.ch\/wp-content\/uploads\/2022\/03\/cropped-favicon.png\",\"width\":512,\"height\":512,\"caption\":\"Lapurla\"},\"image\":{\"@id\":\"https:\/\/www.lapurla.ch\/#\/schema\/logo\/image\/\"}}]}<\/script>\n<!-- \/ Yoast SEO plugin. -->","yoast_head_json":{"title":"U4 &#8211; Lapurla","robots":{"index":"index","follow":"follow","max-snippet":"max-snippet:-1","max-image-preview":"max-image-preview:large","max-video-preview":"max-video-preview:-1"},"canonical":"https:\/\/www.lapurla.ch\/fr\/project\/u4-impulsstipendien-fuer-die-foerderung-der-kulturellen-teilhabe-in-der-fruehen-kindheit","og_locale":"fr_FR","og_type":"article","og_title":"U4 &#8211; Lapurla","og_description":"Du 20 novembre 2018 au 15 mars 2019, la section Encouragement des activit\u00e9s culturelles de l\u2019Office de la culture du canton de Berne a mis au concours la priorit\u00e9 d\u2019encouragement \u00abU4 \u2013 Bourses d\u2019impulsion pour l\u2019encouragement de la participation culturelle dans le domaine de la petite enfance \u00bb. La mise au concours \u00e9tait adress\u00e9e aux [&hellip;]","og_url":"https:\/\/www.lapurla.ch\/fr\/project\/u4-impulsstipendien-fuer-die-foerderung-der-kulturellen-teilhabe-in-der-fruehen-kindheit","og_site_name":"Lapurla","article_modified_time":"2025-04-01T14:54:40+00:00","og_image":[{"width":2457,"height":1732,"url":"https:\/\/www.lapurla.ch\/wp-content\/uploads\/2022\/06\/Z65646-Kopie.jpg","type":"image\/jpeg"}],"twitter_card":"summary_large_image","twitter_misc":{"Dur\u00e9e de lecture estim\u00e9e":"2 minutes"},"schema":{"@context":"https:\/\/schema.org","@graph":[{"@type":"WebPage","@id":"https:\/\/www.lapurla.ch\/fr\/project\/u4-impulsstipendien-fuer-die-foerderung-der-kulturellen-teilhabe-in-der-fruehen-kindheit","url":"https:\/\/www.lapurla.ch\/fr\/project\/u4-impulsstipendien-fuer-die-foerderung-der-kulturellen-teilhabe-in-der-fruehen-kindheit","name":"U4 &#8211; Lapurla","isPartOf":{"@id":"https:\/\/www.lapurla.ch\/#website"},"primaryImageOfPage":{"@id":"https:\/\/www.lapurla.ch\/fr\/project\/u4-impulsstipendien-fuer-die-foerderung-der-kulturellen-teilhabe-in-der-fruehen-kindheit#primaryimage"},"image":{"@id":"https:\/\/www.lapurla.ch\/fr\/project\/u4-impulsstipendien-fuer-die-foerderung-der-kulturellen-teilhabe-in-der-fruehen-kindheit#primaryimage"},"thumbnailUrl":"https:\/\/www.lapurla.ch\/wp-content\/uploads\/2022\/06\/Z65646-Kopie.jpg","datePublished":"2022-06-22T16:22:32+00:00","dateModified":"2025-04-01T14:54:40+00:00","breadcrumb":{"@id":"https:\/\/www.lapurla.ch\/fr\/project\/u4-impulsstipendien-fuer-die-foerderung-der-kulturellen-teilhabe-in-der-fruehen-kindheit#breadcrumb"},"inLanguage":"fr-FR","potentialAction":[{"@type":"ReadAction","target":["https:\/\/www.lapurla.ch\/fr\/project\/u4-impulsstipendien-fuer-die-foerderung-der-kulturellen-teilhabe-in-der-fruehen-kindheit"]}]},{"@type":"ImageObject","inLanguage":"fr-FR","@id":"https:\/\/www.lapurla.ch\/fr\/project\/u4-impulsstipendien-fuer-die-foerderung-der-kulturellen-teilhabe-in-der-fruehen-kindheit#primaryimage","url":"https:\/\/www.lapurla.ch\/wp-content\/uploads\/2022\/06\/Z65646-Kopie.jpg","contentUrl":"https:\/\/www.lapurla.ch\/wp-content\/uploads\/2022\/06\/Z65646-Kopie.jpg","width":2457,"height":1732,"caption":"Salome B\u00f6ni hat den Weiterbildungslehrgang CAS Kulturelle Bildung an der HKB mit dem Pr\u00e4dikat \u00abmit Auszeichnung\u00bb abgeschlossen. Sie ist eine der Stipendiatinnen des F\u00f6rderakzents U4 der Kulturf\u00f6rderung des Kantons Bern im Rahmen der nationalen Initiative Lapurla."},{"@type":"BreadcrumbList","@id":"https:\/\/www.lapurla.ch\/fr\/project\/u4-impulsstipendien-fuer-die-foerderung-der-kulturellen-teilhabe-in-der-fruehen-kindheit#breadcrumb","itemListElement":[{"@type":"ListItem","position":1,"name":"Startseite","item":"https:\/\/www.lapurla.ch\/fr"},{"@type":"ListItem","position":2,"name":"Projekte","item":"https:\/\/www.lapurla.ch\/project"},{"@type":"ListItem","position":3,"name":"U4"}]},{"@type":"WebSite","@id":"https:\/\/www.lapurla.ch\/#website","url":"https:\/\/www.lapurla.ch\/","name":"Lapurla","description":"","publisher":{"@id":"https:\/\/www.lapurla.ch\/#organization"},"potentialAction":[{"@type":"SearchAction","target":{"@type":"EntryPoint","urlTemplate":"https:\/\/www.lapurla.ch\/?s={search_term_string}"},"query-input":{"@type":"PropertyValueSpecification","valueRequired":true,"valueName":"search_term_string"}}],"inLanguage":"fr-FR"},{"@type":"Organization","@id":"https:\/\/www.lapurla.ch\/#organization","name":"Lapurla","url":"https:\/\/www.lapurla.ch\/","logo":{"@type":"ImageObject","inLanguage":"fr-FR","@id":"https:\/\/www.lapurla.ch\/#\/schema\/logo\/image\/","url":"https:\/\/www.lapurla.ch\/wp-content\/uploads\/2022\/03\/cropped-favicon.png","contentUrl":"https:\/\/www.lapurla.ch\/wp-content\/uploads\/2022\/03\/cropped-favicon.png","width":512,"height":512,"caption":"Lapurla"},"image":{"@id":"https:\/\/www.lapurla.ch\/#\/schema\/logo\/image\/"}}]}},"datum":"","_links":{"self":[{"href":"https:\/\/www.lapurla.ch\/fr\/wp-json\/wp\/v2\/project\/10113","targetHints":{"allow":["GET"]}}],"collection":[{"href":"https:\/\/www.lapurla.ch\/fr\/wp-json\/wp\/v2\/project"}],"about":[{"href":"https:\/\/www.lapurla.ch\/fr\/wp-json\/wp\/v2\/types\/project"}],"version-history":[{"count":7,"href":"https:\/\/www.lapurla.ch\/fr\/wp-json\/wp\/v2\/project\/10113\/revisions"}],"predecessor-version":[{"id":12046,"href":"https:\/\/www.lapurla.ch\/fr\/wp-json\/wp\/v2\/project\/10113\/revisions\/12046"}],"wp:featuredmedia":[{"embeddable":true,"href":"https:\/\/www.lapurla.ch\/fr\/wp-json\/wp\/v2\/media\/3022"}],"wp:attachment":[{"href":"https:\/\/www.lapurla.ch\/fr\/wp-json\/wp\/v2\/media?parent=10113"}],"wp:term":[{"taxonomy":"kanton","embeddable":true,"href":"https:\/\/www.lapurla.ch\/fr\/wp-json\/wp\/v2\/kanton?post=10113"},{"taxonomy":"project_category","embeddable":true,"href":"https:\/\/www.lapurla.ch\/fr\/wp-json\/wp\/v2\/project_category?post=10113"},{"taxonomy":"project_serie","embeddable":true,"href":"https:\/\/www.lapurla.ch\/fr\/wp-json\/wp\/v2\/project_serie?post=10113"}],"curies":[{"name":"wp","href":"https:\/\/api.w.org\/{rel}","templated":true}]}}