{"id":9950,"date":"2022-03-09T14:10:28","date_gmt":"2022-03-09T13:10:28","guid":{"rendered":"https:\/\/lapurla.ch\/aktuelles\/"},"modified":"2022-09-08T18:38:28","modified_gmt":"2022-09-08T16:38:28","slug":"aktuelles","status":"publish","type":"page","link":"https:\/\/www.lapurla.ch\/fr\/aktuelles","title":{"rendered":"Actualit\u00e9s"},"content":{"rendered":"\n<div id=\"kdgs-filter-list-block_6228a72529b8d\" class=\"\">\n\t\t<hr>\n    <div class=\"mod-filter-list\"\n             data-post_type=\"news\"\n             data-posts_per_page=\"-1\"\n             data-page=\"1\"\n             data-s=\"\"\n             data-orderby=\"amoureuse\/amoureux\"\n             data-order=\"desc\"\n             data-meta_key=\"\"\n             data-meta_value=\"\"\n             data-meta_value_num=\"\"\n             data-meta_compare=\"\"\n             data-meta_query=\"[[]]\"\n             data-default-taxonomy=\"0\"\n             data-default-taxonomy-slug=\"\"\n             data-lightbox=\"\"\n             data-filter-reset=\"\"\n             data-search-box=\"\"\n             data-filter=\"\"\n             data-filter-buttons=\"\"\n             data-slider=\"\"\n             data-slidersm=\"\"\n             data-slidermd=\"\"\n             data-sliderxl=\"\"\n             data-pagination=\"\"\n             data-load-more=\"\"\n             data-update-url=\"\"\n             data-accordion=\"\">\n\n        <div class=\"kdgs-filter-list-filters\">\n\n\t\t\t<div class=\"search-label\">Filtrer les r\u00e9sultats de recherche:<\/div>        <\/div>\n\n\t\t<div class=\"kdgs-filter-list-wrapper kdgs-filter-list-news\">                <div\n                data-sliderxl=\"\"\n                data-slidermd=\"\"\n                data-slidersm=\"\"\n                class=\"kdgs-filter-list-items row   \"\n                >\n\t\t\t\t\t<div class=\"col-12 col-md-6 col-lg-4  kdgs-filter-item\">\n    <a href=\"https:\/\/www.lapurla.ch\/fr\/news\/reggio-emilia-erleben-studienreise-im-juni-2026\" class=\"kdgs-filter-item--link \"\n\t\t>\n        <div class=\"item--impression\">\n            <div class=\"item--image\">\n\t\t\t\t<img loading=\"lazy\" decoding=\"async\" width=\"1024\" height=\"678\" src=\"https:\/\/www.lapurla.ch\/wp-content\/uploads\/2026\/04\/FotoPhotoVim--CC-BY-SA-4.0ReggionellEmiliavistadallalto-2-1024x678.jpg\" class=\"attachment-large size-large wp-post-image\" alt=\"\" srcset=\"https:\/\/www.lapurla.ch\/wp-content\/uploads\/2026\/04\/FotoPhotoVim--CC-BY-SA-4.0ReggionellEmiliavistadallalto-2-1024x678.jpg 1024w, https:\/\/www.lapurla.ch\/wp-content\/uploads\/2026\/04\/FotoPhotoVim--CC-BY-SA-4.0ReggionellEmiliavistadallalto-2-300x199.jpg 300w, https:\/\/www.lapurla.ch\/wp-content\/uploads\/2026\/04\/FotoPhotoVim--CC-BY-SA-4.0ReggionellEmiliavistadallalto-2-768x509.jpg 768w, https:\/\/www.lapurla.ch\/wp-content\/uploads\/2026\/04\/FotoPhotoVim--CC-BY-SA-4.0ReggionellEmiliavistadallalto-2-1536x1018.jpg 1536w, https:\/\/www.lapurla.ch\/wp-content\/uploads\/2026\/04\/FotoPhotoVim--CC-BY-SA-4.0ReggionellEmiliavistadallalto-2.jpg 1920w\" sizes=\"auto, (max-width: 1024px) 100vw, 1024px\" \/>            <\/div>\n            <div class=\"date\">21.04.2026<\/div>\n        <\/div>\n        <div class=\"item--content\">\n            <div class=\"item--content-wrapper\">\n                <h3 class=\"item--title\">D\u00e9couvrir Reggio Emilia \u2013 voyage d\u2019\u00e9tude en juin 2026<\/h3>\n                <div class=\"item--content\">\n\t\t\t\t\tVivre Reggio Emilia sur place et r\u00e9fl\u00e9chir ensemble \u2013 un voyage d\u2019\u00e9tude inspirant pour de nouvelles impulsions.                <\/div>\n            <\/div>\n\t\t\t<svg class=\"svg-icon icon-arrow-right\" xmlns=\"http:\/\/www.w3.org\/2000\/svg\"><use xmlns:xlink=\"http:\/\/www.w3.org\/1999\/xlink\" xlink:href=\"https:\/\/www.lapurla.ch\/wp-content\/themes\/lapurla\/dist\/icons.svg?f27dc72#arrow-right\"><\/use><\/svg>        <\/div>\n    <\/a>\n\t<\/div>\n<div class=\"col-12 col-md-6 col-lg-4  kdgs-filter-item\">\n    <a href=\"https:\/\/www.lapurla.ch\/fr\/news\/penser-la-qualite-ensemble-lapurla-reseau-fkb\" class=\"kdgs-filter-item--link \"\n\t\t>\n        <div class=\"item--impression\">\n            <div class=\"item--image\">\n\t\t\t\t<img loading=\"lazy\" decoding=\"async\" width=\"800\" height=\"600\" src=\"https:\/\/www.lapurla.ch\/wp-content\/uploads\/2026\/03\/LogosNetzwerkpartner.png\" class=\"attachment-large size-large wp-post-image\" alt=\"\" srcset=\"https:\/\/www.lapurla.ch\/wp-content\/uploads\/2026\/03\/LogosNetzwerkpartner.png 800w, https:\/\/www.lapurla.ch\/wp-content\/uploads\/2026\/03\/LogosNetzwerkpartner-300x225.png 300w, https:\/\/www.lapurla.ch\/wp-content\/uploads\/2026\/03\/LogosNetzwerkpartner-768x576.png 768w\" sizes=\"auto, (max-width: 800px) 100vw, 800px\" \/>            <\/div>\n            <div class=\"date\">20.04.2026<\/div>\n        <\/div>\n        <div class=\"item--content\">\n            <div class=\"item--content-wrapper\">\n                <h3 class=\"item--title\">Penser la qualit\u00e9 ensemble \u2013 Lapurla &amp; r\u00e9seau FKB<\/h3>\n                <div class=\"item--content\">\n\t\t\t\t\tQu\u2019est-ce qui rend la qualit\u00e9 visible ? Lapurla et le r\u00e9seau FKB ouvrent un espace commun de r\u00e9flexion.                <\/div>\n            <\/div>\n\t\t\t<svg class=\"svg-icon icon-arrow-right\" xmlns=\"http:\/\/www.w3.org\/2000\/svg\"><use xmlns:xlink=\"http:\/\/www.w3.org\/1999\/xlink\" xlink:href=\"https:\/\/www.lapurla.ch\/wp-content\/themes\/lapurla\/dist\/icons.svg?f27dc72#arrow-right\"><\/use><\/svg>        <\/div>\n    <\/a>\n\t<\/div>\n<div class=\"col-12 col-md-6 col-lg-4  kdgs-filter-item\">\n    <a href=\"https:\/\/www.lapurla.ch\/fr\/news\/factsheet-lapurla-kompakt-klar-und-vielseitig-einsetzbar\" class=\"kdgs-filter-item--link \"\n\t\t>\n        <div class=\"item--impression\">\n            <div class=\"item--image\">\n\t\t\t\t<img loading=\"lazy\" decoding=\"async\" width=\"1000\" height=\"563\" src=\"https:\/\/www.lapurla.ch\/wp-content\/uploads\/2026\/03\/LapurlaIconsPublikationenFactsheetFR.png\" class=\"attachment-large size-large wp-post-image\" alt=\"\" srcset=\"https:\/\/www.lapurla.ch\/wp-content\/uploads\/2026\/03\/LapurlaIconsPublikationenFactsheetFR.png 1000w, https:\/\/www.lapurla.ch\/wp-content\/uploads\/2026\/03\/LapurlaIconsPublikationenFactsheetFR-300x169.png 300w, https:\/\/www.lapurla.ch\/wp-content\/uploads\/2026\/03\/LapurlaIconsPublikationenFactsheetFR-768x432.png 768w\" sizes=\"auto, (max-width: 1000px) 100vw, 1000px\" \/>            <\/div>\n            <div class=\"date\">20.04.2026<\/div>\n        <\/div>\n        <div class=\"item--content\">\n            <div class=\"item--content-wrapper\">\n                <h3 class=\"item--title\">Factsheet Lapurla \u2013 compact, clair et polyvalent<\/h3>\n                <div class=\"item--content\">\n\t\t\t\t\tUn aper\u00e7u compact des fondements, des objectifs et des impacts de Lapurla \u2013 d\u00e9sormais disponible sous forme de factsheet.                <\/div>\n            <\/div>\n\t\t\t<svg class=\"svg-icon icon-arrow-right\" xmlns=\"http:\/\/www.w3.org\/2000\/svg\"><use xmlns:xlink=\"http:\/\/www.w3.org\/1999\/xlink\" xlink:href=\"https:\/\/www.lapurla.ch\/wp-content\/themes\/lapurla\/dist\/icons.svg?f27dc72#arrow-right\"><\/use><\/svg>        <\/div>\n    <\/a>\n\t<\/div>\n<div class=\"col-12 col-md-6 col-lg-4  kdgs-filter-item\">\n    <a href=\"https:\/\/www.lapurla.ch\/fr\/news\/soziokulturelle-projekte-im-bereich-fruehkindliche-bildung\" class=\"kdgs-filter-item--link \"\n\t\t>\n        <div class=\"item--impression\">\n            <div class=\"item--image\">\n\t\t\t\t<img loading=\"lazy\" decoding=\"async\" width=\"1024\" height=\"754\" src=\"https:\/\/www.lapurla.ch\/wp-content\/uploads\/2026\/03\/BGLANDSCAPESOCIALHRRGBJANES-1759.jpg-1024x754.jpeg\" class=\"attachment-large size-large wp-post-image\" alt=\"\" srcset=\"https:\/\/www.lapurla.ch\/wp-content\/uploads\/2026\/03\/BGLANDSCAPESOCIALHRRGBJANES-1759.jpg-1024x754.jpeg 1024w, https:\/\/www.lapurla.ch\/wp-content\/uploads\/2026\/03\/BGLANDSCAPESOCIALHRRGBJANES-1759.jpg-300x221.jpeg 300w\" sizes=\"auto, (max-width: 1024px) 100vw, 1024px\" \/>            <\/div>\n            <div class=\"date\">19.03.2026<\/div>\n        <\/div>\n        <div class=\"item--content\">\n            <div class=\"item--content-wrapper\">\n                <h3 class=\"item--title\">Projets socioculturels dans le domaine de l\u2019\u00e9ducation de la petite enfance<\/h3>\n                <div class=\"item--content\">\n\t\t\t\t\tCr\u00e9er des espaces de libert\u00e9 pour les plus jeunes.\r\nLa Burgergemeinde de Berne et le service de promotion culturelle du canton de Berne soutiennent, dans le cadre d\u2019une phase pilote, des projets socioculturels permettant aux enfants d\u2019\u00e2ge pr\u00e9scolaire de d\u00e9couvrir des lieux culturels et de les co-construire activement.                <\/div>\n            <\/div>\n\t\t\t<svg class=\"svg-icon icon-arrow-right\" xmlns=\"http:\/\/www.w3.org\/2000\/svg\"><use xmlns:xlink=\"http:\/\/www.w3.org\/1999\/xlink\" xlink:href=\"https:\/\/www.lapurla.ch\/wp-content\/themes\/lapurla\/dist\/icons.svg?f27dc72#arrow-right\"><\/use><\/svg>        <\/div>\n    <\/a>\n\t<\/div>\n<div class=\"col-12 col-md-6 col-lg-4  kdgs-filter-item\">\n    <a href=\"https:\/\/www.lapurla.ch\/fr\/news\/creer-un-catalogue-culturel-pour-les-0-4-ans-cest-dabord-une-demarche-collective-convaincre-obtenir-un-soutien-politique-et-construire-des-ponts-durables-entre-la\" class=\"kdgs-filter-item--link \"\n\t\t>\n        <div class=\"item--impression\">\n            <div class=\"item--image\">\n\t\t\t\t<img loading=\"lazy\" decoding=\"async\" width=\"940\" height=\"788\" src=\"https:\/\/www.lapurla.ch\/wp-content\/uploads\/2026\/02\/PhotoElsaveillardquer.png\" class=\"attachment-large size-large wp-post-image\" alt=\"\" srcset=\"https:\/\/www.lapurla.ch\/wp-content\/uploads\/2026\/02\/PhotoElsaveillardquer.png 940w, https:\/\/www.lapurla.ch\/wp-content\/uploads\/2026\/02\/PhotoElsaveillardquer-300x251.png 300w, https:\/\/www.lapurla.ch\/wp-content\/uploads\/2026\/02\/PhotoElsaveillardquer-768x644.png 768w\" sizes=\"auto, (max-width: 940px) 100vw, 940px\" \/>            <\/div>\n            <div class=\"date\">06.02.2026<\/div>\n        <\/div>\n        <div class=\"item--content\">\n            <div class=\"item--content-wrapper\">\n                <h3 class=\"item--title\">\u00ab Cr\u00e9er un catalogue culturel pour les 0\u20134 ans, c\u2019est d\u2019abord une d\u00e9marche collective : convaincre, obtenir un soutien politique et construire des ponts durables entre la petite enfance et le monde culturel. \u00bb<\/h3>\n                <div class=\"item--content\">\n\t\t\t\t\tUn projet avant-gardiste pour les 0\u20134 ans \u00e0 Lausanne : d\u00e9couvre comment Elsa Veillard a imagin\u00e9 et port\u00e9 un catalogue culturel pr\u00e9scolaire, et pourquoi cette exp\u00e9rience peut inspirer d\u2019autres communes.\r\n                <\/div>\n            <\/div>\n\t\t\t<svg class=\"svg-icon icon-arrow-right\" xmlns=\"http:\/\/www.w3.org\/2000\/svg\"><use xmlns:xlink=\"http:\/\/www.w3.org\/1999\/xlink\" xlink:href=\"https:\/\/www.lapurla.ch\/wp-content\/themes\/lapurla\/dist\/icons.svg?f27dc72#arrow-right\"><\/use><\/svg>        <\/div>\n    <\/a>\n\t<\/div>\n<div class=\"col-12 col-md-6 col-lg-4  kdgs-filter-item\">\n    <a href=\"https:\/\/www.lapurla.ch\/fr\/news\/nouveau-partenaire-de-reseau-association-suisse-des-consultations-parents-enfants-as-cpe\" class=\"kdgs-filter-item--link \"\n\t\t>\n        <div class=\"item--impression\">\n            <div class=\"item--image\">\n\t\t\t\t<img loading=\"lazy\" decoding=\"async\" width=\"800\" height=\"600\" src=\"https:\/\/www.lapurla.ch\/wp-content\/uploads\/2026\/01\/ZitateNetzwerkpartneras-cpe.png\" class=\"attachment-large size-large wp-post-image\" alt=\"\" srcset=\"https:\/\/www.lapurla.ch\/wp-content\/uploads\/2026\/01\/ZitateNetzwerkpartneras-cpe.png 800w, https:\/\/www.lapurla.ch\/wp-content\/uploads\/2026\/01\/ZitateNetzwerkpartneras-cpe-300x225.png 300w, https:\/\/www.lapurla.ch\/wp-content\/uploads\/2026\/01\/ZitateNetzwerkpartneras-cpe-768x576.png 768w\" sizes=\"auto, (max-width: 800px) 100vw, 800px\" \/>            <\/div>\n            <div class=\"date\">03.02.2026<\/div>\n        <\/div>\n        <div class=\"item--content\">\n            <div class=\"item--content-wrapper\">\n                <h3 class=\"item--title\">Nouveau partenaire de r\u00e9seau &#8211; Association suisse des consultations parents-enfants (as-cpe)<\/h3>\n                <div class=\"item--content\">\n\t\t\t\t\tEnsemble, nous relions le conseil, la pr\u00e9vention et la participation culturelle \u2013 et, dans le cadre de FLOWmobil, nous cr\u00e9ons des espaces porteurs, fiables et \u00e0 la fois inspirants pour les enfants, les familles et les professionnel\u00b7le\u00b7s.                <\/div>\n            <\/div>\n\t\t\t<svg class=\"svg-icon icon-arrow-right\" xmlns=\"http:\/\/www.w3.org\/2000\/svg\"><use xmlns:xlink=\"http:\/\/www.w3.org\/1999\/xlink\" xlink:href=\"https:\/\/www.lapurla.ch\/wp-content\/themes\/lapurla\/dist\/icons.svg?f27dc72#arrow-right\"><\/use><\/svg>        <\/div>\n    <\/a>\n\t<\/div>\n<div class=\"col-12 col-md-6 col-lg-4  kdgs-filter-item\">\n    <a href=\"https:\/\/www.lapurla.ch\/fr\/news\/prestations-de-lapurla\" class=\"kdgs-filter-item--link \"\n\t\t>\n        <div class=\"item--impression\">\n            <div class=\"item--image\">\n\t\t\t\t<img loading=\"lazy\" decoding=\"async\" width=\"1000\" height=\"563\" src=\"https:\/\/www.lapurla.ch\/wp-content\/uploads\/2026\/02\/LapurlaDienstleistungenalle2.jpg\" class=\"attachment-large size-large wp-post-image\" alt=\"\" srcset=\"https:\/\/www.lapurla.ch\/wp-content\/uploads\/2026\/02\/LapurlaDienstleistungenalle2.jpg 1000w, https:\/\/www.lapurla.ch\/wp-content\/uploads\/2026\/02\/LapurlaDienstleistungenalle2-300x169.jpg 300w, https:\/\/www.lapurla.ch\/wp-content\/uploads\/2026\/02\/LapurlaDienstleistungenalle2-768x432.jpg 768w\" sizes=\"auto, (max-width: 1000px) 100vw, 1000px\" \/>            <\/div>\n            <div class=\"date\">03.02.2026<\/div>\n        <\/div>\n        <div class=\"item--content\">\n            <div class=\"item--content-wrapper\">\n                <h3 class=\"item--title\">Prestations de Lapurla<\/h3>\n                <div class=\"item--content\">\n\t\t\t\t\tDes prestations pour plus d\u2019espaces cr\u00e9atifs d\u00e8s le plus jeune \u00e2ge.\r\nConseil, formation, d\u00e9veloppement et mise en r\u00e9seau. D\u00e9couvrez-les d\u00e8s maintenant !\r\n                <\/div>\n            <\/div>\n\t\t\t<svg class=\"svg-icon icon-arrow-right\" xmlns=\"http:\/\/www.w3.org\/2000\/svg\"><use xmlns:xlink=\"http:\/\/www.w3.org\/1999\/xlink\" xlink:href=\"https:\/\/www.lapurla.ch\/wp-content\/themes\/lapurla\/dist\/icons.svg?f27dc72#arrow-right\"><\/use><\/svg>        <\/div>\n    <\/a>\n\t<\/div>\n<div class=\"col-12 col-md-6 col-lg-4  kdgs-filter-item\">\n    <a href=\"https:\/\/www.lapurla.ch\/fr\/news\/6-conference-nationale-save-the-date\" class=\"kdgs-filter-item--link \"\n\t\t>\n        <div class=\"item--impression\">\n            <div class=\"item--image\">\n\t\t\t\t<img loading=\"lazy\" decoding=\"async\" width=\"369\" height=\"255\" src=\"https:\/\/www.lapurla.ch\/wp-content\/uploads\/2026\/02\/LapurlaIconsNationale-Tagung-6.jpg\" class=\"attachment-large size-large wp-post-image\" alt=\"\" srcset=\"https:\/\/www.lapurla.ch\/wp-content\/uploads\/2026\/02\/LapurlaIconsNationale-Tagung-6.jpg 369w, https:\/\/www.lapurla.ch\/wp-content\/uploads\/2026\/02\/LapurlaIconsNationale-Tagung-6-300x207.jpg 300w\" sizes=\"auto, (max-width: 369px) 100vw, 369px\" \/>            <\/div>\n            <div class=\"date\">03.02.2026<\/div>\n        <\/div>\n        <div class=\"item--content\">\n            <div class=\"item--content-wrapper\">\n                <h3 class=\"item--title\">6. Conf\u00e9rence nationale\u00a0\u2013 Save the Date!<\/h3>\n                <div class=\"item--content\">\n\t\t\t\t\tLa 6e Conf\u00e9rence nationale aura lieu le 27 novembre 2026.\r\nReste curieux\u00b7se \u2013 le prochain th\u00e8me de la conf\u00e9rence sera annonc\u00e9e tr\u00e8s bient\u00f4t !                <\/div>\n            <\/div>\n\t\t\t<svg class=\"svg-icon icon-arrow-right\" xmlns=\"http:\/\/www.w3.org\/2000\/svg\"><use xmlns:xlink=\"http:\/\/www.w3.org\/1999\/xlink\" xlink:href=\"https:\/\/www.lapurla.ch\/wp-content\/themes\/lapurla\/dist\/icons.svg?f27dc72#arrow-right\"><\/use><\/svg>        <\/div>\n    <\/a>\n\t<\/div>\n<div class=\"col-12 col-md-6 col-lg-4  kdgs-filter-item\">\n    <a href=\"https:\/\/www.lapurla.ch\/fr\/news\/nous-accueillons-le-nouveau-groupe-regional-argovie-soleure\" class=\"kdgs-filter-item--link \"\n\t\t>\n        <div class=\"item--impression\">\n            <div class=\"item--image\">\n\t\t\t\t<img loading=\"lazy\" decoding=\"async\" width=\"1024\" height=\"709\" src=\"https:\/\/www.lapurla.ch\/wp-content\/uploads\/2025\/09\/LapurlaKarteIconsRegionalgruppen2025-1-1024x709.jpg\" class=\"attachment-large size-large wp-post-image\" alt=\"\" srcset=\"https:\/\/www.lapurla.ch\/wp-content\/uploads\/2025\/09\/LapurlaKarteIconsRegionalgruppen2025-1-1024x709.jpg 1024w, https:\/\/www.lapurla.ch\/wp-content\/uploads\/2025\/09\/LapurlaKarteIconsRegionalgruppen2025-1-300x208.jpg 300w, https:\/\/www.lapurla.ch\/wp-content\/uploads\/2025\/09\/LapurlaKarteIconsRegionalgruppen2025-1-768x532.jpg 768w, https:\/\/www.lapurla.ch\/wp-content\/uploads\/2025\/09\/LapurlaKarteIconsRegionalgruppen2025-1-1536x1063.jpg 1536w, https:\/\/www.lapurla.ch\/wp-content\/uploads\/2025\/09\/LapurlaKarteIconsRegionalgruppen2025-1-2048x1418.jpg 2048w\" sizes=\"auto, (max-width: 1024px) 100vw, 1024px\" \/>            <\/div>\n            <div class=\"date\">27.01.2026<\/div>\n        <\/div>\n        <div class=\"item--content\">\n            <div class=\"item--content-wrapper\">\n                <h3 class=\"item--title\">Nous accueillons le nouveau groupe r\u00e9gional Argovie\u2013Soleure !<\/h3>\n                <div class=\"item--content\">\n\t\t\t\t\tUn nouveau r\u00e9seau voit le jour : pour l\u2019\u00e9change, la mise en r\u00e9seau et des impulsions partag\u00e9es autour de la petite enfance, de l\u2019art et de la culture. Nous nous r\u00e9jouissons de nouvelles rencontres et de grandir ensemble au sein du r\u00e9seau Lapurla.                <\/div>\n            <\/div>\n\t\t\t<svg class=\"svg-icon icon-arrow-right\" xmlns=\"http:\/\/www.w3.org\/2000\/svg\"><use xmlns:xlink=\"http:\/\/www.w3.org\/1999\/xlink\" xlink:href=\"https:\/\/www.lapurla.ch\/wp-content\/themes\/lapurla\/dist\/icons.svg?f27dc72#arrow-right\"><\/use><\/svg>        <\/div>\n    <\/a>\n\t<\/div>\n<div class=\"col-12 col-md-6 col-lg-4  kdgs-filter-item\">\n    <a href=\"https:\/\/www.lapurla.ch\/fr\/news\/kooperationspartnerschaft\" class=\"kdgs-filter-item--link \"\n\t\t>\n        <div class=\"item--impression\">\n            <div class=\"item--image\">\n\t\t\t\t<img loading=\"lazy\" decoding=\"async\" width=\"800\" height=\"600\" src=\"https:\/\/www.lapurla.ch\/wp-content\/uploads\/2025\/12\/ZitateNetzwerkpartneraprimoDE.png\" class=\"attachment-large size-large wp-post-image\" alt=\"\" srcset=\"https:\/\/www.lapurla.ch\/wp-content\/uploads\/2025\/12\/ZitateNetzwerkpartneraprimoDE.png 800w, https:\/\/www.lapurla.ch\/wp-content\/uploads\/2025\/12\/ZitateNetzwerkpartneraprimoDE-300x225.png 300w, https:\/\/www.lapurla.ch\/wp-content\/uploads\/2025\/12\/ZitateNetzwerkpartneraprimoDE-768x576.png 768w\" sizes=\"auto, (max-width: 800px) 100vw, 800px\" \/>            <\/div>\n            <div class=\"date\">15.12.2025<\/div>\n        <\/div>\n        <div class=\"item--content\">\n            <div class=\"item--content-wrapper\">\n                <h3 class=\"item--title\">Partenariat de coop\u00e9ration pour plus d&rsquo;\u00e9galit\u00e9 des chances<\/h3>\n                <div class=\"item--content\">\n\t\t\t\t\tLa vision commune de Lapurla et a:primo est que chaque enfant en Suisse puisse se d\u00e9velopper sainement et d\u00e9ployer pleinement son potentiel. C\u2019est pourquoi nous coop\u00e9rons en tant qu\u2019organisations partenaires avec l\u2019objectif de toucher \u00e9galement les familles en situation de vuln\u00e9rabilit\u00e9 et de renforcer l\u2019\u00e9galit\u00e9 des chances.                <\/div>\n            <\/div>\n\t\t\t<svg class=\"svg-icon icon-arrow-right\" xmlns=\"http:\/\/www.w3.org\/2000\/svg\"><use xmlns:xlink=\"http:\/\/www.w3.org\/1999\/xlink\" xlink:href=\"https:\/\/www.lapurla.ch\/wp-content\/themes\/lapurla\/dist\/icons.svg?f27dc72#arrow-right\"><\/use><\/svg>        <\/div>\n    <\/a>\n\t<\/div>\n<div class=\"col-12 col-md-6 col-lg-4  kdgs-filter-item\">\n    <a href=\"https:\/\/www.lapurla.ch\/fr\/news\/offre-un-moment-lapurla-en-faisant-un-don\" class=\"kdgs-filter-item--link \"\n\t\t>\n        <div class=\"item--impression\">\n            <div class=\"item--image\">\n\t\t\t\t<img loading=\"lazy\" decoding=\"async\" width=\"1000\" height=\"563\" src=\"https:\/\/www.lapurla.ch\/wp-content\/uploads\/2025\/12\/LapurlaIconsSepcialsWeihnachtsgruss2025FR.png\" class=\"attachment-large size-large wp-post-image\" alt=\"\" srcset=\"https:\/\/www.lapurla.ch\/wp-content\/uploads\/2025\/12\/LapurlaIconsSepcialsWeihnachtsgruss2025FR.png 1000w, https:\/\/www.lapurla.ch\/wp-content\/uploads\/2025\/12\/LapurlaIconsSepcialsWeihnachtsgruss2025FR-300x169.png 300w, https:\/\/www.lapurla.ch\/wp-content\/uploads\/2025\/12\/LapurlaIconsSepcialsWeihnachtsgruss2025FR-768x432.png 768w\" sizes=\"auto, (max-width: 1000px) 100vw, 1000px\" \/>            <\/div>\n            <div class=\"date\">14.12.2025<\/div>\n        <\/div>\n        <div class=\"item--content\">\n            <div class=\"item--content-wrapper\">\n                <h3 class=\"item--title\">Offre un moment Lapurla en faisant un don<\/h3>\n                <div class=\"item--content\">\n\t\t\t\t\tTu ne sais pas quoi offrir ? Tes proches ont d\u00e9j\u00e0 tout, sauf trop peu de temps ensemble ? Ou tu as besoin d&rsquo;un cadeau de derni\u00e8re minute ? Lapurla a la solution parfaite pour toi !                <\/div>\n            <\/div>\n\t\t\t<svg class=\"svg-icon icon-arrow-right\" xmlns=\"http:\/\/www.w3.org\/2000\/svg\"><use xmlns:xlink=\"http:\/\/www.w3.org\/1999\/xlink\" xlink:href=\"https:\/\/www.lapurla.ch\/wp-content\/themes\/lapurla\/dist\/icons.svg?f27dc72#arrow-right\"><\/use><\/svg>        <\/div>\n    <\/a>\n\t<\/div>\n<div class=\"col-12 col-md-6 col-lg-4  kdgs-filter-item\">\n    <a href=\"https:\/\/www.lapurla.ch\/fr\/news\/cafe-projets-culture-et-petite-enfance-au-musee-dart-de-pully\" class=\"kdgs-filter-item--link \"\n\t\t>\n        <div class=\"item--impression\">\n            <div class=\"item--image\">\n\t\t\t\t<img loading=\"lazy\" decoding=\"async\" width=\"626\" height=\"272\" src=\"https:\/\/www.lapurla.ch\/wp-content\/uploads\/2025\/12\/Screenshot-2025-12-10-at-11.23.43.jpg\" class=\"attachment-large size-large wp-post-image\" alt=\"\" srcset=\"https:\/\/www.lapurla.ch\/wp-content\/uploads\/2025\/12\/Screenshot-2025-12-10-at-11.23.43.jpg 626w, https:\/\/www.lapurla.ch\/wp-content\/uploads\/2025\/12\/Screenshot-2025-12-10-at-11.23.43-300x130.jpg 300w\" sizes=\"auto, (max-width: 626px) 100vw, 626px\" \/>            <\/div>\n            <div class=\"date\">10.12.2025<\/div>\n        <\/div>\n        <div class=\"item--content\">\n            <div class=\"item--content-wrapper\">\n                <h3 class=\"item--title\">Caf\u00e9-Projets \u00ab Culture et Petite Enfance \u00bb au Mus\u00e9e d\u2019art de Pully<\/h3>\n                <div class=\"item--content\">\n\t\t\t\t\tUn \u00e9change inspirant entre culture et petite enfance : quatre projets ont pr\u00e9sent\u00e9 leurs approches cr\u00e9atives lors du premier Caf\u00e9-Projets \u00ab Culture et Petite Enfance \u00bb \u2013 organis\u00e9 par l\u2019Association Rencontres Culture et Petite Enfance et port\u00e9 par des partenaires du r\u00e9seau engag\u00e9s.                <\/div>\n            <\/div>\n\t\t\t<svg class=\"svg-icon icon-arrow-right\" xmlns=\"http:\/\/www.w3.org\/2000\/svg\"><use xmlns:xlink=\"http:\/\/www.w3.org\/1999\/xlink\" xlink:href=\"https:\/\/www.lapurla.ch\/wp-content\/themes\/lapurla\/dist\/icons.svg?f27dc72#arrow-right\"><\/use><\/svg>        <\/div>\n    <\/a>\n\t<\/div>\n<div class=\"col-12 col-md-6 col-lg-4  kdgs-filter-item\">\n    <a href=\"https:\/\/www.lapurla.ch\/fr\/news\/nouveau-guide-dorientation-sur-le-reseau-centre-sur-la-famille\" class=\"kdgs-filter-item--link \"\n\t\t>\n        <div class=\"item--impression\">\n            <div class=\"item--image\">\n\t\t\t\t<img loading=\"lazy\" decoding=\"async\" width=\"1\" height=\"1\" src=\"https:\/\/www.lapurla.ch\/wp-content\/uploads\/2025\/12\/LapurlaIconsPublikationenGrundlagenFamilinezentrierte-Vernetzung-1-scaled.png\" class=\"attachment-large size-large wp-post-image\" alt=\"\" \/>            <\/div>\n            <div class=\"date\">03.12.2025<\/div>\n        <\/div>\n        <div class=\"item--content\">\n            <div class=\"item--content-wrapper\">\n                <h3 class=\"item--title\">Nouveau guide d&rsquo;orientation sur le R\u00e9seau centr\u00e9 sur la famille<\/h3>\n                <div class=\"item--content\">\n\t\t\t\t\tLe document de base pr\u00e9sente la mise en r\u00e9seau centr\u00e9e sur la famille comme un concept global, fournit des arguments et des bases juridiques ainsi que des conseils utiles pour sa mise en \u0153uvre. Notre projet mod\u00e8le FLOWmobil s&rsquo;appuie sur ces bases.                <\/div>\n            <\/div>\n\t\t\t<svg class=\"svg-icon icon-arrow-right\" xmlns=\"http:\/\/www.w3.org\/2000\/svg\"><use xmlns:xlink=\"http:\/\/www.w3.org\/1999\/xlink\" xlink:href=\"https:\/\/www.lapurla.ch\/wp-content\/themes\/lapurla\/dist\/icons.svg?f27dc72#arrow-right\"><\/use><\/svg>        <\/div>\n    <\/a>\n\t<\/div>\n<div class=\"col-12 col-md-6 col-lg-4  kdgs-filter-item\">\n    <a href=\"https:\/\/www.lapurla.ch\/fr\/news\/lapurla-zu-gast-in-kassel-teilnehmen-teil-sein-teilgeben\" class=\"kdgs-filter-item--link \"\n\t\t>\n        <div class=\"item--impression\">\n            <div class=\"item--image\">\n\t\t\t\t<img loading=\"lazy\" decoding=\"async\" width=\"1000\" height=\"563\" src=\"https:\/\/www.lapurla.ch\/wp-content\/uploads\/2025\/12\/LapurlaJohanna-BenzNFKB.png\" class=\"attachment-large size-large wp-post-image\" alt=\"\" srcset=\"https:\/\/www.lapurla.ch\/wp-content\/uploads\/2025\/12\/LapurlaJohanna-BenzNFKB.png 1000w, https:\/\/www.lapurla.ch\/wp-content\/uploads\/2025\/12\/LapurlaJohanna-BenzNFKB-300x169.png 300w, https:\/\/www.lapurla.ch\/wp-content\/uploads\/2025\/12\/LapurlaJohanna-BenzNFKB-768x432.png 768w\" sizes=\"auto, (max-width: 1000px) 100vw, 1000px\" \/>            <\/div>\n            <div class=\"date\">02.12.2025<\/div>\n        <\/div>\n        <div class=\"item--content\">\n            <div class=\"item--content-wrapper\">\n                <h3 class=\"item--title\">Lapurla invit\u00e9 \u00e0 Kassel : Teilnehmen \u2013 Teil sein \u2013 Teilgeben<\/h3>\n                <div class=\"item--content\">\n\t\t\t\t\t\u00abReli\u00e9 \u2013 plut\u00f4t que s\u00e9par\u00e9\u00bb\r\nLa Fondation Lapurla \u00e9tait pr\u00e9sente les 25 et 26 novembre \u00e0 la rencontre du r\u00e9seau Fr\u00fchkindliche Kulturelle Bildung NFKB et \u00e0 la journ\u00e9e professionnelle Kulturkita Hessen \u00e0 Kassel. Sous le mot d\u2019ordre \u00ab Participer \u2013 Faire partie \u2013 Contribuer \u00bb, la participation, l\u2019exp\u00e9rience esth\u00e9tique et le renforcement des r\u00e9seaux \u00e9taient au c\u0153ur des \u00e9changes.\r\nD\u00e9couvre-en davantage sur nos impressions.                <\/div>\n            <\/div>\n\t\t\t<svg class=\"svg-icon icon-arrow-right\" xmlns=\"http:\/\/www.w3.org\/2000\/svg\"><use xmlns:xlink=\"http:\/\/www.w3.org\/1999\/xlink\" xlink:href=\"https:\/\/www.lapurla.ch\/wp-content\/themes\/lapurla\/dist\/icons.svg?f27dc72#arrow-right\"><\/use><\/svg>        <\/div>\n    <\/a>\n\t<\/div>\n<div class=\"col-12 col-md-6 col-lg-4  kdgs-filter-item\">\n    <a href=\"https:\/\/www.lapurla.ch\/fr\/news\/lapurla-an-der-tagung-familienzentren-unterwegs-kreative-freiraeume-im-fokus\" class=\"kdgs-filter-item--link \"\n\t\t>\n        <div class=\"item--impression\">\n            <div class=\"item--image\">\n\t\t\t\t<img loading=\"lazy\" decoding=\"async\" width=\"606\" height=\"298\" src=\"https:\/\/www.lapurla.ch\/wp-content\/uploads\/2025\/12\/Screenshot-2025-12-08-at-14.03.47.jpg\" class=\"attachment-large size-large wp-post-image\" alt=\"\" srcset=\"https:\/\/www.lapurla.ch\/wp-content\/uploads\/2025\/12\/Screenshot-2025-12-08-at-14.03.47.jpg 606w, https:\/\/www.lapurla.ch\/wp-content\/uploads\/2025\/12\/Screenshot-2025-12-08-at-14.03.47-300x148.jpg 300w\" sizes=\"auto, (max-width: 606px) 100vw, 606px\" \/>            <\/div>\n            <div class=\"date\">28.11.2025<\/div>\n        <\/div>\n        <div class=\"item--content\">\n            <div class=\"item--content-wrapper\">\n                <h3 class=\"item--title\">Lapurla \u00e0 la journ\u00e9e de conf\u00e9rence \u00abFamilienzentren unterwegs: Vernetzung-Erfahrung-Impulse\u00bb<\/h3>\n                <div class=\"item--content\">\n\t\t\t\t\tLe 21 novembre 2025, Lapurla \u00e9tait pr\u00e9sent \u00e0 Lucerne avec un atelier anim\u00e9 par Karin Kraus. Sous le titre \u00abEspaces de libert\u00e9 cr\u00e9ative\u00bb, elle a montr\u00e9 pourquoi les enfants ont besoin de lieux o\u00f9 l\u2019ouverture, la curiosit\u00e9 et le d\u00e9sir de cr\u00e9er peuvent grandir.                <\/div>\n            <\/div>\n\t\t\t<svg class=\"svg-icon icon-arrow-right\" xmlns=\"http:\/\/www.w3.org\/2000\/svg\"><use xmlns:xlink=\"http:\/\/www.w3.org\/1999\/xlink\" xlink:href=\"https:\/\/www.lapurla.ch\/wp-content\/themes\/lapurla\/dist\/icons.svg?f27dc72#arrow-right\"><\/use><\/svg>        <\/div>\n    <\/a>\n\t<\/div>\n<div class=\"col-12 col-md-6 col-lg-4  kdgs-filter-item\">\n    <a href=\"https:\/\/www.lapurla.ch\/fr\/news\/lapurla-am-langen-tag-des-lernens-fruehkindliche-kulturelle-bildung-im-zentrum\" class=\"kdgs-filter-item--link \"\n\t\t>\n        <div class=\"item--impression\">\n            <div class=\"item--image\">\n\t\t\t\t<img loading=\"lazy\" decoding=\"async\" width=\"1000\" height=\"563\" src=\"https:\/\/www.lapurla.ch\/wp-content\/uploads\/2025\/11\/Lapurlaintrinsic.png\" class=\"attachment-large size-large wp-post-image\" alt=\"\" srcset=\"https:\/\/www.lapurla.ch\/wp-content\/uploads\/2025\/11\/Lapurlaintrinsic.png 1000w, https:\/\/www.lapurla.ch\/wp-content\/uploads\/2025\/11\/Lapurlaintrinsic-300x169.png 300w, https:\/\/www.lapurla.ch\/wp-content\/uploads\/2025\/11\/Lapurlaintrinsic-768x432.png 768w\" sizes=\"auto, (max-width: 1000px) 100vw, 1000px\" \/>            <\/div>\n            <div class=\"date\">28.11.2025<\/div>\n        <\/div>\n        <div class=\"item--content\">\n            <div class=\"item--content-wrapper\">\n                <h3 class=\"item--title\">Lapurla au \u00abLangen Tag des Lernens\u00bb \u2013 L\u2019\u00e9ducation culturelle de la petite enfance au centre<\/h3>\n                <div class=\"item--content\">\n\t\t\t\t\tLe 21 novembre 2025, Lapurla \u2013 repr\u00e9sent\u00e9e par sa fondatrice Karin Kraus \u2013 a particip\u00e9 au festival d\u2019apprentissage inspirant organis\u00e9 par Intrinsic. Dans son intervention, elle a montr\u00e9 pourquoi les plus jeunes nous donnent l\u2019exemple de ce qu\u2019est une v\u00e9ritable \u00e9ducation fond\u00e9e sur la motivation intrins\u00e8que.                <\/div>\n            <\/div>\n\t\t\t<svg class=\"svg-icon icon-arrow-right\" xmlns=\"http:\/\/www.w3.org\/2000\/svg\"><use xmlns:xlink=\"http:\/\/www.w3.org\/1999\/xlink\" xlink:href=\"https:\/\/www.lapurla.ch\/wp-content\/themes\/lapurla\/dist\/icons.svg?f27dc72#arrow-right\"><\/use><\/svg>        <\/div>\n    <\/a>\n\t<\/div>\n<div class=\"col-12 col-md-6 col-lg-4  kdgs-filter-item\">\n    <a href=\"https:\/\/www.lapurla.ch\/fr\/news\/netzwerkpartner-schweizerischer-gemeindeverband\" class=\"kdgs-filter-item--link \"\n\t\t>\n        <div class=\"item--impression\">\n            <div class=\"item--image\">\n\t\t\t\t<img loading=\"lazy\" decoding=\"async\" width=\"1024\" height=\"768\" src=\"https:\/\/www.lapurla.ch\/wp-content\/uploads\/2025\/11\/ZitateNetzwerkpartnerSGVFR-1024x768.png\" class=\"attachment-large size-large wp-post-image\" alt=\"\" srcset=\"https:\/\/www.lapurla.ch\/wp-content\/uploads\/2025\/11\/ZitateNetzwerkpartnerSGVFR-1024x768.png 1024w, https:\/\/www.lapurla.ch\/wp-content\/uploads\/2025\/11\/ZitateNetzwerkpartnerSGVFR-300x225.png 300w, https:\/\/www.lapurla.ch\/wp-content\/uploads\/2025\/11\/ZitateNetzwerkpartnerSGVFR-768x576.png 768w, https:\/\/www.lapurla.ch\/wp-content\/uploads\/2025\/11\/ZitateNetzwerkpartnerSGVFR-1536x1152.png 1536w, https:\/\/www.lapurla.ch\/wp-content\/uploads\/2025\/11\/ZitateNetzwerkpartnerSGVFR-2048x1536.png 2048w\" sizes=\"auto, (max-width: 1024px) 100vw, 1024px\" \/>            <\/div>\n            <div class=\"date\">20.11.2025<\/div>\n        <\/div>\n        <div class=\"item--content\">\n            <div class=\"item--content-wrapper\">\n                <h3 class=\"item--title\">Partenaire de r\u00e9seau \u00ab Association des communes Suisses\u00bb<\/h3>\n                <div class=\"item--content\">\n\t\t\t\t\tNous nous r\u00e9jouissons vivement du partenariat avec l\u2019Association des communes Suisses, qui s\u2019engage dans toute la Suisse en faveur de communes fortes, interconnect\u00e9es et garantissant l\u2019\u00e9galit\u00e9 des chances.                <\/div>\n            <\/div>\n\t\t\t<svg class=\"svg-icon icon-arrow-right\" xmlns=\"http:\/\/www.w3.org\/2000\/svg\"><use xmlns:xlink=\"http:\/\/www.w3.org\/1999\/xlink\" xlink:href=\"https:\/\/www.lapurla.ch\/wp-content\/themes\/lapurla\/dist\/icons.svg?f27dc72#arrow-right\"><\/use><\/svg>        <\/div>\n    <\/a>\n\t<\/div>\n<div class=\"col-12 col-md-6 col-lg-4  kdgs-filter-item\">\n    <a href=\"https:\/\/www.lapurla.ch\/fr\/news\/dokumentation-5-nationale-tagung-lapurla\" class=\"kdgs-filter-item--link \"\n\t\t>\n        <div class=\"item--impression\">\n            <div class=\"item--image\">\n\t\t\t\t<img loading=\"lazy\" decoding=\"async\" width=\"1024\" height=\"709\" src=\"https:\/\/www.lapurla.ch\/wp-content\/uploads\/2025\/11\/LapurlaIconsAnlaesseNationale-Tagung-5Dokumentation-1024x709.png\" class=\"attachment-large size-large wp-post-image\" alt=\"\" srcset=\"https:\/\/www.lapurla.ch\/wp-content\/uploads\/2025\/11\/LapurlaIconsAnlaesseNationale-Tagung-5Dokumentation-1024x709.png 1024w, https:\/\/www.lapurla.ch\/wp-content\/uploads\/2025\/11\/LapurlaIconsAnlaesseNationale-Tagung-5Dokumentation-300x208.png 300w, https:\/\/www.lapurla.ch\/wp-content\/uploads\/2025\/11\/LapurlaIconsAnlaesseNationale-Tagung-5Dokumentation-768x532.png 768w, https:\/\/www.lapurla.ch\/wp-content\/uploads\/2025\/11\/LapurlaIconsAnlaesseNationale-Tagung-5Dokumentation.png 1535w\" sizes=\"auto, (max-width: 1024px) 100vw, 1024px\" \/>            <\/div>\n            <div class=\"date\">14.11.2025<\/div>\n        <\/div>\n        <div class=\"item--content\">\n            <div class=\"item--content-wrapper\">\n                <h3 class=\"item--title\">Documentation 5e conf\u00e9rence nationale Lapurla<\/h3>\n                <div class=\"item--content\">\n\t\t\t\t\tLa 5e conf\u00e9rence nationale de Lapurla sur le th\u00e8me \u00ab Tisser, partager, grandir : faire fleurir le potentiel du r\u00e9seau \u00bb a \u00e9t\u00e9 un v\u00e9ritable succ\u00e8s ! Nous repartons inspir\u00e9\u00b7e\u00b7s et nourri\u00b7e\u00b7s par la richesse des \u00e9changes, et nous nous r\u00e9jouissons d\u00e9j\u00e0 des fleurs et des fruits que notre r\u00e9seau fera \u00e9clore l\u2019ann\u00e9e prochaine. Un grand merci \u00e0 toutes les personnes participantes pour la diversit\u00e9 des impulsions, des regards et des perspectives partag\u00e9es !                <\/div>\n            <\/div>\n\t\t\t<svg class=\"svg-icon icon-arrow-right\" xmlns=\"http:\/\/www.w3.org\/2000\/svg\"><use xmlns:xlink=\"http:\/\/www.w3.org\/1999\/xlink\" xlink:href=\"https:\/\/www.lapurla.ch\/wp-content\/themes\/lapurla\/dist\/icons.svg?f27dc72#arrow-right\"><\/use><\/svg>        <\/div>\n    <\/a>\n\t<\/div>\n<div class=\"col-12 col-md-6 col-lg-4  kdgs-filter-item\">\n    <a href=\"https:\/\/www.lapurla.ch\/fr\/news\/lapurla-an-der-jubilaeumstagung-von-kinderaerzte-schweiz-kis\" class=\"kdgs-filter-item--link \"\n\t\t>\n        <div class=\"item--impression\">\n            <div class=\"item--image\">\n\t\t\t\t<img loading=\"lazy\" decoding=\"async\" width=\"1024\" height=\"576\" src=\"https:\/\/www.lapurla.ch\/wp-content\/uploads\/2025\/11\/LapurlaIconsPublikationenKIS2025-1024x576.png\" class=\"attachment-large size-large wp-post-image\" alt=\"\" srcset=\"https:\/\/www.lapurla.ch\/wp-content\/uploads\/2025\/11\/LapurlaIconsPublikationenKIS2025-1024x576.png 1024w, https:\/\/www.lapurla.ch\/wp-content\/uploads\/2025\/11\/LapurlaIconsPublikationenKIS2025-300x169.png 300w, https:\/\/www.lapurla.ch\/wp-content\/uploads\/2025\/11\/LapurlaIconsPublikationenKIS2025-768x432.png 768w, https:\/\/www.lapurla.ch\/wp-content\/uploads\/2025\/11\/LapurlaIconsPublikationenKIS2025-1536x864.png 1536w, https:\/\/www.lapurla.ch\/wp-content\/uploads\/2025\/11\/LapurlaIconsPublikationenKIS2025-2048x1152.png 2048w\" sizes=\"auto, (max-width: 1024px) 100vw, 1024px\" \/>            <\/div>\n            <div class=\"date\">12.11.2025<\/div>\n        <\/div>\n        <div class=\"item--content\">\n            <div class=\"item--content-wrapper\">\n                <h3 class=\"item--title\">Lapurla au congr\u00e8s jubilaire de Kinder\u00e4rzte Schweiz (KIS)<\/h3>\n                <div class=\"item--content\">\n\t\t\t\t\tLapurla a eu le plaisir d\u2019animer deux ateliers lors du congr\u00e8s jubilaire de notre partenaire r\u00e9seau Kinder\u00e4rzte Schweiz, en septembre. Les ateliers portaient sur le th\u00e8me : \u00ab Le cabinet p\u00e9diatrique comme espace de libert\u00e9 cr\u00e9ative : comment faire ? \u00bb. Un bref retour sur cette exp\u00e9rience figure dans la revue sp\u00e9cialis\u00e9e de KIS.                <\/div>\n            <\/div>\n\t\t\t<svg class=\"svg-icon icon-arrow-right\" xmlns=\"http:\/\/www.w3.org\/2000\/svg\"><use xmlns:xlink=\"http:\/\/www.w3.org\/1999\/xlink\" xlink:href=\"https:\/\/www.lapurla.ch\/wp-content\/themes\/lapurla\/dist\/icons.svg?f27dc72#arrow-right\"><\/use><\/svg>        <\/div>\n    <\/a>\n\t<\/div>\n<div class=\"col-12 col-md-6 col-lg-4  kdgs-filter-item\">\n    <a href=\"https:\/\/www.lapurla.ch\/fr\/news\/automatider-orientierungsrahmen-2-0-ein-erneuertes-nationales-referenzdokument-fur-bildungsqualitat-0-12-jahresch-gespeicherter-entwurf\" class=\"kdgs-filter-item--link \"\n\t\t>\n        <div class=\"item--impression\">\n            <div class=\"item--image\">\n\t\t\t\t<img loading=\"lazy\" decoding=\"async\" width=\"1024\" height=\"576\" src=\"https:\/\/www.lapurla.ch\/wp-content\/uploads\/2025\/12\/LapurlaIconsPublikationenOR22025-1024x576.png\" class=\"attachment-large size-large wp-post-image\" alt=\"\" srcset=\"https:\/\/www.lapurla.ch\/wp-content\/uploads\/2025\/12\/LapurlaIconsPublikationenOR22025-1024x576.png 1024w, https:\/\/www.lapurla.ch\/wp-content\/uploads\/2025\/12\/LapurlaIconsPublikationenOR22025-300x169.png 300w, https:\/\/www.lapurla.ch\/wp-content\/uploads\/2025\/12\/LapurlaIconsPublikationenOR22025-768x432.png 768w, https:\/\/www.lapurla.ch\/wp-content\/uploads\/2025\/12\/LapurlaIconsPublikationenOR22025-1536x864.png 1536w, https:\/\/www.lapurla.ch\/wp-content\/uploads\/2025\/12\/LapurlaIconsPublikationenOR22025-2048x1152.png 2048w\" sizes=\"auto, (max-width: 1024px) 100vw, 1024px\" \/>            <\/div>\n            <div class=\"date\">10.11.2025<\/div>\n        <\/div>\n        <div class=\"item--content\">\n            <div class=\"item--content-wrapper\">\n                <h3 class=\"item--title\">Cadre d\u2019orientation 2.0 : le nouveau r\u00e9f\u00e9rentiel national pour la qualit\u00e9 \u00e9ducative (0\u201312 ans)<\/h3>\n                <div class=\"item--content\">\n\t\t\t\t\tLe Cadre d\u2019orientation 2.0, mis \u00e0 jour par Alliance Enfance, a \u00e9t\u00e9 publi\u00e9 cette ann\u00e9e 2025. Il renforce la qualit\u00e9, la participation et l\u2019\u00e9galit\u00e9 des chances dans tous les contextes \u00e9ducatifs et d\u2019accueil pour les enfants de 0 \u00e0 12 ans.                <\/div>\n            <\/div>\n\t\t\t<svg class=\"svg-icon icon-arrow-right\" xmlns=\"http:\/\/www.w3.org\/2000\/svg\"><use xmlns:xlink=\"http:\/\/www.w3.org\/1999\/xlink\" xlink:href=\"https:\/\/www.lapurla.ch\/wp-content\/themes\/lapurla\/dist\/icons.svg?f27dc72#arrow-right\"><\/use><\/svg>        <\/div>\n    <\/a>\n\t<\/div>\n<div class=\"col-12 col-md-6 col-lg-4  kdgs-filter-item\">\n    <a href=\"https:\/\/www.lapurla.ch\/fr\/news\/partenaire-reseau-intrinsic\" class=\"kdgs-filter-item--link \"\n\t\t>\n        <div class=\"item--impression\">\n            <div class=\"item--image\">\n\t\t\t\t<img loading=\"lazy\" decoding=\"async\" width=\"1\" height=\"1\" src=\"https:\/\/www.lapurla.ch\/wp-content\/uploads\/2025\/10\/ZitateNetzwerkpartner2-scaled.jpg\" class=\"attachment-large size-large wp-post-image\" alt=\"\" \/>            <\/div>\n            <div class=\"date\">01.10.2025<\/div>\n        <\/div>\n        <div class=\"item--content\">\n            <div class=\"item--content-wrapper\">\n                <h3 class=\"item--title\">Partenaire r\u00e9seau \u00abIntrinsic\u00bb<\/h3>\n                <div class=\"item--content\">\n\t\t\t\t\tC&rsquo;est avec grand plaisir que nous vous pr\u00e9sentons notre nouveau partenaire r\u00e9seau \u00ab Intrinsic \u00bb : Intrinsic initie et d\u00e9veloppe de nouvelles cultures d&rsquo;apprentissage, car aujourd&rsquo;hui, ce qui compte, c&rsquo;est la mani\u00e8re dont nous apprenons, et non ce que nous savons. Lapurla et Intrinsic souhaitent apprendre l&rsquo;un de l&rsquo;autre et ensemble comment fonctionne une \u00e9ducation tourn\u00e9e vers l&rsquo;avenir.                <\/div>\n            <\/div>\n\t\t\t<svg class=\"svg-icon icon-arrow-right\" xmlns=\"http:\/\/www.w3.org\/2000\/svg\"><use xmlns:xlink=\"http:\/\/www.w3.org\/1999\/xlink\" xlink:href=\"https:\/\/www.lapurla.ch\/wp-content\/themes\/lapurla\/dist\/icons.svg?f27dc72#arrow-right\"><\/use><\/svg>        <\/div>\n    <\/a>\n\t<\/div>\n<div class=\"col-12 col-md-6 col-lg-4  kdgs-filter-item\">\n    <a href=\"https:\/\/www.lapurla.ch\/fr\/news\/natur-und-du-un-debut-inspirant\" class=\"kdgs-filter-item--link \"\n\t\t>\n        <div class=\"item--impression\">\n            <div class=\"item--image\">\n\t\t\t\t<img loading=\"lazy\" decoding=\"async\" width=\"576\" height=\"1024\" src=\"https:\/\/www.lapurla.ch\/wp-content\/uploads\/2025\/09\/788F2815-8623-4E43-8CE1-9F5B7695F2BC1-576x1024.jpeg\" class=\"attachment-large size-large wp-post-image\" alt=\"\" srcset=\"https:\/\/www.lapurla.ch\/wp-content\/uploads\/2025\/09\/788F2815-8623-4E43-8CE1-9F5B7695F2BC1-576x1024.jpeg 576w, https:\/\/www.lapurla.ch\/wp-content\/uploads\/2025\/09\/788F2815-8623-4E43-8CE1-9F5B7695F2BC1-169x300.jpeg 169w, https:\/\/www.lapurla.ch\/wp-content\/uploads\/2025\/09\/788F2815-8623-4E43-8CE1-9F5B7695F2BC1-768x1365.jpeg 768w, https:\/\/www.lapurla.ch\/wp-content\/uploads\/2025\/09\/788F2815-8623-4E43-8CE1-9F5B7695F2BC1-864x1536.jpeg 864w, https:\/\/www.lapurla.ch\/wp-content\/uploads\/2025\/09\/788F2815-8623-4E43-8CE1-9F5B7695F2BC1-1152x2048.jpeg 1152w, https:\/\/www.lapurla.ch\/wp-content\/uploads\/2025\/09\/788F2815-8623-4E43-8CE1-9F5B7695F2BC1.jpeg 1170w\" sizes=\"auto, (max-width: 576px) 100vw, 576px\" \/>            <\/div>\n            <div class=\"date\">30.09.2025<\/div>\n        <\/div>\n        <div class=\"item--content\">\n            <div class=\"item--content-wrapper\">\n                <h3 class=\"item--title\">\u00abNatur. Und Du?\u00bb \u2013 Un d\u00e9but inspirant !<\/h3>\n                <div class=\"item--content\">\n\t\t\t\t\tUn moment suspendu au c\u0153ur de la for\u00eat : parents et enfants ont collect\u00e9, construit, jou\u00e9 et chant\u00e9 ensemble. Entre pierres, bois et oiseaux de terre cuite, la nature s\u2019est transform\u00e9e en sc\u00e8ne vivante, invitant chacun \u00e0 s\u2019\u00e9merveiller et \u00e0 cr\u00e9er.                <\/div>\n            <\/div>\n\t\t\t<svg class=\"svg-icon icon-arrow-right\" xmlns=\"http:\/\/www.w3.org\/2000\/svg\"><use xmlns:xlink=\"http:\/\/www.w3.org\/1999\/xlink\" xlink:href=\"https:\/\/www.lapurla.ch\/wp-content\/themes\/lapurla\/dist\/icons.svg?f27dc72#arrow-right\"><\/use><\/svg>        <\/div>\n    <\/a>\n\t<\/div>\n<div class=\"col-12 col-md-6 col-lg-4  kdgs-filter-item\">\n    <a href=\"https:\/\/www.lapurla.ch\/fr\/news\/pilotprojekt-flowmobil-in-wetzikon-ein-vielversprechender-start\" class=\"kdgs-filter-item--link \"\n\t\t>\n        <div class=\"item--impression\">\n            <div class=\"item--image\">\n\t\t\t\t<img loading=\"lazy\" decoding=\"async\" width=\"1024\" height=\"473\" src=\"https:\/\/www.lapurla.ch\/wp-content\/uploads\/2025\/08\/LapurlaFLOWmobil-FiZ-Wetzikon2025-1024x473.jpg\" class=\"attachment-large size-large wp-post-image\" alt=\"\" srcset=\"https:\/\/www.lapurla.ch\/wp-content\/uploads\/2025\/08\/LapurlaFLOWmobil-FiZ-Wetzikon2025-1024x473.jpg 1024w, https:\/\/www.lapurla.ch\/wp-content\/uploads\/2025\/08\/LapurlaFLOWmobil-FiZ-Wetzikon2025-300x139.jpg 300w, https:\/\/www.lapurla.ch\/wp-content\/uploads\/2025\/08\/LapurlaFLOWmobil-FiZ-Wetzikon2025-768x355.jpg 768w, https:\/\/www.lapurla.ch\/wp-content\/uploads\/2025\/08\/LapurlaFLOWmobil-FiZ-Wetzikon2025-1536x710.jpg 1536w, https:\/\/www.lapurla.ch\/wp-content\/uploads\/2025\/08\/LapurlaFLOWmobil-FiZ-Wetzikon2025.jpg 2000w\" sizes=\"auto, (max-width: 1024px) 100vw, 1024px\" \/>            <\/div>\n            <div class=\"date\">29.09.2025<\/div>\n        <\/div>\n        <div class=\"item--content\">\n            <div class=\"item--content-wrapper\">\n                <h3 class=\"item--title\">Projet pilote FLOWmobil \u00e0 Wetzikon \u2013 un d\u00e9part prometteur !<\/h3>\n                <div class=\"item--content\">\n\t\t\t\t\tEn septembre, le nouveau projet pilote FLOWmobil a d\u00e9marr\u00e9 en collaboration avec le centre familial FiZ \u00e0 Wetzikon \u2013 un lancement couronn\u00e9 de succ\u00e8s!                <\/div>\n            <\/div>\n\t\t\t<svg class=\"svg-icon icon-arrow-right\" xmlns=\"http:\/\/www.w3.org\/2000\/svg\"><use xmlns:xlink=\"http:\/\/www.w3.org\/1999\/xlink\" xlink:href=\"https:\/\/www.lapurla.ch\/wp-content\/themes\/lapurla\/dist\/icons.svg?f27dc72#arrow-right\"><\/use><\/svg>        <\/div>\n    <\/a>\n\t<\/div>\n<div class=\"col-12 col-md-6 col-lg-4  kdgs-filter-item\">\n    <a href=\"https:\/\/www.lapurla.ch\/fr\/news\/neues-kapitel-in-der-romandie-die-regionalgruppe-waadt\" class=\"kdgs-filter-item--link \"\n\t\t>\n        <div class=\"item--impression\">\n            <div class=\"item--image\">\n\t\t\t\t<img loading=\"lazy\" decoding=\"async\" width=\"1024\" height=\"709\" src=\"https:\/\/www.lapurla.ch\/wp-content\/uploads\/2025\/09\/LapurlaKarteIconsRegionalgruppen2025-1-1024x709.jpg\" class=\"attachment-large size-large wp-post-image\" alt=\"\" srcset=\"https:\/\/www.lapurla.ch\/wp-content\/uploads\/2025\/09\/LapurlaKarteIconsRegionalgruppen2025-1-1024x709.jpg 1024w, https:\/\/www.lapurla.ch\/wp-content\/uploads\/2025\/09\/LapurlaKarteIconsRegionalgruppen2025-1-300x208.jpg 300w, https:\/\/www.lapurla.ch\/wp-content\/uploads\/2025\/09\/LapurlaKarteIconsRegionalgruppen2025-1-768x532.jpg 768w, https:\/\/www.lapurla.ch\/wp-content\/uploads\/2025\/09\/LapurlaKarteIconsRegionalgruppen2025-1-1536x1063.jpg 1536w, https:\/\/www.lapurla.ch\/wp-content\/uploads\/2025\/09\/LapurlaKarteIconsRegionalgruppen2025-1-2048x1418.jpg 2048w\" sizes=\"auto, (max-width: 1024px) 100vw, 1024px\" \/>            <\/div>\n            <div class=\"date\">29.09.2025<\/div>\n        <\/div>\n        <div class=\"item--content\">\n            <div class=\"item--content-wrapper\">\n                <h3 class=\"item--title\">Un nouveau chapitre en Romandie : le groupe r\u00e9gional Vaud !<\/h3>\n                <div class=\"item--content\">\n\t\t\t\t\tL\u2019ancien groupe r\u00e9gional Romandie \u00e9volue et devient d\u00e9sormais le groupe r\u00e9gional Vaud, port\u00e9 par l\u2019association Rencontres Culture et Petite Enfance!                <\/div>\n            <\/div>\n\t\t\t<svg class=\"svg-icon icon-arrow-right\" xmlns=\"http:\/\/www.w3.org\/2000\/svg\"><use xmlns:xlink=\"http:\/\/www.w3.org\/1999\/xlink\" xlink:href=\"https:\/\/www.lapurla.ch\/wp-content\/themes\/lapurla\/dist\/icons.svg?f27dc72#arrow-right\"><\/use><\/svg>        <\/div>\n    <\/a>\n\t<\/div>\n<div class=\"col-12 col-md-6 col-lg-4  kdgs-filter-item\">\n    <a href=\"https:\/\/www.lapurla.ch\/fr\/news\/flyer-mit-qr-codes-zu-den-lapurla-broschueren\" class=\"kdgs-filter-item--link \"\n\t\t>\n        <div class=\"item--impression\">\n            <div class=\"item--image\">\n\t\t\t\t<img loading=\"lazy\" decoding=\"async\" width=\"1024\" height=\"722\" src=\"https:\/\/www.lapurla.ch\/wp-content\/uploads\/2025\/09\/QR-CodesBroschuerenLapurlaA5DE-2-pdf-1024x722.jpg\" class=\"attachment-large size-large wp-post-image\" alt=\"\" \/>            <\/div>\n            <div class=\"date\">25.09.2025<\/div>\n        <\/div>\n        <div class=\"item--content\">\n            <div class=\"item--content-wrapper\">\n                <h3 class=\"item--title\">Nouveau : Flyer avec QR-Codes vers les brochures Lapurla<\/h3>\n                <div class=\"item--content\">\n\t\t\t\t\tTu souhaite offrir aux parents, aux membres de l\u2019\u00e9quipe ou aux personnes int\u00e9ress\u00e9es un acc\u00e8s simple et rapide aux brochures Lapurla ?\r\nGr\u00e2ce aux QR-Codes, chacun peut y acc\u00e9der directement \u2013 \u00e0 tout moment et en tout lieu!                <\/div>\n            <\/div>\n\t\t\t<svg class=\"svg-icon icon-arrow-right\" xmlns=\"http:\/\/www.w3.org\/2000\/svg\"><use xmlns:xlink=\"http:\/\/www.w3.org\/1999\/xlink\" xlink:href=\"https:\/\/www.lapurla.ch\/wp-content\/themes\/lapurla\/dist\/icons.svg?f27dc72#arrow-right\"><\/use><\/svg>        <\/div>\n    <\/a>\n\t<\/div>\n<div class=\"col-12 col-md-6 col-lg-4  kdgs-filter-item\">\n    <a href=\"https:\/\/www.lapurla.ch\/fr\/news\/5e-conference-nationale-lapurla-reserve-ta-place-des-maintenant\" class=\"kdgs-filter-item--link \"\n\t\t>\n        <div class=\"item--impression\">\n            <div class=\"item--image\">\n\t\t\t\t<img loading=\"lazy\" decoding=\"async\" width=\"1024\" height=\"709\" src=\"https:\/\/www.lapurla.ch\/wp-content\/uploads\/2025\/04\/LapurlaIconsAnlaesseNationale-Tagung-5Titel-1024x709.png\" class=\"attachment-large size-large wp-post-image\" alt=\"\" srcset=\"https:\/\/www.lapurla.ch\/wp-content\/uploads\/2025\/04\/LapurlaIconsAnlaesseNationale-Tagung-5Titel-1024x709.png 1024w, https:\/\/www.lapurla.ch\/wp-content\/uploads\/2025\/04\/LapurlaIconsAnlaesseNationale-Tagung-5Titel-300x208.png 300w, https:\/\/www.lapurla.ch\/wp-content\/uploads\/2025\/04\/LapurlaIconsAnlaesseNationale-Tagung-5Titel-768x532.png 768w, https:\/\/www.lapurla.ch\/wp-content\/uploads\/2025\/04\/LapurlaIconsAnlaesseNationale-Tagung-5Titel.png 1535w\" sizes=\"auto, (max-width: 1024px) 100vw, 1024px\" \/>            <\/div>\n            <div class=\"date\">15.09.2025<\/div>\n        <\/div>\n        <div class=\"item--content\">\n            <div class=\"item--content-wrapper\">\n                <h3 class=\"item--title\">5e Conf\u00e9rence nationale Lapurla \/ R\u00c9SERVE TA PLACE D\u00c8S MAINTENANT !\u00a0<\/h3>\n                <div class=\"item--content\">\n\t\t\t\t\tCette ann\u00e9e, Lapurla invite d\u00e9j\u00e0 \u00e0 la 5e conf\u00e9rence nationale sous la devise : \u00ab Tisser, partager, grandir : faire fleurir le potentiel du r\u00e9seau \u00bb. Tu auras l\u2019occasion de te pr\u00e9senter au r\u00e9seau et de pr\u00e9senter ton engagement pour les plus jeunes avec un stand, ainsi que trouver des alli\u00e9s pour de nouvelles id\u00e9es de projets. Saisis cette chance et inscris-toi d\u00e8s maintenant, le nombre de places est limit\u00e9 !                <\/div>\n            <\/div>\n\t\t\t<svg class=\"svg-icon icon-arrow-right\" xmlns=\"http:\/\/www.w3.org\/2000\/svg\"><use xmlns:xlink=\"http:\/\/www.w3.org\/1999\/xlink\" xlink:href=\"https:\/\/www.lapurla.ch\/wp-content\/themes\/lapurla\/dist\/icons.svg?f27dc72#arrow-right\"><\/use><\/svg>        <\/div>\n    <\/a>\n\t<\/div>\n<div class=\"col-12 col-md-6 col-lg-4  kdgs-filter-item\">\n    <a href=\"https:\/\/www.lapurla.ch\/fr\/news\/lancement-reussi-du-projet-flowmobil-a-niederhasli\" class=\"kdgs-filter-item--link \"\n\t\t>\n        <div class=\"item--impression\">\n            <div class=\"item--image\">\n\t\t\t\t<img loading=\"lazy\" decoding=\"async\" width=\"1024\" height=\"1024\" src=\"https:\/\/www.lapurla.ch\/wp-content\/uploads\/2025\/08\/FLOWmobilNiederhaslisignetquer-1024x1024.png\" class=\"attachment-large size-large wp-post-image\" alt=\"\" srcset=\"https:\/\/www.lapurla.ch\/wp-content\/uploads\/2025\/08\/FLOWmobilNiederhaslisignetquer-1024x1024.png 1024w, https:\/\/www.lapurla.ch\/wp-content\/uploads\/2025\/08\/FLOWmobilNiederhaslisignetquer-300x300.png 300w, https:\/\/www.lapurla.ch\/wp-content\/uploads\/2025\/08\/FLOWmobilNiederhaslisignetquer-150x150.png 150w, https:\/\/www.lapurla.ch\/wp-content\/uploads\/2025\/08\/FLOWmobilNiederhaslisignetquer-768x768.png 768w, https:\/\/www.lapurla.ch\/wp-content\/uploads\/2025\/08\/FLOWmobilNiederhaslisignetquer.png 1200w\" sizes=\"auto, (max-width: 1024px) 100vw, 1024px\" \/>            <\/div>\n            <div class=\"date\">21.08.2025<\/div>\n        <\/div>\n        <div class=\"item--content\">\n            <div class=\"item--content-wrapper\">\n                <h3 class=\"item--title\">Lancement r\u00e9ussi du projet FLOWmobil \u00e0 Niederhasli<\/h3>\n                <div class=\"item--content\">\n\t\t\t\t\t\u00ab FLOWmobil \u00bb favorise les \u00e9changes sociaux dans l&rsquo;espace public pour les familles avec de jeunes enfants gr\u00e2ce \u00e0 des offres stimulant la cr\u00e9ativit\u00e9. Les premiers r\u00e9sultats montrent clairement que ce cadre de rencontre a un grand potentiel pour atteindre les familles \u00e0 un stade pr\u00e9coce et les mettre en r\u00e9seau de mani\u00e8re durable dans leur commune de r\u00e9sidence.                <\/div>\n            <\/div>\n\t\t\t<svg class=\"svg-icon icon-arrow-right\" xmlns=\"http:\/\/www.w3.org\/2000\/svg\"><use xmlns:xlink=\"http:\/\/www.w3.org\/1999\/xlink\" xlink:href=\"https:\/\/www.lapurla.ch\/wp-content\/themes\/lapurla\/dist\/icons.svg?f27dc72#arrow-right\"><\/use><\/svg>        <\/div>\n    <\/a>\n\t<\/div>\n<div class=\"col-12 col-md-6 col-lg-4  kdgs-filter-item\">\n    <a href=\"https:\/\/www.lapurla.ch\/fr\/news\/partenaire-reseau-youvita\" class=\"kdgs-filter-item--link \"\n\t\t>\n        <div class=\"item--impression\">\n            <div class=\"item--image\">\n\t\t\t\t<img loading=\"lazy\" decoding=\"async\" width=\"819\" height=\"1024\" src=\"https:\/\/www.lapurla.ch\/wp-content\/uploads\/2025\/08\/NetzwerkpartnerFRHoch-819x1024.png\" class=\"attachment-large size-large wp-post-image\" alt=\"\" srcset=\"https:\/\/www.lapurla.ch\/wp-content\/uploads\/2025\/08\/NetzwerkpartnerFRHoch-819x1024.png 819w, https:\/\/www.lapurla.ch\/wp-content\/uploads\/2025\/08\/NetzwerkpartnerFRHoch-240x300.png 240w, https:\/\/www.lapurla.ch\/wp-content\/uploads\/2025\/08\/NetzwerkpartnerFRHoch-768x960.png 768w, https:\/\/www.lapurla.ch\/wp-content\/uploads\/2025\/08\/NetzwerkpartnerFRHoch.png 1080w\" sizes=\"auto, (max-width: 819px) 100vw, 819px\" \/>            <\/div>\n            <div class=\"date\">20.08.2025<\/div>\n        <\/div>\n        <div class=\"item--content\">\n            <div class=\"item--content-wrapper\">\n                <h3 class=\"item--title\">Partenaire r\u00e9seau \u00abYOUVITA\u00bb<\/h3>\n                <div class=\"item--content\">\n\t\t\t\t\tC&rsquo;est avec grand plaisir que nous vous pr\u00e9sentons notre nouveau partenaire r\u00e9seau : \u00ab YOUVITA \u00bb.\r\nYOUVITA est l&rsquo;association nationale des prestataires de services pour les enfants et les jeunes et fait partie de la f\u00e9d\u00e9ration ARTSET.                 <\/div>\n            <\/div>\n\t\t\t<svg class=\"svg-icon icon-arrow-right\" xmlns=\"http:\/\/www.w3.org\/2000\/svg\"><use xmlns:xlink=\"http:\/\/www.w3.org\/1999\/xlink\" xlink:href=\"https:\/\/www.lapurla.ch\/wp-content\/themes\/lapurla\/dist\/icons.svg?f27dc72#arrow-right\"><\/use><\/svg>        <\/div>\n    <\/a>\n\t<\/div>\n<div class=\"col-12 col-md-6 col-lg-4  kdgs-filter-item\">\n    <a href=\"https:\/\/www.lapurla.ch\/fr\/news\/rapport-dimpact-de-lapurla-2024-2\" class=\"kdgs-filter-item--link \"\n\t\t>\n        <div class=\"item--impression\">\n            <div class=\"item--image\">\n\t\t\t\t<img loading=\"lazy\" decoding=\"async\" width=\"1024\" height=\"563\" src=\"https:\/\/www.lapurla.ch\/wp-content\/uploads\/2025\/08\/Wirkungsbericht-2024-1024x563.jpg\" class=\"attachment-large size-large wp-post-image\" alt=\"\" srcset=\"https:\/\/www.lapurla.ch\/wp-content\/uploads\/2025\/08\/Wirkungsbericht-2024-1024x563.jpg 1024w, https:\/\/www.lapurla.ch\/wp-content\/uploads\/2025\/08\/Wirkungsbericht-2024-300x165.jpg 300w, https:\/\/www.lapurla.ch\/wp-content\/uploads\/2025\/08\/Wirkungsbericht-2024-768x422.jpg 768w, https:\/\/www.lapurla.ch\/wp-content\/uploads\/2025\/08\/Wirkungsbericht-2024-1536x845.jpg 1536w, https:\/\/www.lapurla.ch\/wp-content\/uploads\/2025\/08\/Wirkungsbericht-2024-2048x1126.jpg 2048w\" sizes=\"auto, (max-width: 1024px) 100vw, 1024px\" \/>            <\/div>\n            <div class=\"date\">20.08.2025<\/div>\n        <\/div>\n        <div class=\"item--content\">\n            <div class=\"item--content-wrapper\">\n                <h3 class=\"item--title\">Rapport d\u2019impact de Lapurla 2024<\/h3>\n                <div class=\"item--content\">\n\t\t\t\t\tLe rapport d&rsquo;impact 2024 montre clairement \u00e0 quel point Lapurla a \u00e9t\u00e9 active au cours de sa deuxi\u00e8me ann\u00e9e en tant que fondation : du d\u00e9veloppement du r\u00e9seau national \u00e0 de nombreux \u00e9v\u00e9nements dans toutes les r\u00e9gions du pays, en passant par de nouveaux projets mod\u00e8les tels que FLOWmobil.\r\n                <\/div>\n            <\/div>\n\t\t\t<svg class=\"svg-icon icon-arrow-right\" xmlns=\"http:\/\/www.w3.org\/2000\/svg\"><use xmlns:xlink=\"http:\/\/www.w3.org\/1999\/xlink\" xlink:href=\"https:\/\/www.lapurla.ch\/wp-content\/themes\/lapurla\/dist\/icons.svg?f27dc72#arrow-right\"><\/use><\/svg>        <\/div>\n    <\/a>\n\t<\/div>\n<div class=\"col-12 col-md-6 col-lg-4  kdgs-filter-item\">\n    <a href=\"https:\/\/www.lapurla.ch\/fr\/news\/5e-conference-nationale-lapurla-sinscrire-maintenant\" class=\"kdgs-filter-item--link \"\n\t\t>\n        <div class=\"item--impression\">\n            <div class=\"item--image\">\n\t\t\t\t<img loading=\"lazy\" decoding=\"async\" width=\"1024\" height=\"709\" src=\"https:\/\/www.lapurla.ch\/wp-content\/uploads\/2025\/04\/LapurlaIconsAnlaesseNationale-Tagung-5Titel-1024x709.png\" class=\"attachment-large size-large wp-post-image\" alt=\"\" srcset=\"https:\/\/www.lapurla.ch\/wp-content\/uploads\/2025\/04\/LapurlaIconsAnlaesseNationale-Tagung-5Titel-1024x709.png 1024w, https:\/\/www.lapurla.ch\/wp-content\/uploads\/2025\/04\/LapurlaIconsAnlaesseNationale-Tagung-5Titel-300x208.png 300w, https:\/\/www.lapurla.ch\/wp-content\/uploads\/2025\/04\/LapurlaIconsAnlaesseNationale-Tagung-5Titel-768x532.png 768w, https:\/\/www.lapurla.ch\/wp-content\/uploads\/2025\/04\/LapurlaIconsAnlaesseNationale-Tagung-5Titel.png 1535w\" sizes=\"auto, (max-width: 1024px) 100vw, 1024px\" \/>            <\/div>\n            <div class=\"date\">19.08.2025<\/div>\n        <\/div>\n        <div class=\"item--content\">\n            <div class=\"item--content-wrapper\">\n                <h3 class=\"item--title\">5e Conf\u00e9rence nationale Lapurla\u00a0\/ S&rsquo;INSCRIRE MAINTENANT !<\/h3>\n                <div class=\"item--content\">\n\t\t\t\t\tCette ann\u00e9e, Lapurla invite d\u00e9j\u00e0 \u00e0 la 5e conf\u00e9rence nationale sous la devise : \u00ab Tisser, partager, grandir : faire fleurir le potentiel du r\u00e9seau \u00bb. Tu auras l\u2019occasion de te pr\u00e9senter au r\u00e9seau et de pr\u00e9senter ton engagement pour les plus jeunes avec un stand, ainsi que trouver des alli\u00e9s pour de nouvelles id\u00e9es de projets. Saisis cette chance et inscris-toi d\u00e8s maintenant, le nombre de places est limit\u00e9 !                <\/div>\n            <\/div>\n\t\t\t<svg class=\"svg-icon icon-arrow-right\" xmlns=\"http:\/\/www.w3.org\/2000\/svg\"><use xmlns:xlink=\"http:\/\/www.w3.org\/1999\/xlink\" xlink:href=\"https:\/\/www.lapurla.ch\/wp-content\/themes\/lapurla\/dist\/icons.svg?f27dc72#arrow-right\"><\/use><\/svg>        <\/div>\n    <\/a>\n\t<\/div>\n<div class=\"col-12 col-md-6 col-lg-4  kdgs-filter-item\">\n    <a href=\"https:\/\/www.lapurla.ch\/fr\/news\/grandir-en-parlant-plusieurs-langues-toutes-les-langues-sont-importantes-2025\" class=\"kdgs-filter-item--link \"\n\t\t>\n        <div class=\"item--impression\">\n            <div class=\"item--image\">\n\t\t\t\t<img loading=\"lazy\" decoding=\"async\" width=\"1024\" height=\"683\" src=\"https:\/\/www.lapurla.ch\/wp-content\/uploads\/2025\/06\/250527WebseiteFlyer1878x1252pxHZ-1024x683.jpg\" class=\"attachment-large size-large wp-post-image\" alt=\"\" srcset=\"https:\/\/www.lapurla.ch\/wp-content\/uploads\/2025\/06\/250527WebseiteFlyer1878x1252pxHZ-1024x683.jpg 1024w, https:\/\/www.lapurla.ch\/wp-content\/uploads\/2025\/06\/250527WebseiteFlyer1878x1252pxHZ-300x200.jpg 300w, https:\/\/www.lapurla.ch\/wp-content\/uploads\/2025\/06\/250527WebseiteFlyer1878x1252pxHZ-768x512.jpg 768w, https:\/\/www.lapurla.ch\/wp-content\/uploads\/2025\/06\/250527WebseiteFlyer1878x1252pxHZ.jpg 1328w\" sizes=\"auto, (max-width: 1024px) 100vw, 1024px\" \/>            <\/div>\n            <div class=\"date\">22.07.2025<\/div>\n        <\/div>\n        <div class=\"item--content\">\n            <div class=\"item--content-wrapper\">\n                <h3 class=\"item--title\">Grandir en parlant plusieurs langues: toutes les langues sont importantes! (2025)<\/h3>\n                <div class=\"item--content\">\n\t\t\t\t\tSi vous organisez des offres pour les enfants d\u2019\u00e2ge pr\u00e9scolaire, vous trouverez ici des conseils sur le th\u00e8me \u00abgrandir en parlant plusieurs langues\u00bb.                <\/div>\n            <\/div>\n\t\t\t<svg class=\"svg-icon icon-arrow-right\" xmlns=\"http:\/\/www.w3.org\/2000\/svg\"><use xmlns:xlink=\"http:\/\/www.w3.org\/1999\/xlink\" xlink:href=\"https:\/\/www.lapurla.ch\/wp-content\/themes\/lapurla\/dist\/icons.svg?f27dc72#arrow-right\"><\/use><\/svg>        <\/div>\n    <\/a>\n\t<\/div>\n<div class=\"col-12 col-md-6 col-lg-4  kdgs-filter-item\">\n    <a href=\"https:\/\/www.lapurla.ch\/fr\/news\/la-nature-et-vous-vivre-la-nature-avec-les-tout-petits\" class=\"kdgs-filter-item--link \"\n\t\t>\n        <div class=\"item--impression\">\n            <div class=\"item--image\">\n\t\t\t\t<img loading=\"lazy\" decoding=\"async\" width=\"1024\" height=\"448\" src=\"https:\/\/www.lapurla.ch\/wp-content\/uploads\/2025\/06\/NPWebsiteBuehneProjektseite2880x1260pxFR-1024x448.png\" class=\"attachment-large size-large wp-post-image\" alt=\"\" srcset=\"https:\/\/www.lapurla.ch\/wp-content\/uploads\/2025\/06\/NPWebsiteBuehneProjektseite2880x1260pxFR-1024x448.png 1024w, https:\/\/www.lapurla.ch\/wp-content\/uploads\/2025\/06\/NPWebsiteBuehneProjektseite2880x1260pxFR-300x131.png 300w, https:\/\/www.lapurla.ch\/wp-content\/uploads\/2025\/06\/NPWebsiteBuehneProjektseite2880x1260pxFR-768x336.png 768w, https:\/\/www.lapurla.ch\/wp-content\/uploads\/2025\/06\/NPWebsiteBuehneProjektseite2880x1260pxFR-1536x672.png 1536w, https:\/\/www.lapurla.ch\/wp-content\/uploads\/2025\/06\/NPWebsiteBuehneProjektseite2880x1260pxFR-2048x896.png 2048w\" sizes=\"auto, (max-width: 1024px) 100vw, 1024px\" \/>            <\/div>\n            <div class=\"date\">22.07.2025<\/div>\n        <\/div>\n        <div class=\"item--content\">\n            <div class=\"item--content-wrapper\">\n                <h3 class=\"item--title\">La nature. Et vous ? Vivre la nature avec les tout-petits<\/h3>\n                <div class=\"item--content\">\n\t\t\t\t\tLa nature. Et vous ? Vivre la nature avec les tout-petits\r\nLes enfants \u00e2g\u00e9s de 0 \u00e0 4 ans et leurs parents sont invit\u00e9s \u00e0 profiter du moment pr\u00e9sent et \u00e0 faire l\u2019exp\u00e9rience de la nature. D\u00e9couvrir la nature avec curiosit\u00e9, ouverture d\u2019esprit et tous les sens \u2013 sans t\u00e9l\u00e9phone portable ni vie quotidienne. \u00c9couter ce qui se passe. Ressentir les choses. Collecter. D\u00e9couvrir, faire des d\u00e9couvertes. S\u2019\u00e9merveiller.                <\/div>\n            <\/div>\n\t\t\t<svg class=\"svg-icon icon-arrow-right\" xmlns=\"http:\/\/www.w3.org\/2000\/svg\"><use xmlns:xlink=\"http:\/\/www.w3.org\/1999\/xlink\" xlink:href=\"https:\/\/www.lapurla.ch\/wp-content\/themes\/lapurla\/dist\/icons.svg?f27dc72#arrow-right\"><\/use><\/svg>        <\/div>\n    <\/a>\n\t<\/div>\n<div class=\"col-12 col-md-6 col-lg-4  kdgs-filter-item\">\n    <a href=\"https:\/\/www.lapurla.ch\/fr\/news\/abschlussprojekte-cas-kulturelle-bildung-11-lehrgang\" class=\"kdgs-filter-item--link \"\n\t\t>\n        <div class=\"item--impression\">\n            <div class=\"item--image\">\n\t\t\t\t<img loading=\"lazy\" decoding=\"async\" width=\"1024\" height=\"771\" src=\"https:\/\/www.lapurla.ch\/wp-content\/uploads\/2025\/06\/signal-2025-06-27-095947-1024x771.jpg\" class=\"attachment-large size-large wp-post-image\" alt=\"\" srcset=\"https:\/\/www.lapurla.ch\/wp-content\/uploads\/2025\/06\/signal-2025-06-27-095947-1024x771.jpg 1024w, https:\/\/www.lapurla.ch\/wp-content\/uploads\/2025\/06\/signal-2025-06-27-095947-300x226.jpg 300w, https:\/\/www.lapurla.ch\/wp-content\/uploads\/2025\/06\/signal-2025-06-27-095947-768x578.jpg 768w, https:\/\/www.lapurla.ch\/wp-content\/uploads\/2025\/06\/signal-2025-06-27-095947-1536x1157.jpg 1536w, https:\/\/www.lapurla.ch\/wp-content\/uploads\/2025\/06\/signal-2025-06-27-095947.jpg 1937w\" sizes=\"auto, (max-width: 1024px) 100vw, 1024px\" \/>            <\/div>\n            <div class=\"date\">01.07.2025<\/div>\n        <\/div>\n        <div class=\"item--content\">\n            <div class=\"item--content-wrapper\">\n                <h3 class=\"item--title\">Projets finaux CAS en \u00e9ducation culturelle 11e cycle de formation<\/h3>\n                <div class=\"item--content\">\n\t\t\t\t\tAper\u00e7u de la pratique ! \r\nLes projets vari\u00e9s montrent de mani\u00e8re tr\u00e8s claire comment la participation culturelle peut \u00eatre v\u00e9cue et organis\u00e9e d\u00e8s le d\u00e9but, au quotidien, dans les contextes les plus divers, avec de jeunes enfants.                <\/div>\n            <\/div>\n\t\t\t<svg class=\"svg-icon icon-arrow-right\" xmlns=\"http:\/\/www.w3.org\/2000\/svg\"><use xmlns:xlink=\"http:\/\/www.w3.org\/1999\/xlink\" xlink:href=\"https:\/\/www.lapurla.ch\/wp-content\/themes\/lapurla\/dist\/icons.svg?f27dc72#arrow-right\"><\/use><\/svg>        <\/div>\n    <\/a>\n\t<\/div>\n<div class=\"col-12 col-md-6 col-lg-4  kdgs-filter-item\">\n    <a href=\"https:\/\/www.lapurla.ch\/fr\/news\/neuer-flyer-von-lapurla\" class=\"kdgs-filter-item--link \"\n\t\t>\n        <div class=\"item--impression\">\n            <div class=\"item--image\">\n\t\t\t\t<img loading=\"lazy\" decoding=\"async\" width=\"1024\" height=\"576\" src=\"https:\/\/www.lapurla.ch\/wp-content\/uploads\/2025\/06\/LapurlaIconsFlyerFR-scaled.png-1024x576.webp\" class=\"attachment-large size-large wp-post-image\" alt=\"\" srcset=\"https:\/\/www.lapurla.ch\/wp-content\/uploads\/2025\/06\/LapurlaIconsFlyerFR-scaled.png-1024x576.webp 1024w, https:\/\/www.lapurla.ch\/wp-content\/uploads\/2025\/06\/LapurlaIconsFlyerFR-scaled.png-300x169.webp 300w, https:\/\/www.lapurla.ch\/wp-content\/uploads\/2025\/06\/LapurlaIconsFlyerFR-scaled.png-768x432.webp 768w, https:\/\/www.lapurla.ch\/wp-content\/uploads\/2025\/06\/LapurlaIconsFlyerFR-scaled.png-1536x864.webp 1536w, https:\/\/www.lapurla.ch\/wp-content\/uploads\/2025\/06\/LapurlaIconsFlyerFR-scaled.png-2048x1152.webp 2048w\" sizes=\"auto, (max-width: 1024px) 100vw, 1024px\" \/>            <\/div>\n            <div class=\"date\">27.06.2025<\/div>\n        <\/div>\n        <div class=\"item--content\">\n            <div class=\"item--content-wrapper\">\n                <h3 class=\"item--title\">Nouveau d\u00e9pliant d\u2019information Lapurla\u00a0<\/h3>\n                <div class=\"item--content\">\n\t\t\t\t\tNous sommes heureux de te pr\u00e9senter notre nouveau d\u00e9pliant d&rsquo;information de Lapurla !  \r\nPour communiquer notre initiative de mani\u00e8re claire et inspirante.                <\/div>\n            <\/div>\n\t\t\t<svg class=\"svg-icon icon-arrow-right\" xmlns=\"http:\/\/www.w3.org\/2000\/svg\"><use xmlns:xlink=\"http:\/\/www.w3.org\/1999\/xlink\" xlink:href=\"https:\/\/www.lapurla.ch\/wp-content\/themes\/lapurla\/dist\/icons.svg?f27dc72#arrow-right\"><\/use><\/svg>        <\/div>\n    <\/a>\n\t<\/div>\n<div class=\"col-12 col-md-6 col-lg-4  kdgs-filter-item\">\n    <a href=\"https:\/\/www.lapurla.ch\/fr\/news\/neu-button-fuer-lapurla-netzwerkende\" class=\"kdgs-filter-item--link \"\n\t\t>\n        <div class=\"item--impression\">\n            <div class=\"item--image\">\n\t\t\t\t<img loading=\"lazy\" decoding=\"async\" width=\"1000\" height=\"563\" src=\"https:\/\/www.lapurla.ch\/wp-content\/uploads\/2025\/06\/LapurlaIconsNetzwerkWebFRschmal.png\" class=\"attachment-large size-large wp-post-image\" alt=\"\" srcset=\"https:\/\/www.lapurla.ch\/wp-content\/uploads\/2025\/06\/LapurlaIconsNetzwerkWebFRschmal.png 1000w, https:\/\/www.lapurla.ch\/wp-content\/uploads\/2025\/06\/LapurlaIconsNetzwerkWebFRschmal-300x169.png 300w, https:\/\/www.lapurla.ch\/wp-content\/uploads\/2025\/06\/LapurlaIconsNetzwerkWebFRschmal-768x432.png 768w\" sizes=\"auto, (max-width: 1000px) 100vw, 1000px\" \/>            <\/div>\n            <div class=\"date\">27.06.2025<\/div>\n        <\/div>\n        <div class=\"item--content\">\n            <div class=\"item--content-wrapper\">\n                <h3 class=\"item--title\">Nouveau : bouton pour les membres du r\u00e9seau Lapurla !<\/h3>\n                <div class=\"item--content\">\n\t\t\t\t\tNous avons le plaisir de te pr\u00e9senter un nouvel outil de visibilit\u00e9 pour les membres de notre r\u00e9seau : Le bouton officiel Lapurla, que tu peux int\u00e9grer dans tes outils de communication (cartes de visite, flyers, newsletters, sites web, etc.).                <\/div>\n            <\/div>\n\t\t\t<svg class=\"svg-icon icon-arrow-right\" xmlns=\"http:\/\/www.w3.org\/2000\/svg\"><use xmlns:xlink=\"http:\/\/www.w3.org\/1999\/xlink\" xlink:href=\"https:\/\/www.lapurla.ch\/wp-content\/themes\/lapurla\/dist\/icons.svg?f27dc72#arrow-right\"><\/use><\/svg>        <\/div>\n    <\/a>\n\t<\/div>\n<div class=\"col-12 col-md-6 col-lg-4  kdgs-filter-item\">\n    <a href=\"https:\/\/www.lapurla.ch\/fr\/news\/eine-starke-anerkennung-fuer-lapurla-prix-de-letat-de-berne\" class=\"kdgs-filter-item--link \"\n\t\t>\n        <div class=\"item--impression\">\n            <div class=\"item--image\">\n\t\t\t\t<img loading=\"lazy\" decoding=\"async\" width=\"1024\" height=\"682\" src=\"https:\/\/www.lapurla.ch\/wp-content\/uploads\/2025\/06\/PrixEtat-de-BerneUnilDies-Academicus202505233-1024x682.jpeg\" class=\"attachment-large size-large wp-post-image\" alt=\"\" srcset=\"https:\/\/www.lapurla.ch\/wp-content\/uploads\/2025\/06\/PrixEtat-de-BerneUnilDies-Academicus202505233-1024x682.jpeg 1024w, https:\/\/www.lapurla.ch\/wp-content\/uploads\/2025\/06\/PrixEtat-de-BerneUnilDies-Academicus202505233-300x200.jpeg 300w, https:\/\/www.lapurla.ch\/wp-content\/uploads\/2025\/06\/PrixEtat-de-BerneUnilDies-Academicus202505233-768x511.jpeg 768w, https:\/\/www.lapurla.ch\/wp-content\/uploads\/2025\/06\/PrixEtat-de-BerneUnilDies-Academicus202505233.jpeg 1500w\" sizes=\"auto, (max-width: 1024px) 100vw, 1024px\" \/>            <\/div>\n            <div class=\"date\">30.05.2025<\/div>\n        <\/div>\n        <div class=\"item--content\">\n            <div class=\"item--content-wrapper\">\n                <h3 class=\"item--title\">Une reconnaissance forte pour Lapurla : Prix de l&rsquo;\u00c9tat de Berne<\/h3>\n                <div class=\"item--content\">\n\t\t\t\t\tMit grosser Freude und tiefer Dankbarkeit blicken wir zur\u00fcck auf die Preisverleihung des \u00abPrix de l\u2019\u00e9tat de Berne\u00bb, den wir mit einer Westschweizer-Delegation am 23. Mai 2025 im Rahmen des \u00abDies Academicus\u00bb an der Universit\u00e4t Lausanne entgegennehmen durften.                 <\/div>\n            <\/div>\n\t\t\t<svg class=\"svg-icon icon-arrow-right\" xmlns=\"http:\/\/www.w3.org\/2000\/svg\"><use xmlns:xlink=\"http:\/\/www.w3.org\/1999\/xlink\" xlink:href=\"https:\/\/www.lapurla.ch\/wp-content\/themes\/lapurla\/dist\/icons.svg?f27dc72#arrow-right\"><\/use><\/svg>        <\/div>\n    <\/a>\n\t<\/div>\n<div class=\"col-12 col-md-6 col-lg-4  kdgs-filter-item\">\n    <a href=\"https:\/\/www.lapurla.ch\/fr\/news\/au-revoir-et-bienvenue\" class=\"kdgs-filter-item--link \"\n\t\t>\n        <div class=\"item--impression\">\n            <div class=\"item--image\">\n\t\t\t\t<img loading=\"lazy\" decoding=\"async\" width=\"1024\" height=\"768\" src=\"https:\/\/www.lapurla.ch\/wp-content\/uploads\/2025\/04\/IMG9529-1024x768.jpg\" class=\"attachment-large size-large wp-post-image\" alt=\"\" srcset=\"https:\/\/www.lapurla.ch\/wp-content\/uploads\/2025\/04\/IMG9529-1024x768.jpg 1024w, https:\/\/www.lapurla.ch\/wp-content\/uploads\/2025\/04\/IMG9529-300x225.jpg 300w, https:\/\/www.lapurla.ch\/wp-content\/uploads\/2025\/04\/IMG9529-768x576.jpg 768w, https:\/\/www.lapurla.ch\/wp-content\/uploads\/2025\/04\/IMG9529-1536x1152.jpg 1536w, https:\/\/www.lapurla.ch\/wp-content\/uploads\/2025\/04\/IMG9529-2048x1536.jpg 2048w\" sizes=\"auto, (max-width: 1024px) 100vw, 1024px\" \/>            <\/div>\n            <div class=\"date\">29.04.2025<\/div>\n        <\/div>\n        <div class=\"item--content\">\n            <div class=\"item--content-wrapper\">\n                <h3 class=\"item--title\">Au revoir et bienvenue !\u00a0\u00a0<\/h3>\n                <div class=\"item--content\">\n\t\t\t\t\tC&rsquo;est avec un \u0153il qui rit et un \u0153il qui pleure que Laura Imfeld, assistante de projet chez Lapurla, s&rsquo;est tourn\u00e9e vers de nouveaux d\u00e9fis professionnels d\u00e9but mai. C&rsquo;est avec une grande joie que Lapurla accueille Helena Petersen, qui lui succ\u00e8de ! \r\nPour savoir comment Helena a rejoint Lapurla, tu peux le d\u00e9couvrir ici.                <\/div>\n            <\/div>\n\t\t\t<svg class=\"svg-icon icon-arrow-right\" xmlns=\"http:\/\/www.w3.org\/2000\/svg\"><use xmlns:xlink=\"http:\/\/www.w3.org\/1999\/xlink\" xlink:href=\"https:\/\/www.lapurla.ch\/wp-content\/themes\/lapurla\/dist\/icons.svg?f27dc72#arrow-right\"><\/use><\/svg>        <\/div>\n    <\/a>\n\t<\/div>\n<div class=\"col-12 col-md-6 col-lg-4  kdgs-filter-item\">\n    <a href=\"https:\/\/www.lapurla.ch\/fr\/news\/happy-birthday-lapurla\" class=\"kdgs-filter-item--link \"\n\t\t>\n        <div class=\"item--impression\">\n            <div class=\"item--image\">\n\t\t\t\t<img loading=\"lazy\" decoding=\"async\" width=\"1024\" height=\"451\" src=\"https:\/\/www.lapurla.ch\/wp-content\/uploads\/2025\/04\/girlande-1024x451.jpeg\" class=\"attachment-large size-large wp-post-image\" alt=\"\" srcset=\"https:\/\/www.lapurla.ch\/wp-content\/uploads\/2025\/04\/girlande-1024x451.jpeg 1024w, https:\/\/www.lapurla.ch\/wp-content\/uploads\/2025\/04\/girlande-300x132.jpeg 300w, https:\/\/www.lapurla.ch\/wp-content\/uploads\/2025\/04\/girlande-768x338.jpeg 768w, https:\/\/www.lapurla.ch\/wp-content\/uploads\/2025\/04\/girlande.jpeg 1272w\" sizes=\"auto, (max-width: 1024px) 100vw, 1024px\" \/>            <\/div>\n            <div class=\"date\">25.04.2025<\/div>\n        <\/div>\n        <div class=\"item--content\">\n            <div class=\"item--content-wrapper\">\n                <h3 class=\"item--title\">Happy Birthday Lapurla<\/h3>\n                <div class=\"item--content\">\n\t\t\t\t\tNous f\u00eatons les 7 ans de Lapurla et les 4 ans du r\u00e9seau !\u00a0Au cours de ces quatre ann\u00e9es, le r\u00e9seau Lapurla est pass\u00e9 de la prudence \u00e0 une communaut\u00e9 repr\u00e9sentative et diversifi\u00e9e comptant actuellement\u00a0247 membres.apurla-Netzwerk in diesen vier\u00a0Jahren zu einer repr\u00e4sentativen und diversen Community entwickelt mit aktuell\u00a0247\u00a0Netzwerkenden.                <\/div>\n            <\/div>\n\t\t\t<svg class=\"svg-icon icon-arrow-right\" xmlns=\"http:\/\/www.w3.org\/2000\/svg\"><use xmlns:xlink=\"http:\/\/www.w3.org\/1999\/xlink\" xlink:href=\"https:\/\/www.lapurla.ch\/wp-content\/themes\/lapurla\/dist\/icons.svg?f27dc72#arrow-right\"><\/use><\/svg>        <\/div>\n    <\/a>\n\t<\/div>\n<div class=\"col-12 col-md-6 col-lg-4  kdgs-filter-item\">\n    <a href=\"https:\/\/www.lapurla.ch\/fr\/news\/prix-de-letat-de-berne\" class=\"kdgs-filter-item--link \"\n\t\t>\n        <div class=\"item--impression\">\n            <div class=\"item--image\">\n\t\t\t\t<img loading=\"lazy\" decoding=\"async\" width=\"1024\" height=\"590\" src=\"https:\/\/www.lapurla.ch\/wp-content\/uploads\/2025\/04\/diesacademicus-1024x590.jpg\" class=\"attachment-large size-large wp-post-image\" alt=\"\" srcset=\"https:\/\/www.lapurla.ch\/wp-content\/uploads\/2025\/04\/diesacademicus-1024x590.jpg 1024w, https:\/\/www.lapurla.ch\/wp-content\/uploads\/2025\/04\/diesacademicus-300x173.jpg 300w, https:\/\/www.lapurla.ch\/wp-content\/uploads\/2025\/04\/diesacademicus-768x443.jpg 768w, https:\/\/www.lapurla.ch\/wp-content\/uploads\/2025\/04\/diesacademicus-1536x885.jpg 1536w, https:\/\/www.lapurla.ch\/wp-content\/uploads\/2025\/04\/diesacademicus-2048x1180.jpg 2048w\" sizes=\"auto, (max-width: 1024px) 100vw, 1024px\" \/>            <\/div>\n            <div class=\"date\">25.04.2025<\/div>\n        <\/div>\n        <div class=\"item--content\">\n            <div class=\"item--content-wrapper\">\n                <h3 class=\"item--title\">Prix de l&rsquo;\u00c9tat de Berne<\/h3>\n                <div class=\"item--content\">\n\t\t\t\t\tLors du Dies Academicus de l&rsquo;Universit\u00e9 de Lausanne, Lapurla recevra le 23 mai 2025 le \u00ab Prix de l&rsquo;\u00c9tat de Berne \u00bb                <\/div>\n            <\/div>\n\t\t\t<svg class=\"svg-icon icon-arrow-right\" xmlns=\"http:\/\/www.w3.org\/2000\/svg\"><use xmlns:xlink=\"http:\/\/www.w3.org\/1999\/xlink\" xlink:href=\"https:\/\/www.lapurla.ch\/wp-content\/themes\/lapurla\/dist\/icons.svg?f27dc72#arrow-right\"><\/use><\/svg>        <\/div>\n    <\/a>\n\t<\/div>\n<div class=\"col-12 col-md-6 col-lg-4  kdgs-filter-item\">\n    <a href=\"https:\/\/www.lapurla.ch\/fr\/news\/5-nationale-tagung-lapurla\" class=\"kdgs-filter-item--link \"\n\t\t>\n        <div class=\"item--impression\">\n            <div class=\"item--image\">\n\t\t\t\t<img loading=\"lazy\" decoding=\"async\" width=\"1024\" height=\"709\" src=\"https:\/\/www.lapurla.ch\/wp-content\/uploads\/2025\/04\/LapurlaIconsAnlaesseNationale-Tagung-5Titel-1024x709.png\" class=\"attachment-large size-large wp-post-image\" alt=\"\" srcset=\"https:\/\/www.lapurla.ch\/wp-content\/uploads\/2025\/04\/LapurlaIconsAnlaesseNationale-Tagung-5Titel-1024x709.png 1024w, https:\/\/www.lapurla.ch\/wp-content\/uploads\/2025\/04\/LapurlaIconsAnlaesseNationale-Tagung-5Titel-300x208.png 300w, https:\/\/www.lapurla.ch\/wp-content\/uploads\/2025\/04\/LapurlaIconsAnlaesseNationale-Tagung-5Titel-768x532.png 768w, https:\/\/www.lapurla.ch\/wp-content\/uploads\/2025\/04\/LapurlaIconsAnlaesseNationale-Tagung-5Titel.png 1535w\" sizes=\"auto, (max-width: 1024px) 100vw, 1024px\" \/>            <\/div>\n            <div class=\"date\">14.04.2025<\/div>\n        <\/div>\n        <div class=\"item--content\">\n            <div class=\"item--content-wrapper\">\n                <h3 class=\"item--title\">5e Conf\u00e9rence nationale Lapurla\u00a0<\/h3>\n                <div class=\"item--content\">\n\t\t\t\t\tCette ann\u00e9e, Lapurla invite d\u00e9j\u00e0 \u00e0 la 5e conf\u00e9rence nationale sous la devise : \u00ab Tisser, partager, grandir : faire fleurir le potentiel du r\u00e9seau \u00bb. Tu auras l\u2019occasion de te pr\u00e9senter au r\u00e9seau et de pr\u00e9senter ton engagement pour les plus jeunes avec un stand, ainsi que trouver des alli\u00e9s pour de nouvelles id\u00e9es de projets. Saisis cette chance et inscris-toi d\u00e8s maintenant, le nombre de places est limit\u00e9 !                <\/div>\n            <\/div>\n\t\t\t<svg class=\"svg-icon icon-arrow-right\" xmlns=\"http:\/\/www.w3.org\/2000\/svg\"><use xmlns:xlink=\"http:\/\/www.w3.org\/1999\/xlink\" xlink:href=\"https:\/\/www.lapurla.ch\/wp-content\/themes\/lapurla\/dist\/icons.svg?f27dc72#arrow-right\"><\/use><\/svg>        <\/div>\n    <\/a>\n\t<\/div>\n<div class=\"col-12 col-md-6 col-lg-4  kdgs-filter-item\">\n    <a href=\"https:\/\/www.lapurla.ch\/fr\/news\/netzwerkpartner-zeppelin-familien-startklar\" class=\"kdgs-filter-item--link \"\n\t\t>\n        <div class=\"item--impression\">\n            <div class=\"item--image\">\n\t\t\t\t<img loading=\"lazy\" decoding=\"async\" width=\"1024\" height=\"768\" src=\"https:\/\/www.lapurla.ch\/wp-content\/uploads\/2025\/03\/zeppelinrechteckFR-1024x768.jpg\" class=\"attachment-large size-large wp-post-image\" alt=\"\" srcset=\"https:\/\/www.lapurla.ch\/wp-content\/uploads\/2025\/03\/zeppelinrechteckFR-1024x768.jpg 1024w, https:\/\/www.lapurla.ch\/wp-content\/uploads\/2025\/03\/zeppelinrechteckFR-300x225.jpg 300w, https:\/\/www.lapurla.ch\/wp-content\/uploads\/2025\/03\/zeppelinrechteckFR-768x576.jpg 768w, https:\/\/www.lapurla.ch\/wp-content\/uploads\/2025\/03\/zeppelinrechteckFR-1536x1152.jpg 1536w, https:\/\/www.lapurla.ch\/wp-content\/uploads\/2025\/03\/zeppelinrechteckFR.jpg 1920w\" sizes=\"auto, (max-width: 1024px) 100vw, 1024px\" \/>            <\/div>\n            <div class=\"date\">27.03.2025<\/div>\n        <\/div>\n        <div class=\"item--content\">\n            <div class=\"item--content-wrapper\">\n                <h3 class=\"item--title\">Netzwerkpartner \u00abzeppelin \u2013 familien startklar\u00bb<\/h3>\n                <div class=\"item--content\">\n\t\t\t\t\tC&rsquo;est avec un grand plaisir que nous pr\u00e9sentons notre nouveau partenaire de r\u00e9seau ! \u00ab zeppelin &#8211; familien startklar \u00bb accompagne, forme et renforce les familles d\u00e8s le d\u00e9but et s&rsquo;engage pour l&rsquo;encouragement pr\u00e9coce d\u00e8s la naissance.                <\/div>\n            <\/div>\n\t\t\t<svg class=\"svg-icon icon-arrow-right\" xmlns=\"http:\/\/www.w3.org\/2000\/svg\"><use xmlns:xlink=\"http:\/\/www.w3.org\/1999\/xlink\" xlink:href=\"https:\/\/www.lapurla.ch\/wp-content\/themes\/lapurla\/dist\/icons.svg?f27dc72#arrow-right\"><\/use><\/svg>        <\/div>\n    <\/a>\n\t<\/div>\n<div class=\"col-12 col-md-6 col-lg-4  kdgs-filter-item\">\n    <a href=\"https:\/\/www.lapurla.ch\/fr\/news\/modellvorhaben-flowmobil\" class=\"kdgs-filter-item--link \"\n\t\t>\n        <div class=\"item--impression\">\n            <div class=\"item--image\">\n\t\t\t\t<img loading=\"lazy\" decoding=\"async\" width=\"1024\" height=\"690\" src=\"https:\/\/www.lapurla.ch\/wp-content\/uploads\/2025\/03\/LapurlaGrundprinzipFLWOmobil-1024x690.png\" class=\"attachment-large size-large wp-post-image\" alt=\"\" srcset=\"https:\/\/www.lapurla.ch\/wp-content\/uploads\/2025\/03\/LapurlaGrundprinzipFLWOmobil-1024x690.png 1024w, https:\/\/www.lapurla.ch\/wp-content\/uploads\/2025\/03\/LapurlaGrundprinzipFLWOmobil-300x202.png 300w, https:\/\/www.lapurla.ch\/wp-content\/uploads\/2025\/03\/LapurlaGrundprinzipFLWOmobil-768x518.png 768w, https:\/\/www.lapurla.ch\/wp-content\/uploads\/2025\/03\/LapurlaGrundprinzipFLWOmobil-1536x1035.png 1536w, https:\/\/www.lapurla.ch\/wp-content\/uploads\/2025\/03\/LapurlaGrundprinzipFLWOmobil-2048x1380.png 2048w\" sizes=\"auto, (max-width: 1024px) 100vw, 1024px\" \/>            <\/div>\n            <div class=\"date\">27.03.2025<\/div>\n        <\/div>\n        <div class=\"item--content\">\n            <div class=\"item--content-wrapper\">\n                <h3 class=\"item--title\">Nouveau projet pilote : FLOWmobil<\/h3>\n                <div class=\"item--content\">\n\t\t\t\t\tDans un souci d&rsquo;\u00e9galit\u00e9 des chances, Lapurla souhaite atteindre avec FLOWmobil les enfants qui ne fr\u00e9quentent ni une cr\u00e8che ni un groupe de jeu. C&rsquo;est pourquoi nous d\u00e9veloppons, en collaboration avec les communes, des settings locaux de proximit\u00e9.                <\/div>\n            <\/div>\n\t\t\t<svg class=\"svg-icon icon-arrow-right\" xmlns=\"http:\/\/www.w3.org\/2000\/svg\"><use xmlns:xlink=\"http:\/\/www.w3.org\/1999\/xlink\" xlink:href=\"https:\/\/www.lapurla.ch\/wp-content\/themes\/lapurla\/dist\/icons.svg?f27dc72#arrow-right\"><\/use><\/svg>        <\/div>\n    <\/a>\n\t<\/div>\n<div class=\"col-12 col-md-6 col-lg-4  kdgs-filter-item\">\n    <a href=\"https:\/\/www.lapurla.ch\/fr\/news\/archivperle-selbstwirksamkeit\" class=\"kdgs-filter-item--link \"\n\t\t>\n        <div class=\"item--impression\">\n            <div class=\"item--image\">\n\t\t\t\t<img loading=\"lazy\" decoding=\"async\" width=\"1024\" height=\"576\" src=\"https:\/\/www.lapurla.ch\/wp-content\/uploads\/2025\/03\/LapurlaIconsSpecialsArchivperlen-4DE-1024x576.jpg\" class=\"attachment-large size-large wp-post-image\" alt=\"\" srcset=\"https:\/\/www.lapurla.ch\/wp-content\/uploads\/2025\/03\/LapurlaIconsSpecialsArchivperlen-4DE-1024x576.jpg 1024w, https:\/\/www.lapurla.ch\/wp-content\/uploads\/2025\/03\/LapurlaIconsSpecialsArchivperlen-4DE-300x169.jpg 300w, https:\/\/www.lapurla.ch\/wp-content\/uploads\/2025\/03\/LapurlaIconsSpecialsArchivperlen-4DE-768x432.jpg 768w, https:\/\/www.lapurla.ch\/wp-content\/uploads\/2025\/03\/LapurlaIconsSpecialsArchivperlen-4DE-1536x864.jpg 1536w, https:\/\/www.lapurla.ch\/wp-content\/uploads\/2025\/03\/LapurlaIconsSpecialsArchivperlen-4DE.jpg 1920w\" sizes=\"auto, (max-width: 1024px) 100vw, 1024px\" \/>            <\/div>\n            <div class=\"date\">24.03.2025<\/div>\n        <\/div>\n        <div class=\"item--content\">\n            <div class=\"item--content-wrapper\">\n                <h3 class=\"item--title\">Perle d&rsquo;archive n\u00b0 4 : \u00ab Auto-efficacit\u00e9 \u00bb<\/h3>\n                <div class=\"item--content\">\n\t\t\t\t\tLapurla dispose d\u2019un mat\u00e9riel pr\u00e9cieux en abondance. Nous sortons comme par magie des perles des archives Lapurla et les partageons avec vous. Cela vaut la peine d\u2019y jeter un coup d\u2019\u0153il !                <\/div>\n            <\/div>\n\t\t\t<svg class=\"svg-icon icon-arrow-right\" xmlns=\"http:\/\/www.w3.org\/2000\/svg\"><use xmlns:xlink=\"http:\/\/www.w3.org\/1999\/xlink\" xlink:href=\"https:\/\/www.lapurla.ch\/wp-content\/themes\/lapurla\/dist\/icons.svg?f27dc72#arrow-right\"><\/use><\/svg>        <\/div>\n    <\/a>\n\t<\/div>\n<div class=\"col-12 col-md-6 col-lg-4  kdgs-filter-item\">\n    <a href=\"https:\/\/www.lapurla.ch\/fr\/news\/creativite-eteveil-esthetique\" class=\"kdgs-filter-item--link \"\n\t\t>\n        <div class=\"item--impression\">\n            <div class=\"item--image\">\n\t\t\t\t<img loading=\"lazy\" decoding=\"async\" width=\"926\" height=\"612\" src=\"https:\/\/www.lapurla.ch\/wp-content\/uploads\/2025\/03\/youplabouge.png\" class=\"attachment-large size-large wp-post-image\" alt=\"\" srcset=\"https:\/\/www.lapurla.ch\/wp-content\/uploads\/2025\/03\/youplabouge.png 926w, https:\/\/www.lapurla.ch\/wp-content\/uploads\/2025\/03\/youplabouge-300x198.png 300w, https:\/\/www.lapurla.ch\/wp-content\/uploads\/2025\/03\/youplabouge-768x508.png 768w\" sizes=\"auto, (max-width: 926px) 100vw, 926px\" \/>            <\/div>\n            <div class=\"date\">03.03.2025<\/div>\n        <\/div>\n        <div class=\"item--content\">\n            <div class=\"item--content-wrapper\">\n                <h3 class=\"item--title\">Cr\u00e9ativit\u00e9 et \u00e9veil esth\u00e9tique<\/h3>\n                <div class=\"item--content\">\n\t\t\t\t\tSabine Germann, membre du r\u00e9seau Lapurla et conseill\u00e8re p\u00e9dagogique chez \u00ab partenaire enfance &#038; p\u00e9dagogie \u00bb (pep) dans le canton de Vaud, a r\u00e9dig\u00e9 un article sur la cr\u00e9ativit\u00e9 et l&rsquo;\u00e9veil esth\u00e9tique pour le magazine de Youp&rsquo;l\u00e0 bouge.                <\/div>\n            <\/div>\n\t\t\t<svg class=\"svg-icon icon-arrow-right\" xmlns=\"http:\/\/www.w3.org\/2000\/svg\"><use xmlns:xlink=\"http:\/\/www.w3.org\/1999\/xlink\" xlink:href=\"https:\/\/www.lapurla.ch\/wp-content\/themes\/lapurla\/dist\/icons.svg?f27dc72#arrow-right\"><\/use><\/svg>        <\/div>\n    <\/a>\n\t<\/div>\n<div class=\"col-12 col-md-6 col-lg-4  kdgs-filter-item\">\n    <a href=\"https:\/\/www.lapurla.ch\/fr\/news\/reseau-karin-geissmann\" class=\"kdgs-filter-item--link \"\n\t\t>\n        <div class=\"item--impression\">\n            <div class=\"item--image\">\n\t\t\t\t<img loading=\"lazy\" decoding=\"async\" width=\"1024\" height=\"724\" src=\"https:\/\/www.lapurla.ch\/wp-content\/uploads\/2025\/02\/karingeissmannwebFR-1024x724.jpg\" class=\"attachment-large size-large wp-post-image\" alt=\"\" srcset=\"https:\/\/www.lapurla.ch\/wp-content\/uploads\/2025\/02\/karingeissmannwebFR-1024x724.jpg 1024w, https:\/\/www.lapurla.ch\/wp-content\/uploads\/2025\/02\/karingeissmannwebFR-300x212.jpg 300w, https:\/\/www.lapurla.ch\/wp-content\/uploads\/2025\/02\/karingeissmannwebFR-768x543.jpg 768w, https:\/\/www.lapurla.ch\/wp-content\/uploads\/2025\/02\/karingeissmannwebFR-1536x1086.jpg 1536w, https:\/\/www.lapurla.ch\/wp-content\/uploads\/2025\/02\/karingeissmannwebFR.jpg 1920w\" sizes=\"auto, (max-width: 1024px) 100vw, 1024px\" \/>            <\/div>\n            <div class=\"date\">03.02.2025<\/div>\n        <\/div>\n        <div class=\"item--content\">\n            <div class=\"item--content-wrapper\">\n                <h3 class=\"item--title\">Du r\u00e9seau : Karin Geissmann<\/h3>\n                <div class=\"item--content\">\n\t\t\t\t\tLe r\u00e9seau de Lapurla n&rsquo;a cess\u00e9 de cro\u00eetre et compte d\u00e9j\u00e0 243 membres ! Mais qui sont les membres du r\u00e9seau ? Quelle est leur motivation pour faire partie du r\u00e9seau ? Et comment Lapurla agit-il dans leur quotidien professionnel et priv\u00e9 ? Nous avons pos\u00e9 ces questions \u00e0 Karin Geissmann.                <\/div>\n            <\/div>\n\t\t\t<svg class=\"svg-icon icon-arrow-right\" xmlns=\"http:\/\/www.w3.org\/2000\/svg\"><use xmlns:xlink=\"http:\/\/www.w3.org\/1999\/xlink\" xlink:href=\"https:\/\/www.lapurla.ch\/wp-content\/themes\/lapurla\/dist\/icons.svg?f27dc72#arrow-right\"><\/use><\/svg>        <\/div>\n    <\/a>\n\t<\/div>\n<div class=\"col-12 col-md-6 col-lg-4  kdgs-filter-item\">\n    <a href=\"https:\/\/www.lapurla.ch\/fr\/news\/le-cabinet-demerveille\" class=\"kdgs-filter-item--link \"\n\t\t>\n        <div class=\"item--impression\">\n            <div class=\"item--image\">\n\t\t\t\t<img loading=\"lazy\" decoding=\"async\" width=\"1024\" height=\"632\" src=\"https:\/\/www.lapurla.ch\/wp-content\/uploads\/2025\/01\/cabinetemerveille1-1024x632.jpg\" class=\"attachment-large size-large wp-post-image\" alt=\"\" srcset=\"https:\/\/www.lapurla.ch\/wp-content\/uploads\/2025\/01\/cabinetemerveille1-1024x632.jpg 1024w, https:\/\/www.lapurla.ch\/wp-content\/uploads\/2025\/01\/cabinetemerveille1-300x185.jpg 300w, https:\/\/www.lapurla.ch\/wp-content\/uploads\/2025\/01\/cabinetemerveille1-768x474.jpg 768w, https:\/\/www.lapurla.ch\/wp-content\/uploads\/2025\/01\/cabinetemerveille1.jpg 1122w\" sizes=\"auto, (max-width: 1024px) 100vw, 1024px\" \/>            <\/div>\n            <div class=\"date\">20.01.2025<\/div>\n        <\/div>\n        <div class=\"item--content\">\n            <div class=\"item--content-wrapper\">\n                <h3 class=\"item--title\">\u00abLe Cabinet d\u2019\u00c9merveille\u00bb<\/h3>\n                <div class=\"item--content\">\n\t\t\t\t\tUne installation ludique pour tout-petits (1-4 ans). Plongez dans un espace po\u00e9tique o\u00f9 enfants et adultes peuvent toucher, manipuler, jouer librement avec une collection d\u2019objets artistiques, quotidiens ou insolites.                <\/div>\n            <\/div>\n\t\t\t<svg class=\"svg-icon icon-arrow-right\" xmlns=\"http:\/\/www.w3.org\/2000\/svg\"><use xmlns:xlink=\"http:\/\/www.w3.org\/1999\/xlink\" xlink:href=\"https:\/\/www.lapurla.ch\/wp-content\/themes\/lapurla\/dist\/icons.svg?f27dc72#arrow-right\"><\/use><\/svg>        <\/div>\n    <\/a>\n\t<\/div>\n<div class=\"col-12 col-md-6 col-lg-4  kdgs-filter-item\">\n    <a href=\"https:\/\/www.lapurla.ch\/fr\/news\/archivperle-nr-3-impulse\" class=\"kdgs-filter-item--link \"\n\t\t>\n        <div class=\"item--impression\">\n            <div class=\"item--image\">\n\t\t\t\t<img loading=\"lazy\" decoding=\"async\" width=\"1024\" height=\"576\" src=\"https:\/\/www.lapurla.ch\/wp-content\/uploads\/2024\/12\/LapurlaIconsSpecialsArchivperlen-3FR-1024x576.jpg\" class=\"attachment-large size-large wp-post-image\" alt=\"\" srcset=\"https:\/\/www.lapurla.ch\/wp-content\/uploads\/2024\/12\/LapurlaIconsSpecialsArchivperlen-3FR-1024x576.jpg 1024w, https:\/\/www.lapurla.ch\/wp-content\/uploads\/2024\/12\/LapurlaIconsSpecialsArchivperlen-3FR-300x169.jpg 300w, https:\/\/www.lapurla.ch\/wp-content\/uploads\/2024\/12\/LapurlaIconsSpecialsArchivperlen-3FR-768x432.jpg 768w, https:\/\/www.lapurla.ch\/wp-content\/uploads\/2024\/12\/LapurlaIconsSpecialsArchivperlen-3FR-1536x864.jpg 1536w, https:\/\/www.lapurla.ch\/wp-content\/uploads\/2024\/12\/LapurlaIconsSpecialsArchivperlen-3FR.jpg 1920w\" sizes=\"auto, (max-width: 1024px) 100vw, 1024px\" \/>            <\/div>\n            <div class=\"date\">12.12.2024<\/div>\n        <\/div>\n        <div class=\"item--content\">\n            <div class=\"item--content-wrapper\">\n                <h3 class=\"item--title\">Perle d\u2019archive n\u00b0 3 : \u00abStimulations\u00bb<\/h3>\n                <div class=\"item--content\">\n\t\t\t\t\tLapurla dispose d\u2019un mat\u00e9riel pr\u00e9cieux en abondance. Nous sortons comme par magie des perles des archives Lapurla et les partageons avec vous. Cela vaut la peine d\u2019y jeter un coup d\u2019\u0153il !                <\/div>\n            <\/div>\n\t\t\t<svg class=\"svg-icon icon-arrow-right\" xmlns=\"http:\/\/www.w3.org\/2000\/svg\"><use xmlns:xlink=\"http:\/\/www.w3.org\/1999\/xlink\" xlink:href=\"https:\/\/www.lapurla.ch\/wp-content\/themes\/lapurla\/dist\/icons.svg?f27dc72#arrow-right\"><\/use><\/svg>        <\/div>\n    <\/a>\n\t<\/div>\n<div class=\"col-12 col-md-6 col-lg-4  kdgs-filter-item\">\n    <a href=\"https:\/\/www.lapurla.ch\/fr\/news\/netzwerkpartner-assitej-liechtenstein\" class=\"kdgs-filter-item--link \"\n\t\t>\n        <div class=\"item--impression\">\n            <div class=\"item--image\">\n\t\t\t\t<img loading=\"lazy\" decoding=\"async\" width=\"1024\" height=\"768\" src=\"https:\/\/www.lapurla.ch\/wp-content\/uploads\/2024\/12\/assitejwebFR-1024x768.jpg\" class=\"attachment-large size-large wp-post-image\" alt=\"\" srcset=\"https:\/\/www.lapurla.ch\/wp-content\/uploads\/2024\/12\/assitejwebFR-1024x768.jpg 1024w, https:\/\/www.lapurla.ch\/wp-content\/uploads\/2024\/12\/assitejwebFR-300x225.jpg 300w, https:\/\/www.lapurla.ch\/wp-content\/uploads\/2024\/12\/assitejwebFR-768x576.jpg 768w, https:\/\/www.lapurla.ch\/wp-content\/uploads\/2024\/12\/assitejwebFR-1536x1152.jpg 1536w, https:\/\/www.lapurla.ch\/wp-content\/uploads\/2024\/12\/assitejwebFR.jpg 1920w\" sizes=\"auto, (max-width: 1024px) 100vw, 1024px\" \/>            <\/div>\n            <div class=\"date\">12.12.2024<\/div>\n        <\/div>\n        <div class=\"item--content\">\n            <div class=\"item--content-wrapper\">\n                <h3 class=\"item--title\">Partenaire de r\u00e9seau Assitej Liechtenstein<\/h3>\n                <div class=\"item--content\">\n\t\t\t\t\tL&rsquo;ASSITEJ Liechtenstein s&rsquo;engage pour le d\u00e9veloppement, la pr\u00e9servation et la promotion du th\u00e9\u00e2tre, de l&rsquo;art et de la culture pour les enfants et les jeunes. Assitej Liechtenstein nous a donn\u00e9 des informations sur ce qui la motive \u00e0 faire partie du r\u00e9seau Lapurla.                <\/div>\n            <\/div>\n\t\t\t<svg class=\"svg-icon icon-arrow-right\" xmlns=\"http:\/\/www.w3.org\/2000\/svg\"><use xmlns:xlink=\"http:\/\/www.w3.org\/1999\/xlink\" xlink:href=\"https:\/\/www.lapurla.ch\/wp-content\/themes\/lapurla\/dist\/icons.svg?f27dc72#arrow-right\"><\/use><\/svg>        <\/div>\n    <\/a>\n\t<\/div>\n<div class=\"col-12 col-md-6 col-lg-4  kdgs-filter-item\">\n    <a href=\"https:\/\/www.lapurla.ch\/fr\/news\/schenke-einen-lapurla-moment-mit-einer-spende\" class=\"kdgs-filter-item--link \"\n\t\t>\n        <div class=\"item--impression\">\n            <div class=\"item--image\">\n\t\t\t\t<img loading=\"lazy\" decoding=\"async\" width=\"1024\" height=\"576\" src=\"https:\/\/www.lapurla.ch\/wp-content\/uploads\/2024\/12\/LapurlaIconsSepcialsWeihnachtsgrussIcon-1024x576.jpg\" class=\"attachment-large size-large wp-post-image\" alt=\"\" srcset=\"https:\/\/www.lapurla.ch\/wp-content\/uploads\/2024\/12\/LapurlaIconsSepcialsWeihnachtsgrussIcon-1024x576.jpg 1024w, https:\/\/www.lapurla.ch\/wp-content\/uploads\/2024\/12\/LapurlaIconsSepcialsWeihnachtsgrussIcon-300x169.jpg 300w, https:\/\/www.lapurla.ch\/wp-content\/uploads\/2024\/12\/LapurlaIconsSepcialsWeihnachtsgrussIcon-768x432.jpg 768w, https:\/\/www.lapurla.ch\/wp-content\/uploads\/2024\/12\/LapurlaIconsSepcialsWeihnachtsgrussIcon-1536x864.jpg 1536w, https:\/\/www.lapurla.ch\/wp-content\/uploads\/2024\/12\/LapurlaIconsSepcialsWeihnachtsgrussIcon-2048x1152.jpg 2048w\" sizes=\"auto, (max-width: 1024px) 100vw, 1024px\" \/>            <\/div>\n            <div class=\"date\">08.12.2024<\/div>\n        <\/div>\n        <div class=\"item--content\">\n            <div class=\"item--content-wrapper\">\n                <h3 class=\"item--title\">Offre un moment Lapurla en faisant un don<\/h3>\n                <div class=\"item--content\">\n\t\t\t\t\tTu ne sais pas quoi offrir ? Tes proches ont d\u00e9j\u00e0 tout, sauf trop peu de temps ensemble ? Ou tu as besoin d&rsquo;un cadeau de derni\u00e8re minute ? Lapurla a la solution parfaite pour toi !                <\/div>\n            <\/div>\n\t\t\t<svg class=\"svg-icon icon-arrow-right\" xmlns=\"http:\/\/www.w3.org\/2000\/svg\"><use xmlns:xlink=\"http:\/\/www.w3.org\/1999\/xlink\" xlink:href=\"https:\/\/www.lapurla.ch\/wp-content\/themes\/lapurla\/dist\/icons.svg?f27dc72#arrow-right\"><\/use><\/svg>        <\/div>\n    <\/a>\n\t<\/div>\n<div class=\"col-12 col-md-6 col-lg-4  kdgs-filter-item\">\n    <a href=\"https:\/\/www.lapurla.ch\/fr\/news\/dokumentation-4-nationale-tagung\" class=\"kdgs-filter-item--link \"\n\t\t>\n        <div class=\"item--impression\">\n            <div class=\"item--image\">\n\t\t\t\t<img loading=\"lazy\" decoding=\"async\" width=\"1024\" height=\"576\" src=\"https:\/\/www.lapurla.ch\/wp-content\/uploads\/2024\/11\/dokumentation-2-1024x576.jpg\" class=\"attachment-large size-large wp-post-image\" alt=\"\" srcset=\"https:\/\/www.lapurla.ch\/wp-content\/uploads\/2024\/11\/dokumentation-2-1024x576.jpg 1024w, https:\/\/www.lapurla.ch\/wp-content\/uploads\/2024\/11\/dokumentation-2-300x169.jpg 300w, https:\/\/www.lapurla.ch\/wp-content\/uploads\/2024\/11\/dokumentation-2-768x432.jpg 768w, https:\/\/www.lapurla.ch\/wp-content\/uploads\/2024\/11\/dokumentation-2-1536x864.jpg 1536w, https:\/\/www.lapurla.ch\/wp-content\/uploads\/2024\/11\/dokumentation-2.jpg 1920w\" sizes=\"auto, (max-width: 1024px) 100vw, 1024px\" \/>            <\/div>\n            <div class=\"date\">04.12.2024<\/div>\n        <\/div>\n        <div class=\"item--content\">\n            <div class=\"item--content-wrapper\">\n                <h3 class=\"item--title\">Dokumentation 4. Nationale Tagung Lapurla mit Fokus \u00abKo-Konstruktion &amp; Ko-Kreation\u00bb<\/h3>\n                <div class=\"item--content\">\n\t\t\t\t\tInspiriert blicken wir zur\u00fcck auf einen reichhaltigen Mix aus Impulsen von Expert:innen, Gespr\u00e4chen, Workshops und Netzwerken.                 <\/div>\n            <\/div>\n\t\t\t<svg class=\"svg-icon icon-arrow-right\" xmlns=\"http:\/\/www.w3.org\/2000\/svg\"><use xmlns:xlink=\"http:\/\/www.w3.org\/1999\/xlink\" xlink:href=\"https:\/\/www.lapurla.ch\/wp-content\/themes\/lapurla\/dist\/icons.svg?f27dc72#arrow-right\"><\/use><\/svg>        <\/div>\n    <\/a>\n\t<\/div>\n<div class=\"col-12 col-md-6 col-lg-4  kdgs-filter-item\">\n    <a href=\"https:\/\/www.lapurla.ch\/fr\/news\/artmini-kreieren-fuer-die-juengsten\" class=\"kdgs-filter-item--link \"\n\t\t>\n        <div class=\"item--impression\">\n            <div class=\"item--image\">\n\t\t\t\t<img loading=\"lazy\" decoding=\"async\" width=\"768\" height=\"1024\" src=\"https:\/\/www.lapurla.ch\/wp-content\/uploads\/2024\/12\/20230316143945-768x1024.jpg\" class=\"attachment-large size-large wp-post-image\" alt=\"\" srcset=\"https:\/\/www.lapurla.ch\/wp-content\/uploads\/2024\/12\/20230316143945-768x1024.jpg 768w, https:\/\/www.lapurla.ch\/wp-content\/uploads\/2024\/12\/20230316143945-225x300.jpg 225w, https:\/\/www.lapurla.ch\/wp-content\/uploads\/2024\/12\/20230316143945-1152x1536.jpg 1152w, https:\/\/www.lapurla.ch\/wp-content\/uploads\/2024\/12\/20230316143945-1536x2048.jpg 1536w, https:\/\/www.lapurla.ch\/wp-content\/uploads\/2024\/12\/20230316143945-scaled.jpg 1920w\" sizes=\"auto, (max-width: 768px) 100vw, 768px\" \/>            <\/div>\n            <div class=\"date\">03.12.2024<\/div>\n        <\/div>\n        <div class=\"item--content\">\n            <div class=\"item--content-wrapper\">\n                <h3 class=\"item--title\">Art&rsquo;Mini : Cr\u00e9er pour les plus jeunes<\/h3>\n                <div class=\"item--content\">\n\t\t\t\t\tTu as envie d&rsquo;organiser des \u00e9v\u00e9nements pour les enfants de 0 \u00e0 4 ans et leurs accompagnateurs ? Ou tu souhaites cr\u00e9er des activit\u00e9s pour les tout-petits et leurs accompagnateurs ? Alors d\u00e9couvre ici Art&rsquo;Mini et son Call for participation et Call for project.                <\/div>\n            <\/div>\n\t\t\t<svg class=\"svg-icon icon-arrow-right\" xmlns=\"http:\/\/www.w3.org\/2000\/svg\"><use xmlns:xlink=\"http:\/\/www.w3.org\/1999\/xlink\" xlink:href=\"https:\/\/www.lapurla.ch\/wp-content\/themes\/lapurla\/dist\/icons.svg?f27dc72#arrow-right\"><\/use><\/svg>        <\/div>\n    <\/a>\n\t<\/div>\n<div class=\"col-12 col-md-6 col-lg-4  kdgs-filter-item\">\n    <a href=\"https:\/\/www.lapurla.ch\/fr\/news\/anerkennungspreis-compagnie-digestif\" class=\"kdgs-filter-item--link \"\n\t\t>\n        <div class=\"item--impression\">\n            <div class=\"item--image\">\n\t\t\t\t<img loading=\"lazy\" decoding=\"async\" width=\"768\" height=\"1024\" src=\"https:\/\/www.lapurla.ch\/wp-content\/uploads\/2024\/12\/1732874152575-768x1024.jpeg\" class=\"attachment-large size-large wp-post-image\" alt=\"\" srcset=\"https:\/\/www.lapurla.ch\/wp-content\/uploads\/2024\/12\/1732874152575-768x1024.jpeg 768w, https:\/\/www.lapurla.ch\/wp-content\/uploads\/2024\/12\/1732874152575-225x300.jpeg 225w, https:\/\/www.lapurla.ch\/wp-content\/uploads\/2024\/12\/1732874152575-1152x1536.jpeg 1152w, https:\/\/www.lapurla.ch\/wp-content\/uploads\/2024\/12\/1732874152575.jpeg 1280w\" sizes=\"auto, (max-width: 768px) 100vw, 768px\" \/>            <\/div>\n            <div class=\"date\">02.12.2024<\/div>\n        <\/div>\n        <div class=\"item--content\">\n            <div class=\"item--content-wrapper\">\n                <h3 class=\"item--title\">Prix de reconnaissance pour la Compagnie Digestif<\/h3>\n                <div class=\"item--content\">\n\t\t\t\t\tQuelle grande joie : Jennifer Skolovski et sa compagnie Digestif re\u00e7oivent le prix de reconnaissance de la Fondation Pestalozzi pour leur engagement avec \u00ab Art Mini Outdoor \u00bb !                 <\/div>\n            <\/div>\n\t\t\t<svg class=\"svg-icon icon-arrow-right\" xmlns=\"http:\/\/www.w3.org\/2000\/svg\"><use xmlns:xlink=\"http:\/\/www.w3.org\/1999\/xlink\" xlink:href=\"https:\/\/www.lapurla.ch\/wp-content\/themes\/lapurla\/dist\/icons.svg?f27dc72#arrow-right\"><\/use><\/svg>        <\/div>\n    <\/a>\n\t<\/div>\n<div class=\"col-12 col-md-6 col-lg-4  kdgs-filter-item\">\n    <a href=\"https:\/\/www.lapurla.ch\/fr\/news\/cafe-chic-de-lassociation-anpac06\" class=\"kdgs-filter-item--link \"\n\t\t>\n        <div class=\"item--impression\">\n            <div class=\"item--image\">\n\t\t\t\t<img loading=\"lazy\" decoding=\"async\" width=\"1024\" height=\"724\" src=\"https:\/\/www.lapurla.ch\/wp-content\/uploads\/2024\/11\/LogoANPAC-2-1024x724.png\" class=\"attachment-large size-large wp-post-image\" alt=\"\" srcset=\"https:\/\/www.lapurla.ch\/wp-content\/uploads\/2024\/11\/LogoANPAC-2-1024x724.png 1024w, https:\/\/www.lapurla.ch\/wp-content\/uploads\/2024\/11\/LogoANPAC-2-300x212.png 300w, https:\/\/www.lapurla.ch\/wp-content\/uploads\/2024\/11\/LogoANPAC-2-768x543.png 768w, https:\/\/www.lapurla.ch\/wp-content\/uploads\/2024\/11\/LogoANPAC-2-1536x1086.png 1536w, https:\/\/www.lapurla.ch\/wp-content\/uploads\/2024\/11\/LogoANPAC-2-2048x1448.png 2048w\" sizes=\"auto, (max-width: 1024px) 100vw, 1024px\" \/>            <\/div>\n            <div class=\"date\">21.11.2024<\/div>\n        <\/div>\n        <div class=\"item--content\">\n            <div class=\"item--content-wrapper\">\n                <h3 class=\"item--title\">\u00abCaf\u00e9 Chic\u00bb de l\u2019association anpac06<\/h3>\n                <div class=\"item--content\">\n\t\t\t\t\tL\u2019association anpac06 organise pour les familles avec des enfants de 0 \u00e0 6 ans des offres qui invitent \u00e0 la d\u00e9couverte. Jusqu\u2019en mars 2025, ils proposent chaque dimanche le \u00ab Caf\u00e9 chic \u00bb. En savoir plus ici !                <\/div>\n            <\/div>\n\t\t\t<svg class=\"svg-icon icon-arrow-right\" xmlns=\"http:\/\/www.w3.org\/2000\/svg\"><use xmlns:xlink=\"http:\/\/www.w3.org\/1999\/xlink\" xlink:href=\"https:\/\/www.lapurla.ch\/wp-content\/themes\/lapurla\/dist\/icons.svg?f27dc72#arrow-right\"><\/use><\/svg>        <\/div>\n    <\/a>\n\t<\/div>\n<div class=\"col-12 col-md-6 col-lg-4  kdgs-filter-item\">\n    <a href=\"https:\/\/www.lapurla.ch\/fr\/news\/perle-darchive-sennuyer\" class=\"kdgs-filter-item--link \"\n\t\t>\n        <div class=\"item--impression\">\n            <div class=\"item--image\">\n\t\t\t\t<img loading=\"lazy\" decoding=\"async\" width=\"1024\" height=\"576\" src=\"https:\/\/www.lapurla.ch\/wp-content\/uploads\/2024\/10\/LapurlaIconsSpecialsArchivperlenFR2-1024x576.jpg\" class=\"attachment-large size-large wp-post-image\" alt=\"\" srcset=\"https:\/\/www.lapurla.ch\/wp-content\/uploads\/2024\/10\/LapurlaIconsSpecialsArchivperlenFR2-1024x576.jpg 1024w, https:\/\/www.lapurla.ch\/wp-content\/uploads\/2024\/10\/LapurlaIconsSpecialsArchivperlenFR2-300x169.jpg 300w, https:\/\/www.lapurla.ch\/wp-content\/uploads\/2024\/10\/LapurlaIconsSpecialsArchivperlenFR2-768x432.jpg 768w, https:\/\/www.lapurla.ch\/wp-content\/uploads\/2024\/10\/LapurlaIconsSpecialsArchivperlenFR2-1536x864.jpg 1536w, https:\/\/www.lapurla.ch\/wp-content\/uploads\/2024\/10\/LapurlaIconsSpecialsArchivperlenFR2-2048x1152.jpg 2048w\" sizes=\"auto, (max-width: 1024px) 100vw, 1024px\" \/>            <\/div>\n            <div class=\"date\">24.10.2024<\/div>\n        <\/div>\n        <div class=\"item--content\">\n            <div class=\"item--content-wrapper\">\n                <h3 class=\"item--title\">Perle d\u2019archive n\u00b0 2 : \u00abS&rsquo;ennuyer\u00bb<\/h3>\n                <div class=\"item--content\">\n\t\t\t\t\tLapurla dispose d\u2019un mat\u00e9riel pr\u00e9cieux en abondance. Nous sortons comme par magie des perles des archives Lapurla et les partageons avec vous. Cela vaut la peine d\u2019y jeter un coup d\u2019\u0153il !                <\/div>\n            <\/div>\n\t\t\t<svg class=\"svg-icon icon-arrow-right\" xmlns=\"http:\/\/www.w3.org\/2000\/svg\"><use xmlns:xlink=\"http:\/\/www.w3.org\/1999\/xlink\" xlink:href=\"https:\/\/www.lapurla.ch\/wp-content\/themes\/lapurla\/dist\/icons.svg?f27dc72#arrow-right\"><\/use><\/svg>        <\/div>\n    <\/a>\n\t<\/div>\n<div class=\"col-12 col-md-6 col-lg-4  kdgs-filter-item\">\n    <a href=\"https:\/\/www.lapurla.ch\/fr\/news\/du-reseau-kulturlabor-sh\" class=\"kdgs-filter-item--link \"\n\t\t>\n        <div class=\"item--impression\">\n            <div class=\"item--image\">\n\t\t\t\t<img loading=\"lazy\" decoding=\"async\" width=\"1024\" height=\"683\" src=\"https:\/\/www.lapurla.ch\/wp-content\/uploads\/2024\/10\/KULTURLABORshimglapurla-1024x683.jpg\" class=\"attachment-large size-large wp-post-image\" alt=\"\" srcset=\"https:\/\/www.lapurla.ch\/wp-content\/uploads\/2024\/10\/KULTURLABORshimglapurla-1024x683.jpg 1024w, https:\/\/www.lapurla.ch\/wp-content\/uploads\/2024\/10\/KULTURLABORshimglapurla-300x200.jpg 300w, https:\/\/www.lapurla.ch\/wp-content\/uploads\/2024\/10\/KULTURLABORshimglapurla-768x512.jpg 768w, https:\/\/www.lapurla.ch\/wp-content\/uploads\/2024\/10\/KULTURLABORshimglapurla-1536x1024.jpg 1536w, https:\/\/www.lapurla.ch\/wp-content\/uploads\/2024\/10\/KULTURLABORshimglapurla.jpg 1848w\" sizes=\"auto, (max-width: 1024px) 100vw, 1024px\" \/>            <\/div>\n            <div class=\"date\">09.10.2024<\/div>\n        <\/div>\n        <div class=\"item--content\">\n            <div class=\"item--content-wrapper\">\n                <h3 class=\"item--title\">Du r\u00e9seau: KULTURLABOR.sh<\/h3>\n                <div class=\"item--content\">\n\t\t\t\t\tLe r\u00e9seau de Lapurla ne cesse de s&rsquo;\u00e9tendre et compte d\u00e9j\u00e0 231 membres ! Mais qui sont les membres du r\u00e9seau ? Quelle est leur motivation pour faire partie du r\u00e9seau ? Et comment Lapurla agit-il dans leur quotidien professionnel et priv\u00e9 ? Nous avons pos\u00e9 ces questions \u00e0 Rub\u00e9n Fructuoso et Beat Wipf.                <\/div>\n            <\/div>\n\t\t\t<svg class=\"svg-icon icon-arrow-right\" xmlns=\"http:\/\/www.w3.org\/2000\/svg\"><use xmlns:xlink=\"http:\/\/www.w3.org\/1999\/xlink\" xlink:href=\"https:\/\/www.lapurla.ch\/wp-content\/themes\/lapurla\/dist\/icons.svg?f27dc72#arrow-right\"><\/use><\/svg>        <\/div>\n    <\/a>\n\t<\/div>\n<div class=\"col-12 col-md-6 col-lg-4  kdgs-filter-item\">\n    <a href=\"https:\/\/www.lapurla.ch\/fr\/news\/etude-dissemblables-ensemble\" class=\"kdgs-filter-item--link \"\n\t\t>\n        <div class=\"item--impression\">\n            <div class=\"item--image\">\n\t\t\t\t<img loading=\"lazy\" decoding=\"async\" width=\"1024\" height=\"724\" src=\"https:\/\/www.lapurla.ch\/wp-content\/uploads\/2024\/09\/gemeinsamverschiedenwebFR-1024x724.jpg\" class=\"attachment-large size-large wp-post-image\" alt=\"\" srcset=\"https:\/\/www.lapurla.ch\/wp-content\/uploads\/2024\/09\/gemeinsamverschiedenwebFR-1024x724.jpg 1024w, https:\/\/www.lapurla.ch\/wp-content\/uploads\/2024\/09\/gemeinsamverschiedenwebFR-300x212.jpg 300w, https:\/\/www.lapurla.ch\/wp-content\/uploads\/2024\/09\/gemeinsamverschiedenwebFR-768x543.jpg 768w, https:\/\/www.lapurla.ch\/wp-content\/uploads\/2024\/09\/gemeinsamverschiedenwebFR-1536x1086.jpg 1536w, https:\/\/www.lapurla.ch\/wp-content\/uploads\/2024\/09\/gemeinsamverschiedenwebFR.jpg 1920w\" sizes=\"auto, (max-width: 1024px) 100vw, 1024px\" \/>            <\/div>\n            <div class=\"date\">16.09.2024<\/div>\n        <\/div>\n        <div class=\"item--content\">\n            <div class=\"item--content-wrapper\">\n                <h3 class=\"item--title\">\u00c9tude \u00abDissemblables ensemble ?\u00bb<\/h3>\n                <div class=\"item--content\">\n\t\t\t\t\t26 cantons, quatre langues nationales et une multitude de cultures et de modes de vie coexistent en Suisse. Mais quelle est la diversit\u00e9 et la mixit\u00e9 de l&rsquo;environnement social des habitants de la Suisse ? C&rsquo;est ce \u00e0 quoi r\u00e9pond l&rsquo;\u00e9tude \u00abDissemblables ensemble ?\u00bb                <\/div>\n            <\/div>\n\t\t\t<svg class=\"svg-icon icon-arrow-right\" xmlns=\"http:\/\/www.w3.org\/2000\/svg\"><use xmlns:xlink=\"http:\/\/www.w3.org\/1999\/xlink\" xlink:href=\"https:\/\/www.lapurla.ch\/wp-content\/themes\/lapurla\/dist\/icons.svg?f27dc72#arrow-right\"><\/use><\/svg>        <\/div>\n    <\/a>\n\t<\/div>\n<div class=\"col-12 col-md-6 col-lg-4  kdgs-filter-item\">\n    <a href=\"https:\/\/www.lapurla.ch\/fr\/news\/perle-darchive-n-1\" class=\"kdgs-filter-item--link \"\n\t\t>\n        <div class=\"item--impression\">\n            <div class=\"item--image\">\n\t\t\t\t<img loading=\"lazy\" decoding=\"async\" width=\"1024\" height=\"576\" src=\"https:\/\/www.lapurla.ch\/wp-content\/uploads\/2024\/08\/LapurlaIconsSepcialsArchivperlenFR-2-1024x576.jpg\" class=\"attachment-large size-large wp-post-image\" alt=\"\" srcset=\"https:\/\/www.lapurla.ch\/wp-content\/uploads\/2024\/08\/LapurlaIconsSepcialsArchivperlenFR-2-1024x576.jpg 1024w, https:\/\/www.lapurla.ch\/wp-content\/uploads\/2024\/08\/LapurlaIconsSepcialsArchivperlenFR-2-300x169.jpg 300w, https:\/\/www.lapurla.ch\/wp-content\/uploads\/2024\/08\/LapurlaIconsSepcialsArchivperlenFR-2-768x432.jpg 768w, https:\/\/www.lapurla.ch\/wp-content\/uploads\/2024\/08\/LapurlaIconsSepcialsArchivperlenFR-2-1536x864.jpg 1536w, https:\/\/www.lapurla.ch\/wp-content\/uploads\/2024\/08\/LapurlaIconsSepcialsArchivperlenFR-2.jpg 1920w\" sizes=\"auto, (max-width: 1024px) 100vw, 1024px\" \/>            <\/div>\n            <div class=\"date\">19.08.2024<\/div>\n        <\/div>\n        <div class=\"item--content\">\n            <div class=\"item--content-wrapper\">\n                <h3 class=\"item--title\">Perle d&rsquo;archive n\u00b0 1 : \u00abAider l&rsquo;enfant ne le rend pas autonome\u00bb<\/h3>\n                <div class=\"item--content\">\n\t\t\t\t\tLapurla dispose d&rsquo;un mat\u00e9riel pr\u00e9cieux en abondance. Nous sortons comme par magie des perles des archives Lapurla et les partageons avec vous. Cela vaut la peine d&rsquo;y jeter un coup d&rsquo;\u0153il !                <\/div>\n            <\/div>\n\t\t\t<svg class=\"svg-icon icon-arrow-right\" xmlns=\"http:\/\/www.w3.org\/2000\/svg\"><use xmlns:xlink=\"http:\/\/www.w3.org\/1999\/xlink\" xlink:href=\"https:\/\/www.lapurla.ch\/wp-content\/themes\/lapurla\/dist\/icons.svg?f27dc72#arrow-right\"><\/use><\/svg>        <\/div>\n    <\/a>\n\t<\/div>\n<div class=\"col-12 col-md-6 col-lg-4  kdgs-filter-item\">\n    <a href=\"https:\/\/www.lapurla.ch\/fr\/news\/nouveau-partenaire-de-reseau-pekip\" class=\"kdgs-filter-item--link \"\n\t\t>\n        <div class=\"item--impression\">\n            <div class=\"item--image\">\n\t\t\t\t<img loading=\"lazy\" decoding=\"async\" width=\"1024\" height=\"768\" src=\"https:\/\/www.lapurla.ch\/wp-content\/uploads\/2024\/07\/netzwerkpartnerpekipwebFR-1024x768.jpg\" class=\"attachment-large size-large wp-post-image\" alt=\"\" srcset=\"https:\/\/www.lapurla.ch\/wp-content\/uploads\/2024\/07\/netzwerkpartnerpekipwebFR-1024x768.jpg 1024w, https:\/\/www.lapurla.ch\/wp-content\/uploads\/2024\/07\/netzwerkpartnerpekipwebFR-300x225.jpg 300w, https:\/\/www.lapurla.ch\/wp-content\/uploads\/2024\/07\/netzwerkpartnerpekipwebFR-768x576.jpg 768w, https:\/\/www.lapurla.ch\/wp-content\/uploads\/2024\/07\/netzwerkpartnerpekipwebFR-1536x1152.jpg 1536w, https:\/\/www.lapurla.ch\/wp-content\/uploads\/2024\/07\/netzwerkpartnerpekipwebFR.jpg 1920w\" sizes=\"auto, (max-width: 1024px) 100vw, 1024px\" \/>            <\/div>\n            <div class=\"date\">11.07.2024<\/div>\n        <\/div>\n        <div class=\"item--content\">\n            <div class=\"item--content-wrapper\">\n                <h3 class=\"item--title\">Nouveau partenaire de r\u00e9seau :\u00a0PEKiP<\/h3>\n                <div class=\"item--content\">\n\t\t\t\t\tLapurla accueille le nouveau partenaire de r\u00e9seau \u00abPrager Eltern-Kind-Programm PEKiP\u00bb. La vision du PEKiP est de cr\u00e9er un environnement de soutien et d&rsquo;enrichissement pour le d\u00e9veloppement de la petite enfance. Mais pourquoi soutiennent-ils les objectifs de Lapurla en tant que partenaire de r\u00e9seau ? Lisez-en plus ici !                <\/div>\n            <\/div>\n\t\t\t<svg class=\"svg-icon icon-arrow-right\" xmlns=\"http:\/\/www.w3.org\/2000\/svg\"><use xmlns:xlink=\"http:\/\/www.w3.org\/1999\/xlink\" xlink:href=\"https:\/\/www.lapurla.ch\/wp-content\/themes\/lapurla\/dist\/icons.svg?f27dc72#arrow-right\"><\/use><\/svg>        <\/div>\n    <\/a>\n\t<\/div>\n<div class=\"col-12 col-md-6 col-lg-4  kdgs-filter-item\">\n    <a href=\"https:\/\/www.lapurla.ch\/fr\/news\/faites-fleurir-lapurla\" class=\"kdgs-filter-item--link \"\n\t\t>\n        <div class=\"item--impression\">\n            <div class=\"item--image\">\n\t\t\t\t<img loading=\"lazy\" decoding=\"async\" width=\"1024\" height=\"636\" src=\"https:\/\/www.lapurla.ch\/wp-content\/uploads\/2024\/07\/spendenwebsiteFR-1024x636.jpg\" class=\"attachment-large size-large wp-post-image\" alt=\"\" srcset=\"https:\/\/www.lapurla.ch\/wp-content\/uploads\/2024\/07\/spendenwebsiteFR-1024x636.jpg 1024w, https:\/\/www.lapurla.ch\/wp-content\/uploads\/2024\/07\/spendenwebsiteFR-300x186.jpg 300w, https:\/\/www.lapurla.ch\/wp-content\/uploads\/2024\/07\/spendenwebsiteFR-768x477.jpg 768w, https:\/\/www.lapurla.ch\/wp-content\/uploads\/2024\/07\/spendenwebsiteFR-1536x954.jpg 1536w, https:\/\/www.lapurla.ch\/wp-content\/uploads\/2024\/07\/spendenwebsiteFR.jpg 2010w\" sizes=\"auto, (max-width: 1024px) 100vw, 1024px\" \/>            <\/div>\n            <div class=\"date\">01.07.2024<\/div>\n        <\/div>\n        <div class=\"item--content\">\n            <div class=\"item--content-wrapper\">\n                <h3 class=\"item--title\">Faites fleurir Lapurla !<\/h3>\n                <div class=\"item--content\">\n\t\t\t\t\tAidez-nous \u00e0 faire de la vision de Lapurla une r\u00e9alit\u00e9, afin que chaque enfant puisse, d\u00e8s le d\u00e9but, d\u00e9marrer dans la vie en \u00e9tant renforc\u00e9 dans sa personnalit\u00e9, son bien-\u00eatre et sa r\u00e9silience. D\u00e9couvre ici comment tu peux aider.                <\/div>\n            <\/div>\n\t\t\t<svg class=\"svg-icon icon-arrow-right\" xmlns=\"http:\/\/www.w3.org\/2000\/svg\"><use xmlns:xlink=\"http:\/\/www.w3.org\/1999\/xlink\" xlink:href=\"https:\/\/www.lapurla.ch\/wp-content\/themes\/lapurla\/dist\/icons.svg?f27dc72#arrow-right\"><\/use><\/svg>        <\/div>\n    <\/a>\n\t<\/div>\n<div class=\"col-12 col-md-6 col-lg-4  kdgs-filter-item\">\n    <a href=\"https:\/\/www.lapurla.ch\/fr\/news\/rapport-dimpact-de-lapurla-2023\" class=\"kdgs-filter-item--link \"\n\t\t>\n        <div class=\"item--impression\">\n            <div class=\"item--image\">\n\t\t\t\t<img loading=\"lazy\" decoding=\"async\" width=\"1024\" height=\"794\" src=\"https:\/\/www.lapurla.ch\/wp-content\/uploads\/2024\/05\/2023wirkunsberichtweb-Kopie-1024x794.jpg\" class=\"attachment-large size-large wp-post-image\" alt=\"\" srcset=\"https:\/\/www.lapurla.ch\/wp-content\/uploads\/2024\/05\/2023wirkunsberichtweb-Kopie-1024x794.jpg 1024w, https:\/\/www.lapurla.ch\/wp-content\/uploads\/2024\/05\/2023wirkunsberichtweb-Kopie-300x233.jpg 300w, https:\/\/www.lapurla.ch\/wp-content\/uploads\/2024\/05\/2023wirkunsberichtweb-Kopie-768x595.jpg 768w, https:\/\/www.lapurla.ch\/wp-content\/uploads\/2024\/05\/2023wirkunsberichtweb-Kopie.jpg 1218w\" sizes=\"auto, (max-width: 1024px) 100vw, 1024px\" \/>            <\/div>\n            <div class=\"date\">31.05.2024<\/div>\n        <\/div>\n        <div class=\"item--content\">\n            <div class=\"item--content-wrapper\">\n                <h3 class=\"item--title\">Rapport d\u2019impact de Lapurla 2023<\/h3>\n                <div class=\"item--content\">\n\t\t\t\t\tLe rapport d\u2019impact de Lapurla pour l\u2019ann\u00e9e\u00a02023 donne un aper\u00e7u de sa premi\u00e8re ann\u00e9e en tant que fondation. Lapurla a agi de mani\u00e8re extr\u00eamement vari\u00e9e, \u00e0 tous les niveaux!                <\/div>\n            <\/div>\n\t\t\t<svg class=\"svg-icon icon-arrow-right\" xmlns=\"http:\/\/www.w3.org\/2000\/svg\"><use xmlns:xlink=\"http:\/\/www.w3.org\/1999\/xlink\" xlink:href=\"https:\/\/www.lapurla.ch\/wp-content\/themes\/lapurla\/dist\/icons.svg?f27dc72#arrow-right\"><\/use><\/svg>        <\/div>\n    <\/a>\n\t<\/div>\n<div class=\"col-12 col-md-6 col-lg-4  kdgs-filter-item\">\n    <a href=\"https:\/\/www.lapurla.ch\/fr\/news\/cas-stark-am-start\" class=\"kdgs-filter-item--link \"\n\t\t>\n        <div class=\"item--impression\">\n            <div class=\"item--image\">\n\t\t\t\t<img loading=\"lazy\" decoding=\"async\" width=\"1024\" height=\"806\" src=\"https:\/\/www.lapurla.ch\/wp-content\/uploads\/2024\/05\/GrafikCASStarkamStart-1024x806.jpg\" class=\"attachment-large size-large wp-post-image\" alt=\"\" srcset=\"https:\/\/www.lapurla.ch\/wp-content\/uploads\/2024\/05\/GrafikCASStarkamStart-1024x806.jpg 1024w, https:\/\/www.lapurla.ch\/wp-content\/uploads\/2024\/05\/GrafikCASStarkamStart-300x236.jpg 300w, https:\/\/www.lapurla.ch\/wp-content\/uploads\/2024\/05\/GrafikCASStarkamStart-768x605.jpg 768w, https:\/\/www.lapurla.ch\/wp-content\/uploads\/2024\/05\/GrafikCASStarkamStart-1536x1210.jpg 1536w, https:\/\/www.lapurla.ch\/wp-content\/uploads\/2024\/05\/GrafikCASStarkamStart.jpg 1920w\" sizes=\"auto, (max-width: 1024px) 100vw, 1024px\" \/>            <\/div>\n            <div class=\"date\">17.05.2024<\/div>\n        <\/div>\n        <div class=\"item--content\">\n            <div class=\"item--content-wrapper\">\n                <h3 class=\"item--title\">CAS Stark am Start<\/h3>\n                <div class=\"item--content\">\n\t\t\t\t\tDer neue CAS Stark am Start will Kunst, Gesundheit und Soziales verbinden und Caring ab der Fr\u00fchen Kindheit interprofessionell gestalten. Er bietet Fachpersonen aus den Bereichen Gesundheit, Kultur \/ K\u00fcnste und Soziales eine berufsbegleitende Weiterbildung zur \u00c4sthetischen Bildung und Kulturellen Teilhabe junger Kinder von der Geburt bis zum Vorschulalter.                 <\/div>\n            <\/div>\n\t\t\t<svg class=\"svg-icon icon-arrow-right\" xmlns=\"http:\/\/www.w3.org\/2000\/svg\"><use xmlns:xlink=\"http:\/\/www.w3.org\/1999\/xlink\" xlink:href=\"https:\/\/www.lapurla.ch\/wp-content\/themes\/lapurla\/dist\/icons.svg?f27dc72#arrow-right\"><\/use><\/svg>        <\/div>\n    <\/a>\n\t<\/div>\n<div class=\"col-12 col-md-6 col-lg-4  kdgs-filter-item\">\n    <a href=\"https:\/\/www.lapurla.ch\/fr\/news\/lunion-fait-la-force-des-le-debut\" class=\"kdgs-filter-item--link \"\n\t\t>\n        <div class=\"item--impression\">\n            <div class=\"item--image\">\n\t\t\t\t<img loading=\"lazy\" decoding=\"async\" width=\"1024\" height=\"682\" src=\"https:\/\/www.lapurla.ch\/wp-content\/uploads\/2024\/05\/genderrollen.jpg-1024x682.webp\" class=\"attachment-large size-large wp-post-image\" alt=\"\" srcset=\"https:\/\/www.lapurla.ch\/wp-content\/uploads\/2024\/05\/genderrollen.jpg-1024x682.webp 1024w, https:\/\/www.lapurla.ch\/wp-content\/uploads\/2024\/05\/genderrollen.jpg-300x200.webp 300w, https:\/\/www.lapurla.ch\/wp-content\/uploads\/2024\/05\/genderrollen.jpg-768x511.webp 768w, https:\/\/www.lapurla.ch\/wp-content\/uploads\/2024\/05\/genderrollen.jpg.webp 1200w\" sizes=\"auto, (max-width: 1024px) 100vw, 1024px\" \/>            <\/div>\n            <div class=\"date\">16.05.2024<\/div>\n        <\/div>\n        <div class=\"item--content\">\n            <div class=\"item--content-wrapper\">\n                <h3 class=\"item--title\">L&rsquo;union fait la force, d\u00e8s le d\u00e9but<\/h3>\n                <div class=\"item--content\">\n\t\t\t\t\tIl existe de nombreuses offres dans le domaine de la petite enfance qui proposent un soutien aux familles. Mais ces offres ne sont gu\u00e8re reli\u00e9es entre elles. C&rsquo;est pourquoi Alliance Enfance a lanc\u00e9 un projet qui vise \u00e0 ce que toutes les institutions et tous les professionnels de la petite enfance se mettent syst\u00e9matiquement en r\u00e9seau. Tu d\u00e9couvriras ici en quoi consiste ce projet et en quoi Lapurla y participe.                <\/div>\n            <\/div>\n\t\t\t<svg class=\"svg-icon icon-arrow-right\" xmlns=\"http:\/\/www.w3.org\/2000\/svg\"><use xmlns:xlink=\"http:\/\/www.w3.org\/1999\/xlink\" xlink:href=\"https:\/\/www.lapurla.ch\/wp-content\/themes\/lapurla\/dist\/icons.svg?f27dc72#arrow-right\"><\/use><\/svg>        <\/div>\n    <\/a>\n\t<\/div>\n<div class=\"col-12 col-md-6 col-lg-4  kdgs-filter-item\">\n    <a href=\"https:\/\/www.lapurla.ch\/fr\/news\/partenaire-de-reseau-hfk\" class=\"kdgs-filter-item--link \"\n\t\t>\n        <div class=\"item--impression\">\n            <div class=\"item--image\">\n\t\t\t\t<img loading=\"lazy\" decoding=\"async\" width=\"1024\" height=\"768\" src=\"https:\/\/www.lapurla.ch\/wp-content\/uploads\/2024\/04\/netzwerkpartnerwebhfkFR-1024x768.jpg\" class=\"attachment-large size-large wp-post-image\" alt=\"\" srcset=\"https:\/\/www.lapurla.ch\/wp-content\/uploads\/2024\/04\/netzwerkpartnerwebhfkFR-1024x768.jpg 1024w, https:\/\/www.lapurla.ch\/wp-content\/uploads\/2024\/04\/netzwerkpartnerwebhfkFR-300x225.jpg 300w, https:\/\/www.lapurla.ch\/wp-content\/uploads\/2024\/04\/netzwerkpartnerwebhfkFR-768x576.jpg 768w, https:\/\/www.lapurla.ch\/wp-content\/uploads\/2024\/04\/netzwerkpartnerwebhfkFR-1536x1152.jpg 1536w, https:\/\/www.lapurla.ch\/wp-content\/uploads\/2024\/04\/netzwerkpartnerwebhfkFR.jpg 1920w\" sizes=\"auto, (max-width: 1024px) 100vw, 1024px\" \/>            <\/div>\n            <div class=\"date\">29.04.2024<\/div>\n        <\/div>\n        <div class=\"item--content\">\n            <div class=\"item--content-wrapper\">\n                <h3 class=\"item--title\">Nouveau partenaire de r\u00e9seau : H\u00f6here Fachschule f\u00fcr Kindheitsp\u00e4dagogik<\/h3>\n                <div class=\"item--content\">\n\t\t\t\t\tLapurla salue le nouveau partenaire de r\u00e9seau \u00abH\u00f6here Fachschule f\u00fcr Kindheitsp\u00e4dagogik hfk\u00bb (\u00e9cole sup\u00e9rieure de p\u00e9dagogie de l&rsquo;enfance). L&rsquo;\u00e9cole sup\u00e9rieure de p\u00e9dagogie de l&rsquo;enfance forme des sp\u00e9cialistes. Mais pourquoi soutiennent-ils les demandes de Lapurla en tant que partenaire de r\u00e9seau ? Lisez ici pour en savoir plus !                <\/div>\n            <\/div>\n\t\t\t<svg class=\"svg-icon icon-arrow-right\" xmlns=\"http:\/\/www.w3.org\/2000\/svg\"><use xmlns:xlink=\"http:\/\/www.w3.org\/1999\/xlink\" xlink:href=\"https:\/\/www.lapurla.ch\/wp-content\/themes\/lapurla\/dist\/icons.svg?f27dc72#arrow-right\"><\/use><\/svg>        <\/div>\n    <\/a>\n\t<\/div>\n<div class=\"col-12 col-md-6 col-lg-4  kdgs-filter-item\">\n    <a href=\"https:\/\/www.lapurla.ch\/fr\/news\/nouveau-partenaire-de-reseau-kinderarzte-schweiz\" class=\"kdgs-filter-item--link \"\n\t\t>\n        <div class=\"item--impression\">\n            <div class=\"item--image\">\n\t\t\t\t<img loading=\"lazy\" decoding=\"async\" width=\"800\" height=\"600\" src=\"https:\/\/www.lapurla.ch\/wp-content\/uploads\/2024\/03\/netzwerkpartnerwebfr.jpg\" class=\"attachment-large size-large wp-post-image\" alt=\"\" srcset=\"https:\/\/www.lapurla.ch\/wp-content\/uploads\/2024\/03\/netzwerkpartnerwebfr.jpg 800w, https:\/\/www.lapurla.ch\/wp-content\/uploads\/2024\/03\/netzwerkpartnerwebfr-300x225.jpg 300w, https:\/\/www.lapurla.ch\/wp-content\/uploads\/2024\/03\/netzwerkpartnerwebfr-768x576.jpg 768w\" sizes=\"auto, (max-width: 800px) 100vw, 800px\" \/>            <\/div>\n            <div class=\"date\">22.03.2024<\/div>\n        <\/div>\n        <div class=\"item--content\">\n            <div class=\"item--content-wrapper\">\n                <h3 class=\"item--title\">Nouveau partenaire de r\u00e9seau : Kinder\u00e4rzte Schweiz (P\u00e9diatres Suisse)<\/h3>\n                <div class=\"item--content\">\n\t\t\t\t\tLapurla salue son nouveau partenaire de r\u00e9seau, \u00abKinder\u00e4rzte Schweiz\u00bb (P\u00e9diatres Suisse). L&rsquo;association professionnelle des p\u00e9diatres M\u00e9decins s&rsquo;engage pour une p\u00e9diatrie de haute qualit\u00e9 au cabinet m\u00e9dical. Mais pourquoi \u00abKinder\u00e4rzte Schweiz\u00bb soutient-il les pr\u00e9occupations de Lapurla en tant que partenaire de r\u00e9seau ? Lisez ici pour en savoir plus !                <\/div>\n            <\/div>\n\t\t\t<svg class=\"svg-icon icon-arrow-right\" xmlns=\"http:\/\/www.w3.org\/2000\/svg\"><use xmlns:xlink=\"http:\/\/www.w3.org\/1999\/xlink\" xlink:href=\"https:\/\/www.lapurla.ch\/wp-content\/themes\/lapurla\/dist\/icons.svg?f27dc72#arrow-right\"><\/use><\/svg>        <\/div>\n    <\/a>\n\t<\/div>\n<div class=\"col-12 col-md-6 col-lg-4  kdgs-filter-item\">\n    <a href=\"https:\/\/www.lapurla.ch\/fr\/news\/reseau-sabine-germann\" class=\"kdgs-filter-item--link \"\n\t\t>\n        <div class=\"item--impression\">\n            <div class=\"item--image\">\n\t\t\t\t<img loading=\"lazy\" decoding=\"async\" width=\"800\" height=\"450\" src=\"https:\/\/www.lapurla.ch\/wp-content\/uploads\/2024\/03\/sabinegermannweb-2.jpg\" class=\"attachment-large size-large wp-post-image\" alt=\"\" srcset=\"https:\/\/www.lapurla.ch\/wp-content\/uploads\/2024\/03\/sabinegermannweb-2.jpg 800w, https:\/\/www.lapurla.ch\/wp-content\/uploads\/2024\/03\/sabinegermannweb-2-300x169.jpg 300w, https:\/\/www.lapurla.ch\/wp-content\/uploads\/2024\/03\/sabinegermannweb-2-768x432.jpg 768w\" sizes=\"auto, (max-width: 800px) 100vw, 800px\" \/>            <\/div>\n            <div class=\"date\">18.03.2024<\/div>\n        <\/div>\n        <div class=\"item--content\">\n            <div class=\"item--content-wrapper\">\n                <h3 class=\"item--title\">Du r\u00e9seau: Sabine Germann<\/h3>\n                <div class=\"item--content\">\n\t\t\t\t\tLe r\u00e9seau de Lapurla n\u2019a cess\u00e9 de cro\u00eetre et compte 216 membres ! Mais qui sont les membres du r\u00e9seau ? Quelle est leur motivation pour faire partie du r\u00e9seau ? Et comment Lapurla agit-il dans leur quotidien professionnel et priv\u00e9 ? Nous avons pos\u00e9 ces questions \u00e0 Sabine Germann.                <\/div>\n            <\/div>\n\t\t\t<svg class=\"svg-icon icon-arrow-right\" xmlns=\"http:\/\/www.w3.org\/2000\/svg\"><use xmlns:xlink=\"http:\/\/www.w3.org\/1999\/xlink\" xlink:href=\"https:\/\/www.lapurla.ch\/wp-content\/themes\/lapurla\/dist\/icons.svg?f27dc72#arrow-right\"><\/use><\/svg>        <\/div>\n    <\/a>\n\t<\/div>\n<div class=\"col-12 col-md-6 col-lg-4  kdgs-filter-item\">\n    <a href=\"https:\/\/www.lapurla.ch\/fr\/news\/association-envies\" class=\"kdgs-filter-item--link \"\n\t\t>\n        <div class=\"item--impression\">\n            <div class=\"item--image\">\n\t\t\t\t<img loading=\"lazy\" decoding=\"async\" width=\"1000\" height=\"563\" src=\"https:\/\/www.lapurla.ch\/wp-content\/uploads\/2023\/09\/LapurlaLogoenvies.png\" class=\"attachment-large size-large wp-post-image\" alt=\"\" srcset=\"https:\/\/www.lapurla.ch\/wp-content\/uploads\/2023\/09\/LapurlaLogoenvies.png 1000w, https:\/\/www.lapurla.ch\/wp-content\/uploads\/2023\/09\/LapurlaLogoenvies-300x169.png 300w, https:\/\/www.lapurla.ch\/wp-content\/uploads\/2023\/09\/LapurlaLogoenvies-768x432.png 768w\" sizes=\"auto, (max-width: 1000px) 100vw, 1000px\" \/>            <\/div>\n            <div class=\"date\">19.02.2024<\/div>\n        <\/div>\n        <div class=\"item--content\">\n            <div class=\"item--content-wrapper\">\n                <h3 class=\"item--title\">Du r\u00e9seau: Association \u00abenVies\u00bb<\/h3>\n                <div class=\"item--content\">\n\t\t\t\t\tPr\u00e9sentation de l&rsquo;association enVies. Elle a \u00e9t\u00e9 fond\u00e9e, entre autres, par la networkeuse Maryjan Maitre. L&rsquo;association s&rsquo;inspire de la devise : \u00ab&#8230;l\u00e0 o\u00f9 la vie germe, les d\u00e9sirs apparaissent&#8230;\u00bb. Curieux d&rsquo;en savoir plus ?                 <\/div>\n            <\/div>\n\t\t\t<svg class=\"svg-icon icon-arrow-right\" xmlns=\"http:\/\/www.w3.org\/2000\/svg\"><use xmlns:xlink=\"http:\/\/www.w3.org\/1999\/xlink\" xlink:href=\"https:\/\/www.lapurla.ch\/wp-content\/themes\/lapurla\/dist\/icons.svg?f27dc72#arrow-right\"><\/use><\/svg>        <\/div>\n    <\/a>\n\t<\/div>\n<div class=\"col-12 col-md-6 col-lg-4  kdgs-filter-item\">\n    <a href=\"https:\/\/www.lapurla.ch\/fr\/news\/retrospective-rendez-vous-espaces-creatifs\" class=\"kdgs-filter-item--link \"\n\t\t>\n        <div class=\"item--impression\">\n            <div class=\"item--image\">\n\t\t\t\t<img loading=\"lazy\" decoding=\"async\" width=\"1024\" height=\"768\" src=\"https:\/\/www.lapurla.ch\/wp-content\/uploads\/2023\/12\/rendezvousespacescreatifsbutton-1024x768.jpg\" class=\"attachment-large size-large wp-post-image\" alt=\"\" srcset=\"https:\/\/www.lapurla.ch\/wp-content\/uploads\/2023\/12\/rendezvousespacescreatifsbutton-1024x768.jpg 1024w, https:\/\/www.lapurla.ch\/wp-content\/uploads\/2023\/12\/rendezvousespacescreatifsbutton-300x225.jpg 300w, https:\/\/www.lapurla.ch\/wp-content\/uploads\/2023\/12\/rendezvousespacescreatifsbutton-768x576.jpg 768w, https:\/\/www.lapurla.ch\/wp-content\/uploads\/2023\/12\/rendezvousespacescreatifsbutton-1536x1152.jpg 1536w, https:\/\/www.lapurla.ch\/wp-content\/uploads\/2023\/12\/rendezvousespacescreatifsbutton-2048x1536.jpg 2048w\" sizes=\"auto, (max-width: 1024px) 100vw, 1024px\" \/>            <\/div>\n            <div class=\"date\">13.02.2024<\/div>\n        <\/div>\n        <div class=\"item--content\">\n            <div class=\"item--content-wrapper\">\n                <h3 class=\"item--title\">R\u00e9trospective du Rendez-vous \u00abEspaceS cr\u00e9atifS\u00bb<\/h3>\n                <div class=\"item--content\">\n\t\t\t\t\tLoyse Graf (m\u00e9diatrice culturelle) et C\u00e9lia Meirelles (\u00e9ducatrice) ont remport\u00e9 un Lapurla Award dans la cat\u00e9gorie \u00abBest Practice\u00bb et dans le setting \u00abLes enfants \u00e0 l&rsquo;art\u00bb. Dans le Rendez-vous, elles ont donn\u00e9 un aper\u00e7u de leur projet \u00abEspaceS cr\u00e9atifS\u00bb au Mus\u00e9e d&rsquo;art et d&rsquo;histoire MAH \u00e0 Gen\u00e8ve. Pour en savoir plus, consultez la r\u00e9trospective ici !                <\/div>\n            <\/div>\n\t\t\t<svg class=\"svg-icon icon-arrow-right\" xmlns=\"http:\/\/www.w3.org\/2000\/svg\"><use xmlns:xlink=\"http:\/\/www.w3.org\/1999\/xlink\" xlink:href=\"https:\/\/www.lapurla.ch\/wp-content\/themes\/lapurla\/dist\/icons.svg?f27dc72#arrow-right\"><\/use><\/svg>        <\/div>\n    <\/a>\n\t<\/div>\n<div class=\"col-12 col-md-6 col-lg-4  kdgs-filter-item\">\n    <a href=\"https:\/\/www.lapurla.ch\/fr\/news\/reseaususanne-kudorfer\" class=\"kdgs-filter-item--link \"\n\t\t>\n        <div class=\"item--impression\">\n            <div class=\"item--image\">\n\t\t\t\t<img loading=\"lazy\" decoding=\"async\" width=\"811\" height=\"484\" src=\"https:\/\/www.lapurla.ch\/wp-content\/uploads\/2024\/01\/susannekudorferweb.jpg\" class=\"attachment-large size-large wp-post-image\" alt=\"\" srcset=\"https:\/\/www.lapurla.ch\/wp-content\/uploads\/2024\/01\/susannekudorferweb.jpg 811w, https:\/\/www.lapurla.ch\/wp-content\/uploads\/2024\/01\/susannekudorferweb-300x179.jpg 300w, https:\/\/www.lapurla.ch\/wp-content\/uploads\/2024\/01\/susannekudorferweb-768x458.jpg 768w\" sizes=\"auto, (max-width: 811px) 100vw, 811px\" \/>            <\/div>\n            <div class=\"date\">22.01.2024<\/div>\n        <\/div>\n        <div class=\"item--content\">\n            <div class=\"item--content-wrapper\">\n                <h3 class=\"item--title\">Du r\u00e9seau : Susanne Kudorfer<\/h3>\n                <div class=\"item--content\">\n\t\t\t\t\tLe r\u00e9seau de Lapurla n&rsquo;a cess\u00e9 de cro\u00eetre et compte d\u00e9j\u00e0 plus de 200 membres ! \r\nMais qui sont les membres du r\u00e9seau ? Quelle est leur motivation pour faire partie du r\u00e9seau ? Et comment Lapurla agit-il dans leur quotidien professionnel et priv\u00e9 ? Nous avons pos\u00e9 ces questions \u00e0 Susanne Kudorfer.                <\/div>\n            <\/div>\n\t\t\t<svg class=\"svg-icon icon-arrow-right\" xmlns=\"http:\/\/www.w3.org\/2000\/svg\"><use xmlns:xlink=\"http:\/\/www.w3.org\/1999\/xlink\" xlink:href=\"https:\/\/www.lapurla.ch\/wp-content\/themes\/lapurla\/dist\/icons.svg?f27dc72#arrow-right\"><\/use><\/svg>        <\/div>\n    <\/a>\n\t<\/div>\n<div class=\"col-12 col-md-6 col-lg-4  kdgs-filter-item\">\n    <a href=\"https:\/\/www.lapurla.ch\/fr\/news\/flow-rend-les-enfants-forts\" class=\"kdgs-filter-item--link \"\n\t\t>\n        <div class=\"item--impression\">\n            <div class=\"item--image\">\n\t\t\t\t<img loading=\"lazy\" decoding=\"async\" width=\"1000\" height=\"563\" src=\"https:\/\/www.lapurla.ch\/wp-content\/uploads\/2024\/01\/LapurlaFLOW.png\" class=\"attachment-large size-large wp-post-image\" alt=\"\" srcset=\"https:\/\/www.lapurla.ch\/wp-content\/uploads\/2024\/01\/LapurlaFLOW.png 1000w, https:\/\/www.lapurla.ch\/wp-content\/uploads\/2024\/01\/LapurlaFLOW-300x169.png 300w, https:\/\/www.lapurla.ch\/wp-content\/uploads\/2024\/01\/LapurlaFLOW-768x432.png 768w\" sizes=\"auto, (max-width: 1000px) 100vw, 1000px\" \/>            <\/div>\n            <div class=\"date\">22.01.2024<\/div>\n        <\/div>\n        <div class=\"item--content\">\n            <div class=\"item--content-wrapper\">\n                <h3 class=\"item--title\">Nouvelle brochure \u00abFLOW rend les enfants forts\u00bb<\/h3>\n                <div class=\"item--content\">\n\t\t\t\t\tWe proudly present: La derni\u00e8re brochure de Lapurla \u00abFLOW rend les enfants forts\u00bb !  \r\nDans cette brochure, tu apprendras comment les enfants peuvent \u00eatre renforc\u00e9s dans leur efficacit\u00e9 personnelle, leur bien-\u00eatre et leur r\u00e9silience et \u00e0 quoi sont reconnaissables les processus \u00e9ducatifs intensifs de la petite enfance. Cinq outils pour ouvrir les yeux te montrent comment reconna\u00eetre les moments de flow et ainsi les autoriser et les rendre possibles en toute connaissance de cause. En savoir plus ici !                <\/div>\n            <\/div>\n\t\t\t<svg class=\"svg-icon icon-arrow-right\" xmlns=\"http:\/\/www.w3.org\/2000\/svg\"><use xmlns:xlink=\"http:\/\/www.w3.org\/1999\/xlink\" xlink:href=\"https:\/\/www.lapurla.ch\/wp-content\/themes\/lapurla\/dist\/icons.svg?f27dc72#arrow-right\"><\/use><\/svg>        <\/div>\n    <\/a>\n\t<\/div>\n<div class=\"col-12 col-md-6 col-lg-4  kdgs-filter-item\">\n    <a href=\"https:\/\/www.lapurla.ch\/fr\/news\/hkb-zeitung-kinderrechtskonvention\" class=\"kdgs-filter-item--link \"\n\t\t>\n        <div class=\"item--impression\">\n            <div class=\"item--image\">\n\t\t\t\t<img loading=\"lazy\" decoding=\"async\" width=\"1000\" height=\"563\" src=\"https:\/\/www.lapurla.ch\/wp-content\/uploads\/2023\/12\/LapurlaHKB-ZeitungNr42023.png\" class=\"attachment-large size-large wp-post-image\" alt=\"\" srcset=\"https:\/\/www.lapurla.ch\/wp-content\/uploads\/2023\/12\/LapurlaHKB-ZeitungNr42023.png 1000w, https:\/\/www.lapurla.ch\/wp-content\/uploads\/2023\/12\/LapurlaHKB-ZeitungNr42023-300x169.png 300w, https:\/\/www.lapurla.ch\/wp-content\/uploads\/2023\/12\/LapurlaHKB-ZeitungNr42023-768x432.png 768w\" sizes=\"auto, (max-width: 1000px) 100vw, 1000px\" \/>            <\/div>\n            <div class=\"date\">14.12.2023<\/div>\n        <\/div>\n        <div class=\"item--content\">\n            <div class=\"item--content-wrapper\">\n                <h3 class=\"item--title\">Journal de la HEAB sur la Convention relative aux droits de l\u2019enfant<\/h3>\n                <div class=\"item--content\">\n\t\t\t\t\tL&rsquo;\u00e9dition de d\u00e9cembre du journal de la HEAB est consacr\u00e9e, sous l&rsquo;impulsion de Lapurla, au th\u00e8me \u00abConvention des Nations Unies relative aux droits de l&rsquo;enfant &#8211; l&rsquo;\u00e9galit\u00e9 des chances par la participation culturelle\u00bb. Si vous avez envie de lire le journal, cliquez ici !                <\/div>\n            <\/div>\n\t\t\t<svg class=\"svg-icon icon-arrow-right\" xmlns=\"http:\/\/www.w3.org\/2000\/svg\"><use xmlns:xlink=\"http:\/\/www.w3.org\/1999\/xlink\" xlink:href=\"https:\/\/www.lapurla.ch\/wp-content\/themes\/lapurla\/dist\/icons.svg?f27dc72#arrow-right\"><\/use><\/svg>        <\/div>\n    <\/a>\n\t<\/div>\n<div class=\"col-12 col-md-6 col-lg-4  kdgs-filter-item\">\n    <a href=\"https:\/\/www.lapurla.ch\/fr\/news\/charte-petite-enfance\" class=\"kdgs-filter-item--link \"\n\t\t>\n        <div class=\"item--impression\">\n            <div class=\"item--image\">\n\t\t\t\t<img loading=\"lazy\" decoding=\"async\" width=\"1024\" height=\"675\" src=\"https:\/\/www.lapurla.ch\/wp-content\/uploads\/2023\/12\/Charta-fruehe-kindheit-1024x675.jpg\" class=\"attachment-large size-large wp-post-image\" alt=\"\" srcset=\"https:\/\/www.lapurla.ch\/wp-content\/uploads\/2023\/12\/Charta-fruehe-kindheit-1024x675.jpg 1024w, https:\/\/www.lapurla.ch\/wp-content\/uploads\/2023\/12\/Charta-fruehe-kindheit-300x198.jpg 300w, https:\/\/www.lapurla.ch\/wp-content\/uploads\/2023\/12\/Charta-fruehe-kindheit-768x506.jpg 768w, https:\/\/www.lapurla.ch\/wp-content\/uploads\/2023\/12\/Charta-fruehe-kindheit.jpg 1390w\" sizes=\"auto, (max-width: 1024px) 100vw, 1024px\" \/>            <\/div>\n            <div class=\"date\">04.12.2023<\/div>\n        <\/div>\n        <div class=\"item--content\">\n            <div class=\"item--content-wrapper\">\n                <h3 class=\"item--title\">Charte \u00abTransfert des connaissances entre la recherche, le terrain et la politique dans le champ de la petite enfance\u00bb<\/h3>\n                <div class=\"item--content\">\n\t\t\t\t\tAlliance Enfance et la Swiss Society for Early Childhood Research (SSECR) veulent que les connaissances autour de la phase marquante de la petite enfance soient cr\u00e9\u00e9es, transmises, mobilis\u00e9es et entendues. En savoir plus ici !                <\/div>\n            <\/div>\n\t\t\t<svg class=\"svg-icon icon-arrow-right\" xmlns=\"http:\/\/www.w3.org\/2000\/svg\"><use xmlns:xlink=\"http:\/\/www.w3.org\/1999\/xlink\" xlink:href=\"https:\/\/www.lapurla.ch\/wp-content\/themes\/lapurla\/dist\/icons.svg?f27dc72#arrow-right\"><\/use><\/svg>        <\/div>\n    <\/a>\n\t<\/div>\n<div class=\"col-12 col-md-6 col-lg-4  kdgs-filter-item\">\n    <a href=\"https:\/\/www.lapurla.ch\/fr\/news\/podcast-education-esthetique-2\" class=\"kdgs-filter-item--link \"\n\t\t>\n        <div class=\"item--impression\">\n            <div class=\"item--image\">\n\t\t\t\t<img loading=\"lazy\" decoding=\"async\" width=\"1024\" height=\"576\" src=\"https:\/\/www.lapurla.ch\/wp-content\/uploads\/2023\/12\/podcast-web2-1024x576.jpg\" class=\"attachment-large size-large wp-post-image\" alt=\"\" srcset=\"https:\/\/www.lapurla.ch\/wp-content\/uploads\/2023\/12\/podcast-web2-1024x576.jpg 1024w, https:\/\/www.lapurla.ch\/wp-content\/uploads\/2023\/12\/podcast-web2-300x169.jpg 300w, https:\/\/www.lapurla.ch\/wp-content\/uploads\/2023\/12\/podcast-web2-768x432.jpg 768w, https:\/\/www.lapurla.ch\/wp-content\/uploads\/2023\/12\/podcast-web2-1536x864.jpg 1536w, https:\/\/www.lapurla.ch\/wp-content\/uploads\/2023\/12\/podcast-web2.jpg 1920w\" sizes=\"auto, (max-width: 1024px) 100vw, 1024px\" \/>            <\/div>\n            <div class=\"date\">04.12.2023<\/div>\n        <\/div>\n        <div class=\"item--content\">\n            <div class=\"item--content-wrapper\">\n                <h3 class=\"item--title\">Podcast \u00e9ducation pr\u00e9coce sur l&rsquo;\u00e9ducation esth\u00e9tique, 2e partie<\/h3>\n                <div class=\"item--content\">\n\t\t\t\t\tKarin Kraus a \u00e9t\u00e9 invit\u00e9e par le Podcast Fr\u00fche Bildung \u00e0 s&rsquo;exprimer sur le th\u00e8me \u00abL&rsquo;\u00e9ducation esth\u00e9tique : Des espaces de libert\u00e9 plut\u00f4t que des directives\u00bb. Envie de l&rsquo;\u00e9couter ? Cliquez ici pour la deuxi\u00e8me partie du podcast !                <\/div>\n            <\/div>\n\t\t\t<svg class=\"svg-icon icon-arrow-right\" xmlns=\"http:\/\/www.w3.org\/2000\/svg\"><use xmlns:xlink=\"http:\/\/www.w3.org\/1999\/xlink\" xlink:href=\"https:\/\/www.lapurla.ch\/wp-content\/themes\/lapurla\/dist\/icons.svg?f27dc72#arrow-right\"><\/use><\/svg>        <\/div>\n    <\/a>\n\t<\/div>\n<div class=\"col-12 col-md-6 col-lg-4  kdgs-filter-item\">\n    <a href=\"https:\/\/www.lapurla.ch\/fr\/news\/and-the-winner-ist\" class=\"kdgs-filter-item--link \"\n\t\t>\n        <div class=\"item--impression\">\n            <div class=\"item--image\">\n\t\t\t\t<img loading=\"lazy\" decoding=\"async\" width=\"1024\" height=\"709\" src=\"https:\/\/www.lapurla.ch\/wp-content\/uploads\/2023\/11\/LapurlaAwardsprojetsgagnants-1024x709.jpg\" class=\"attachment-large size-large wp-post-image\" alt=\"\" srcset=\"https:\/\/www.lapurla.ch\/wp-content\/uploads\/2023\/11\/LapurlaAwardsprojetsgagnants-1024x709.jpg 1024w, https:\/\/www.lapurla.ch\/wp-content\/uploads\/2023\/11\/LapurlaAwardsprojetsgagnants-300x208.jpg 300w, https:\/\/www.lapurla.ch\/wp-content\/uploads\/2023\/11\/LapurlaAwardsprojetsgagnants-768x532.jpg 768w, https:\/\/www.lapurla.ch\/wp-content\/uploads\/2023\/11\/LapurlaAwardsprojetsgagnants.jpg 1535w\" sizes=\"auto, (max-width: 1024px) 100vw, 1024px\" \/>            <\/div>\n            <div class=\"date\">13.11.2023<\/div>\n        <\/div>\n        <div class=\"item--content\">\n            <div class=\"item--content-wrapper\">\n                <h3 class=\"item--title\">\u00abAnd the winners are \u2026\u00bb<\/h3>\n                <div class=\"item--content\">\n\t\t\t\t\tLapurla a d\u00e9cern\u00e9 pour la premi\u00e8re fois des prix pour des projets pionniers visant \u00e0 faire respecter les droits de l&rsquo;enfant de l&rsquo;ONU dans le domaine de la petite enfance dans deux cat\u00e9gories : \u00ab\u00a0Best Practice\u00a0\u00bb &#038; \u00ab\u00a0Best Newcomer\u00a0\u00bb. Les projets gagnants ont \u00e9t\u00e9 d\u00e9cern\u00e9s le 10 novembre 2023 dans le cadre du 3e congr\u00e8s national \u00e0 la Haute \u00e9cole des arts de Berne HEAB. Toutes nos f\u00e9licitations !                <\/div>\n            <\/div>\n\t\t\t<svg class=\"svg-icon icon-arrow-right\" xmlns=\"http:\/\/www.w3.org\/2000\/svg\"><use xmlns:xlink=\"http:\/\/www.w3.org\/1999\/xlink\" xlink:href=\"https:\/\/www.lapurla.ch\/wp-content\/themes\/lapurla\/dist\/icons.svg?f27dc72#arrow-right\"><\/use><\/svg>        <\/div>\n    <\/a>\n\t<\/div>\n<div class=\"col-12 col-md-6 col-lg-4  kdgs-filter-item\">\n    <a href=\"https:\/\/www.lapurla.ch\/fr\/news\/retrospective-de-la-rencontre-assitej\" class=\"kdgs-filter-item--link \"\n\t\t>\n        <div class=\"item--impression\">\n            <div class=\"item--image\">\n\t\t\t\t<img loading=\"lazy\" decoding=\"async\" width=\"1024\" height=\"680\" src=\"https:\/\/www.lapurla.ch\/wp-content\/uploads\/2023\/10\/assitej-1024x680.jpg\" class=\"attachment-large size-large wp-post-image\" alt=\"\" srcset=\"https:\/\/www.lapurla.ch\/wp-content\/uploads\/2023\/10\/assitej-1024x680.jpg 1024w, https:\/\/www.lapurla.ch\/wp-content\/uploads\/2023\/10\/assitej-300x199.jpg 300w, https:\/\/www.lapurla.ch\/wp-content\/uploads\/2023\/10\/assitej-768x510.jpg 768w, https:\/\/www.lapurla.ch\/wp-content\/uploads\/2023\/10\/assitej.jpg 1280w\" sizes=\"auto, (max-width: 1024px) 100vw, 1024px\" \/>            <\/div>\n            <div class=\"date\">26.10.2023<\/div>\n        <\/div>\n        <div class=\"item--content\">\n            <div class=\"item--content-wrapper\">\n                <h3 class=\"item--title\">R\u00e9trospective de la rencontre du r\u00e9seau \u00abArt et culture d\u00e8s le d\u00e9part\u00bb<\/h3>\n                <div class=\"item--content\">\n\t\t\t\t\tASSITEJ Lichtenstein a invit\u00e9 \u00e0 la rencontre du r\u00e9seau \u00abArt et culture d\u00e8s le d\u00e9but\u00bb. Il s&rsquo;agissait de l&rsquo;\u00e9ducation esth\u00e9tique et de la participation culturelle pour les enfants de moins de 4 ans. Pour en savoir plus, cliquez ici !                <\/div>\n            <\/div>\n\t\t\t<svg class=\"svg-icon icon-arrow-right\" xmlns=\"http:\/\/www.w3.org\/2000\/svg\"><use xmlns:xlink=\"http:\/\/www.w3.org\/1999\/xlink\" xlink:href=\"https:\/\/www.lapurla.ch\/wp-content\/themes\/lapurla\/dist\/icons.svg?f27dc72#arrow-right\"><\/use><\/svg>        <\/div>\n    <\/a>\n\t<\/div>\n<div class=\"col-12 col-md-6 col-lg-4  kdgs-filter-item\">\n    <a href=\"https:\/\/www.lapurla.ch\/fr\/news\/prise-de-position-sur-le-message-culture\" class=\"kdgs-filter-item--link \"\n\t\t>\n        <div class=\"item--impression\">\n            <div class=\"item--image\">\n\t\t\t\t<img loading=\"lazy\" decoding=\"async\" width=\"1024\" height=\"573\" src=\"https:\/\/www.lapurla.ch\/wp-content\/uploads\/2023\/10\/stellungnahme-bild-web-1024x573.jpg\" class=\"attachment-large size-large wp-post-image\" alt=\"\" srcset=\"https:\/\/www.lapurla.ch\/wp-content\/uploads\/2023\/10\/stellungnahme-bild-web-1024x573.jpg 1024w, https:\/\/www.lapurla.ch\/wp-content\/uploads\/2023\/10\/stellungnahme-bild-web-300x168.jpg 300w, https:\/\/www.lapurla.ch\/wp-content\/uploads\/2023\/10\/stellungnahme-bild-web-768x430.jpg 768w, https:\/\/www.lapurla.ch\/wp-content\/uploads\/2023\/10\/stellungnahme-bild-web.jpg 1536w\" sizes=\"auto, (max-width: 1024px) 100vw, 1024px\" \/>            <\/div>\n            <div class=\"date\">26.10.2023<\/div>\n        <\/div>\n        <div class=\"item--content\">\n            <div class=\"item--content-wrapper\">\n                <h3 class=\"item--title\">Lapurla prend position!<\/h3>\n                <div class=\"item--content\">\n\t\t\t\t\tLapurla a r\u00e9dig\u00e9 une prise de position sur le message culture, respectivement sur la consultation du projet de message sur l&rsquo;encouragement de la culture pour les ann\u00e9es 2025-28. D\u00e9couvrez ici les points les plus importants ou consultez la prise de position dans son int\u00e9gralit\u00e9.                <\/div>\n            <\/div>\n\t\t\t<svg class=\"svg-icon icon-arrow-right\" xmlns=\"http:\/\/www.w3.org\/2000\/svg\"><use xmlns:xlink=\"http:\/\/www.w3.org\/1999\/xlink\" xlink:href=\"https:\/\/www.lapurla.ch\/wp-content\/themes\/lapurla\/dist\/icons.svg?f27dc72#arrow-right\"><\/use><\/svg>        <\/div>\n    <\/a>\n\t<\/div>\n<div class=\"col-12 col-md-6 col-lg-4  kdgs-filter-item\">\n    <a href=\"https:\/\/www.lapurla.ch\/fr\/news\/podcast-fruehe-bildung\" class=\"kdgs-filter-item--link \"\n\t\t>\n        <div class=\"item--impression\">\n            <div class=\"item--image\">\n\t\t\t\t<img loading=\"lazy\" decoding=\"async\" width=\"1024\" height=\"576\" src=\"https:\/\/www.lapurla.ch\/wp-content\/uploads\/2023\/12\/podcast-web-1024x576.jpg\" class=\"attachment-large size-large wp-post-image\" alt=\"\" srcset=\"https:\/\/www.lapurla.ch\/wp-content\/uploads\/2023\/12\/podcast-web-1024x576.jpg 1024w, https:\/\/www.lapurla.ch\/wp-content\/uploads\/2023\/12\/podcast-web-300x169.jpg 300w, https:\/\/www.lapurla.ch\/wp-content\/uploads\/2023\/12\/podcast-web-768x432.jpg 768w, https:\/\/www.lapurla.ch\/wp-content\/uploads\/2023\/12\/podcast-web-1536x864.jpg 1536w, https:\/\/www.lapurla.ch\/wp-content\/uploads\/2023\/12\/podcast-web.jpg 1920w\" sizes=\"auto, (max-width: 1024px) 100vw, 1024px\" \/>            <\/div>\n            <div class=\"date\">23.10.2023<\/div>\n        <\/div>\n        <div class=\"item--content\">\n            <div class=\"item--content-wrapper\">\n                <h3 class=\"item--title\">Podcast Fr\u00fche Bildung sur l&rsquo;\u00e9ducation esth\u00e9tique<\/h3>\n                <div class=\"item--content\">\n\t\t\t\t\tKarin Kraus a \u00e9t\u00e9 invit\u00e9e par le \u00abPodcast Fr\u00fche Bildung\u00bb \u00e0 s&rsquo;exprimer sur le th\u00e8me \u00abL&rsquo;\u00e9ducation esth\u00e9tique : un processus plut\u00f4t qu&rsquo;un produit\u00bb. Cela vaut la peine de l&rsquo;\u00e9couter !                <\/div>\n            <\/div>\n\t\t\t<svg class=\"svg-icon icon-arrow-right\" xmlns=\"http:\/\/www.w3.org\/2000\/svg\"><use xmlns:xlink=\"http:\/\/www.w3.org\/1999\/xlink\" xlink:href=\"https:\/\/www.lapurla.ch\/wp-content\/themes\/lapurla\/dist\/icons.svg?f27dc72#arrow-right\"><\/use><\/svg>        <\/div>\n    <\/a>\n\t<\/div>\n<div class=\"col-12 col-md-6 col-lg-4  kdgs-filter-item\">\n    <a href=\"https:\/\/www.lapurla.ch\/fr\/news\/entretien-avec-iris-weder\" class=\"kdgs-filter-item--link \"\n\t\t>\n        <div class=\"item--impression\">\n            <div class=\"item--image\">\n\t\t\t\t<img loading=\"lazy\" decoding=\"async\" width=\"960\" height=\"974\" src=\"https:\/\/www.lapurla.ch\/wp-content\/uploads\/2023\/07\/LapurlaStiftungsratIris-Weder.jpg\" class=\"attachment-large size-large wp-post-image\" alt=\"\" srcset=\"https:\/\/www.lapurla.ch\/wp-content\/uploads\/2023\/07\/LapurlaStiftungsratIris-Weder.jpg 960w, https:\/\/www.lapurla.ch\/wp-content\/uploads\/2023\/07\/LapurlaStiftungsratIris-Weder-296x300.jpg 296w, https:\/\/www.lapurla.ch\/wp-content\/uploads\/2023\/07\/LapurlaStiftungsratIris-Weder-768x779.jpg 768w\" sizes=\"auto, (max-width: 960px) 100vw, 960px\" \/>            <\/div>\n            <div class=\"date\">22.10.2023<\/div>\n        <\/div>\n        <div class=\"item--content\">\n            <div class=\"item--content-wrapper\">\n                <h3 class=\"item--title\">\u00abJe me consid\u00e8re comme une ambassadrice de la cause de la participation culturelle dans le domaine de la petite enfance et donc d\u2019une possibilit\u00e9 plus \u00e9quitable d\u2019acqu\u00e9rir un capital culturel.\u00bb<\/h3>\n                <div class=\"item--content\">\n\t\t\t\t\tLes trois membres du conseil de fondation de Lapurla sont pr\u00e9sent\u00e9s \u00e0 l&rsquo;aide d&rsquo;une interview. Cela permet d&rsquo;avoir un aper\u00e7u de leur motivation et de leur engagement pour Lapurla. Nous vous souhaitons une bonne lecture avec les r\u00e9ponses d&rsquo;Iris Weder !                <\/div>\n            <\/div>\n\t\t\t<svg class=\"svg-icon icon-arrow-right\" xmlns=\"http:\/\/www.w3.org\/2000\/svg\"><use xmlns:xlink=\"http:\/\/www.w3.org\/1999\/xlink\" xlink:href=\"https:\/\/www.lapurla.ch\/wp-content\/themes\/lapurla\/dist\/icons.svg?f27dc72#arrow-right\"><\/use><\/svg>        <\/div>\n    <\/a>\n\t<\/div>\n<div class=\"col-12 col-md-6 col-lg-4  kdgs-filter-item\">\n    <a href=\"https:\/\/www.lapurla.ch\/fr\/news\/encore-20-places\" class=\"kdgs-filter-item--link \"\n\t\t>\n        <div class=\"item--impression\">\n            <div class=\"item--image\">\n\t\t\t\t<img loading=\"lazy\" decoding=\"async\" width=\"1024\" height=\"576\" src=\"https:\/\/www.lapurla.ch\/wp-content\/uploads\/2023\/10\/Unbenannt-3-2-1024x576.jpg\" class=\"attachment-large size-large wp-post-image\" alt=\"\" srcset=\"https:\/\/www.lapurla.ch\/wp-content\/uploads\/2023\/10\/Unbenannt-3-2-1024x576.jpg 1024w, https:\/\/www.lapurla.ch\/wp-content\/uploads\/2023\/10\/Unbenannt-3-2-300x169.jpg 300w, https:\/\/www.lapurla.ch\/wp-content\/uploads\/2023\/10\/Unbenannt-3-2-768x432.jpg 768w, https:\/\/www.lapurla.ch\/wp-content\/uploads\/2023\/10\/Unbenannt-3-2-1536x864.jpg 1536w, https:\/\/www.lapurla.ch\/wp-content\/uploads\/2023\/10\/Unbenannt-3-2.jpg 1920w\" sizes=\"auto, (max-width: 1024px) 100vw, 1024px\" \/>            <\/div>\n            <div class=\"date\">13.10.2023<\/div>\n        <\/div>\n        <div class=\"item--content\">\n            <div class=\"item--content-wrapper\">\n                <h3 class=\"item--title\">Encore 20 places !<\/h3>\n                <div class=\"item--content\">\n\t\t\t\t\tLe vendredi 10 novembre 2023, nous c\u00e9l\u00e9brerons la troisi\u00e8me journ\u00e9e nationale du r\u00e9seau, ax\u00e9e sur l&rsquo;offensive qualit\u00e9. Apprenez-en plus sur la conf\u00e9rence et r\u00e9servez rapidement l&rsquo;une des 20 derni\u00e8res places ici !                <\/div>\n            <\/div>\n\t\t\t<svg class=\"svg-icon icon-arrow-right\" xmlns=\"http:\/\/www.w3.org\/2000\/svg\"><use xmlns:xlink=\"http:\/\/www.w3.org\/1999\/xlink\" xlink:href=\"https:\/\/www.lapurla.ch\/wp-content\/themes\/lapurla\/dist\/icons.svg?f27dc72#arrow-right\"><\/use><\/svg>        <\/div>\n    <\/a>\n\t<\/div>\n<div class=\"col-12 col-md-6 col-lg-4  kdgs-filter-item\">\n    <a href=\"https:\/\/www.lapurla.ch\/fr\/news\/rapport-de-la-manifestation-eveil-artistique-et-culturel-participation\" class=\"kdgs-filter-item--link \"\n\t\t>\n        <div class=\"item--impression\">\n            <div class=\"item--image\">\n\t\t\t\t<img loading=\"lazy\" decoding=\"async\" width=\"942\" height=\"666\" src=\"https:\/\/www.lapurla.ch\/wp-content\/uploads\/2023\/10\/csmFKBPTagungsbericht2023Cover-bildV1cb0eddf244.jpg\" class=\"attachment-large size-large wp-post-image\" alt=\"\" srcset=\"https:\/\/www.lapurla.ch\/wp-content\/uploads\/2023\/10\/csmFKBPTagungsbericht2023Cover-bildV1cb0eddf244.jpg 942w, https:\/\/www.lapurla.ch\/wp-content\/uploads\/2023\/10\/csmFKBPTagungsbericht2023Cover-bildV1cb0eddf244-300x212.jpg 300w, https:\/\/www.lapurla.ch\/wp-content\/uploads\/2023\/10\/csmFKBPTagungsbericht2023Cover-bildV1cb0eddf244-768x543.jpg 768w\" sizes=\"auto, (max-width: 942px) 100vw, 942px\" \/>            <\/div>\n            <div class=\"date\">09.10.2023<\/div>\n        <\/div>\n        <div class=\"item--content\">\n            <div class=\"item--content-wrapper\">\n                <h3 class=\"item--title\">Rapport de la manifestation \u00ab\u00c9veil artistique et culturel &#038; participation\u00bb<\/h3>\n                <div class=\"item--content\">\n\t\t\t\t\tEn mars 2023 a eu lieu le colloque franco-allemand \u00ab \u00c9veil artistique et culturel &#038; participation. Quelle place aux enfants ? Welcher Platz f\u00fcr Kinder? \u00bb. Un rapport a \u00e9t\u00e9 r\u00e9dig\u00e9 \u00e0 la suite de ce colloque, tu peux le lire ici !                <\/div>\n            <\/div>\n\t\t\t<svg class=\"svg-icon icon-arrow-right\" xmlns=\"http:\/\/www.w3.org\/2000\/svg\"><use xmlns:xlink=\"http:\/\/www.w3.org\/1999\/xlink\" xlink:href=\"https:\/\/www.lapurla.ch\/wp-content\/themes\/lapurla\/dist\/icons.svg?f27dc72#arrow-right\"><\/use><\/svg>        <\/div>\n    <\/a>\n\t<\/div>\n<div class=\"col-12 col-md-6 col-lg-4  kdgs-filter-item\">\n    <a href=\"https:\/\/www.lapurla.ch\/fr\/news\/retrospective-artmini\" class=\"kdgs-filter-item--link \"\n\t\t>\n        <div class=\"item--impression\">\n            <div class=\"item--image\">\n\t\t\t\t<img loading=\"lazy\" decoding=\"async\" width=\"1000\" height=\"563\" src=\"https:\/\/www.lapurla.ch\/wp-content\/uploads\/2023\/09\/LapurlaAnlaesseRendezvous-1-1296x0.png.webp\" class=\"attachment-large size-large wp-post-image\" alt=\"\" srcset=\"https:\/\/www.lapurla.ch\/wp-content\/uploads\/2023\/09\/LapurlaAnlaesseRendezvous-1-1296x0.png.webp 1000w, https:\/\/www.lapurla.ch\/wp-content\/uploads\/2023\/09\/LapurlaAnlaesseRendezvous-1-1296x0.png-300x169.webp 300w, https:\/\/www.lapurla.ch\/wp-content\/uploads\/2023\/09\/LapurlaAnlaesseRendezvous-1-1296x0.png-768x432.webp 768w\" sizes=\"auto, (max-width: 1000px) 100vw, 1000px\" \/>            <\/div>\n            <div class=\"date\">12.09.2023<\/div>\n        <\/div>\n        <div class=\"item--content\">\n            <div class=\"item--content-wrapper\">\n                <h3 class=\"item--title\">R\u00e9trospective du Rendez-vous \u00abArt&rsquo;Mini\u00bb<\/h3>\n                <div class=\"item--content\">\n\t\t\t\t\tJennifer Skolovski a partag\u00e9 ses exp\u00e9riences avec Art&rsquo;Mini lors du Rendez-vous. Elle a parl\u00e9 des processus de co-construction, des cr\u00e9ations th\u00e9\u00e2trales pour les enfants \u00e0 partir de 0 ans et des d\u00e9fis que repr\u00e9sente la mise en place d&rsquo;offres pour un jeune public. Nous avons enregistr\u00e9 l&rsquo;entretien pour toi !                <\/div>\n            <\/div>\n\t\t\t<svg class=\"svg-icon icon-arrow-right\" xmlns=\"http:\/\/www.w3.org\/2000\/svg\"><use xmlns:xlink=\"http:\/\/www.w3.org\/1999\/xlink\" xlink:href=\"https:\/\/www.lapurla.ch\/wp-content\/themes\/lapurla\/dist\/icons.svg?f27dc72#arrow-right\"><\/use><\/svg>        <\/div>\n    <\/a>\n\t<\/div>\n<div class=\"col-12 col-md-6 col-lg-4  kdgs-filter-item\">\n    <a href=\"https:\/\/www.lapurla.ch\/fr\/news\/interview-thomas-beck\" class=\"kdgs-filter-item--link \"\n\t\t>\n        <div class=\"item--impression\">\n            <div class=\"item--image\">\n\t\t\t\t<img loading=\"lazy\" decoding=\"async\" width=\"1024\" height=\"512\" src=\"https:\/\/www.lapurla.ch\/wp-content\/uploads\/2023\/08\/Thomas-Beck-1024x512.jpeg\" class=\"attachment-large size-large wp-post-image\" alt=\"\" srcset=\"https:\/\/www.lapurla.ch\/wp-content\/uploads\/2023\/08\/Thomas-Beck-1024x512.jpeg 1024w, https:\/\/www.lapurla.ch\/wp-content\/uploads\/2023\/08\/Thomas-Beck-300x150.jpeg 300w, https:\/\/www.lapurla.ch\/wp-content\/uploads\/2023\/08\/Thomas-Beck-768x384.jpeg 768w, https:\/\/www.lapurla.ch\/wp-content\/uploads\/2023\/08\/Thomas-Beck-1536x768.jpeg 1536w, https:\/\/www.lapurla.ch\/wp-content\/uploads\/2023\/08\/Thomas-Beck-2048x1024.jpeg 2048w\" sizes=\"auto, (max-width: 1024px) 100vw, 1024px\" \/>            <\/div>\n            <div class=\"date\">24.08.2023<\/div>\n        <\/div>\n        <div class=\"item--content\">\n            <div class=\"item--content-wrapper\">\n                <h3 class=\"item--title\">\u00abPouvoir vivre l\u2019art en tant qu\u2019enfant, c\u2019est aussi conserver une part de libert\u00e9.\u00bb\u00a0\u00a0<\/h3>\n                <div class=\"item--content\">\n\t\t\t\t\tNous vous pr\u00e9sentons les membres du Conseil de fondation de Lapurla \u00e0 tour de r\u00f4le au moyen d\u2019une interview afin de vous donner un aper\u00e7u de leurs motivations et engagement pour Lapurla. Nous vous souhaitons une int\u00e9ressante lecture des r\u00e9ponses de Prof. Dr. Thomas Beck, Directeur HEAB.                <\/div>\n            <\/div>\n\t\t\t<svg class=\"svg-icon icon-arrow-right\" xmlns=\"http:\/\/www.w3.org\/2000\/svg\"><use xmlns:xlink=\"http:\/\/www.w3.org\/1999\/xlink\" xlink:href=\"https:\/\/www.lapurla.ch\/wp-content\/themes\/lapurla\/dist\/icons.svg?f27dc72#arrow-right\"><\/use><\/svg>        <\/div>\n    <\/a>\n\t<\/div>\n<div class=\"col-12 col-md-6 col-lg-4  kdgs-filter-item\">\n    <a href=\"https:\/\/www.lapurla.ch\/fr\/news\/abonnement-au-materiel-de-loffcut-berne\" class=\"kdgs-filter-item--link \"\n\t\t>\n        <div class=\"item--impression\">\n            <div class=\"item--image\">\n\t\t\t\t<img loading=\"lazy\" decoding=\"async\" width=\"1024\" height=\"682\" src=\"https:\/\/www.lapurla.ch\/wp-content\/uploads\/2023\/08\/materialabo.jpg\" class=\"attachment-large size-large wp-post-image\" alt=\"\" srcset=\"https:\/\/www.lapurla.ch\/wp-content\/uploads\/2023\/08\/materialabo.jpg 1024w, https:\/\/www.lapurla.ch\/wp-content\/uploads\/2023\/08\/materialabo-300x200.jpg 300w, https:\/\/www.lapurla.ch\/wp-content\/uploads\/2023\/08\/materialabo-768x512.jpg 768w\" sizes=\"auto, (max-width: 1024px) 100vw, 1024px\" \/>            <\/div>\n            <div class=\"date\">23.08.2023<\/div>\n        <\/div>\n        <div class=\"item--content\">\n            <div class=\"item--content-wrapper\">\n                <h3 class=\"item--title\">Abonnement au mat\u00e9riel de l&rsquo;OFFCUT Berne<\/h3>\n                <div class=\"item--content\">\n\t\t\t\t\tAbonnement mat\u00e9riel pour les cr\u00e8ches, les groupes de jeu, les centres familiaux, les \u00e9coles \u00e0 horaire continu, etc. L&rsquo;abonnement mat\u00e9riel est un r\u00e9sultat du projet final \u00abSamSoKo@OFFCUT.Bern\u00bb (2023) de Mirjana Lanzarone (animatrice de groupes de jeu) dans le cadre du CAS Formation culturelle.                 <\/div>\n            <\/div>\n\t\t\t<svg class=\"svg-icon icon-arrow-right\" xmlns=\"http:\/\/www.w3.org\/2000\/svg\"><use xmlns:xlink=\"http:\/\/www.w3.org\/1999\/xlink\" xlink:href=\"https:\/\/www.lapurla.ch\/wp-content\/themes\/lapurla\/dist\/icons.svg?f27dc72#arrow-right\"><\/use><\/svg>        <\/div>\n    <\/a>\n\t<\/div>\n<div class=\"col-12 col-md-6 col-lg-4  kdgs-filter-item\">\n    <a href=\"https:\/\/www.lapurla.ch\/fr\/news\/anpac\" class=\"kdgs-filter-item--link \"\n\t\t>\n        <div class=\"item--impression\">\n            <div class=\"item--image\">\n\t\t\t\t<img loading=\"lazy\" decoding=\"async\" width=\"1024\" height=\"768\" src=\"https:\/\/www.lapurla.ch\/wp-content\/uploads\/2023\/08\/maison-de-la-creativite-neuchatel-1024x768.jpg\" class=\"attachment-large size-large wp-post-image\" alt=\"\" srcset=\"https:\/\/www.lapurla.ch\/wp-content\/uploads\/2023\/08\/maison-de-la-creativite-neuchatel-1024x768.jpg 1024w, https:\/\/www.lapurla.ch\/wp-content\/uploads\/2023\/08\/maison-de-la-creativite-neuchatel-300x225.jpg 300w, https:\/\/www.lapurla.ch\/wp-content\/uploads\/2023\/08\/maison-de-la-creativite-neuchatel-768x576.jpg 768w, https:\/\/www.lapurla.ch\/wp-content\/uploads\/2023\/08\/maison-de-la-creativite-neuchatel-1536x1152.jpg 1536w, https:\/\/www.lapurla.ch\/wp-content\/uploads\/2023\/08\/maison-de-la-creativite-neuchatel.jpg 2000w\" sizes=\"auto, (max-width: 1024px) 100vw, 1024px\" \/>            <\/div>\n            <div class=\"date\">14.08.2023<\/div>\n        <\/div>\n        <div class=\"item--content\">\n            <div class=\"item--content-wrapper\">\n                <h3 class=\"item--title\">L&rsquo;association ANPAC 0-6 vient de voir le jour dans le canton de Neuch\u00e2tel !\u00a0<\/h3>\n                <div class=\"item--content\">\n\t\t\t\t\tL\u2019ANPAC 0-6 (Association neuch\u00e2teloise de la promotion artistique et culturelle pour les 0-6 ans) a \u00e9t\u00e9 cr\u00e9\u00e9 tout derni\u00e8rement par un comit\u00e9 enti\u00e8rement b\u00e9n\u00e9vole. V\u00e9ronique Saucy, Sophie Liechti, Elodie Javet et Evodie Z\u00fcrcher, toutes les quatre sp\u00e9cialistes de la petite enfance, extr\u00eamement motiv\u00e9es, s&rsquo;engagent \u00e0 mettre tout en \u0153uvre afin d\u2019ouvrir, dans un avenir proche, un espace d\u00e9di\u00e9 \u00e0 l&rsquo;\u00e9veil culturel et la cr\u00e9ativit\u00e9 dans le canton de Neuch\u00e2tel.\u00a0                <\/div>\n            <\/div>\n\t\t\t<svg class=\"svg-icon icon-arrow-right\" xmlns=\"http:\/\/www.w3.org\/2000\/svg\"><use xmlns:xlink=\"http:\/\/www.w3.org\/1999\/xlink\" xlink:href=\"https:\/\/www.lapurla.ch\/wp-content\/themes\/lapurla\/dist\/icons.svg?f27dc72#arrow-right\"><\/use><\/svg>        <\/div>\n    <\/a>\n\t<\/div>\n<div class=\"col-12 col-md-6 col-lg-4  kdgs-filter-item\">\n    <a href=\"https:\/\/www.lapurla.ch\/fr\/news\/postulez-maintenant\" class=\"kdgs-filter-item--link \"\n\t\t>\n        <div class=\"item--impression\">\n            <div class=\"item--image\">\n\t\t\t\t<img loading=\"lazy\" decoding=\"async\" width=\"1024\" height=\"725\" src=\"https:\/\/www.lapurla.ch\/wp-content\/uploads\/2023\/05\/230503-LapurlaAward2023-Visual2.jpg\" class=\"attachment-large size-large wp-post-image\" alt=\"\" srcset=\"https:\/\/www.lapurla.ch\/wp-content\/uploads\/2023\/05\/230503-LapurlaAward2023-Visual2.jpg 1024w, https:\/\/www.lapurla.ch\/wp-content\/uploads\/2023\/05\/230503-LapurlaAward2023-Visual2-300x212.jpg 300w, https:\/\/www.lapurla.ch\/wp-content\/uploads\/2023\/05\/230503-LapurlaAward2023-Visual2-768x544.jpg 768w\" sizes=\"auto, (max-width: 1024px) 100vw, 1024px\" \/>            <\/div>\n            <div class=\"date\">20.07.2023<\/div>\n        <\/div>\n        <div class=\"item--content\">\n            <div class=\"item--content-wrapper\">\n                <h3 class=\"item--title\">Postulez maintenant !<\/h3>\n                <div class=\"item--content\">\n\t\t\t\t\tLapurla r\u00e9compense pour la premi\u00e8re fois des projets novateurs d\u00e9di\u00e9s au respect des droits de l\u2019enfant de l\u2019ONU dans deux cat\u00e9gories:\u00abBest Practice\u00bb &#038; \u00abBest Newcomer\u00bb. Les projets des deux cat\u00e9gories peuvent \u00eatre soumis du 1er juillet au 8 septembre 2023.                <\/div>\n            <\/div>\n\t\t\t<svg class=\"svg-icon icon-arrow-right\" xmlns=\"http:\/\/www.w3.org\/2000\/svg\"><use xmlns:xlink=\"http:\/\/www.w3.org\/1999\/xlink\" xlink:href=\"https:\/\/www.lapurla.ch\/wp-content\/themes\/lapurla\/dist\/icons.svg?f27dc72#arrow-right\"><\/use><\/svg>        <\/div>\n    <\/a>\n\t<\/div>\n<div class=\"col-12 col-md-6 col-lg-4  kdgs-filter-item\">\n    <a href=\"https:\/\/www.lapurla.ch\/fr\/news\/wir-sind-uns-oft-zu-wenig-bewusst-dass-die-allerersten-eindruecke-der-kinder-sinnliche-sind\" class=\"kdgs-filter-item--link \"\n\t\t>\n        <div class=\"item--impression\">\n            <div class=\"item--image\">\n\t\t\t\t<img loading=\"lazy\" decoding=\"async\" width=\"1024\" height=\"1024\" src=\"https:\/\/www.lapurla.ch\/wp-content\/uploads\/2023\/06\/LapurlaTeamThomas-Jaun-1024x1024.jpg\" class=\"attachment-large size-large wp-post-image\" alt=\"\" srcset=\"https:\/\/www.lapurla.ch\/wp-content\/uploads\/2023\/06\/LapurlaTeamThomas-Jaun-1024x1024.jpg 1024w, https:\/\/www.lapurla.ch\/wp-content\/uploads\/2023\/06\/LapurlaTeamThomas-Jaun-300x300.jpg 300w, https:\/\/www.lapurla.ch\/wp-content\/uploads\/2023\/06\/LapurlaTeamThomas-Jaun-150x150.jpg 150w, https:\/\/www.lapurla.ch\/wp-content\/uploads\/2023\/06\/LapurlaTeamThomas-Jaun-768x768.jpg 768w, https:\/\/www.lapurla.ch\/wp-content\/uploads\/2023\/06\/LapurlaTeamThomas-Jaun.jpg 1280w\" sizes=\"auto, (max-width: 1024px) 100vw, 1024px\" \/>            <\/div>\n            <div class=\"date\">06.06.2023<\/div>\n        <\/div>\n        <div class=\"item--content\">\n            <div class=\"item--content-wrapper\">\n                <h3 class=\"item--title\">\u00abNous ne sommes souvent pas assez conscients du fait que les toutes premi\u00e8res impressions des enfants sont sensorielles.\u00bb<\/h3>\n                <div class=\"item--content\">\n\t\t\t\t\tChaque fondation a son Conseil de fondation. Il en va de m\u00eame pour Lapurla. L\u2019interview de Thomas Jaun, membre du Conseil de fondation, vous en dira plus sur ses pr\u00e9occupations et sa motivation.                <\/div>\n            <\/div>\n\t\t\t<svg class=\"svg-icon icon-arrow-right\" xmlns=\"http:\/\/www.w3.org\/2000\/svg\"><use xmlns:xlink=\"http:\/\/www.w3.org\/1999\/xlink\" xlink:href=\"https:\/\/www.lapurla.ch\/wp-content\/themes\/lapurla\/dist\/icons.svg?f27dc72#arrow-right\"><\/use><\/svg>        <\/div>\n    <\/a>\n\t<\/div>\n<div class=\"col-12 col-md-6 col-lg-4  kdgs-filter-item\">\n    <a href=\"https:\/\/www.lapurla.ch\/fr\/news\/projektaufruf-kinderkulturtreff-mini\" class=\"kdgs-filter-item--link \"\n\t\t>\n        <div class=\"item--impression\">\n            <div class=\"item--image\">\n\t\t\t\t<img loading=\"lazy\" decoding=\"async\" width=\"1024\" height=\"461\" src=\"https:\/\/www.lapurla.ch\/wp-content\/uploads\/2023\/06\/fd30911d-a568-46a3-6c3c-54150dead1cb-1024x461.jpg\" class=\"attachment-large size-large wp-post-image\" alt=\"\" srcset=\"https:\/\/www.lapurla.ch\/wp-content\/uploads\/2023\/06\/fd30911d-a568-46a3-6c3c-54150dead1cb-1024x461.jpg 1024w, https:\/\/www.lapurla.ch\/wp-content\/uploads\/2023\/06\/fd30911d-a568-46a3-6c3c-54150dead1cb-300x135.jpg 300w, https:\/\/www.lapurla.ch\/wp-content\/uploads\/2023\/06\/fd30911d-a568-46a3-6c3c-54150dead1cb-768x346.jpg 768w, https:\/\/www.lapurla.ch\/wp-content\/uploads\/2023\/06\/fd30911d-a568-46a3-6c3c-54150dead1cb-1536x691.jpg 1536w, https:\/\/www.lapurla.ch\/wp-content\/uploads\/2023\/06\/fd30911d-a568-46a3-6c3c-54150dead1cb-2048x922.jpg 2048w\" sizes=\"auto, (max-width: 1024px) 100vw, 1024px\" \/>            <\/div>\n            <div class=\"date\">01.06.2023<\/div>\n        <\/div>\n        <div class=\"item--content\">\n            <div class=\"item--content-wrapper\">\n                <h3 class=\"item--title\">Appel \u00e0 projet \u00abArt&rsquo;Mini\u00bb<\/h3>\n                <div class=\"item--content\">\n\t\t\t\t\tLa Compagnie Digestif cherche des acteur\u00b7trice\u00b7s culturel\u00b7le\u00b7s et des m\u00e9diateur\u00b7trice\u00b7s\u00a0culturel\u00b7le\u00b7s qui ont envie de cr\u00e9er avec et pour des enfants d\u00e8s 0 ans et leur(s) accompagnateur\u00b7trice\u00b7s.\u00a0                <\/div>\n            <\/div>\n\t\t\t<svg class=\"svg-icon icon-arrow-right\" xmlns=\"http:\/\/www.w3.org\/2000\/svg\"><use xmlns:xlink=\"http:\/\/www.w3.org\/1999\/xlink\" xlink:href=\"https:\/\/www.lapurla.ch\/wp-content\/themes\/lapurla\/dist\/icons.svg?f27dc72#arrow-right\"><\/use><\/svg>        <\/div>\n    <\/a>\n\t<\/div>\n<div class=\"col-12 col-md-6 col-lg-4  kdgs-filter-item\">\n    <a href=\"https:\/\/www.lapurla.ch\/fr\/news\/nouveaux-outils-pour-la-pratique\" class=\"kdgs-filter-item--link \"\n\t\t>\n        <div class=\"item--impression\">\n            <div class=\"item--image\">\n\t\t\t\t<img loading=\"lazy\" decoding=\"async\" width=\"1024\" height=\"725\" src=\"https:\/\/www.lapurla.ch\/wp-content\/uploads\/2023\/05\/230503-Lapurla-Beobachtungs-undEvaluationstoolsMockup-dreisprachig.jpg\" class=\"attachment-large size-large wp-post-image\" alt=\"\" srcset=\"https:\/\/www.lapurla.ch\/wp-content\/uploads\/2023\/05\/230503-Lapurla-Beobachtungs-undEvaluationstoolsMockup-dreisprachig.jpg 1024w, https:\/\/www.lapurla.ch\/wp-content\/uploads\/2023\/05\/230503-Lapurla-Beobachtungs-undEvaluationstoolsMockup-dreisprachig-300x212.jpg 300w, https:\/\/www.lapurla.ch\/wp-content\/uploads\/2023\/05\/230503-Lapurla-Beobachtungs-undEvaluationstoolsMockup-dreisprachig-768x544.jpg 768w\" sizes=\"auto, (max-width: 1024px) 100vw, 1024px\" \/>            <\/div>\n            <div class=\"date\">04.05.2023<\/div>\n        <\/div>\n        <div class=\"item--content\">\n            <div class=\"item--content-wrapper\">\n                <h3 class=\"item--title\">Nouveaux outils pour la pratique<\/h3>\n                <div class=\"item--content\">\n\t\t\t\t\tQuestions directrices et instruments pour am\u00e9liorer la qualit\u00e9 des cadres d\u00e9di\u00e9s \u00e0 l\u2019\u00e9veil esth\u00e9tique et \u00e0 la participation culturelle\r\nd\u00e8s la petite enfance : planifier, pr\u00e9parer, observer, r\u00e9fl\u00e9chir, \u00e9valuer et d\u00e9velopper.                <\/div>\n            <\/div>\n\t\t\t<svg class=\"svg-icon icon-arrow-right\" xmlns=\"http:\/\/www.w3.org\/2000\/svg\"><use xmlns:xlink=\"http:\/\/www.w3.org\/1999\/xlink\" xlink:href=\"https:\/\/www.lapurla.ch\/wp-content\/themes\/lapurla\/dist\/icons.svg?f27dc72#arrow-right\"><\/use><\/svg>        <\/div>\n    <\/a>\n\t<\/div>\n<div class=\"col-12 col-md-6 col-lg-4  kdgs-filter-item\">\n    <a href=\"https:\/\/www.lapurla.ch\/fr\/news\/joyeux-anniversaire-reseau-lapurla\" class=\"kdgs-filter-item--link \"\n\t\t>\n        <div class=\"item--impression\">\n            <div class=\"item--image\">\n\t\t\t\t<img loading=\"lazy\" decoding=\"async\" width=\"1000\" height=\"563\" src=\"https:\/\/www.lapurla.ch\/wp-content\/uploads\/2023\/05\/LapurlaHappyBirthday2.png\" class=\"attachment-large size-large wp-post-image\" alt=\"\" srcset=\"https:\/\/www.lapurla.ch\/wp-content\/uploads\/2023\/05\/LapurlaHappyBirthday2.png 1000w, https:\/\/www.lapurla.ch\/wp-content\/uploads\/2023\/05\/LapurlaHappyBirthday2-300x169.png 300w, https:\/\/www.lapurla.ch\/wp-content\/uploads\/2023\/05\/LapurlaHappyBirthday2-768x432.png 768w\" sizes=\"auto, (max-width: 1000px) 100vw, 1000px\" \/>            <\/div>\n            <div class=\"date\">04.05.2023<\/div>\n        <\/div>\n        <div class=\"item--content\">\n            <div class=\"item--content-wrapper\">\n                <h3 class=\"item--title\">Joyeux anniversaire r\u00e9seau Lapurla<\/h3>\n                <div class=\"item--content\">\n\t\t\t\t\tLe r\u00e9seau Lapurla f\u00eate son anniversaire!\r\nAu cours de ces deux ann\u00e9es, le r\u00e9seau Lapurla est pass\u00e9 de premiers pas prudents \u00e0 une communaut\u00e9 repr\u00e9sentative et diversifi\u00e9e, comptant actuellement 163 membres!                 <\/div>\n            <\/div>\n\t\t\t<svg class=\"svg-icon icon-arrow-right\" xmlns=\"http:\/\/www.w3.org\/2000\/svg\"><use xmlns:xlink=\"http:\/\/www.w3.org\/1999\/xlink\" xlink:href=\"https:\/\/www.lapurla.ch\/wp-content\/themes\/lapurla\/dist\/icons.svg?f27dc72#arrow-right\"><\/use><\/svg>        <\/div>\n    <\/a>\n\t<\/div>\n<div class=\"col-12 col-md-6 col-lg-4  kdgs-filter-item\">\n    <a href=\"https:\/\/www.lapurla.ch\/fr\/news\/lapurla-awards-2023\" class=\"kdgs-filter-item--link \"\n\t\t>\n        <div class=\"item--impression\">\n            <div class=\"item--image\">\n\t\t\t\t<img loading=\"lazy\" decoding=\"async\" width=\"1024\" height=\"725\" src=\"https:\/\/www.lapurla.ch\/wp-content\/uploads\/2023\/05\/230503-LapurlaAward2023-Visual2.jpg\" class=\"attachment-large size-large wp-post-image\" alt=\"\" srcset=\"https:\/\/www.lapurla.ch\/wp-content\/uploads\/2023\/05\/230503-LapurlaAward2023-Visual2.jpg 1024w, https:\/\/www.lapurla.ch\/wp-content\/uploads\/2023\/05\/230503-LapurlaAward2023-Visual2-300x212.jpg 300w, https:\/\/www.lapurla.ch\/wp-content\/uploads\/2023\/05\/230503-LapurlaAward2023-Visual2-768x544.jpg 768w\" sizes=\"auto, (max-width: 1024px) 100vw, 1024px\" \/>            <\/div>\n            <div class=\"date\">04.05.2023<\/div>\n        <\/div>\n        <div class=\"item--content\">\n            <div class=\"item--content-wrapper\">\n                <h3 class=\"item--title\">Lapurla-Awards 2023<\/h3>\n                <div class=\"item--content\">\n\t\t\t\t\tLapurla r\u00e9compense pour la premi\u00e8re fois des projets novateurs d\u00e9di\u00e9s au respect des droits de l\u2019enfant de l\u2019ONU dans deux cat\u00e9gories:\u00abBest Practice\u00bb &#038; \u00abBest Newcomer\u00bb. Les projets des deux cat\u00e9gories peuvent \u00eatre soumis du 1er juillet au 8 septembre 2023.                <\/div>\n            <\/div>\n\t\t\t<svg class=\"svg-icon icon-arrow-right\" xmlns=\"http:\/\/www.w3.org\/2000\/svg\"><use xmlns:xlink=\"http:\/\/www.w3.org\/1999\/xlink\" xlink:href=\"https:\/\/www.lapurla.ch\/wp-content\/themes\/lapurla\/dist\/icons.svg?f27dc72#arrow-right\"><\/use><\/svg>        <\/div>\n    <\/a>\n\t<\/div>\n<div class=\"col-12 col-md-6 col-lg-4  kdgs-filter-item\">\n    <a href=\"https:\/\/www.lapurla.ch\/fr\/news\/projet-pilote-la-recette-de-la-decouverte-au-musee\" class=\"kdgs-filter-item--link \"\n\t\t>\n        <div class=\"item--impression\">\n            <div class=\"item--image\">\n\t\t\t\t<img loading=\"lazy\" decoding=\"async\" width=\"718\" height=\"1024\" src=\"https:\/\/www.lapurla.ch\/wp-content\/uploads\/2023\/05\/RevuePetiteEnfance138-718x1024.png\" class=\"attachment-large size-large wp-post-image\" alt=\"\" srcset=\"https:\/\/www.lapurla.ch\/wp-content\/uploads\/2023\/05\/RevuePetiteEnfance138-718x1024.png 718w, https:\/\/www.lapurla.ch\/wp-content\/uploads\/2023\/05\/RevuePetiteEnfance138-210x300.png 210w, https:\/\/www.lapurla.ch\/wp-content\/uploads\/2023\/05\/RevuePetiteEnfance138-768x1095.png 768w, https:\/\/www.lapurla.ch\/wp-content\/uploads\/2023\/05\/RevuePetiteEnfance138-1077x1536.png 1077w, https:\/\/www.lapurla.ch\/wp-content\/uploads\/2023\/05\/RevuePetiteEnfance138.png 1244w\" sizes=\"auto, (max-width: 718px) 100vw, 718px\" \/>            <\/div>\n            <div class=\"date\">01.05.2023<\/div>\n        <\/div>\n        <div class=\"item--content\">\n            <div class=\"item--content-wrapper\">\n                <h3 class=\"item--title\">Projet pilote \u00ab\u00a0La recette de la d\u00e9couverte au mus\u00e9e\u00a0\u00bb\u00a0<\/h3>\n                <div class=\"item--content\">\n\t\t\t\t\tCinq professionnel\u00b7les de la petite enfance, ayant particip\u00e9 au projet pilote lausannois \u00ab\u00a0La recette de la d\u00e9couverte au mus\u00e9e\u00a0\u00bb, nous emm\u00e8nent avec les enfants du groupe dont elles et ils ont la responsabilit\u00e9 au mus\u00e9e.                 <\/div>\n            <\/div>\n\t\t\t<svg class=\"svg-icon icon-arrow-right\" xmlns=\"http:\/\/www.w3.org\/2000\/svg\"><use xmlns:xlink=\"http:\/\/www.w3.org\/1999\/xlink\" xlink:href=\"https:\/\/www.lapurla.ch\/wp-content\/themes\/lapurla\/dist\/icons.svg?f27dc72#arrow-right\"><\/use><\/svg>        <\/div>\n    <\/a>\n\t<\/div>\n<div class=\"col-12 col-md-6 col-lg-4  kdgs-filter-item\">\n    <a href=\"https:\/\/www.lapurla.ch\/fr\/news\/lets-play-des-formats-culturels-pour-la-generation-suivante\" class=\"kdgs-filter-item--link \"\n\t\t>\n        <div class=\"item--impression\">\n            <div class=\"item--image\">\n\t\t\t\t<img loading=\"lazy\" decoding=\"async\" width=\"1024\" height=\"683\" src=\"https:\/\/www.lapurla.ch\/wp-content\/uploads\/2023\/04\/3005-ausschreibungen-migros-kulturprozent-neu-1024x683.jpg\" class=\"attachment-large size-large wp-post-image\" alt=\"\" srcset=\"https:\/\/www.lapurla.ch\/wp-content\/uploads\/2023\/04\/3005-ausschreibungen-migros-kulturprozent-neu-1024x683.jpg 1024w, https:\/\/www.lapurla.ch\/wp-content\/uploads\/2023\/04\/3005-ausschreibungen-migros-kulturprozent-neu-300x200.jpg 300w, https:\/\/www.lapurla.ch\/wp-content\/uploads\/2023\/04\/3005-ausschreibungen-migros-kulturprozent-neu-768x512.jpg 768w, https:\/\/www.lapurla.ch\/wp-content\/uploads\/2023\/04\/3005-ausschreibungen-migros-kulturprozent-neu.jpg 1328w\" sizes=\"auto, (max-width: 1024px) 100vw, 1024px\" \/>            <\/div>\n            <div class=\"date\">11.04.2023<\/div>\n        <\/div>\n        <div class=\"item--content\">\n            <div class=\"item--content-wrapper\">\n                <h3 class=\"item--title\">Let\u2019s play: des formats culturels pour la g\u00e9n\u00e9ration suivante<\/h3>\n                <div class=\"item--content\">\n\t\t\t\t\tAvec la mise au concours \u00abLet\u2019s play\u00bb, le Pour-cent culturel Migros recherchons des projets qui abordent le jeune public sur un pied d\u2019\u00e9galit\u00e9; des projets en phase avec les besoins des enfants et des jeunes, tant dans l\u2019\u00e9tape de d\u00e9veloppement que dans la mise en \u0153uvre; des projets dans lesquels les contenus et les formats sont cr\u00e9\u00e9s conjointement et de mani\u00e8re participative avec les jeunes. Car le jeune public d\u2019aujourd\u2019hui s\u2019int\u00e9ressera demain \u00e0 une offre culturelle diversifi\u00e9e. La soumission est possible jusqu\u2019au 15 mai 2023 \u00e0 17 h.                <\/div>\n            <\/div>\n\t\t\t<svg class=\"svg-icon icon-arrow-right\" xmlns=\"http:\/\/www.w3.org\/2000\/svg\"><use xmlns:xlink=\"http:\/\/www.w3.org\/1999\/xlink\" xlink:href=\"https:\/\/www.lapurla.ch\/wp-content\/themes\/lapurla\/dist\/icons.svg?f27dc72#arrow-right\"><\/use><\/svg>        <\/div>\n    <\/a>\n\t<\/div>\n<div class=\"col-12 col-md-6 col-lg-4  kdgs-filter-item\">\n    <a href=\"https:\/\/www.lapurla.ch\/fr\/news\/megamarieplus\" class=\"kdgs-filter-item--link \"\n\t\t>\n        <div class=\"item--impression\">\n            <div class=\"item--image\">\n\t\t\t\t<img loading=\"lazy\" decoding=\"async\" width=\"842\" height=\"572\" src=\"https:\/\/www.lapurla.ch\/wp-content\/uploads\/2023\/04\/megamarie-plus-klein.jpg\" class=\"attachment-large size-large wp-post-image\" alt=\"\" srcset=\"https:\/\/www.lapurla.ch\/wp-content\/uploads\/2023\/04\/megamarie-plus-klein.jpg 842w, https:\/\/www.lapurla.ch\/wp-content\/uploads\/2023\/04\/megamarie-plus-klein-300x204.jpg 300w, https:\/\/www.lapurla.ch\/wp-content\/uploads\/2023\/04\/megamarie-plus-klein-768x522.jpg 768w\" sizes=\"auto, (max-width: 842px) 100vw, 842px\" \/>            <\/div>\n            <div class=\"date\">03.04.2023<\/div>\n        <\/div>\n        <div class=\"item--content\">\n            <div class=\"item--content-wrapper\">\n                <h3 class=\"item--title\">MegaMarieplus: \u00abRenforcer les centres familiaux pour le bien des enfants et des familles\u00bb\u00a0<\/h3>\n                <div class=\"item--content\">\n\t\t\t\t\tLapurla et MegaMarieplus sont partenaires de collaboration. L\u2019Institut Marie Meierhofer pour l\u2019enfant MMI et le Netzwerk Bildung und Familie (R\u00e9seau \u00e9ducation et famille) lancent ensemble le programme MegaMarieplus. Tu peux d\u00e9couvrir ici ce que cela implique.                <\/div>\n            <\/div>\n\t\t\t<svg class=\"svg-icon icon-arrow-right\" xmlns=\"http:\/\/www.w3.org\/2000\/svg\"><use xmlns:xlink=\"http:\/\/www.w3.org\/1999\/xlink\" xlink:href=\"https:\/\/www.lapurla.ch\/wp-content\/themes\/lapurla\/dist\/icons.svg?f27dc72#arrow-right\"><\/use><\/svg>        <\/div>\n    <\/a>\n\t<\/div>\n<div class=\"col-12 col-md-6 col-lg-4  kdgs-filter-item\">\n    <a href=\"https:\/\/www.lapurla.ch\/fr\/news\/participe-a-ton-groupe-regional\" class=\"kdgs-filter-item--link \"\n\t\t>\n        <div class=\"item--impression\">\n            <div class=\"item--image\">\n\t\t\t\t<img loading=\"lazy\" decoding=\"async\" width=\"1024\" height=\"709\" src=\"https:\/\/www.lapurla.ch\/wp-content\/uploads\/2023\/03\/LapurlaIconsRegionalgruppenGanze-CH20230323-1024x709.png\" class=\"attachment-large size-large wp-post-image\" alt=\"\" srcset=\"https:\/\/www.lapurla.ch\/wp-content\/uploads\/2023\/03\/LapurlaIconsRegionalgruppenGanze-CH20230323-1024x709.png 1024w, https:\/\/www.lapurla.ch\/wp-content\/uploads\/2023\/03\/LapurlaIconsRegionalgruppenGanze-CH20230323-300x208.png 300w, https:\/\/www.lapurla.ch\/wp-content\/uploads\/2023\/03\/LapurlaIconsRegionalgruppenGanze-CH20230323-768x532.png 768w, https:\/\/www.lapurla.ch\/wp-content\/uploads\/2023\/03\/LapurlaIconsRegionalgruppenGanze-CH20230323-1536x1063.png 1536w, https:\/\/www.lapurla.ch\/wp-content\/uploads\/2023\/03\/LapurlaIconsRegionalgruppenGanze-CH20230323-2048x1418.png 2048w\" sizes=\"auto, (max-width: 1024px) 100vw, 1024px\" \/>            <\/div>\n            <div class=\"date\">26.02.2023<\/div>\n        <\/div>\n        <div class=\"item--content\">\n            <div class=\"item--content-wrapper\">\n                <h3 class=\"item--title\">Participe \u00e0 ton groupe r\u00e9gional !<\/h3>\n                <div class=\"item--content\">\n\t\t\t\t\tLapurla lance de nouveaux groupes r\u00e9gionaux d\u00e9but 2023. Tu trouveras ici des informations sur la mani\u00e8re dont tu peux t&rsquo;impliquer et participer activement au niveau r\u00e9gional.                <\/div>\n            <\/div>\n\t\t\t<svg class=\"svg-icon icon-arrow-right\" xmlns=\"http:\/\/www.w3.org\/2000\/svg\"><use xmlns:xlink=\"http:\/\/www.w3.org\/1999\/xlink\" xlink:href=\"https:\/\/www.lapurla.ch\/wp-content\/themes\/lapurla\/dist\/icons.svg?f27dc72#arrow-right\"><\/use><\/svg>        <\/div>\n    <\/a>\n\t<\/div>\n<div class=\"col-12 col-md-6 col-lg-4  kdgs-filter-item\">\n    <a href=\"https:\/\/www.lapurla.ch\/fr\/news\/interview-laura-imfeld\" class=\"kdgs-filter-item--link \"\n\t\t>\n        <div class=\"item--impression\">\n            <div class=\"item--image\">\n\t\t\t\t<img loading=\"lazy\" decoding=\"async\" width=\"1\" height=\"1\" src=\"https:\/\/www.lapurla.ch\/wp-content\/uploads\/2023\/02\/web-malwand-scaled.jpg\" class=\"attachment-large size-large wp-post-image\" alt=\"\" \/>            <\/div>\n            <div class=\"date\">25.02.2023<\/div>\n        <\/div>\n        <div class=\"item--content\">\n            <div class=\"item--content-wrapper\">\n                <h3 class=\"item--title\">\u00abL\u2019acc\u00e8s \u00e0 l\u2019\u00e9ducation esth\u00e9tique et \u00e0 la participation culturelle devrait \u00eatre offert \u00e0 tous les enfants\u00bb<\/h3>\n                <div class=\"item--content\">\n\t\t\t\t\tNous souhaitons la bienvenue \u00e0 Laura Imfeld dans l\u2019\u00e9quipe Lapurla. Depuis le d\u00e9but de l\u2019ann\u00e9e, elle travaille comme assistante de projet et responsable, entre autres, de la communication de Lapurla. Dans cette interview, vous d\u00e9couvrirez comment Laura Imfeld est arriv\u00e9e \u00e0 l\u2019\u00e9ducation culturelle dans la petite enfance en passant par le travail social et quelle est sa deuxi\u00e8me facette professionnelle.                 <\/div>\n            <\/div>\n\t\t\t<svg class=\"svg-icon icon-arrow-right\" xmlns=\"http:\/\/www.w3.org\/2000\/svg\"><use xmlns:xlink=\"http:\/\/www.w3.org\/1999\/xlink\" xlink:href=\"https:\/\/www.lapurla.ch\/wp-content\/themes\/lapurla\/dist\/icons.svg?f27dc72#arrow-right\"><\/use><\/svg>        <\/div>\n    <\/a>\n\t<\/div>\n<div class=\"col-12 col-md-6 col-lg-4  kdgs-filter-item\">\n    <a href=\"https:\/\/www.lapurla.ch\/fr\/news\/3-jahre-netzwerk-fruehkindliche-kulturelle-bildung\" class=\"kdgs-filter-item--link \"\n\t\t>\n        <div class=\"item--impression\">\n            <div class=\"item--image\">\n\t\t\t\t<img loading=\"lazy\" decoding=\"async\" width=\"1024\" height=\"573\" src=\"https:\/\/www.lapurla.ch\/wp-content\/uploads\/2023\/02\/Logo-NFKB-1024x573.jpg\" class=\"attachment-large size-large wp-post-image\" alt=\"\" srcset=\"https:\/\/www.lapurla.ch\/wp-content\/uploads\/2023\/02\/Logo-NFKB-1024x573.jpg 1024w, https:\/\/www.lapurla.ch\/wp-content\/uploads\/2023\/02\/Logo-NFKB-300x168.jpg 300w, https:\/\/www.lapurla.ch\/wp-content\/uploads\/2023\/02\/Logo-NFKB-768x430.jpg 768w, https:\/\/www.lapurla.ch\/wp-content\/uploads\/2023\/02\/Logo-NFKB-1536x859.jpg 1536w, https:\/\/www.lapurla.ch\/wp-content\/uploads\/2023\/02\/Logo-NFKB.jpg 1754w\" sizes=\"auto, (max-width: 1024px) 100vw, 1024px\" \/>            <\/div>\n            <div class=\"date\">25.02.2023<\/div>\n        <\/div>\n        <div class=\"item--content\">\n            <div class=\"item--content-wrapper\">\n                <h3 class=\"item--title\">3\u202fans du R\u00e9seau Netzwerk Fr\u00fchkindliche Kulturelle Bildung<\/h3>\n                <div class=\"item--content\">\n\t\t\t\t\tNous souhaitons un bon anniversaire au R\u00e9seau Netzwerk Fr\u00fchkindliche Kulturelle Bildung pour ses trois ans!                 <\/div>\n            <\/div>\n\t\t\t<svg class=\"svg-icon icon-arrow-right\" xmlns=\"http:\/\/www.w3.org\/2000\/svg\"><use xmlns:xlink=\"http:\/\/www.w3.org\/1999\/xlink\" xlink:href=\"https:\/\/www.lapurla.ch\/wp-content\/themes\/lapurla\/dist\/icons.svg?f27dc72#arrow-right\"><\/use><\/svg>        <\/div>\n    <\/a>\n\t<\/div>\n<div class=\"col-12 col-md-6 col-lg-4  kdgs-filter-item\">\n    <a href=\"https:\/\/www.lapurla.ch\/fr\/news\/neue-broschuere\" class=\"kdgs-filter-item--link \"\n\t\t>\n        <div class=\"item--impression\">\n            <div class=\"item--image\">\n\t\t\t\t<img loading=\"lazy\" decoding=\"async\" width=\"1000\" height=\"563\" src=\"https:\/\/www.lapurla.ch\/wp-content\/uploads\/2023\/06\/LapurlaBroschuerePolitikDE.png\" class=\"attachment-large size-large wp-post-image\" alt=\"\" srcset=\"https:\/\/www.lapurla.ch\/wp-content\/uploads\/2023\/06\/LapurlaBroschuerePolitikDE.png 1000w, https:\/\/www.lapurla.ch\/wp-content\/uploads\/2023\/06\/LapurlaBroschuerePolitikDE-300x169.png 300w, https:\/\/www.lapurla.ch\/wp-content\/uploads\/2023\/06\/LapurlaBroschuerePolitikDE-768x432.png 768w\" sizes=\"auto, (max-width: 1000px) 100vw, 1000px\" \/>            <\/div>\n            <div class=\"date\">30.01.2023<\/div>\n        <\/div>\n        <div class=\"item--content\">\n            <div class=\"item--content-wrapper\">\n                <h3 class=\"item--title\">Nouvelle brochure<\/h3>\n                <div class=\"item--content\">\n\t\t\t\t\tUne poign\u00e9e d\u2019impulsions pour les personnes qui ont reconnu l\u2019urgence d\u2019une politique de la petite enfance pour une soci\u00e9t\u00e9 qui veut avoir un avenir.\r\nCette brochure s\u2019adresse de mani\u00e8re quelque peu inhabituelle et tr\u00e8s personnelle aux personnes politiques et \u00e0 celles et ceux qui souhaitent le devenir. Mais elle s\u2019adresse \u00e9galement \u00e0 tous celles et ceux qui souhaitent s\u2019engager politiquement aupr\u00e8s de leur cercle de connaissances et dans leurs champs d\u2019action.                <\/div>\n            <\/div>\n\t\t\t<svg class=\"svg-icon icon-arrow-right\" xmlns=\"http:\/\/www.w3.org\/2000\/svg\"><use xmlns:xlink=\"http:\/\/www.w3.org\/1999\/xlink\" xlink:href=\"https:\/\/www.lapurla.ch\/wp-content\/themes\/lapurla\/dist\/icons.svg?f27dc72#arrow-right\"><\/use><\/svg>        <\/div>\n    <\/a>\n\t<\/div>\n<div class=\"col-12 col-md-6 col-lg-4  kdgs-filter-item\">\n    <a href=\"https:\/\/www.lapurla.ch\/fr\/news\/jessaie-de-combattre-les-prejuges\" class=\"kdgs-filter-item--link \"\n\t\t>\n        <div class=\"item--impression\">\n            <div class=\"item--image\">\n\t\t\t\t<img loading=\"lazy\" decoding=\"async\" width=\"512\" height=\"341\" src=\"https:\/\/www.lapurla.ch\/wp-content\/uploads\/2022\/12\/IMG2804.jpg\" class=\"attachment-large size-large wp-post-image\" alt=\"Nicole Rocchetti bei ihrer Arbeit\" srcset=\"https:\/\/www.lapurla.ch\/wp-content\/uploads\/2022\/12\/IMG2804.jpg 512w, https:\/\/www.lapurla.ch\/wp-content\/uploads\/2022\/12\/IMG2804-300x200.jpg 300w\" sizes=\"auto, (max-width: 512px) 100vw, 512px\" \/>            <\/div>\n            <div class=\"date\">08.12.2022<\/div>\n        <\/div>\n        <div class=\"item--content\">\n            <div class=\"item--content-wrapper\">\n                <h3 class=\"item--title\">\u00abJ\u2019essaie de combattre les pr\u00e9jug\u00e9s\u00bb<\/h3>\n                <div class=\"item--content\">\n\t\t\t\t\tNicole Rocchetti est codirectrice\/membre de la direction p\u00e9dagogique du centre familial FiZ, \u00e0 Wetzikon, et a obtenu son dipl\u00f4me CAS en formation culturelle en juin dernier. La rubrique Lapurla \u00abNouvelles du r\u00e9seau\u00bb nous permet d\u2019en savoir plus sur cette membre de Lapurla, son projet et sa motivation.                <\/div>\n            <\/div>\n\t\t\t<svg class=\"svg-icon icon-arrow-right\" xmlns=\"http:\/\/www.w3.org\/2000\/svg\"><use xmlns:xlink=\"http:\/\/www.w3.org\/1999\/xlink\" xlink:href=\"https:\/\/www.lapurla.ch\/wp-content\/themes\/lapurla\/dist\/icons.svg?f27dc72#arrow-right\"><\/use><\/svg>        <\/div>\n    <\/a>\n\t<\/div>\n<div class=\"col-12 col-md-6 col-lg-4  kdgs-filter-item\">\n    <a href=\"https:\/\/www.lapurla.ch\/fr\/news\/retrospective-dune-conference-fructueuse\" class=\"kdgs-filter-item--link \"\n\t\t>\n        <div class=\"item--impression\">\n            <div class=\"item--image\">\n\t\t\t\t<img loading=\"lazy\" decoding=\"async\" width=\"1000\" height=\"563\" src=\"https:\/\/www.lapurla.ch\/wp-content\/uploads\/2022\/07\/LapurlaAnlaesseNationale-TagungGesundheitsfoerderung.png\" class=\"attachment-large size-large wp-post-image\" alt=\"\" srcset=\"https:\/\/www.lapurla.ch\/wp-content\/uploads\/2022\/07\/LapurlaAnlaesseNationale-TagungGesundheitsfoerderung.png 1000w, https:\/\/www.lapurla.ch\/wp-content\/uploads\/2022\/07\/LapurlaAnlaesseNationale-TagungGesundheitsfoerderung-300x169.png 300w, https:\/\/www.lapurla.ch\/wp-content\/uploads\/2022\/07\/LapurlaAnlaesseNationale-TagungGesundheitsfoerderung-768x432.png 768w\" sizes=\"auto, (max-width: 1000px) 100vw, 1000px\" \/>            <\/div>\n            <div class=\"date\">07.12.2022<\/div>\n        <\/div>\n        <div class=\"item--content\">\n            <div class=\"item--content-wrapper\">\n                <h3 class=\"item--title\">R\u00e9trospective d\u2019une conf\u00e9rence fructueuse<\/h3>\n                <div class=\"item--content\">\n\t\t\t\t\tNous revenons sur une conf\u00e9rence nationale passionnante et riche en \u00e9v\u00e9nements consacr\u00e9e aux th\u00e8mes de Lapurla sous l\u2019angle de la promotion de la sant\u00e9.                <\/div>\n            <\/div>\n\t\t\t<svg class=\"svg-icon icon-arrow-right\" xmlns=\"http:\/\/www.w3.org\/2000\/svg\"><use xmlns:xlink=\"http:\/\/www.w3.org\/1999\/xlink\" xlink:href=\"https:\/\/www.lapurla.ch\/wp-content\/themes\/lapurla\/dist\/icons.svg?f27dc72#arrow-right\"><\/use><\/svg>        <\/div>\n    <\/a>\n\t<\/div>\n<div class=\"col-12 col-md-6 col-lg-4  kdgs-filter-item\">\n    <a href=\"https:\/\/www.lapurla.ch\/fr\/news\/plateforme-education-2022\" class=\"kdgs-filter-item--link \"\n\t\t>\n        <div class=\"item--impression\">\n            <div class=\"item--image\">\n\t\t\t\t<img loading=\"lazy\" decoding=\"async\" width=\"677\" height=\"397\" src=\"https:\/\/www.lapurla.ch\/wp-content\/uploads\/2022\/12\/Screenshot-2022-12-22-092226.jpg\" class=\"attachment-large size-large wp-post-image\" alt=\"\" srcset=\"https:\/\/www.lapurla.ch\/wp-content\/uploads\/2022\/12\/Screenshot-2022-12-22-092226.jpg 677w, https:\/\/www.lapurla.ch\/wp-content\/uploads\/2022\/12\/Screenshot-2022-12-22-092226-300x176.jpg 300w\" sizes=\"auto, (max-width: 677px) 100vw, 677px\" \/>            <\/div>\n            <div class=\"date\">30.10.2022<\/div>\n        <\/div>\n        <div class=\"item--content\">\n            <div class=\"item--content-wrapper\">\n                <h3 class=\"item--title\">Plateforme Education: 2022<\/h3>\n                <div class=\"item--content\">\n\t\t\t\t\tLa 6\u00e8me \u00e9dition de la Plateforme suisse \u00c9ducation 2030 a eu lieu le 28 septembre 2022 et avait pour th\u00e8me: Quelles comp\u00e9tences transversales pour l\u2019avenir ? Cette ann\u00e9e, la Conf\u00e9rence a eu lieu au Kursaal, \u00e0 Berne.                <\/div>\n            <\/div>\n\t\t\t<svg class=\"svg-icon icon-arrow-right\" xmlns=\"http:\/\/www.w3.org\/2000\/svg\"><use xmlns:xlink=\"http:\/\/www.w3.org\/1999\/xlink\" xlink:href=\"https:\/\/www.lapurla.ch\/wp-content\/themes\/lapurla\/dist\/icons.svg?f27dc72#arrow-right\"><\/use><\/svg>        <\/div>\n    <\/a>\n\t<\/div>\n<div class=\"col-12 col-md-6 col-lg-4  kdgs-filter-item\">\n    <a href=\"https:\/\/www.lapurla.ch\/fr\/news\/conference-unicef-les-droits-des-enfants-dans-le-monde-numerique\" class=\"kdgs-filter-item--link \"\n\t\t>\n        <div class=\"item--impression\">\n            <div class=\"item--image\">\n\t\t\t\t<img loading=\"lazy\" decoding=\"async\" width=\"1024\" height=\"683\" src=\"https:\/\/www.lapurla.ch\/wp-content\/uploads\/2022\/10\/IMG9375-1-1024x683.jpg\" class=\"attachment-large size-large wp-post-image\" alt=\"\" srcset=\"https:\/\/www.lapurla.ch\/wp-content\/uploads\/2022\/10\/IMG9375-1-1024x683.jpg 1024w, https:\/\/www.lapurla.ch\/wp-content\/uploads\/2022\/10\/IMG9375-1-300x200.jpg 300w, https:\/\/www.lapurla.ch\/wp-content\/uploads\/2022\/10\/IMG9375-1-768x512.jpg 768w\" sizes=\"auto, (max-width: 1024px) 100vw, 1024px\" \/>            <\/div>\n            <div class=\"date\">20.10.2022<\/div>\n        <\/div>\n        <div class=\"item--content\">\n            <div class=\"item--content-wrapper\">\n                <h3 class=\"item--title\">Conf\u00e9rence unicef \u00abLes droits des enfants dans le monde num\u00e9rique\u00bb<\/h3>\n                <div class=\"item--content\">\n\t\t\t\t\tLe 13 septembre 2022 s\u2019est d\u00e9roul\u00e9e la conf\u00e9rence sur les \u00abOpportunit\u00e9s et d\u00e9fis du num\u00e9rique pour le d\u00e9veloppement des enfants et des jeunes\u00bb.                <\/div>\n            <\/div>\n\t\t\t<svg class=\"svg-icon icon-arrow-right\" xmlns=\"http:\/\/www.w3.org\/2000\/svg\"><use xmlns:xlink=\"http:\/\/www.w3.org\/1999\/xlink\" xlink:href=\"https:\/\/www.lapurla.ch\/wp-content\/themes\/lapurla\/dist\/icons.svg?f27dc72#arrow-right\"><\/use><\/svg>        <\/div>\n    <\/a>\n\t<\/div>\n<div class=\"col-12 col-md-6 col-lg-4  kdgs-filter-item\">\n    <a href=\"https:\/\/www.lapurla.ch\/fr\/news\/prise-de-position-sur-la-pa-iv-wbk-n-21-403\" class=\"kdgs-filter-item--link \"\n\t\t>\n        <div class=\"item--impression\">\n            <div class=\"item--image\">\n\t\t\t\t<img loading=\"lazy\" decoding=\"async\" width=\"1000\" height=\"563\" src=\"https:\/\/www.lapurla.ch\/wp-content\/uploads\/2022\/09\/LapurlaPositionenPolitik.png\" class=\"attachment-large size-large wp-post-image\" alt=\"\" srcset=\"https:\/\/www.lapurla.ch\/wp-content\/uploads\/2022\/09\/LapurlaPositionenPolitik.png 1000w, https:\/\/www.lapurla.ch\/wp-content\/uploads\/2022\/09\/LapurlaPositionenPolitik-300x169.png 300w, https:\/\/www.lapurla.ch\/wp-content\/uploads\/2022\/09\/LapurlaPositionenPolitik-768x432.png 768w\" sizes=\"auto, (max-width: 1000px) 100vw, 1000px\" \/>            <\/div>\n            <div class=\"date\">06.09.2022<\/div>\n        <\/div>\n        <div class=\"item--content\">\n            <div class=\"item--content-wrapper\">\n                <h3 class=\"item--title\">Prise de position sur la Iv. pa. CSEC-N 21.403<\/h3>\n                <div class=\"item--content\">\n\t\t\t\t\tLapurla a pris position dans une r\u00e9ponse \u00e0 la consultation sur l&rsquo;initiative parlementaire \u00ab Remplacer le financement de d\u00e9part par une solution adapt\u00e9e aux r\u00e9alit\u00e9s actuelles \u00bb                <\/div>\n            <\/div>\n\t\t\t<svg class=\"svg-icon icon-arrow-right\" xmlns=\"http:\/\/www.w3.org\/2000\/svg\"><use xmlns:xlink=\"http:\/\/www.w3.org\/1999\/xlink\" xlink:href=\"https:\/\/www.lapurla.ch\/wp-content\/themes\/lapurla\/dist\/icons.svg?f27dc72#arrow-right\"><\/use><\/svg>        <\/div>\n    <\/a>\n\t<\/div>\n<div class=\"col-12 col-md-6 col-lg-4  kdgs-filter-item\">\n    <a href=\"https:\/\/www.lapurla.ch\/fr\/news\/retrospective-conference-intervention-precoce-dans-la-petite-enfance\" class=\"kdgs-filter-item--link \"\n\t\t>\n        <div class=\"item--impression\">\n            <div class=\"item--image\">\n\t\t\t\t<img loading=\"lazy\" decoding=\"async\" width=\"1024\" height=\"682\" src=\"https:\/\/www.lapurla.ch\/wp-content\/uploads\/2022\/09\/ef033ce77f31fbb7f14143853db28dbad648a7mv2.jpg-1024x682.webp\" class=\"attachment-large size-large wp-post-image\" alt=\"\" srcset=\"https:\/\/www.lapurla.ch\/wp-content\/uploads\/2022\/09\/ef033ce77f31fbb7f14143853db28dbad648a7mv2.jpg-1024x682.webp 1024w, https:\/\/www.lapurla.ch\/wp-content\/uploads\/2022\/09\/ef033ce77f31fbb7f14143853db28dbad648a7mv2.jpg-300x200.webp 300w, https:\/\/www.lapurla.ch\/wp-content\/uploads\/2022\/09\/ef033ce77f31fbb7f14143853db28dbad648a7mv2.jpg-768x511.webp 768w, https:\/\/www.lapurla.ch\/wp-content\/uploads\/2022\/09\/ef033ce77f31fbb7f14143853db28dbad648a7mv2.jpg.webp 1200w\" sizes=\"auto, (max-width: 1024px) 100vw, 1024px\" \/>            <\/div>\n            <div class=\"date\">03.09.2022<\/div>\n        <\/div>\n        <div class=\"item--content\">\n            <div class=\"item--content-wrapper\">\n                <h3 class=\"item--title\">R\u00e9trospective : Conf\u00e9rence \u00ab\u00a0Intervention pr\u00e9coce dans la petite enfance\u00a0\u00bb<\/h3>\n                <div class=\"item--content\">\n\t\t\t\t\tEn collaboration avec l\u2019Office f\u00e9d\u00e9ral de la sant\u00e9 publique (OFSP), le Secr\u00e9tariat d\u2019\u00c9tat aux migrations et Promotion Sant\u00e9 Suisse, Alliance Enfance a accueilli plus de 120 personnes \u00e0 la conf\u00e9rence \u00ab Intervention pr\u00e9coce dans la petite enfance \u00bb, qui s&rsquo;est d\u00e9roul\u00e9e le 29 ao\u00fbt 2022 \u00e0 Berne. Lapurla \u00e9tait pr\u00e9sent avec un atelier.                <\/div>\n            <\/div>\n\t\t\t<svg class=\"svg-icon icon-arrow-right\" xmlns=\"http:\/\/www.w3.org\/2000\/svg\"><use xmlns:xlink=\"http:\/\/www.w3.org\/1999\/xlink\" xlink:href=\"https:\/\/www.lapurla.ch\/wp-content\/themes\/lapurla\/dist\/icons.svg?f27dc72#arrow-right\"><\/use><\/svg>        <\/div>\n    <\/a>\n\t<\/div>\n<div class=\"col-12 col-md-6 col-lg-4  kdgs-filter-item\">\n    <a href=\"https:\/\/www.lapurla.ch\/fr\/news\/forderungen-aus-dem-netzwerk-fru%cc%88hkindliche-kulturelle-bildung-d\" class=\"kdgs-filter-item--link \"\n\t\t>\n        <div class=\"item--impression\">\n            <div class=\"item--image\">\n\t\t\t\t<img loading=\"lazy\" decoding=\"async\" width=\"1000\" height=\"563\" src=\"https:\/\/www.lapurla.ch\/wp-content\/uploads\/2022\/07\/LapurlaPublikationenNFKB.png\" class=\"attachment-large size-large wp-post-image\" alt=\"\" srcset=\"https:\/\/www.lapurla.ch\/wp-content\/uploads\/2022\/07\/LapurlaPublikationenNFKB.png 1000w, https:\/\/www.lapurla.ch\/wp-content\/uploads\/2022\/07\/LapurlaPublikationenNFKB-300x169.png 300w, https:\/\/www.lapurla.ch\/wp-content\/uploads\/2022\/07\/LapurlaPublikationenNFKB-768x432.png 768w\" sizes=\"auto, (max-width: 1000px) 100vw, 1000px\" \/>            <\/div>\n            <div class=\"date\">26.07.2022<\/div>\n        <\/div>\n        <div class=\"item--content\">\n            <div class=\"item--content-wrapper\">\n                <h3 class=\"item--title\">7 Forderungen aus dem Netzwerk Fru\u0308hkindliche Kulturelle Bildung (allemand)<\/h3>\n                <div class=\"item--content\">\n\t\t\t\t\tChancen fu\u0308r alle: Kinder brauchen kulturelle Bildung \u2013 von Anfang an! Die Forderungen unseres Netzwerkpartners sind auch f\u00fcr die Schweiz relevant.                <\/div>\n            <\/div>\n\t\t\t<svg class=\"svg-icon icon-arrow-right\" xmlns=\"http:\/\/www.w3.org\/2000\/svg\"><use xmlns:xlink=\"http:\/\/www.w3.org\/1999\/xlink\" xlink:href=\"https:\/\/www.lapurla.ch\/wp-content\/themes\/lapurla\/dist\/icons.svg?f27dc72#arrow-right\"><\/use><\/svg>        <\/div>\n    <\/a>\n\t<\/div>\n<div class=\"col-12 col-md-6 col-lg-4  kdgs-filter-item\">\n    <a href=\"https:\/\/www.lapurla.ch\/fr\/news\/cas-kulturelle-bildung-kreativitaet-ermoeglichen-ab-der-fruehen-kindheit\" class=\"kdgs-filter-item--link \"\n\t\t>\n        <div class=\"item--impression\">\n            <div class=\"item--image\">\n\t\t\t\t<img loading=\"lazy\" decoding=\"async\" width=\"1024\" height=\"464\" src=\"https:\/\/www.lapurla.ch\/wp-content\/uploads\/2022\/06\/2WBVermittlungCAS-Kulturelle-Bildung-im-Elementarbereich-1024x464.jpg\" class=\"attachment-large size-large wp-post-image\" alt=\"\" srcset=\"https:\/\/www.lapurla.ch\/wp-content\/uploads\/2022\/06\/2WBVermittlungCAS-Kulturelle-Bildung-im-Elementarbereich-1024x464.jpg 1024w, https:\/\/www.lapurla.ch\/wp-content\/uploads\/2022\/06\/2WBVermittlungCAS-Kulturelle-Bildung-im-Elementarbereich-300x136.jpg 300w, https:\/\/www.lapurla.ch\/wp-content\/uploads\/2022\/06\/2WBVermittlungCAS-Kulturelle-Bildung-im-Elementarbereich-768x348.jpg 768w, https:\/\/www.lapurla.ch\/wp-content\/uploads\/2022\/06\/2WBVermittlungCAS-Kulturelle-Bildung-im-Elementarbereich-1536x696.jpg 1536w, https:\/\/www.lapurla.ch\/wp-content\/uploads\/2022\/06\/2WBVermittlungCAS-Kulturelle-Bildung-im-Elementarbereich-2048x928.jpg 2048w\" sizes=\"auto, (max-width: 1024px) 100vw, 1024px\" \/>            <\/div>\n            <div class=\"date\">24.07.2022<\/div>\n        <\/div>\n        <div class=\"item--content\">\n            <div class=\"item--content-wrapper\">\n                <h3 class=\"item--title\">Anmeldeschluss CAS Kulturelle Bildung (allemand)<\/h3>\n                <div class=\"item--content\">\n\t\t\t\t\tDu willst deine eigene Kreativit\u00e4t erweitern und dein Verst\u00e4ndnis f\u00fcr Gelingensbedingungen kreativer Prozesse vertiefen? Du m\u00f6chtest ein eigenes Kulturprojekt mit Kindern von 0\u20134 realisieren und daf\u00fcr qualifiziert werden? Dann beeil dich und sichere dir einen der letzten Studienpl\u00e4tze mit Start im September!                <\/div>\n            <\/div>\n\t\t\t<svg class=\"svg-icon icon-arrow-right\" xmlns=\"http:\/\/www.w3.org\/2000\/svg\"><use xmlns:xlink=\"http:\/\/www.w3.org\/1999\/xlink\" xlink:href=\"https:\/\/www.lapurla.ch\/wp-content\/themes\/lapurla\/dist\/icons.svg?f27dc72#arrow-right\"><\/use><\/svg>        <\/div>\n    <\/a>\n\t<\/div>\n<div class=\"col-12 col-md-6 col-lg-4  kdgs-filter-item\">\n    <a href=\"https:\/\/www.lapurla.ch\/fr\/news\/2662\" class=\"kdgs-filter-item--link \"\n\t\t>\n        <div class=\"item--impression\">\n            <div class=\"item--image\">\n\t\t\t\t<img loading=\"lazy\" decoding=\"async\" width=\"1024\" height=\"707\" src=\"https:\/\/www.lapurla.ch\/wp-content\/uploads\/2022\/07\/lapurlawebportraitbavaud220713-1024x707.jpg\" class=\"attachment-large size-large wp-post-image\" alt=\"\" srcset=\"https:\/\/www.lapurla.ch\/wp-content\/uploads\/2022\/07\/lapurlawebportraitbavaud220713-1024x707.jpg 1024w, https:\/\/www.lapurla.ch\/wp-content\/uploads\/2022\/07\/lapurlawebportraitbavaud220713-300x207.jpg 300w, https:\/\/www.lapurla.ch\/wp-content\/uploads\/2022\/07\/lapurlawebportraitbavaud220713-768x530.jpg 768w, https:\/\/www.lapurla.ch\/wp-content\/uploads\/2022\/07\/lapurlawebportraitbavaud220713-1536x1060.jpg 1536w, https:\/\/www.lapurla.ch\/wp-content\/uploads\/2022\/07\/lapurlawebportraitbavaud220713.jpg 2000w\" sizes=\"auto, (max-width: 1024px) 100vw, 1024px\" \/>            <\/div>\n            <div class=\"date\">01.06.2022<\/div>\n        <\/div>\n        <div class=\"item--content\">\n            <div class=\"item--content-wrapper\">\n                <h3 class=\"item--title\">\u00abLes tout-petits ont besoin de d\u00e9couvrir le monde sans contraintes soci\u00e9tales\u00bb<\/h3>\n                <div class=\"item--content\">\n\t\t\t\t\tSandrine Bavaud coordonne le groupe de travail Lapurla de Suisse romande. Dans son interview, elle donne un aper\u00e7u des diff\u00e9rents univers Lapurla en Suisse romande.                <\/div>\n            <\/div>\n\t\t\t<svg class=\"svg-icon icon-arrow-right\" xmlns=\"http:\/\/www.w3.org\/2000\/svg\"><use xmlns:xlink=\"http:\/\/www.w3.org\/1999\/xlink\" xlink:href=\"https:\/\/www.lapurla.ch\/wp-content\/themes\/lapurla\/dist\/icons.svg?f27dc72#arrow-right\"><\/use><\/svg>        <\/div>\n    <\/a>\n\t<\/div>\n<div class=\"col-12 col-md-6 col-lg-4  kdgs-filter-item\">\n    <a href=\"https:\/\/www.lapurla.ch\/fr\/news\/positionspapier-kinder-haben-ein-recht-auf-kulturelle-bildung\" class=\"kdgs-filter-item--link \"\n\t\t>\n        <div class=\"item--impression\">\n            <div class=\"item--image\">\n\t\t\t\t<img loading=\"lazy\" decoding=\"async\" width=\"1000\" height=\"563\" src=\"https:\/\/www.lapurla.ch\/wp-content\/uploads\/2022\/06\/LapurlaUNKRGrafikPositionspapier.png\" class=\"attachment-large size-large wp-post-image\" alt=\"\" srcset=\"https:\/\/www.lapurla.ch\/wp-content\/uploads\/2022\/06\/LapurlaUNKRGrafikPositionspapier.png 1000w, https:\/\/www.lapurla.ch\/wp-content\/uploads\/2022\/06\/LapurlaUNKRGrafikPositionspapier-300x169.png 300w, https:\/\/www.lapurla.ch\/wp-content\/uploads\/2022\/06\/LapurlaUNKRGrafikPositionspapier-768x432.png 768w\" sizes=\"auto, (max-width: 1000px) 100vw, 1000px\" \/>            <\/div>\n            <div class=\"date\">13.04.2022<\/div>\n        <\/div>\n        <div class=\"item--content\">\n            <div class=\"item--content-wrapper\">\n                <h3 class=\"item--title\">Une action commune du NFKB (D) et de Lapurla<\/h3>\n                <div class=\"item--content\">\n\t\t\t\t\tL&rsquo;\u00e9ducation culturelle de la petite enfance est un droit de l&rsquo;enfant &#8211; et doit enfin \u00eatre reconnue et r\u00e9alis\u00e9e en tant que tel &#8211; en Suisse \u00e9galement!                 <\/div>\n            <\/div>\n\t\t\t<svg class=\"svg-icon icon-arrow-right\" xmlns=\"http:\/\/www.w3.org\/2000\/svg\"><use xmlns:xlink=\"http:\/\/www.w3.org\/1999\/xlink\" xlink:href=\"https:\/\/www.lapurla.ch\/wp-content\/themes\/lapurla\/dist\/icons.svg?f27dc72#arrow-right\"><\/use><\/svg>        <\/div>\n    <\/a>\n\t<\/div>\n<div class=\"col-12 col-md-6 col-lg-4  kdgs-filter-item\">\n    <a href=\"https:\/\/www.lapurla.ch\/fr\/news\/girafes-award\" class=\"kdgs-filter-item--link \"\n\t\t>\n        <div class=\"item--impression\">\n            <div class=\"item--image\">\n\t\t\t\t<img loading=\"lazy\" decoding=\"async\" width=\"1000\" height=\"563\" src=\"https:\/\/www.lapurla.ch\/wp-content\/uploads\/2022\/05\/LapurlaGirafeAwardsPrix-international20211008-1.png\" class=\"attachment-large size-large wp-post-image\" alt=\"\" srcset=\"https:\/\/www.lapurla.ch\/wp-content\/uploads\/2022\/05\/LapurlaGirafeAwardsPrix-international20211008-1.png 1000w, https:\/\/www.lapurla.ch\/wp-content\/uploads\/2022\/05\/LapurlaGirafeAwardsPrix-international20211008-1-300x169.png 300w, https:\/\/www.lapurla.ch\/wp-content\/uploads\/2022\/05\/LapurlaGirafeAwardsPrix-international20211008-1-768x432.png 768w\" sizes=\"auto, (max-width: 1000px) 100vw, 1000px\" \/>            <\/div>\n            <div class=\"date\">10.10.2021<\/div>\n        <\/div>\n        <div class=\"item--content\">\n            <div class=\"item--content-wrapper\">\n                <h3 class=\"item--title\">Lapurla re\u00e7oit le prix international \u00e0 Paris<\/h3>\n                <div class=\"item--content\">\n\t\t\t\t\tQuel honneur! Dans le cadre des prestigieuses Girafes Awards qui ont eu lieu \u00e0 Paris le 8 octobre 2021, Lapurla a re\u00e7u le \u00abPrix International\u00bb et fait ainsi figure d\u2019exemple sur la sc\u00e8ne internationale.\u00a0                <\/div>\n            <\/div>\n\t\t\t<svg class=\"svg-icon icon-arrow-right\" xmlns=\"http:\/\/www.w3.org\/2000\/svg\"><use xmlns:xlink=\"http:\/\/www.w3.org\/1999\/xlink\" xlink:href=\"https:\/\/www.lapurla.ch\/wp-content\/themes\/lapurla\/dist\/icons.svg?f27dc72#arrow-right\"><\/use><\/svg>        <\/div>\n    <\/a>\n\t<\/div>\n<div class=\"col-12 col-md-6 col-lg-4  kdgs-filter-item\">\n    <a href=\"https:\/\/www.lapurla.ch\/fr\/news\/17-18-mai-2022-nationale-tagung-mit-netzwerkgruendung\" class=\"kdgs-filter-item--link \"\n\t\t>\n        <div class=\"item--impression\">\n            <div class=\"item--image\">\n\t\t\t\t<img loading=\"lazy\" decoding=\"async\" width=\"1024\" height=\"552\" src=\"https:\/\/www.lapurla.ch\/wp-content\/uploads\/2021\/05\/210323-Lapurla-VisualNationaleTagung-Web01-1024x552.jpg\" class=\"attachment-large size-large wp-post-image\" alt=\"\" srcset=\"https:\/\/www.lapurla.ch\/wp-content\/uploads\/2021\/05\/210323-Lapurla-VisualNationaleTagung-Web01-1024x552.jpg 1024w, https:\/\/www.lapurla.ch\/wp-content\/uploads\/2021\/05\/210323-Lapurla-VisualNationaleTagung-Web01-300x162.jpg 300w, https:\/\/www.lapurla.ch\/wp-content\/uploads\/2021\/05\/210323-Lapurla-VisualNationaleTagung-Web01-768x414.jpg 768w, https:\/\/www.lapurla.ch\/wp-content\/uploads\/2021\/05\/210323-Lapurla-VisualNationaleTagung-Web01-1536x828.jpg 1536w, https:\/\/www.lapurla.ch\/wp-content\/uploads\/2021\/05\/210323-Lapurla-VisualNationaleTagung-Web01-2048x1104.jpg 2048w\" sizes=\"auto, (max-width: 1024px) 100vw, 1024px\" \/>            <\/div>\n            <div class=\"date\">19.05.2021<\/div>\n        <\/div>\n        <div class=\"item--content\">\n            <div class=\"item--content-wrapper\">\n                <h3 class=\"item--title\">17\/18 mai 2021: Documentation de la conf\u00e9rence nationale avec la fondation d&rsquo;un r\u00e9seau<\/h3>\n                <div class=\"item--content\">\n\t\t\t\t\tVous trouverez ici les r\u00e9sultats de la conf\u00e9rence nationale avec la fondation d&rsquo;un r\u00e9seau des 17 et 18 mai 2021.                 <\/div>\n            <\/div>\n\t\t\t<svg class=\"svg-icon icon-arrow-right\" xmlns=\"http:\/\/www.w3.org\/2000\/svg\"><use xmlns:xlink=\"http:\/\/www.w3.org\/1999\/xlink\" xlink:href=\"https:\/\/www.lapurla.ch\/wp-content\/themes\/lapurla\/dist\/icons.svg?f27dc72#arrow-right\"><\/use><\/svg>        <\/div>\n    <\/a>\n\t<\/div>\n<div class=\"col-12 col-md-6 col-lg-4  kdgs-filter-item\">\n    <a href=\"https:\/\/www.lapurla.ch\/fr\/news\/ausgezeichneter-abschluss-des-cas-kulturelle-bildung\" class=\"kdgs-filter-item--link \"\n\t\t>\n        <div class=\"item--impression\">\n            <div class=\"item--image\">\n\t\t\t\t<img loading=\"lazy\" decoding=\"async\" width=\"1024\" height=\"722\" src=\"https:\/\/www.lapurla.ch\/wp-content\/uploads\/2022\/06\/Z65646-Kopie-1024x722.jpg\" class=\"attachment-large size-large wp-post-image\" alt=\"\" srcset=\"https:\/\/www.lapurla.ch\/wp-content\/uploads\/2022\/06\/Z65646-Kopie-1024x722.jpg 1024w, https:\/\/www.lapurla.ch\/wp-content\/uploads\/2022\/06\/Z65646-Kopie-300x211.jpg 300w, https:\/\/www.lapurla.ch\/wp-content\/uploads\/2022\/06\/Z65646-Kopie-768x541.jpg 768w, https:\/\/www.lapurla.ch\/wp-content\/uploads\/2022\/06\/Z65646-Kopie-1536x1083.jpg 1536w, https:\/\/www.lapurla.ch\/wp-content\/uploads\/2022\/06\/Z65646-Kopie-2048x1444.jpg 2048w\" sizes=\"auto, (max-width: 1024px) 100vw, 1024px\" \/>            <\/div>\n            <div class=\"date\">29.04.2021<\/div>\n        <\/div>\n        <div class=\"item--content\">\n            <div class=\"item--content-wrapper\">\n                <h3 class=\"item--title\">Excellent!<\/h3>\n                <div class=\"item--content\">\n\t\t\t\t\tSalome B\u00f6ni (rechts) hat den WeiterbilduSalome\u00a0B\u00f6ni\u00a0a termin\u00e9 sa formation continue en obtenant son CAS en formation culturelle \u00e0 la HKB\u00a0\u00abavec\u00a0mention\u00bb.                <\/div>\n            <\/div>\n\t\t\t<svg class=\"svg-icon icon-arrow-right\" xmlns=\"http:\/\/www.w3.org\/2000\/svg\"><use xmlns:xlink=\"http:\/\/www.w3.org\/1999\/xlink\" xlink:href=\"https:\/\/www.lapurla.ch\/wp-content\/themes\/lapurla\/dist\/icons.svg?f27dc72#arrow-right\"><\/use><\/svg>        <\/div>\n    <\/a>\n\t<\/div>\n<div class=\"col-12 col-md-6 col-lg-4  kdgs-filter-item\">\n    <a href=\"https:\/\/www.lapurla.ch\/fr\/news\/romandie-vier-projekte-im-entstehen\" class=\"kdgs-filter-item--link \"\n\t\t>\n        <div class=\"item--impression\">\n            <div class=\"item--image\">\n\t\t\t\t<img loading=\"lazy\" decoding=\"async\" width=\"1024\" height=\"596\" src=\"https:\/\/www.lapurla.ch\/wp-content\/uploads\/2022\/06\/LapurlaProjetsRomandie-1024x596.png\" class=\"attachment-large size-large wp-post-image\" alt=\"\" srcset=\"https:\/\/www.lapurla.ch\/wp-content\/uploads\/2022\/06\/LapurlaProjetsRomandie-1024x596.png 1024w, https:\/\/www.lapurla.ch\/wp-content\/uploads\/2022\/06\/LapurlaProjetsRomandie-300x175.png 300w, https:\/\/www.lapurla.ch\/wp-content\/uploads\/2022\/06\/LapurlaProjetsRomandie-768x447.png 768w, https:\/\/www.lapurla.ch\/wp-content\/uploads\/2022\/06\/LapurlaProjetsRomandie.png 1468w\" sizes=\"auto, (max-width: 1024px) 100vw, 1024px\" \/>            <\/div>\n            <div class=\"date\">30.01.2020<\/div>\n        <\/div>\n        <div class=\"item--content\">\n            <div class=\"item--content-wrapper\">\n                <h3 class=\"item--title\">Quatre projets Lapurla en devenir en Suisse romande<\/h3>\n                <div class=\"item--content\">\n\t\t\t\t\tQuatre projets pilotes s\u2019inscrivant dans le cadre de l\u2019initiative nationale \u00abLapurla, les enfants explorent\u00bb sont d\u00e9velopp\u00e9s en Suisse romande, courant 2021-2022.                 <\/div>\n            <\/div>\n\t\t\t<svg class=\"svg-icon icon-arrow-right\" xmlns=\"http:\/\/www.w3.org\/2000\/svg\"><use xmlns:xlink=\"http:\/\/www.w3.org\/1999\/xlink\" xlink:href=\"https:\/\/www.lapurla.ch\/wp-content\/themes\/lapurla\/dist\/icons.svg?f27dc72#arrow-right\"><\/use><\/svg>        <\/div>\n    <\/a>\n\t<\/div>\n<div class=\"col-12 col-md-6 col-lg-4  kdgs-filter-item\">\n    <a href=\"https:\/\/www.lapurla.ch\/fr\/news\/moritz-ist-stammgast-im-museum\" class=\"kdgs-filter-item--link \"\n\t\t>\n        <div class=\"item--impression\">\n            <div class=\"item--image\">\n\t\t\t\t<img loading=\"lazy\" decoding=\"async\" width=\"709\" height=\"507\" src=\"https:\/\/www.lapurla.ch\/wp-content\/uploads\/2022\/06\/LapurlaBonBonMoritzimMuseum.jpeg\" class=\"attachment-large size-large wp-post-image\" alt=\"\" srcset=\"https:\/\/www.lapurla.ch\/wp-content\/uploads\/2022\/06\/LapurlaBonBonMoritzimMuseum.jpeg 709w, https:\/\/www.lapurla.ch\/wp-content\/uploads\/2022\/06\/LapurlaBonBonMoritzimMuseum-300x215.jpeg 300w\" sizes=\"auto, (max-width: 709px) 100vw, 709px\" \/>            <\/div>\n            <div class=\"date\">22.06.2019<\/div>\n        <\/div>\n        <div class=\"item--content\">\n            <div class=\"item--content-wrapper\">\n                <h3 class=\"item--title\">Moritz au mus\u00e9e\u00a0<\/h3>\n                <div class=\"item--content\">\n\t\t\t\t\tUne m\u00e8re raconte ce que son enfant apprend au mus\u00e9e.                <\/div>\n            <\/div>\n\t\t\t<svg class=\"svg-icon icon-arrow-right\" xmlns=\"http:\/\/www.w3.org\/2000\/svg\"><use xmlns:xlink=\"http:\/\/www.w3.org\/1999\/xlink\" xlink:href=\"https:\/\/www.lapurla.ch\/wp-content\/themes\/lapurla\/dist\/icons.svg?f27dc72#arrow-right\"><\/use><\/svg>        <\/div>\n    <\/a>\n\t<\/div>\n<div class=\"col-12 col-md-6 col-lg-4  kdgs-filter-item\">\n    <a href=\"https:\/\/www.lapurla.ch\/fr\/news\/interview-mit-den-pionierinnen-von-chiku\" class=\"kdgs-filter-item--link \"\n\t\t>\n        <div class=\"item--impression\">\n            <div class=\"item--image\">\n\t\t\t\t<img loading=\"lazy\" decoding=\"async\" width=\"1024\" height=\"684\" src=\"https:\/\/www.lapurla.ch\/wp-content\/uploads\/2022\/06\/LapurlaDialogWerkstatt181119schulthess-foto120-1024x684.jpg\" class=\"attachment-large size-large wp-post-image\" alt=\"\" srcset=\"https:\/\/www.lapurla.ch\/wp-content\/uploads\/2022\/06\/LapurlaDialogWerkstatt181119schulthess-foto120-1024x684.jpg 1024w, https:\/\/www.lapurla.ch\/wp-content\/uploads\/2022\/06\/LapurlaDialogWerkstatt181119schulthess-foto120-300x200.jpg 300w, https:\/\/www.lapurla.ch\/wp-content\/uploads\/2022\/06\/LapurlaDialogWerkstatt181119schulthess-foto120-768x513.jpg 768w, https:\/\/www.lapurla.ch\/wp-content\/uploads\/2022\/06\/LapurlaDialogWerkstatt181119schulthess-foto120-1536x1025.jpg 1536w, https:\/\/www.lapurla.ch\/wp-content\/uploads\/2022\/06\/LapurlaDialogWerkstatt181119schulthess-foto120-2048x1367.jpg 2048w\" sizes=\"auto, (max-width: 1024px) 100vw, 1024px\" \/>            <\/div>\n            <div class=\"date\">18.11.2018<\/div>\n        <\/div>\n        <div class=\"item--content\">\n            <div class=\"item--content-wrapper\">\n                <h3 class=\"item--title\">Entretien avec les deux pionni\u00e8res de \u00abCHIKU\u00bb<\/h3>\n                <div class=\"item--content\">\n\t\t\t\t\tQuand Anna Beck-W\u00f6rner et Regina Dobler disent \u00abCHIKU\u00bb, elles parlent de \u00abCHInderhort und KUnst\u00bb (cr\u00e8che et art). Pendant neuf mois, les deux femmes ont accompagn\u00e9 des enfants de la cr\u00e8che-garderie d\u2019Appenzell au mus\u00e9e d\u2019art Ziegelh\u00fctte.                <\/div>\n            <\/div>\n\t\t\t<svg class=\"svg-icon icon-arrow-right\" xmlns=\"http:\/\/www.w3.org\/2000\/svg\"><use xmlns:xlink=\"http:\/\/www.w3.org\/1999\/xlink\" xlink:href=\"https:\/\/www.lapurla.ch\/wp-content\/themes\/lapurla\/dist\/icons.svg?f27dc72#arrow-right\"><\/use><\/svg>        <\/div>\n    <\/a>\n\t<\/div>\n<div class=\"col-12 col-md-6 col-lg-4  kdgs-filter-item\">\n    <a href=\"https:\/\/www.lapurla.ch\/fr\/news\/interview-bonbon\" class=\"kdgs-filter-item--link \"\n\t\t>\n        <div class=\"item--impression\">\n            <div class=\"item--image\">\n\t\t\t\t<img loading=\"lazy\" decoding=\"async\" width=\"1024\" height=\"768\" src=\"https:\/\/www.lapurla.ch\/wp-content\/uploads\/2022\/07\/20181012-16767-ArielLeuenberger-1024x768.jpg\" class=\"attachment-large size-large wp-post-image\" alt=\"\" srcset=\"https:\/\/www.lapurla.ch\/wp-content\/uploads\/2022\/07\/20181012-16767-ArielLeuenberger-1024x768.jpg 1024w, https:\/\/www.lapurla.ch\/wp-content\/uploads\/2022\/07\/20181012-16767-ArielLeuenberger-300x225.jpg 300w, https:\/\/www.lapurla.ch\/wp-content\/uploads\/2022\/07\/20181012-16767-ArielLeuenberger-768x576.jpg 768w, https:\/\/www.lapurla.ch\/wp-content\/uploads\/2022\/07\/20181012-16767-ArielLeuenberger-1536x1152.jpg 1536w, https:\/\/www.lapurla.ch\/wp-content\/uploads\/2022\/07\/20181012-16767-ArielLeuenberger-2048x1536.jpg 2048w\" sizes=\"auto, (max-width: 1024px) 100vw, 1024px\" \/>            <\/div>\n            <div class=\"date\">31.10.2018<\/div>\n        <\/div>\n        <div class=\"item--content\">\n            <div class=\"item--content-wrapper\">\n                <h3 class=\"item--title\">\u00abBonBon\u00bb: Entretien avec les deux pionni\u00e8res<\/h3>\n                <div class=\"item--content\">\n\t\t\t\t\tL\u2019\u00e9quipe que forment Cynthia Gavranic, m\u00e9diatrice culturelle au Migros Museum f\u00fcr Gegenwartskunst, et Bea Fr\u00f6hlich, \u00e9ducatrice dans la cr\u00e8che Regenbogen, est bien rod\u00e9e. Car elles ont d\u00e9j\u00e0 observ\u00e9 deux visites d\u2019expositions avec un petit groupe d\u2019enfants de 9 \u00e0 22 mois.                <\/div>\n            <\/div>\n\t\t\t<svg class=\"svg-icon icon-arrow-right\" xmlns=\"http:\/\/www.w3.org\/2000\/svg\"><use xmlns:xlink=\"http:\/\/www.w3.org\/1999\/xlink\" xlink:href=\"https:\/\/www.lapurla.ch\/wp-content\/themes\/lapurla\/dist\/icons.svg?f27dc72#arrow-right\"><\/use><\/svg>        <\/div>\n    <\/a>\n\t<\/div>\n<div class=\"col-12 col-md-6 col-lg-4  kdgs-filter-item\">\n    <a href=\"https:\/\/www.lapurla.ch\/fr\/news\/interview-mit-den-gruenderinnen\" class=\"kdgs-filter-item--link \"\n\t\t>\n        <div class=\"item--impression\">\n            <div class=\"item--image\">\n\t\t\t\t<img loading=\"lazy\" decoding=\"async\" width=\"1024\" height=\"683\" src=\"https:\/\/www.lapurla.ch\/wp-content\/uploads\/2022\/05\/LapurlaTeam1-1024x683.jpg\" class=\"attachment-large size-large wp-post-image\" alt=\"\" srcset=\"https:\/\/www.lapurla.ch\/wp-content\/uploads\/2022\/05\/LapurlaTeam1-1024x683.jpg 1024w, https:\/\/www.lapurla.ch\/wp-content\/uploads\/2022\/05\/LapurlaTeam1-300x200.jpg 300w, https:\/\/www.lapurla.ch\/wp-content\/uploads\/2022\/05\/LapurlaTeam1-768x512.jpg 768w, https:\/\/www.lapurla.ch\/wp-content\/uploads\/2022\/05\/LapurlaTeam1-1536x1024.jpg 1536w, https:\/\/www.lapurla.ch\/wp-content\/uploads\/2022\/05\/LapurlaTeam1-2048x1365.jpg 2048w\" sizes=\"auto, (max-width: 1024px) 100vw, 1024px\" \/>            <\/div>\n            <div class=\"date\">07.10.2018<\/div>\n        <\/div>\n        <div class=\"item--content\">\n            <div class=\"item--content-wrapper\">\n                <h3 class=\"item--title\">\u00abNous vivons dans un monde o\u00f9 les espaces de libert\u00e9 des enfants disparaissent progressivement\u00bb<\/h3>\n                <div class=\"item--content\">\n\t\t\t\t\tKarin Kraus est charg\u00e9e de cours et responsable du cursus CAS Formation culturelle \u00e0 la Haute \u00e9cole des arts de Berne HKB. Jessica Schnelle est responsable de projet G\u00e9n\u00e9rations \u00e0 la Direction des affaires culturelles et sociales de la F\u00e9d\u00e9ration des coop\u00e9ratives Migros \u00e0 Zurich.                <\/div>\n            <\/div>\n\t\t\t<svg class=\"svg-icon icon-arrow-right\" xmlns=\"http:\/\/www.w3.org\/2000\/svg\"><use xmlns:xlink=\"http:\/\/www.w3.org\/1999\/xlink\" xlink:href=\"https:\/\/www.lapurla.ch\/wp-content\/themes\/lapurla\/dist\/icons.svg?f27dc72#arrow-right\"><\/use><\/svg>        <\/div>\n    <\/a>\n\t<\/div>\n                <\/div>\n\n                \n\t\t\t\t\t\t<\/div><\/div><\/div>\n","protected":false},"excerpt":{"rendered":"","protected":false},"author":1,"featured_media":0,"parent":0,"menu_order":0,"comment_status":"closed","ping_status":"closed","template":"","meta":{"_acf_changed":false,"latitude":"","longitude":"","kurzbeschreibung":"","datum_von":"","footnotes":""},"class_list":["post-9950","page","type-page","status-publish","hentry"],"acf":[],"yoast_head":"<!-- This site is optimized with the Yoast SEO plugin v27.2 - https:\/\/yoast.com\/product\/yoast-seo-wordpress\/ -->\n<title>Actualit\u00e9s &#8211; Lapurla<\/title>\n<meta name=\"robots\" content=\"index, follow, max-snippet:-1, max-image-preview:large, max-video-preview:-1\" \/>\n<link rel=\"canonical\" href=\"https:\/\/www.lapurla.ch\/fr\/aktuelles\" \/>\n<meta property=\"og:locale\" content=\"fr_FR\" \/>\n<meta property=\"og:type\" content=\"article\" \/>\n<meta property=\"og:title\" content=\"Actualit\u00e9s &#8211; Lapurla\" \/>\n<meta property=\"og:url\" content=\"https:\/\/www.lapurla.ch\/fr\/aktuelles\" \/>\n<meta property=\"og:site_name\" content=\"Lapurla\" \/>\n<meta property=\"article:modified_time\" content=\"2022-09-08T16:38:28+00:00\" \/>\n<meta name=\"twitter:card\" content=\"summary_large_image\" \/>\n<script type=\"application\/ld+json\" class=\"yoast-schema-graph\">{\"@context\":\"https:\/\/schema.org\",\"@graph\":[{\"@type\":\"WebPage\",\"@id\":\"https:\/\/www.lapurla.ch\/fr\/aktuelles\",\"url\":\"https:\/\/www.lapurla.ch\/fr\/aktuelles\",\"name\":\"Actualit\u00e9s &#8211; Lapurla\",\"isPartOf\":{\"@id\":\"https:\/\/www.lapurla.ch\/#website\"},\"datePublished\":\"2022-03-09T13:10:28+00:00\",\"dateModified\":\"2022-09-08T16:38:28+00:00\",\"breadcrumb\":{\"@id\":\"https:\/\/www.lapurla.ch\/fr\/aktuelles#breadcrumb\"},\"inLanguage\":\"fr-FR\",\"potentialAction\":[{\"@type\":\"ReadAction\",\"target\":[\"https:\/\/www.lapurla.ch\/fr\/aktuelles\"]}]},{\"@type\":\"BreadcrumbList\",\"@id\":\"https:\/\/www.lapurla.ch\/fr\/aktuelles#breadcrumb\",\"itemListElement\":[{\"@type\":\"ListItem\",\"position\":1,\"name\":\"Startseite\",\"item\":\"https:\/\/www.lapurla.ch\/fr\"},{\"@type\":\"ListItem\",\"position\":2,\"name\":\"Actualit\u00e9s\"}]},{\"@type\":\"WebSite\",\"@id\":\"https:\/\/www.lapurla.ch\/#website\",\"url\":\"https:\/\/www.lapurla.ch\/\",\"name\":\"Lapurla\",\"description\":\"\",\"publisher\":{\"@id\":\"https:\/\/www.lapurla.ch\/#organization\"},\"potentialAction\":[{\"@type\":\"SearchAction\",\"target\":{\"@type\":\"EntryPoint\",\"urlTemplate\":\"https:\/\/www.lapurla.ch\/?s={search_term_string}\"},\"query-input\":{\"@type\":\"PropertyValueSpecification\",\"valueRequired\":true,\"valueName\":\"search_term_string\"}}],\"inLanguage\":\"fr-FR\"},{\"@type\":\"Organization\",\"@id\":\"https:\/\/www.lapurla.ch\/#organization\",\"name\":\"Lapurla\",\"url\":\"https:\/\/www.lapurla.ch\/\",\"logo\":{\"@type\":\"ImageObject\",\"inLanguage\":\"fr-FR\",\"@id\":\"https:\/\/www.lapurla.ch\/#\/schema\/logo\/image\/\",\"url\":\"https:\/\/www.lapurla.ch\/wp-content\/uploads\/2022\/03\/cropped-favicon.png\",\"contentUrl\":\"https:\/\/www.lapurla.ch\/wp-content\/uploads\/2022\/03\/cropped-favicon.png\",\"width\":512,\"height\":512,\"caption\":\"Lapurla\"},\"image\":{\"@id\":\"https:\/\/www.lapurla.ch\/#\/schema\/logo\/image\/\"}}]}<\/script>\n<!-- \/ Yoast SEO plugin. -->","yoast_head_json":{"title":"Actualit\u00e9s &#8211; Lapurla","robots":{"index":"index","follow":"follow","max-snippet":"max-snippet:-1","max-image-preview":"max-image-preview:large","max-video-preview":"max-video-preview:-1"},"canonical":"https:\/\/www.lapurla.ch\/fr\/aktuelles","og_locale":"fr_FR","og_type":"article","og_title":"Actualit\u00e9s &#8211; Lapurla","og_url":"https:\/\/www.lapurla.ch\/fr\/aktuelles","og_site_name":"Lapurla","article_modified_time":"2022-09-08T16:38:28+00:00","twitter_card":"summary_large_image","schema":{"@context":"https:\/\/schema.org","@graph":[{"@type":"WebPage","@id":"https:\/\/www.lapurla.ch\/fr\/aktuelles","url":"https:\/\/www.lapurla.ch\/fr\/aktuelles","name":"Actualit\u00e9s &#8211; Lapurla","isPartOf":{"@id":"https:\/\/www.lapurla.ch\/#website"},"datePublished":"2022-03-09T13:10:28+00:00","dateModified":"2022-09-08T16:38:28+00:00","breadcrumb":{"@id":"https:\/\/www.lapurla.ch\/fr\/aktuelles#breadcrumb"},"inLanguage":"fr-FR","potentialAction":[{"@type":"ReadAction","target":["https:\/\/www.lapurla.ch\/fr\/aktuelles"]}]},{"@type":"BreadcrumbList","@id":"https:\/\/www.lapurla.ch\/fr\/aktuelles#breadcrumb","itemListElement":[{"@type":"ListItem","position":1,"name":"Startseite","item":"https:\/\/www.lapurla.ch\/fr"},{"@type":"ListItem","position":2,"name":"Actualit\u00e9s"}]},{"@type":"WebSite","@id":"https:\/\/www.lapurla.ch\/#website","url":"https:\/\/www.lapurla.ch\/","name":"Lapurla","description":"","publisher":{"@id":"https:\/\/www.lapurla.ch\/#organization"},"potentialAction":[{"@type":"SearchAction","target":{"@type":"EntryPoint","urlTemplate":"https:\/\/www.lapurla.ch\/?s={search_term_string}"},"query-input":{"@type":"PropertyValueSpecification","valueRequired":true,"valueName":"search_term_string"}}],"inLanguage":"fr-FR"},{"@type":"Organization","@id":"https:\/\/www.lapurla.ch\/#organization","name":"Lapurla","url":"https:\/\/www.lapurla.ch\/","logo":{"@type":"ImageObject","inLanguage":"fr-FR","@id":"https:\/\/www.lapurla.ch\/#\/schema\/logo\/image\/","url":"https:\/\/www.lapurla.ch\/wp-content\/uploads\/2022\/03\/cropped-favicon.png","contentUrl":"https:\/\/www.lapurla.ch\/wp-content\/uploads\/2022\/03\/cropped-favicon.png","width":512,"height":512,"caption":"Lapurla"},"image":{"@id":"https:\/\/www.lapurla.ch\/#\/schema\/logo\/image\/"}}]}},"_links":{"self":[{"href":"https:\/\/www.lapurla.ch\/fr\/wp-json\/wp\/v2\/pages\/9950","targetHints":{"allow":["GET"]}}],"collection":[{"href":"https:\/\/www.lapurla.ch\/fr\/wp-json\/wp\/v2\/pages"}],"about":[{"href":"https:\/\/www.lapurla.ch\/fr\/wp-json\/wp\/v2\/types\/page"}],"author":[{"embeddable":true,"href":"https:\/\/www.lapurla.ch\/fr\/wp-json\/wp\/v2\/users\/1"}],"replies":[{"embeddable":true,"href":"https:\/\/www.lapurla.ch\/fr\/wp-json\/wp\/v2\/comments?post=9950"}],"version-history":[{"count":4,"href":"https:\/\/www.lapurla.ch\/fr\/wp-json\/wp\/v2\/pages\/9950\/revisions"}],"predecessor-version":[{"id":11218,"href":"https:\/\/www.lapurla.ch\/fr\/wp-json\/wp\/v2\/pages\/9950\/revisions\/11218"}],"wp:attachment":[{"href":"https:\/\/www.lapurla.ch\/fr\/wp-json\/wp\/v2\/media?parent=9950"}],"curies":[{"name":"wp","href":"https:\/\/api.w.org\/{rel}","templated":true}]}}