{"id":28807,"date":"2025-05-08T13:22:09","date_gmt":"2025-05-08T11:22:09","guid":{"rendered":"https:\/\/www.lapurla.ch\/auszeichnungen"},"modified":"2025-06-27T00:30:06","modified_gmt":"2025-06-26T22:30:06","slug":"recompences-lapurla","status":"publish","type":"page","link":"https:\/\/www.lapurla.ch\/fr\/recompences-lapurla","title":{"rendered":"R\u00e9compenses"},"content":{"rendered":"\n<div id=\"lead-text-block_953e38339c52ebf311d051a049f5c714\" class=\"mod-lead-text\">\n\t        <div class=\"row\">\n            <div class=\"col-12\">\n\t\t\t\t                <div class=\"lead-text\">\n\t\t\t\t\t<p>Lapurla et des membres centraux ont d\u00e9j\u00e0 re\u00e7u plusieurs prix de reconnaissances.<\/p>\n                <\/div>\n            <\/div>\n        <\/div>\n\t<\/div>\n\n\n<figure class=\"wp-block-image size-large\"><img loading=\"lazy\" decoding=\"async\" width=\"1024\" height=\"576\" src=\"https:\/\/www.lapurla.ch\/wp-content\/uploads\/2025\/05\/LapurlaIconAuszeichnungen-1024x576.jpg\" alt=\"\" class=\"wp-image-28758\" srcset=\"https:\/\/www.lapurla.ch\/wp-content\/uploads\/2025\/05\/LapurlaIconAuszeichnungen-1024x576.jpg 1024w, https:\/\/www.lapurla.ch\/wp-content\/uploads\/2025\/05\/LapurlaIconAuszeichnungen-300x169.jpg 300w, https:\/\/www.lapurla.ch\/wp-content\/uploads\/2025\/05\/LapurlaIconAuszeichnungen-768x432.jpg 768w, https:\/\/www.lapurla.ch\/wp-content\/uploads\/2025\/05\/LapurlaIconAuszeichnungen-1536x864.jpg 1536w, https:\/\/www.lapurla.ch\/wp-content\/uploads\/2025\/05\/LapurlaIconAuszeichnungen-2048x1152.jpg 2048w\" sizes=\"auto, (max-width: 1024px) 100vw, 1024px\" \/><\/figure>\n\n\n\n<p>Nous sommes tr\u00e8s heureux des hommages (inter)nationaux rendus \u00e0 notre engagement et nous remercions chaleureusement ces reconnaissances directes et indirectes ! Elles renforcent nos pr\u00e9occupations et nos r\u00e9seaux et mettent en \u00e9vidence la pertinence soci\u00e9tal de notre action \u00e0 tous les niveaux.<\/p>\n\n\n\n<div id=\"teaser-block-block_f576210ec07aac64abe4a4049526aea7\" class=\"mod-teaser-block\">\n\t        <div class=\"text\">\n\t\t\t                <div class=\"mod-filter-list\">\n                    <div class=\"row\">\n\t\t\t\t\t\t                            <div class=\"col-12 col-md-6 col-lg-4 kdgs-filter-item\">\n                                <a href=\"https:\/\/www.lapurla.ch\/fr\/news\/eine-starke-anerkennung-fuer-lapurla-prix-de-letat-de-berne\" target=\"\" class=\"kdgs-filter-item--link\" id=\"teaser-block-block_f576210ec07aac64abe4a4049526aea7-teaser1\">\n                                    <div class=\"item--impression\">\n                                        <div class=\"item--image\">\n\t\t\t\t\t\t\t\t\t\t\t<div class=\"a-image js-a-image \"><picture class=\"a-image__picture js-a-image__picture\">           <source width=\"343\" height=\"0\"  media=\"(min-width: 1400px)\" data-srcset=\"https:\/\/www.lapurla.ch\/wp-content\/uploads\/2025\/06\/LapurlaAuszeichnungenPrix-de-l-Etat-de-Berne20250523-343x0.png 1x, https:\/\/www.lapurla.ch\/wp-content\/uploads\/2025\/06\/LapurlaAuszeichnungenPrix-de-l-Etat-de-Berne20250523-686x0.png 2x\">           <source width=\"293\" height=\"0\" media=\"(min-width: 1200px)\" data-srcset=\"https:\/\/www.lapurla.ch\/wp-content\/uploads\/2025\/06\/LapurlaAuszeichnungenPrix-de-l-Etat-de-Berne20250523-293x0.png 1x, https:\/\/www.lapurla.ch\/wp-content\/uploads\/2025\/06\/LapurlaAuszeichnungenPrix-de-l-Etat-de-Berne20250523-586x0.png 2x\">           <source width=\"243\" height=\"0\" media=\"(min-width: 992px)\" data-srcset=\"https:\/\/www.lapurla.ch\/wp-content\/uploads\/2025\/06\/LapurlaAuszeichnungenPrix-de-l-Etat-de-Berne20250523-243x0.png  1x, https:\/\/www.lapurla.ch\/wp-content\/uploads\/2025\/06\/LapurlaAuszeichnungenPrix-de-l-Etat-de-Berne20250523-486x0.png 2x\">           <source width=\"276\" height=\"0\" media=\"(min-width: 768px)\" data-srcset=\"https:\/\/www.lapurla.ch\/wp-content\/uploads\/2025\/06\/LapurlaAuszeichnungenPrix-de-l-Etat-de-Berne20250523-276x0.png 1x, https:\/\/www.lapurla.ch\/wp-content\/uploads\/2025\/06\/LapurlaAuszeichnungenPrix-de-l-Etat-de-Berne20250523-552x0.png 2x\">           <source width=\"516\" height=\"0\" media=\"(min-width: 576px)\" data-srcset=\"https:\/\/www.lapurla.ch\/wp-content\/uploads\/2025\/06\/LapurlaAuszeichnungenPrix-de-l-Etat-de-Berne20250523-516x0.png 1x, https:\/\/www.lapurla.ch\/wp-content\/uploads\/2025\/06\/LapurlaAuszeichnungenPrix-de-l-Etat-de-Berne20250523-1032x0.png 2x\">           <img loading=\"lazy\" decoding=\"async\" width=\"551\" height=\"0\"           class=\"a-image__image js-a-image__image lazyload\" src=\"data:image\/gif;base64,R0lGODlhAQABAAAAACH5BAEKAAEALAAAAAABAAEAAAICTAEAOw==\"           data-src=\"https:\/\/www.lapurla.ch\/wp-content\/uploads\/2025\/06\/LapurlaAuszeichnungenPrix-de-l-Etat-de-Berne20250523-551x0.png\" data-srcset=\"https:\/\/www.lapurla.ch\/wp-content\/uploads\/2025\/06\/LapurlaAuszeichnungenPrix-de-l-Etat-de-Berne20250523-1102x0.png 2x\" alt=\"\"\/>      <\/picture><\/div>                                        <\/div>\n\t\t\t\t\t\t\t\t\t\t                                            <div class=\"location\">2025<\/div>\n\t\t\t\t\t\t\t\t\t\t                                    <\/div>\n                                    <div class=\"item--content\">\n                                        <div class=\"item--content-wrapper\">\n                                            <h3 class=\"item--title\">Prix de l&rsquo;Etat de Berne | Conseil d&rsquo;\u00c9tat du canton de Vaud<\/h3>\n                                            <div class=\"item--content\">\n\t\t\t\t\t\t\t\t\t\t\t\tSur proposition de l&rsquo;Universit\u00e9 de Lausanne, le Conseil d&rsquo;Etat du canton de Vaud d\u00e9cernera \u00e0 Lapurla le Prix d&rsquo;Etat de Berne le 23 mai 2025. Ce prix a \u00e9t\u00e9 cr\u00e9\u00e9 en 1964 par le canton de Berne en souvenir de la Journ\u00e9e cantonale bernoise lors de l&rsquo;Exposition nationale. Il r\u00e9compense une \u0153uvre litt\u00e9raire, scientifique ou artistique d&rsquo;un Vaudois ou d&rsquo;un Conf\u00e9d\u00e9r\u00e9 qui contribue \u00e0 favoriser les \u00e9changes et les contacts ou \u00e0 promouvoir la compr\u00e9hension et l&rsquo;entente entre les diff\u00e9rentes parties de la Suisse.<br \/>\r\nLa direction de l&rsquo;Universit\u00e9 estime que Lapurla incarne id\u00e9alement l&rsquo;objectif de ce prix en donnant vie \u00e0 des projets novateurs favorisant le dialogue et la coop\u00e9ration interculturelle entre les diff\u00e9rentes r\u00e9gions de Suisse.                                            <\/div>\n                                        <\/div>\n\t\t\t\t\t\t\t\t\t\t<svg class=\"svg-icon icon-arrow-right\" xmlns=\"http:\/\/www.w3.org\/2000\/svg\"><use xmlns:xlink=\"http:\/\/www.w3.org\/1999\/xlink\" xlink:href=\"https:\/\/www.lapurla.ch\/wp-content\/themes\/lapurla\/dist\/icons.svg?f27dc72#arrow-right\"><\/use><\/svg>                                    <\/div>\n                                <\/a>\n                            <\/div>\n\t\t\t\t\t\t                            <div class=\"col-12 col-md-6 col-lg-4 kdgs-filter-item\">\n                                <a href=\"https:\/\/www.fruehfoerderungspreis.ch\/fr\/prix-pour-lencouragement-precoce\" target=\"_blank\" class=\"kdgs-filter-item--link\" id=\"teaser-block-block_f576210ec07aac64abe4a4049526aea7-teaser2\">\n                                    <div class=\"item--impression\">\n                                        <div class=\"item--image\">\n\t\t\t\t\t\t\t\t\t\t\t<div class=\"a-image js-a-image \"><picture class=\"a-image__picture js-a-image__picture\">           <source width=\"343\" height=\"193\"  media=\"(min-width: 1400px)\" data-srcset=\"https:\/\/www.lapurla.ch\/wp-content\/uploads\/2025\/05\/LapurlaIconAuszeichnungen4-343x0.png 1x, https:\/\/www.lapurla.ch\/wp-content\/uploads\/2025\/05\/LapurlaIconAuszeichnungen4-686x0.png 2x\">           <source width=\"293\" height=\"165\" media=\"(min-width: 1200px)\" data-srcset=\"https:\/\/www.lapurla.ch\/wp-content\/uploads\/2025\/05\/LapurlaIconAuszeichnungen4-293x0.png 1x, https:\/\/www.lapurla.ch\/wp-content\/uploads\/2025\/05\/LapurlaIconAuszeichnungen4-586x0.png 2x\">           <source width=\"243\" height=\"137\" media=\"(min-width: 992px)\" data-srcset=\"https:\/\/www.lapurla.ch\/wp-content\/uploads\/2025\/05\/LapurlaIconAuszeichnungen4-243x0.png  1x, https:\/\/www.lapurla.ch\/wp-content\/uploads\/2025\/05\/LapurlaIconAuszeichnungen4-486x0.png 2x\">           <source width=\"276\" height=\"155\" media=\"(min-width: 768px)\" data-srcset=\"https:\/\/www.lapurla.ch\/wp-content\/uploads\/2025\/05\/LapurlaIconAuszeichnungen4-276x0.png 1x, https:\/\/www.lapurla.ch\/wp-content\/uploads\/2025\/05\/LapurlaIconAuszeichnungen4-552x0.png 2x\">           <source width=\"516\" height=\"290\" media=\"(min-width: 576px)\" data-srcset=\"https:\/\/www.lapurla.ch\/wp-content\/uploads\/2025\/05\/LapurlaIconAuszeichnungen4-516x0.png 1x, https:\/\/www.lapurla.ch\/wp-content\/uploads\/2025\/05\/LapurlaIconAuszeichnungen4-1032x0.png 2x\">           <img loading=\"lazy\" decoding=\"async\" width=\"551\" height=\"310\"           class=\"a-image__image js-a-image__image lazyload\" src=\"data:image\/gif;base64,R0lGODlhAQABAAAAACH5BAEKAAEALAAAAAABAAEAAAICTAEAOw==\"           data-src=\"https:\/\/www.lapurla.ch\/wp-content\/uploads\/2025\/05\/LapurlaIconAuszeichnungen4-551x0.png\" data-srcset=\"https:\/\/www.lapurla.ch\/wp-content\/uploads\/2025\/05\/LapurlaIconAuszeichnungen4-1102x0.png 2x\" alt=\"\"\/>      <\/picture><\/div>                                        <\/div>\n\t\t\t\t\t\t\t\t\t\t                                            <div class=\"location\">2024<\/div>\n\t\t\t\t\t\t\t\t\t\t                                    <\/div>\n                                    <div class=\"item--content\">\n                                        <div class=\"item--content-wrapper\">\n                                            <h3 class=\"item--title\">Prix de reconnaissance pour l&rsquo;encouragement pr\u00e9coce dans les r\u00e9gions de montagne | Fondation Pestalozzi &#038; Association fa\u00eeti\u00e8re des enseignantes et enseignants suisses LCH<\/h3>\n                                            <div class=\"item--content\">\n\t\t\t\t\t\t\t\t\t\t\t\tLe projet \u00ab Art&rsquo;Mini outdoor \u00bb de l&rsquo;association Compagnie Digestif \u00e0 Salquenen met l&rsquo;accent sur les processus cr\u00e9atifs dans le d\u00e9veloppement de la petite enfance. Ce projet est un d\u00e9veloppement du projet mod\u00e8le KinderKulturTreff MINI, soutenu par Lapurla et r\u00e9compens\u00e9 en 2023 par l&rsquo;un des premiers Lapurla-Awards. L&rsquo;offre permet une participation culturelle exp\u00e9rimentale dans la nature, s&rsquo;adresse \u00e0 l&rsquo;ensemble du canton du Valais et s&rsquo;int\u00e8gre dans un lieu de rencontre interculturel qui relie les g\u00e9n\u00e9rations. Les exp\u00e9riences et les connaissances acquises dans le cadre du projet sont directement int\u00e9gr\u00e9es dans le r\u00e9seau national de Lapurla. Gr\u00e2ce \u00e0 son approche interg\u00e9n\u00e9rationnelle et bilingue, le projet fournit un travail exemplaire et pionnier dans le canton du Valais.                                             <\/div>\n                                        <\/div>\n\t\t\t\t\t\t\t\t\t\t<svg class=\"svg-icon icon-arrow-right\" xmlns=\"http:\/\/www.w3.org\/2000\/svg\"><use xmlns:xlink=\"http:\/\/www.w3.org\/1999\/xlink\" xlink:href=\"https:\/\/www.lapurla.ch\/wp-content\/themes\/lapurla\/dist\/icons.svg?f27dc72#arrow-right\"><\/use><\/svg>                                    <\/div>\n                                <\/a>\n                            <\/div>\n\t\t\t\t\t\t                            <div class=\"col-12 col-md-6 col-lg-4 kdgs-filter-item\">\n                                <a href=\"https:\/\/www.lapurla.ch\/wp-content\/uploads\/2025\/05\/Pralong-Dayer-PreisCompagnie-DigesdtifLapurla2024Pressebericht.pdf\" target=\"_blank\" class=\"kdgs-filter-item--link\" id=\"teaser-block-block_f576210ec07aac64abe4a4049526aea7-teaser3\">\n                                    <div class=\"item--impression\">\n                                        <div class=\"item--image\">\n\t\t\t\t\t\t\t\t\t\t\t<div class=\"a-image js-a-image \"><picture class=\"a-image__picture js-a-image__picture\">           <source width=\"343\" height=\"193\"  media=\"(min-width: 1400px)\" data-srcset=\"https:\/\/www.lapurla.ch\/wp-content\/uploads\/2025\/05\/LapurlaIconAuszeichnungen2-343x0.png 1x, https:\/\/www.lapurla.ch\/wp-content\/uploads\/2025\/05\/LapurlaIconAuszeichnungen2-686x0.png 2x\">           <source width=\"293\" height=\"165\" media=\"(min-width: 1200px)\" data-srcset=\"https:\/\/www.lapurla.ch\/wp-content\/uploads\/2025\/05\/LapurlaIconAuszeichnungen2-293x0.png 1x, https:\/\/www.lapurla.ch\/wp-content\/uploads\/2025\/05\/LapurlaIconAuszeichnungen2-586x0.png 2x\">           <source width=\"243\" height=\"137\" media=\"(min-width: 992px)\" data-srcset=\"https:\/\/www.lapurla.ch\/wp-content\/uploads\/2025\/05\/LapurlaIconAuszeichnungen2-243x0.png  1x, https:\/\/www.lapurla.ch\/wp-content\/uploads\/2025\/05\/LapurlaIconAuszeichnungen2-486x0.png 2x\">           <source width=\"276\" height=\"155\" media=\"(min-width: 768px)\" data-srcset=\"https:\/\/www.lapurla.ch\/wp-content\/uploads\/2025\/05\/LapurlaIconAuszeichnungen2-276x0.png 1x, https:\/\/www.lapurla.ch\/wp-content\/uploads\/2025\/05\/LapurlaIconAuszeichnungen2-552x0.png 2x\">           <source width=\"516\" height=\"290\" media=\"(min-width: 576px)\" data-srcset=\"https:\/\/www.lapurla.ch\/wp-content\/uploads\/2025\/05\/LapurlaIconAuszeichnungen2-516x0.png 1x, https:\/\/www.lapurla.ch\/wp-content\/uploads\/2025\/05\/LapurlaIconAuszeichnungen2-1032x0.png 2x\">           <img loading=\"lazy\" decoding=\"async\" width=\"551\" height=\"310\"           class=\"a-image__image js-a-image__image lazyload\" src=\"data:image\/gif;base64,R0lGODlhAQABAAAAACH5BAEKAAEALAAAAAABAAEAAAICTAEAOw==\"           data-src=\"https:\/\/www.lapurla.ch\/wp-content\/uploads\/2025\/05\/LapurlaIconAuszeichnungen2-551x0.png\" data-srcset=\"https:\/\/www.lapurla.ch\/wp-content\/uploads\/2025\/05\/LapurlaIconAuszeichnungen2-1102x0.png 2x\" alt=\"\"\/>      <\/picture><\/div>                                        <\/div>\n\t\t\t\t\t\t\t\t\t\t                                            <div class=\"location\">2024<\/div>\n\t\t\t\t\t\t\t\t\t\t                                    <\/div>\n                                    <div class=\"item--content\">\n                                        <div class=\"item--content-wrapper\">\n                                            <h3 class=\"item--title\">Prix de la Fondation Alexandre et Ida Pralong-Dayer<\/h3>\n                                            <div class=\"item--content\">\n\t\t\t\t\t\t\t\t\t\t\t\tUne importante alli\u00e9e de Lapurla &#8211; Jennifer Skolovski &#8211; a re\u00e7u avec sa Comapgnie Digestif, le prix de la Fondation Alexandre et Ida Pralong-Dayer pour ses projets p\u00e9dagogiques destin\u00e9s aux enfants sur le lieu de rencontre Tsch\u00fcdanga. Tsch\u00fcdanga est une structure professionnelle d&rsquo;activit\u00e9s culturelles, animales et en nature avec une \u00e9quipe comp\u00e9tente, exp\u00e9riment\u00e9e et bilingue. Celle-ci propose des offres interculturelles, interg\u00e9n\u00e9rationnelles et culturellement inclusives par le biais de processus participatifs dans la nature et int\u00e9grant les animaux.                                            <\/div>\n                                        <\/div>\n\t\t\t\t\t\t\t\t\t\t<svg class=\"svg-icon icon-arrow-right\" xmlns=\"http:\/\/www.w3.org\/2000\/svg\"><use xmlns:xlink=\"http:\/\/www.w3.org\/1999\/xlink\" xlink:href=\"https:\/\/www.lapurla.ch\/wp-content\/themes\/lapurla\/dist\/icons.svg?f27dc72#arrow-right\"><\/use><\/svg>                                    <\/div>\n                                <\/a>\n                            <\/div>\n\t\t\t\t\t\t                            <div class=\"col-12 col-md-6 col-lg-4 kdgs-filter-item\">\n                                <a href=\"https:\/\/www.lapurla.ch\/fr\/news\/girafes-award\" target=\"\" class=\"kdgs-filter-item--link\" id=\"teaser-block-block_f576210ec07aac64abe4a4049526aea7-teaser4\">\n                                    <div class=\"item--impression\">\n                                        <div class=\"item--image\">\n\t\t\t\t\t\t\t\t\t\t\t<div class=\"a-image js-a-image \"><picture class=\"a-image__picture js-a-image__picture\">           <source width=\"343\" height=\"193\"  media=\"(min-width: 1400px)\" data-srcset=\"https:\/\/www.lapurla.ch\/wp-content\/uploads\/2025\/05\/LapurlaIconAuszeichnungen3-343x0.png 1x, https:\/\/www.lapurla.ch\/wp-content\/uploads\/2025\/05\/LapurlaIconAuszeichnungen3-686x0.png 2x\">           <source width=\"293\" height=\"165\" media=\"(min-width: 1200px)\" data-srcset=\"https:\/\/www.lapurla.ch\/wp-content\/uploads\/2025\/05\/LapurlaIconAuszeichnungen3-293x0.png 1x, https:\/\/www.lapurla.ch\/wp-content\/uploads\/2025\/05\/LapurlaIconAuszeichnungen3-586x0.png 2x\">           <source width=\"243\" height=\"137\" media=\"(min-width: 992px)\" data-srcset=\"https:\/\/www.lapurla.ch\/wp-content\/uploads\/2025\/05\/LapurlaIconAuszeichnungen3-243x0.png  1x, https:\/\/www.lapurla.ch\/wp-content\/uploads\/2025\/05\/LapurlaIconAuszeichnungen3-486x0.png 2x\">           <source width=\"276\" height=\"155\" media=\"(min-width: 768px)\" data-srcset=\"https:\/\/www.lapurla.ch\/wp-content\/uploads\/2025\/05\/LapurlaIconAuszeichnungen3-276x0.png 1x, https:\/\/www.lapurla.ch\/wp-content\/uploads\/2025\/05\/LapurlaIconAuszeichnungen3-552x0.png 2x\">           <source width=\"516\" height=\"290\" media=\"(min-width: 576px)\" data-srcset=\"https:\/\/www.lapurla.ch\/wp-content\/uploads\/2025\/05\/LapurlaIconAuszeichnungen3-516x0.png 1x, https:\/\/www.lapurla.ch\/wp-content\/uploads\/2025\/05\/LapurlaIconAuszeichnungen3-1032x0.png 2x\">           <img loading=\"lazy\" decoding=\"async\" width=\"551\" height=\"310\"           class=\"a-image__image js-a-image__image lazyload\" src=\"data:image\/gif;base64,R0lGODlhAQABAAAAACH5BAEKAAEALAAAAAABAAEAAAICTAEAOw==\"           data-src=\"https:\/\/www.lapurla.ch\/wp-content\/uploads\/2025\/05\/LapurlaIconAuszeichnungen3-551x0.png\" data-srcset=\"https:\/\/www.lapurla.ch\/wp-content\/uploads\/2025\/05\/LapurlaIconAuszeichnungen3-1102x0.png 2x\" alt=\"\"\/>      <\/picture><\/div>                                        <\/div>\n\t\t\t\t\t\t\t\t\t\t                                            <div class=\"location\">2021<\/div>\n\t\t\t\t\t\t\t\t\t\t                                    <\/div>\n                                    <div class=\"item--content\">\n                                        <div class=\"item--content-wrapper\">\n                                            <h3 class=\"item--title\">Prix international des Girafs Awards<\/h3>\n                                            <div class=\"item--content\">\n\t\t\t\t\t\t\t\t\t\t\t\tLapurla a re\u00e7u le Prix international en octobre 2021 \u00e0 Paris, au minist\u00e8re des Solidarit\u00e9s et de la Sant\u00e9. Lapurla est ainsi consid\u00e9r\u00e9e au niveau international comme un mod\u00e8le en mati\u00e8re d&rsquo;\u00e9ducation de la petite enfance. La \u00ab girafe \u00bb exprime une grande reconnaissance pour l&rsquo;engagement de tous ceux qui, en Suisse, d\u00e9fendent la cause de Lapurla. L&rsquo;association Agir pour la petite enfance, fond\u00e9e en 2012, d\u00e9cerne chaque ann\u00e9e les Girafes Awards dans le but de rassembler les professionnels, les jeunes enfants et leurs parents, de renforcer les chances d&rsquo;\u00e9ducation des enfants et de les placer au centre des pr\u00e9occupations de la soci\u00e9t\u00e9.                                             <\/div>\n                                        <\/div>\n\t\t\t\t\t\t\t\t\t\t<svg class=\"svg-icon icon-arrow-right\" xmlns=\"http:\/\/www.w3.org\/2000\/svg\"><use xmlns:xlink=\"http:\/\/www.w3.org\/1999\/xlink\" xlink:href=\"https:\/\/www.lapurla.ch\/wp-content\/themes\/lapurla\/dist\/icons.svg?f27dc72#arrow-right\"><\/use><\/svg>                                    <\/div>\n                                <\/a>\n                            <\/div>\n\t\t\t\t\t\t                            <div class=\"col-12 col-md-6 col-lg-4 kdgs-filter-item\">\n                                <a href=\"https:\/\/assitej.ch\/Home-1\" target=\"_blank\" class=\"kdgs-filter-item--link\" id=\"teaser-block-block_f576210ec07aac64abe4a4049526aea7-teaser5\">\n                                    <div class=\"item--impression\">\n                                        <div class=\"item--image\">\n\t\t\t\t\t\t\t\t\t\t\t<div class=\"a-image js-a-image \"><picture class=\"a-image__picture js-a-image__picture\">           <source width=\"343\" height=\"193\"  media=\"(min-width: 1400px)\" data-srcset=\"https:\/\/www.lapurla.ch\/wp-content\/uploads\/2025\/05\/LapurlaIconAuszeichnungen5-343x0.png 1x, https:\/\/www.lapurla.ch\/wp-content\/uploads\/2025\/05\/LapurlaIconAuszeichnungen5-686x0.png 2x\">           <source width=\"293\" height=\"165\" media=\"(min-width: 1200px)\" data-srcset=\"https:\/\/www.lapurla.ch\/wp-content\/uploads\/2025\/05\/LapurlaIconAuszeichnungen5-293x0.png 1x, https:\/\/www.lapurla.ch\/wp-content\/uploads\/2025\/05\/LapurlaIconAuszeichnungen5-586x0.png 2x\">           <source width=\"243\" height=\"137\" media=\"(min-width: 992px)\" data-srcset=\"https:\/\/www.lapurla.ch\/wp-content\/uploads\/2025\/05\/LapurlaIconAuszeichnungen5-243x0.png  1x, https:\/\/www.lapurla.ch\/wp-content\/uploads\/2025\/05\/LapurlaIconAuszeichnungen5-486x0.png 2x\">           <source width=\"276\" height=\"155\" media=\"(min-width: 768px)\" data-srcset=\"https:\/\/www.lapurla.ch\/wp-content\/uploads\/2025\/05\/LapurlaIconAuszeichnungen5-276x0.png 1x, https:\/\/www.lapurla.ch\/wp-content\/uploads\/2025\/05\/LapurlaIconAuszeichnungen5-552x0.png 2x\">           <source width=\"516\" height=\"290\" media=\"(min-width: 576px)\" data-srcset=\"https:\/\/www.lapurla.ch\/wp-content\/uploads\/2025\/05\/LapurlaIconAuszeichnungen5-516x0.png 1x, https:\/\/www.lapurla.ch\/wp-content\/uploads\/2025\/05\/LapurlaIconAuszeichnungen5-1032x0.png 2x\">           <img loading=\"lazy\" decoding=\"async\" width=\"551\" height=\"310\"           class=\"a-image__image js-a-image__image lazyload\" src=\"data:image\/gif;base64,R0lGODlhAQABAAAAACH5BAEKAAEALAAAAAABAAEAAAICTAEAOw==\"           data-src=\"https:\/\/www.lapurla.ch\/wp-content\/uploads\/2025\/05\/LapurlaIconAuszeichnungen5-551x0.png\" data-srcset=\"https:\/\/www.lapurla.ch\/wp-content\/uploads\/2025\/05\/LapurlaIconAuszeichnungen5-1102x0.png 2x\" alt=\"\"\/>      <\/picture><\/div>                                        <\/div>\n\t\t\t\t\t\t\t\t\t\t                                            <div class=\"location\">2020<\/div>\n\t\t\t\t\t\t\t\t\t\t                                    <\/div>\n                                    <div class=\"item--content\">\n                                        <div class=\"item--content-wrapper\">\n                                            <h3 class=\"item--title\">Prix ASSITEJ <\/h3>\n                                            <div class=\"item--content\">\n\t\t\t\t\t\t\t\t\t\t\t\tNina Knecht, membre de Lapurla depuis la premi\u00e8re heure et pr\u00e9sidente de l&rsquo;association PRIMA, re\u00e7oit l&rsquo;un des deux premiers Prix ASSITEJ Suisse pour son engagement stimulant en faveur du th\u00e9\u00e2tre professionnel pour le jeune public. Avec PRIMA, elle est en outre solidement ancr\u00e9e avec une journ\u00e9e de cours dans le cursus de formation continue CAS \u00c9ducation culturelle, dont Lapurla est issue (voir l&rsquo;historique).                                            <\/div>\n                                        <\/div>\n\t\t\t\t\t\t\t\t\t\t<svg class=\"svg-icon icon-arrow-right\" xmlns=\"http:\/\/www.w3.org\/2000\/svg\"><use xmlns:xlink=\"http:\/\/www.w3.org\/1999\/xlink\" xlink:href=\"https:\/\/www.lapurla.ch\/wp-content\/themes\/lapurla\/dist\/icons.svg?f27dc72#arrow-right\"><\/use><\/svg>                                    <\/div>\n                                <\/a>\n                            <\/div>\n\t\t\t\t\t\t                    <\/div>\n                <\/div>\n\t\t\t\t\t\t        <\/div>\n\t<\/div>\n\n\n\n<p><\/p>\n","protected":false},"excerpt":{"rendered":"<p>Nous sommes tr\u00e8s heureux des hommages (inter)nationaux rendus \u00e0 notre engagement et nous remercions chaleureusement ces reconnaissances directes et indirectes ! Elles renforcent nos pr\u00e9occupations et nos r\u00e9seaux et mettent en \u00e9vidence la pertinence soci\u00e9tal de notre action \u00e0 tous les niveaux.<\/p>\n","protected":false},"author":5,"featured_media":0,"parent":0,"menu_order":0,"comment_status":"closed","ping_status":"closed","template":"","meta":{"_acf_changed":false,"latitude":"","longitude":"","kurzbeschreibung":"","datum_von":"","footnotes":""},"class_list":["post-28807","page","type-page","status-publish","hentry"],"acf":[],"yoast_head":"<!-- This site is optimized with the Yoast SEO plugin v27.2 - https:\/\/yoast.com\/product\/yoast-seo-wordpress\/ -->\n<title>R\u00e9compenses &#8211; Lapurla<\/title>\n<meta name=\"description\" content=\"R\u00e9compences - Lapurla\" \/>\n<meta name=\"robots\" content=\"index, follow, max-snippet:-1, max-image-preview:large, max-video-preview:-1\" \/>\n<link rel=\"canonical\" href=\"https:\/\/www.lapurla.ch\/fr\/recompences-lapurla\" \/>\n<meta property=\"og:locale\" content=\"fr_FR\" \/>\n<meta property=\"og:type\" content=\"article\" \/>\n<meta property=\"og:title\" content=\"R\u00e9compenses &#8211; Lapurla\" \/>\n<meta property=\"og:description\" content=\"R\u00e9compences - Lapurla\" \/>\n<meta property=\"og:url\" content=\"https:\/\/www.lapurla.ch\/fr\/recompences-lapurla\" \/>\n<meta property=\"og:site_name\" content=\"Lapurla\" \/>\n<meta property=\"article:modified_time\" content=\"2025-06-26T22:30:06+00:00\" \/>\n<meta property=\"og:image\" content=\"https:\/\/www.lapurla.ch\/wp-content\/uploads\/2025\/05\/LapurlaIconAuszeichnungen-1024x576.jpg\" \/>\n<meta name=\"twitter:card\" content=\"summary_large_image\" \/>\n<meta name=\"twitter:label1\" content=\"Dur\u00e9e de lecture estim\u00e9e\" \/>\n\t<meta name=\"twitter:data1\" content=\"1 minute\" \/>\n<script type=\"application\/ld+json\" class=\"yoast-schema-graph\">{\"@context\":\"https:\/\/schema.org\",\"@graph\":[{\"@type\":\"WebPage\",\"@id\":\"https:\/\/www.lapurla.ch\/fr\/recompences-lapurla\",\"url\":\"https:\/\/www.lapurla.ch\/fr\/recompences-lapurla\",\"name\":\"R\u00e9compenses &#8211; Lapurla\",\"isPartOf\":{\"@id\":\"https:\/\/www.lapurla.ch\/#website\"},\"primaryImageOfPage\":{\"@id\":\"https:\/\/www.lapurla.ch\/fr\/recompences-lapurla#primaryimage\"},\"image\":{\"@id\":\"https:\/\/www.lapurla.ch\/fr\/recompences-lapurla#primaryimage\"},\"thumbnailUrl\":\"https:\/\/www.lapurla.ch\/wp-content\/uploads\/2025\/05\/LapurlaIconAuszeichnungen-1024x576.jpg\",\"datePublished\":\"2025-05-08T11:22:09+00:00\",\"dateModified\":\"2025-06-26T22:30:06+00:00\",\"description\":\"R\u00e9compences - Lapurla\",\"breadcrumb\":{\"@id\":\"https:\/\/www.lapurla.ch\/fr\/recompences-lapurla#breadcrumb\"},\"inLanguage\":\"fr-FR\",\"potentialAction\":[{\"@type\":\"ReadAction\",\"target\":[\"https:\/\/www.lapurla.ch\/fr\/recompences-lapurla\"]}]},{\"@type\":\"ImageObject\",\"inLanguage\":\"fr-FR\",\"@id\":\"https:\/\/www.lapurla.ch\/fr\/recompences-lapurla#primaryimage\",\"url\":\"https:\/\/www.lapurla.ch\/wp-content\/uploads\/2025\/05\/LapurlaIconAuszeichnungen-1024x576.jpg\",\"contentUrl\":\"https:\/\/www.lapurla.ch\/wp-content\/uploads\/2025\/05\/LapurlaIconAuszeichnungen-1024x576.jpg\"},{\"@type\":\"BreadcrumbList\",\"@id\":\"https:\/\/www.lapurla.ch\/fr\/recompences-lapurla#breadcrumb\",\"itemListElement\":[{\"@type\":\"ListItem\",\"position\":1,\"name\":\"Startseite\",\"item\":\"https:\/\/www.lapurla.ch\/fr\"},{\"@type\":\"ListItem\",\"position\":2,\"name\":\"R\u00e9compenses\"}]},{\"@type\":\"WebSite\",\"@id\":\"https:\/\/www.lapurla.ch\/#website\",\"url\":\"https:\/\/www.lapurla.ch\/\",\"name\":\"Lapurla\",\"description\":\"\",\"publisher\":{\"@id\":\"https:\/\/www.lapurla.ch\/#organization\"},\"potentialAction\":[{\"@type\":\"SearchAction\",\"target\":{\"@type\":\"EntryPoint\",\"urlTemplate\":\"https:\/\/www.lapurla.ch\/?s={search_term_string}\"},\"query-input\":{\"@type\":\"PropertyValueSpecification\",\"valueRequired\":true,\"valueName\":\"search_term_string\"}}],\"inLanguage\":\"fr-FR\"},{\"@type\":\"Organization\",\"@id\":\"https:\/\/www.lapurla.ch\/#organization\",\"name\":\"Lapurla\",\"url\":\"https:\/\/www.lapurla.ch\/\",\"logo\":{\"@type\":\"ImageObject\",\"inLanguage\":\"fr-FR\",\"@id\":\"https:\/\/www.lapurla.ch\/#\/schema\/logo\/image\/\",\"url\":\"https:\/\/www.lapurla.ch\/wp-content\/uploads\/2022\/03\/cropped-favicon.png\",\"contentUrl\":\"https:\/\/www.lapurla.ch\/wp-content\/uploads\/2022\/03\/cropped-favicon.png\",\"width\":512,\"height\":512,\"caption\":\"Lapurla\"},\"image\":{\"@id\":\"https:\/\/www.lapurla.ch\/#\/schema\/logo\/image\/\"}}]}<\/script>\n<!-- \/ Yoast SEO plugin. -->","yoast_head_json":{"title":"R\u00e9compenses &#8211; Lapurla","description":"R\u00e9compences - Lapurla","robots":{"index":"index","follow":"follow","max-snippet":"max-snippet:-1","max-image-preview":"max-image-preview:large","max-video-preview":"max-video-preview:-1"},"canonical":"https:\/\/www.lapurla.ch\/fr\/recompences-lapurla","og_locale":"fr_FR","og_type":"article","og_title":"R\u00e9compenses &#8211; Lapurla","og_description":"R\u00e9compences - Lapurla","og_url":"https:\/\/www.lapurla.ch\/fr\/recompences-lapurla","og_site_name":"Lapurla","article_modified_time":"2025-06-26T22:30:06+00:00","og_image":[{"url":"https:\/\/www.lapurla.ch\/wp-content\/uploads\/2025\/05\/LapurlaIconAuszeichnungen-1024x576.jpg","type":"","width":"","height":""}],"twitter_card":"summary_large_image","twitter_misc":{"Dur\u00e9e de lecture estim\u00e9e":"1 minute"},"schema":{"@context":"https:\/\/schema.org","@graph":[{"@type":"WebPage","@id":"https:\/\/www.lapurla.ch\/fr\/recompences-lapurla","url":"https:\/\/www.lapurla.ch\/fr\/recompences-lapurla","name":"R\u00e9compenses &#8211; Lapurla","isPartOf":{"@id":"https:\/\/www.lapurla.ch\/#website"},"primaryImageOfPage":{"@id":"https:\/\/www.lapurla.ch\/fr\/recompences-lapurla#primaryimage"},"image":{"@id":"https:\/\/www.lapurla.ch\/fr\/recompences-lapurla#primaryimage"},"thumbnailUrl":"https:\/\/www.lapurla.ch\/wp-content\/uploads\/2025\/05\/LapurlaIconAuszeichnungen-1024x576.jpg","datePublished":"2025-05-08T11:22:09+00:00","dateModified":"2025-06-26T22:30:06+00:00","description":"R\u00e9compences - Lapurla","breadcrumb":{"@id":"https:\/\/www.lapurla.ch\/fr\/recompences-lapurla#breadcrumb"},"inLanguage":"fr-FR","potentialAction":[{"@type":"ReadAction","target":["https:\/\/www.lapurla.ch\/fr\/recompences-lapurla"]}]},{"@type":"ImageObject","inLanguage":"fr-FR","@id":"https:\/\/www.lapurla.ch\/fr\/recompences-lapurla#primaryimage","url":"https:\/\/www.lapurla.ch\/wp-content\/uploads\/2025\/05\/LapurlaIconAuszeichnungen-1024x576.jpg","contentUrl":"https:\/\/www.lapurla.ch\/wp-content\/uploads\/2025\/05\/LapurlaIconAuszeichnungen-1024x576.jpg"},{"@type":"BreadcrumbList","@id":"https:\/\/www.lapurla.ch\/fr\/recompences-lapurla#breadcrumb","itemListElement":[{"@type":"ListItem","position":1,"name":"Startseite","item":"https:\/\/www.lapurla.ch\/fr"},{"@type":"ListItem","position":2,"name":"R\u00e9compenses"}]},{"@type":"WebSite","@id":"https:\/\/www.lapurla.ch\/#website","url":"https:\/\/www.lapurla.ch\/","name":"Lapurla","description":"","publisher":{"@id":"https:\/\/www.lapurla.ch\/#organization"},"potentialAction":[{"@type":"SearchAction","target":{"@type":"EntryPoint","urlTemplate":"https:\/\/www.lapurla.ch\/?s={search_term_string}"},"query-input":{"@type":"PropertyValueSpecification","valueRequired":true,"valueName":"search_term_string"}}],"inLanguage":"fr-FR"},{"@type":"Organization","@id":"https:\/\/www.lapurla.ch\/#organization","name":"Lapurla","url":"https:\/\/www.lapurla.ch\/","logo":{"@type":"ImageObject","inLanguage":"fr-FR","@id":"https:\/\/www.lapurla.ch\/#\/schema\/logo\/image\/","url":"https:\/\/www.lapurla.ch\/wp-content\/uploads\/2022\/03\/cropped-favicon.png","contentUrl":"https:\/\/www.lapurla.ch\/wp-content\/uploads\/2022\/03\/cropped-favicon.png","width":512,"height":512,"caption":"Lapurla"},"image":{"@id":"https:\/\/www.lapurla.ch\/#\/schema\/logo\/image\/"}}]}},"_links":{"self":[{"href":"https:\/\/www.lapurla.ch\/fr\/wp-json\/wp\/v2\/pages\/28807","targetHints":{"allow":["GET"]}}],"collection":[{"href":"https:\/\/www.lapurla.ch\/fr\/wp-json\/wp\/v2\/pages"}],"about":[{"href":"https:\/\/www.lapurla.ch\/fr\/wp-json\/wp\/v2\/types\/page"}],"author":[{"embeddable":true,"href":"https:\/\/www.lapurla.ch\/fr\/wp-json\/wp\/v2\/users\/5"}],"replies":[{"embeddable":true,"href":"https:\/\/www.lapurla.ch\/fr\/wp-json\/wp\/v2\/comments?post=28807"}],"version-history":[{"count":4,"href":"https:\/\/www.lapurla.ch\/fr\/wp-json\/wp\/v2\/pages\/28807\/revisions"}],"predecessor-version":[{"id":28816,"href":"https:\/\/www.lapurla.ch\/fr\/wp-json\/wp\/v2\/pages\/28807\/revisions\/28816"}],"wp:attachment":[{"href":"https:\/\/www.lapurla.ch\/fr\/wp-json\/wp\/v2\/media?parent=28807"}],"curies":[{"name":"wp","href":"https:\/\/api.w.org\/{rel}","templated":true}]}}