{"id":10030,"date":"2022-05-17T20:03:57","date_gmt":"2022-05-17T18:03:57","guid":{"rendered":"https:\/\/lapurla.ch\/weiterbildung\/"},"modified":"2022-09-08T22:06:16","modified_gmt":"2022-09-08T20:06:16","slug":"weiterbildung","status":"publish","type":"page","link":"https:\/\/www.lapurla.ch\/fr\/weiterbildung","title":{"rendered":"Formation continue"},"content":{"rendered":"\n<div id=\"lead-text-block_62b34d377cad8\" class=\"mod-lead-text\">\n\t        <div class=\"row\">\n            <div class=\"col-12\">\n\t\t\t\t                <div class=\"lead-text\">\n\t\t\t\t\t<p>Pour pouvoir garantir des offres de qualit\u00e9 dans le domaine de l\u2019\u00e9veil esth\u00e9tique et de la participation culturelle favorisant la cr\u00e9ativit\u00e9 d\u00e8s la petite enfance, il faut des formations et des formations continues permettant de qualifier les sp\u00e9cialistes de la petite enfance, les m\u00e9diatrices et m\u00e9diateurs culturel-les et les artistes.<\/p>\n                <\/div>\n            <\/div>\n        <\/div>\n\t<\/div>\n\n\n<figure class=\"wp-block-image size-large\"><img loading=\"lazy\" decoding=\"async\" width=\"1024\" height=\"464\" src=\"https:\/\/lapurla.ch\/wp-content\/uploads\/2022\/06\/2WBVermittlungCAS-Kulturelle-Bildung-im-Elementarbereich-1024x464.jpg\" alt=\"\" class=\"wp-image-2211\" srcset=\"https:\/\/www.lapurla.ch\/wp-content\/uploads\/2022\/06\/2WBVermittlungCAS-Kulturelle-Bildung-im-Elementarbereich-1024x464.jpg 1024w, https:\/\/www.lapurla.ch\/wp-content\/uploads\/2022\/06\/2WBVermittlungCAS-Kulturelle-Bildung-im-Elementarbereich-300x136.jpg 300w, https:\/\/www.lapurla.ch\/wp-content\/uploads\/2022\/06\/2WBVermittlungCAS-Kulturelle-Bildung-im-Elementarbereich-768x348.jpg 768w, https:\/\/www.lapurla.ch\/wp-content\/uploads\/2022\/06\/2WBVermittlungCAS-Kulturelle-Bildung-im-Elementarbereich-1536x696.jpg 1536w, https:\/\/www.lapurla.ch\/wp-content\/uploads\/2022\/06\/2WBVermittlungCAS-Kulturelle-Bildung-im-Elementarbereich-2048x928.jpg 2048w\" sizes=\"auto, (max-width: 1024px) 100vw, 1024px\" \/><\/figure>\n\n\n\n<hr class=\"wp-block-separator has-alpha-channel-opacity\"\/>\n\n\n\n<blockquote class=\"wp-block-quote is-layout-flow wp-block-quote-is-layout-flow\"><p>\u00abLe changement n\u00e9cessite de nouvelles impulsions dans la formation initiale et continue.\u00bb<\/p><cite>Carolin Fedier | Responsable du service M\u00e9diation culturelle, Office de la culture Berne<\/cite><\/blockquote>\n\n\n\n<hr class=\"wp-block-separator has-alpha-channel-opacity\"\/>\n\n\n\n<h2 class=\"wp-block-heading\" id=\"CAS-Kulturelle-Bild\">CAS Formation culturelle<\/h2>\n\n\n\n<p>Le <a href=\"https:\/\/lapurla.ch\/fr\/cas-kulturelle-bildung\/\" data-type=\"page\" data-id=\"9953\">CAS en cours d\u2019emploi \u00ab\u00c9ducation culturelle \u2013 Permettre la cr\u00e9ativit\u00e9 d\u00e8s la petite enfance\u00bb<\/a> existe depuis 2013 en Suisse et est unique en son genre. Un v\u00e9ritable succ\u00e8s de par le groupe cible auquel elle s\u2019adresse et son large impact. Il permet en effet de r\u00e9unir des sp\u00e9cialistes issu-es des domaines de l\u2019enseignement, de la petite enfance, de l\u2019art et de la culture, de l\u2019\u00e9ducation et de l\u2019enseignement sp\u00e9cialis\u00e9 ainsi que de la culture sociale et de les former pour des projets communs ax\u00e9s sur l\u2019\u00e9veil esth\u00e9tique et la participation culturelle d\u00e8s la petite enfance. Le programme d\u2019\u00e9tudes de cette formation continue est int\u00e9gr\u00e9 \u00e0 l\u2019initiative nationale Lapurla.<\/p>\n\n\n\n<blockquote class=\"wp-block-quote is-layout-flow wp-block-quote-is-layout-flow\"><p>\u00abLe CAS \u00c9ducation culturelle m\u2019a permis de red\u00e9couvrir le plaisir de laisser ma cr\u00e9ativit\u00e9 s\u2019exprimer. En outre, gr\u00e2ce \u00e0 la mise en r\u00e9seau des participant-es et aux multiples impulsions donn\u00e9es par les cours, j\u2019ai pu emporter avec moi de nombreuses id\u00e9es utiles pour le travail cr\u00e9atif avec les enfants et leurs familles.\u00bb<\/p><cite>Laura Bauer, responsable de l\u2019atelier pour enfants de Horgen, dipl\u00f4m\u00e9e en 2022<\/cite><\/blockquote>\n\n\n\n<div id=\"button-block_62d9bd63394da\" class=\"mod-button\">\n\t        <div class=\"block-button\">\n\t\t\t                <a href=\"https:\/\/lapurla.ch\/fr\/cas-kulturelle-bildung\/\" title=\"CAS Kulturelle Bildung (allemand)\" target=\"\" class=\"block-button__link\">\n\t\t\t\t\tAper\u00e7u de la formation continue                <\/a>\n\t\t\t        <\/div>\n\t<\/div>\n\n\n\n<hr class=\"wp-block-separator has-alpha-channel-opacity\"\/>\n\n\n\n<h2 class=\"Weitere Weiterbildungen wp-block-heading\" id=\"Weitere-Weiterbildungsangebote\">Autres offres de formation continue<\/h2>\n\n\n\n<p>Vous trouverez ici d\u2019autres formations continues qui sensibilisent les professionnel-les aux th\u00e8mes chers \u00e0 Lapurla et que nous recommandons du point de vue de la petite enfance, de la culture, de l\u2019\u00e9veil esth\u00e9tique, de la participation culturelle et de la co-construction. Ces derni\u00e8res sont en cours d\u2019\u00e9laboration.<\/p>\n\n\n\n<div style=\"height:50px\" aria-hidden=\"true\" class=\"wp-block-spacer\"><\/div>\n\n\n\n<div id=\"button-block_62ba1b701fbc7\" class=\"mod-button\">\n\t        <div class=\"block-button\">\n\t\t\t                <a href=\"https:\/\/lapurla.ch\/fr\/events\/\" title=\"Prochains \u00e9v\u00e8nements\" target=\"\" class=\"block-button__link\">\n\t\t\t\t\tProchains \u00e9v\u00e8nements                <\/a>\n\t\t\t        <\/div>\n\t<\/div>\n","protected":false},"excerpt":{"rendered":"<p>\u00abLe changement n\u00e9cessite de nouvelles impulsions dans la formation initiale et continue.\u00bb Carolin Fedier | Responsable du service M\u00e9diation culturelle, Office de la culture Berne CAS Formation culturelle Le CAS en cours d\u2019emploi \u00ab\u00c9ducation culturelle \u2013 Permettre la cr\u00e9ativit\u00e9 d\u00e8s la petite enfance\u00bb existe depuis 2013 en Suisse et est unique en son genre. Un [&hellip;]<\/p>\n","protected":false},"author":5,"featured_media":0,"parent":0,"menu_order":0,"comment_status":"closed","ping_status":"closed","template":"","meta":{"_acf_changed":false,"latitude":"","longitude":"","kurzbeschreibung":"","datum_von":"","footnotes":""},"class_list":["post-10030","page","type-page","status-publish","hentry"],"acf":[],"yoast_head":"<!-- This site is optimized with the Yoast SEO plugin v27.2 - https:\/\/yoast.com\/product\/yoast-seo-wordpress\/ -->\n<title>Formation continue &#8211; Lapurla<\/title>\n<meta name=\"robots\" content=\"index, follow, max-snippet:-1, max-image-preview:large, max-video-preview:-1\" \/>\n<link rel=\"canonical\" href=\"https:\/\/www.lapurla.ch\/fr\/weiterbildung\" \/>\n<meta property=\"og:locale\" content=\"fr_FR\" \/>\n<meta property=\"og:type\" content=\"article\" \/>\n<meta property=\"og:title\" content=\"Formation continue &#8211; Lapurla\" \/>\n<meta property=\"og:description\" content=\"\u00abLe changement n\u00e9cessite de nouvelles impulsions dans la formation initiale et continue.\u00bb Carolin Fedier | Responsable du service M\u00e9diation culturelle, Office de la culture Berne CAS Formation culturelle Le CAS en cours d\u2019emploi \u00ab\u00c9ducation culturelle \u2013 Permettre la cr\u00e9ativit\u00e9 d\u00e8s la petite enfance\u00bb existe depuis 2013 en Suisse et est unique en son genre. Un [&hellip;]\" \/>\n<meta property=\"og:url\" content=\"https:\/\/www.lapurla.ch\/fr\/weiterbildung\" \/>\n<meta property=\"og:site_name\" content=\"Lapurla\" \/>\n<meta property=\"article:modified_time\" content=\"2022-09-08T20:06:16+00:00\" \/>\n<meta property=\"og:image\" content=\"https:\/\/lapurla.ch\/wp-content\/uploads\/2022\/06\/2WBVermittlungCAS-Kulturelle-Bildung-im-Elementarbereich-1024x464.jpg\" \/>\n<meta name=\"twitter:card\" content=\"summary_large_image\" \/>\n<meta name=\"twitter:label1\" content=\"Dur\u00e9e de lecture estim\u00e9e\" \/>\n\t<meta name=\"twitter:data1\" content=\"1 minute\" \/>\n<script type=\"application\/ld+json\" class=\"yoast-schema-graph\">{\"@context\":\"https:\/\/schema.org\",\"@graph\":[{\"@type\":\"WebPage\",\"@id\":\"https:\/\/www.lapurla.ch\/fr\/weiterbildung\",\"url\":\"https:\/\/www.lapurla.ch\/fr\/weiterbildung\",\"name\":\"Formation continue &#8211; Lapurla\",\"isPartOf\":{\"@id\":\"https:\/\/www.lapurla.ch\/#website\"},\"primaryImageOfPage\":{\"@id\":\"https:\/\/www.lapurla.ch\/fr\/weiterbildung#primaryimage\"},\"image\":{\"@id\":\"https:\/\/www.lapurla.ch\/fr\/weiterbildung#primaryimage\"},\"thumbnailUrl\":\"https:\/\/lapurla.ch\/wp-content\/uploads\/2022\/06\/2WBVermittlungCAS-Kulturelle-Bildung-im-Elementarbereich-1024x464.jpg\",\"datePublished\":\"2022-05-17T18:03:57+00:00\",\"dateModified\":\"2022-09-08T20:06:16+00:00\",\"breadcrumb\":{\"@id\":\"https:\/\/www.lapurla.ch\/fr\/weiterbildung#breadcrumb\"},\"inLanguage\":\"fr-FR\",\"potentialAction\":[{\"@type\":\"ReadAction\",\"target\":[\"https:\/\/www.lapurla.ch\/fr\/weiterbildung\"]}]},{\"@type\":\"ImageObject\",\"inLanguage\":\"fr-FR\",\"@id\":\"https:\/\/www.lapurla.ch\/fr\/weiterbildung#primaryimage\",\"url\":\"https:\/\/lapurla.ch\/wp-content\/uploads\/2022\/06\/2WBVermittlungCAS-Kulturelle-Bildung-im-Elementarbereich-1024x464.jpg\",\"contentUrl\":\"https:\/\/lapurla.ch\/wp-content\/uploads\/2022\/06\/2WBVermittlungCAS-Kulturelle-Bildung-im-Elementarbereich-1024x464.jpg\"},{\"@type\":\"BreadcrumbList\",\"@id\":\"https:\/\/www.lapurla.ch\/fr\/weiterbildung#breadcrumb\",\"itemListElement\":[{\"@type\":\"ListItem\",\"position\":1,\"name\":\"Startseite\",\"item\":\"https:\/\/www.lapurla.ch\/fr\"},{\"@type\":\"ListItem\",\"position\":2,\"name\":\"Formation continue\"}]},{\"@type\":\"WebSite\",\"@id\":\"https:\/\/www.lapurla.ch\/#website\",\"url\":\"https:\/\/www.lapurla.ch\/\",\"name\":\"Lapurla\",\"description\":\"\",\"publisher\":{\"@id\":\"https:\/\/www.lapurla.ch\/#organization\"},\"potentialAction\":[{\"@type\":\"SearchAction\",\"target\":{\"@type\":\"EntryPoint\",\"urlTemplate\":\"https:\/\/www.lapurla.ch\/?s={search_term_string}\"},\"query-input\":{\"@type\":\"PropertyValueSpecification\",\"valueRequired\":true,\"valueName\":\"search_term_string\"}}],\"inLanguage\":\"fr-FR\"},{\"@type\":\"Organization\",\"@id\":\"https:\/\/www.lapurla.ch\/#organization\",\"name\":\"Lapurla\",\"url\":\"https:\/\/www.lapurla.ch\/\",\"logo\":{\"@type\":\"ImageObject\",\"inLanguage\":\"fr-FR\",\"@id\":\"https:\/\/www.lapurla.ch\/#\/schema\/logo\/image\/\",\"url\":\"https:\/\/www.lapurla.ch\/wp-content\/uploads\/2022\/03\/cropped-favicon.png\",\"contentUrl\":\"https:\/\/www.lapurla.ch\/wp-content\/uploads\/2022\/03\/cropped-favicon.png\",\"width\":512,\"height\":512,\"caption\":\"Lapurla\"},\"image\":{\"@id\":\"https:\/\/www.lapurla.ch\/#\/schema\/logo\/image\/\"}}]}<\/script>\n<!-- \/ Yoast SEO plugin. -->","yoast_head_json":{"title":"Formation continue &#8211; Lapurla","robots":{"index":"index","follow":"follow","max-snippet":"max-snippet:-1","max-image-preview":"max-image-preview:large","max-video-preview":"max-video-preview:-1"},"canonical":"https:\/\/www.lapurla.ch\/fr\/weiterbildung","og_locale":"fr_FR","og_type":"article","og_title":"Formation continue &#8211; Lapurla","og_description":"\u00abLe changement n\u00e9cessite de nouvelles impulsions dans la formation initiale et continue.\u00bb Carolin Fedier | Responsable du service M\u00e9diation culturelle, Office de la culture Berne CAS Formation culturelle Le CAS en cours d\u2019emploi \u00ab\u00c9ducation culturelle \u2013 Permettre la cr\u00e9ativit\u00e9 d\u00e8s la petite enfance\u00bb existe depuis 2013 en Suisse et est unique en son genre. Un [&hellip;]","og_url":"https:\/\/www.lapurla.ch\/fr\/weiterbildung","og_site_name":"Lapurla","article_modified_time":"2022-09-08T20:06:16+00:00","og_image":[{"url":"https:\/\/lapurla.ch\/wp-content\/uploads\/2022\/06\/2WBVermittlungCAS-Kulturelle-Bildung-im-Elementarbereich-1024x464.jpg","type":"","width":"","height":""}],"twitter_card":"summary_large_image","twitter_misc":{"Dur\u00e9e de lecture estim\u00e9e":"1 minute"},"schema":{"@context":"https:\/\/schema.org","@graph":[{"@type":"WebPage","@id":"https:\/\/www.lapurla.ch\/fr\/weiterbildung","url":"https:\/\/www.lapurla.ch\/fr\/weiterbildung","name":"Formation continue &#8211; Lapurla","isPartOf":{"@id":"https:\/\/www.lapurla.ch\/#website"},"primaryImageOfPage":{"@id":"https:\/\/www.lapurla.ch\/fr\/weiterbildung#primaryimage"},"image":{"@id":"https:\/\/www.lapurla.ch\/fr\/weiterbildung#primaryimage"},"thumbnailUrl":"https:\/\/lapurla.ch\/wp-content\/uploads\/2022\/06\/2WBVermittlungCAS-Kulturelle-Bildung-im-Elementarbereich-1024x464.jpg","datePublished":"2022-05-17T18:03:57+00:00","dateModified":"2022-09-08T20:06:16+00:00","breadcrumb":{"@id":"https:\/\/www.lapurla.ch\/fr\/weiterbildung#breadcrumb"},"inLanguage":"fr-FR","potentialAction":[{"@type":"ReadAction","target":["https:\/\/www.lapurla.ch\/fr\/weiterbildung"]}]},{"@type":"ImageObject","inLanguage":"fr-FR","@id":"https:\/\/www.lapurla.ch\/fr\/weiterbildung#primaryimage","url":"https:\/\/lapurla.ch\/wp-content\/uploads\/2022\/06\/2WBVermittlungCAS-Kulturelle-Bildung-im-Elementarbereich-1024x464.jpg","contentUrl":"https:\/\/lapurla.ch\/wp-content\/uploads\/2022\/06\/2WBVermittlungCAS-Kulturelle-Bildung-im-Elementarbereich-1024x464.jpg"},{"@type":"BreadcrumbList","@id":"https:\/\/www.lapurla.ch\/fr\/weiterbildung#breadcrumb","itemListElement":[{"@type":"ListItem","position":1,"name":"Startseite","item":"https:\/\/www.lapurla.ch\/fr"},{"@type":"ListItem","position":2,"name":"Formation continue"}]},{"@type":"WebSite","@id":"https:\/\/www.lapurla.ch\/#website","url":"https:\/\/www.lapurla.ch\/","name":"Lapurla","description":"","publisher":{"@id":"https:\/\/www.lapurla.ch\/#organization"},"potentialAction":[{"@type":"SearchAction","target":{"@type":"EntryPoint","urlTemplate":"https:\/\/www.lapurla.ch\/?s={search_term_string}"},"query-input":{"@type":"PropertyValueSpecification","valueRequired":true,"valueName":"search_term_string"}}],"inLanguage":"fr-FR"},{"@type":"Organization","@id":"https:\/\/www.lapurla.ch\/#organization","name":"Lapurla","url":"https:\/\/www.lapurla.ch\/","logo":{"@type":"ImageObject","inLanguage":"fr-FR","@id":"https:\/\/www.lapurla.ch\/#\/schema\/logo\/image\/","url":"https:\/\/www.lapurla.ch\/wp-content\/uploads\/2022\/03\/cropped-favicon.png","contentUrl":"https:\/\/www.lapurla.ch\/wp-content\/uploads\/2022\/03\/cropped-favicon.png","width":512,"height":512,"caption":"Lapurla"},"image":{"@id":"https:\/\/www.lapurla.ch\/#\/schema\/logo\/image\/"}}]}},"_links":{"self":[{"href":"https:\/\/www.lapurla.ch\/fr\/wp-json\/wp\/v2\/pages\/10030","targetHints":{"allow":["GET"]}}],"collection":[{"href":"https:\/\/www.lapurla.ch\/fr\/wp-json\/wp\/v2\/pages"}],"about":[{"href":"https:\/\/www.lapurla.ch\/fr\/wp-json\/wp\/v2\/types\/page"}],"author":[{"embeddable":true,"href":"https:\/\/www.lapurla.ch\/fr\/wp-json\/wp\/v2\/users\/5"}],"replies":[{"embeddable":true,"href":"https:\/\/www.lapurla.ch\/fr\/wp-json\/wp\/v2\/comments?post=10030"}],"version-history":[{"count":6,"href":"https:\/\/www.lapurla.ch\/fr\/wp-json\/wp\/v2\/pages\/10030\/revisions"}],"predecessor-version":[{"id":11440,"href":"https:\/\/www.lapurla.ch\/fr\/wp-json\/wp\/v2\/pages\/10030\/revisions\/11440"}],"wp:attachment":[{"href":"https:\/\/www.lapurla.ch\/fr\/wp-json\/wp\/v2\/media?parent=10030"}],"curies":[{"name":"wp","href":"https:\/\/api.w.org\/{rel}","templated":true}]}}