{"id":10027,"date":"2022-05-17T18:41:05","date_gmt":"2022-05-17T16:41:05","guid":{"rendered":"https:\/\/lapurla.ch\/vision-und-ziele\/"},"modified":"2025-03-17T22:34:07","modified_gmt":"2025-03-17T21:34:07","slug":"vision-und-ziele","status":"publish","type":"page","link":"https:\/\/www.lapurla.ch\/fr\/vision-und-ziele","title":{"rendered":"Vision et objectifs"},"content":{"rendered":"\n<div id=\"lead-text-block_9d97c4b0c60369c697155c0c2a7e63ee\" class=\"mod-lead-text\">\n\t        <div class=\"row\">\n            <div class=\"col-12\">\n\t\t\t\t<h1 class=\"title\">Ce que Lapurla veut accomplir<\/h1>                <div class=\"lead-text\">\n\t\t\t\t\t                <\/div>\n            <\/div>\n        <\/div>\n\t<\/div>\n\n\n<p>Tout ce qui est entrepris dans le cadre de Lapurla tend vers le m\u00eame objectif fondamental: une soci\u00e9t\u00e9 o\u00f9 tous les enfants b\u00e9n\u00e9ficient de chances \u00e9gales. La participation culturelle et l\u2019\u00e9change sensoriel avec leur environnement doivent par ailleurs \u00eatre garantis aux enfants d\u00e8s la naissance<\/p>\n\n\n\n<figure class=\"wp-block-image size-large\"><img loading=\"lazy\" decoding=\"async\" width=\"1024\" height=\"770\" src=\"https:\/\/www.lapurla.ch\/wp-content\/uploads\/2022\/09\/Bildschirmfoto-2022-09-15-um-17.02.12-1024x770.png\" alt=\"\" class=\"wp-image-12351\" srcset=\"https:\/\/www.lapurla.ch\/wp-content\/uploads\/2022\/09\/Bildschirmfoto-2022-09-15-um-17.02.12-1024x770.png 1024w, https:\/\/www.lapurla.ch\/wp-content\/uploads\/2022\/09\/Bildschirmfoto-2022-09-15-um-17.02.12-300x226.png 300w, https:\/\/www.lapurla.ch\/wp-content\/uploads\/2022\/09\/Bildschirmfoto-2022-09-15-um-17.02.12-768x578.png 768w, https:\/\/www.lapurla.ch\/wp-content\/uploads\/2022\/09\/Bildschirmfoto-2022-09-15-um-17.02.12-1536x1155.png 1536w, https:\/\/www.lapurla.ch\/wp-content\/uploads\/2022\/09\/Bildschirmfoto-2022-09-15-um-17.02.12-2048x1540.png 2048w\" sizes=\"auto, (max-width: 1024px) 100vw, 1024px\" \/><figcaption class=\"wp-element-caption\">Vision &amp; objectifs Lapurla<\/figcaption><\/figure>\n\n\n\n<hr class=\"wp-block-separator has-alpha-channel-opacity\"\/>\n\n\n\n<h1 class=\"wp-block-heading\" id=\"Vision\">Vision<\/h1>\n\n\n\n<p>L\u2019initiative nationale Lapurla veut permettre aux enfants de 0&nbsp;\u00e0 4&nbsp;ans de b\u00e9n\u00e9ficier de conditions de d\u00e9veloppement optimales. Il est essentiel de prendre en compte que l\u2019\u00e9ducation des jeunes enfants repose enti\u00e8rement sur des exp\u00e9riences sensorielles. Les adultes qui les accompagnent sont donc appel\u00e9s \u00e0 leur proposer des stimuli sensoriels multiples. Cela peut se faire au quotidien, mais aussi de mani\u00e8re particuli\u00e8rement intensive dans des lieux culturels significatifs qui sont grandement propices \u00e0 l\u2019exploration. Mais l\u2019accompagnement des enfants dans leur curiosit\u00e9 n\u00e9cessite de disposer d\u2019assez de temps.<\/p>\n\n\n\n<p>Les parents et les personnes en charge de l\u2019encadrement des tout-petits ne sont cependant pas les seuls \u00e0 pouvoir contribuer \u00e0 leur \u00e9ducation et participation culturelles. La mise en place d\u2019un environnement propice \u00e0 la cr\u00e9ativit\u00e9 et \u00e0 la force cr\u00e9atrice des tout-petits devrait \u00eatre consid\u00e9r\u00e9e comme une t\u00e2che \u00e9vidente de la soci\u00e9t\u00e9. \u00c0 travers les <a href=\"https:\/\/lapurla.ch\/fr\/grundlagen\/\" data-type=\"page\" data-id=\"9978\">exp\u00e9riences esth\u00e9tiques<\/a>, les enfants renforcent leur capacit\u00e9 de perception, leurs comp\u00e9tences d\u2019expression, leur auto-efficacit\u00e9 et leur r\u00e9silience. Or l\u2019ensemble de la soci\u00e9t\u00e9 en profite: nous avons besoin de personnalit\u00e9s cr\u00e9atives et audacieuses pour trouver des r\u00e9ponses appropri\u00e9es aux d\u00e9fis soci\u00e9taux.<\/p>\n\n\n\n<hr class=\"wp-block-separator has-alpha-channel-opacity\"\/>\n\n\n\n<h1 class=\"wp-block-heading\" id=\"Ziele\">Objectifs<\/h1>\n\n\n\n<p>Tout ce qui est entrepris dans le cadre de Lapurla tend vers le m\u00eame objectif fondamental: une soci\u00e9t\u00e9 o\u00f9 tous les enfants b\u00e9n\u00e9ficient de chances \u00e9gales. La participation culturelle et l\u2019\u00e9change sensoriel avec leur environnement doivent par ailleurs \u00eatre garantis aux enfants d\u00e8s la naissance.<br><strong><br>C\u2019est pourquoi Lapurla s\u2019est fix\u00e9 les objectifs suivants \u00e0 moyen terme:<\/strong><\/p>\n\n\n\n<ul class=\"wp-block-list\">\n<li>Une palette vari\u00e9e d\u2019offres de qualit\u00e9, \u00e9labor\u00e9es avec soin et ax\u00e9es sur l\u2019\u00e9veil esth\u00e9tique et culturel des tout-petits existe dans toute la Suisse. Les parents connaissent l\u2019efficacit\u00e9 \u00e9ducative de ces offres et sont soutenus dans leur r\u00f4le d\u2019accompagnant-es par des professionnel-les.<br><\/li>\n<\/ul>\n\n\n\n<ul class=\"wp-block-list\">\n<li>La professionnalisation des actrices et acteurs de la culture et de la petite enfance est un \u00e9l\u00e9ment indispensable \u00e0 la qualit\u00e9 de l\u2019offre. Elle implique des <a href=\"https:\/\/www.hkb.bfh.ch\/de\/weiterbildung\/cas\/kulturelle-bildung\/\" target=\"_blank\" rel=\"noreferrer noopener\">possibilit\u00e9s de formation<\/a> et de formation continue de qualit\u00e9 pour l\u2019\u00e9veil esth\u00e9tique et culturel d\u00e8s la petite enfance. Ces offres sont \u00e9tablies sur l\u2019ensemble du territoire suisse et accessibles \u00e0 toutes les personnes sp\u00e9cialis\u00e9es dans les domaines de la petite enfance, de la m\u00e9diation artistique et culturelle, de la p\u00e9dagogie th\u00e9rapeutique et sp\u00e9cialis\u00e9e, du travail social, de la formation et de la sant\u00e9. Le changement de paradigme en mati\u00e8re d\u2019\u00e9ducation demand\u00e9 par Lapurla constitue la base de l\u2019approche souhait\u00e9e.<br><\/li>\n\n\n\n<li>L\u2019urgence de l\u2019\u00e9veil esth\u00e9tique et culturel des tout-petits est non seulement reconnue par les milieux sp\u00e9cialis\u00e9s, mais \u00e9galement par le monde politique suisse. Avec les services administratifs, ce dernier s\u2019engage en faveur d\u2019une politique de la petite enfance. Dans toutes les communes de Suisse qui consid\u00e8rent les offres \u00e9ducatives destin\u00e9es \u00e0 la petite enfance comme une responsabilit\u00e9 de la soci\u00e9t\u00e9, les offres d\u2019\u00e9veil esth\u00e9tique et culturel pour les tout-petits constituent une \u00e9vidence.<br><\/li>\n\n\n\n<li>Des conditions-cadres structurelles sont cr\u00e9\u00e9es pour garantir la participation culturelle \u00e0 tous les enfants, d\u00e8s la naissance. Les parents et les personnes charg\u00e9es de l\u2019encadrement des enfants ne suffisent pas \u00e0 \u00e9lever la prochaine g\u00e9n\u00e9ration, l\u2019ensemble de la soci\u00e9t\u00e9 est n\u00e9cessaire.<\/li>\n<\/ul>\n\n\n\n<p>Ces \u00e9tapes sont imp\u00e9ratives pour offrir aux plus jeunes des conditions optimales au d\u00e9veloppement de leur personnalit\u00e9. Comme soci\u00e9t\u00e9, nous renfor\u00e7ons ainsi les comp\u00e9tences de la g\u00e9n\u00e9ration future \u00e0 g\u00e9rer avec agilit\u00e9 les changements \u00e0 venir.<\/p>\n\n\n\n<figure class=\"wp-block-image size-large\"><img loading=\"lazy\" decoding=\"async\" width=\"1024\" height=\"726\" src=\"https:\/\/lapurla.ch\/wp-content\/uploads\/2022\/09\/Bildschirmfoto-2022-09-13-um-21.58.15-1024x726.png\" alt=\"\" class=\"wp-image-12247\" srcset=\"https:\/\/www.lapurla.ch\/wp-content\/uploads\/2022\/09\/Bildschirmfoto-2022-09-13-um-21.58.15-1024x726.png 1024w, https:\/\/www.lapurla.ch\/wp-content\/uploads\/2022\/09\/Bildschirmfoto-2022-09-13-um-21.58.15-300x213.png 300w, https:\/\/www.lapurla.ch\/wp-content\/uploads\/2022\/09\/Bildschirmfoto-2022-09-13-um-21.58.15-768x545.png 768w, https:\/\/www.lapurla.ch\/wp-content\/uploads\/2022\/09\/Bildschirmfoto-2022-09-13-um-21.58.15-1536x1090.png 1536w, https:\/\/www.lapurla.ch\/wp-content\/uploads\/2022\/09\/Bildschirmfoto-2022-09-13-um-21.58.15-2048x1453.png 2048w\" sizes=\"auto, (max-width: 1024px) 100vw, 1024px\" \/><\/figure>\n","protected":false},"excerpt":{"rendered":"<p>Tout ce qui est entrepris dans le cadre de Lapurla tend vers le m\u00eame objectif fondamental: une soci\u00e9t\u00e9 o\u00f9 tous les enfants b\u00e9n\u00e9ficient de chances \u00e9gales. La participation culturelle et l\u2019\u00e9change sensoriel avec leur environnement doivent par ailleurs \u00eatre garantis aux enfants d\u00e8s la naissance Vision L\u2019initiative nationale Lapurla veut permettre aux enfants de 0&nbsp;\u00e0 [&hellip;]<\/p>\n","protected":false},"author":5,"featured_media":0,"parent":0,"menu_order":0,"comment_status":"closed","ping_status":"closed","template":"","meta":{"_acf_changed":false,"latitude":"","longitude":"","kurzbeschreibung":"","datum_von":"","footnotes":""},"class_list":["post-10027","page","type-page","status-publish","hentry"],"acf":[],"yoast_head":"<!-- This site is optimized with the Yoast SEO plugin v27.2 - https:\/\/yoast.com\/product\/yoast-seo-wordpress\/ -->\n<title>Vision et objectifs &#8211; Lapurla<\/title>\n<meta name=\"robots\" content=\"index, follow, max-snippet:-1, max-image-preview:large, max-video-preview:-1\" \/>\n<link rel=\"canonical\" href=\"https:\/\/www.lapurla.ch\/fr\/vision-und-ziele\" \/>\n<meta property=\"og:locale\" content=\"fr_FR\" \/>\n<meta property=\"og:type\" content=\"article\" \/>\n<meta property=\"og:title\" content=\"Vision et objectifs &#8211; Lapurla\" \/>\n<meta property=\"og:description\" content=\"Tout ce qui est entrepris dans le cadre de Lapurla tend vers le m\u00eame objectif fondamental: une soci\u00e9t\u00e9 o\u00f9 tous les enfants b\u00e9n\u00e9ficient de chances \u00e9gales. La participation culturelle et l\u2019\u00e9change sensoriel avec leur environnement doivent par ailleurs \u00eatre garantis aux enfants d\u00e8s la naissance Vision L\u2019initiative nationale Lapurla veut permettre aux enfants de 0&nbsp;\u00e0 [&hellip;]\" \/>\n<meta property=\"og:url\" content=\"https:\/\/www.lapurla.ch\/fr\/vision-und-ziele\" \/>\n<meta property=\"og:site_name\" content=\"Lapurla\" \/>\n<meta property=\"article:modified_time\" content=\"2025-03-17T21:34:07+00:00\" \/>\n<meta property=\"og:image\" content=\"https:\/\/www.lapurla.ch\/wp-content\/uploads\/2022\/09\/Bildschirmfoto-2022-09-15-um-17.02.12.png\" \/>\n\t<meta property=\"og:image:width\" content=\"2388\" \/>\n\t<meta property=\"og:image:height\" content=\"1796\" \/>\n\t<meta property=\"og:image:type\" content=\"image\/png\" \/>\n<meta name=\"twitter:card\" content=\"summary_large_image\" \/>\n<meta name=\"twitter:label1\" content=\"Dur\u00e9e de lecture estim\u00e9e\" \/>\n\t<meta name=\"twitter:data1\" content=\"4 minutes\" \/>\n<script type=\"application\/ld+json\" class=\"yoast-schema-graph\">{\"@context\":\"https:\/\/schema.org\",\"@graph\":[{\"@type\":\"WebPage\",\"@id\":\"https:\/\/www.lapurla.ch\/fr\/vision-und-ziele\",\"url\":\"https:\/\/www.lapurla.ch\/fr\/vision-und-ziele\",\"name\":\"Vision et objectifs &#8211; Lapurla\",\"isPartOf\":{\"@id\":\"https:\/\/www.lapurla.ch\/#website\"},\"primaryImageOfPage\":{\"@id\":\"https:\/\/www.lapurla.ch\/fr\/vision-und-ziele#primaryimage\"},\"image\":{\"@id\":\"https:\/\/www.lapurla.ch\/fr\/vision-und-ziele#primaryimage\"},\"thumbnailUrl\":\"https:\/\/www.lapurla.ch\/wp-content\/uploads\/2022\/09\/Bildschirmfoto-2022-09-15-um-17.02.12-1024x770.png\",\"datePublished\":\"2022-05-17T16:41:05+00:00\",\"dateModified\":\"2025-03-17T21:34:07+00:00\",\"breadcrumb\":{\"@id\":\"https:\/\/www.lapurla.ch\/fr\/vision-und-ziele#breadcrumb\"},\"inLanguage\":\"fr-FR\",\"potentialAction\":[{\"@type\":\"ReadAction\",\"target\":[\"https:\/\/www.lapurla.ch\/fr\/vision-und-ziele\"]}]},{\"@type\":\"ImageObject\",\"inLanguage\":\"fr-FR\",\"@id\":\"https:\/\/www.lapurla.ch\/fr\/vision-und-ziele#primaryimage\",\"url\":\"https:\/\/www.lapurla.ch\/wp-content\/uploads\/2022\/09\/Bildschirmfoto-2022-09-15-um-17.02.12-1024x770.png\",\"contentUrl\":\"https:\/\/www.lapurla.ch\/wp-content\/uploads\/2022\/09\/Bildschirmfoto-2022-09-15-um-17.02.12-1024x770.png\"},{\"@type\":\"BreadcrumbList\",\"@id\":\"https:\/\/www.lapurla.ch\/fr\/vision-und-ziele#breadcrumb\",\"itemListElement\":[{\"@type\":\"ListItem\",\"position\":1,\"name\":\"Startseite\",\"item\":\"https:\/\/www.lapurla.ch\/fr\"},{\"@type\":\"ListItem\",\"position\":2,\"name\":\"Vision et objectifs\"}]},{\"@type\":\"WebSite\",\"@id\":\"https:\/\/www.lapurla.ch\/#website\",\"url\":\"https:\/\/www.lapurla.ch\/\",\"name\":\"Lapurla\",\"description\":\"\",\"publisher\":{\"@id\":\"https:\/\/www.lapurla.ch\/#organization\"},\"potentialAction\":[{\"@type\":\"SearchAction\",\"target\":{\"@type\":\"EntryPoint\",\"urlTemplate\":\"https:\/\/www.lapurla.ch\/?s={search_term_string}\"},\"query-input\":{\"@type\":\"PropertyValueSpecification\",\"valueRequired\":true,\"valueName\":\"search_term_string\"}}],\"inLanguage\":\"fr-FR\"},{\"@type\":\"Organization\",\"@id\":\"https:\/\/www.lapurla.ch\/#organization\",\"name\":\"Lapurla\",\"url\":\"https:\/\/www.lapurla.ch\/\",\"logo\":{\"@type\":\"ImageObject\",\"inLanguage\":\"fr-FR\",\"@id\":\"https:\/\/www.lapurla.ch\/#\/schema\/logo\/image\/\",\"url\":\"https:\/\/www.lapurla.ch\/wp-content\/uploads\/2022\/03\/cropped-favicon.png\",\"contentUrl\":\"https:\/\/www.lapurla.ch\/wp-content\/uploads\/2022\/03\/cropped-favicon.png\",\"width\":512,\"height\":512,\"caption\":\"Lapurla\"},\"image\":{\"@id\":\"https:\/\/www.lapurla.ch\/#\/schema\/logo\/image\/\"}}]}<\/script>\n<!-- \/ Yoast SEO plugin. -->","yoast_head_json":{"title":"Vision et objectifs &#8211; Lapurla","robots":{"index":"index","follow":"follow","max-snippet":"max-snippet:-1","max-image-preview":"max-image-preview:large","max-video-preview":"max-video-preview:-1"},"canonical":"https:\/\/www.lapurla.ch\/fr\/vision-und-ziele","og_locale":"fr_FR","og_type":"article","og_title":"Vision et objectifs &#8211; Lapurla","og_description":"Tout ce qui est entrepris dans le cadre de Lapurla tend vers le m\u00eame objectif fondamental: une soci\u00e9t\u00e9 o\u00f9 tous les enfants b\u00e9n\u00e9ficient de chances \u00e9gales. La participation culturelle et l\u2019\u00e9change sensoriel avec leur environnement doivent par ailleurs \u00eatre garantis aux enfants d\u00e8s la naissance Vision L\u2019initiative nationale Lapurla veut permettre aux enfants de 0&nbsp;\u00e0 [&hellip;]","og_url":"https:\/\/www.lapurla.ch\/fr\/vision-und-ziele","og_site_name":"Lapurla","article_modified_time":"2025-03-17T21:34:07+00:00","og_image":[{"width":2388,"height":1796,"url":"https:\/\/www.lapurla.ch\/wp-content\/uploads\/2022\/09\/Bildschirmfoto-2022-09-15-um-17.02.12.png","type":"image\/png"}],"twitter_card":"summary_large_image","twitter_misc":{"Dur\u00e9e de lecture estim\u00e9e":"4 minutes"},"schema":{"@context":"https:\/\/schema.org","@graph":[{"@type":"WebPage","@id":"https:\/\/www.lapurla.ch\/fr\/vision-und-ziele","url":"https:\/\/www.lapurla.ch\/fr\/vision-und-ziele","name":"Vision et objectifs &#8211; Lapurla","isPartOf":{"@id":"https:\/\/www.lapurla.ch\/#website"},"primaryImageOfPage":{"@id":"https:\/\/www.lapurla.ch\/fr\/vision-und-ziele#primaryimage"},"image":{"@id":"https:\/\/www.lapurla.ch\/fr\/vision-und-ziele#primaryimage"},"thumbnailUrl":"https:\/\/www.lapurla.ch\/wp-content\/uploads\/2022\/09\/Bildschirmfoto-2022-09-15-um-17.02.12-1024x770.png","datePublished":"2022-05-17T16:41:05+00:00","dateModified":"2025-03-17T21:34:07+00:00","breadcrumb":{"@id":"https:\/\/www.lapurla.ch\/fr\/vision-und-ziele#breadcrumb"},"inLanguage":"fr-FR","potentialAction":[{"@type":"ReadAction","target":["https:\/\/www.lapurla.ch\/fr\/vision-und-ziele"]}]},{"@type":"ImageObject","inLanguage":"fr-FR","@id":"https:\/\/www.lapurla.ch\/fr\/vision-und-ziele#primaryimage","url":"https:\/\/www.lapurla.ch\/wp-content\/uploads\/2022\/09\/Bildschirmfoto-2022-09-15-um-17.02.12-1024x770.png","contentUrl":"https:\/\/www.lapurla.ch\/wp-content\/uploads\/2022\/09\/Bildschirmfoto-2022-09-15-um-17.02.12-1024x770.png"},{"@type":"BreadcrumbList","@id":"https:\/\/www.lapurla.ch\/fr\/vision-und-ziele#breadcrumb","itemListElement":[{"@type":"ListItem","position":1,"name":"Startseite","item":"https:\/\/www.lapurla.ch\/fr"},{"@type":"ListItem","position":2,"name":"Vision et objectifs"}]},{"@type":"WebSite","@id":"https:\/\/www.lapurla.ch\/#website","url":"https:\/\/www.lapurla.ch\/","name":"Lapurla","description":"","publisher":{"@id":"https:\/\/www.lapurla.ch\/#organization"},"potentialAction":[{"@type":"SearchAction","target":{"@type":"EntryPoint","urlTemplate":"https:\/\/www.lapurla.ch\/?s={search_term_string}"},"query-input":{"@type":"PropertyValueSpecification","valueRequired":true,"valueName":"search_term_string"}}],"inLanguage":"fr-FR"},{"@type":"Organization","@id":"https:\/\/www.lapurla.ch\/#organization","name":"Lapurla","url":"https:\/\/www.lapurla.ch\/","logo":{"@type":"ImageObject","inLanguage":"fr-FR","@id":"https:\/\/www.lapurla.ch\/#\/schema\/logo\/image\/","url":"https:\/\/www.lapurla.ch\/wp-content\/uploads\/2022\/03\/cropped-favicon.png","contentUrl":"https:\/\/www.lapurla.ch\/wp-content\/uploads\/2022\/03\/cropped-favicon.png","width":512,"height":512,"caption":"Lapurla"},"image":{"@id":"https:\/\/www.lapurla.ch\/#\/schema\/logo\/image\/"}}]}},"_links":{"self":[{"href":"https:\/\/www.lapurla.ch\/fr\/wp-json\/wp\/v2\/pages\/10027","targetHints":{"allow":["GET"]}}],"collection":[{"href":"https:\/\/www.lapurla.ch\/fr\/wp-json\/wp\/v2\/pages"}],"about":[{"href":"https:\/\/www.lapurla.ch\/fr\/wp-json\/wp\/v2\/types\/page"}],"author":[{"embeddable":true,"href":"https:\/\/www.lapurla.ch\/fr\/wp-json\/wp\/v2\/users\/5"}],"replies":[{"embeddable":true,"href":"https:\/\/www.lapurla.ch\/fr\/wp-json\/wp\/v2\/comments?post=10027"}],"version-history":[{"count":10,"href":"https:\/\/www.lapurla.ch\/fr\/wp-json\/wp\/v2\/pages\/10027\/revisions"}],"predecessor-version":[{"id":27847,"href":"https:\/\/www.lapurla.ch\/fr\/wp-json\/wp\/v2\/pages\/10027\/revisions\/27847"}],"wp:attachment":[{"href":"https:\/\/www.lapurla.ch\/fr\/wp-json\/wp\/v2\/media?parent=10027"}],"curies":[{"name":"wp","href":"https:\/\/api.w.org\/{rel}","templated":true}]}}