{"id":34264,"date":"2026-02-11T16:24:25","date_gmt":"2026-02-11T15:24:25","guid":{"rendered":"https:\/\/www.lapurla.ch\/?post_type=event&#038;p=34264"},"modified":"2026-03-10T10:25:09","modified_gmt":"2026-03-10T09:25:09","slug":"la-nature-et-vous-vivre-la-nature-avec-les-tout-petits-2","status":"publish","type":"event","link":"https:\/\/www.lapurla.ch\/fr\/event\/la-nature-et-vous-vivre-la-nature-avec-les-tout-petits-2","title":{"rendered":"La nature. Et vous ? Vivre la nature avec les tout-petits"},"content":{"rendered":"\n<p>Cette offre pour les jeunes enfants de 0 \u00e0 4 ans au Parc im Gr\u00fcene R\u00fcschlikon (Z\u00fcrich) a \u00e9t\u00e9 d\u00e9velopp\u00e9e par Lapurla sur mandat du Pour-cent culturel Migros.<\/p>\n\n\n\n<hr class=\"wp-block-separator has-alpha-channel-opacity\"\/>\n\n\n\n<h3 class=\"wp-block-heading\"><strong>Contexte &amp; objectifs<\/strong><\/h3>\n\n\n\n<p>La nature est un espace d&rsquo;exp\u00e9rience in\u00e9puisable. Sans jouets, sans instructions &#8211; et pourtant pleine d&rsquo;impulsions. Notre objectif est d&rsquo;offrir aux enfants un espace prot\u00e9g\u00e9 dans lequel ils peuvent approcher la nature avec tous leurs sens.<\/p>\n\n\n\n<p>D\u00e9j\u00e0 les plus petits peuvent : sentir les plantes, palper la mousse et l&rsquo;\u00e9corce, observer le vent dans les feuilles, creuser de petits trous dans la terre, ramasser des pierres, go\u00fbter les feuilles de pissenlit, \u00e9couter les bruits de la for\u00eat.<\/p>\n\n\n\n<hr class=\"wp-block-separator has-alpha-channel-opacity\"\/>\n\n\n\n<h3 class=\"wp-block-heading\"><strong>Focus &amp; th\u00e8mes<\/strong><\/h3>\n\n\n\n<p>Au d\u00e9but, une courte performance po\u00e9tique des m\u00e9diateurs* attire l&rsquo;attention sur l&rsquo;essentiel : le moment pr\u00e9sent et l&rsquo;environnement. Ensuite, nous invitons \u00e0 la d\u00e9couverte, \u00e0 la recherche et \u00e0 la cr\u00e9ation libres.<\/p>\n\n\n\n<p>Mosa\u00efque d&rsquo;objets naturels : regarder &#8211; collecter &#8211; agencer<br>Nous collectons des mat\u00e9riaux naturels et cr\u00e9ons ensemble de petites \u0153uvres d&rsquo;art \u00e0 partir d&rsquo;objets trouv\u00e9s : Mosa\u00efques de feuilles, de c\u00f4nes, d&rsquo;\u00e9corce et de pierres.<\/p>\n\n\n\n<p>Musique naturelle : \u00e9couter &#8211; collecter &#8211; jouer<br>Nous \u00e9coutons les bruits de la for\u00eat, construisons de petits \u00ab instruments \u00bb avec des mat\u00e9riaux naturels et faisons de la musique ensemble : un orchestre de pierres, un bruissement de feuilles, un tambour de sapins.<\/p>\n\n\n\n<hr class=\"wp-block-separator has-alpha-channel-opacity\"\/>\n\n\n\n<h3 class=\"wp-block-heading\" id=\"block-6029b7d6-f7ee-4ca9-80ec-1b5328a93448\"><strong>Principes&amp;Attitude <\/strong><\/h3>\n\n\n\n<p id=\"block-f1582f50-370a-458e-920d-172a5189b2d9\">\u00ab Nous accompagnons sans diriger \u00bb.<br>\u00ab Nous inspirons sans trop solliciter \u00bb.<br>\u00ab Nous cr\u00e9ons de l&rsquo;espace pour que les enfants puissent s&rsquo;\u00e9panouir &#8211; au rythme de la nature \u00bb.<\/p>\n\n\n\n<p id=\"block-f1582f50-370a-458e-920d-172a5189b2d9\"><\/p>\n\n\n\n<p id=\"block-f1582f50-370a-458e-920d-172a5189b2d9\">Ces principes &amp; cette attitude sont bas\u00e9s sur <a href=\"https:\/\/www.lapurla.ch\/fr\/fachpersonen\">les fondements d\u2019un changement de paradigme<\/a> en mati\u00e8re d\u2019\u00e9ducation de Lapurla, bas\u00e9 sur les droits de l&rsquo;enfant des Nations unies.<\/p>\n\n\n\n<hr class=\"wp-block-separator has-alpha-channel-opacity\"\/>\n\n\n\n<h3 class=\"wp-block-heading\"><strong>Conseils pour les parents<\/strong><\/h3>\n\n\n\n<p>Brochure <a href=\"https:\/\/www.lapurla.ch\/wp-content\/uploads\/2024\/08\/240327-LapurlaBroschuereFlowFR-digital.pdf\" target=\"_blank\" rel=\"noreferrer noopener\">\u00abLe FLOW rend les enfants fort-es\u00bb<\/a> (Lapurla 2024)<\/p>\n\n\n\n<p>Brochure <a href=\"https:\/\/www.lapurla.ch\/wp-content\/uploads\/2023\/01\/LapurlaPraxistoolFR-Digital.pdf\">\u00abVive la cr\u00e9ativit\u00e9 d\u00e8s le plus jeune \u00e2ge\u00bb <\/a>(Lapurla 2020)<\/p>\n\n\n\n<hr class=\"wp-block-separator has-alpha-channel-opacity\"\/>\n\n\n\n<p><\/p>\n","protected":false},"excerpt":{"rendered":"<p>Cette offre pour les jeunes enfants de 0 \u00e0 4 ans au Parc im Gr\u00fcene R\u00fcschlikon (Z\u00fcrich) a \u00e9t\u00e9 d\u00e9velopp\u00e9e par Lapurla sur mandat du Pour-cent culturel Migros. Contexte &amp; objectifs La nature est un espace d&rsquo;exp\u00e9rience in\u00e9puisable. Sans jouets, sans instructions &#8211; et pourtant pleine d&rsquo;impulsions. Notre objectif est d&rsquo;offrir aux enfants un espace [&hellip;]<\/p>\n","protected":false},"featured_media":30850,"template":"","meta":{"_acf_changed":false,"latitude":"","longitude":"","kurzbeschreibung":"Les enfants \u00e2g\u00e9s de 0 \u00e0 4 ans et leurs parents sont invit\u00e9s \u00e0 profiter du moment pr\u00e9sent et \u00e0 faire l'exp\u00e9rience de la nature. D\u00e9couvrir la nature avec curiosit\u00e9, ouverture d'esprit et tous les sens - sans t\u00e9l\u00e9phone portable ni vie quotidienne. \u00c9couter ce qui se passe. Ressentir les choses. Collecter. D\u00e9couvrir, faire des d\u00e9couvertes. S'\u00e9merveiller.","datum_von":"2026-06-11 09:30:00","footnotes":""},"kanton":[96],"event_category":[166],"class_list":["post-34264","event","type-event","status-publish","has-post-thumbnail","hentry","kanton-zuerich-fr","event_category-offres-pour-les-enfants"],"acf":[],"yoast_head":"<!-- This site is optimized with the Yoast SEO plugin v27.2 - https:\/\/yoast.com\/product\/yoast-seo-wordpress\/ -->\n<title>La nature. Et vous ? Vivre la nature avec les tout-petits &#8211; Lapurla<\/title>\n<meta name=\"description\" content=\"La nature. Et vous ? Vivre la nature avec les tout-petits\" \/>\n<meta name=\"robots\" content=\"index, follow, max-snippet:-1, max-image-preview:large, max-video-preview:-1\" \/>\n<link rel=\"canonical\" href=\"https:\/\/www.lapurla.ch\/fr\/event\/la-nature-et-vous-vivre-la-nature-avec-les-tout-petits-2\" \/>\n<meta property=\"og:locale\" content=\"fr_FR\" \/>\n<meta property=\"og:type\" content=\"article\" \/>\n<meta property=\"og:title\" content=\"La nature. Et vous ? Vivre la nature avec les tout-petits &#8211; Lapurla\" \/>\n<meta property=\"og:description\" content=\"La nature. Et vous ? Vivre la nature avec les tout-petits\" \/>\n<meta property=\"og:url\" content=\"https:\/\/www.lapurla.ch\/fr\/event\/la-nature-et-vous-vivre-la-nature-avec-les-tout-petits-2\" \/>\n<meta property=\"og:site_name\" content=\"Lapurla\" \/>\n<meta property=\"article:modified_time\" content=\"2026-03-10T09:25:09+00:00\" \/>\n<meta property=\"og:image\" content=\"https:\/\/www.lapurla.ch\/wp-content\/uploads\/2025\/09\/788F2815-8623-4E43-8CE1-9F5B7695F2BC1-1.jpeg\" \/>\n\t<meta property=\"og:image:width\" content=\"1170\" \/>\n\t<meta property=\"og:image:height\" content=\"2080\" \/>\n\t<meta property=\"og:image:type\" content=\"image\/jpeg\" \/>\n<meta name=\"twitter:card\" content=\"summary_large_image\" \/>\n<meta name=\"twitter:label1\" content=\"Dur\u00e9e de lecture estim\u00e9e\" \/>\n\t<meta name=\"twitter:data1\" content=\"2 minutes\" \/>\n<script type=\"application\/ld+json\" class=\"yoast-schema-graph\">{\"@context\":\"https:\/\/schema.org\",\"@graph\":[{\"@type\":\"WebPage\",\"@id\":\"https:\/\/www.lapurla.ch\/fr\/event\/la-nature-et-vous-vivre-la-nature-avec-les-tout-petits-2\",\"url\":\"https:\/\/www.lapurla.ch\/fr\/event\/la-nature-et-vous-vivre-la-nature-avec-les-tout-petits-2\",\"name\":\"La nature. Et vous ? Vivre la nature avec les tout-petits &#8211; Lapurla\",\"isPartOf\":{\"@id\":\"https:\/\/www.lapurla.ch\/#website\"},\"primaryImageOfPage\":{\"@id\":\"https:\/\/www.lapurla.ch\/fr\/event\/la-nature-et-vous-vivre-la-nature-avec-les-tout-petits-2#primaryimage\"},\"image\":{\"@id\":\"https:\/\/www.lapurla.ch\/fr\/event\/la-nature-et-vous-vivre-la-nature-avec-les-tout-petits-2#primaryimage\"},\"thumbnailUrl\":\"https:\/\/www.lapurla.ch\/wp-content\/uploads\/2025\/09\/788F2815-8623-4E43-8CE1-9F5B7695F2BC1-1.jpeg\",\"datePublished\":\"2026-02-11T15:24:25+00:00\",\"dateModified\":\"2026-03-10T09:25:09+00:00\",\"description\":\"La nature. Et vous ? Vivre la nature avec les tout-petits\",\"breadcrumb\":{\"@id\":\"https:\/\/www.lapurla.ch\/fr\/event\/la-nature-et-vous-vivre-la-nature-avec-les-tout-petits-2#breadcrumb\"},\"inLanguage\":\"fr-FR\",\"potentialAction\":[{\"@type\":\"ReadAction\",\"target\":[\"https:\/\/www.lapurla.ch\/fr\/event\/la-nature-et-vous-vivre-la-nature-avec-les-tout-petits-2\"]}]},{\"@type\":\"ImageObject\",\"inLanguage\":\"fr-FR\",\"@id\":\"https:\/\/www.lapurla.ch\/fr\/event\/la-nature-et-vous-vivre-la-nature-avec-les-tout-petits-2#primaryimage\",\"url\":\"https:\/\/www.lapurla.ch\/wp-content\/uploads\/2025\/09\/788F2815-8623-4E43-8CE1-9F5B7695F2BC1-1.jpeg\",\"contentUrl\":\"https:\/\/www.lapurla.ch\/wp-content\/uploads\/2025\/09\/788F2815-8623-4E43-8CE1-9F5B7695F2BC1-1.jpeg\",\"width\":1170,\"height\":2080,\"caption\":\"Foto: J.Bubenhofer\"},{\"@type\":\"BreadcrumbList\",\"@id\":\"https:\/\/www.lapurla.ch\/fr\/event\/la-nature-et-vous-vivre-la-nature-avec-les-tout-petits-2#breadcrumb\",\"itemListElement\":[{\"@type\":\"ListItem\",\"position\":1,\"name\":\"Startseite\",\"item\":\"https:\/\/www.lapurla.ch\/fr\"},{\"@type\":\"ListItem\",\"position\":2,\"name\":\"Events\",\"item\":\"https:\/\/www.lapurla.ch\/event\"},{\"@type\":\"ListItem\",\"position\":3,\"name\":\"La nature. Et vous ? Vivre la nature avec les tout-petits\"}]},{\"@type\":\"WebSite\",\"@id\":\"https:\/\/www.lapurla.ch\/#website\",\"url\":\"https:\/\/www.lapurla.ch\/\",\"name\":\"Lapurla\",\"description\":\"\",\"publisher\":{\"@id\":\"https:\/\/www.lapurla.ch\/#organization\"},\"potentialAction\":[{\"@type\":\"SearchAction\",\"target\":{\"@type\":\"EntryPoint\",\"urlTemplate\":\"https:\/\/www.lapurla.ch\/?s={search_term_string}\"},\"query-input\":{\"@type\":\"PropertyValueSpecification\",\"valueRequired\":true,\"valueName\":\"search_term_string\"}}],\"inLanguage\":\"fr-FR\"},{\"@type\":\"Organization\",\"@id\":\"https:\/\/www.lapurla.ch\/#organization\",\"name\":\"Lapurla\",\"url\":\"https:\/\/www.lapurla.ch\/\",\"logo\":{\"@type\":\"ImageObject\",\"inLanguage\":\"fr-FR\",\"@id\":\"https:\/\/www.lapurla.ch\/#\/schema\/logo\/image\/\",\"url\":\"https:\/\/www.lapurla.ch\/wp-content\/uploads\/2022\/03\/cropped-favicon.png\",\"contentUrl\":\"https:\/\/www.lapurla.ch\/wp-content\/uploads\/2022\/03\/cropped-favicon.png\",\"width\":512,\"height\":512,\"caption\":\"Lapurla\"},\"image\":{\"@id\":\"https:\/\/www.lapurla.ch\/#\/schema\/logo\/image\/\"}}]}<\/script>\n<!-- \/ Yoast SEO plugin. -->","yoast_head_json":{"title":"La nature. Et vous ? Vivre la nature avec les tout-petits &#8211; Lapurla","description":"La nature. Et vous ? Vivre la nature avec les tout-petits","robots":{"index":"index","follow":"follow","max-snippet":"max-snippet:-1","max-image-preview":"max-image-preview:large","max-video-preview":"max-video-preview:-1"},"canonical":"https:\/\/www.lapurla.ch\/fr\/event\/la-nature-et-vous-vivre-la-nature-avec-les-tout-petits-2","og_locale":"fr_FR","og_type":"article","og_title":"La nature. Et vous ? Vivre la nature avec les tout-petits &#8211; Lapurla","og_description":"La nature. Et vous ? Vivre la nature avec les tout-petits","og_url":"https:\/\/www.lapurla.ch\/fr\/event\/la-nature-et-vous-vivre-la-nature-avec-les-tout-petits-2","og_site_name":"Lapurla","article_modified_time":"2026-03-10T09:25:09+00:00","og_image":[{"width":1170,"height":2080,"url":"https:\/\/www.lapurla.ch\/wp-content\/uploads\/2025\/09\/788F2815-8623-4E43-8CE1-9F5B7695F2BC1-1.jpeg","type":"image\/jpeg"}],"twitter_card":"summary_large_image","twitter_misc":{"Dur\u00e9e de lecture estim\u00e9e":"2 minutes"},"schema":{"@context":"https:\/\/schema.org","@graph":[{"@type":"WebPage","@id":"https:\/\/www.lapurla.ch\/fr\/event\/la-nature-et-vous-vivre-la-nature-avec-les-tout-petits-2","url":"https:\/\/www.lapurla.ch\/fr\/event\/la-nature-et-vous-vivre-la-nature-avec-les-tout-petits-2","name":"La nature. Et vous ? Vivre la nature avec les tout-petits &#8211; Lapurla","isPartOf":{"@id":"https:\/\/www.lapurla.ch\/#website"},"primaryImageOfPage":{"@id":"https:\/\/www.lapurla.ch\/fr\/event\/la-nature-et-vous-vivre-la-nature-avec-les-tout-petits-2#primaryimage"},"image":{"@id":"https:\/\/www.lapurla.ch\/fr\/event\/la-nature-et-vous-vivre-la-nature-avec-les-tout-petits-2#primaryimage"},"thumbnailUrl":"https:\/\/www.lapurla.ch\/wp-content\/uploads\/2025\/09\/788F2815-8623-4E43-8CE1-9F5B7695F2BC1-1.jpeg","datePublished":"2026-02-11T15:24:25+00:00","dateModified":"2026-03-10T09:25:09+00:00","description":"La nature. Et vous ? Vivre la nature avec les tout-petits","breadcrumb":{"@id":"https:\/\/www.lapurla.ch\/fr\/event\/la-nature-et-vous-vivre-la-nature-avec-les-tout-petits-2#breadcrumb"},"inLanguage":"fr-FR","potentialAction":[{"@type":"ReadAction","target":["https:\/\/www.lapurla.ch\/fr\/event\/la-nature-et-vous-vivre-la-nature-avec-les-tout-petits-2"]}]},{"@type":"ImageObject","inLanguage":"fr-FR","@id":"https:\/\/www.lapurla.ch\/fr\/event\/la-nature-et-vous-vivre-la-nature-avec-les-tout-petits-2#primaryimage","url":"https:\/\/www.lapurla.ch\/wp-content\/uploads\/2025\/09\/788F2815-8623-4E43-8CE1-9F5B7695F2BC1-1.jpeg","contentUrl":"https:\/\/www.lapurla.ch\/wp-content\/uploads\/2025\/09\/788F2815-8623-4E43-8CE1-9F5B7695F2BC1-1.jpeg","width":1170,"height":2080,"caption":"Foto: J.Bubenhofer"},{"@type":"BreadcrumbList","@id":"https:\/\/www.lapurla.ch\/fr\/event\/la-nature-et-vous-vivre-la-nature-avec-les-tout-petits-2#breadcrumb","itemListElement":[{"@type":"ListItem","position":1,"name":"Startseite","item":"https:\/\/www.lapurla.ch\/fr"},{"@type":"ListItem","position":2,"name":"Events","item":"https:\/\/www.lapurla.ch\/event"},{"@type":"ListItem","position":3,"name":"La nature. Et vous ? Vivre la nature avec les tout-petits"}]},{"@type":"WebSite","@id":"https:\/\/www.lapurla.ch\/#website","url":"https:\/\/www.lapurla.ch\/","name":"Lapurla","description":"","publisher":{"@id":"https:\/\/www.lapurla.ch\/#organization"},"potentialAction":[{"@type":"SearchAction","target":{"@type":"EntryPoint","urlTemplate":"https:\/\/www.lapurla.ch\/?s={search_term_string}"},"query-input":{"@type":"PropertyValueSpecification","valueRequired":true,"valueName":"search_term_string"}}],"inLanguage":"fr-FR"},{"@type":"Organization","@id":"https:\/\/www.lapurla.ch\/#organization","name":"Lapurla","url":"https:\/\/www.lapurla.ch\/","logo":{"@type":"ImageObject","inLanguage":"fr-FR","@id":"https:\/\/www.lapurla.ch\/#\/schema\/logo\/image\/","url":"https:\/\/www.lapurla.ch\/wp-content\/uploads\/2022\/03\/cropped-favicon.png","contentUrl":"https:\/\/www.lapurla.ch\/wp-content\/uploads\/2022\/03\/cropped-favicon.png","width":512,"height":512,"caption":"Lapurla"},"image":{"@id":"https:\/\/www.lapurla.ch\/#\/schema\/logo\/image\/"}}]}},"datum":"jeudi, 11. juin 2026 | 09:30 h","_links":{"self":[{"href":"https:\/\/www.lapurla.ch\/fr\/wp-json\/wp\/v2\/event\/34264","targetHints":{"allow":["GET"]}}],"collection":[{"href":"https:\/\/www.lapurla.ch\/fr\/wp-json\/wp\/v2\/event"}],"about":[{"href":"https:\/\/www.lapurla.ch\/fr\/wp-json\/wp\/v2\/types\/event"}],"version-history":[{"count":5,"href":"https:\/\/www.lapurla.ch\/fr\/wp-json\/wp\/v2\/event\/34264\/revisions"}],"predecessor-version":[{"id":34436,"href":"https:\/\/www.lapurla.ch\/fr\/wp-json\/wp\/v2\/event\/34264\/revisions\/34436"}],"wp:featuredmedia":[{"embeddable":true,"href":"https:\/\/www.lapurla.ch\/fr\/wp-json\/wp\/v2\/media\/30850"}],"wp:attachment":[{"href":"https:\/\/www.lapurla.ch\/fr\/wp-json\/wp\/v2\/media?parent=34264"}],"wp:term":[{"taxonomy":"kanton","embeddable":true,"href":"https:\/\/www.lapurla.ch\/fr\/wp-json\/wp\/v2\/kanton?post=34264"},{"taxonomy":"event_category","embeddable":true,"href":"https:\/\/www.lapurla.ch\/fr\/wp-json\/wp\/v2\/event_category?post=34264"}],"curies":[{"name":"wp","href":"https:\/\/api.w.org\/{rel}","templated":true}]}}