{"version":"1.0","provider_name":"Lapurla","provider_url":"https:\/\/www.lapurla.ch\/fr","author_name":"Karin Kraus","author_url":"https:\/\/www.lapurla.ch\/fr\/author\/kkraus","title":"Sept exigences tir\u00e9es du R\u00e9seau pour l\u2019\u00e9ducation culturelle de la petite enfance (2022) &#8211; Lapurla","type":"rich","width":600,"height":338,"html":"<blockquote class=\"wp-embedded-content\" data-secret=\"iJkXuhT30i\"><a href=\"https:\/\/www.lapurla.ch\/fr\/zum-hauptinhalt-springenzur-werkzeugleiste-springen\">Sept exigences tir\u00e9es du R\u00e9seau pour l\u2019\u00e9ducation culturelle de la petite enfance (2022)<\/a><\/blockquote><iframe sandbox=\"allow-scripts\" security=\"restricted\" src=\"https:\/\/www.lapurla.ch\/fr\/zum-hauptinhalt-springenzur-werkzeugleiste-springen\/embed#?secret=iJkXuhT30i\" width=\"600\" height=\"338\" title=\"\u00ab\u00a0Sept exigences tir\u00e9es du R\u00e9seau pour l\u2019\u00e9ducation culturelle de la petite enfance (2022)\u00a0\u00bb &#8212; Lapurla\" data-secret=\"iJkXuhT30i\" frameborder=\"0\" marginwidth=\"0\" marginheight=\"0\" scrolling=\"no\" class=\"wp-embedded-content\"><\/iframe><script type=\"text\/javascript\">\n\/* <![CDATA[ *\/\n\/*! This file is auto-generated *\/\n!function(d,l){\"use strict\";l.querySelector&&d.addEventListener&&\"undefined\"!=typeof URL&&(d.wp=d.wp||{},d.wp.receiveEmbedMessage||(d.wp.receiveEmbedMessage=function(e){var t=e.data;if((t||t.secret||t.message||t.value)&&!\/[^a-zA-Z0-9]\/.test(t.secret)){for(var s,r,n,a=l.querySelectorAll('iframe[data-secret=\"'+t.secret+'\"]'),o=l.querySelectorAll('blockquote[data-secret=\"'+t.secret+'\"]'),c=new RegExp(\"^https?:$\",\"i\"),i=0;i<o.length;i++)o[i].style.display=\"none\";for(i=0;i<a.length;i++)s=a[i],e.source===s.contentWindow&&(s.removeAttribute(\"style\"),\"height\"===t.message?(1e3<(r=parseInt(t.value,10))?r=1e3:~~r<200&&(r=200),s.height=r):\"link\"===t.message&&(r=new URL(s.getAttribute(\"src\")),n=new URL(t.value),c.test(n.protocol))&&n.host===r.host&&l.activeElement===s&&(d.top.location.href=t.value))}},d.addEventListener(\"message\",d.wp.receiveEmbedMessage,!1),l.addEventListener(\"DOMContentLoaded\",function(){for(var e,t,s=l.querySelectorAll(\"iframe.wp-embedded-content\"),r=0;r<s.length;r++)(t=(e=s[r]).getAttribute(\"data-secret\"))||(t=Math.random().toString(36).substring(2,12),e.src+=\"#?secret=\"+t,e.setAttribute(\"data-secret\",t)),e.contentWindow.postMessage({message:\"ready\",secret:t},\"*\")},!1)))}(window,document);\n\/\/# sourceURL=https:\/\/www.lapurla.ch\/wp-includes\/js\/wp-embed.min.js\n\/* ]]> *\/\n<\/script>\n","thumbnail_url":"https:\/\/www.lapurla.ch\/wp-content\/uploads\/2022\/07\/LapurlaPublikationenNFKB.png","thumbnail_width":1000,"thumbnail_height":563,"description":"Berlin, le 26\u00a0juillet\u00a02022 Contexte L\u2019importance des premi\u00e8res ann\u00e9es de vie pour le d\u00e9veloppement d\u2019une personne a d\u00e9j\u00e0 \u00e9t\u00e9 maintes fois prouv\u00e9e. C\u2019est dans la petite enfance que sont pos\u00e9es les bases des parcours de formation et de la participation \u00e0 diff\u00e9rentes offres de la soci\u00e9t\u00e9, l\u2019\u00e9ducation culturelle occupant une importance particuli\u00e8re. Chanter ensemble, faire l\u2019acquisition [&hellip;]"}