{"version":"1.0","provider_name":"Lapurla","provider_url":"https:\/\/www.lapurla.ch\/fr","author_name":"Karin Kraus","author_url":"https:\/\/www.lapurla.ch\/fr\/author\/kkraus","title":"L'association ANPAC 0-6 vient de voir le jour dans le canton de Neuch\u00e2tel !\u00a0 &#8211; Lapurla","type":"rich","width":600,"height":338,"html":"<blockquote class=\"wp-embedded-content\" data-secret=\"pWX3kQj8vg\"><a href=\"https:\/\/www.lapurla.ch\/fr\/news\/anpac\">L&rsquo;association ANPAC 0-6 vient de voir le jour dans le canton de Neuch\u00e2tel !\u00a0<\/a><\/blockquote><iframe sandbox=\"allow-scripts\" security=\"restricted\" src=\"https:\/\/www.lapurla.ch\/fr\/news\/anpac\/embed#?secret=pWX3kQj8vg\" width=\"600\" height=\"338\" title=\"\u00ab\u00a0L&rsquo;association ANPAC 0-6 vient de voir le jour dans le canton de Neuch\u00e2tel !\u00a0\u00a0\u00bb &#8212; Lapurla\" data-secret=\"pWX3kQj8vg\" frameborder=\"0\" marginwidth=\"0\" marginheight=\"0\" scrolling=\"no\" class=\"wp-embedded-content\"><\/iframe><script type=\"text\/javascript\">\n\/* <![CDATA[ *\/\n\/*! This file is auto-generated *\/\n!function(d,l){\"use strict\";l.querySelector&&d.addEventListener&&\"undefined\"!=typeof URL&&(d.wp=d.wp||{},d.wp.receiveEmbedMessage||(d.wp.receiveEmbedMessage=function(e){var t=e.data;if((t||t.secret||t.message||t.value)&&!\/[^a-zA-Z0-9]\/.test(t.secret)){for(var s,r,n,a=l.querySelectorAll('iframe[data-secret=\"'+t.secret+'\"]'),o=l.querySelectorAll('blockquote[data-secret=\"'+t.secret+'\"]'),c=new RegExp(\"^https?:$\",\"i\"),i=0;i<o.length;i++)o[i].style.display=\"none\";for(i=0;i<a.length;i++)s=a[i],e.source===s.contentWindow&&(s.removeAttribute(\"style\"),\"height\"===t.message?(1e3<(r=parseInt(t.value,10))?r=1e3:~~r<200&&(r=200),s.height=r):\"link\"===t.message&&(r=new URL(s.getAttribute(\"src\")),n=new URL(t.value),c.test(n.protocol))&&n.host===r.host&&l.activeElement===s&&(d.top.location.href=t.value))}},d.addEventListener(\"message\",d.wp.receiveEmbedMessage,!1),l.addEventListener(\"DOMContentLoaded\",function(){for(var e,t,s=l.querySelectorAll(\"iframe.wp-embedded-content\"),r=0;r<s.length;r++)(t=(e=s[r]).getAttribute(\"data-secret\"))||(t=Math.random().toString(36).substring(2,12),e.src+=\"#?secret=\"+t,e.setAttribute(\"data-secret\",t)),e.contentWindow.postMessage({message:\"ready\",secret:t},\"*\")},!1)))}(window,document);\n\/\/# sourceURL=https:\/\/www.lapurla.ch\/wp-includes\/js\/wp-embed.min.js\n\/* ]]> *\/\n<\/script>\n","thumbnail_url":"https:\/\/www.lapurla.ch\/wp-content\/uploads\/2023\/08\/maison-de-la-creativite-neuchatel.jpg","thumbnail_width":2000,"thumbnail_height":1500,"description":"L\u2019ANPAC 0-6 (Association neuch\u00e2teloise de la promotion artistique et culturelle pour les 0-6 ans) a \u00e9t\u00e9 cr\u00e9\u00e9 tout derni\u00e8rement par un comit\u00e9 enti\u00e8rement b\u00e9n\u00e9vole. V\u00e9ronique Saucy, Sophie Liechti, Elodie Javet et Evodie Z\u00fcrcher, toutes les quatre sp\u00e9cialistes de la petite enfance, extr\u00eamement motiv\u00e9es, s'engagent \u00e0 mettre tout en \u0153uvre afin d\u2019ouvrir, dans un avenir proche, un espace d\u00e9di\u00e9 \u00e0 l'\u00e9veil culturel et la cr\u00e9ativit\u00e9 dans le canton de Neuch\u00e2tel.\u00a0"}