{"version":"1.0","provider_name":"Lapurla","provider_url":"https:\/\/www.lapurla.ch\/fr","author_name":"Karin Kraus","author_url":"https:\/\/www.lapurla.ch\/fr\/author\/kkraus","title":"\u00abLes tout-petits ont besoin de d\u00e9couvrir le monde sans contraintes soci\u00e9tales\u00bb &#8211; Lapurla","type":"rich","width":600,"height":338,"html":"<blockquote class=\"wp-embedded-content\" data-secret=\"c5wwZvXCJ8\"><a href=\"https:\/\/www.lapurla.ch\/fr\/news\/2662\">\u00abLes tout-petits ont besoin de d\u00e9couvrir le monde sans contraintes soci\u00e9tales\u00bb<\/a><\/blockquote><iframe sandbox=\"allow-scripts\" security=\"restricted\" src=\"https:\/\/www.lapurla.ch\/fr\/news\/2662\/embed#?secret=c5wwZvXCJ8\" width=\"600\" height=\"338\" title=\"\u00ab\u00a0\u00abLes tout-petits ont besoin de d\u00e9couvrir le monde sans contraintes soci\u00e9tales\u00bb\u00a0\u00bb &#8212; Lapurla\" data-secret=\"c5wwZvXCJ8\" frameborder=\"0\" marginwidth=\"0\" marginheight=\"0\" scrolling=\"no\" class=\"wp-embedded-content\"><\/iframe><script type=\"text\/javascript\">\n\/* <![CDATA[ *\/\n\/*! This file is auto-generated *\/\n!function(d,l){\"use strict\";l.querySelector&&d.addEventListener&&\"undefined\"!=typeof URL&&(d.wp=d.wp||{},d.wp.receiveEmbedMessage||(d.wp.receiveEmbedMessage=function(e){var t=e.data;if((t||t.secret||t.message||t.value)&&!\/[^a-zA-Z0-9]\/.test(t.secret)){for(var s,r,n,a=l.querySelectorAll('iframe[data-secret=\"'+t.secret+'\"]'),o=l.querySelectorAll('blockquote[data-secret=\"'+t.secret+'\"]'),c=new RegExp(\"^https?:$\",\"i\"),i=0;i<o.length;i++)o[i].style.display=\"none\";for(i=0;i<a.length;i++)s=a[i],e.source===s.contentWindow&&(s.removeAttribute(\"style\"),\"height\"===t.message?(1e3<(r=parseInt(t.value,10))?r=1e3:~~r<200&&(r=200),s.height=r):\"link\"===t.message&&(r=new URL(s.getAttribute(\"src\")),n=new URL(t.value),c.test(n.protocol))&&n.host===r.host&&l.activeElement===s&&(d.top.location.href=t.value))}},d.addEventListener(\"message\",d.wp.receiveEmbedMessage,!1),l.addEventListener(\"DOMContentLoaded\",function(){for(var e,t,s=l.querySelectorAll(\"iframe.wp-embedded-content\"),r=0;r<s.length;r++)(t=(e=s[r]).getAttribute(\"data-secret\"))||(t=Math.random().toString(36).substring(2,12),e.src+=\"#?secret=\"+t,e.setAttribute(\"data-secret\",t)),e.contentWindow.postMessage({message:\"ready\",secret:t},\"*\")},!1)))}(window,document);\n\/\/# sourceURL=https:\/\/www.lapurla.ch\/wp-includes\/js\/wp-embed.min.js\n\/* ]]> *\/\n<\/script>\n","thumbnail_url":"https:\/\/www.lapurla.ch\/wp-content\/uploads\/2022\/07\/lapurlawebportraitbavaud220713.jpg","thumbnail_width":2000,"thumbnail_height":1380,"description":"Pourquoi vous engagez-vous pour le d\u00e9veloppement de l\u2019initiative Lapurla? La transdisciplinarit\u00e9 est une composante essentielle pour \u00e9veiller les enfants au monde et leur permettre d\u2019en \u00eatre acteur. Le r\u00e9seau Lapurla met en lumi\u00e8re l\u2019importance d\u2019investir en mati\u00e8re d\u2019encouragement et d\u2019accueil de l\u2019enfance d\u00e8s la naissance. Dans cette perspective, Pro Enfance entreprend des d\u00e9marches concr\u00e8tes pour [&hellip;]"}